{"id":4686,"date":"2024-12-19T13:19:10","date_gmt":"2024-12-19T12:19:10","guid":{"rendered":"https:\/\/agora.xtec.cat\/ieslesmarines\/?page_id=4686"},"modified":"2024-12-19T13:27:00","modified_gmt":"2024-12-19T12:27:00","slug":"2n-deso-d-i-e-visiten-catalunya-radio","status":"publish","type":"page","link":"https:\/\/agora.xtec.cat\/ieslesmarines\/2n-deso-d-i-e-visiten-catalunya-radio\/","title":{"rendered":"2n d&#8217;ESO D i E visiten Catalunya R\u00e0dio"},"content":{"rendered":"<p><span style=\"font-weight: 400;\">L&#8217;alumnat de 2n d\u2019ESO D i 2n d\u2019ESO E el 21 d\u2019octubre i el 3 de desembre respectivament van visitar Catalunya R\u00e0dio.<\/span><\/p>\n<p><span style=\"font-weight: 400;\">Catalunya R\u00e0dio els va oferir la possibilitat de con\u00e8ixer les seves instal\u00b7lacions per descobrir com es fa la r\u00e0dio en catal\u00e0, perqu\u00e8 arribi cada dia a milers d\u2019oients.<\/span><\/p>\n<p><span style=\"font-weight: 400;\">Un grup va assistir a una secci\u00f3 del programa <\/span><i><span style=\"font-weight: 400;\">El mat\u00ed de Catalunya R\u00e0dio<\/span><\/i><span style=\"font-weight: 400;\">, i l\u2019altre a l\u2019emissi\u00f3 de l\u2019espai <\/span><i><span style=\"font-weight: 400;\">Els experts. <\/span><\/i><span style=\"font-weight: 400;\">A continuaci\u00f3, van visitar les instal\u00b7lacions de la cadena i van tenir la possibilitat de fer de locutors radiof\u00f2nics, gravant un butllet\u00ed de not\u00edcies.<\/span><\/p>\n<p><span style=\"font-weight: 400;\">Tot all\u00f2 apr\u00e8s ho podran aplicar en el R\u00e0dio Marines, un\u00a0 projecte d\u2019expressi\u00f3 escrita i comunicaci\u00f3 oral sobre la r\u00e0dio, en qu\u00e8 hauran de gravar, com a producte final, un programa radiof\u00f2nic en grup.\u00a0<\/span><\/p>\n<p><img loading=\"lazy\" decoding=\"async\" class=\"wp-image-4690 aligncenter\" src=\"https:\/\/agora.xtec.cat\/ieslesmarines\/wp-content\/uploads\/usu619\/2024\/12\/2-1-768x1024.jpg\" alt=\"\" width=\"350\" height=\"467\" srcset=\"https:\/\/agora.xtec.cat\/ieslesmarines\/wp-content\/uploads\/usu619\/2024\/12\/2-1-768x1024.jpg 768w, https:\/\/agora.xtec.cat\/ieslesmarines\/wp-content\/uploads\/usu619\/2024\/12\/2-1-225x300.jpg 225w, https:\/\/agora.xtec.cat\/ieslesmarines\/wp-content\/uploads\/usu619\/2024\/12\/2-1-1152x1536.jpg 1152w, https:\/\/agora.xtec.cat\/ieslesmarines\/wp-content\/uploads\/usu619\/2024\/12\/2-1-1536x2048.jpg 1536w, https:\/\/agora.xtec.cat\/ieslesmarines\/wp-content\/uploads\/usu619\/2024\/12\/2-1-scaled.jpg 1920w\" sizes=\"auto, (max-width: 350px) 100vw, 350px\" \/><\/p>\n<p><span style=\"font-weight: 400;\">A continuaci\u00f3, podeu llegir els comentaris d\u2019alguns alumnes sobre la sortida:<\/span><\/p>\n<p><span style=\"font-weight: 400;\">\u201c<\/span><span style=\"font-weight: 400;\">A m\u00ed me gust\u00f3 mucho sobre todo la parte de cuando tuvimos que leer porque me sent\u00ed un entrevistador y tambi\u00e9n me gust\u00f3 estar sentado viendo como entrevistaban a una cantante.<\/span><span style=\"font-weight: 400;\">\u201d A. B.\u00a0<\/span><\/p>\n<p><span style=\"font-weight: 400;\">\u201cEm va agradar molt, va ser una experi\u00e8ncia molt interessant i entretinguda.\u201d A. C.<\/span><\/p>\n<p><span style=\"font-weight: 400;\">\u201cMi opini\u00f3n sobre la salida es mayoritariamente buena, me gust\u00f3 bastante, ya que es una forma de aprender diferente, m\u00e1s f\u00e1cil, y nos llama m\u00e1s la atenci\u00f3n.\u00a0<\/span><\/p>\n<p><span style=\"font-weight: 400;\">La visita me gust\u00f3 mucho porque nos ense\u00f1aron y explicaron cosas como las oficinas, la sala de grabaci\u00f3n, etc.\u201d L. H.<\/span><\/p>\n<p><span style=\"font-weight: 400;\">\u201cMe ha parecido una excursi\u00f3n muy entretenida, porque escucho cada d\u00eda la radio y gracias a esta excursi\u00f3n he podido ver c\u00f3mo funciona.\u201d S. V.<\/span><\/p>\n<p><span style=\"font-weight: 400;\">\u201c\u00c9s interessant com organitzaven tots els programes i com de gran \u00e9s tot, \u00e9s una experi\u00e8ncia nova per viure.\u201d L. G.<\/span><\/p>\n<p><span style=\"font-weight: 400;\">\u201cFue bastante divertida, ya que el programa fue bastante divertido, tambi\u00e9n me gust\u00f3 hacer de locutores de radio y nos ense\u00f1aron las instalaciones, me impresion\u00f3 mucho que hubiera tantas personas trabajando all\u00ed. Repetir\u00eda otra vez esta excursi\u00f3n.\u201d H. L.<\/span><\/p>\n<p><span style=\"font-weight: 400;\">\u201cA mi em va agradar for\u00e7a, ja que m&#8217;ho vaig passar molt b\u00e9. Les coses que em van agradar van ser quan ens van ensenyar l&#8217;interior i tot el que hi havia. No em va agradar tant quan vam estar asseguts escoltant i veient una entrevista, per\u00f2 no va estar malament. M&#8217;ho vaig passar genial i tornaria a repetir l&#8217;experi\u00e8ncia.\u201d C. T.<\/span><\/p>\n<p>&nbsp;<\/p>\n","protected":false},"excerpt":{"rendered":"<p>L&#8217;alumnat de 2n d\u2019ESO D i 2n d\u2019ESO E el 21 d\u2019octubre i el 3 de desembre respectivament van visitar Catalunya R\u00e0dio. Catalunya R\u00e0dio els va oferir la possibilitat de con\u00e8ixer les seves instal\u00b7lacions per descobrir com es fa la r\u00e0dio en catal\u00e0, perqu\u00e8 arribi cada dia a milers d\u2019oients. Un grup va assistir a [&hellip;]<\/p>\n","protected":false},"author":1,"featured_media":0,"parent":0,"menu_order":0,"comment_status":"closed","ping_status":"closed","template":"","meta":{"_bbp_topic_count":0,"_bbp_reply_count":0,"_bbp_total_topic_count":0,"_bbp_total_reply_count":0,"_bbp_voice_count":0,"_bbp_anonymous_reply_count":0,"_bbp_topic_count_hidden":0,"_bbp_reply_count_hidden":0,"_bbp_forum_subforum_count":0,"site-sidebar-layout":"default","site-content-layout":"","ast-site-content-layout":"","site-content-style":"default","site-sidebar-style":"default","ast-global-header-display":"","ast-banner-title-visibility":"","ast-main-header-display":"","ast-hfb-above-header-display":"","ast-hfb-below-header-display":"","ast-hfb-mobile-header-display":"","site-post-title":"","ast-breadcrumbs-content":"","ast-featured-img":"","footer-sml-layout":"","theme-transparent-header-meta":"","adv-header-id-meta":"","stick-header-meta":"","header-above-stick-meta":"","header-main-stick-meta":"","header-below-stick-meta":"","astra-migrate-meta-layouts":"default","ast-page-background-enabled":"default","ast-page-background-meta":{"desktop":{"background-color":"var(--ast-global-color-4)","background-image":"","background-repeat":"repeat","background-position":"center center","background-size":"auto","background-attachment":"scroll","background-type":"","background-media":"","overlay-type":"","overlay-color":"","overlay-opacity":"","overlay-gradient":""},"tablet":{"background-color":"","background-image":"","background-repeat":"repeat","background-position":"center center","background-size":"auto","background-attachment":"scroll","background-type":"","background-media":"","overlay-type":"","overlay-color":"","overlay-opacity":"","overlay-gradient":""},"mobile":{"background-color":"","background-image":"","background-repeat":"repeat","background-position":"center center","background-size":"auto","background-attachment":"scroll","background-type":"","background-media":"","overlay-type":"","overlay-color":"","overlay-opacity":"","overlay-gradient":""}},"ast-content-background-meta":{"desktop":{"background-color":"var(--ast-global-color-5)","background-image":"","background-repeat":"repeat","background-position":"center center","background-size":"auto","background-attachment":"scroll","background-type":"","background-media":"","overlay-type":"","overlay-color":"","overlay-opacity":"","overlay-gradient":""},"tablet":{"background-color":"var(--ast-global-color-5)","background-image":"","background-repeat":"repeat","background-position":"center center","background-size":"auto","background-attachment":"scroll","background-type":"","background-media":"","overlay-type":"","overlay-color":"","overlay-opacity":"","overlay-gradient":""},"mobile":{"background-color":"var(--ast-global-color-5)","background-image":"","background-repeat":"repeat","background-position":"center center","background-size":"auto","background-attachment":"scroll","background-type":"","background-media":"","overlay-type":"","overlay-color":"","overlay-opacity":"","overlay-gradient":""}},"footnotes":""},"class_list":["post-4686","page","type-page","status-publish","hentry"],"post_mailing_queue_ids":[],"_links":{"self":[{"href":"https:\/\/agora.xtec.cat\/ieslesmarines\/wp-json\/wp\/v2\/pages\/4686","targetHints":{"allow":["GET"]}}],"collection":[{"href":"https:\/\/agora.xtec.cat\/ieslesmarines\/wp-json\/wp\/v2\/pages"}],"about":[{"href":"https:\/\/agora.xtec.cat\/ieslesmarines\/wp-json\/wp\/v2\/types\/page"}],"author":[{"embeddable":true,"href":"https:\/\/agora.xtec.cat\/ieslesmarines\/wp-json\/wp\/v2\/users\/1"}],"replies":[{"embeddable":true,"href":"https:\/\/agora.xtec.cat\/ieslesmarines\/wp-json\/wp\/v2\/comments?post=4686"}],"version-history":[{"count":4,"href":"https:\/\/agora.xtec.cat\/ieslesmarines\/wp-json\/wp\/v2\/pages\/4686\/revisions"}],"predecessor-version":[{"id":4696,"href":"https:\/\/agora.xtec.cat\/ieslesmarines\/wp-json\/wp\/v2\/pages\/4686\/revisions\/4696"}],"wp:attachment":[{"href":"https:\/\/agora.xtec.cat\/ieslesmarines\/wp-json\/wp\/v2\/media?parent=4686"}],"curies":[{"name":"wp","href":"https:\/\/api.w.org\/{rel}","templated":true}]}}