{"id":4452,"date":"2024-06-26T09:55:52","date_gmt":"2024-06-26T07:55:52","guid":{"rendered":"https:\/\/agora.xtec.cat\/ieslesmarines\/?page_id=4452"},"modified":"2024-06-26T09:55:52","modified_gmt":"2024-06-26T07:55:52","slug":"gala-del-concurs-de-booktrailers","status":"publish","type":"page","link":"https:\/\/agora.xtec.cat\/ieslesmarines\/gala-del-concurs-de-booktrailers\/","title":{"rendered":"Gala del concurs de Booktr\u00e0ilers"},"content":{"rendered":"<p><span style=\"font-weight: 400;\">El dijous <\/span><b>30 de maig<\/b><span style=\"font-weight: 400;\"> vam celebrar la gala del lliurament de premis del <\/span><b>concurs de curts de comunicaci\u00f3 audiovisual de 1r de batxillerat<\/b><span style=\"font-weight: 400;\"> i del <\/span><b>II Concurs de Booktrailers de 4t d\u2019ESO<\/b><span style=\"font-weight: 400;\"> a l\u2019Institut Les Marines. Tamb\u00e9, vam gaudir del curt creat per l\u2019alumnat de creaci\u00f3 liter\u00e0ria de 1r de batxillerat al Centre c\u00edvic Frederic Mompou.<\/span><\/p>\n<p><span style=\"font-weight: 400;\">A les creacions de comunicaci\u00f3 audiovisual van reversionar escenes de pel\u00b7l\u00edcules m\u00edtiques del cinema des d&#8217;una mirada m\u00e9s actual.<\/span><\/p>\n<p><span style=\"font-weight: 400;\">El jurat de la segona edici\u00f3 dels <\/span><b>premis ReMovie.it<\/b><span style=\"font-weight: 400;\"> ha estat:<\/span><\/p>\n<p><span style=\"font-weight: 400;\">Txema Ballano, ajudant de direcci\u00f3 de cinema; Nat\u00e0lia Soto, estudiant de<\/span><\/p>\n<p><span style=\"font-weight: 400;\">comunicaci\u00f3 audiovisual; els companys del CRP de Castelldefels en Toni i<\/span><\/p>\n<p><span style=\"font-weight: 400;\">M.Josep, en Carlos Ruiz, S\u00f2nia Sendra, Hector Canos i Eva Gil, professorat de les Marines.<\/span><\/p>\n<p><span style=\"font-weight: 400;\">El 3r premi <\/span><b><i>Luces Rojas<\/i><\/b><\/p>\n<p><span style=\"font-weight: 400;\">OBSEQUI: regals de la llibreria Canillo<\/span><\/p>\n<p><span style=\"font-weight: 400;\">El 2n premi <\/span><b><i>Cantando bajo la lluvia<\/i><\/b><\/p>\n<p><span style=\"font-weight: 400;\">OBSEQUI: regals de la llibreria Canillo<\/span><\/p>\n<p><span style=\"font-weight: 400;\">El 1r premi <\/span><b><i>Los otros<\/i><\/b><\/p>\n<p><span style=\"font-weight: 400;\">OBSEQUI: regals de la llibreria Canillo<\/span><\/p>\n<p><span style=\"font-weight: 400;\">Els nominats al premi al <\/span><b>millor actor <\/b><span style=\"font-weight: 400;\">s\u00f3n Carlos Fabra, Marc Melero i Joel Matias. El guanyador \u00e9s <\/span><b>Marc Melero<\/b><span style=\"font-weight: 400;\">.<\/span><\/p>\n<p><span style=\"font-weight: 400;\">OBSEQUI: val de la gelateria Carles i llibre de la biblioteca municipal i obsequi de perruqueria Lydia<\/span><\/p>\n<p><span style=\"font-weight: 400;\">Les nominades al premi a la <\/span><b>millor actriu<\/b><span style=\"font-weight: 400;\"> s\u00f3n Ruth Mor\u00e1n, Valeria Mu\u00f1oz i Maria Resano. La guanyadora \u00e9s <\/span><b>Valeria Mu\u00f1oz<\/b><span style=\"font-weight: 400;\">.<\/span><\/p>\n<p><span style=\"font-weight: 400;\">OBSEQUI: regals de la biblioteca municipal, la llibreria Canillo i la perruqueria Lydia<\/span><\/p>\n<p><img loading=\"lazy\" decoding=\"async\" class=\"alignnone size-large wp-image-4453\" src=\"https:\/\/agora.xtec.cat\/ieslesmarines\/wp-content\/uploads\/usu619\/2024\/06\/5.-1717090526565-1024x577.jpg\" alt=\"\" width=\"1024\" height=\"577\" srcset=\"https:\/\/agora.xtec.cat\/ieslesmarines\/wp-content\/uploads\/usu619\/2024\/06\/5.-1717090526565-1024x577.jpg 1024w, https:\/\/agora.xtec.cat\/ieslesmarines\/wp-content\/uploads\/usu619\/2024\/06\/5.-1717090526565-300x169.jpg 300w, https:\/\/agora.xtec.cat\/ieslesmarines\/wp-content\/uploads\/usu619\/2024\/06\/5.-1717090526565-768x432.jpg 768w, https:\/\/agora.xtec.cat\/ieslesmarines\/wp-content\/uploads\/usu619\/2024\/06\/5.-1717090526565-1536x865.jpg 1536w, https:\/\/agora.xtec.cat\/ieslesmarines\/wp-content\/uploads\/usu619\/2024\/06\/5.-1717090526565-2048x1153.jpg 2048w\" sizes=\"auto, (max-width: 1024px) 100vw, 1024px\" \/><\/p>\n<p><b>II CONCURS DE BOOKTRAILERS DE L\u2019INSTITUT LES MARINES 2023-2024<\/b><\/p>\n<p><span style=\"font-weight: 400;\">Primer de tot, volem agrair al Carles Alcoy la formaci\u00f3 de les quatre sessions sobre elements narratius i cinematogr\u00e0fics que s\u2019han de tenir en compte a l\u2019hora de crear un booktrailer de qualitat, amb la finalitat principal d\u2019atraure nous lectors.<\/span><\/p>\n<p><span style=\"font-weight: 400;\">En segon lloc, agrair al Centre c\u00edvic Frederic Mompou la possibilitat d\u2019utilitzar la sala per celebrar la gala del lliurament de premis del concurs.<\/span><\/p>\n<p><span style=\"font-weight: 400;\">A tots el professorat i als membres del jurat d\u2019experts que han visualitzat els v\u00eddeos finalistes i els han analitzat per escollir-ne els millors de cada categoria.\u00a0<\/span><\/p>\n<p><span style=\"font-weight: 400;\">A la Montse Gonz\u00e1lez i la Sonia Sendra per aconseguir la majoria dels regals que es van donar als diferents grups guanyadors.<\/span><\/p>\n<p><span style=\"font-weight: 400;\">I al Gremi de Comerciants de Castelldefels hem d\u2019agrair tots els obsequis que han ofert a cadascun dels grups premiats.\u00a0<\/span><\/p>\n<p><span style=\"font-weight: 400;\">Els establiments patrocinadors del concurs han estat:<\/span><\/p>\n<p><span style=\"font-weight: 400;\">Biblioteca Ram\u00f3n Fern\u00e1ndez Jurado<\/span><\/p>\n<p><span style=\"font-weight: 400;\">Associaci\u00f3 de Fam\u00edlies d\u2019Alumnes de l\u2019Institut Les Marines (AFA)<\/span><\/p>\n<p><span style=\"font-weight: 400;\">Perruqueria Lydia<\/span><\/p>\n<p><span style=\"font-weight: 400;\">Perruqueria Pels P\u00e8ls<\/span><\/p>\n<p><span style=\"font-weight: 400;\">Pizzeria Verde Luna<\/span><\/p>\n<p><span style=\"font-weight: 400;\">Gelateria Carles<\/span><\/p>\n<p><span style=\"font-weight: 400;\">Llibreria Canillo<\/span><\/p>\n<p><span style=\"font-weight: 400;\">Asador Lem<\/span><\/p>\n<p><span style=\"font-weight: 400;\">Voleiboom<\/span><\/p>\n<p><span style=\"font-weight: 400;\">Escola de M\u00fasica Els Pins<\/span><\/p>\n<p><span style=\"font-weight: 400;\">Llibreria Star Books<\/span><\/p>\n<p><span style=\"font-weight: 400;\">Editorial Barcanova<\/span><\/p>\n<p><span style=\"font-weight: 400;\">Escola d\u2019arts esc\u00e8niques i audiovisuals La Cuarta Pared<\/span><\/p>\n<p><span style=\"font-weight: 400;\">Escola i serveis musicals Melomaniak\u2019s<\/span><\/p>\n<p><span style=\"font-weight: 400;\">Paranoia studi<\/span><\/p>\n<p><span style=\"font-weight: 400;\">Els premis del concurs van ser decidits per tres jurats:\u00a0<\/span><\/p>\n<p><span style=\"font-weight: 400;\">el jurat popular, el jurat de professores i professors i el jurat d\u2019experts.<\/span><\/p>\n<p><span style=\"font-weight: 400;\">El <\/span><span style=\"font-weight: 400;\">JURAT POPULAR<\/span><span style=\"font-weight: 400;\"> estava constitu\u00eft per l\u2019alumnat de 3r i 4t d\u2019ESO.<\/span><\/p>\n<p><span style=\"font-weight: 400;\">Aquests han estat els grups guanyadors del jurat popular:<\/span><\/p>\n<p><span style=\"font-weight: 400;\">PREMIS DEL JURAT POPULAR<\/span><\/p>\n<ol>\n<li><span style=\"font-weight: 400;\"> Premi al Millor Booktrailer<\/span><\/li>\n<\/ol>\n<p><b><i>Mujercitas<\/i><\/b><\/p>\n<p><span style=\"font-weight: 400;\">Candela Otero, Martina Molinaro, Daniella G\u00e1lvez i Claudia Guinea<\/span><\/p>\n<p><span style=\"font-weight: 400;\">OBSEQUI: Entrades per a l\u2019obra Toc toc de l\u2019escola d\u2019arts esc\u00e8niques i audiovisuals La Cuarta Pared<\/span><\/p>\n<ol start=\"2\">\n<li><span style=\"font-weight: 400;\"> Premi al Booktrailer M\u00e9s Creatiu:<\/span><\/li>\n<\/ol>\n<p><b><i>El silbido<\/i><\/b><\/p>\n<p><span style=\"font-weight: 400;\">Paula Vega, Sof\u00eda Alesso i Ivet Rubio<\/span><\/p>\n<p><span style=\"font-weight: 400;\">OBSEQUI: 4 entrades per a l\u2019obra La ola de Paranoia Studi<\/span><\/p>\n<p><span style=\"font-weight: 400;\">El <\/span><span style=\"font-weight: 400;\">JURAT DE PROFESSORS\/ES<\/span><span style=\"font-weight: 400;\"> estava constitu\u00eft per professorat de l\u2019institut que de manera desinteressada va visualitzar els 14 booktrailers finalistes, els va analitzar segons les categories i va escollir els que va considerar els millors. Aquest va ser el seu veredicte.<\/span><\/p>\n<p><span style=\"font-weight: 400;\">PREMIS DEL JURAT PROFESSORAT<\/span><\/p>\n<p><span style=\"font-weight: 400;\">Premi a la Millor Banda Sonora atorgat pel professor de M\u00fasica Joncar Guasch:<\/span><\/p>\n<ol start=\"3\">\n<li><span style=\"font-weight: 400;\"> Premi <\/span><b>Millor Banda Sonora<\/b><\/li>\n<\/ol>\n<p><b><i>Harry Potter y el prisionero de Azkaban<\/i><\/b><\/p>\n<p><span style=\"font-weight: 400;\">Sara Villalonga, Luc\u00eda Mendoza, Guillem Rodr\u00edguez i Joan Pau Coll<\/span><\/p>\n<p><span style=\"font-weight: 400;\">OBSEQUI: Una classe de prova per a alumnes a l\u2019escola i serveis musicals Melomaniak\u2019s<\/span><\/p>\n<p><span style=\"font-weight: 400;\">Premis al Millor Muntatge Audiovisual atorgats per les professores de Tecnologia i Inform\u00e0tica (J\u00falia del Bosque i Aida Bria):<\/span><\/p>\n<ol start=\"4\">\n<li><span style=\"font-weight: 400;\"> 1r Premi<\/span><b> Millor Muntatge Audiovisual<\/b><\/li>\n<\/ol>\n<p><b><i>El silbido<\/i><\/b><\/p>\n<p><span style=\"font-weight: 400;\">Paula Vega, Sof\u00eda Alesso i Ivet Rubio<\/span><\/p>\n<p><span style=\"font-weight: 400;\">OBSEQUI: 3 vals a la perruqueria Lydia<\/span><\/p>\n<ol start=\"5\">\n<li><span style=\"font-weight: 400;\"> 2n Premi <\/span><b>Millor Muntatge Audiovisual<\/b><\/li>\n<\/ol>\n<p><b><i>El extra\u00f1o caso del Dr. Jekyll y Mr. Hyde<\/i><\/b><\/p>\n<p><span style=\"font-weight: 400;\">Neus Magdalena, Dani Burdio i Helena Abad<\/span><\/p>\n<p><span style=\"font-weight: 400;\">OBSEQUI: llibres i regals de la llibreria Canillo<\/span><\/p>\n<p><span style=\"font-weight: 400;\">Premis al Millor Gui\u00f3 Original atorgats per les professores de llengua i literatura Montse Gonz\u00e1lez i S\u00edlvia Aguilera:<\/span><\/p>\n<ol start=\"6\">\n<li><b>1r Premi Millor Gui\u00f3 Original<\/b><\/li>\n<\/ol>\n<p><b><i>Mujercitas<\/i><\/b><\/p>\n<p><span style=\"font-weight: 400;\">Candela Otero, Martina Molinaro, Daniella G\u00e1lvez i Claudia Guinea<\/span><\/p>\n<p><span style=\"font-weight: 400;\">OBSEQUI: 4 consumicions a la gelateria Carles<\/span><\/p>\n<ol start=\"7\">\n<li><b>2n Premi Millor Gui\u00f3 Original<\/b><\/li>\n<\/ol>\n<p><b><i>Peque\u00f1as mentirosas<\/i><\/b><\/p>\n<p><span style=\"font-weight: 400;\">Gabriella Trudda, Michelle Prada, Daniela Ballester i Sof\u00eda L\u00f3pez<\/span><\/p>\n<p><span style=\"font-weight: 400;\">OBSEQUI: productes de les perruqueries Pels p\u00e8ls i Lydia<\/span><\/p>\n<ol start=\"8\">\n<li><b>3r Premi Millor Gui\u00f3 Original<\/b><\/li>\n<\/ol>\n<p><b><i>Un beso en la oscuridad<\/i><\/b><\/p>\n<p><span style=\"font-weight: 400;\">Aitana Gonz\u00e1lez, Berta Salido, Alejandro Ruiz, \u00c0lex Blanco,<\/span><\/p>\n<p><span style=\"font-weight: 400;\">Albert Benages i Carla Salarich<\/span><\/p>\n<p><span style=\"font-weight: 400;\">OBSEQUI: llibres i regals de l\u2019editorial Barcanova i la llibreria Canillo<\/span><\/p>\n<p><span style=\"font-weight: 400;\">Premis a la Millor Actriu i al Millor Actor atorgats per la professora de llengua castellana i literatura, Sonia Sendra:<\/span><\/p>\n<ol start=\"9\">\n<li><b>1r Premi Millor Actriu<\/b><\/li>\n<\/ol>\n<p><span style=\"font-weight: 400;\">Candela Otero<\/span><span style=\"font-weight: 400;\"> per <\/span><b><i>Mujercitas<\/i><\/b><\/p>\n<p><span style=\"font-weight: 400;\">OBSEQUI: 1 val i regal a la perruqueria Lydia<\/span><\/p>\n<ol start=\"10\">\n<li><b>2n Premi Millor Actriu<\/b><\/li>\n<\/ol>\n<p><span style=\"font-weight: 400;\">Paula Vega<\/span><span style=\"font-weight: 400;\"> per <\/span><b><i>El silbido<\/i><\/b><\/p>\n<p><span style=\"font-weight: 400;\">OBSEQUI: llibre i regals de la llibreria Canillo<\/span><\/p>\n<ol start=\"11\">\n<li><b>Premi Millor Actor<\/b><\/li>\n<\/ol>\n<p><span style=\"font-weight: 400;\">Pol Bohigas<\/span><span style=\"font-weight: 400;\"> per <\/span><b><i>Mecanoscrit del segon origen<\/i><\/b><\/p>\n<p><span style=\"font-weight: 400;\">OBSEQUI: 1 val regal de la llibreria Star Books i regal a la perruqueria Lydia<\/span><\/p>\n<p><span style=\"font-weight: 400;\">Premis al Millor Booktrailer atorgats per les tutores Vanessa G\u00f3mez,<\/span><\/p>\n<p><span style=\"font-weight: 400;\">S\u00f2nia Mart\u00ednez i Cl\u00e0udia Vargas:<\/span><\/p>\n<ol start=\"12\">\n<li><span style=\"font-weight: 400;\"> Premi <\/span><b>Millor Booktrailer<\/b><\/li>\n<\/ol>\n<p><b><i>Mecanoscrit del segon origen<\/i><\/b><\/p>\n<p><span style=\"font-weight: 400;\">Pol Bohigas, Pablo Espina, Noa Mendoza i Esther Jorge<\/span><\/p>\n<p><span style=\"font-weight: 400;\">OBSEQUI: Vals regal de la llibreria Star Books<\/span><\/p>\n<p><span style=\"font-weight: 400;\">El <\/span><span style=\"font-weight: 400;\">JURAT D&#8217;EXPERTS<\/span><span style=\"font-weight: 400;\"> ha estat constitu\u00eft per les seg\u00fcents persones, relacionades amb el m\u00f3n de la cultura, la literatura i l\u2019educaci\u00f3:<\/span><\/p>\n<p><span style=\"font-weight: 400;\">Fernando Lorza (professor, mestre i locutor de R\u00e0dio Castelldefels)<\/span><\/p>\n<p><span style=\"font-weight: 400;\">N\u00faria Membrado Canillo (propiet\u00e0ria de la Llibreria Canillo)<\/span><\/p>\n<p><span style=\"font-weight: 400;\">J\u00e8ssica Rodr\u00edguez (representant de l\u2019editorial Barcanova)<\/span><\/p>\n<p><span style=\"font-weight: 400;\">Carles Alcoy (tallerista del projecte de booktrailers, fil\u00f2leg i narrador. Ha treballat en \u00e0mbits de dinamitzaci\u00f3 econ\u00f2mica, gesti\u00f3 cultural i arts esc\u00e8niques.)<\/span><\/p>\n<p><span style=\"text-decoration: underline;\"><strong>PREMIS DEL JURAT D\u2019EXPERTS<\/strong><\/span><\/p>\n<p><span style=\"font-weight: 400;\">Premi <\/span><b>Millor Gui\u00f3<\/b><\/p>\n<p><b><i>Mujercitas<\/i><\/b><\/p>\n<p><span style=\"font-weight: 400;\">Candela Otero, Martina Molinaro, Daniella G\u00e1lvez i Claudia Guinea<\/span><\/p>\n<p><span style=\"font-weight: 400;\">OBSEQUI: 5 sessions de voleiplatja a Voleiboom<\/span><\/p>\n<ol start=\"14\">\n<li><span style=\"font-weight: 400;\"> Premi <\/span><b>Millor Producci\u00f3<\/b><\/li>\n<\/ol>\n<p><b><i>El silbido<\/i><\/b><\/p>\n<p><span style=\"font-weight: 400;\">Paula Vega, Sof\u00eda Alesso i Ivet Rubio<\/span><\/p>\n<p><span style=\"font-weight: 400;\">OBSEQUI: 3 consumicions a la gelateria Carles<\/span><\/p>\n<ol start=\"15\">\n<li><span style=\"font-weight: 400;\"> 1r Premi <\/span><b>Millor Postproducci\u00f3<\/b><\/li>\n<\/ol>\n<p><b><i>Peque\u00f1as mentirosas<\/i><\/b><\/p>\n<p><span style=\"font-weight: 400;\">Gabriella Trudda, Michelle Prada, Daniela Ballester i Sof\u00eda L\u00f3pez<\/span><\/p>\n<p><span style=\"font-weight: 400;\">OBSEQUI: 4 consumicions a la gelateria Carles + bolis AFA<\/span><\/p>\n<ol start=\"16\">\n<li><span style=\"font-weight: 400;\"> 2n Premi<\/span><b> Millor Postproducci\u00f3<\/b><\/li>\n<\/ol>\n<p><b><i>Invisible<\/i><\/b><\/p>\n<p><span style=\"font-weight: 400;\">Sara P\u00e9rez, Nataly Pons, Arnau Cerd\u00e1n i Hugo Sanjurjo<\/span><\/p>\n<p><span style=\"font-weight: 400;\">OBSEQUI: Llibres de la biblioteca de Castelldefels + bolis AFA<\/span><\/p>\n<ol start=\"17\">\n<li><span style=\"font-weight: 400;\"> Premi <\/span><b>Booktrailer M\u00e9s Creatiu<\/b><\/li>\n<\/ol>\n<p><b><i>Mecanoscrit del segon origen<\/i><\/b><\/p>\n<p><span style=\"font-weight: 400;\">Pol Bohigas, Pablo Espina, Noa Mendoza i Esther Jorge<\/span><\/p>\n<p><span style=\"font-weight: 400;\">OBSEQUI: Una sessi\u00f3 grupal de batucada de l\u2019escola de m\u00fasica Els pins<\/span><\/p>\n<ol start=\"18\">\n<li><span style=\"font-weight: 400;\"> 1r Premi <\/span><b>Millor Booktrailer<\/b><\/li>\n<\/ol>\n<p><b><i>Mujercitas<\/i><\/b><\/p>\n<p><span style=\"font-weight: 400;\">Candela Otero, Martina Molinaro, Daniella G\u00e1lvez i Claudia Guinea<\/span><\/p>\n<p><span style=\"font-weight: 400;\">OBSEQUI: Sopar a l\u2019Asador Lem amb pizza, refresc i partida de billar.<\/span><\/p>\n<ol start=\"19\">\n<li><span style=\"font-weight: 400;\"> 2n Premi <\/span><b>Millor Booktrailer<\/b><\/li>\n<\/ol>\n<p><b><i>Mecanoscrit del segon origen<\/i><\/b><\/p>\n<p><span style=\"font-weight: 400;\">Pol Bohigas, Pablo Espina, Noa Mendoza i Esther Jorge<\/span><\/p>\n<p><span style=\"font-weight: 400;\">OBSEQUI: Sopar a la pizzeria Verde Luna<\/span><\/p>\n","protected":false},"excerpt":{"rendered":"<p>El dijous 30 de maig vam celebrar la gala del lliurament de premis del concurs de curts de comunicaci\u00f3 audiovisual de 1r de batxillerat i del II Concurs de Booktrailers de 4t d\u2019ESO a l\u2019Institut Les Marines. Tamb\u00e9, vam gaudir del curt creat per l\u2019alumnat de creaci\u00f3 liter\u00e0ria de 1r de batxillerat al Centre c\u00edvic [&hellip;]<\/p>\n","protected":false},"author":1,"featured_media":0,"parent":0,"menu_order":0,"comment_status":"closed","ping_status":"closed","template":"","meta":{"_bbp_topic_count":0,"_bbp_reply_count":0,"_bbp_total_topic_count":0,"_bbp_total_reply_count":0,"_bbp_voice_count":0,"_bbp_anonymous_reply_count":0,"_bbp_topic_count_hidden":0,"_bbp_reply_count_hidden":0,"_bbp_forum_subforum_count":0,"site-sidebar-layout":"default","site-content-layout":"","ast-site-content-layout":"","site-content-style":"default","site-sidebar-style":"default","ast-global-header-display":"","ast-banner-title-visibility":"","ast-main-header-display":"","ast-hfb-above-header-display":"","ast-hfb-below-header-display":"","ast-hfb-mobile-header-display":"","site-post-title":"","ast-breadcrumbs-content":"","ast-featured-img":"","footer-sml-layout":"","theme-transparent-header-meta":"","adv-header-id-meta":"","stick-header-meta":"","header-above-stick-meta":"","header-main-stick-meta":"","header-below-stick-meta":"","astra-migrate-meta-layouts":"default","ast-page-background-enabled":"default","ast-page-background-meta":{"desktop":{"background-color":"var(--ast-global-color-4)","background-image":"","background-repeat":"repeat","background-position":"center center","background-size":"auto","background-attachment":"scroll","background-type":"","background-media":"","overlay-type":"","overlay-color":"","overlay-opacity":"","overlay-gradient":""},"tablet":{"background-color":"","background-image":"","background-repeat":"repeat","background-position":"center center","background-size":"auto","background-attachment":"scroll","background-type":"","background-media":"","overlay-type":"","overlay-color":"","overlay-opacity":"","overlay-gradient":""},"mobile":{"background-color":"","background-image":"","background-repeat":"repeat","background-position":"center center","background-size":"auto","background-attachment":"scroll","background-type":"","background-media":"","overlay-type":"","overlay-color":"","overlay-opacity":"","overlay-gradient":""}},"ast-content-background-meta":{"desktop":{"background-color":"var(--ast-global-color-5)","background-image":"","background-repeat":"repeat","background-position":"center center","background-size":"auto","background-attachment":"scroll","background-type":"","background-media":"","overlay-type":"","overlay-color":"","overlay-opacity":"","overlay-gradient":""},"tablet":{"background-color":"var(--ast-global-color-5)","background-image":"","background-repeat":"repeat","background-position":"center center","background-size":"auto","background-attachment":"scroll","background-type":"","background-media":"","overlay-type":"","overlay-color":"","overlay-opacity":"","overlay-gradient":""},"mobile":{"background-color":"var(--ast-global-color-5)","background-image":"","background-repeat":"repeat","background-position":"center center","background-size":"auto","background-attachment":"scroll","background-type":"","background-media":"","overlay-type":"","overlay-color":"","overlay-opacity":"","overlay-gradient":""}},"footnotes":""},"class_list":["post-4452","page","type-page","status-publish","hentry"],"post_mailing_queue_ids":[],"_links":{"self":[{"href":"https:\/\/agora.xtec.cat\/ieslesmarines\/wp-json\/wp\/v2\/pages\/4452","targetHints":{"allow":["GET"]}}],"collection":[{"href":"https:\/\/agora.xtec.cat\/ieslesmarines\/wp-json\/wp\/v2\/pages"}],"about":[{"href":"https:\/\/agora.xtec.cat\/ieslesmarines\/wp-json\/wp\/v2\/types\/page"}],"author":[{"embeddable":true,"href":"https:\/\/agora.xtec.cat\/ieslesmarines\/wp-json\/wp\/v2\/users\/1"}],"replies":[{"embeddable":true,"href":"https:\/\/agora.xtec.cat\/ieslesmarines\/wp-json\/wp\/v2\/comments?post=4452"}],"version-history":[{"count":1,"href":"https:\/\/agora.xtec.cat\/ieslesmarines\/wp-json\/wp\/v2\/pages\/4452\/revisions"}],"predecessor-version":[{"id":4456,"href":"https:\/\/agora.xtec.cat\/ieslesmarines\/wp-json\/wp\/v2\/pages\/4452\/revisions\/4456"}],"wp:attachment":[{"href":"https:\/\/agora.xtec.cat\/ieslesmarines\/wp-json\/wp\/v2\/media?parent=4452"}],"curies":[{"name":"wp","href":"https:\/\/api.w.org\/{rel}","templated":true}]}}