{"id":4340,"date":"2024-05-15T08:17:59","date_gmt":"2024-05-15T06:17:59","guid":{"rendered":"https:\/\/agora.xtec.cat\/ieslesmarines\/?page_id=4340"},"modified":"2024-05-15T08:17:59","modified_gmt":"2024-05-15T06:17:59","slug":"projecte-radio-marines-2n-deso-b","status":"publish","type":"page","link":"https:\/\/agora.xtec.cat\/ieslesmarines\/projecte-radio-marines-2n-deso-b\/","title":{"rendered":"Projecte R\u00e0dio Marines &#8211; 2n d&#8217;ESO B"},"content":{"rendered":"<p><span style=\"font-weight: 400;\">El 29 d\u2019abril l\u2019alumnat de 2n d\u2019ESO B va finalitzar el projecte de la r\u00e0dio.<\/span><\/p>\n<p><span style=\"font-weight: 400;\">R\u00e0dio Marines<\/span> <span style=\"font-weight: 400;\">s\u2019inici\u00e0 amb una visita a Catalunya R\u00e0dio. L\u2019alumnat durant les sessions del projecte ha creat el contingut d\u2019un gui\u00f3 radiof\u00f2nic, ha dissenyat la cortina musical amb l\u2019esl\u00f2gan del seu propi programa, ha inventat falques publicit\u00e0ries, ha preparat una entrevista, ha inventat un relat de ficci\u00f3, ha redactat un butllet\u00ed informatiu\u2026<\/span><\/p>\n<p><span style=\"font-weight: 400;\">El producte final ha consistit en la gravaci\u00f3 en directe davant la resta de la classe del seu programa de r\u00e0dio.\u00a0<\/span><img loading=\"lazy\" decoding=\"async\" class=\"alignnone size-large wp-image-4342\" src=\"https:\/\/agora.xtec.cat\/ieslesmarines\/wp-content\/uploads\/usu619\/2024\/05\/0-1024x461.jpg\" alt=\"\" width=\"1024\" height=\"461\" srcset=\"https:\/\/agora.xtec.cat\/ieslesmarines\/wp-content\/uploads\/usu619\/2024\/05\/0-1024x461.jpg 1024w, https:\/\/agora.xtec.cat\/ieslesmarines\/wp-content\/uploads\/usu619\/2024\/05\/0-300x135.jpg 300w, https:\/\/agora.xtec.cat\/ieslesmarines\/wp-content\/uploads\/usu619\/2024\/05\/0-768x346.jpg 768w, https:\/\/agora.xtec.cat\/ieslesmarines\/wp-content\/uploads\/usu619\/2024\/05\/0-1536x691.jpg 1536w, https:\/\/agora.xtec.cat\/ieslesmarines\/wp-content\/uploads\/usu619\/2024\/05\/0-2048x922.jpg 2048w\" sizes=\"auto, (max-width: 1024px) 100vw, 1024px\" \/><\/p>\n","protected":false},"excerpt":{"rendered":"<p>El 29 d\u2019abril l\u2019alumnat de 2n d\u2019ESO B va finalitzar el projecte de la r\u00e0dio. R\u00e0dio Marines s\u2019inici\u00e0 amb una visita a Catalunya R\u00e0dio. L\u2019alumnat durant les sessions del projecte ha creat el contingut d\u2019un gui\u00f3 radiof\u00f2nic, ha dissenyat la cortina musical amb l\u2019esl\u00f2gan del seu propi programa, ha inventat falques publicit\u00e0ries, ha preparat una [&hellip;]<\/p>\n","protected":false},"author":1,"featured_media":0,"parent":0,"menu_order":0,"comment_status":"closed","ping_status":"closed","template":"","meta":{"_bbp_topic_count":0,"_bbp_reply_count":0,"_bbp_total_topic_count":0,"_bbp_total_reply_count":0,"_bbp_voice_count":0,"_bbp_anonymous_reply_count":0,"_bbp_topic_count_hidden":0,"_bbp_reply_count_hidden":0,"_bbp_forum_subforum_count":0,"site-sidebar-layout":"default","site-content-layout":"","ast-site-content-layout":"","site-content-style":"default","site-sidebar-style":"default","ast-global-header-display":"","ast-banner-title-visibility":"","ast-main-header-display":"","ast-hfb-above-header-display":"","ast-hfb-below-header-display":"","ast-hfb-mobile-header-display":"","site-post-title":"","ast-breadcrumbs-content":"","ast-featured-img":"","footer-sml-layout":"","theme-transparent-header-meta":"","adv-header-id-meta":"","stick-header-meta":"","header-above-stick-meta":"","header-main-stick-meta":"","header-below-stick-meta":"","astra-migrate-meta-layouts":"default","ast-page-background-enabled":"default","ast-page-background-meta":{"desktop":{"background-color":"var(--ast-global-color-4)","background-image":"","background-repeat":"repeat","background-position":"center center","background-size":"auto","background-attachment":"scroll","background-type":"","background-media":"","overlay-type":"","overlay-color":"","overlay-opacity":"","overlay-gradient":""},"tablet":{"background-color":"","background-image":"","background-repeat":"repeat","background-position":"center center","background-size":"auto","background-attachment":"scroll","background-type":"","background-media":"","overlay-type":"","overlay-color":"","overlay-opacity":"","overlay-gradient":""},"mobile":{"background-color":"","background-image":"","background-repeat":"repeat","background-position":"center center","background-size":"auto","background-attachment":"scroll","background-type":"","background-media":"","overlay-type":"","overlay-color":"","overlay-opacity":"","overlay-gradient":""}},"ast-content-background-meta":{"desktop":{"background-color":"var(--ast-global-color-5)","background-image":"","background-repeat":"repeat","background-position":"center center","background-size":"auto","background-attachment":"scroll","background-type":"","background-media":"","overlay-type":"","overlay-color":"","overlay-opacity":"","overlay-gradient":""},"tablet":{"background-color":"var(--ast-global-color-5)","background-image":"","background-repeat":"repeat","background-position":"center center","background-size":"auto","background-attachment":"scroll","background-type":"","background-media":"","overlay-type":"","overlay-color":"","overlay-opacity":"","overlay-gradient":""},"mobile":{"background-color":"var(--ast-global-color-5)","background-image":"","background-repeat":"repeat","background-position":"center center","background-size":"auto","background-attachment":"scroll","background-type":"","background-media":"","overlay-type":"","overlay-color":"","overlay-opacity":"","overlay-gradient":""}},"footnotes":""},"class_list":["post-4340","page","type-page","status-publish","hentry"],"post_mailing_queue_ids":[],"_links":{"self":[{"href":"https:\/\/agora.xtec.cat\/ieslesmarines\/wp-json\/wp\/v2\/pages\/4340","targetHints":{"allow":["GET"]}}],"collection":[{"href":"https:\/\/agora.xtec.cat\/ieslesmarines\/wp-json\/wp\/v2\/pages"}],"about":[{"href":"https:\/\/agora.xtec.cat\/ieslesmarines\/wp-json\/wp\/v2\/types\/page"}],"author":[{"embeddable":true,"href":"https:\/\/agora.xtec.cat\/ieslesmarines\/wp-json\/wp\/v2\/users\/1"}],"replies":[{"embeddable":true,"href":"https:\/\/agora.xtec.cat\/ieslesmarines\/wp-json\/wp\/v2\/comments?post=4340"}],"version-history":[{"count":1,"href":"https:\/\/agora.xtec.cat\/ieslesmarines\/wp-json\/wp\/v2\/pages\/4340\/revisions"}],"predecessor-version":[{"id":4343,"href":"https:\/\/agora.xtec.cat\/ieslesmarines\/wp-json\/wp\/v2\/pages\/4340\/revisions\/4343"}],"wp:attachment":[{"href":"https:\/\/agora.xtec.cat\/ieslesmarines\/wp-json\/wp\/v2\/media?parent=4340"}],"curies":[{"name":"wp","href":"https:\/\/api.w.org\/{rel}","templated":true}]}}