{"id":3571,"date":"2023-10-22T13:32:58","date_gmt":"2023-10-22T11:32:58","guid":{"rendered":"https:\/\/agora.xtec.cat\/ieslesmarines\/?page_id=3571"},"modified":"2023-10-22T13:32:58","modified_gmt":"2023-10-22T11:32:58","slug":"2n-deso-d-visita-catalunya-radio","status":"publish","type":"page","link":"https:\/\/agora.xtec.cat\/ieslesmarines\/2n-deso-d-visita-catalunya-radio\/","title":{"rendered":"2n d&#8217;ESO D visita Catalunya R\u00e0dio"},"content":{"rendered":"<p><span style=\"font-family: inherit; font-size: 1em;\">El alumnes de 2n d\u2019ESO D el dilluns 16 d\u2019octubre visitaren Catalunya R\u00e0dio.<\/span><\/p>\n<p><span style=\"font-weight: 400;\">Catalunya R\u00e0dio els ofer\u00ed la possibilitat de con\u00e8ixer les seves instal\u00b7lacions per descobrir com es fa la r\u00e0dio en catal\u00e0 perqu\u00e8 arribi cada dia a milers d\u2019oients.<\/span><a href=\"https:\/\/agora.xtec.cat\/ieslesmarines\/wp-content\/uploads\/usu619\/2023\/10\/IMG_20231016_104725.jpg\"><br \/>\n<\/a><\/p>\n<p><span style=\"font-weight: 400;\">Un grup assist\u00ed a una secci\u00f3 del programa <\/span><i><span style=\"font-weight: 400;\">El mat\u00ed de Catalunya R\u00e0dio<\/span><\/i><span style=\"font-weight: 400;\">, i l\u2019altre, a l\u2019emissi\u00f3 de l\u2019espai <\/span><i><span style=\"font-weight: 400;\">Els experts. <\/span><\/i><span style=\"font-weight: 400;\">A continuaci\u00f3, visitaren les instal\u00b7lacions de la cadena i tingueren la possibilitat de fer de locutors radiof\u00f2nics gravant un butllet\u00ed de not\u00edcies.<\/span><a href=\"https:\/\/agora.xtec.cat\/ieslesmarines\/wp-content\/uploads\/usu619\/2023\/10\/IMG_20231016_104725.jpg\"><br \/>\n<\/a><\/p>\n<p><span style=\"font-weight: 400;\">Tot all\u00f2 apr\u00e8s ho podran aplicar en un projecte d\u2019expressi\u00f3 escrita i comunicaci\u00f3 oral sobre la r\u00e0dio que duran a terme els mesos d\u2019octubre i novembre, en qu\u00e8 hauran de gravar un programa radiof\u00f2nic en grup.\u00a0<\/span><a href=\"https:\/\/agora.xtec.cat\/ieslesmarines\/wp-content\/uploads\/usu619\/2023\/10\/IMG_20231016_104725.jpg\"><br \/>\n<\/a><\/p>\n<p><a href=\"https:\/\/agora.xtec.cat\/ieslesmarines\/wp-content\/uploads\/usu619\/2023\/10\/IMG_20231016_104812.jpg\"><img loading=\"lazy\" decoding=\"async\" class=\"size-medium wp-image-3575 aligncenter\" src=\"https:\/\/agora.xtec.cat\/ieslesmarines\/wp-content\/uploads\/usu619\/2023\/10\/IMG_20231016_104812-300x225.jpg\" alt=\"\" width=\"300\" height=\"225\" srcset=\"https:\/\/agora.xtec.cat\/ieslesmarines\/wp-content\/uploads\/usu619\/2023\/10\/IMG_20231016_104812-300x225.jpg 300w, https:\/\/agora.xtec.cat\/ieslesmarines\/wp-content\/uploads\/usu619\/2023\/10\/IMG_20231016_104812-768x576.jpg 768w, https:\/\/agora.xtec.cat\/ieslesmarines\/wp-content\/uploads\/usu619\/2023\/10\/IMG_20231016_104812-200x150.jpg 200w, https:\/\/agora.xtec.cat\/ieslesmarines\/wp-content\/uploads\/usu619\/2023\/10\/IMG_20231016_104812.jpg 1000w\" sizes=\"auto, (max-width: 300px) 100vw, 300px\" \/><\/a><\/p>\n<p><span style=\"font-weight: 400;\">A continuaci\u00f3, podeu llegir els comentaris d\u2019alguns alumnes sobre la sortida:<\/span><\/p>\n<p><span style=\"font-weight: 400;\">\u201cLa sortida a les instal\u00b7lacions de Catalunya R\u00e0dio ha sigut una experi\u00e8ncia que he gaudit molt, i, tinc la certesa que els meus companys de classe coincideixen amb mi quan faig aquesta valoraci\u00f3. L&#8217;excursi\u00f3 va ser entretinguda, el trajecte es va fer am\u00e8 amb la companyia dels meus companys i professors, la visita va ser molt interessant i ben planificada, tant quan ens van mostrar les instal\u00b7lacions com quan vam sentir el programa de r\u00e0dio en directe. He d&#8217;afegir, segons la meva experi\u00e8ncia personal, que em va agradar for\u00e7a sortir en el programa <\/span><i><span style=\"font-weight: 400;\">Els Experts<\/span><\/i><span style=\"font-weight: 400;\"> parlant d&#8217;un grup de m\u00fasica.<\/span><a href=\"https:\/\/agora.xtec.cat\/ieslesmarines\/wp-content\/uploads\/usu619\/2023\/10\/IMG_20231016_104725.jpg\"><br \/>\n<\/a><\/p>\n<p><span style=\"font-weight: 400;\">Definitivament, va ser el millor comen\u00e7ament per a aquest projecte.\u201d J.C.S.<\/span><a href=\"https:\/\/agora.xtec.cat\/ieslesmarines\/wp-content\/uploads\/usu619\/2023\/10\/IMG_20231016_104725.jpg\"><br \/>\n<\/a><\/p>\n<p><span style=\"font-weight: 400;\">\u201cHa estat molt b\u00e9, la veritat jo no pensava que els que treballaven a la r\u00e0dio s\u2019ho passessiin tan b\u00e9. A m\u00e9s les seves instal\u00b7lacions estan genials, tamb\u00e9 em va agradar molt la prova que vam fer com a presentadors, invitats&#8230; Aquesta activitat m&#8217;ha agradat molt, ha estat guap\u00edssima!\u201d L.C.P<\/span><a href=\"https:\/\/agora.xtec.cat\/ieslesmarines\/wp-content\/uploads\/usu619\/2023\/10\/IMG_20231016_104725.jpg\">.<br \/>\n<\/a><\/p>\n<p><span style=\"font-weight: 400;\">\u201cA mi em va agradar molt i va ser interessant, ja que vam veure tot el funcionament de Catalunya R\u00e0dio.\u201d M.C.M<\/span><a href=\"https:\/\/agora.xtec.cat\/ieslesmarines\/wp-content\/uploads\/usu619\/2023\/10\/IMG_20231016_104725.jpg\"><br \/>\n<\/a><\/p>\n<p><span style=\"font-weight: 400;\">\u201cHa sigut una excursi\u00f3 molt interessant. M&#8217;ha agradat molt escoltar els locutors de r\u00e0dio i visitar les instal\u00b7lacions del centre. Despr\u00e9s ha sigut molt graci\u00f3s fer com si fos un locutor!\u201d A.T.E<\/span><a href=\"https:\/\/agora.xtec.cat\/ieslesmarines\/wp-content\/uploads\/usu619\/2023\/10\/IMG_20231016_104725.jpg\"><br \/>\n<\/a><\/p>\n<p><span style=\"font-weight: 400;\">\u201cEm va agradar molt la sortida, la visita de les instal\u00b7lacions, la gravaci\u00f3 en directe que vam veure, per\u00f2 el que sobretot m&#8217;ha agradat m\u00e9s \u00e9s la simulaci\u00f3 que representa com si f\u00f3ssim locutors parlant a la r\u00e0dio. La meva opini\u00f3 personal \u00e9s que va estar bastant b\u00e9 i encara que arribar en transport p\u00fablic va ser dif\u00edcil, em va agradar molt.\u201d M.D.V.<\/span><a href=\"https:\/\/agora.xtec.cat\/ieslesmarines\/wp-content\/uploads\/usu619\/2023\/10\/IMG_20231016_104725.jpg\"><br \/>\n<\/a><\/p>\n<p style=\"text-align: center;\"><a href=\"https:\/\/agora.xtec.cat\/ieslesmarines\/wp-content\/uploads\/usu619\/2023\/10\/IMG_20231016_105020.jpg\"><img loading=\"lazy\" decoding=\"async\" class=\"alignnone size-medium wp-image-3576\" src=\"https:\/\/agora.xtec.cat\/ieslesmarines\/wp-content\/uploads\/usu619\/2023\/10\/IMG_20231016_105020-300x225.jpg\" alt=\"\" width=\"300\" height=\"225\" srcset=\"https:\/\/agora.xtec.cat\/ieslesmarines\/wp-content\/uploads\/usu619\/2023\/10\/IMG_20231016_105020-300x225.jpg 300w, https:\/\/agora.xtec.cat\/ieslesmarines\/wp-content\/uploads\/usu619\/2023\/10\/IMG_20231016_105020-768x576.jpg 768w, https:\/\/agora.xtec.cat\/ieslesmarines\/wp-content\/uploads\/usu619\/2023\/10\/IMG_20231016_105020-200x150.jpg 200w, https:\/\/agora.xtec.cat\/ieslesmarines\/wp-content\/uploads\/usu619\/2023\/10\/IMG_20231016_105020.jpg 1000w\" sizes=\"auto, (max-width: 300px) 100vw, 300px\" \/><\/a><\/p>\n<p><span style=\"font-weight: 400;\">\u201cOpino que la sortida a Catalunya R\u00e0dio va ser una escapada on vam poder aprendre diverses coses, des de les diferents instal\u00b7lacions fins al material d&#8217;un estudi.\u201d L.E.C.<\/span><a href=\"https:\/\/agora.xtec.cat\/ieslesmarines\/wp-content\/uploads\/usu619\/2023\/10\/IMG_20231016_104725.jpg\"><br \/>\n<\/a><\/p>\n<p><span style=\"font-weight: 400;\">\u201cVa estar molt interessant la sortida, a mi em va agradar molt sobretot la part de gravar el nostre podcast. Va estar molt interessant tamb\u00e9 la part que v\u00e8iem els de la r\u00e0dio com treballaven.\u201d L.G.G.<\/span><a href=\"https:\/\/agora.xtec.cat\/ieslesmarines\/wp-content\/uploads\/usu619\/2023\/10\/IMG_20231016_104725.jpg\"><br \/>\n<\/a><\/p>\n<p><span style=\"font-weight: 400;\">\u201cVa ser una sortida divertida, interessant i diferent. El que m\u00e9s em va agradar va ser quan vam fer nosaltres una prova com si f\u00f3ssim locutors on parl\u00e0vem de not\u00edcies de tot tipus\u00a0 que havien passat al llarg de les \u00faltimes setmanes. Tamb\u00e9 em va agradar molt escoltar a tres locutors que estaven en directe entrevistant una cantant. En algun moment ens van fer participar a nosaltres en algunes preguntes. Vam aprendre moltes coses del funcionament de la r\u00e0dio i tornaria a repetir l&#8217;experi\u00e8ncia.\u201d A.J.G.<\/span><a href=\"https:\/\/agora.xtec.cat\/ieslesmarines\/wp-content\/uploads\/usu619\/2023\/10\/IMG_20231016_104725.jpg\"><br \/>\n<\/a><\/p>\n<p><span style=\"font-weight: 400;\">\u201cAquesta sortida m&#8217;ha agradat molt. Des de petita escolto Catalunya R\u00e0dio i sempre volia saber com es gravava i gr\u00e0cies a aquesta sortida he pogut complir un somni. S\u00ed que \u00e9s veritat que se m&#8217;ha quedat curta, per\u00f2 igualment m&#8217;ho he passat molt b\u00e9.\u201d A.L.B.<\/span><a href=\"https:\/\/agora.xtec.cat\/ieslesmarines\/wp-content\/uploads\/usu619\/2023\/10\/IMG_20231016_104725.jpg\"><br \/>\n<\/a><\/p>\n<p><span style=\"font-weight: 400;\">\u201cPrimer ens vam separar en dos grups i el meu grup primer va anar a fer una visita per tota la instal\u00b7laci\u00f3 i despr\u00e9s vam gravar un podcast sobre les not\u00edcies del dia. Quan vam acabar la visita, vam entrar en una sala on es feien programes de r\u00e0dio i nosaltres vam assistir a un en directe. Al final ens van deixar una mitja hora lliure en un parc. En conclusi\u00f3, la meva opini\u00f3 sobre la excursi\u00f3 que vam fer l&#8217;altre dia \u00e9s que em va agrada molt i vam aprendre moltes coses sobre la r\u00e0dio i m&#8217;encantaria tornar un altre cop.\u201d L.M.G.<\/span><a href=\"https:\/\/agora.xtec.cat\/ieslesmarines\/wp-content\/uploads\/usu619\/2023\/10\/IMG_20231016_104725.jpg\"><br \/>\n<\/a><\/p>\n<p><span style=\"font-weight: 400;\">\u201cMi opini\u00f3n es que me gust\u00f3 mucho la salida porque me pareci\u00f3 muy informativa y entretenida.<\/span><\/p>\n<p><span style=\"font-weight: 400;\">Mi parte favorita ha sido cuando pudimos ver detr\u00e1s de las c\u00e1maras de la radio y verla en vivo. Otra de las cosas que me gust\u00f3 fue hacer nuestro propio podcast entre todos porque fue muy divertido.\u201d C.S.C.<\/span><\/p>\n<p><a href=\"https:\/\/agora.xtec.cat\/ieslesmarines\/wp-content\/uploads\/usu619\/2023\/10\/IMG_20231016_104725.jpg\"><img loading=\"lazy\" decoding=\"async\" class=\"aligncenter wp-image-3572 size-medium\" src=\"https:\/\/agora.xtec.cat\/ieslesmarines\/wp-content\/uploads\/usu619\/2023\/10\/IMG_20231016_104725-300x225.jpg\" alt=\"\" width=\"300\" height=\"225\" srcset=\"https:\/\/agora.xtec.cat\/ieslesmarines\/wp-content\/uploads\/usu619\/2023\/10\/IMG_20231016_104725-300x225.jpg 300w, https:\/\/agora.xtec.cat\/ieslesmarines\/wp-content\/uploads\/usu619\/2023\/10\/IMG_20231016_104725-768x576.jpg 768w, https:\/\/agora.xtec.cat\/ieslesmarines\/wp-content\/uploads\/usu619\/2023\/10\/IMG_20231016_104725-200x150.jpg 200w, https:\/\/agora.xtec.cat\/ieslesmarines\/wp-content\/uploads\/usu619\/2023\/10\/IMG_20231016_104725.jpg 1000w\" sizes=\"auto, (max-width: 300px) 100vw, 300px\" \/><\/a><\/p>\n<p>Per consultar m\u00e9s imatges, poden fer click <a href=\"https:\/\/www.instagram.com\/p\/CysxFSIti9L\/?igshid=MzRlODBiNWFlZA%3D%3D\" target=\"_blank\" rel=\"noopener\">aqu\u00ed<\/a>.<\/p>\n","protected":false},"excerpt":{"rendered":"<p>El alumnes de 2n d\u2019ESO D el dilluns 16 d\u2019octubre visitaren Catalunya R\u00e0dio. Catalunya R\u00e0dio els ofer\u00ed la possibilitat de con\u00e8ixer les seves instal\u00b7lacions per descobrir com es fa la r\u00e0dio en catal\u00e0 perqu\u00e8 arribi cada dia a milers d\u2019oients. Un grup assist\u00ed a una secci\u00f3 del programa El mat\u00ed de Catalunya R\u00e0dio, i l\u2019altre, [&hellip;]<\/p>\n","protected":false},"author":1,"featured_media":0,"parent":0,"menu_order":0,"comment_status":"closed","ping_status":"closed","template":"","meta":{"_bbp_topic_count":0,"_bbp_reply_count":0,"_bbp_total_topic_count":0,"_bbp_total_reply_count":0,"_bbp_voice_count":0,"_bbp_anonymous_reply_count":0,"_bbp_topic_count_hidden":0,"_bbp_reply_count_hidden":0,"_bbp_forum_subforum_count":0,"site-sidebar-layout":"default","site-content-layout":"","ast-site-content-layout":"","site-content-style":"default","site-sidebar-style":"default","ast-global-header-display":"","ast-banner-title-visibility":"","ast-main-header-display":"","ast-hfb-above-header-display":"","ast-hfb-below-header-display":"","ast-hfb-mobile-header-display":"","site-post-title":"","ast-breadcrumbs-content":"","ast-featured-img":"","footer-sml-layout":"","theme-transparent-header-meta":"","adv-header-id-meta":"","stick-header-meta":"","header-above-stick-meta":"","header-main-stick-meta":"","header-below-stick-meta":"","astra-migrate-meta-layouts":"default","ast-page-background-enabled":"default","ast-page-background-meta":{"desktop":{"background-color":"var(--ast-global-color-4)","background-image":"","background-repeat":"repeat","background-position":"center center","background-size":"auto","background-attachment":"scroll","background-type":"","background-media":"","overlay-type":"","overlay-color":"","overlay-opacity":"","overlay-gradient":""},"tablet":{"background-color":"","background-image":"","background-repeat":"repeat","background-position":"center center","background-size":"auto","background-attachment":"scroll","background-type":"","background-media":"","overlay-type":"","overlay-color":"","overlay-opacity":"","overlay-gradient":""},"mobile":{"background-color":"","background-image":"","background-repeat":"repeat","background-position":"center center","background-size":"auto","background-attachment":"scroll","background-type":"","background-media":"","overlay-type":"","overlay-color":"","overlay-opacity":"","overlay-gradient":""}},"ast-content-background-meta":{"desktop":{"background-color":"var(--ast-global-color-5)","background-image":"","background-repeat":"repeat","background-position":"center center","background-size":"auto","background-attachment":"scroll","background-type":"","background-media":"","overlay-type":"","overlay-color":"","overlay-opacity":"","overlay-gradient":""},"tablet":{"background-color":"var(--ast-global-color-5)","background-image":"","background-repeat":"repeat","background-position":"center center","background-size":"auto","background-attachment":"scroll","background-type":"","background-media":"","overlay-type":"","overlay-color":"","overlay-opacity":"","overlay-gradient":""},"mobile":{"background-color":"var(--ast-global-color-5)","background-image":"","background-repeat":"repeat","background-position":"center center","background-size":"auto","background-attachment":"scroll","background-type":"","background-media":"","overlay-type":"","overlay-color":"","overlay-opacity":"","overlay-gradient":""}},"footnotes":""},"class_list":["post-3571","page","type-page","status-publish","hentry"],"post_mailing_queue_ids":[],"_links":{"self":[{"href":"https:\/\/agora.xtec.cat\/ieslesmarines\/wp-json\/wp\/v2\/pages\/3571","targetHints":{"allow":["GET"]}}],"collection":[{"href":"https:\/\/agora.xtec.cat\/ieslesmarines\/wp-json\/wp\/v2\/pages"}],"about":[{"href":"https:\/\/agora.xtec.cat\/ieslesmarines\/wp-json\/wp\/v2\/types\/page"}],"author":[{"embeddable":true,"href":"https:\/\/agora.xtec.cat\/ieslesmarines\/wp-json\/wp\/v2\/users\/1"}],"replies":[{"embeddable":true,"href":"https:\/\/agora.xtec.cat\/ieslesmarines\/wp-json\/wp\/v2\/comments?post=3571"}],"version-history":[{"count":5,"href":"https:\/\/agora.xtec.cat\/ieslesmarines\/wp-json\/wp\/v2\/pages\/3571\/revisions"}],"predecessor-version":[{"id":3580,"href":"https:\/\/agora.xtec.cat\/ieslesmarines\/wp-json\/wp\/v2\/pages\/3571\/revisions\/3580"}],"wp:attachment":[{"href":"https:\/\/agora.xtec.cat\/ieslesmarines\/wp-json\/wp\/v2\/media?parent=3571"}],"curies":[{"name":"wp","href":"https:\/\/api.w.org\/{rel}","templated":true}]}}