{"id":3361,"date":"2023-06-01T14:28:59","date_gmt":"2023-06-01T12:28:59","guid":{"rendered":"https:\/\/agora.xtec.cat\/ieslesmarines\/?page_id=3361"},"modified":"2023-06-01T14:28:59","modified_gmt":"2023-06-01T12:28:59","slug":"gala-booktrailers-4t-deso","status":"publish","type":"page","link":"https:\/\/agora.xtec.cat\/ieslesmarines\/gala-booktrailers-4t-deso\/","title":{"rendered":"Gala Booktrailers &#8211; 4t d&#8217;ESO"},"content":{"rendered":"<p><a href=\"https:\/\/photos.app.goo.gl\/fKeuycSDWWDuq5n16\" target=\"_blank\" rel=\"noopener\"><img loading=\"lazy\" decoding=\"async\" class=\"aligncenter wp-image-3362\" src=\"https:\/\/agora.xtec.cat\/ieslesmarines\/wp-content\/uploads\/usu619\/2023\/06\/1-300x300.png\" alt=\"\" width=\"500\" height=\"500\" srcset=\"https:\/\/agora.xtec.cat\/ieslesmarines\/wp-content\/uploads\/usu619\/2023\/06\/1-300x300.png 300w, https:\/\/agora.xtec.cat\/ieslesmarines\/wp-content\/uploads\/usu619\/2023\/06\/1-150x150.png 150w, https:\/\/agora.xtec.cat\/ieslesmarines\/wp-content\/uploads\/usu619\/2023\/06\/1-768x768.png 768w, https:\/\/agora.xtec.cat\/ieslesmarines\/wp-content\/uploads\/usu619\/2023\/06\/1.png 1000w\" sizes=\"auto, (max-width: 500px) 100vw, 500px\" \/><\/a><\/p>\n<p><span style=\"font-size: large;\"><b>I CONCURS DE BOOKTRAILERS DE L\u2019INSTITUT LES MARINES 2022-2023<\/b><\/span><\/p>\n<p><span style=\"font-size: large;\">El divendres 28 d\u2019abril vam celebrar la gala del lliurament de premis del primer Concurs de Booktrailers de 4t d\u2019ESO a l\u2019Institut Les Marines a la Biblioteca Ram\u00f3n Fern\u00e1ndez Jurado.<\/span><\/p>\n<p><span style=\"font-size: large;\">Primer de tot, volem agrair al Carles Alcoy la formaci\u00f3 de les quatre sessions que ens ha impartit a les classes de castell\u00e0, amb qui hem apr\u00e8s els elements narratius i cinematogr\u00e0fics que hem de tenir en compte a l\u2019hora de crear un booktrailer creatiu de qualitat, que compleixi la seva finalitat principal, atraure nous lectors.<\/span><\/p>\n<p><span style=\"font-size: large;\">En segon lloc, agrair a la Biblioteca Ram\u00f3n Fern\u00e1ndez Jurado la possibilitat d\u2019utilitzar la sala per celebrar la gala del lliurament de premis del concurs.<\/span><\/p>\n<p><span style=\"font-size: large;\">Tamb\u00e9, a la Direcci\u00f3 del centre que va apostar per aquesta iniciativa de projecte. <\/span><\/p>\n<p><span style=\"font-size: large;\">A tots el professorat i als membres del jurat d\u2019experts que han visualitzat els v\u00eddeos finalistes i els han analitzat per escollir-ne els millors de cada categoria. <\/span><\/p>\n<p><span style=\"font-size: large;\">A la Montse Gonz\u00e1lez per aconseguir la majoria dels regals que es van donar als diferents grups guanyadors.<\/span><\/p>\n<p><span style=\"font-size: large;\">I al Gremi de Comerciants de Castelldefels hem d\u2019agrair tots els obsequis que han ofert a cadascun dels grups premiats. <\/span><\/p>\n<p><span style=\"font-size: large;\">Els establiments patrocinadors del concurs han estat:<\/span><\/p>\n<p><span style=\"font-size: large;\">Biblioteca Ram\u00f3n Fern\u00e1ndez Jurado<\/span><\/p>\n<p><span style=\"font-size: large;\">Associaci\u00f3 de Fam\u00edlies d\u2019Alumnes de l\u2019Institut Les Marines<\/span><\/p>\n<p><span style=\"font-size: large;\">Perruqueria Lydia<\/span><\/p>\n<p><span style=\"font-size: large;\">Perruqueria Pels P\u00e8ls<\/span><\/p>\n<p><span style=\"font-size: large;\">Pizzeria Luna Verde<\/span><\/p>\n<p><span style=\"font-size: large;\">Gelateria Carles<\/span><\/p>\n<p><span style=\"font-size: large;\">Llibreria Canillo<\/span><\/p>\n<p><span style=\"font-size: large;\">Llibreria Starbooks<\/span><\/p>\n<p><span style=\"font-size: large;\">Castelldent cl\u00ednica dental<\/span><\/p>\n<p><span style=\"font-size: large;\">Editorial Barcanova<\/span><\/p>\n<p><span style=\"font-size: large;\">Institut Les Marines<\/span><\/p>\n<p>&nbsp;<\/p>\n<p><span style=\"font-size: large;\">Els premis del concurs van ser decidits per tres jurats: <\/span><\/p>\n<p><span style=\"font-size: large;\">el jurat popular, el jurat de professores i professors i el jurat d\u2019experts.<\/span><\/p>\n<p>&nbsp;<\/p>\n<p><span style=\"font-size: large;\">El <\/span><span style=\"font-size: large;\">JURAT POPULAR<\/span><span style=\"font-size: large;\"> estava constitu\u00eft per l\u2019alumnat de 3r i 4t d\u2019ESO.<\/span><\/p>\n<p><span style=\"font-size: large;\">Aquests han estat els grups guanyadors del jurat popular:<\/span><\/p>\n<p><span style=\"font-size: large;\">PREMI AL <\/span><span style=\"font-size: large;\"><b>MILLOR BOOKTRAILER<\/b><\/span><\/p>\n<p align=\"left\"><span style=\"color: #000000;\"><span style=\"font-family: Calibri, serif;\"><span style=\"font-size: large;\"><i><b>Los futbol\u00edsimos<\/b><\/i><\/span><\/span><\/span><span style=\"color: #000000;\"><span style=\"font-family: Calibri, serif;\"><span style=\"font-size: large;\">: Adri\u00e0 Fern\u00e1ndez, Marc Gonz\u00e1lez i Iker L\u00f3pez<\/span><\/span><\/span><\/p>\n<p align=\"left\"><a name=\"_heading=h.gjdgxs\"><\/a> <span style=\"color: #00b050;\"><span style=\"font-family: Calibri, serif;\"><span style=\"font-size: medium;\">Premi: Trofeu exclusiu del concurs i clauers fets amb la impressora 3D de l\u2019institut i bol\u00edgrafs de l\u2019AFA. <\/span><\/span><\/span><\/p>\n<p><span style=\"font-size: large;\">PREMI AL <\/span><span style=\"font-size: large;\"><b>BOOKTRAILER M\u00c9S CREATIU<\/b><\/span><\/p>\n<p align=\"left\"><span style=\"color: #000000;\"><span style=\"font-family: Calibri, serif;\"><span style=\"font-size: large;\"><i><b>Alguien est\u00e1 mintiendo: <\/b><\/i><\/span><\/span><\/span><span style=\"color: #000000;\"><span style=\"font-family: Calibri, serif;\"><span style=\"font-size: large;\">Eloy Van Der Plassche, Guillem Carulla, Lucas Casado,\u00a0Ruth Moran i Valentina Simoniello.<\/span><\/span><\/span><\/p>\n<p align=\"left\"><span style=\"color: #00b050;\"><span style=\"font-family: Calibri, serif;\"><span style=\"font-size: medium;\">Premi: Trofeu exclusiu i clauers fets amb la impressora 3D de l\u2019institut<\/span><\/span><\/span><\/p>\n<p><a name=\"_heading=h.30j0zll\"><\/a><\/p>\n<p><span style=\"font-size: large;\">El <\/span><span style=\"font-size: large;\">JURAT DE PROFESSORS\/ES<\/span><span style=\"font-size: large;\"> estava constitu\u00eft per professorat de l\u2019institut que de manera desinteressada va visualitzar els 12 booktrailers finalistes, els va analitzar segons les categories i va escollir els que va considerar els millors. Aquest va ser el seu veredicte.<\/span><\/p>\n<p><span style=\"font-size: large;\">Premi a la Millor <\/span><span style=\"font-size: large;\"><b>Banda Sonora<\/b><\/span><span style=\"font-size: large;\"> atorgat per la professora de M\u00fasica Angelina Dorado:<\/span><\/p>\n<p><span style=\"font-size: large;\"><i><b>La vida invisible de Addie Larue<\/b><\/i><\/span><span style=\"font-size: large;\">: Jordi Costa, Mario Gonz\u00e1lez,<\/span><\/p>\n<p><span style=\"font-size: large;\">Melissa Duta i Sophie Sanahuja.<\/span><\/p>\n<p align=\"left\"><span style=\"color: #00b050;\"><span style=\"font-family: Calibri, serif;\"><span style=\"font-size: medium;\">Premi:<\/span><\/span><\/span><i><b> <\/b><\/i><span style=\"color: #00b050;\"><span style=\"font-family: Calibri, serif;\"><span style=\"font-size: medium;\">Consumici\u00f3 gelateria Carles<\/span><\/span><\/span><\/p>\n<p align=\"left\">\n<p><span style=\"font-size: large;\">Premis al Millor <\/span><span style=\"font-size: large;\"><b>Muntatge Audiovisual<\/b><\/span><span style=\"font-size: large;\"> atorgat per les professores de Tecnologia i Inform\u00e0tica (J\u00falia del Bosque i Noem\u00ed Cervera):<\/span><\/p>\n<p><span style=\"font-size: large;\">1r Premi al Millor <\/span><span style=\"font-size: large;\"><b>Muntatge Audiovisual<\/b><\/span><\/p>\n<p align=\"left\"><span style=\"color: #000000;\"><span style=\"font-family: Calibri, serif;\"><span style=\"font-size: large;\"><i><b>Las l\u00e1grimas de Shiva: <\/b><\/i><\/span><\/span><\/span><span style=\"color: #000000;\"><span style=\"font-family: Calibri, serif;\"><span style=\"font-size: large;\">Kilian Gonz\u00e1lez, Dawit Ortega, Liam Dyer,\u00a0Nerea Guerra i Kristell L\u00f3pez<\/span><\/span><\/span><\/p>\n<p align=\"left\"><span style=\"color: #00b050;\"><span style=\"font-family: Calibri, serif;\"><span style=\"font-size: medium;\">Premi: Llibres de la Biblioteca Ram\u00f3n Fern\u00e1ndez Jurado + bol\u00edgrafs de <\/span><\/span><\/span><\/p>\n<p align=\"left\"><span style=\"color: #00b050;\"> <span style=\"font-family: Calibri, serif;\"><span style=\"font-size: medium;\">l\u2019AFA <\/span><\/span><\/span><\/p>\n<p><span style=\"font-size: large;\">2n Premi al Millor <\/span><span style=\"font-size: large;\"><b>Muntatge Audiovisual<\/b><\/span><\/p>\n<p align=\"left\"><a name=\"_heading=h.1fob9te\"><\/a> <span style=\"color: #000000;\"><span style=\"font-family: Calibri, serif;\"><span style=\"font-size: large;\"><i><b>Heartstopper<\/b><\/i><\/span><\/span><\/span><span style=\"color: #000000;\"><span style=\"font-family: Calibri, serif;\"><span style=\"font-size: large;\">:<\/span><\/span><\/span><span style=\"color: #000000;\"><span style=\"font-family: Calibri, serif;\"><span style=\"font-size: large;\"><i><b> \u00a0<\/b><\/i><\/span><\/span><\/span><span style=\"color: #000000;\"><span style=\"font-family: Calibri, serif;\"><span style=\"font-size: large;\">Emma Dyer, <a href=\"mailto:19aclaure@inslesmarines.net\">Axel Claure<\/a>,\u00a0Maika Cheng i Zara Mendoza<\/span><\/span><\/span><\/p>\n<p><span style=\"color: #00b050;\"><span style=\"font-size: medium;\">Premi: llibretes de la Llibreria Canillo + bol\u00edgrafs de l\u2019AFA + passadors i cremes corporals de la Perruqueria Lydia <\/span><\/span><\/p>\n<p><span style=\"font-size: large;\">3r Premi al Millor <\/span><span style=\"font-size: large;\"><b>Muntatge Audiovisual<\/b><\/span><\/p>\n<p align=\"left\"><span style=\"color: #000000;\"><span style=\"font-family: Calibri, serif;\"><span style=\"font-size: large;\"><i><b>Mujercitas<\/b><\/i><\/span><\/span><\/span><span style=\"color: #000000;\"><span style=\"font-family: Calibri, serif;\"><span style=\"font-size: large;\">: <\/span><\/span><\/span><span style=\"color: #000000;\"><span style=\"font-family: Calibri, serif;\"><span style=\"font-size: large;\"><i><b>\u00a0<\/b><\/i><\/span><\/span><\/span><span style=\"color: #000000;\"><span style=\"font-family: Calibri, serif;\"><span style=\"font-size: large;\">Estela Arenas, Leire Mas,\u00a0Isabella Su\u00e1rez i Sara Roca<\/span><\/span><\/span><\/p>\n<p align=\"left\"><span style=\"color: #00b050;\"><span style=\"font-family: Calibri, serif;\"><span style=\"font-size: medium;\">Premi: xamp\u00fas i passadors de la Perruqueria Lydia + bol\u00edgrafs de l\u2019AFA<\/span><\/span><\/span><\/p>\n<p align=\"left\">\n<p><a name=\"_heading=h.3znysh7\"><\/a> <span style=\"font-size: large;\">Premis al Millor <\/span><span style=\"font-size: large;\"><b>Gui\u00f3 Original<\/b><\/span><span style=\"font-size: large;\"> atorgat per les professores de llengua castellana i literatura, Montse Gonz\u00e1lez i Bego\u00f1a Esquibil: <\/span><\/p>\n<p><span style=\"font-size: large;\">1r Premi al Millor <\/span><span style=\"font-size: large;\"><b>Gui\u00f3 Original<\/b><\/span><\/p>\n<p><span style=\"font-size: large;\"><i><b>Asesinato para principiantes<\/b><\/i><\/span><span style=\"font-size: large;\"> Carlos Melero, Yasmina El Moussaoui, Abril Mart\u00ednez i Maria Vilardell.<\/span><\/p>\n<p align=\"left\"><span style=\"color: #00b050;\"><span style=\"font-family: Calibri, serif;\"><span style=\"font-size: medium;\">Premi: Llibres concedits per l\u2019editorial Barcanova.<\/span><\/span><\/span><\/p>\n<p><span style=\"font-size: large;\">2n Premi al Millor <\/span><span style=\"font-size: large;\"><b>Gui\u00f3 Original<\/b><\/span><\/p>\n<p align=\"left\"><span style=\"color: #000000;\"><span style=\"font-family: Calibri, serif;\"><span style=\"font-size: large;\"><i><b>Por trece razones<\/b><\/i><\/span><\/span><\/span><span style=\"color: #000000;\"><span style=\"font-family: Calibri, serif;\"><span style=\"font-size: large;\">: Noa Mi\u00f1ana, Maria Resano, C\u00e9sar M\u00e9ndez i Alex S\u00e1nchez.<\/span><\/span><\/span><\/p>\n<p align=\"left\"><span style=\"color: #00b050;\"><span style=\"font-family: Calibri, serif;\"><span style=\"font-size: medium;\">Premi: llibretes de la Llibreria Canillo + bol\u00edgrafs de l\u2019AFA + raspalls de la perruqueria Lydia. <\/span><\/span><\/span><\/p>\n<p align=\"left\">\n<p><span style=\"font-size: large;\">Premi a la Millor <\/span><span style=\"font-size: large;\"><b>Pe\u00e7a Creativa <\/b><\/span><span style=\"font-size: large;\">atorgat per les professores d\u2019Educaci\u00f3 visual i pl\u00e0stica i M\u00fasica, Eva Gil i Erika Bermejo. <\/span><\/p>\n<p align=\"left\"><span style=\"color: #000000;\"><span style=\"font-family: Calibri, serif;\"><span style=\"font-size: large;\"><i><b>Asesinato para principiantes<\/b><\/i><\/span><\/span><\/span><span style=\"color: #000000;\"><span style=\"font-family: Calibri, serif;\"><span style=\"font-size: large;\">: <\/span><\/span><\/span><\/p>\n<p><a name=\"_heading=h.2et92p0\"><\/a> <span style=\"font-size: large;\">Carlos Melero, Yasmina El Moussaoui, <\/span><\/p>\n<p><span style=\"font-size: large;\">Abril Mart\u00ednez i Maria Vilardell<\/span><\/p>\n<p><span style=\"color: #00b050;\"><span style=\"font-size: medium;\">Premi: llibres de la Llibreria Canillo i de la Biblioteca Ram\u00f3n Fern\u00e1ndez Jurado<\/span><\/span><\/p>\n<p><a name=\"_heading=h.tyjcwt\"><\/a> <span style=\"font-size: large;\">Premis a la Millor <\/span><span style=\"font-size: large;\"><b>Actriu<\/b><\/span><span style=\"font-size: large;\"> atorgat per la professora de llengua castellana i literatura, Sonia Sendra:<\/span><\/p>\n<p align=\"left\"><span style=\"color: #000000;\"><span style=\"font-family: Calibri, serif;\"><span style=\"font-size: large;\">1r Premi a la Millor <\/span><\/span><\/span><span style=\"color: #000000;\"><span style=\"font-family: Calibri, serif;\"><span style=\"font-size: large;\"><b>Actriu<\/b><\/span><\/span><\/span><\/p>\n<p align=\"left\"><span style=\"color: #000000;\"><span style=\"font-family: Calibri, serif;\"><span style=\"font-size: large;\">La detectiu d\u2019<\/span><\/span><\/span><span style=\"color: #000000;\"><span style=\"font-family: Calibri, serif;\"><span style=\"font-size: large;\"><i><b>Asesinato para principiantes<\/b><\/i><\/span><\/span><\/span><span style=\"color: #000000;\"><span style=\"font-family: Calibri, serif;\"><span style=\"font-size: large;\">: <\/span><\/span><\/span><span style=\"color: #000000;\"><span style=\"font-family: Calibri, serif;\"><span style=\"font-size: large;\"><b>Abril Mart\u00ednez<\/b><\/span><\/span><\/span><\/p>\n<p align=\"left\"><a name=\"_heading=h.3dy6vkm\"><\/a> <span style=\"color: #00b050;\"><span style=\"font-family: Calibri, serif;\"><span style=\"font-size: medium;\">Premi: un assecador de la Perruqueria Lydia + un clauer de Barcanova + un bol\u00edgraf de l\u2019AFA + una llibreta de la Llibreria Canillo + un passador de la perruqueria Lydia<\/span><\/span><\/span><\/p>\n<p align=\"left\"><span style=\"color: #000000;\"><span style=\"font-family: Calibri, serif;\"><span style=\"font-size: large;\">2n Premi a la Millor <\/span><\/span><\/span><span style=\"color: #000000;\"><span style=\"font-family: Calibri, serif;\"><span style=\"font-size: large;\"><b>Actriu<\/b><\/span><\/span><\/span><\/p>\n<p align=\"left\"><span style=\"color: #000000;\"><span style=\"font-family: Calibri, serif;\"><span style=\"font-size: large;\">L\u2019 escriptora de\u00a0<\/span><\/span><\/span><span style=\"color: #000000;\"><span style=\"font-family: Calibri, serif;\"><span style=\"font-size: large;\"><i><b>Mujercitas<\/b><\/i><\/span><\/span><\/span><span style=\"color: #000000;\"><span style=\"font-family: Calibri, serif;\"><span style=\"font-size: large;\"><i>: <\/i><\/span><\/span><\/span><span style=\"color: #000000;\"><span style=\"font-family: Calibri, serif;\"><span style=\"font-size: large;\"><b>Leire Mas<\/b><\/span><\/span><\/span><\/p>\n<p align=\"left\"><span style=\"color: #00b050;\"><span style=\"font-family: Calibri, serif;\"><span style=\"font-size: medium;\">Premi: un val de Castelldent cl\u00ednica dental per una higiene dental i un <\/span><\/span><\/span><span style=\"color: #00b050;\"><span style=\"font-family: Calibri, serif;\"><span style=\"font-size: medium;\"><i>kit<\/i><\/span><\/span><\/span><span style=\"color: #00b050;\"><span style=\"font-family: Calibri, serif;\"><span style=\"font-size: medium;\"> per a la cura de la boca + un passador de la Perruqueria Lydia + un bol\u00edgraf de l\u2019AFA + un clauer de l\u2019editorial Barcanova<\/span><\/span><\/span><\/p>\n<p align=\"left\"><span style=\"color: #000000;\"><span style=\"font-family: Calibri, serif;\"><span style=\"font-size: large;\">3r Premi a la Millor <\/span><\/span><\/span><span style=\"color: #000000;\"><span style=\"font-family: Calibri, serif;\"><span style=\"font-size: large;\"><b>Actriu<\/b><\/span><\/span><\/span><\/p>\n<p align=\"left\"><span style=\"color: #000000;\"><span style=\"font-family: Calibri, serif;\"><span style=\"font-size: large;\">La protagonista de\u00a0<\/span><\/span><\/span><span style=\"color: #000000;\"><span style=\"font-family: Calibri, serif;\"><span style=\"font-size: large;\"><i><b>Ciudades de humo<\/b><\/i><\/span><\/span><\/span><span style=\"color: #000000;\"><span style=\"font-family: Calibri, serif;\"><span style=\"font-size: large;\"><i>: <\/i><\/span><\/span><\/span><span style=\"color: #000000;\"><span style=\"font-family: Calibri, serif;\"><span style=\"font-size: large;\"><b>Valeria Mu\u00f1oz<\/b><\/span><\/span><\/span><\/p>\n<p align=\"left\"><span style=\"color: #00b050;\"><span style=\"font-family: Calibri, serif;\"><span style=\"font-size: medium;\">Premi: clauer de Barcanova + bol\u00edgraf de l\u2019AFA + passador de la Perruqueria Lydia + llibreta de la Llibreria Canillo + un val de l\u2019Starbooks. <\/span><\/span><\/span><\/p>\n<p align=\"left\"><span style=\"font-size: large;\">Premis als <\/span><span style=\"font-size: large;\"><b>Millors Actors<\/b><\/span> <span style=\"font-size: large;\">atorgats per la professora Sonia Sendra:<\/span><\/p>\n<p><span style=\"font-size: large;\">Els protagonistes de <\/span><span style=\"font-size: large;\"><i><b>Heartstopper<\/b><\/i><\/span><span style=\"font-size: large;\">: Carlos Melero i Axel Claure<\/span><\/p>\n<p><span style=\"color: #00b050;\"><span style=\"font-size: medium;\">Premi: 1 val de 50 \u20ac de la Perruqueria Lydia, 2 pintures i 2 llibretes de Llibreria Canillo + 2 bol\u00edgrafs de l\u2019AFA + 2 clauers de l\u2019editorial Barcanova. <\/span><\/span><\/p>\n<p>&nbsp;<\/p>\n<p>&nbsp;<\/p>\n<p><a name=\"_heading=h.1t3h5sf\"><\/a> <span style=\"font-size: large;\">Premis al <\/span><span style=\"font-size: large;\"><b>Millor Booktrailer<\/b><\/span><span style=\"font-size: large;\"> atorgats pels tutors i tutores i cotutors i cotutores S\u00f2nia Mart\u00ednez, Oriol S\u00e1ez, Cl\u00e0udia Vargas i Lourdes Onna:<\/span><\/p>\n<p><span style=\"font-size: large;\">1r Premi al <\/span><span style=\"font-size: large;\"><b>Millor Booktrailer<\/b><\/span><\/p>\n<p><span style=\"font-size: large;\"><i><b>Asesinato para principiantes<\/b><\/i><\/span><span style=\"font-size: large;\">: Carlos Melero, Yasmina El Moussaoui, Abril Mart\u00ednez i Maria Vilardell.<\/span><\/p>\n<p><span style=\"font-size: medium;\"><b>Premi: Gelateria Carles<\/b><\/span><\/p>\n<p><span style=\"color: #00b050;\"><span style=\"font-size: medium;\">Un sopar per a 4 persones a la Pizzeria Luna Verde <\/span><\/span><\/p>\n<p><span style=\"font-size: large;\">2n Premi al <\/span><span style=\"font-size: large;\"><b>Millor Booktrailer<\/b><\/span><\/p>\n<p><span style=\"font-size: large;\"><i><b>Por trece razones<\/b><\/i><\/span><span style=\"font-size: large;\">:<\/span><i><b> <\/b><\/i><span style=\"font-size: large;\">Noa Mi\u00f1ana, Maria Resano, C\u00e9sar M\u00e9ndez i Alex S\u00e1nchez.<\/span><\/p>\n<p><a name=\"_heading=h.4d34og8\"><\/a> <span style=\"color: #00b050;\"><span style=\"font-size: medium;\">Premi: val de regal de la llibreria Starbooks. <\/span><\/span><\/p>\n<p><span style=\"font-size: large;\">3r Premi al <\/span><span style=\"font-size: large;\"><b>Millor Booktrailer<\/b><\/span><\/p>\n<p><span style=\"font-size: large;\"><i><b>La vida invisible de Addie Larue<\/b><\/i><\/span><span style=\"font-size: large;\">: Jordi Costa, Mario Gonz\u00e1lez,<\/span><\/p>\n<p><span style=\"font-size: large;\">Melissa Duta i Sophie Sanahuja.<\/span><\/p>\n<p><span style=\"color: #00b050;\"><span style=\"font-size: medium;\">Premi: 4 vals de la cl\u00ednica dental Castelldent per a una higiene dental i un <\/span><\/span><span style=\"color: #00b050;\"><span style=\"font-size: medium;\"><i>kit<\/i><\/span><\/span><span style=\"color: #00b050;\"><span style=\"font-size: medium;\"> per a la cura de la boca + 4 bol\u00edgrafs de l\u2019AFA. <\/span><\/span><\/p>\n<p><span style=\"font-size: large;\">4t Premi al <\/span><span style=\"font-size: large;\"><b>Millor Booktrailer<\/b><\/span><\/p>\n<p><span style=\"font-size: large;\"><i><b>Ciudades de humo<\/b><\/i><\/span><span style=\"font-size: large;\">: Joanna Escorcia, Luna Pe\u00f1aloza, Katerina Trias i Valeria Mu\u00f1oz.<\/span><\/p>\n<p><span style=\"color: #00b050;\"><span style=\"font-size: medium;\">Premi: llibretes de la Llibreria Canillo + clauers de l\u2019editorial Barcanova + bol\u00edgrafs de l\u2019AFA i passadors de la Perruqueria Lydia + xamp\u00fas i cremes de mans de la perruqueria Pels p\u00e8ls.<\/span><\/span><\/p>\n<p><span style=\"font-size: large;\">El <\/span><span style=\"font-size: large;\">JURAT D&#8217;EXPERTS<\/span><span style=\"font-size: large;\"> estava constitu\u00eft per les seg\u00fcents persones, representants de diferents entitats relacionades amb el m\u00f3n de la cultura i l\u2019educaci\u00f3 a Castelldefels<\/span><\/p>\n<p><span style=\"font-size: large;\"><b>Carles Alcoy <\/b><\/span><span style=\"font-size: large;\">(tallerista del projecte de booktrailers, fil\u00f2leg i narrador. Ha treballat en \u00e0mbits de dinamitzaci\u00f3 econ\u00f2mica, gesti\u00f3 cultural i arts esc\u00e8niques.)<\/span><\/p>\n<p><span style=\"font-size: large;\"><b>Isabel Garc\u00eda <\/b><\/span><span style=\"font-size: large;\">(Directora de l\u2019Institut Les Marines)<\/span><\/p>\n<p><span style=\"font-size: large;\"><b>Marta Granel <\/b><\/span><span style=\"font-size: large;\">(Directora de la Biblioteca Ram\u00f3n Fern\u00e1ndez Jurado)<\/span><\/p>\n<p><span style=\"font-size: large;\"><b>Fernando Lorza <\/b><\/span><span style=\"font-size: large;\">(professor, mestre i locutor de R\u00e0dio Castelldefels)<\/span><\/p>\n<p><span style=\"font-size: large;\"><b>N\u00faria Membrado Canillo <\/b><\/span><span style=\"font-size: large;\">(propiet\u00e0ria<\/span><b> <\/b><span style=\"font-size: large;\">de la Llibreria Canillo) <\/span><\/p>\n<p><span style=\"font-size: large;\">Els premis atorgats pel jurat d\u2019experts van ser els seg\u00fcents:<\/span><\/p>\n<p><span style=\"font-size: large;\">Premi al<\/span><span style=\"font-size: large;\"><b> Millor Gui\u00f3<\/b><\/span><\/p>\n<p><span style=\"font-size: large;\"><i><b>Heartstopper<\/b><\/i><\/span><span style=\"font-size: large;\">:<\/span><span style=\"font-size: large;\"><i><b> \u00a0<\/b><\/i><\/span><span style=\"color: #000000;\"><span style=\"font-size: large;\">Emma Dyer, <\/span><\/span><a href=\"mailto:19aclaure@inslesmarines.net\"><span style=\"color: #000000;\"><span style=\"font-size: large;\">Axel Claure<\/span><\/span><\/a><span style=\"color: #000000;\"><span style=\"font-size: large;\">,\u00a0Maika Cheng i Zara Mendoza<\/span><\/span><\/p>\n<p><span style=\"color: #00b050;\"><span style=\"font-size: medium;\">Premi: llibres de la Llibreria Canillo <\/span><\/span><\/p>\n<p><span style=\"font-size: large;\">Premi a la <\/span><span style=\"font-size: large;\"><b>Millor Producci\u00f3<\/b><\/span><\/p>\n<p><span style=\"font-size: large;\"><i><b>Heartstopper<\/b><\/i><\/span><span style=\"font-size: large;\">:<\/span><span style=\"font-size: large;\"><i><b> \u00a0<\/b><\/i><\/span><span style=\"color: #000000;\"><span style=\"font-size: large;\">Emma Dyer, <\/span><\/span><a href=\"mailto:19aclaure@inslesmarines.net\"><span style=\"color: #000000;\"><span style=\"font-size: large;\">Axel Claure<\/span><\/span><\/a><span style=\"color: #000000;\"><span style=\"font-size: large;\">,\u00a0Maika Cheng i Zara Mendoza<\/span><\/span><\/p>\n<p><span style=\"color: #00b050;\"><span style=\"font-size: medium;\">Premi: consumici\u00f3 de la gelateria Carles. <\/span><\/span><\/p>\n<p><span style=\"font-size: large;\">Premi a la <\/span><span style=\"font-size: large;\"><b>Millor Postproducci\u00f3<\/b><\/span><\/p>\n<p><span style=\"font-size: large;\"><i><b>Romeo y Julieta<\/b><\/i><\/span><span style=\"font-size: large;\">: H\u00e8ctor Garcia, Carla Ochoa, Alexander Van Kerckhove i David Van Kerckhove<\/span><\/p>\n<p><span style=\"color: #00b050;\"><span style=\"font-size: medium;\">Premi: necessers + cremes corporals hidratants + passadors de la Perruqueria Lydia + llibretes de la Llibreria Canillo + clauers de l\u2019editorial Barcanova + bol\u00edgrafs de l\u2019AFA.<\/span><\/span><\/p>\n<p><span style=\"font-size: large;\">Premi al <\/span><span style=\"font-size: large;\"><b>Booktrailer M\u00e9s Creatiu<\/b><\/span><\/p>\n<p><span style=\"font-size: large;\"><i><b>Mujercitas<\/b><\/i><\/span><span style=\"font-size: large;\">: <\/span><span style=\"font-size: large;\"><i><b>\u00a0<\/b><\/i><\/span><span style=\"font-size: large;\">Estela Arenas, Leire Mas,\u00a0Isabella Su\u00e1rez i Sara Roca<\/span><\/p>\n<p><span style=\"color: #00b050;\"><span style=\"font-size: medium;\">Premi: 4 consumicions per a la Gelateria Carles. <\/span><\/span><\/p>\n<p><span style=\"font-size: large;\">Premi al <\/span><span style=\"font-size: large;\"><b>Millor booktrailer<\/b><\/span><\/p>\n<p><span style=\"font-size: large;\"><i><b>Heartstopper<\/b><\/i><\/span><span style=\"font-size: large;\">:<\/span><span style=\"font-size: large;\"><i><b> \u00a0<\/b><\/i><\/span><span style=\"color: #000000;\"><span style=\"font-size: large;\">Emma Dyer, <\/span><\/span><a href=\"mailto:19aclaure@inslesmarines.net\"><span style=\"color: #000000;\"><span style=\"font-size: large;\">Axel Claure<\/span><\/span><\/a><span style=\"color: #000000;\"><span style=\"font-size: large;\">,\u00a0Maika Cheng i Zara Mendoza<\/span><\/span><\/p>\n<p><span style=\"color: #00b050;\"><span style=\"font-size: medium;\">Premi: 1 trofeu exclusiu del concurs + 4 clauers fets per la impressora 3D de l\u2019institut.<\/span><\/span><\/p>\n<p><span style=\"color: #000000;\"><span style=\"font-size: large;\">Gr\u00e0cies a l\u2019alumnat de 4t que <\/span><\/span><span style=\"font-size: large;\">ha<\/span><span style=\"color: #000000;\"><span style=\"font-size: large;\"> participat en el projecte per la creaci\u00f3 dels booktrailers, molts dels quals han estat obres narratives i cinematogr\u00e0fiques d\u2019una gran qualitat creativa. <\/span><\/span><\/p>\n<p><span style=\"color: #000000;\"><span style=\"font-size: large;\">Felicitats als guanyadors i guanyadores del I Concurs de Booktrailers de l\u2019Institut Les Marines!<\/span><\/span><\/p>\n","protected":false},"excerpt":{"rendered":"<p>I CONCURS DE BOOKTRAILERS DE L\u2019INSTITUT LES MARINES 2022-2023 El divendres 28 d\u2019abril vam celebrar la gala del lliurament de premis del primer Concurs de Booktrailers de 4t d\u2019ESO a l\u2019Institut Les Marines a la Biblioteca Ram\u00f3n Fern\u00e1ndez Jurado. Primer de tot, volem agrair al Carles Alcoy la formaci\u00f3 de les quatre sessions que ens [&hellip;]<\/p>\n","protected":false},"author":1,"featured_media":0,"parent":0,"menu_order":0,"comment_status":"closed","ping_status":"closed","template":"","meta":{"_bbp_topic_count":0,"_bbp_reply_count":0,"_bbp_total_topic_count":0,"_bbp_total_reply_count":0,"_bbp_voice_count":0,"_bbp_anonymous_reply_count":0,"_bbp_topic_count_hidden":0,"_bbp_reply_count_hidden":0,"_bbp_forum_subforum_count":0,"site-sidebar-layout":"default","site-content-layout":"","ast-site-content-layout":"","site-content-style":"default","site-sidebar-style":"default","ast-global-header-display":"","ast-banner-title-visibility":"","ast-main-header-display":"","ast-hfb-above-header-display":"","ast-hfb-below-header-display":"","ast-hfb-mobile-header-display":"","site-post-title":"","ast-breadcrumbs-content":"","ast-featured-img":"","footer-sml-layout":"","theme-transparent-header-meta":"","adv-header-id-meta":"","stick-header-meta":"","header-above-stick-meta":"","header-main-stick-meta":"","header-below-stick-meta":"","astra-migrate-meta-layouts":"default","ast-page-background-enabled":"default","ast-page-background-meta":{"desktop":{"background-color":"var(--ast-global-color-4)","background-image":"","background-repeat":"repeat","background-position":"center center","background-size":"auto","background-attachment":"scroll","background-type":"","background-media":"","overlay-type":"","overlay-color":"","overlay-opacity":"","overlay-gradient":""},"tablet":{"background-color":"","background-image":"","background-repeat":"repeat","background-position":"center center","background-size":"auto","background-attachment":"scroll","background-type":"","background-media":"","overlay-type":"","overlay-color":"","overlay-opacity":"","overlay-gradient":""},"mobile":{"background-color":"","background-image":"","background-repeat":"repeat","background-position":"center center","background-size":"auto","background-attachment":"scroll","background-type":"","background-media":"","overlay-type":"","overlay-color":"","overlay-opacity":"","overlay-gradient":""}},"ast-content-background-meta":{"desktop":{"background-color":"var(--ast-global-color-5)","background-image":"","background-repeat":"repeat","background-position":"center center","background-size":"auto","background-attachment":"scroll","background-type":"","background-media":"","overlay-type":"","overlay-color":"","overlay-opacity":"","overlay-gradient":""},"tablet":{"background-color":"var(--ast-global-color-5)","background-image":"","background-repeat":"repeat","background-position":"center center","background-size":"auto","background-attachment":"scroll","background-type":"","background-media":"","overlay-type":"","overlay-color":"","overlay-opacity":"","overlay-gradient":""},"mobile":{"background-color":"var(--ast-global-color-5)","background-image":"","background-repeat":"repeat","background-position":"center center","background-size":"auto","background-attachment":"scroll","background-type":"","background-media":"","overlay-type":"","overlay-color":"","overlay-opacity":"","overlay-gradient":""}},"footnotes":""},"class_list":["post-3361","page","type-page","status-publish","hentry"],"post_mailing_queue_ids":[],"_links":{"self":[{"href":"https:\/\/agora.xtec.cat\/ieslesmarines\/wp-json\/wp\/v2\/pages\/3361","targetHints":{"allow":["GET"]}}],"collection":[{"href":"https:\/\/agora.xtec.cat\/ieslesmarines\/wp-json\/wp\/v2\/pages"}],"about":[{"href":"https:\/\/agora.xtec.cat\/ieslesmarines\/wp-json\/wp\/v2\/types\/page"}],"author":[{"embeddable":true,"href":"https:\/\/agora.xtec.cat\/ieslesmarines\/wp-json\/wp\/v2\/users\/1"}],"replies":[{"embeddable":true,"href":"https:\/\/agora.xtec.cat\/ieslesmarines\/wp-json\/wp\/v2\/comments?post=3361"}],"version-history":[{"count":1,"href":"https:\/\/agora.xtec.cat\/ieslesmarines\/wp-json\/wp\/v2\/pages\/3361\/revisions"}],"predecessor-version":[{"id":3363,"href":"https:\/\/agora.xtec.cat\/ieslesmarines\/wp-json\/wp\/v2\/pages\/3361\/revisions\/3363"}],"wp:attachment":[{"href":"https:\/\/agora.xtec.cat\/ieslesmarines\/wp-json\/wp\/v2\/media?parent=3361"}],"curies":[{"name":"wp","href":"https:\/\/api.w.org\/{rel}","templated":true}]}}