{"id":3197,"date":"2023-03-23T17:30:27","date_gmt":"2023-03-23T16:30:27","guid":{"rendered":"https:\/\/agora.xtec.cat\/ieslesmarines\/?page_id=3197"},"modified":"2023-04-01T18:41:43","modified_gmt":"2023-04-01T16:41:43","slug":"radio-i-escola-4t-deso","status":"publish","type":"page","link":"https:\/\/agora.xtec.cat\/ieslesmarines\/radio-i-escola-4t-deso\/","title":{"rendered":"Radio i Escola &#8211; 4t d&#8217;ESO"},"content":{"rendered":"<p><a href=\"https:\/\/photos.app.goo.gl\/NzSWJ1jVcw4vjCzX8\" target=\"_blank\" rel=\"noopener\"><img loading=\"lazy\" decoding=\"async\" class=\"aligncenter wp-image-3198\" src=\"https:\/\/agora.xtec.cat\/ieslesmarines\/wp-content\/uploads\/usu619\/2023\/03\/2-4-300x300.png\" alt=\"\" width=\"500\" height=\"500\" srcset=\"https:\/\/agora.xtec.cat\/ieslesmarines\/wp-content\/uploads\/usu619\/2023\/03\/2-4-300x300.png 300w, https:\/\/agora.xtec.cat\/ieslesmarines\/wp-content\/uploads\/usu619\/2023\/03\/2-4-150x150.png 150w, https:\/\/agora.xtec.cat\/ieslesmarines\/wp-content\/uploads\/usu619\/2023\/03\/2-4-768x768.png 768w, https:\/\/agora.xtec.cat\/ieslesmarines\/wp-content\/uploads\/usu619\/2023\/03\/2-4.png 1000w\" sizes=\"auto, (max-width: 500px) 100vw, 500px\" \/><\/a><\/p>\n<p>&nbsp;<\/p>\n<p><b>ALUMNES DE 4t d\u2019ESO A R\u00c0DIO CASTELLDEFELS\u00a0<\/b><\/p>\n<p><b><i>R\u00c0DIO I ESCOLA<\/i><\/b><\/p>\n<p>&nbsp;<\/p>\n<p><span style=\"font-weight: 400;\">El dimarts 7 de mar\u00e7 sis alumnes de l\u2019Institut de 4t de l\u2019ESO van gravar a R\u00e0dio Castelldefels el programa 224 de <\/span><i><span style=\"font-weight: 400;\">R\u00e0dio i Escola<\/span><\/i><span style=\"font-weight: 400;\">.<\/span><\/p>\n<p><span style=\"font-weight: 400;\">La Ruth Moran, la Valentina Simoniello, la Nerea Guerra, la Maria Vilardell, la Valeria Mu\u00f1oz, la Luna Pe\u00f1aloza i el Misael S\u00e1nchez van parlar sobre algunes de les activitats que han dut a terme a l\u2019institut. Van explicar en qu\u00e8 consisteix el Servei comunitari i les diferents opcions que havien escollit (Dunes, Alzheimer, Escoles, C\u00e0ritas i <\/span><i><span style=\"font-weight: 400;\">Sharing to learn<\/span><\/i><span style=\"font-weight: 400;\">).<\/span> <span style=\"font-weight: 400;\">Despr\u00e9s parlaren del viatge a Roma de fi de curs, que va tenir lloc a final de febrer. A continuaci\u00f3, comentaren el taller de <\/span><i><span style=\"font-weight: 400;\">booktrailers<\/span><\/i><span style=\"font-weight: 400;\"> que han dut a terme aquest curs a castell\u00e0 i del qual se celebrar\u00e0 un concurs. La gala del lliurament de premis tindr\u00e0 lloc a la biblioteca municipal el divendres 28 d\u2019abril a les 10 h. I per acabar, esmentaren els curts NODAIGUAL que han filmat a la mat\u00e8ria optativa d&#8217;Educaci\u00f3 visual i pl\u00e0stica.<\/span><\/p>\n<p><span style=\"font-weight: 400;\">Les nostres joves locutores es van expressar molt b\u00e9 i s\u2019ho van passar genial.<\/span><\/p>\n<p><span style=\"font-weight: 400;\">Aquests s\u00f3n els enlla\u00e7os al programa: <\/span><a href=\"https:\/\/blocs.xtec.cat\/radioescolacastelldefels\/2023\/03\/11\/programa-224-11-marc-2023\/\"><span style=\"font-weight: 400;\">https:\/\/blocs.xtec.cat\/radioescolacastelldefels\/2023\/03\/11\/programa-224-11-marc-2023\/<\/span><\/a><\/p>\n<p><a href=\"https:\/\/go.ivoox.com\/rf\/104411767\"><span style=\"font-weight: 400;\">https:\/\/go.ivoox.com\/rf\/104411767<\/span><\/a><\/p>\n<p><a href=\"https:\/\/blocs.xtec.cat\/radioescolacastelldefels\/\"><span style=\"font-weight: 400;\">https:\/\/blocs.xtec.cat\/radioescolacastelldefels\/<\/span><\/a><\/p>\n<p>&nbsp;<\/p>\n<p><span style=\"font-weight: 400;\">Aqu\u00ed teniu alguns dels comentaris de les protagonistes sobre l\u2019experi\u00e8ncia:<\/span><\/p>\n<p>&nbsp;<\/p>\n<p><span style=\"font-weight: 400;\">\u201cL&#8217;experi\u00e8ncia \u00e9s espectacular, si teniu l&#8217;oportunitat d&#8217;anar-hi, ho recomano.\u201d Ruth Moran<\/span><\/p>\n<p>&nbsp;<\/p>\n<p><span style=\"font-weight: 400;\">\u201cPer mi l\u2019experi\u00e8ncia a la r\u00e0dio va ser incre\u00efble. Al principi estava una mica nerviosa perqu\u00e8 imposava bastant, per\u00f2 el Fernando ens va ajudar a que tot fos m\u00e9s flu\u00eft i a que no estigu\u00e9ssim nervioses, i va ser molt guay, la veritat. Tornaria un altra vegada.\u201d Luna Pe\u00f1aloza<\/span><\/p>\n<p>&nbsp;<\/p>\n<p><span style=\"font-weight: 400;\">\u201cEm va semblar una bona experi\u00e8ncia. Al principi tant jo com les meves companyes est\u00e0vem for\u00e7a nervioses, per\u00f2 a mesura que vam anar avan\u00e7ant, els nervis van desapar\u00e8ixer i vaig poder gaudir m\u00e9s plenament del nostre temps a R\u00e0dio Castelldefels. El Fernando va ser molt agradable amb totes i molt obert, em va donar comoditat.\u201d Maria Vilardell<\/span><\/p>\n<p>&nbsp;<\/p>\n<hr \/>\n<p>&nbsp;<\/p>\n<p><b>ALUMNES DE 4t d\u2019ESO A R\u00c0DIO CASTELLDEFELS\u00a0<\/b><\/p>\n<p><b><i>R\u00c0DIO I ESCOLA<\/i><\/b><\/p>\n<p>&nbsp;<\/p>\n<p><span style=\"font-weight: 400;\">El dimarts 21 de mar\u00e7 vam tornar a participar en el programa <\/span><i><span style=\"font-weight: 400;\">R\u00e0dio i escola <\/span><\/i><span style=\"font-weight: 400;\">de R\u00e0dio Castelldefels. Vuit alumnes de 4t d\u2019ESO van gravar el programa 226.<\/span><\/p>\n<p><span style=\"font-weight: 400;\">La Maika Cheng, l\u2019Axel Claure, l\u2019Emma Dyer, el Carlos Melero, la Carla Ochoa, l\u2019H\u00e8ctor Garc\u00eda, la Valeria Mu\u00f1oz i la Luna Pe\u00f1aloza van parlar sobre algunes de les activitats que han dut a terme a l\u2019institut. Van explicar la seva experi\u00e8ncia al Servei comunitari. Comentaren el concurs de <\/span><i><span style=\"font-weight: 400;\">booktrailers<\/span><\/i><span style=\"font-weight: 400;\"> que han dut a terme aquest curs a castell\u00e0, i en el qual molts han participat com actrius i actors. Opinaren sobre l\u2019obra<\/span><i><span style=\"font-weight: 400;\"> Dona igual<\/span><\/i><span style=\"font-weight: 400;\">, que havien vist al teatre Plaza, i sobre el debat que es gener\u00e0 entre l\u2019alumnat relacionat amb la igualtat d\u2019oportunitats. Van parlar de les caracter\u00edstiques de l\u2019institut (els seus amplis patis amb hort i arbres fruiters) i sobre la quantitat de sortides en qu\u00e8 han participat aquest curs. Van aprofitar per queixar-se de la falta de substituts a l\u2019escola p\u00fablica i la quantitat d\u2019obres a Castelldefels, que dificulten la mobilitat en cotxe i a peu.<\/span><\/p>\n<p><span style=\"font-weight: 400;\">La participaci\u00f3 dels nostres joves locutors\/es a la r\u00e0dio va ser una experi\u00e8ncia interessant, enriquidora i divertida.<\/span><\/p>\n<p><span style=\"font-weight: 400;\">Aquests s\u00f3n els enlla\u00e7os al programa:\u00a0<\/span><\/p>\n<p><a href=\"https:\/\/blocs.xtec.cat\/radioescolacastelldefels\/\"><span style=\"font-weight: 400;\">https:\/\/blocs.xtec.cat\/radioescolacastelldefels\/<\/span><\/a><\/p>\n<p><a href=\"https:\/\/go.ivoox.com\/rf\/105090329\"><span style=\"font-weight: 400;\">https:\/\/go.ivoox.com\/rf\/105090329<\/span><\/a><\/p>\n<p><a href=\"https:\/\/www.ivoox.com\/rie-226-23-03-25-les-marines-audios-mp3_rf_105090329_1.html\"><span style=\"font-weight: 400;\">https:\/\/www.ivoox.com\/rie-226-23-03-25-les-marines-audios-mp3_rf_105090329_1.html<\/span><\/a><\/p>\n<p>&nbsp;<\/p>\n<p><span style=\"font-weight: 400;\">Aqu\u00ed teniu alguns dels comentaris de les protagonistes sobre l\u2019experi\u00e8ncia:<\/span><\/p>\n<p>&nbsp;<\/p>\n<p><span style=\"font-weight: 400;\">\u201cEn mi opini\u00f3n, quiero decir que yo ya tuve la experiencia de hablar por radio, y entonces fue como revivir ese momento. Adem\u00e1s, ha sido una buena forma de expresar temas con gente que ya conoces pero a trav\u00e9s de un micr\u00f3fono. Creo que esto nos puede ayudar a tener menos verg\u00fcenza.<\/span><\/p>\n<p><span style=\"font-weight: 400;\">En resumen, me ha gustado mucho.\u201d Carlos Melero<\/span><\/p>\n<p>&nbsp;<\/p>\n<p><span style=\"font-weight: 400;\">\u201cEn mi opini\u00f3n, ha sido una experiencia bastante destacable y\/o memorable, ya que fue mi primera vez en la radio. Me ha gustado la comodidad que sent\u00ed al estar con gente que conozco y hablar sobre temas comunes. A pesar de ello, s\u00ed que es verdad que sent\u00ed un poco de nervios al tener un micr\u00f3fono delante de m\u00ed. Para finalizar, puedo decir que ha sido una bonita experiencia y que si me dieran la oportunidad, lo volver\u00eda a hacer.\u201d Maika Cheng<\/span><\/p>\n<p>&nbsp;<\/p>\n","protected":false},"excerpt":{"rendered":"<p>&nbsp; ALUMNES DE 4t d\u2019ESO A R\u00c0DIO CASTELLDEFELS\u00a0 R\u00c0DIO I ESCOLA &nbsp; El dimarts 7 de mar\u00e7 sis alumnes de l\u2019Institut de 4t de l\u2019ESO van gravar a R\u00e0dio Castelldefels el programa 224 de R\u00e0dio i Escola. La Ruth Moran, la Valentina Simoniello, la Nerea Guerra, la Maria Vilardell, la Valeria Mu\u00f1oz, la Luna Pe\u00f1aloza [&hellip;]<\/p>\n","protected":false},"author":1,"featured_media":0,"parent":0,"menu_order":0,"comment_status":"closed","ping_status":"closed","template":"","meta":{"_bbp_topic_count":0,"_bbp_reply_count":0,"_bbp_total_topic_count":0,"_bbp_total_reply_count":0,"_bbp_voice_count":0,"_bbp_anonymous_reply_count":0,"_bbp_topic_count_hidden":0,"_bbp_reply_count_hidden":0,"_bbp_forum_subforum_count":0,"site-sidebar-layout":"default","site-content-layout":"","ast-site-content-layout":"","site-content-style":"default","site-sidebar-style":"default","ast-global-header-display":"","ast-banner-title-visibility":"","ast-main-header-display":"","ast-hfb-above-header-display":"","ast-hfb-below-header-display":"","ast-hfb-mobile-header-display":"","site-post-title":"","ast-breadcrumbs-content":"","ast-featured-img":"","footer-sml-layout":"","theme-transparent-header-meta":"","adv-header-id-meta":"","stick-header-meta":"","header-above-stick-meta":"","header-main-stick-meta":"","header-below-stick-meta":"","astra-migrate-meta-layouts":"default","ast-page-background-enabled":"default","ast-page-background-meta":{"desktop":{"background-color":"var(--ast-global-color-4)","background-image":"","background-repeat":"repeat","background-position":"center center","background-size":"auto","background-attachment":"scroll","background-type":"","background-media":"","overlay-type":"","overlay-color":"","overlay-opacity":"","overlay-gradient":""},"tablet":{"background-color":"","background-image":"","background-repeat":"repeat","background-position":"center center","background-size":"auto","background-attachment":"scroll","background-type":"","background-media":"","overlay-type":"","overlay-color":"","overlay-opacity":"","overlay-gradient":""},"mobile":{"background-color":"","background-image":"","background-repeat":"repeat","background-position":"center center","background-size":"auto","background-attachment":"scroll","background-type":"","background-media":"","overlay-type":"","overlay-color":"","overlay-opacity":"","overlay-gradient":""}},"ast-content-background-meta":{"desktop":{"background-color":"var(--ast-global-color-5)","background-image":"","background-repeat":"repeat","background-position":"center center","background-size":"auto","background-attachment":"scroll","background-type":"","background-media":"","overlay-type":"","overlay-color":"","overlay-opacity":"","overlay-gradient":""},"tablet":{"background-color":"var(--ast-global-color-5)","background-image":"","background-repeat":"repeat","background-position":"center center","background-size":"auto","background-attachment":"scroll","background-type":"","background-media":"","overlay-type":"","overlay-color":"","overlay-opacity":"","overlay-gradient":""},"mobile":{"background-color":"var(--ast-global-color-5)","background-image":"","background-repeat":"repeat","background-position":"center center","background-size":"auto","background-attachment":"scroll","background-type":"","background-media":"","overlay-type":"","overlay-color":"","overlay-opacity":"","overlay-gradient":""}},"footnotes":""},"class_list":["post-3197","page","type-page","status-publish","hentry"],"post_mailing_queue_ids":[],"_links":{"self":[{"href":"https:\/\/agora.xtec.cat\/ieslesmarines\/wp-json\/wp\/v2\/pages\/3197","targetHints":{"allow":["GET"]}}],"collection":[{"href":"https:\/\/agora.xtec.cat\/ieslesmarines\/wp-json\/wp\/v2\/pages"}],"about":[{"href":"https:\/\/agora.xtec.cat\/ieslesmarines\/wp-json\/wp\/v2\/types\/page"}],"author":[{"embeddable":true,"href":"https:\/\/agora.xtec.cat\/ieslesmarines\/wp-json\/wp\/v2\/users\/1"}],"replies":[{"embeddable":true,"href":"https:\/\/agora.xtec.cat\/ieslesmarines\/wp-json\/wp\/v2\/comments?post=3197"}],"version-history":[{"count":2,"href":"https:\/\/agora.xtec.cat\/ieslesmarines\/wp-json\/wp\/v2\/pages\/3197\/revisions"}],"predecessor-version":[{"id":3246,"href":"https:\/\/agora.xtec.cat\/ieslesmarines\/wp-json\/wp\/v2\/pages\/3197\/revisions\/3246"}],"wp:attachment":[{"href":"https:\/\/agora.xtec.cat\/ieslesmarines\/wp-json\/wp\/v2\/media?parent=3197"}],"curies":[{"name":"wp","href":"https:\/\/api.w.org\/{rel}","templated":true}]}}