{"id":3127,"date":"2023-03-03T10:40:51","date_gmt":"2023-03-03T09:40:51","guid":{"rendered":"https:\/\/agora.xtec.cat\/ieslesmarines\/?page_id=3127"},"modified":"2023-03-03T10:40:51","modified_gmt":"2023-03-03T09:40:51","slug":"booktrailer-4t-deso-4a-sessio","status":"publish","type":"page","link":"https:\/\/agora.xtec.cat\/ieslesmarines\/booktrailer-4t-deso-4a-sessio\/","title":{"rendered":"Booktrailer 4t d&#8217;ESO &#8211; 4\u00aa Sessi\u00f3"},"content":{"rendered":"<p style=\"text-align: center;\"><a href=\"https:\/\/photos.app.goo.gl\/T3VarHt8nWoGuocQ7\" target=\"_blank\" rel=\"noopener\"><img loading=\"lazy\" decoding=\"async\" class=\"aligncenter wp-image-3128\" src=\"https:\/\/agora.xtec.cat\/ieslesmarines\/wp-content\/uploads\/usu619\/2023\/03\/2-300x300.png\" alt=\"\" width=\"500\" height=\"500\" srcset=\"https:\/\/agora.xtec.cat\/ieslesmarines\/wp-content\/uploads\/usu619\/2023\/03\/2-300x300.png 300w, https:\/\/agora.xtec.cat\/ieslesmarines\/wp-content\/uploads\/usu619\/2023\/03\/2-150x150.png 150w, https:\/\/agora.xtec.cat\/ieslesmarines\/wp-content\/uploads\/usu619\/2023\/03\/2-768x768.png 768w, https:\/\/agora.xtec.cat\/ieslesmarines\/wp-content\/uploads\/usu619\/2023\/03\/2.png 1000w\" sizes=\"auto, (max-width: 500px) 100vw, 500px\" \/><\/a><\/p>\n<p>&nbsp;<\/p>\n<p><b>TALLER DE BOOKTRAILER 4t d\u2019ESO 4a sessi\u00f3<\/b><\/p>\n<p>&nbsp;<\/p>\n<p><span style=\"font-weight: 400;\">El dimarts 7 de febrer l\u2019alumnat de 4t d\u2019ESO va poder gaudir de la quarta i \u00faltima sessi\u00f3 del taller de booktrailers, impartit pel Carles Alcoy. El formador els va explicar aspectes importants sobre la postproducci\u00f3 i el muntatge audiovisual del booktrailer.\u00a0<\/span><\/p>\n<p>&nbsp;<\/p>\n<p><span style=\"font-weight: 400;\">Els va mostrar la import\u00e0ncia d\u2019aconseguir transmetre l\u2019emoci\u00f3 adequada, i captar la implicaci\u00f3 emocional de l\u2019espectador. Per aix\u00f2 ens agraden les pel\u00b7l\u00edcules, perqu\u00e8 ens generen inter\u00e8s a nivell emocional. Tamb\u00e9 els explic\u00e0 com poden aconseguir filmar diferents punts de vista de la mateixa situaci\u00f3. No \u00e9s tan important el qu\u00e8 com el com. El tall \u00e9s l\u2019accent que posen en les imatges: \u00e9s important on s\u2019acaba. Els talls i el muntatge s\u00f3n els accents i els signes de puntuaci\u00f3. No haurien d\u2019allargar el pla m\u00e9s del necessari. La localitzaci\u00f3, els plans i els enquadraments escollits s\u00f3n molt importants. Cal jugar amb el tema de les perspectives. Tamb\u00e9, l\u2019<\/span><i><span style=\"font-weight: 400;\">atrezzo<\/span><\/i><span style=\"font-weight: 400;\"> ha de ser adequat amb la narrativa del llibre. El que es pret\u00e9n \u00e9s que quedi clar, que s\u2019entengui emocionalment el que est\u00e0 passant. Tots els detalls que veiem en un pla ens expliquen una hist\u00f2ria, la del llibre que hem escollit per fer el booktrailer.<\/span><\/p>\n<p>&nbsp;<\/p>\n<p><span style=\"font-weight: 400;\">A continuaci\u00f3, tamb\u00e9 pos\u00e0 l\u2019accent en la llum i la il\u00b7luminaci\u00f3 de la filmaci\u00f3. La voluntat del muntador \u00e9s que la ficci\u00f3 pugui ser real. \u00c9s important donar detalls de la realitat, saber com es crea aquesta realitat, per aix\u00f2 \u00e9s necessari fixar-se en els detalls.<\/span><\/p>\n<p>&nbsp;<\/p>\n<p><span style=\"font-weight: 400;\">La m\u00fasica tamb\u00e9 ha d\u2019estar ben trobada, ha d\u2019acompanyar la imatge.<\/span><\/p>\n<p>&nbsp;<\/p>\n<p><span style=\"font-weight: 400;\">I un punt essencial de l\u2019activitat \u00e9s que els agradi el seu booktrailer: si els agrada a ells, els agradar\u00e0 als altres. Han de trobar la manera d\u2019expressar-se cinematogr\u00e0ficament. M\u00e9s que el producte final, l\u2019important \u00e9s el proc\u00e9s.<\/span><\/p>\n<p>&nbsp;<\/p>\n<p><span style=\"font-weight: 400;\">Despr\u00e9s de l\u2019explicaci\u00f3, visionaren els booktrailers que havien muntat i el Carles coment\u00e0 els aspectes positius i els que es podien millorar. Va ser una sessi\u00f3 molt profitosa on el nostre alumnat se sent\u00ed valorat, ja que el seu producte final era avaluat per un professional de les arts cinematogr\u00e0fiques i narratives. Va valorar positivament l\u2019actuaci\u00f3 d\u2019alguns dels participants i els fons esc\u00e8nic, ja que les filmacions exteriors s\u00f3n dif\u00edcils. Tamb\u00e9 destac\u00e0 els elements binaris d\u2019un booktrailer en concret, en el qual havien destacat cont\u00ednuament dos situacions o objectes oposats.<\/span><\/p>\n<p><span style=\"font-weight: 400;\">A continuaci\u00f3, podeu llegir els comentaris d\u2019alguns alumnes que van assistir al taller:<\/span><\/p>\n<p>&nbsp;<\/p>\n<p><span style=\"font-weight: 400;\">\u201cHoy ha sido la sesi\u00f3n m\u00e1s entretenida, ya que hoy hemos visto los videos de todos los compa\u00f1eros que hemos preparado durante semanas y ha sido muy divertido y creativo.\u201d Lucas Casado<\/span><\/p>\n<p>&nbsp;<\/p>\n<p><span style=\"font-weight: 400;\">\u201cEsta sesi\u00f3n me ha ayudado mucho para acabar mi booktrailer, gracias a sus comentarios constructivos, podr\u00e9 acabar de retocarlo.\u201d Ferran Fern\u00e1ndez<\/span><\/p>\n<p>&nbsp;<\/p>\n<p><span style=\"font-weight: 400;\">\u201cA m\u00ed esta sesi\u00f3n del taller de booktrailer me ha gustado bastante, ya que Carles nos ha ayudado a saber lo que podr\u00edamos mejorar de nuestro v\u00eddeo y, sobre todo, nos ha comentado otras partes de nuestros v\u00eddeos que tambi\u00e9n le han gustado, lo cual nos ha hecho saber que hemos estado haciendo un buen trabajo.\u201d Nerea Guerra<\/span><\/p>\n<p>&nbsp;<\/p>\n<p><span style=\"font-weight: 400;\">\u201cHe aprendido mucho sobre el booktrailer gracias a los consejos que nos ha dado el profesor, por otra parte la clase ha sido divertida.\u201d \u00c0lex L\u00f3pez<\/span><\/p>\n<p>&nbsp;<\/p>\n<p><span style=\"font-weight: 400;\">\u201cLa 4\u00aa sesi\u00f3n del taller de booktrailer me ha gustado mucho, ya que hemos podido ver ejemplos de booktrailers de compa\u00f1eros y nos han dicho c\u00f3mo los podemos mejorar.\u201d Abril Mart\u00ednez<\/span><\/p>\n<p>&nbsp;<\/p>\n<p><span style=\"font-weight: 400;\">\u201cLa \u00faltima sesi\u00f3n de booktr\u00e1iler, a pesar de no ser la m\u00e1s destacada de todas, me pareci\u00f3 interesante el hecho de ver los booktrailers de otros compa\u00f1eros de nuestro curso, y que adem\u00e1s, Carles les diese su punto de vista para ver si ten\u00edamos que mejorar algo o no.\u201d Carlos Melero<\/span><\/p>\n<p>&nbsp;<\/p>\n<p><span style=\"font-weight: 400;\">\u201cMe ha gustado mucho, ya que, no solo hemos visto los booktrailers de nuestro grupo, sino que tambi\u00e9n hemos visto de los otros.\u201d Ruth Moran\u00a0<\/span><\/p>\n<p><span style=\"font-weight: 400;\">\u201cA m\u00ed la 4\u00aa sesi\u00f3n del taller de booktrailer me ha parecido muy bien porque hemos podido aprender de nuestros errores en el booktrailer. Estaba bastante interesante.\u201d Dawit Ortega<\/span><\/p>\n<p>&nbsp;<\/p>\n<p><span style=\"font-weight: 400;\">\u201cA m\u00ed esta sesi\u00f3n del booktrailer me ha parecido la m\u00e1s divertida hasta el momento, porque hemos visto los booktrailers de todos.\u201d Valentina Simoniello<\/span><\/p>\n<p>&nbsp;<\/p>\n<p><span style=\"font-weight: 400;\">\u201cFue muy divertida, ver los booktrailers de las dem\u00e1s clases y escuchar las diferentes opiniones me gust\u00f3 mucho.\u201d Isabella Su\u00e1rez<\/span><\/p>\n<p>&nbsp;<\/p>\n<p><span style=\"font-weight: 400;\">\u201cMe ha gustado bastante, ya que nos ha ayudado mucho a mejorar nuestros booktrailers para sacar mejor nota y aprender de los errores que hab\u00edamos cometido.\u201d Naiara Lees<\/span><\/p>\n<p>&nbsp;<\/p>\n<p><span style=\"font-weight: 400;\">\u201cBuena sesi\u00f3n, revisando los booktrailers y dici\u00e9ndonos en qu\u00e9 mejorar el video. Sesi\u00f3n muy interesante.\u201d Joel Mat\u00edas<\/span><\/p>\n<p>&nbsp;<\/p>\n<p><span style=\"font-weight: 400;\">\u201cEn esta 4\u00aa sesi\u00f3n de Booktrailer hemos visto los v\u00eddeos que hab\u00edamos hecho y nos ha ido diciendo qu\u00e9 es lo que pod\u00edamos mejorar, me ha servido mucho para mejorar nuestro booktrailer y nuestra edici\u00f3n. Nos ha dado algunos consejos para nuestro v\u00eddeo y nos ha ense\u00f1ado algunos de muestra. Pienso que ha sido muy \u00fatil para m\u00ed, igual que para todas las dem\u00e1s.\u201d Valeria Mu\u00f1oz<\/span><\/p>\n<p>&nbsp;<\/p>\n<p><span style=\"font-weight: 400;\">\u201cMi opini\u00f3n sobre esta 4\u00aa sesi\u00f3n es que ha sido muy \u00fatil, ya que hemos podido comentar nuestras escenas o booktrailers para que nos diga qu\u00e9 podemos mejorar y hacerlo lo mejor posible.\u201d Luna Pe\u00f1aloza<\/span><\/p>\n<p>&nbsp;<\/p>\n<p><span style=\"font-weight: 400;\">\u201cMe ha parecido muy divertido ver los booktrailers de los dem\u00e1s y adem\u00e1s, tambi\u00e9n, me ha gustado que nos haya dado un <\/span><i><span style=\"font-weight: 400;\">feedback<\/span><\/i><span style=\"font-weight: 400;\">.\u201d\u00a0<\/span><\/p>\n<p><span style=\"font-weight: 400;\">Pol Roca<\/span><\/p>\n<p>&nbsp;<\/p>\n<p><span style=\"font-weight: 400;\">\u201cEn mi opini\u00f3n la cuarta sesi\u00f3n del taller de booktrailer ha sido buena, ya que hemos autocriticado\/criticado los videos y mejorado muchas cosas de ellos. Yo recomiendo este trabajo a todo el mundo ya que es imprescindible.\u201d Aar\u00f3n S\u00e1nchez<\/span><\/p>\n<p>&nbsp;<\/p>\n<p><span style=\"font-weight: 400;\">\u201cEn la 4\u00aa y \u00faltima sesi\u00f3n de booktrailer hemos visto e identificado errores de otros booktrailers para que sus autores puedan mejorar el video y que nosotros evitemos esos mismos errores. Carles ha hecho, como siempre, un gran esfuerzo para que la clase se mantuviera din\u00e1mica y no tan pesada.\u201d Katerina Tr\u00edas\u00a0<\/span><\/p>\n<p>&nbsp;<\/p>\n<p><span style=\"font-weight: 400;\">\u201cHa sido una sesi\u00f3n muy informativa y din\u00e1mica, muy interesante y orientativa.\u201d Maika Cheng<\/span><\/p>\n<p>&nbsp;<\/p>\n<p><span style=\"font-weight: 400;\">\u201cPienso que ha estado muy bien, ya que nos ha explicado de forma breve las cosas que se pueden mejorar de nuestros booktrailers y hemos visto otros ejemplos que nos pueden dar alguna idea nueva.\u201d Alexander Van Kerckhove<\/span><\/p>\n<p>&nbsp;<\/p>\n<p><span style=\"font-weight: 400;\">\u201cHa sido una sesi\u00f3n interesante en la cual ha corregido los errores de nuestros booktrailers y as\u00ed los podemos mejorar. Tambi\u00e9n nos han ense\u00f1ado los de los compa\u00f1eros y as\u00ed podemos tomar ideas.\u201d David Van Kerckhove<\/span><\/p>\n<p>&nbsp;<\/p>\n","protected":false},"excerpt":{"rendered":"<p>&nbsp; TALLER DE BOOKTRAILER 4t d\u2019ESO 4a sessi\u00f3 &nbsp; El dimarts 7 de febrer l\u2019alumnat de 4t d\u2019ESO va poder gaudir de la quarta i \u00faltima sessi\u00f3 del taller de booktrailers, impartit pel Carles Alcoy. El formador els va explicar aspectes importants sobre la postproducci\u00f3 i el muntatge audiovisual del booktrailer.\u00a0 &nbsp; Els va mostrar [&hellip;]<\/p>\n","protected":false},"author":1,"featured_media":0,"parent":0,"menu_order":0,"comment_status":"closed","ping_status":"closed","template":"","meta":{"_bbp_topic_count":0,"_bbp_reply_count":0,"_bbp_total_topic_count":0,"_bbp_total_reply_count":0,"_bbp_voice_count":0,"_bbp_anonymous_reply_count":0,"_bbp_topic_count_hidden":0,"_bbp_reply_count_hidden":0,"_bbp_forum_subforum_count":0,"site-sidebar-layout":"default","site-content-layout":"","ast-site-content-layout":"","site-content-style":"default","site-sidebar-style":"default","ast-global-header-display":"","ast-banner-title-visibility":"","ast-main-header-display":"","ast-hfb-above-header-display":"","ast-hfb-below-header-display":"","ast-hfb-mobile-header-display":"","site-post-title":"","ast-breadcrumbs-content":"","ast-featured-img":"","footer-sml-layout":"","theme-transparent-header-meta":"","adv-header-id-meta":"","stick-header-meta":"","header-above-stick-meta":"","header-main-stick-meta":"","header-below-stick-meta":"","astra-migrate-meta-layouts":"default","ast-page-background-enabled":"default","ast-page-background-meta":{"desktop":{"background-color":"var(--ast-global-color-4)","background-image":"","background-repeat":"repeat","background-position":"center center","background-size":"auto","background-attachment":"scroll","background-type":"","background-media":"","overlay-type":"","overlay-color":"","overlay-opacity":"","overlay-gradient":""},"tablet":{"background-color":"","background-image":"","background-repeat":"repeat","background-position":"center center","background-size":"auto","background-attachment":"scroll","background-type":"","background-media":"","overlay-type":"","overlay-color":"","overlay-opacity":"","overlay-gradient":""},"mobile":{"background-color":"","background-image":"","background-repeat":"repeat","background-position":"center center","background-size":"auto","background-attachment":"scroll","background-type":"","background-media":"","overlay-type":"","overlay-color":"","overlay-opacity":"","overlay-gradient":""}},"ast-content-background-meta":{"desktop":{"background-color":"var(--ast-global-color-5)","background-image":"","background-repeat":"repeat","background-position":"center center","background-size":"auto","background-attachment":"scroll","background-type":"","background-media":"","overlay-type":"","overlay-color":"","overlay-opacity":"","overlay-gradient":""},"tablet":{"background-color":"var(--ast-global-color-5)","background-image":"","background-repeat":"repeat","background-position":"center center","background-size":"auto","background-attachment":"scroll","background-type":"","background-media":"","overlay-type":"","overlay-color":"","overlay-opacity":"","overlay-gradient":""},"mobile":{"background-color":"var(--ast-global-color-5)","background-image":"","background-repeat":"repeat","background-position":"center center","background-size":"auto","background-attachment":"scroll","background-type":"","background-media":"","overlay-type":"","overlay-color":"","overlay-opacity":"","overlay-gradient":""}},"footnotes":""},"class_list":["post-3127","page","type-page","status-publish","hentry"],"post_mailing_queue_ids":[],"_links":{"self":[{"href":"https:\/\/agora.xtec.cat\/ieslesmarines\/wp-json\/wp\/v2\/pages\/3127","targetHints":{"allow":["GET"]}}],"collection":[{"href":"https:\/\/agora.xtec.cat\/ieslesmarines\/wp-json\/wp\/v2\/pages"}],"about":[{"href":"https:\/\/agora.xtec.cat\/ieslesmarines\/wp-json\/wp\/v2\/types\/page"}],"author":[{"embeddable":true,"href":"https:\/\/agora.xtec.cat\/ieslesmarines\/wp-json\/wp\/v2\/users\/1"}],"replies":[{"embeddable":true,"href":"https:\/\/agora.xtec.cat\/ieslesmarines\/wp-json\/wp\/v2\/comments?post=3127"}],"version-history":[{"count":1,"href":"https:\/\/agora.xtec.cat\/ieslesmarines\/wp-json\/wp\/v2\/pages\/3127\/revisions"}],"predecessor-version":[{"id":3129,"href":"https:\/\/agora.xtec.cat\/ieslesmarines\/wp-json\/wp\/v2\/pages\/3127\/revisions\/3129"}],"wp:attachment":[{"href":"https:\/\/agora.xtec.cat\/ieslesmarines\/wp-json\/wp\/v2\/media?parent=3127"}],"curies":[{"name":"wp","href":"https:\/\/api.w.org\/{rel}","templated":true}]}}