{"id":3081,"date":"2023-02-11T15:26:11","date_gmt":"2023-02-11T14:26:11","guid":{"rendered":"https:\/\/agora.xtec.cat\/ieslesmarines\/?page_id=3081"},"modified":"2023-02-11T15:26:11","modified_gmt":"2023-02-11T14:26:11","slug":"taller-de-booktrailers-castella-4t-deso-3a-sessio","status":"publish","type":"page","link":"https:\/\/agora.xtec.cat\/ieslesmarines\/taller-de-booktrailers-castella-4t-deso-3a-sessio\/","title":{"rendered":"Taller de Booktrailers (Castell\u00e0) 4t d\u2019ESO (3a sessi\u00f3)"},"content":{"rendered":"<p style=\"text-align: center;\"><a href=\"https:\/\/photos.app.goo.gl\/tdVaxaBoFw2nSQVBA\" target=\"_blank\" rel=\"noopener\"><img loading=\"lazy\" decoding=\"async\" class=\"aligncenter wp-image-3082\" src=\"https:\/\/agora.xtec.cat\/ieslesmarines\/wp-content\/uploads\/usu619\/2023\/02\/2-1-300x300.png\" alt=\"\" width=\"500\" height=\"500\" srcset=\"https:\/\/agora.xtec.cat\/ieslesmarines\/wp-content\/uploads\/usu619\/2023\/02\/2-1-300x300.png 300w, https:\/\/agora.xtec.cat\/ieslesmarines\/wp-content\/uploads\/usu619\/2023\/02\/2-1-150x150.png 150w, https:\/\/agora.xtec.cat\/ieslesmarines\/wp-content\/uploads\/usu619\/2023\/02\/2-1-768x768.png 768w, https:\/\/agora.xtec.cat\/ieslesmarines\/wp-content\/uploads\/usu619\/2023\/02\/2-1.png 1000w\" sizes=\"auto, (max-width: 500px) 100vw, 500px\" \/><\/a><\/p>\n<p><span style=\"font-weight: 400;\">El 10 de gener l\u2019alumnat de 4t d\u2019ESO va poder gaudir de la 3a sessi\u00f3 del taller de booktrailers, impartit pel Carles Alcoy. El formador els va explicar aspectes importants sobre la imatge i la gravaci\u00f3, que hauran de tenir en compte a l\u2019hora de filmar el seu booktrailer. Va comentar els <\/span><b><i>storyboard<\/i><\/b><span style=\"font-weight: 400;\"> que havien creat els alumnes: encerts i errors. El va suggerir que l\u2019<\/span><i><span style=\"font-weight: 400;\">storyboard<\/span><\/i><span style=\"font-weight: 400;\"> ha de contenir continguts narratius i t\u00e8cnics, refer\u00e8ncies a la llum, a la direcci\u00f3 de la llum, al so, a les pistes de veu, a la m\u00fasica, al moviment de la c\u00e0mera, al tipus de pla; han d\u2019afegir tot el que afecta a l\u2019escena\u2026 Si hi ha una pantalla negra, ha de tenir una explicaci\u00f3.\u00a0 A la postproducci\u00f3 hauran de tenir en compte l\u2019edici\u00f3 del v\u00eddeo, el format, els cr\u00e8dits\u2026 Els va aconsellar gravar en diverses c\u00e0meres.<\/span><\/p>\n<p><span style=\"font-weight: 400;\">Els va mostrar tr\u00e0ilers de pel\u00b7l\u00edcules com <\/span><b><i>Avengers: Endgame<\/i><\/b> <span style=\"font-weight: 400;\">i la direfer\u00e8ncia entre el tr\u00e0iler americ\u00e0 i l\u2019espanyol:<\/span><\/p>\n<p><a href=\"https:\/\/www.bing.com\/videos\/search?q=avengers+official+trailer&amp;view=detail&amp;mid=DE16CC14EF1912A5312BDE16CC14EF1912A5312B&amp;FORM=VIRE\"><span style=\"font-weight: 400;\">https:\/\/www.bing.com\/videos\/search?q=avengers+official+trailer&amp;view=detail&amp;mid=DE16CC14EF1912A5312BDE16CC14EF1912A5312B&amp;FORM=VIRE<\/span><\/a><\/p>\n<p><a href=\"https:\/\/www.youtube.com\/watch?v=UQ3bqYKnyhM\"><span style=\"font-weight: 400;\">https:\/\/www.youtube.com\/watch?v=UQ3bqYKnyhM<\/span><\/a><\/p>\n<p><span style=\"font-weight: 400;\">Tamb\u00e9 visionaren l\u2019entrevista a <\/span><b>Steven Spielberg<\/b><span style=\"font-weight: 400;\"> en qu\u00e8 explica quan i com va con\u00e8ixer el director <\/span><b>John Ford<\/b><span style=\"font-weight: 400;\">, el qual li don\u00e0 consells sobre la import\u00e0ncia de decidir on posar l\u2019horitz\u00f3 en un fotograma. Segons on est\u00e0 l\u2019horitz\u00f3 canvia el significat i el prop\u00f2sit del director.\u00a0<\/span><\/p>\n<p><a href=\"https:\/\/www.youtube.com\/watch?v=hYBCFASEQOE\"><span style=\"font-weight: 400;\">https:\/\/www.youtube.com\/watch?v=hYBCFASEQOE<\/span><\/a><\/p>\n<p><span style=\"font-weight: 400;\">Cal trencar la narrativa, el booktrailer ha de ser m\u00e9s seq\u00fcencial. La imatge explica, t\u00e9 un valor narratiu, i han d\u2019aprendre a comunicar el que volen destacar al receptor del seu v\u00eddeo i del llibre escollit. I sobretot s\u2019ho han de passar b\u00e9, han de gravar idees sorprenents, han de ser originals\u2026 cal que depertin l\u2019angoixa, l\u2019inter\u00e8s en l\u2019espectador. Han de filmar di\u00e0legs, han d\u2019actuar, actuar costa molt, per\u00f2 el jurat ho valora positivament.\u00a0<\/span><\/p>\n<p><span style=\"font-weight: 400;\">Van comentar el pla seq\u00fc\u00e8ncia de la pel\u00b7l\u00edcula <\/span><b><i>1913<\/i><\/b><span style=\"font-weight: 400;\">: <\/span><a href=\"https:\/\/www.youtube.com\/watch?v=YqNYrYUiMfg&amp;t=12s\"><span style=\"font-weight: 400;\">https:\/\/www.youtube.com\/watch?v=YqNYrYUiMfg&amp;t=12s<\/span><\/a><\/p>\n<p><span style=\"font-weight: 400;\">Al booktrailer no cal fer un resum del llibre, han de despertar en el futur lector les ganes de llegir-lo, han de destacar del llibre all\u00f2 m\u00e9s significatiu i crear expectaci\u00f3, intriga i inter\u00e8s.<\/span><\/p>\n<p><span style=\"font-weight: 400;\">Per a la propera sessi\u00f3, que tindr\u00e0 lloc <\/span><b>el 7 de febrer<\/b><span style=\"font-weight: 400;\">, han de gravar el booktrailer.\u00a0<\/span><\/p>\n<p><span style=\"font-weight: 400;\">A continuaci\u00f3, podeu llegir els comentaris d\u2019alguns alumnes que van assistir al taller:<\/span><\/p>\n<p>&nbsp;<\/p>\n<p><span style=\"font-weight: 400;\">\u201cHa sido una sesi\u00f3n entretenida, interactiva e interesante. He aprendido cosas nuevas con los consejos que nos daban.\u201d Maika Cheng\u00a0<\/span><\/p>\n<p>&nbsp;<\/p>\n<p><span style=\"font-weight: 400;\">\u201cPara m\u00ed fue una sesi\u00f3n interesante, ya que el Carles nos ayud\u00f3 en nuestros <\/span><i><span style=\"font-weight: 400;\">storyboard<\/span><\/i><span style=\"font-weight: 400;\"> y tambi\u00e9n nos dio algunos consejos para nuestro v\u00eddeo final de booktrailer.\u00a0<\/span><\/p>\n<p><span style=\"font-weight: 400;\">Espero poder ver a Carles en alguna parte de nuevo.\u201d Axel Claure<\/span><\/p>\n<p>&nbsp;<\/p>\n<p><span style=\"font-weight: 400;\">\u201cEn mi opini\u00f3n la \u00faltima sesi\u00f3n de booktrailer fue muy \u00fatil, ya que nos dio informaci\u00f3n para mejorar nuestros <\/span><i><span style=\"font-weight: 400;\">storyboards<\/span><\/i><span style=\"font-weight: 400;\"> para el booktrailer, que creo que nos ayudar\u00e1 mucho para grabar las escenas.\u201d Emma Dyer<\/span><\/p>\n<p>&nbsp;<\/p>\n<p><span style=\"font-weight: 400;\">\u201cMuy bien explicado por su parte y muy buenas comparaciones y propuestas para ayudar a todos los <\/span><i><span style=\"font-weight: 400;\">storyboard<\/span><\/i><span style=\"font-weight: 400;\">.\u201d Nil Garc\u00eda<\/span><\/p>\n<p>&nbsp;<\/p>\n<p><span style=\"font-weight: 400;\">\u00a0\u201cPienso que las tres clases que hemos hecho sobre el booktrailer han sido muy productivas y nos han ayudado mucho a mejorar y aprender sobre este proyecto, tambi\u00e9n nos ha hecho coger el trabajo con m\u00e1s ganas y m\u00e1s ilusi\u00f3n de hacerlo bien. Agradezco mucho la ayuda y la manera de ser de Carles, que en tan pocas sesiones nos ha demostrado ser una gran persona.\u201d H\u00e8ctor Garc\u00eda<\/span><\/p>\n<p>&nbsp;<\/p>\n<p><span style=\"font-weight: 400;\">\u201cMe pareci\u00f3 muy \u00fatil para ver los errores que hab\u00edamos hecho en nuestro <\/span><i><span style=\"font-weight: 400;\">storyboard<\/span><\/i><span style=\"font-weight: 400;\">, para as\u00ed poder rectificarlos y mejorarlos.\u201d Lucas Seoane<\/span><\/p>\n<p>&nbsp;<\/p>\n<p><span style=\"font-weight: 400;\">\u201cLa sesi\u00f3n estuvo interesante ya que vio nuestros <\/span><i><span style=\"font-weight: 400;\">storyboard<\/span><\/i><span style=\"font-weight: 400;\"> desde un punto de vista diferente y nos dijo c\u00f3mo mejorarlos.\u201d David Van Kerkhove<\/span><\/p>\n<p><span style=\"font-weight: 400;\">\u201cMe gust\u00f3, estuvo entretenido y fue bastante din\u00e1mico. Volver\u00eda a repetir. \u00a1UN SALUDO!\u201d Marc Yxart<\/span><\/p>\n<p>&nbsp;<\/p>\n<p><span style=\"font-weight: 400;\">\u201cEsta sesi\u00f3n ha sido mi favorita sin duda, ya que hemos tenido m\u00e1s interacci\u00f3n y hemos podido aclarar dudas o hacer preguntas.\u201d Melissa Duta<\/span><\/p>\n<p>&nbsp;<\/p>\n<p><span style=\"font-weight: 400;\">\u201cMuy buena sesion, me ha gustado ver los ejemplos de otros compa\u00f1eros\u201d Joel Mat\u00edas<\/span><\/p>\n<p>&nbsp;<\/p>\n<p><span style=\"font-weight: 400;\">\u201cEsta tercera sesi\u00f3n me ha parecido muy interesante y me ha servido de ayuda, ya que hemos visto los <\/span><i><span style=\"font-weight: 400;\">storyboard<\/span><\/i><span style=\"font-weight: 400;\"> de algunos de la clase y nos puede servir para mejorar el nuestro.\u201d Alba Morillo<\/span><\/p>\n<p>&nbsp;<\/p>\n<p><span style=\"font-weight: 400;\">\u201cEsta tercera y \u00faltima sesi\u00f3n de booktrailer siento que ha sido muy \u00fatil para utilizar los consejos que nos ha dado Carles. A la hora de grabar el booktrailer pueden surgir muchas dudas sobre c\u00f3mo hacerlo, desde qu\u00e9 plano, en qu\u00e9 hora del d\u00eda,\u00a0 todo eso depende de lo que se quiera grabar, y gracias a Carles ya me s\u00e9 orientar m\u00e1s con el tema de la c\u00e1mara y planos y poner en pr\u00e1ctica todos los trucos e ideas que nos ha ofrecido.\u201d Valeria Mu\u00f1oz<\/span><\/p>\n<p>&nbsp;<\/p>\n<p><span style=\"font-weight: 400;\">\u201cLa tercera sesi\u00f3n del taller para m\u00ed fue m\u00e1s interesante que las otras, ya que ense\u00f1amos el booktrailer, nos dijo que pod\u00edamos mejorar, qu\u00e9 poder cambiar para mejorar y eso nos ayud\u00f3 much\u00edsimo.\u201d Luna Pe\u00f1aloza<\/span><\/p>\n<p>&nbsp;<\/p>\n<p><span style=\"font-weight: 400;\">\u201cComo cada sesi\u00f3n, Carles tiene una incre\u00edble manera de expresarse y llevar la clase. Siempre explica las cosas de manera graciosa y hace que sea f\u00e1cil memorizarlas.\u201d Sophie Sanahuja<\/span><\/p>\n<p>&nbsp;<\/p>\n<p><span style=\"font-weight: 400;\">\u201cMe pareci\u00f3 muy interesante: he aprendido mucho sobre los diferentes planos y las estructuras del booktrailer.\u201d Samuel Seoane<\/span><\/p>\n<p>&nbsp;<\/p>\n<p><span style=\"font-weight: 400;\">\u201cEl taller ha sido entretenido, din\u00e1mico e interesante (similar a las \u00faltimas sesiones). En esta sesi\u00f3n, hemos visto y evaluado nuestros <\/span><i><span style=\"font-weight: 400;\">storyboards<\/span><\/i><span style=\"font-weight: 400;\"> y el encargado de hacer el taller nos ha aconsejado para poder mejorarlos y entenderlos.\u201d Katerina Trias<\/span><\/p>\n<p>&nbsp;<\/p>\n<p><span style=\"font-weight: 400;\">\u201cMuy interesante y a la vez divertido, siempre aprendes algo nuevo con estos talleres.\u201d Lucas Casado<\/span><\/p>\n<p>&nbsp;<\/p>\n<p><span style=\"font-weight: 400;\">\u201cM&#8217;ha agradat molt, des de la primera sessi\u00f3 fins a l\u2019\u00faltima, sobretot perqu\u00e8 les classes s\u00f3n molt divertides i amenes.\u201d Yasmina El Mousaoui<\/span><\/p>\n<p>&nbsp;<\/p>\n<p><span style=\"font-weight: 400;\">\u201cEsta sesi\u00f3n, igual que las otras, me ha parecido muy divertida, ya que el hombre es muy expresivo, y eso hace que est\u00e9s siempre muy atento.\u201d Ferran Fern\u00e1ndez<\/span><\/p>\n<p><span style=\"font-weight: 400;\">\u201cEl taller m&#8217;ha agradat perqu\u00e8 m&#8217;ha pogut ajudar a adonar-me dels errors que hi havia al nostre booktrailer.\u201d Kilian Gonz\u00e1lez<\/span><\/p>\n<p>&nbsp;<\/p>\n<p><span style=\"font-weight: 400;\">\u201cMe ha gustado la \u00faltima sesi\u00f3n del taller, ya que hemos podido aprender c\u00f3mo mejorar los <\/span><i><span style=\"font-weight: 400;\">storyboard<\/span><\/i><span style=\"font-weight: 400;\">.\u201d Abril Mart\u00ednez<\/span><\/p>\n<p>&nbsp;<\/p>\n<p><span style=\"font-weight: 400;\">\u201cEn la \u00faltima sesi\u00f3n del taller de booktrailer, Carles nos corrigi\u00f3 algunos <\/span><i><span style=\"font-weight: 400;\">storyboards<\/span><\/i><span style=\"font-weight: 400;\"> para ver en qu\u00e9 pod\u00edamos mejorar para luego entregar uno mucho mejor. Yo considero que la sesi\u00f3n de hoy ha sido muy \u00fatil para ver los fallos que hemos cometido y luego mejorar.\u00a0<\/span><\/p>\n<p><span style=\"font-weight: 400;\">Adem\u00e1s, cabe destacar que nos ense\u00f1\u00f3 la importancia de la literatura, de la misma manera que nos ense\u00f1\u00f3 la importancia del lat\u00edn actualmente.\u201d Carlos Melero<\/span><\/p>\n<p>&nbsp;<\/p>\n<p><span style=\"font-weight: 400;\">\u201cLa sesi\u00f3n ha estado bien, ya que he podido recibir un poco de cr\u00edtica constructiva en lo que concierne a mi pensamiento creativo, el hecho de no seguir un patr\u00f3n, de no seguir una l\u00ednea de tiempo. Me parece que eso me puede ir bien, no solo ahora en cuanto concierne a este proyecto, sino que puede ir bien en un futuro.\u201d Marc Melero<\/span><\/p>\n<p>&nbsp;<\/p>\n<p><span style=\"font-weight: 400;\">\u201cA m\u00ed me encantan las sesiones del booktrailer, sobre todo con Carles porque tiene una manera de explicar que hace que est\u00e9s atento\/a durante toda la clase.\u201d Valentina Simoniello<\/span><\/p>\n<p>&nbsp;<\/p>\n<p><span style=\"font-weight: 400;\">\u201cMe ha gustado mucho la \u00faltima sesi\u00f3n del taller de booktrailer, igual que en las otras dos sesiones, Carles ha sabido mantener a la clase atenta. Las sesiones son muy din\u00e1micas y entretenidas. Se entienden muy bien las explicaciones que da.\u201d Maria Vilardell<\/span><\/p>\n<p><span style=\"font-weight: 400;\">\u00a0<\/span><\/p>\n","protected":false},"excerpt":{"rendered":"<p>El 10 de gener l\u2019alumnat de 4t d\u2019ESO va poder gaudir de la 3a sessi\u00f3 del taller de booktrailers, impartit pel Carles Alcoy. El formador els va explicar aspectes importants sobre la imatge i la gravaci\u00f3, que hauran de tenir en compte a l\u2019hora de filmar el seu booktrailer. Va comentar els storyboard que havien [&hellip;]<\/p>\n","protected":false},"author":1,"featured_media":0,"parent":0,"menu_order":0,"comment_status":"closed","ping_status":"closed","template":"","meta":{"_bbp_topic_count":0,"_bbp_reply_count":0,"_bbp_total_topic_count":0,"_bbp_total_reply_count":0,"_bbp_voice_count":0,"_bbp_anonymous_reply_count":0,"_bbp_topic_count_hidden":0,"_bbp_reply_count_hidden":0,"_bbp_forum_subforum_count":0,"site-sidebar-layout":"default","site-content-layout":"","ast-site-content-layout":"","site-content-style":"default","site-sidebar-style":"default","ast-global-header-display":"","ast-banner-title-visibility":"","ast-main-header-display":"","ast-hfb-above-header-display":"","ast-hfb-below-header-display":"","ast-hfb-mobile-header-display":"","site-post-title":"","ast-breadcrumbs-content":"","ast-featured-img":"","footer-sml-layout":"","theme-transparent-header-meta":"","adv-header-id-meta":"","stick-header-meta":"","header-above-stick-meta":"","header-main-stick-meta":"","header-below-stick-meta":"","astra-migrate-meta-layouts":"default","ast-page-background-enabled":"default","ast-page-background-meta":{"desktop":{"background-color":"var(--ast-global-color-4)","background-image":"","background-repeat":"repeat","background-position":"center center","background-size":"auto","background-attachment":"scroll","background-type":"","background-media":"","overlay-type":"","overlay-color":"","overlay-opacity":"","overlay-gradient":""},"tablet":{"background-color":"","background-image":"","background-repeat":"repeat","background-position":"center center","background-size":"auto","background-attachment":"scroll","background-type":"","background-media":"","overlay-type":"","overlay-color":"","overlay-opacity":"","overlay-gradient":""},"mobile":{"background-color":"","background-image":"","background-repeat":"repeat","background-position":"center center","background-size":"auto","background-attachment":"scroll","background-type":"","background-media":"","overlay-type":"","overlay-color":"","overlay-opacity":"","overlay-gradient":""}},"ast-content-background-meta":{"desktop":{"background-color":"var(--ast-global-color-5)","background-image":"","background-repeat":"repeat","background-position":"center center","background-size":"auto","background-attachment":"scroll","background-type":"","background-media":"","overlay-type":"","overlay-color":"","overlay-opacity":"","overlay-gradient":""},"tablet":{"background-color":"var(--ast-global-color-5)","background-image":"","background-repeat":"repeat","background-position":"center center","background-size":"auto","background-attachment":"scroll","background-type":"","background-media":"","overlay-type":"","overlay-color":"","overlay-opacity":"","overlay-gradient":""},"mobile":{"background-color":"var(--ast-global-color-5)","background-image":"","background-repeat":"repeat","background-position":"center center","background-size":"auto","background-attachment":"scroll","background-type":"","background-media":"","overlay-type":"","overlay-color":"","overlay-opacity":"","overlay-gradient":""}},"footnotes":""},"class_list":["post-3081","page","type-page","status-publish","hentry"],"post_mailing_queue_ids":[],"_links":{"self":[{"href":"https:\/\/agora.xtec.cat\/ieslesmarines\/wp-json\/wp\/v2\/pages\/3081","targetHints":{"allow":["GET"]}}],"collection":[{"href":"https:\/\/agora.xtec.cat\/ieslesmarines\/wp-json\/wp\/v2\/pages"}],"about":[{"href":"https:\/\/agora.xtec.cat\/ieslesmarines\/wp-json\/wp\/v2\/types\/page"}],"author":[{"embeddable":true,"href":"https:\/\/agora.xtec.cat\/ieslesmarines\/wp-json\/wp\/v2\/users\/1"}],"replies":[{"embeddable":true,"href":"https:\/\/agora.xtec.cat\/ieslesmarines\/wp-json\/wp\/v2\/comments?post=3081"}],"version-history":[{"count":1,"href":"https:\/\/agora.xtec.cat\/ieslesmarines\/wp-json\/wp\/v2\/pages\/3081\/revisions"}],"predecessor-version":[{"id":3083,"href":"https:\/\/agora.xtec.cat\/ieslesmarines\/wp-json\/wp\/v2\/pages\/3081\/revisions\/3083"}],"wp:attachment":[{"href":"https:\/\/agora.xtec.cat\/ieslesmarines\/wp-json\/wp\/v2\/media?parent=3081"}],"curies":[{"name":"wp","href":"https:\/\/api.w.org\/{rel}","templated":true}]}}