{"id":2994,"date":"2022-12-13T20:18:32","date_gmt":"2022-12-13T19:18:32","guid":{"rendered":"https:\/\/agora.xtec.cat\/ieslesmarines\/?page_id=2994"},"modified":"2022-12-13T20:18:32","modified_gmt":"2022-12-13T19:18:32","slug":"taller-de-booktrailers-castella-4t-deso-2a-sessio","status":"publish","type":"page","link":"https:\/\/agora.xtec.cat\/ieslesmarines\/taller-de-booktrailers-castella-4t-deso-2a-sessio\/","title":{"rendered":"Taller de Booktrailers (Castell\u00e0) &#8211; 4t d\u2019ESO (2a sessi\u00f3)"},"content":{"rendered":"<p style=\"text-align: center;\">\u00a0<a href=\"https:\/\/photos.app.goo.gl\/Kciwai92UMpwWFMX7\" target=\"_blank\" rel=\"noopener\"><img loading=\"lazy\" decoding=\"async\" class=\"aligncenter wp-image-2996\" src=\"https:\/\/agora.xtec.cat\/ieslesmarines\/wp-content\/uploads\/usu619\/2022\/12\/3-300x300.png\" alt=\"\" width=\"500\" height=\"500\" srcset=\"https:\/\/agora.xtec.cat\/ieslesmarines\/wp-content\/uploads\/usu619\/2022\/12\/3-300x300.png 300w, https:\/\/agora.xtec.cat\/ieslesmarines\/wp-content\/uploads\/usu619\/2022\/12\/3-150x150.png 150w, https:\/\/agora.xtec.cat\/ieslesmarines\/wp-content\/uploads\/usu619\/2022\/12\/3-768x768.png 768w, https:\/\/agora.xtec.cat\/ieslesmarines\/wp-content\/uploads\/usu619\/2022\/12\/3.png 1000w\" sizes=\"auto, (max-width: 500px) 100vw, 500px\" \/><\/a><\/p>\n<p><span style=\"font-weight: 400;\">El 29 de novembre l\u2019alumnat de 4t d\u2019ESO, a classe de llengua castellana i literatura, va poder gaudir de la 2a sessi\u00f3 del taller de <\/span><i><span style=\"font-weight: 400;\">booktrailer<\/span><\/i><span style=\"font-weight: 400;\">, impartit pel Carles Alcoy.\u00a0<\/span><\/p>\n<p><span style=\"font-weight: 400;\">El formador els va explicar aspectes narratius importants a l\u2019hora de fer l\u2019adaptaci\u00f3 audiovisual del llibre que han escollit en grups. En el text del <\/span><i><span style=\"font-weight: 400;\">booktrailer<\/span><\/i><span style=\"font-weight: 400;\"> no s\u2019ha d&#8217;explicar el que \u00e9s important en l\u2019argument. El <\/span><i><span style=\"font-weight: 400;\">booktrailer<\/span><\/i><span style=\"font-weight: 400;\"> no pot ser un resum del llibre, no cal explicar els esdeveniments en ordre. S\u2019ha de decidir quina estructura ha de tenir per despertar curiositat.\u00a0 El m\u00e9s important \u00e9s que s\u2019ho passin b\u00e9 fent el <\/span><i><span style=\"font-weight: 400;\">booktrailer<\/span><\/i><span style=\"font-weight: 400;\">.<\/span><\/p>\n<p><span style=\"font-weight: 400;\">Els va mostrar tr\u00e0ilers de pel\u00b7l\u00edcules recents com <\/span><i><span style=\"font-weight: 400;\">Avengers: Endgame <\/span><\/i><span style=\"font-weight: 400;\">de Joe Russo, i <\/span><i><span style=\"font-weight: 400;\">Malditos bastardos<\/span><\/i><span style=\"font-weight: 400;\"> de Quentin Tarantino; i fragments de films m\u00e9s antics, com <\/span><i><span style=\"font-weight: 400;\">Psicosi<\/span><\/i><span style=\"font-weight: 400;\"> de Hitchkok (l\u2019escena de la dutxa) o <\/span><i><span style=\"font-weight: 400;\">Sed de mal<\/span><\/i><span style=\"font-weight: 400;\"> d\u2019Orson Welles (com a exemple del pla seq\u00fc\u00e8ncia) .<\/span><\/p>\n<p><span style=\"font-weight: 400;\">Tamb\u00e9 visionaren <\/span><i><span style=\"font-weight: 400;\">booktrailers<\/span><\/i><span style=\"font-weight: 400;\"> creats per noies i nois de la seva edat (<\/span><i><span style=\"font-weight: 400;\">Els jocs de la fam, La porta dels tres panys<\/span><\/i><span style=\"font-weight: 400;\">, <\/span><i><span style=\"font-weight: 400;\">Tremolor<\/span><\/i><span style=\"font-weight: 400;\">\u2026) i en va destacar els encerts i\u00a0 els errors de producci\u00f3, narraci\u00f3 o imatge.<\/span><\/p>\n<p><span style=\"font-weight: 400;\">Per a la propera sessi\u00f3, que tindr\u00e0 lloc <\/span><b>el 10 de gener<\/b><span style=\"font-weight: 400;\">, els diferents grups han de tenir preparat l\u2019<\/span><i><span style=\"font-weight: 400;\">storyboard<\/span><\/i><span style=\"font-weight: 400;\"> (gui\u00f3 il\u00b7lustrat) del seu <\/span><i><span style=\"font-weight: 400;\">booktrailer<\/span><\/i><span style=\"font-weight: 400;\">.<\/span><\/p>\n<p>&nbsp;<\/p>\n<p>&nbsp;<\/p>\n<p><span style=\"font-weight: 400;\">A continuaci\u00f3 podeu llegir els comentaris d\u2019alguns alumnes que van assistir al taller:<\/span><\/p>\n<p>&nbsp;<\/p>\n<p><span style=\"font-weight: 400;\">\u201cMe ha parecido igual de interesante que la primera sesi\u00f3n. Este hombre hace que disfrutes de una explicaci\u00f3n de manera divertida y muy din\u00e1mica. A parte, su toque de humor hace que te r\u00edas y entiendas mejor el tema explicado. Sin duda, una gran decisi\u00f3n decidir hacer este taller.\u201d Sophie Sanahuja<\/span><\/p>\n<p>&nbsp;<\/p>\n<p><span style=\"font-weight: 400;\">\u201cEsta segunda sesi\u00f3n me ha gustado mucho, como la primera, ha sido muy divertida y bien explicada. Me han quedado claro ciertas cosas que me sonaban, y que ahora las he acabado de entender c\u00f3mo saber qu\u00e9 es un <\/span><i><span style=\"font-weight: 400;\">storyboard<\/span><\/i><span style=\"font-weight: 400;\"> o los movimientos de c\u00e1mara que explic\u00f3 Carles.\u201d Nerea Guerra<\/span><\/p>\n<p>&nbsp;<\/p>\n<p><span style=\"font-weight: 400;\">\u201cDesde la otra vez que se hizo el primer taller de booktr\u00e1iler, nada ha cambiado mi opini\u00f3n acerca de la forma din\u00e1mica que nos ofrec\u00eda en cada momento del taller. En mi opini\u00f3n, esta sesi\u00f3n podr\u00eda considerarse m\u00e1s &#8220;\u00fatil&#8221; que la anterior, porque en esta se explican formas de hacer un buen booktr\u00e1iler a trav\u00e9s de ejemplos y c\u00f3mo poder mejorarlos.\u00a0<\/span><\/p>\n<p><span style=\"font-weight: 400;\">Adem\u00e1s, nos ense\u00f1\u00f3 una buena forma de hacer el &#8220;borrador&#8221; del booktr\u00e1iler, y me ha parecido genial.\u201d Carlos Melero<\/span><\/p>\n<p>&nbsp;<\/p>\n<p><span style=\"font-weight: 400;\">\u201cEn mi opini\u00f3n la segunda sesi\u00f3n del taller de booktrailer fue muy informativa e interesante. Me gust\u00f3 mucho c\u00f3mo explic\u00f3 los nuevos conceptos que vamos a tener que aplicar a nuestro proyecto audiovisual, y los videos de ejemplos que nos mostr\u00f3 ayudaron mucho a entender el contenido que estaba explicando.\u201d Emma Dyer<\/span><\/p>\n<p>&nbsp;<\/p>\n<p><span style=\"font-weight: 400;\">\u201cLa verdad es este taller que hacemos es muy entretenido y divertido.\u201d David Mu\u00f1oz<\/span><\/p>\n<p>&nbsp;<\/p>\n<p><span style=\"font-weight: 400;\">\u201c<\/span><span style=\"font-weight: 400;\">Me pareci\u00f3 muy interesante, y he aprendido mucho.\u201d Lucas Seoane<\/span><\/p>\n<p>&nbsp;<\/p>\n<p><span style=\"font-weight: 400;\">\u201cLa sesi\u00f3n del taller ha estado bien, nos ha explicado muy bien con ejemplos c\u00f3mo hacer el <\/span><i><span style=\"font-weight: 400;\">storyboard<\/span><\/i><span style=\"font-weight: 400;\"> y la escaleta de lo que pasa en el libro, as\u00ed que ha estado bien.\u201d Alexander Van Kerckhove<\/span><\/p>\n<p>&nbsp;<\/p>\n<p><span style=\"font-weight: 400;\">\u201cMe pareci\u00f3 una sesi\u00f3n bastante interesante porque explic\u00f3 c\u00f3mo se estructuran las pel\u00edculas, tambi\u00e9n, por qu\u00e9 mostr\u00f3 diferentes tipos de planos y nos ense\u00f1\u00f3 trailers de unos chicos de 1\u00ba de la ESO los cuales trabajaron muy bien.\u201d Unai Arrien<\/span><\/p>\n<p>&nbsp;<\/p>\n<p><span style=\"font-weight: 400;\">\u201cMe ha parecido mucho m\u00e1s din\u00e1mica esta sesi\u00f3n que la anterior, Carles es una persona que se explica muy bien y que tiene ese punto que te mantiene entretenido y, cuando nos ha puesto los booktrailers, y los hemos comentado ha sido m\u00e1s entretenido a\u00fan. La sesi\u00f3n en s\u00ed me ha gustado bastante.\u201d Naiara Lees<\/span><\/p>\n<p>&nbsp;<\/p>\n<p><span style=\"font-weight: 400;\">\u201cEsta segunda sesi\u00f3n del book trailer me gust\u00f3 mucho, ya que nos ense\u00f1aron a c\u00f3mo utilizar los planos y nos puso algun video de ejemplos de booktrailer, que yo creo que nos ayudar\u00e1n mucho a hacer el nuestro.\u201d Iker L\u00f3pez<\/span><\/p>\n<p>&nbsp;<\/p>\n<p><span style=\"font-weight: 400;\">\u201cEsta sesi\u00f3n me ha gustado m\u00e1s porque ha sido m\u00e1s din\u00e1mica que la primera y m\u00e1s interesante. Carles tiene una manera de explicar muy buena porque no te aburres y no te desv\u00edas del tema.\u201d Hannah Matei<\/span><\/p>\n<p>&nbsp;<\/p>\n<p><span style=\"font-weight: 400;\">\u201cMe pareci\u00f3 bien, disfrut\u00e9 bastante y v\u00ed distintos v\u00eddeos sobre booktrailers de otros estudiantes que estuvieron bien.\u201d Joel Matias<\/span><\/p>\n<p>&nbsp;<\/p>\n<p><span style=\"font-weight: 400;\">\u201cMi opini\u00f3n sobre esta segunda sesi\u00f3n es que me ha parecido muy interesante y me lo pas\u00e9 muy bien, he aprendido cosas nuevas, como los tipos de plano, c\u00f3mo grabarlos con la c\u00e1mara y , tambi\u00e9n, nos fijamos en otros v\u00eddeos.\u201d\u00a0 Alba Morillo<\/span><\/p>\n<p>&nbsp;<\/p>\n<p><span style=\"font-weight: 400;\">&#8220;La sesi\u00f3n del booktrailer de esta semana me ha gustado bastante m\u00e1s que la otra, ha sido m\u00e1s din\u00e1mica, se me hizo bastante divertido, ya que el chico es muy agradable y gracioso y se me pasa s\u00faper r\u00e1pido.\u201d Luna Pe\u00f1aloza<\/span><\/p>\n<p>&nbsp;<\/p>\n<p><span style=\"font-weight: 400;\">\u201cMe ha parecido muy interesante, adem\u00e1s que el se\u00f1or explicaba muy bien y me encantaron los videos.\u201d Pol Roca<\/span><\/p>\n<p>&nbsp;<\/p>\n<p><span style=\"font-weight: 400;\">\u201cMe ha gustado mucho y me ha ayudado a comprender muchas cosas.\u201d Liam Dyer<\/span><\/p>\n<p>&nbsp;<\/p>\n<p><span style=\"font-weight: 400;\">\u201cMe ha gustado mucho, como la primera sesi\u00f3n. Carles es muy divertido y hace que la clase sea mucho m\u00e1s amena y que agrade mucho, y estoy aprendiendo m\u00e1s, ya que antes no ten\u00eda ni idea de booktrailers.\u201d Yasmina El Moussaoui<\/span><\/p>\n<p>&nbsp;<\/p>\n<p><span style=\"font-weight: 400;\">\u201cEsta segunda sesi\u00f3n del taller ha sido muy productiva, porque en una sola clase, me ha hecho entender muchas cosas.\u201d Ferran Fern\u00e1ndez<\/span><\/p>\n<p>&nbsp;<\/p>\n<p><span style=\"font-weight: 400;\">\u201cHa sido una sesi\u00f3n muy entretenida, he aprendido muchas m\u00e1s cosas de las que cre\u00eda.\u201d \u00c0lex L\u00f3pez<\/span><\/p>\n<p>&nbsp;<\/p>\n<p><span style=\"font-weight: 400;\">\u201cEsta segunda sesi\u00f3n que tuvimos sobre booktrailer me pareci\u00f3 interesante, ya que hablamos sobre los diferentes planos para grabar y aprendimos lo que ser\u00eda mejor para que nuestro booktrailer sea llamativo y no aburra al espectador.\u201d Kristell L\u00f3pez<\/span><\/p>\n<p>&nbsp;<\/p>\n<p><span style=\"font-weight: 400;\">\u201cMe ha parecido muy interesante la parte en la que el encargado de hacer el taller empez\u00f3 a dar ejemplos de las distintas maneras en las que se puede grabar una escena. Me ha parecido, tambi\u00e9n, muy divertido y definitivamente muy gracioso la manera en la que se expresaba, muy natural. Ha sido algo m\u00e1s de lo que aprender.\u201d Isabella Su\u00e1rez<\/span><\/p>\n<p>&nbsp;<\/p>\n","protected":false},"excerpt":{"rendered":"<p>\u00a0 El 29 de novembre l\u2019alumnat de 4t d\u2019ESO, a classe de llengua castellana i literatura, va poder gaudir de la 2a sessi\u00f3 del taller de booktrailer, impartit pel Carles Alcoy.\u00a0 El formador els va explicar aspectes narratius importants a l\u2019hora de fer l\u2019adaptaci\u00f3 audiovisual del llibre que han escollit en grups. En el text [&hellip;]<\/p>\n","protected":false},"author":1,"featured_media":0,"parent":0,"menu_order":0,"comment_status":"closed","ping_status":"closed","template":"","meta":{"_bbp_topic_count":0,"_bbp_reply_count":0,"_bbp_total_topic_count":0,"_bbp_total_reply_count":0,"_bbp_voice_count":0,"_bbp_anonymous_reply_count":0,"_bbp_topic_count_hidden":0,"_bbp_reply_count_hidden":0,"_bbp_forum_subforum_count":0,"site-sidebar-layout":"default","site-content-layout":"","ast-site-content-layout":"","site-content-style":"default","site-sidebar-style":"default","ast-global-header-display":"","ast-banner-title-visibility":"","ast-main-header-display":"","ast-hfb-above-header-display":"","ast-hfb-below-header-display":"","ast-hfb-mobile-header-display":"","site-post-title":"","ast-breadcrumbs-content":"","ast-featured-img":"","footer-sml-layout":"","theme-transparent-header-meta":"","adv-header-id-meta":"","stick-header-meta":"","header-above-stick-meta":"","header-main-stick-meta":"","header-below-stick-meta":"","astra-migrate-meta-layouts":"default","ast-page-background-enabled":"default","ast-page-background-meta":{"desktop":{"background-color":"var(--ast-global-color-4)","background-image":"","background-repeat":"repeat","background-position":"center center","background-size":"auto","background-attachment":"scroll","background-type":"","background-media":"","overlay-type":"","overlay-color":"","overlay-opacity":"","overlay-gradient":""},"tablet":{"background-color":"","background-image":"","background-repeat":"repeat","background-position":"center center","background-size":"auto","background-attachment":"scroll","background-type":"","background-media":"","overlay-type":"","overlay-color":"","overlay-opacity":"","overlay-gradient":""},"mobile":{"background-color":"","background-image":"","background-repeat":"repeat","background-position":"center center","background-size":"auto","background-attachment":"scroll","background-type":"","background-media":"","overlay-type":"","overlay-color":"","overlay-opacity":"","overlay-gradient":""}},"ast-content-background-meta":{"desktop":{"background-color":"var(--ast-global-color-5)","background-image":"","background-repeat":"repeat","background-position":"center center","background-size":"auto","background-attachment":"scroll","background-type":"","background-media":"","overlay-type":"","overlay-color":"","overlay-opacity":"","overlay-gradient":""},"tablet":{"background-color":"var(--ast-global-color-5)","background-image":"","background-repeat":"repeat","background-position":"center center","background-size":"auto","background-attachment":"scroll","background-type":"","background-media":"","overlay-type":"","overlay-color":"","overlay-opacity":"","overlay-gradient":""},"mobile":{"background-color":"var(--ast-global-color-5)","background-image":"","background-repeat":"repeat","background-position":"center center","background-size":"auto","background-attachment":"scroll","background-type":"","background-media":"","overlay-type":"","overlay-color":"","overlay-opacity":"","overlay-gradient":""}},"footnotes":""},"class_list":["post-2994","page","type-page","status-publish","hentry"],"post_mailing_queue_ids":[],"_links":{"self":[{"href":"https:\/\/agora.xtec.cat\/ieslesmarines\/wp-json\/wp\/v2\/pages\/2994","targetHints":{"allow":["GET"]}}],"collection":[{"href":"https:\/\/agora.xtec.cat\/ieslesmarines\/wp-json\/wp\/v2\/pages"}],"about":[{"href":"https:\/\/agora.xtec.cat\/ieslesmarines\/wp-json\/wp\/v2\/types\/page"}],"author":[{"embeddable":true,"href":"https:\/\/agora.xtec.cat\/ieslesmarines\/wp-json\/wp\/v2\/users\/1"}],"replies":[{"embeddable":true,"href":"https:\/\/agora.xtec.cat\/ieslesmarines\/wp-json\/wp\/v2\/comments?post=2994"}],"version-history":[{"count":1,"href":"https:\/\/agora.xtec.cat\/ieslesmarines\/wp-json\/wp\/v2\/pages\/2994\/revisions"}],"predecessor-version":[{"id":2997,"href":"https:\/\/agora.xtec.cat\/ieslesmarines\/wp-json\/wp\/v2\/pages\/2994\/revisions\/2997"}],"wp:attachment":[{"href":"https:\/\/agora.xtec.cat\/ieslesmarines\/wp-json\/wp\/v2\/media?parent=2994"}],"curies":[{"name":"wp","href":"https:\/\/api.w.org\/{rel}","templated":true}]}}