{"id":2970,"date":"2022-11-28T10:33:41","date_gmt":"2022-11-28T09:33:41","guid":{"rendered":"https:\/\/agora.xtec.cat\/ieslesmarines\/?page_id=2970"},"modified":"2022-11-28T10:34:09","modified_gmt":"2022-11-28T09:34:09","slug":"4t-deso-al-teatre","status":"publish","type":"page","link":"https:\/\/agora.xtec.cat\/ieslesmarines\/4t-deso-al-teatre\/","title":{"rendered":"4t d&#8217;ESO al Teatre"},"content":{"rendered":"<p><a href=\"https:\/\/photos.app.goo.gl\/X5T3Aco9iEieK9Dy6\" target=\"_blank\" rel=\"noopener\"><img loading=\"lazy\" decoding=\"async\" class=\"aligncenter wp-image-2971\" src=\"https:\/\/agora.xtec.cat\/ieslesmarines\/wp-content\/uploads\/usu619\/2022\/11\/1-7.png\" alt=\"\" width=\"500\" height=\"500\" srcset=\"https:\/\/agora.xtec.cat\/ieslesmarines\/wp-content\/uploads\/usu619\/2022\/11\/1-7.png 1000w, https:\/\/agora.xtec.cat\/ieslesmarines\/wp-content\/uploads\/usu619\/2022\/11\/1-7-300x300.png 300w, https:\/\/agora.xtec.cat\/ieslesmarines\/wp-content\/uploads\/usu619\/2022\/11\/1-7-150x150.png 150w, https:\/\/agora.xtec.cat\/ieslesmarines\/wp-content\/uploads\/usu619\/2022\/11\/1-7-768x768.png 768w\" sizes=\"auto, (max-width: 500px) 100vw, 500px\" \/><\/a><\/p>\n<p>&nbsp;<\/p>\n<p style=\"text-align: center;\">4t D\u2019ESO AL TEATRE<\/p>\n<p style=\"text-align: center;\"><b><i>Para acabar con Eddy Bellegueule<\/i><\/b> i\u00a0<b><i>El m\u00e8tode Gr\u00f6nholm<\/i><\/b><\/p>\n<p>El divendres 4 de novembre els alumnes de 4t d\u2019ESO anaren al <b>Teatre Poliorama<\/b> de Barcelona, a veure l\u2019obra <b><i>El m\u00e8tode Gr\u00f6nholm<\/i><\/b>, dirigida per Sergi Belbel. (Cliqueu a la foto per veure l&#8217;\u00e0lbum)<\/p>\n<p>&nbsp;<\/p>\n<p>ENLLA\u00c7 SOBRE L\u2019ESPECTACLE:<\/p>\n<p><a href=\"https:\/\/www.teatrepoliorama.com\/ca\/programacio\/c\/196_el-metode-gronholm.html\">https:\/\/www.teatrepoliorama.com\/ca\/programacio\/c\/196_el-metode-gronholm.html<\/a><\/p>\n<p>&nbsp;<\/p>\n<p>I el divendres 18 de novembre, al teatre Atrium de Viladecans, assistiren a l\u2019espectacle <b><i>Para acabar con Eddy Bellegueule<\/i><\/b>, obra dirigida per Jos\u00e9 Luis Arellano Garc\u00eda i interpretada per<b> La Joven Compa\u00f1\u00eda<\/b>.<\/p>\n<p>&nbsp;<\/p>\n<p>SINOPSIS: \u00c9douard Louis i Eddy Bellegueule s\u00f3n la mateixa persona i no ho s\u00f3n. <i>Per acabar amb Eddy<\/i> \u00e9s la hist\u00f2ria d\u2019una transformaci\u00f3, la del nen peculiar que ha de sobreviure a l\u2019entorn de viol\u00e8ncia, masclisme, pobresa, i homof\u00f2bia on t\u00e9 la mala sort de n\u00e9ixer. El nen sensible i inquiet que ha d\u2019amagar el seu veritable jo per intentar ser acceptat. L\u2019adolescent que es desviu per semblar un home de deb\u00f2 per esquivar aix\u00ed el dest\u00ed d\u2019abusos i humiliacions que sembla condemnat. Per\u00f2 \u00e9s \u00c9douard qui, amb una honestedat descarnada i lluminosa, ens explica la hist\u00f2ria d\u2019Eddy, del seu patiment i del seu alliberament quan finalment aconsegueix fugir d\u2019aquest entorn opressor. Perqu\u00e8 el final d\u2019Eddy Bellegueule \u00e9s el principi d\u2019\u00c9douard Louis, un dels escriptors m\u00e9s brillants de la seva generaci\u00f3.<\/p>\n<p>&nbsp;<\/p>\n<p>ENLLA\u00c7OS SOBRE L\u2019ESPECTACLE:<\/p>\n<p>&nbsp;<\/p>\n<p><a href=\"https:\/\/youtu.be\/q9pqNhpdhI4\">https:\/\/youtu.be\/q9pqNhpdhI4<\/a><\/p>\n<p>&nbsp;<\/p>\n<p><a href=\"https:\/\/youtu.be\/Iu8UdgVjIhY\">https:\/\/youtu.be\/Iu8UdgVjIhY<\/a><\/p>\n<p>&nbsp;<\/p>\n<p>A continuaci\u00f3, podeu llegir els comentaris dels alumnes sobre l\u2019espectacle:<\/p>\n<p>&nbsp;<\/p>\n<p>\u201cEn mi opini\u00f3n, esta obra nos muestra una realidad que desgraciadamente hay lugares donde a\u00fan est\u00e1 presente. Aunque haya habido partes donde se representaban partes bastante dolorosas y duras, tenemos que comprender que puede ocurrir y que debemos luchar para que esto no suceda en un futuro. Pero apartando el mensaje que nos quiere transmitir la obra, la representaci\u00f3n y c\u00f3mo lo transmit\u00edan los actores me ha parecido incre\u00edble, sobre todo a la hora de meterse en el papel del personaje, o en el momento de cambio de personaje. Pero lo que m\u00e1s me ha fascinado es la din\u00e1mica con la que han llevado a cabo la obra.\u201d Carlos Melero<\/p>\n<p>&nbsp;<\/p>\n<p>\u201cLa obra teatral me ha gustado mucho. Trataba temas que consideramos tab\u00fa, sea por verg\u00fcenza o miedo, lo que sea. No he tenido la opci\u00f3n de leerme la obra literaria, pero puedo garantizar por la versi\u00f3n teatral que es un libro interesante. Aparte de la historia, un excelente trabajo por parte de los actores, que ten\u00edan mucho carisma, y del equipo de La Joven, gracias a ellos hemos podido observar por primera vez esta obra. Miro hacia adelante para ver cosas igual de buenas.\u201d Marc Melero<\/p>\n<p>&nbsp;<\/p>\n<p>\u201cEn mi opini\u00f3n, esta obra me ha parecido muy conmovedora, ya que habla de un tema del cual no es muy habitual que se hable y puede ayudar a mucha gente que est\u00e9 en la misma situaci\u00f3n para seguir adelante y ver que no solo hay una manera de hacer las cosas, sino que hay m\u00e1s y mejores. En esta obra se habla de un tema que hoy en d\u00eda est\u00e1 muy presente en nuestra sociedad y es importante tener este conocimiento.\u201d Valeria Mu\u00f1oz<\/p>\n<p>&nbsp;<\/p>\n<p>\u201cMe ha parecido una obra muy educativa y \u00fatil para recapacitar sobre algunos pensamientos que nuestra sociedad actual tiene. La actuaci\u00f3n de los actores fue muy buena y la manera de combinarse los papeles entre solo dos personas me pareci\u00f3 muy creativa y a la vez dif\u00edcil de interpretar. Que la historia sea basada en hechos reales y sentidos por el propio autor de la obra creo que la hace a\u00fan m\u00e1s realista y sentida.\u201d Sophie Sanahuja<\/p>\n<p>&nbsp;<\/p>\n<p>\u201cEn mi opini\u00f3n ha sido un espect\u00e1culo entretenido, la actuaci\u00f3n como la historia en s\u00ed han sido muy interesantes y recomendables, (la actuaci\u00f3n porque fue f\u00e1cil de entender y muy din\u00e1mica con los v\u00eddeos, y la historia porque es algo cotidiano y sigue ocurriendo en la actualidad). Ahora que ya vi la obra de teatro, tambi\u00e9n me gustar\u00eda leer el libro para saber m\u00e1s del autor. \u201c Maika Cheng<\/p>\n<p>&nbsp;<\/p>\n<p>\u201cEn mi opini\u00f3n esta obra de teatro me ha gustado bastante. Ha sido una adaptaci\u00f3n teatral de un libro el cual te dan ganas de leer para saber detalladamente qu\u00e9 es lo que en realidad le pas\u00f3 a Eddy Bellegueule. Me ha parecido una historia muy interesante, ya que le sucedieron muchas cosas a Eddy en su juventud, y seguro que tambi\u00e9n en su adultez.\u201d Nerea Guerra<\/p>\n<p>&nbsp;<\/p>\n<p>\u201cPersonalmente, esta adaptaci\u00f3n teatral me ha gustado, ya que habla de un tema que a\u00f1os atr\u00e1s no estaba bien visto, tambi\u00e9n pod\u00edamos ver mucho mejor c\u00f3mo era lo que el autor del libro intentaba transmitir a sus lectores. Sinceramente, lo que m\u00e1s me gust\u00f3 fue el <i>soundtrack<\/i>, ya que estaba ambientado para p\u00fablico de nuestra edad y lo hac\u00eda m\u00e1s entretenido.\u201d Kristell L\u00f3pez<\/p>\n<p>&nbsp;<\/p>\n<p>\u201cA m\u00ed me ha parecido una obra muy buena porque te explicaba una situaci\u00f3n que es real sobre <i>bullying<\/i>. Tambi\u00e9n me ha parecido muy bien la obra porque han interpretado los papeles muy bien.\u201d Dawit Ortega<\/p>\n<p>&nbsp;<\/p>\n<p>\u201cA m\u00ed me pareci\u00f3 una obra muy interesante, ya que no es antigua pero lo que pasa en ella pensamos que ya no pasa m\u00e1s a d\u00eda de hoy. Te hace reflexionar mucho sobre nuestra sociedad y sobre lo mal que se comporta, todav\u00eda,\u00a0 hacia las personas del colectivo LGTB.\u201d Valentina Simoniello<\/p>\n<p>&nbsp;<\/p>\n<p>\u201cHa estado muy bien la obra y es un tema delicado del que muchas personas les da verg\u00fcenza hablar de ello, y Julio y Ra\u00fal lo han hecho con mucha naturalidad y eso hace que todos estemos c\u00f3modos durante la obra.\u201d Yasmina El Moussaoui<\/p>\n<p>&nbsp;<\/p>\n<p>\u201cCreo que es una obra muy bien hecha y muy interesante y real.\u201d Luc\u00eda Mas<\/p>\n<p>&nbsp;<\/p>\n<p>\u201cPersonalmente la historia no me gust\u00f3 mucho porque no era muy alegre, pero la manera en la que los actores la interpretan s\u00ed que lo hizo, ya que consegu\u00eda captar mi atenci\u00f3n. Y gracias a la m\u00fasica y la manera en la que explicaban la historia en primera y tercera persona, consiguieron que no apartara la vista del escenario.\u201d Unai Arrien<\/p>\n<p>&nbsp;<\/p>\n<p>\u201cEn mi opini\u00f3n la obra ha sido muy interesante y buena, a parte de tratar de temas serios que suceden hoy en d\u00eda, los fragmentos donde los actores sal\u00edan del personaje ayudaba a no aburrirse y darle un toque juvenil y entretenido al espect\u00e1culo.\u201d Melissa Duta<\/p>\n<p>&nbsp;<\/p>\n<p>\u201cLa obra de teatro me ha parecido muy interesante y he aprendido alguna experiencia que le puede pasar a una persona homosexual que est\u00e9 en un ambiente homof\u00f3bico. La experiencia de Eddy me sorprendi\u00f3, ya que no pensaba que la gente rechazara a una persona solo por a quien ama. Tambi\u00e9n me inspir\u00f3 su historia y me alegr\u00f3 que pudiera escapar de esa peque\u00f1a ciudad que le causaba da\u00f1o.\u201d Alex Dyer<\/p>\n<p>&nbsp;<\/p>\n<p>\u201cMe gust\u00f3 mucho, ya que gracias a esa obra pudimos reflexionar sobre muchos temas.\u201d Joanna Escorcia<\/p>\n<p>&nbsp;<\/p>\n<p>\u201cLa obra me ha gustado bastante, por m\u00faltiples razones, una de ellas es la interpretaci\u00f3n de los actores, ya que ha tenido ese toque creativo que te ayudaba a mantenerte con los ojos abiertos esperando a ver qu\u00e9 pasaba. Hacer una obra sobre este tema y para un p\u00fablico juvenil creo que es muy buena idea, porque nos transmite esa ense\u00f1anza que muchos de nosotros necesitamos. En general, la obra ha estado entretenida y la recomiendo mucho.\u201d Naiara Lees<\/p>\n<p>&nbsp;<\/p>\n<p>\u201cMe ha gustado y me ha parecido interesante.\u201d Hannah Matei<\/p>\n<p>&nbsp;<\/p>\n<p>\u201cA m\u00ed la verdad es que me ha gustado mucho esta obra, lo que no me gusta es que esto pase de verdad y que por eso tengan que dar esta ense\u00f1anza y hacer este tipo de obras, pero por lo dem\u00e1s les ha salido muy bien y el cambio de personajes e im\u00e1genes estaba muy bien hecho.\u201d Alba Morillo<\/p>\n<p>&nbsp;<\/p>\n<p>\u201cCreo que se trat\u00f3 de una obra con t\u00e9cnicas innovadoras y narraba una buena historia\u201d Ian Vidal<\/p>\n<p>&nbsp;<\/p>\n<p>\u201cFue una obra muy entretenida y con un mensaje muy importante para las nuevas generaciones, adem\u00e1s los protagonistas eran muy buenos profesionales .\u201d H\u00e8ctor Garc\u00eda<\/p>\n","protected":false},"excerpt":{"rendered":"<p>&nbsp; 4t D\u2019ESO AL TEATRE Para acabar con Eddy Bellegueule i\u00a0El m\u00e8tode Gr\u00f6nholm El divendres 4 de novembre els alumnes de 4t d\u2019ESO anaren al Teatre Poliorama de Barcelona, a veure l\u2019obra El m\u00e8tode Gr\u00f6nholm, dirigida per Sergi Belbel. (Cliqueu a la foto per veure l&#8217;\u00e0lbum) &nbsp; ENLLA\u00c7 SOBRE L\u2019ESPECTACLE: https:\/\/www.teatrepoliorama.com\/ca\/programacio\/c\/196_el-metode-gronholm.html &nbsp; I el divendres [&hellip;]<\/p>\n","protected":false},"author":1,"featured_media":0,"parent":0,"menu_order":0,"comment_status":"closed","ping_status":"closed","template":"","meta":{"_bbp_topic_count":0,"_bbp_reply_count":0,"_bbp_total_topic_count":0,"_bbp_total_reply_count":0,"_bbp_voice_count":0,"_bbp_anonymous_reply_count":0,"_bbp_topic_count_hidden":0,"_bbp_reply_count_hidden":0,"_bbp_forum_subforum_count":0,"site-sidebar-layout":"default","site-content-layout":"","ast-site-content-layout":"","site-content-style":"default","site-sidebar-style":"default","ast-global-header-display":"","ast-banner-title-visibility":"","ast-main-header-display":"","ast-hfb-above-header-display":"","ast-hfb-below-header-display":"","ast-hfb-mobile-header-display":"","site-post-title":"","ast-breadcrumbs-content":"","ast-featured-img":"","footer-sml-layout":"","theme-transparent-header-meta":"","adv-header-id-meta":"","stick-header-meta":"","header-above-stick-meta":"","header-main-stick-meta":"","header-below-stick-meta":"","astra-migrate-meta-layouts":"default","ast-page-background-enabled":"default","ast-page-background-meta":{"desktop":{"background-color":"var(--ast-global-color-4)","background-image":"","background-repeat":"repeat","background-position":"center center","background-size":"auto","background-attachment":"scroll","background-type":"","background-media":"","overlay-type":"","overlay-color":"","overlay-opacity":"","overlay-gradient":""},"tablet":{"background-color":"","background-image":"","background-repeat":"repeat","background-position":"center center","background-size":"auto","background-attachment":"scroll","background-type":"","background-media":"","overlay-type":"","overlay-color":"","overlay-opacity":"","overlay-gradient":""},"mobile":{"background-color":"","background-image":"","background-repeat":"repeat","background-position":"center center","background-size":"auto","background-attachment":"scroll","background-type":"","background-media":"","overlay-type":"","overlay-color":"","overlay-opacity":"","overlay-gradient":""}},"ast-content-background-meta":{"desktop":{"background-color":"var(--ast-global-color-5)","background-image":"","background-repeat":"repeat","background-position":"center center","background-size":"auto","background-attachment":"scroll","background-type":"","background-media":"","overlay-type":"","overlay-color":"","overlay-opacity":"","overlay-gradient":""},"tablet":{"background-color":"var(--ast-global-color-5)","background-image":"","background-repeat":"repeat","background-position":"center center","background-size":"auto","background-attachment":"scroll","background-type":"","background-media":"","overlay-type":"","overlay-color":"","overlay-opacity":"","overlay-gradient":""},"mobile":{"background-color":"var(--ast-global-color-5)","background-image":"","background-repeat":"repeat","background-position":"center center","background-size":"auto","background-attachment":"scroll","background-type":"","background-media":"","overlay-type":"","overlay-color":"","overlay-opacity":"","overlay-gradient":""}},"footnotes":""},"class_list":["post-2970","page","type-page","status-publish","hentry"],"post_mailing_queue_ids":[],"_links":{"self":[{"href":"https:\/\/agora.xtec.cat\/ieslesmarines\/wp-json\/wp\/v2\/pages\/2970","targetHints":{"allow":["GET"]}}],"collection":[{"href":"https:\/\/agora.xtec.cat\/ieslesmarines\/wp-json\/wp\/v2\/pages"}],"about":[{"href":"https:\/\/agora.xtec.cat\/ieslesmarines\/wp-json\/wp\/v2\/types\/page"}],"author":[{"embeddable":true,"href":"https:\/\/agora.xtec.cat\/ieslesmarines\/wp-json\/wp\/v2\/users\/1"}],"replies":[{"embeddable":true,"href":"https:\/\/agora.xtec.cat\/ieslesmarines\/wp-json\/wp\/v2\/comments?post=2970"}],"version-history":[{"count":2,"href":"https:\/\/agora.xtec.cat\/ieslesmarines\/wp-json\/wp\/v2\/pages\/2970\/revisions"}],"predecessor-version":[{"id":2973,"href":"https:\/\/agora.xtec.cat\/ieslesmarines\/wp-json\/wp\/v2\/pages\/2970\/revisions\/2973"}],"wp:attachment":[{"href":"https:\/\/agora.xtec.cat\/ieslesmarines\/wp-json\/wp\/v2\/media?parent=2970"}],"curies":[{"name":"wp","href":"https:\/\/api.w.org\/{rel}","templated":true}]}}