{"id":2498,"date":"2022-02-21T08:38:41","date_gmt":"2022-02-21T07:38:41","guid":{"rendered":"https:\/\/agora.xtec.cat\/ieslesmarines\/?page_id=2498"},"modified":"2022-02-21T08:38:41","modified_gmt":"2022-02-21T07:38:41","slug":"la-barcelona-medieval-2n-deso","status":"publish","type":"page","link":"https:\/\/agora.xtec.cat\/ieslesmarines\/la-barcelona-medieval-2n-deso\/","title":{"rendered":"La Barcelona medieval (2n d&#8217;ESO)"},"content":{"rendered":"<p><a href=\"https:\/\/photos.app.goo.gl\/Ni6xaMkqkcZwKcUm7\" target=\"_blank\" rel=\"noopener\"><img loading=\"lazy\" decoding=\"async\" class=\"alignnone  wp-image-2499\" src=\"https:\/\/agora.xtec.cat\/ieslesmarines\/wp-content\/uploads\/usu619\/2022\/02\/DSC01521-1024x768.jpg\" alt=\"\" width=\"634\" height=\"475\" srcset=\"https:\/\/agora.xtec.cat\/ieslesmarines\/wp-content\/uploads\/usu619\/2022\/02\/DSC01521-1024x768.jpg 1024w, https:\/\/agora.xtec.cat\/ieslesmarines\/wp-content\/uploads\/usu619\/2022\/02\/DSC01521-300x225.jpg 300w, https:\/\/agora.xtec.cat\/ieslesmarines\/wp-content\/uploads\/usu619\/2022\/02\/DSC01521-768x576.jpg 768w, https:\/\/agora.xtec.cat\/ieslesmarines\/wp-content\/uploads\/usu619\/2022\/02\/DSC01521-200x150.jpg 200w, https:\/\/agora.xtec.cat\/ieslesmarines\/wp-content\/uploads\/usu619\/2022\/02\/DSC01521.jpg 1190w\" sizes=\"auto, (max-width: 634px) 100vw, 634px\" \/><\/a><\/p>\n<p><span style=\"font-weight: 400;\">Els passats 3 i 4 de mar\u00e7, l\u2019alumnat de 2n d\u2019ESO va realitzar una visita guiada per la Barcelona medieval en una sortida organitzada pel departament de Ci\u00e8ncies Socials. El punt inicial del recorregut va ser el Museu d\u2019Hist\u00f2ria de Barcelona, a la Pla\u00e7a del Rei. Els nois i noies de Les Marines van tenir oportunitat de veure l\u2019interior del Sal\u00f3 del Tinell, la capella de Santa \u00c0gata i la bas\u00edlica de Santa Maria del Mar i de passejar pels carrers i racons m\u00e9s emblem\u00e0tics del nucli medieval de Barcelona. A aquest <a href=\"https:\/\/photos.app.goo.gl\/Ni6xaMkqkcZwKcUm7\" target=\"_blank\" rel=\"noopener\">enlla\u00e7<\/a> trobar\u00e0s l&#8217;\u00e0lbum amb una selecci\u00f3 de fotografies d&#8217;aquesta sortida.\u00a0<\/span><\/p>\n","protected":false},"excerpt":{"rendered":"<p>Els passats 3 i 4 de mar\u00e7, l\u2019alumnat de 2n d\u2019ESO va realitzar una visita guiada per la Barcelona medieval en una sortida organitzada pel departament de Ci\u00e8ncies Socials. El punt inicial del recorregut va ser el Museu d\u2019Hist\u00f2ria de Barcelona, a la Pla\u00e7a del Rei. Els nois i noies de Les Marines van tenir [&hellip;]<\/p>\n","protected":false},"author":1,"featured_media":0,"parent":0,"menu_order":0,"comment_status":"closed","ping_status":"closed","template":"","meta":{"_bbp_topic_count":0,"_bbp_reply_count":0,"_bbp_total_topic_count":0,"_bbp_total_reply_count":0,"_bbp_voice_count":0,"_bbp_anonymous_reply_count":0,"_bbp_topic_count_hidden":0,"_bbp_reply_count_hidden":0,"_bbp_forum_subforum_count":0,"site-sidebar-layout":"default","site-content-layout":"","ast-site-content-layout":"","site-content-style":"default","site-sidebar-style":"default","ast-global-header-display":"","ast-banner-title-visibility":"","ast-main-header-display":"","ast-hfb-above-header-display":"","ast-hfb-below-header-display":"","ast-hfb-mobile-header-display":"","site-post-title":"","ast-breadcrumbs-content":"","ast-featured-img":"","footer-sml-layout":"","theme-transparent-header-meta":"","adv-header-id-meta":"","stick-header-meta":"","header-above-stick-meta":"","header-main-stick-meta":"","header-below-stick-meta":"","astra-migrate-meta-layouts":"default","ast-page-background-enabled":"default","ast-page-background-meta":{"desktop":{"background-color":"var(--ast-global-color-4)","background-image":"","background-repeat":"repeat","background-position":"center center","background-size":"auto","background-attachment":"scroll","background-type":"","background-media":"","overlay-type":"","overlay-color":"","overlay-opacity":"","overlay-gradient":""},"tablet":{"background-color":"","background-image":"","background-repeat":"repeat","background-position":"center center","background-size":"auto","background-attachment":"scroll","background-type":"","background-media":"","overlay-type":"","overlay-color":"","overlay-opacity":"","overlay-gradient":""},"mobile":{"background-color":"","background-image":"","background-repeat":"repeat","background-position":"center center","background-size":"auto","background-attachment":"scroll","background-type":"","background-media":"","overlay-type":"","overlay-color":"","overlay-opacity":"","overlay-gradient":""}},"ast-content-background-meta":{"desktop":{"background-color":"var(--ast-global-color-5)","background-image":"","background-repeat":"repeat","background-position":"center center","background-size":"auto","background-attachment":"scroll","background-type":"","background-media":"","overlay-type":"","overlay-color":"","overlay-opacity":"","overlay-gradient":""},"tablet":{"background-color":"var(--ast-global-color-5)","background-image":"","background-repeat":"repeat","background-position":"center center","background-size":"auto","background-attachment":"scroll","background-type":"","background-media":"","overlay-type":"","overlay-color":"","overlay-opacity":"","overlay-gradient":""},"mobile":{"background-color":"var(--ast-global-color-5)","background-image":"","background-repeat":"repeat","background-position":"center center","background-size":"auto","background-attachment":"scroll","background-type":"","background-media":"","overlay-type":"","overlay-color":"","overlay-opacity":"","overlay-gradient":""}},"footnotes":""},"class_list":["post-2498","page","type-page","status-publish","hentry"],"post_mailing_queue_ids":[],"_links":{"self":[{"href":"https:\/\/agora.xtec.cat\/ieslesmarines\/wp-json\/wp\/v2\/pages\/2498","targetHints":{"allow":["GET"]}}],"collection":[{"href":"https:\/\/agora.xtec.cat\/ieslesmarines\/wp-json\/wp\/v2\/pages"}],"about":[{"href":"https:\/\/agora.xtec.cat\/ieslesmarines\/wp-json\/wp\/v2\/types\/page"}],"author":[{"embeddable":true,"href":"https:\/\/agora.xtec.cat\/ieslesmarines\/wp-json\/wp\/v2\/users\/1"}],"replies":[{"embeddable":true,"href":"https:\/\/agora.xtec.cat\/ieslesmarines\/wp-json\/wp\/v2\/comments?post=2498"}],"version-history":[{"count":1,"href":"https:\/\/agora.xtec.cat\/ieslesmarines\/wp-json\/wp\/v2\/pages\/2498\/revisions"}],"predecessor-version":[{"id":2500,"href":"https:\/\/agora.xtec.cat\/ieslesmarines\/wp-json\/wp\/v2\/pages\/2498\/revisions\/2500"}],"wp:attachment":[{"href":"https:\/\/agora.xtec.cat\/ieslesmarines\/wp-json\/wp\/v2\/media?parent=2498"}],"curies":[{"name":"wp","href":"https:\/\/api.w.org\/{rel}","templated":true}]}}