{"id":265,"date":"2021-03-12T10:04:19","date_gmt":"2021-03-12T09:04:19","guid":{"rendered":"http:\/\/agora.xtec.cat\/ieslasedeta\/?page_id=265"},"modified":"2025-11-08T13:03:39","modified_gmt":"2025-11-08T12:03:39","slug":"batxillerat","status":"publish","type":"page","link":"https:\/\/agora.xtec.cat\/ieslasedeta\/batxillerat\/","title":{"rendered":"Batxillerat"},"content":{"rendered":"\n<h5 class=\"wp-block-heading\"><strong style=\"color: #ff0000; font-size: 1.125em;\"><span style=\"font-size: 14pt;\">Descripci\u00f3<\/span><\/strong><\/h5>\n\n\n\n<div>\n<p style=\"text-align: left;\">El batxillerat, format per un cicle de dos cursos de trenta hores lectives setmanals que es fa generalment entre els 16 i els 18 anys d&#8217;edat, prepara els alumnes per a la seva incorporaci\u00f3 a estudis posteriors, tant professionals com universitaris, i per a l&#8217;acc\u00e9s al m\u00f3n laboral.<\/p>\n<\/div>\n\n\n\n<h5 class=\"wp-block-heading\"><strong><span style=\"color: #ff0000; font-size: 14pt;\">Modalitats<\/span><\/strong><\/h5>\n\n\n\n<div>\n<p>A l&#8217;Institut La Sedeta es poden cursar les modalitats de batxillerat: Ci\u00e8ncies i Tecnologia, i Humanitats i Ci\u00e8ncies Socials.<\/p>\n<p>Ambdues s\u00f3n compatibles amb la nostra proposta singular: el batxillerat digital.<\/p>\n<p>&nbsp;<\/p>\n<\/div>\n\n\n\n<div class=\"wp-block-getwid-images-slider has-arrows-inside has-dots-inside has-images-center has-cropped-images\"><div class=\"wp-block-getwid-images-slider__wrapper\" data-effect=\"slide\" data-slides-show=\"1\" data-slides-show-laptop=\"1\" data-slides-show-tablet=\"1\" data-slides-show-mobile=\"1\" data-slides-scroll=\"1\" data-autoplay=\"false\" data-pause-hover=\"false\" data-autoplay-speed=\"6000\" data-infinite=\"true\" data-animation-speed=\"800\" data-center-mode=\"false\" data-variable-width=\"false\" data-arrows=\"inside\" data-dots=\"inside\" data-spacing=\"none\"><div class=\"wp-block-getwid-images-slider__item\"><figure><img loading=\"lazy\" decoding=\"async\" width=\"2560\" height=\"1440\" src=\"https:\/\/agora.xtec.cat\/ieslasedeta\/wp-content\/uploads\/usu656\/2025\/11\/Batxillerat-digital-1-1_page-0001-scaled.jpg\" data-id=\"13467\" data-link=\"https:\/\/agora.xtec.cat\/ieslasedeta\/batxillerat\/attachment\/batxillerat-digital-1-1_page-0001\/\" data-original-link=\"https:\/\/agora.xtec.cat\/ieslasedeta\/wp-content\/uploads\/usu656\/2025\/11\/Batxillerat-digital-1-1_page-0001-scaled.jpg\" class=\"wp-block-getwid-images-slider__image wp-image-13467\" srcset=\"https:\/\/agora.xtec.cat\/ieslasedeta\/wp-content\/uploads\/usu656\/2025\/11\/Batxillerat-digital-1-1_page-0001-scaled.jpg 2560w, https:\/\/agora.xtec.cat\/ieslasedeta\/wp-content\/uploads\/usu656\/2025\/11\/Batxillerat-digital-1-1_page-0001-300x169.jpg 300w, https:\/\/agora.xtec.cat\/ieslasedeta\/wp-content\/uploads\/usu656\/2025\/11\/Batxillerat-digital-1-1_page-0001-1024x576.jpg 1024w, https:\/\/agora.xtec.cat\/ieslasedeta\/wp-content\/uploads\/usu656\/2025\/11\/Batxillerat-digital-1-1_page-0001-768x432.jpg 768w, https:\/\/agora.xtec.cat\/ieslasedeta\/wp-content\/uploads\/usu656\/2025\/11\/Batxillerat-digital-1-1_page-0001-1536x864.jpg 1536w, https:\/\/agora.xtec.cat\/ieslasedeta\/wp-content\/uploads\/usu656\/2025\/11\/Batxillerat-digital-1-1_page-0001-2048x1152.jpg 2048w\" sizes=\"auto, (max-width: 2560px) 100vw, 2560px\" \/><\/figure><\/div><div class=\"wp-block-getwid-images-slider__item\"><figure><img loading=\"lazy\" decoding=\"async\" width=\"2560\" height=\"1440\" src=\"https:\/\/agora.xtec.cat\/ieslasedeta\/wp-content\/uploads\/usu656\/2025\/11\/Batxillerat-digital-1-2_page-0001-scaled.jpg\" data-id=\"13472\" data-link=\"https:\/\/agora.xtec.cat\/ieslasedeta\/batxillerat\/attachment\/batxillerat-digital-1-2_page-0001\/\" data-original-link=\"https:\/\/agora.xtec.cat\/ieslasedeta\/wp-content\/uploads\/usu656\/2025\/11\/Batxillerat-digital-1-2_page-0001-scaled.jpg\" class=\"wp-block-getwid-images-slider__image wp-image-13472\" srcset=\"https:\/\/agora.xtec.cat\/ieslasedeta\/wp-content\/uploads\/usu656\/2025\/11\/Batxillerat-digital-1-2_page-0001-scaled.jpg 2560w, https:\/\/agora.xtec.cat\/ieslasedeta\/wp-content\/uploads\/usu656\/2025\/11\/Batxillerat-digital-1-2_page-0001-300x169.jpg 300w, https:\/\/agora.xtec.cat\/ieslasedeta\/wp-content\/uploads\/usu656\/2025\/11\/Batxillerat-digital-1-2_page-0001-1024x576.jpg 1024w, https:\/\/agora.xtec.cat\/ieslasedeta\/wp-content\/uploads\/usu656\/2025\/11\/Batxillerat-digital-1-2_page-0001-768x432.jpg 768w, https:\/\/agora.xtec.cat\/ieslasedeta\/wp-content\/uploads\/usu656\/2025\/11\/Batxillerat-digital-1-2_page-0001-1536x864.jpg 1536w, https:\/\/agora.xtec.cat\/ieslasedeta\/wp-content\/uploads\/usu656\/2025\/11\/Batxillerat-digital-1-2_page-0001-2048x1152.jpg 2048w\" sizes=\"auto, (max-width: 2560px) 100vw, 2560px\" \/><\/figure><\/div><div class=\"wp-block-getwid-images-slider__item\"><figure><img loading=\"lazy\" decoding=\"async\" width=\"2560\" height=\"1440\" src=\"https:\/\/agora.xtec.cat\/ieslasedeta\/wp-content\/uploads\/usu656\/2025\/11\/Batxillerat-digital-1-3_page-0001-scaled.jpg\" data-id=\"13470\" data-link=\"https:\/\/agora.xtec.cat\/ieslasedeta\/batxillerat\/attachment\/batxillerat-digital-1-3_page-0001\/\" data-original-link=\"https:\/\/agora.xtec.cat\/ieslasedeta\/wp-content\/uploads\/usu656\/2025\/11\/Batxillerat-digital-1-3_page-0001-scaled.jpg\" class=\"wp-block-getwid-images-slider__image wp-image-13470\" srcset=\"https:\/\/agora.xtec.cat\/ieslasedeta\/wp-content\/uploads\/usu656\/2025\/11\/Batxillerat-digital-1-3_page-0001-scaled.jpg 2560w, https:\/\/agora.xtec.cat\/ieslasedeta\/wp-content\/uploads\/usu656\/2025\/11\/Batxillerat-digital-1-3_page-0001-300x169.jpg 300w, https:\/\/agora.xtec.cat\/ieslasedeta\/wp-content\/uploads\/usu656\/2025\/11\/Batxillerat-digital-1-3_page-0001-1024x576.jpg 1024w, https:\/\/agora.xtec.cat\/ieslasedeta\/wp-content\/uploads\/usu656\/2025\/11\/Batxillerat-digital-1-3_page-0001-768x432.jpg 768w, https:\/\/agora.xtec.cat\/ieslasedeta\/wp-content\/uploads\/usu656\/2025\/11\/Batxillerat-digital-1-3_page-0001-1536x864.jpg 1536w, https:\/\/agora.xtec.cat\/ieslasedeta\/wp-content\/uploads\/usu656\/2025\/11\/Batxillerat-digital-1-3_page-0001-2048x1152.jpg 2048w\" sizes=\"auto, (max-width: 2560px) 100vw, 2560px\" \/><\/figure><\/div><div class=\"wp-block-getwid-images-slider__item\"><figure><img loading=\"lazy\" decoding=\"async\" width=\"2560\" height=\"1440\" src=\"https:\/\/agora.xtec.cat\/ieslasedeta\/wp-content\/uploads\/usu656\/2025\/11\/Batxillerat-digital-1-4_page-0001-scaled.jpg\" data-id=\"13471\" data-link=\"https:\/\/agora.xtec.cat\/ieslasedeta\/batxillerat\/attachment\/batxillerat-digital-1-4_page-0001\/\" data-original-link=\"https:\/\/agora.xtec.cat\/ieslasedeta\/wp-content\/uploads\/usu656\/2025\/11\/Batxillerat-digital-1-4_page-0001-scaled.jpg\" class=\"wp-block-getwid-images-slider__image wp-image-13471\" srcset=\"https:\/\/agora.xtec.cat\/ieslasedeta\/wp-content\/uploads\/usu656\/2025\/11\/Batxillerat-digital-1-4_page-0001-scaled.jpg 2560w, https:\/\/agora.xtec.cat\/ieslasedeta\/wp-content\/uploads\/usu656\/2025\/11\/Batxillerat-digital-1-4_page-0001-300x169.jpg 300w, https:\/\/agora.xtec.cat\/ieslasedeta\/wp-content\/uploads\/usu656\/2025\/11\/Batxillerat-digital-1-4_page-0001-1024x576.jpg 1024w, https:\/\/agora.xtec.cat\/ieslasedeta\/wp-content\/uploads\/usu656\/2025\/11\/Batxillerat-digital-1-4_page-0001-768x432.jpg 768w, https:\/\/agora.xtec.cat\/ieslasedeta\/wp-content\/uploads\/usu656\/2025\/11\/Batxillerat-digital-1-4_page-0001-1536x864.jpg 1536w, https:\/\/agora.xtec.cat\/ieslasedeta\/wp-content\/uploads\/usu656\/2025\/11\/Batxillerat-digital-1-4_page-0001-2048x1152.jpg 2048w\" sizes=\"auto, (max-width: 2560px) 100vw, 2560px\" \/><\/figure><\/div><div class=\"wp-block-getwid-images-slider__item\"><figure><img loading=\"lazy\" decoding=\"async\" width=\"2560\" height=\"1440\" src=\"https:\/\/agora.xtec.cat\/ieslasedeta\/wp-content\/uploads\/usu656\/2025\/11\/Batxillerat-digital-1-5_page-0001-scaled.jpg\" data-id=\"13469\" data-link=\"https:\/\/agora.xtec.cat\/ieslasedeta\/batxillerat\/attachment\/batxillerat-digital-1-5_page-0001\/\" data-original-link=\"https:\/\/agora.xtec.cat\/ieslasedeta\/wp-content\/uploads\/usu656\/2025\/11\/Batxillerat-digital-1-5_page-0001-scaled.jpg\" class=\"wp-block-getwid-images-slider__image wp-image-13469\" srcset=\"https:\/\/agora.xtec.cat\/ieslasedeta\/wp-content\/uploads\/usu656\/2025\/11\/Batxillerat-digital-1-5_page-0001-scaled.jpg 2560w, https:\/\/agora.xtec.cat\/ieslasedeta\/wp-content\/uploads\/usu656\/2025\/11\/Batxillerat-digital-1-5_page-0001-300x169.jpg 300w, https:\/\/agora.xtec.cat\/ieslasedeta\/wp-content\/uploads\/usu656\/2025\/11\/Batxillerat-digital-1-5_page-0001-1024x576.jpg 1024w, https:\/\/agora.xtec.cat\/ieslasedeta\/wp-content\/uploads\/usu656\/2025\/11\/Batxillerat-digital-1-5_page-0001-768x432.jpg 768w, https:\/\/agora.xtec.cat\/ieslasedeta\/wp-content\/uploads\/usu656\/2025\/11\/Batxillerat-digital-1-5_page-0001-1536x864.jpg 1536w, https:\/\/agora.xtec.cat\/ieslasedeta\/wp-content\/uploads\/usu656\/2025\/11\/Batxillerat-digital-1-5_page-0001-2048x1152.jpg 2048w\" sizes=\"auto, (max-width: 2560px) 100vw, 2560px\" \/><\/figure><\/div><div class=\"wp-block-getwid-images-slider__item\"><figure><img loading=\"lazy\" decoding=\"async\" width=\"2560\" height=\"1440\" src=\"https:\/\/agora.xtec.cat\/ieslasedeta\/wp-content\/uploads\/usu656\/2025\/11\/Batxillerat-digital-1-6_page-0001-scaled.jpg\" data-id=\"13468\" data-link=\"https:\/\/agora.xtec.cat\/ieslasedeta\/batxillerat\/attachment\/batxillerat-digital-1-6_page-0001\/\" data-original-link=\"https:\/\/agora.xtec.cat\/ieslasedeta\/wp-content\/uploads\/usu656\/2025\/11\/Batxillerat-digital-1-6_page-0001-scaled.jpg\" class=\"wp-block-getwid-images-slider__image wp-image-13468\" srcset=\"https:\/\/agora.xtec.cat\/ieslasedeta\/wp-content\/uploads\/usu656\/2025\/11\/Batxillerat-digital-1-6_page-0001-scaled.jpg 2560w, https:\/\/agora.xtec.cat\/ieslasedeta\/wp-content\/uploads\/usu656\/2025\/11\/Batxillerat-digital-1-6_page-0001-300x169.jpg 300w, https:\/\/agora.xtec.cat\/ieslasedeta\/wp-content\/uploads\/usu656\/2025\/11\/Batxillerat-digital-1-6_page-0001-1024x576.jpg 1024w, https:\/\/agora.xtec.cat\/ieslasedeta\/wp-content\/uploads\/usu656\/2025\/11\/Batxillerat-digital-1-6_page-0001-768x432.jpg 768w, https:\/\/agora.xtec.cat\/ieslasedeta\/wp-content\/uploads\/usu656\/2025\/11\/Batxillerat-digital-1-6_page-0001-1536x864.jpg 1536w, https:\/\/agora.xtec.cat\/ieslasedeta\/wp-content\/uploads\/usu656\/2025\/11\/Batxillerat-digital-1-6_page-0001-2048x1152.jpg 2048w\" sizes=\"auto, (max-width: 2560px) 100vw, 2560px\" \/><\/figure><\/div><div class=\"wp-block-getwid-images-slider__item\"><figure><img loading=\"lazy\" decoding=\"async\" width=\"2560\" height=\"1440\" src=\"https:\/\/agora.xtec.cat\/ieslasedeta\/wp-content\/uploads\/usu656\/2025\/11\/Batxillerat-digital-1-7_page-0001-scaled.jpg\" data-id=\"13473\" data-link=\"https:\/\/agora.xtec.cat\/ieslasedeta\/batxillerat\/attachment\/batxillerat-digital-1-7_page-0001\/\" data-original-link=\"https:\/\/agora.xtec.cat\/ieslasedeta\/wp-content\/uploads\/usu656\/2025\/11\/Batxillerat-digital-1-7_page-0001-scaled.jpg\" class=\"wp-block-getwid-images-slider__image wp-image-13473\" srcset=\"https:\/\/agora.xtec.cat\/ieslasedeta\/wp-content\/uploads\/usu656\/2025\/11\/Batxillerat-digital-1-7_page-0001-scaled.jpg 2560w, https:\/\/agora.xtec.cat\/ieslasedeta\/wp-content\/uploads\/usu656\/2025\/11\/Batxillerat-digital-1-7_page-0001-300x169.jpg 300w, https:\/\/agora.xtec.cat\/ieslasedeta\/wp-content\/uploads\/usu656\/2025\/11\/Batxillerat-digital-1-7_page-0001-1024x576.jpg 1024w, https:\/\/agora.xtec.cat\/ieslasedeta\/wp-content\/uploads\/usu656\/2025\/11\/Batxillerat-digital-1-7_page-0001-768x432.jpg 768w, https:\/\/agora.xtec.cat\/ieslasedeta\/wp-content\/uploads\/usu656\/2025\/11\/Batxillerat-digital-1-7_page-0001-1536x864.jpg 1536w, https:\/\/agora.xtec.cat\/ieslasedeta\/wp-content\/uploads\/usu656\/2025\/11\/Batxillerat-digital-1-7_page-0001-2048x1152.jpg 2048w\" sizes=\"auto, (max-width: 2560px) 100vw, 2560px\" \/><\/figure><\/div><\/div><\/div>\n\n\n<div>\n<p>El curr\u00edculum de batxillerat consta d&#8217;una part comuna (les mat\u00e8ries comunes) i una part diversificada (les mat\u00e8ries de modalitat, les mat\u00e8ries optatives i el treball de recerca). A m\u00e9s, l&#8217;alumnat t\u00e9 assignada una hora setmanal de tutoria.<\/p>\n<\/div>\n\n\n<p><span style=\"font-weight: 400;\">Nom\u00e9s es poden triar les mat\u00e8ries d\u2019una modalitat, no es poden combinar modalitats.<\/span><span style=\"font-weight: 400;\"><br><\/span><\/p>\n\n\n\n<figure class=\"wp-block-table\"><table class=\"has-fixed-layout\"><thead><tr><th class=\"has-text-align-left\" data-align=\"left\">&nbsp;<\/th><th class=\"has-text-align-left\" data-align=\"left\" colspan=\"2\"><b>Modalitat de ci\u00e8ncies i tecnologia<\/b><\/th><th class=\"has-text-align-left\" data-align=\"left\" colspan=\"2\"><b>Modalitat d&#8217;Humanitats i ci\u00e8ncies socials<\/b><\/th><\/tr><tr><th class=\"has-text-align-left\" data-align=\"left\"><b>1<\/b><\/th><th class=\"has-text-align-left\" data-align=\"left\" colspan=\"2\"><span style=\"font-weight: 400;\">Matem\u00e0tiques<\/span><\/th><th class=\"has-text-align-left\" data-align=\"left\"><span style=\"font-weight: 400;\">Cultura Llatina<\/span><\/th><th class=\"has-text-align-left\" data-align=\"left\"><span style=\"font-weight: 400;\">Matem\u00e0tiques CS<\/span><\/th><\/tr><\/thead><tbody><tr><td class=\"has-text-align-left\" data-align=\"left\"><b>2<\/b><\/td><td class=\"has-text-align-left\" data-align=\"left\"><span style=\"font-weight: 400;\">Qu\u00edmica<\/span><\/td><td class=\"has-text-align-left\" data-align=\"left\"><span style=\"font-weight: 400;\">Dibuix t\u00e8cnic<\/span><\/td><td class=\"has-text-align-left\" data-align=\"left\"><span style=\"font-weight: 400;\">Economia<\/span><\/td><td><span style=\"font-weight: 400;\">Literatura universal<\/span><\/td><\/tr><tr><td class=\"has-text-align-left\" data-align=\"left\"><b>3<\/b><\/td><td class=\"has-text-align-left\" data-align=\"left\"><span style=\"font-weight: 400;\">Tecnologia i enginyeria<\/span><\/td><td class=\"has-text-align-left\" data-align=\"left\"><span style=\"font-weight: 400;\">Biologia<\/span><\/td><td class=\"has-text-align-left\" data-align=\"left\" colspan=\"2\"><span style=\"font-weight: 400;\">Hist\u00f2ria del m\u00f3n contemporani<\/span><\/td><\/tr><\/tbody><\/table><\/figure>\n\n\n\n<h2 class=\"wp-block-heading alignwide has-ast-global-color-0-color has-text-color has-link-color wp-elements-c402fac57f62351e470da25b52a8492f\" id=\"we-re-a-studio-in-berlin-with-an-international-practice-in-architecture-urban-planning-and-interior-design-we-believe-in-sharing-knowledge-and-promoting-dialogue-to-increase-the-creative-potential-of-collaboration\" style=\"font-size:48px;line-height:1.1\"><b>OPTATIVES<\/b><\/h2>\n\n\n\n<p><span style=\"font-weight: 400;\">En aquesta secci\u00f3 no hi ha modalitats, cal triar una mat\u00e8ria per cada franja:<\/span><\/p>\n\n\n\n<ul class=\"wp-block-list\">\n<li><span style=\"font-weight: 400;\">Les mat\u00e8ries de la<\/span><span style=\"font-weight: 400;\"> franja 1 s\u00f3n anuals<\/span><span style=\"font-weight: 400;\">.&nbsp;<\/span><\/li>\n\n\n\n<li><span style=\"font-weight: 400;\">Les mat\u00e8ries de la <\/span><span style=\"font-weight: 400;\">franja 2 i 3 poden ser anuals o trimestrals<\/span><span style=\"font-weight: 400;\">.&nbsp;<\/span><\/li>\n\n\n\n<li><span style=\"font-weight: 400;\">En el cas de la franja 2, durant la primera avaluaci\u00f3 tot l\u2019alumnat cursar\u00e0 la mat\u00e8ria cultura digital.<\/span><\/li>\n<\/ul>\n\n\n\n<figure class=\"wp-block-table\"><table class=\"has-fixed-layout\"><tbody><tr><td colspan=\"5\"><b>FRANJA 1 (Mat\u00e8ries Anuals)<\/b><\/td><\/tr><tr><td><b>Anua<\/b><b>l<\/b><\/td><td><span style=\"font-weight: 400;\">F\u00edsica<\/span><\/td><td><span style=\"font-weight: 400;\">Psicologia<\/span><\/td><td><span style=\"font-weight: 400;\">Funcionament de l\u2019empresa<\/span><\/td><td><span style=\"font-weight: 400;\">Programaci\u00f3<\/span><\/td><\/tr><\/tbody><\/table><\/figure>\n\n\n\n<p><span style=\"color: #800000;\"><i><span style=\"font-weight: 400;\">(La mat\u00e8ria de f\u00edsica, tot i que es troba a la franja d\u2019optatives, \u00e9s de modalitat)<\/span><\/i><\/span><\/p>\n\n\n\n<figure class=\"wp-block-table\"><table class=\"has-fixed-layout\"><tbody><tr><td colspan=\"4\"><b>FRANJA 2 (Mat\u00e8ries Trimestrals o Anuals)<\/b><\/td><\/tr><tr><td>&nbsp;<\/td><td><span style=\"font-weight: 400;\">Reptes F\u00edsica i Qu\u00edmica<\/span><\/td><td><span style=\"font-weight: 400;\">Creaci\u00f3n literaria<\/span><\/td><td><span style=\"font-weight: 400;\">Aplicacions de l\u2019estad\u00edstica i probabilitat<\/span><\/td><\/tr><\/tbody><\/table><\/figure>\n\n\n\n<figure class=\"wp-block-table\"><table class=\"has-fixed-layout\"><thead><tr><th colspan=\"5\"><b>FRANJA 3 (Mat\u00e8ries Trimestrals o Anuals)<\/b><\/th><\/tr><tr><th>&nbsp;<\/th><th><span style=\"font-weight: 400;\">Rob\u00f2tica<\/span><\/th><th><span style=\"font-weight: 400;\">Reptes Biologia i Geologia<\/span><\/th><th><span style=\"font-weight: 400;\">Ciutadania pol\u00edtica<\/span><\/th><th><span style=\"font-weight: 400;\">Comunicaci\u00f3 audiovisual<\/span><\/th><\/tr><\/thead><\/table><\/figure>\n\n\n\n<p><span style=\"font-weight: 400;\">Si alguna mat\u00e8ria optativa no arriba a les 10 matr\u00edcules, el centre pot eliminar-la i proposar a l&#8217;alumnat una altra mat\u00e8ria entre la resta.<\/span><\/p>\n\n\n\n<h2 class=\"wp-block-heading alignwide has-ast-global-color-1-color has-text-color has-link-color wp-elements-a111305ea680c6c2e5da348d024636fd\" id=\"we-re-a-studio-in-berlin-with-an-international-practice-in-architecture-urban-planning-and-interior-design-we-believe-in-sharing-knowledge-and-promoting-dialogue-to-increase-the-creative-potential-of-collaboration\" style=\"font-size:48px;line-height:1.1\"><span style=\"color: #ff0000;\"><strong><span style=\"font-size: 14pt;\">Acc\u00e9s<\/span><\/strong><\/span><\/h2>\n\n\n\n<div>\n<p>Per accedir al batxillerat cal tenir algun dels t\u00edtols seg\u00fcents:<\/p>\n<ul>\n<li>Graduat en Educaci\u00f3 Secund\u00e0ria Obligat\u00f2ria (GESO),<\/li>\n<li>T\u00e8cnic d\u2019un Cicle Formatiu de Grau Mitj\u00e0 o T\u00e8cnic Superior d\u2019un Cicle Formatiu de Grau Superior,<\/li>\n<li>Haver cursat estudis de sistemes educatius estrangers que hagin estat homologats al t\u00edtol de GESO o al t\u00edtol de t\u00e8cnic.<\/li>\n<\/ul>\n<p>Per accedir per primera vegada als estudis de Batxillerat a l&#8217;Institut La Sedeta, si no s&#8217;\u00e9s alumne de 4t d&#8217;ESO al centre, cal formalitzat la preinscripci\u00f3 en el termini fixat.<\/p>\n<\/div>\n\n\n\n<h5 class=\"wp-block-heading\"><span style=\"font-size: 14pt;\"><strong><span style=\"color: #ff0000;\">Continu\u00eftat<\/span><\/strong><\/span><\/h5>\n\n\n\n<div>\n<p>Amb el t\u00edtol de batxillerat es pot accedir:<\/p>\n<\/div>\n\n\n\n<div>\n<ul>\n<li>a la Universitat (un cop aprovades les proves d&#8217;acc\u00e9s)<\/li>\n<li>a un Cicle Formatiu de Grau Superior de Formaci\u00f3 Professional espec\u00edfica, d&#8217;arts pl\u00e0stiques i disseny<\/li>\n<li>a un Cicle Formatiu de Grau Superior d&#8217;ensenyaments esportius, si es tenen els requisits d&#8217;acc\u00e9s<\/li>\n<li>als Ensenyaments Art\u00edstics Superiors (un cop superada una prova espec\u00edfica d&#8217;acc\u00e9s)<\/li>\n<li>al m\u00f3n laboral<\/li>\n<\/ul>\n<\/div>\n\n\n\n<h2 class=\"wp-block-heading alignwide has-ast-global-color-0-color has-text-color has-link-color wp-elements-74529bf71012b42d2819ab6adb70f902\" id=\"we-re-a-studio-in-berlin-with-an-international-practice-in-architecture-urban-planning-and-interior-design-we-believe-in-sharing-knowledge-and-promoting-dialogue-to-increase-the-creative-potential-of-collaboration\" style=\"font-size:48px;line-height:1.1\"><strong>El treball de recerca<\/strong><\/h2>\n\n\n\n<p><strong>El treball de recerca<\/strong> \u00e9s una feina d&#8217;investigaci\u00f3 en un tema triat per l&#8217;alumne\/a, que s&#8217;inicia el 2n trimestre de 1r de batxillerat i finalitza al 1r trimestre de 2n de Batxillerat amb la presentaci\u00f3 d&#8217;una mem\u00f2ria escrita i la seva exposici\u00f3 davant d&#8217;un tribunal.<br><br>El treball de recerca <strong>\u00e9s una mat\u00e8ria m\u00e9s del curr\u00edculum de l&#8217;alumnat per\u00f2 el seu pes \u00e9s molt important (un 10% de la nota final del batxillerat).<\/strong><\/p>\n\n\n\n<h2 class=\"wp-block-heading alignwide has-ast-global-color-0-color has-text-color has-link-color wp-elements-e00ce76afd4f72acbf83413d5fc70120\" id=\"we-re-a-studio-in-berlin-with-an-international-practice-in-architecture-urban-planning-and-interior-design-we-believe-in-sharing-knowledge-and-promoting-dialogue-to-increase-the-creative-potential-of-collaboration\" style=\"font-size:48px;line-height:1.1\">L&#8217;acci\u00f3 tutorial<\/h2>\n\n\n\n<p>La funci\u00f3 de la tutoria \u00e9s <strong>vetllar pel desenvolupament personal dels alumnes i&nbsp;acompanyar-los en el seu proc\u00e9s d\u2019aprenentatge, orientant-los escolar,&nbsp;acad\u00e8mica i professionalment.<\/strong><\/p>\n\n\n\n<ul class=\"wp-block-list\">\n<li>Des de la tutoria es coordina el <strong>seguiment de l&#8217;alumnat<\/strong> perqu\u00e8 aprenguin a aprendre, a ser&nbsp;aut\u00f2noms, a comunicar-se i a viure plegats, per aix\u00f2 es treballa per <strong>mantenir i consolidar un bon clima de conviv\u00e8ncia i companyonia<\/strong>. Alhora es fomenta&nbsp;la participaci\u00f3 dels nois i noies en les activitats del centre.<\/li>\n\n\n\n<li>Cada grup-classe t\u00e9 <strong>una persona docent que exerceix de tutora<\/strong> i \u00e9s responsable de&nbsp;l&#8217;aplicaci\u00f3 del <strong>Pla d&#8217;Acci\u00f3 Tutorial<\/strong>. Els seus eixos d&#8217;actuaci\u00f3 preferent en aquest nivell educatiu s\u00f3n:\n<ul class=\"wp-block-list\">\n<li>L\u2019orientaci\u00f3 personal.<\/li>\n\n\n\n<li>L\u2019orientaci\u00f3 acad\u00e8mica.<\/li>\n\n\n\n<li>L\u2019orientaci\u00f3 professional<\/li>\n\n\n\n<li>Personal d&#8217;autoconeixement i interacci\u00f3 amb els altres.<\/li>\n\n\n\n<li>En recerca i investigaci\u00f3.<\/li>\n\n\n\n<li>Presa de decisions per millorar.<\/li>\n<\/ul>\n<\/li>\n<\/ul>\n\n\n\n<ul class=\"wp-block-list\">\n<li>La persona <strong>tutora<\/strong> promou i centralitza les accions i activitats amb tot el grup i, tamb\u00e9, \u00e9s <strong>la referent principal de l&#8217;alumnat i per aix\u00f2 afavoreix un ambient de relaci\u00f3 de confian\u00e7a i entesa amb les fam\u00edlies i l&#8217;alumnat.<\/strong><\/li>\n<\/ul>\n\n\n\n<figure class=\"wp-block-image alignright\"><a href=\"http:\/\/agora.xtec.cat\/ieslasedeta\/wp-content\/uploads\/usu656\/2016\/09\/exit.png\"><img loading=\"lazy\" decoding=\"async\" width=\"300\" height=\"300\" src=\"http:\/\/agora.xtec.cat\/ieslasedeta\/wp-content\/uploads\/usu656\/2016\/09\/exit-300x300.png\" alt=\"exit\" class=\"wp-image-2799\" srcset=\"https:\/\/agora.xtec.cat\/ieslasedeta\/wp-content\/uploads\/usu656\/2016\/09\/exit-300x300.png 300w, https:\/\/agora.xtec.cat\/ieslasedeta\/wp-content\/uploads\/usu656\/2016\/09\/exit-150x150.png 150w, https:\/\/agora.xtec.cat\/ieslasedeta\/wp-content\/uploads\/usu656\/2016\/09\/exit.png 400w\" sizes=\"auto, (max-width: 300px) 100vw, 300px\" \/><\/a><\/figure>\n\n\n\n<p class=\"has-black-color has-text-color has-link-color wp-elements-f36ad9e6250ce2379141756e7c746ef9\">La funci\u00f3 primordial de la tutora \u00e9s afavorir un<strong> bon proc\u00e9s formatiu<\/strong> de l&#8217;alumnat i esdevenir el <strong>pont de di\u00e0leg<\/strong> entre l\u2019alumne\/a, la fam\u00edlia i el centre. Al Batxillerat, per\u00f2, facilitar una bona <strong>orientaci\u00f3 educativa<\/strong> a l&#8217;alumnat de cara a cursar estudis posteriors o d&#8217;inserci\u00f3 en \u00e0mbits professionals d&#8217;acord amb les seves inquietuds \u00e9s l&#8217;eix primordial de l&#8217;acci\u00f3 tutorial, aix\u00ed com afavorir la finalitzaci\u00f3 i superaci\u00f3 d&#8217;aquesta etapa amb \u00e8xit .<br>Les fam\u00edlies es poden comunicar telef\u00f2nicament, per correu electr\u00f2nic, a trav\u00e9s de l&#8217;agenda de l&#8217;estudiant o tamb\u00e9 sol\u00b7licitar una entrevista personal.<\/p>\n","protected":false},"excerpt":{"rendered":"<p>Descripci\u00f3 El batxillerat, format per un cicle de dos cursos de trenta hores lectives setmanals que es fa generalment entre els 16 i els 18 anys d&#8217;edat, prepara els alumnes per a la seva incorporaci\u00f3 a estudis posteriors, tant professionals com universitaris, i per a l&#8217;acc\u00e9s al m\u00f3n laboral. Modalitats A l&#8217;Institut La Sedeta es [&hellip;]<\/p>\n","protected":false},"author":1,"featured_media":0,"parent":0,"menu_order":0,"comment_status":"closed","ping_status":"closed","template":"","meta":{"_bbp_topic_count":0,"_bbp_reply_count":0,"_bbp_total_topic_count":0,"_bbp_total_reply_count":0,"_bbp_voice_count":0,"_bbp_anonymous_reply_count":0,"_bbp_topic_count_hidden":0,"_bbp_reply_count_hidden":0,"_bbp_forum_subforum_count":0,"site-sidebar-layout":"default","site-content-layout":"","ast-site-content-layout":"default","site-content-style":"default","site-sidebar-style":"default","ast-global-header-display":"","ast-banner-title-visibility":"","ast-main-header-display":"","ast-hfb-above-header-display":"","ast-hfb-below-header-display":"","ast-hfb-mobile-header-display":"","site-post-title":"","ast-breadcrumbs-content":"","ast-featured-img":"","footer-sml-layout":"","theme-transparent-header-meta":"","adv-header-id-meta":"","stick-header-meta":"","header-above-stick-meta":"","header-main-stick-meta":"","header-below-stick-meta":"","astra-migrate-meta-layouts":"set","ast-page-background-enabled":"default","ast-page-background-meta":{"desktop":{"background-color":"var(--ast-global-color-4)","background-image":"","background-repeat":"repeat","background-position":"center center","background-size":"auto","background-attachment":"scroll","background-type":"","background-media":"","overlay-type":"","overlay-color":"","overlay-opacity":"","overlay-gradient":""},"tablet":{"background-color":"","background-image":"","background-repeat":"repeat","background-position":"center center","background-size":"auto","background-attachment":"scroll","background-type":"","background-media":"","overlay-type":"","overlay-color":"","overlay-opacity":"","overlay-gradient":""},"mobile":{"background-color":"","background-image":"","background-repeat":"repeat","background-position":"center center","background-size":"auto","background-attachment":"scroll","background-type":"","background-media":"","overlay-type":"","overlay-color":"","overlay-opacity":"","overlay-gradient":""}},"ast-content-background-meta":{"desktop":{"background-color":"var(--ast-global-color-5)","background-image":"","background-repeat":"repeat","background-position":"center center","background-size":"auto","background-attachment":"scroll","background-type":"","background-media":"","overlay-type":"","overlay-color":"","overlay-opacity":"","overlay-gradient":""},"tablet":{"background-color":"var(--ast-global-color-5)","background-image":"","background-repeat":"repeat","background-position":"center center","background-size":"auto","background-attachment":"scroll","background-type":"","background-media":"","overlay-type":"","overlay-color":"","overlay-opacity":"","overlay-gradient":""},"mobile":{"background-color":"var(--ast-global-color-5)","background-image":"","background-repeat":"repeat","background-position":"center center","background-size":"auto","background-attachment":"scroll","background-type":"","background-media":"","overlay-type":"","overlay-color":"","overlay-opacity":"","overlay-gradient":""}},"footnotes":""},"class_list":["post-265","page","type-page","status-publish","hentry"],"post_mailing_queue_ids":[],"_links":{"self":[{"href":"https:\/\/agora.xtec.cat\/ieslasedeta\/wp-json\/wp\/v2\/pages\/265","targetHints":{"allow":["GET"]}}],"collection":[{"href":"https:\/\/agora.xtec.cat\/ieslasedeta\/wp-json\/wp\/v2\/pages"}],"about":[{"href":"https:\/\/agora.xtec.cat\/ieslasedeta\/wp-json\/wp\/v2\/types\/page"}],"author":[{"embeddable":true,"href":"https:\/\/agora.xtec.cat\/ieslasedeta\/wp-json\/wp\/v2\/users\/1"}],"replies":[{"embeddable":true,"href":"https:\/\/agora.xtec.cat\/ieslasedeta\/wp-json\/wp\/v2\/comments?post=265"}],"version-history":[{"count":6,"href":"https:\/\/agora.xtec.cat\/ieslasedeta\/wp-json\/wp\/v2\/pages\/265\/revisions"}],"predecessor-version":[{"id":13478,"href":"https:\/\/agora.xtec.cat\/ieslasedeta\/wp-json\/wp\/v2\/pages\/265\/revisions\/13478"}],"wp:attachment":[{"href":"https:\/\/agora.xtec.cat\/ieslasedeta\/wp-json\/wp\/v2\/media?parent=265"}],"curies":[{"name":"wp","href":"https:\/\/api.w.org\/{rel}","templated":true}]}}