{"id":2214,"date":"2017-10-26T20:35:51","date_gmt":"2017-10-26T18:35:51","guid":{"rendered":"http:\/\/agora.xtec.cat\/ieslaromanica\/?page_id=2214"},"modified":"2026-01-23T13:42:44","modified_gmt":"2026-01-23T12:42:44","slug":"cicles-formatius","status":"publish","type":"page","link":"https:\/\/agora.xtec.cat\/ieslaromanica\/cicles-formatius\/","title":{"rendered":"Cicles Formatius"},"content":{"rendered":"<p style=\"text-align: justify;\">Els cicles formatius son un tipus d\u2019estudis postobligatoris que serveixen per a la inserci\u00f3 en el m\u00f3n laboral.<\/p>\n<p>Tota la informaci\u00f3 respecte als CFGM i CFGS, mat\u00e8ries, mesures flexibilitzadores, acc\u00e9s, etc, en aquests v\u00eddeos:<\/p>\n<table style=\"height: 415px; width: 1068px; border-style: hidden;\" width=\"1070\">\n<tbody>\n<tr style=\"height: 43px; border-style: hidden;\">\n<td style=\"width: 528px; height: 43px; border-style: hidden;\">\n<h4><strong>Informaci\u00f3 Cicles Formatius de Grau Mig<\/strong><\/h4>\n<\/td>\n<td style=\"width: 534px; height: 43px; border-style: hidden;\">\n<h4><strong>\u00a0 Informaci\u00f3 Cicles Formatius de Grau Superior<\/strong><\/h4>\n<\/td>\n<\/tr>\n<tr style=\"height: 353px; border-style: hidden;\">\n<td style=\"width: 528px; height: 353px; border-style: hidden;\"><iframe loading=\"lazy\" src=\"https:\/\/www.youtube.com\/embed\/I2s9oAEfW6E\" width=\"498\" height=\"300\" frameborder=\"0\"><span data-mce-type=\"bookmark\" style=\"display: inline-block; width: 0px; overflow: hidden; line-height: 0;\" class=\"mce_SELRES_start\">\ufeff<\/span><\/iframe><\/td>\n<td style=\"width: 534px; text-align: center; height: 353px; border-style: hidden;\"><iframe loading=\"lazy\" src=\"https:\/\/www.youtube.com\/embed\/xmQnUzsfRE8\" width=\"498\" height=\"300\" frameborder=\"0\"><span data-mce-type=\"bookmark\" style=\"display: inline-block; width: 0px; overflow: hidden; line-height: 0;\" class=\"mce_SELRES_start\">\ufeff<\/span><\/iframe><\/td>\n<\/tr>\n<\/tbody>\n<\/table>\n<table style=\"height: 415px; width: 1068px; border-style: hidden;\" width=\"1070\">\n<tbody>\n<tr style=\"height: 43px; border-style: hidden;\">\n<td style=\"width: 528px; height: 43px; border-style: hidden;\">\n<h4><strong>FP Dual a la Rom\u00e0nica<\/strong><\/h4>\n<\/td>\n<td style=\"width: 534px; height: 43px; border-style: hidden;\">\n<h4><strong>Informaci\u00f3 d&#8217;orientaci\u00f3 cicles formatius<\/strong><\/h4>\n<\/td>\n<\/tr>\n<tr style=\"height: 353px; border-style: hidden;\">\n<td style=\"width: 528px; height: 353px; border-style: hidden;\"><iframe loading=\"lazy\" src=\"https:\/\/www.youtube.com\/embed\/8OH3F2_da-E\" width=\"498\" height=\"300\" frameborder=\"0\"><\/iframe><\/td>\n<td style=\"width: 534px; text-align: center; height: 353px; border-style: hidden;\"><iframe loading=\"lazy\" src=\"https:\/\/www.youtube.com\/embed\/v_hNsiL_SAM\" width=\"498\" height=\"300\" frameborder=\"0\"><\/iframe><\/td>\n<\/tr>\n<\/tbody>\n<\/table>\n<p style=\"text-align: justify;\">Per altra banda, \u00e9s una via que permet la continu\u00eftat d\u2019altres estudis superiors.<\/p>\n<p style=\"text-align: justify;\">A l&#8217;Institut la Rom\u00e0nica s&#8217;imparteixen cicles formatius de la Fam\u00edlia Qu\u00edmica els quals es realitzen en <strong>modalitat DUAL<\/strong>. <a href=\"http:\/\/agora.xtec.cat\/ieslaromanica\/estudis\/cicles-formatius\/fp-dual-a-ins-la-romanica\/\" target=\"_blank\" rel=\"noopener noreferrer\">Clica aqu\u00ed per saber m\u00e9s sobre la modalitat Dual al nostre institut.<\/a><\/p>\n<p style=\"text-align: justify;\">El cicles formatius que s&#8217;imparteixen a Institut La Rom\u00e0nica s\u00f3n (clica sobre els diferents cicles):<\/p>\n<table class=\" aligncenter\" style=\"height: 625px; width: 48.8962%;\" width=\"711\">\n<tbody>\n<tr style=\"height: 52px;\">\n<td style=\"width: 13.9276%; height: 52px; text-align: center;\"><strong>Codi<\/strong><\/td>\n<td style=\"width: 73.5619%; height: 52px; text-align: center;\"><strong>Cicles Formatius de Grau Superior<\/strong><\/td>\n<td style=\"width: 3.09456%; height: 52px; text-align: center;\"><strong>Horari<\/strong><\/td>\n<td style=\"width: 23.741%; height: 52px; text-align: center;\"><strong>Cursos<\/strong><\/td>\n<\/tr>\n<tr style=\"height: 95px;\">\n<td style=\"width: 13.9276%; height: 95px; text-align: center;\">QUD0M<\/td>\n<td style=\"width: 73.5619%; height: 95px; text-align: center;\"><a href=\"https:\/\/agora.xtec.cat\/ieslaromanica\/cicles-formatius\/curs-23_24-gs\/cicle-formatiu-de-grau-superior-de-laboratori-danalisi-i-de-control-de-qualitat-qud0\/\">Laboratori d\u2019An\u00e0lisi i de Control de Qualitat<\/a><\/td>\n<td style=\"width: 3.09456%; height: 95px; text-align: center;\"><strong><em>Mat\u00ed<\/em><\/strong><\/td>\n<td style=\"width: 23.741%; height: 95px; text-align: center;\">2 cursos<\/p>\n<p><a href=\"https:\/\/agora.xtec.cat\/ieslaromanica\/cicles-formatius\/fp-dual-a-ins-la-romanica\/\"><strong>(DUAL)<\/strong><\/a><\/td>\n<\/tr>\n<tr style=\"height: 95px;\">\n<td style=\"width: 13.9276%; height: 95px; text-align: center;\">QUD0T<\/td>\n<td style=\"width: 73.5619%; height: 95px; text-align: center;\"><a href=\"https:\/\/agora.xtec.cat\/ieslaromanica\/cicles-formatius\/curs-23_24-gs\/cicle-formatiu-de-grau-superior-de-laboratori-danalisi-i-de-control-de-qualitat-qud0\/\">Laboratori d\u2019An\u00e0lisi i de Control de Qualitat<\/a><\/td>\n<td style=\"width: 3.09456%; height: 95px; text-align: center;\"><strong><em>Tarda<\/em><\/strong><\/td>\n<td style=\"width: 23.741%; height: 95px; text-align: center;\">2 cursos<\/p>\n<p><a href=\"https:\/\/agora.xtec.cat\/ieslaromanica\/cicles-formatius\/fp-dual-a-ins-la-romanica\/\"><strong>(DUAL)<\/strong><\/a><\/td>\n<\/tr>\n<tr style=\"height: 95px;\">\n<td style=\"width: 13.9276%; height: 95px; text-align: center;\">QUB0M<\/td>\n<td style=\"width: 73.5619%; text-align: center; height: 95px;\"><a href=\"https:\/\/agora.xtec.cat\/ieslaromanica\/cicles-formatius\/curs-23_24-gs\/cicle-formatiu-de-grau-superior-de-fabricacio-de-productes-farmaceutics-biotecnologics-i-afins-qub0\/\">Fabricaci\u00f3 de productes farmac\u00e8utics, biotecnol\u00f2gics i afins<\/a><\/td>\n<td style=\"width: 3.09456%; height: 95px; text-align: center;\"><strong><em>Mat\u00ed<\/em><\/strong><\/td>\n<td style=\"width: 23.741%; height: 95px; text-align: center;\">2 cursos<\/p>\n<p><a href=\"https:\/\/agora.xtec.cat\/ieslaromanica\/cicles-formatius\/fp-dual-a-ins-la-romanica\/\"><strong>(DUAL)<\/strong><\/a><\/td>\n<\/tr>\n<tr style=\"height: 95px;\">\n<td style=\"width: 13.9276%; height: 95px; text-align: center;\">QUB0T<\/td>\n<td style=\"width: 73.5619%; text-align: center; height: 95px;\"><a href=\"https:\/\/agora.xtec.cat\/ieslaromanica\/cicles-formatius\/curs-23_24-gs\/cicle-formatiu-de-grau-superior-de-fabricacio-de-productes-farmaceutics-biotecnologics-i-afins-qub0\/\">Fabricaci\u00f3 de productes farmac\u00e8utics, biotecnol\u00f2gics i afins<\/a><\/td>\n<td style=\"width: 3.09456%; height: 95px; text-align: center;\"><strong><em>Tarda<\/em><\/strong><\/td>\n<td style=\"width: 23.741%; height: 95px; text-align: center;\">2 cursos<\/p>\n<p><a href=\"https:\/\/agora.xtec.cat\/ieslaromanica\/cicles-formatius\/fp-dual-a-ins-la-romanica\/\"><strong>(DUAL)<\/strong><\/a><\/td>\n<\/tr>\n<tr style=\"height: 52px;\">\n<td style=\"width: 13.9276%; height: 52px; text-align: center;\"><strong>Codi<\/strong><\/td>\n<td style=\"width: 73.5619%; text-align: center; height: 52px;\"><strong>Cicles Formatius de Grau Mitj\u00e0<\/strong><\/td>\n<td style=\"width: 3.09456%; height: 52px; text-align: center;\"><strong>Horari<\/strong><\/td>\n<td style=\"width: 23.741%; height: 52px; text-align: center;\"><strong>Cursos<\/strong><\/td>\n<\/tr>\n<tr style=\"height: 31px;\">\n<td style=\"width: 13.9276%; height: 31px; text-align: center;\">QU20<\/td>\n<td style=\"width: 73.5619%; text-align: center; height: 31px;\"><a href=\"https:\/\/agora.xtec.cat\/ieslaromanica\/cicles-formatius\/preinscripcio-i-matricula-a-cicles-formatius-de-grau-mitja-grau-superior-2023-2024\/cicle-formatiu-de-grau-mitja-operacions-de-laboratori-qu20\/\">Operacions de laboratori<\/a><\/td>\n<td style=\"width: 3.09456%; height: 31px; text-align: center;\"><strong><em>Tarda<\/em><\/strong><\/td>\n<td style=\"width: 23.741%; height: 31px; text-align: center;\">2 cursos<\/p>\n<p><a href=\"https:\/\/agora.xtec.cat\/ieslaromanica\/cicles-formatius\/fp-dual-a-ins-la-romanica\/\"><strong>(DUAL)<\/strong><\/a><\/td>\n<\/tr>\n<tr style=\"height: 47px;\">\n<td style=\"width: 13.9276%; height: 47px; text-align: center;\">QU11<\/td>\n<td style=\"width: 73.5619%; height: 47px; text-align: center;\">\u00a0<a href=\"https:\/\/agora.xtec.cat\/ieslaromanica\/cicles-formatius\/preinscripcio-i-matricula-a-cicles-formatius-de-grau-mitja-grau-superior-2023-2024\/cicle-formatiu-de-grau-mitja-planta-quimica-perfil-professional-productes-farmaceutics-i-cosmetics-qu11\/\">Planta qu\u00edmica, perfil professional productes farmac\u00e8utics i cosm\u00e8tics<\/a><\/td>\n<td style=\"width: 3.09456%; height: 47px; text-align: center;\"><strong><em>Tarda<\/em><\/strong><\/td>\n<td style=\"width: 23.741%; height: 47px; text-align: center;\">2 cursos<\/p>\n<p><a href=\"https:\/\/agora.xtec.cat\/ieslaromanica\/cicles-formatius\/fp-dual-a-ins-la-romanica\/\"><strong>(DUAL)<\/strong><\/a><\/td>\n<\/tr>\n<\/tbody>\n<\/table>\n<p>&nbsp;<\/p>\n<p>&nbsp;<\/p>\n<p>&nbsp;<\/p>\n<p>&nbsp;<\/p>\n<p>&nbsp;<\/p>\n<p><strong><em>Horari de mat\u00ed: <\/em><\/strong>de 8:00h a 14:30h<\/p>\n<p><strong><em>Horari de tarda:<\/em><\/strong>\u00a0de15:15h a 21:35h<\/p>\n<h2 style=\"text-align: center;\"><strong>HORARIS DE GRUPS DE FP CURS 25-26<\/strong><\/h2>\n<table style=\"border-collapse: collapse; width: 100%; height: 266px;\">\n<tbody>\n<tr style=\"height: 66px;\">\n<td style=\"width: 100%; height: 66px;\">\n<h3 style=\"text-align: center;\"><strong>HORARIS DELS CICLES FORMATIUS DE GRAU MITJ\u00c0<\/strong><\/h3>\n<\/td>\n<\/tr>\n<tr style=\"height: 200px;\">\n<td style=\"width: 100%; height: 200px;\">\n<h3 style=\"text-align: center;\"><a href=\"https:\/\/agora.xtec.cat\/ieslaromanica\/wp-content\/uploads\/usu857\/2025\/09\/Horari-curs-25-26-QU201-Operacions-de-laboratori-1r.pdf\"><strong>1r<\/strong> Operacions de laboratori<\/a><\/h3>\n<h3 style=\"text-align: center;\"><a href=\"https:\/\/agora.xtec.cat\/ieslaromanica\/wp-content\/uploads\/usu857\/2025\/09\/Horari-curs-25-26-QU202-Operacions-de-laboratori-2n.pdf\"><strong>2n<\/strong> Operacions de laboratori<\/a><\/h3>\n<h3 style=\"text-align: center;\"><a href=\"https:\/\/agora.xtec.cat\/ieslaromanica\/wp-content\/uploads\/usu857\/2025\/09\/Horari-curs-25-26-QU111-Planta-quimica-perfil-professional-productes-farmaceutics-i-cosmetics-1r.pdf\"><strong>1r<\/strong> Planta qu\u00edmica<\/a><\/h3>\n<h3 style=\"text-align: center;\"><a href=\"https:\/\/agora.xtec.cat\/ieslaromanica\/wp-content\/uploads\/usu857\/2025\/09\/Horari-curs-25-26-QU112-Planta-quimica-perfil-professional-productes-farmaceutics-i-cosmetics-2n.pdf\"><strong>2n<\/strong> Planta qu\u00edmica<\/a><\/h3>\n<\/td>\n<\/tr>\n<\/tbody>\n<\/table>\n<table style=\"border-collapse: collapse; width: 100%; height: 600px;\">\n<tbody>\n<tr style=\"height: 66px;\">\n<td style=\"width: 100%; height: 66px;\">\n<h3 style=\"text-align: center;\"><strong>HORARIS DELS CICLES FORMATIUS DE GRAU SUPERIOR<br \/>\n<\/strong><\/h3>\n<\/td>\n<\/tr>\n<tr style=\"height: 66px;\">\n<td style=\"width: 100%; height: 66px;\">\n<h3 style=\"text-align: center;\"><strong>MAT\u00cd<\/strong><\/h3>\n<\/td>\n<\/tr>\n<tr style=\"height: 201px;\">\n<td style=\"width: 100%; height: 201px;\">\n<h3 style=\"text-align: center;\"><a href=\"https:\/\/agora.xtec.cat\/ieslaromanica\/wp-content\/uploads\/usu857\/2025\/09\/Horari-curs-25-26-QUB0M1-Fabricacio-de-productes-farmaceutics-biotecnologics-i-afins-1r-mati.pdf\"><strong>1r<\/strong> Fabricaci\u00f3 de productes farmac\u00e8utics biotecnol\u00f2gics i afins<\/a><\/h3>\n<h3 style=\"text-align: center;\"><a href=\"https:\/\/agora.xtec.cat\/ieslaromanica\/wp-content\/uploads\/usu857\/2025\/09\/Horari-curs-25-26-QUB0M2-Fabricacio-de-productes-farmaceutics-biotecnologics-i-afins-2n-mati.pdf\"><strong>2n<\/strong> Fabricaci\u00f3 de productes farmac\u00e8utics biotecnol\u00f2gics i afins<\/a><\/h3>\n<h3 style=\"text-align: center;\"><a href=\"https:\/\/agora.xtec.cat\/ieslaromanica\/wp-content\/uploads\/usu857\/2025\/09\/Horari-curs-25-26-QUD0M1-Laboratori-danalisi-i-de-control-de-qualitat-1r-curs-mati.pdf\"><strong>1r<\/strong> Laboratori d&#8217;an\u00e0lisi i control de qualitat<\/a><\/h3>\n<h3 style=\"text-align: center;\"><a href=\"https:\/\/agora.xtec.cat\/ieslaromanica\/wp-content\/uploads\/usu857\/2025\/09\/Horari-curs-25-26-QUD0M2-Laboratori-danalisi-i-de-control-de-qualitat-2n-curs-mati.pdf\"><strong>2n<\/strong> Laboratori d&#8217;an\u00e0lisi i control de qualitat<\/a><\/h3>\n<\/td>\n<\/tr>\n<tr style=\"height: 66px;\">\n<td style=\"width: 100%; height: 66px;\">\n<h3 style=\"text-align: center;\"><strong>TARDA<\/strong><\/h3>\n<\/td>\n<\/tr>\n<tr style=\"height: 201px;\">\n<td style=\"width: 100%; height: 201px;\">\n<h3 style=\"text-align: center;\"><a href=\"https:\/\/agora.xtec.cat\/ieslaromanica\/wp-content\/uploads\/usu857\/2025\/09\/Horari-curs-25-26-QUB0T1-Fabricacio-de-productes-farmaceutics-biotecnologics-i-afins-1r-tarda.pdf\"><strong>1r<\/strong> Fabricaci\u00f3 de productes farmac\u00e8utics biotecnol\u00f2gics i afins<\/a><\/h3>\n<h3 style=\"text-align: center;\"><a href=\"https:\/\/agora.xtec.cat\/ieslaromanica\/wp-content\/uploads\/usu857\/2025\/09\/Horari-curs-25-26-QUB0T2-Fabricacio-de-productes-farmaceutics-biotecnologics-i-afins-2n-tarda.pdf\"><strong>2n<\/strong> Fabricaci\u00f3 de productes farmac\u00e8utics biotecnol\u00f2gics i afins<\/a><\/h3>\n<h3 style=\"text-align: center;\"><a href=\"https:\/\/agora.xtec.cat\/ieslaromanica\/wp-content\/uploads\/usu857\/2025\/09\/Gru1_QUD0T1.pdf\"><strong>1r<\/strong> Laboratori d&#8217;an\u00e0lisi i control de qualitat<\/a><\/h3>\n<h3 style=\"text-align: center;\"><a href=\"https:\/\/agora.xtec.cat\/ieslaromanica\/wp-content\/uploads\/usu857\/2025\/09\/Horari-curs-25-26-QUD0T2-Laboratori-danalisi-i-de-control-de-qualitat-2n-curs-tarda.pdf\"><strong>2n<\/strong> Laboratori d&#8217;an\u00e0lisi i control de qualitat<\/a><\/h3>\n<\/td>\n<\/tr>\n<\/tbody>\n<\/table>\n<p>&nbsp;<\/p>\n<p style=\"text-align: justify;\">L&#8217;Institut la Rom\u00e0nica compta amb totes les instal\u00b7lacions i infraestructures necess\u00e0ries per poder impartir tots els continguts tant te\u00f2rics com pr\u00e0ctics propis dels cicles formatius que oferim al centre.\u00a0<a href=\"http:\/\/agora.xtec.cat\/ieslaromanica\/estudis\/cicles-formatius\/installacions\/\">Clica aqu\u00ed per obtenir m\u00e9s informaci\u00f3 sobre instal\u00b7lacions i infraestructures del nostre institut<\/a>.<\/p>\n<p style=\"text-align: justify;\">Per tal d&#8217;oferir uns ensenyaments amb la major qualitat possible el nostre centre est\u00e0 certificat en la\u00a0<strong>ISO 9001<\/strong><\/p>\n<p>Per tal de facilitar la incorporaci\u00f3 del nou alumnat als diferents cicles formatius que s&#8217;imparteixen al centre, a continuaci\u00f3 us deixem l&#8217;enlla\u00e7 a la p\u00e0gina on podreu descarregar els dossiers de coneixements b\u00e0sics on es fa un petit rep\u00e0s als diferents coneixements necessaris per realitzar satisfact\u00f2riament els diferents cicles formatius de Qu\u00edmica.<\/p>\n<p style=\"text-align: center;\"><a href=\"http:\/\/agora.xtec.cat\/ieslaromanica\/cicles-formatius\/dossiers-de-coneixements-basics-necessaris-als-cicles-formatius-de-grau-mitja-i-superior-de-quimica\/\" target=\"_blank\" rel=\"noopener noreferrer\">Dossiers de coneixements b\u00e0sics<\/a><\/p>\n<h3 style=\"text-align: center;\"><a href=\"http:\/\/agora.xtec.cat\/ieslaromanica\/categoria\/cicles-formatius\/\" target=\"_blank\" rel=\"noopener noreferrer\">NOTICIES DE CICLES FORMATIUS<\/a><\/h3>\n<p>&nbsp;<\/p>\n<h4 style=\"text-align: center;\"><strong><a href=\"https:\/\/agora.xtec.cat\/ieslaromanica\/wp-content\/uploads\/usu857\/2023\/03\/triptic-CFGS-Laboratori-danalisi-i-control-de-qualitat-3.pdf\"><img loading=\"lazy\" decoding=\"async\" class=\"aligncenter wp-image-22508\" src=\"https:\/\/agora.xtec.cat\/ieslaromanica\/wp-content\/uploads\/usu857\/2023\/03\/triptico.png\" alt=\"\" width=\"290\" height=\"290\" srcset=\"https:\/\/agora.xtec.cat\/ieslaromanica\/wp-content\/uploads\/usu857\/2023\/03\/triptico.png 512w, https:\/\/agora.xtec.cat\/ieslaromanica\/wp-content\/uploads\/usu857\/2023\/03\/triptico-300x300.png 300w, https:\/\/agora.xtec.cat\/ieslaromanica\/wp-content\/uploads\/usu857\/2023\/03\/triptico-150x150.png 150w\" sizes=\"auto, (max-width: 290px) 100vw, 290px\" \/><\/a>TRIPTICS INFORMATIUS<\/strong><\/h4>\n<p style=\"text-align: center;\"><a href=\"https:\/\/agora.xtec.cat\/ieslaromanica\/wp-content\/uploads\/usu857\/2026\/01\/Triptic_QU20.pdf\">CFGM Operacions de laboratori<\/a><\/p>\n<p style=\"text-align: center;\"><a href=\"https:\/\/agora.xtec.cat\/ieslaromanica\/wp-content\/uploads\/usu857\/2026\/01\/Triptic_QU11.pdf\">CFGM Planta qu\u00edmica: perfil professional cosm\u00e8tic<\/a><\/p>\n<p style=\"text-align: center;\"><a href=\"https:\/\/agora.xtec.cat\/ieslaromanica\/wp-content\/uploads\/usu857\/2026\/01\/Triptic_QUB0.pdf\">CFGS Fabricaci\u00f3 de productes farmac\u00e8utics Biotecnol\u00f2gics i Afins<\/a><\/p>\n<p style=\"text-align: center;\"><a href=\"https:\/\/agora.xtec.cat\/ieslaromanica\/wp-content\/uploads\/usu857\/2026\/01\/Triptic_QUD0.pdf\">CFGS Laboratori d&#8217;an\u00e0lisi i control de qualitat<\/a><\/p>\n<p>&nbsp;<\/p>\n","protected":false},"excerpt":{"rendered":"<p>Els cicles formatius son un tipus d\u2019estudis postobligatoris que serveixen per a la inserci\u00f3 en el m\u00f3n laboral.<br \/>\nTota la informaci\u00f3 respecte als CFGM i CFGS, mat\u00e8ries, mesures flexibilitzadores, acc\u00e9s, etc, en aquests v\u00eddeos:<\/p>\n<p>Informaci\u00f3 Cicles Formatius de Grau Mig<\/p>\n<p>\u00a0 Informaci\u00f3 Cicles Formatius de Grau Superior<\/p>\n<p>\ufeff<br \/>\n\ufeff<\/p>\n<p>FP Dual&hellip;  <a href=\"https:\/\/agora.xtec.cat\/ieslaromanica\/cicles-formatius\/\" title=\"Read Cicles Formatius\">Llegeix m\u00e9s\u00bb<\/a><\/p>\n","protected":false},"author":35,"featured_media":0,"parent":0,"menu_order":1,"comment_status":"closed","ping_status":"closed","template":"page-templates\/side-menu.php","meta":{"_bbp_topic_count":0,"_bbp_reply_count":0,"_bbp_total_topic_count":0,"_bbp_total_reply_count":0,"_bbp_voice_count":0,"_bbp_anonymous_reply_count":0,"_bbp_topic_count_hidden":0,"_bbp_reply_count_hidden":0,"_bbp_forum_subforum_count":0,"footnotes":""},"class_list":["post-2214","page","type-page","status-publish","hentry"],"post_mailing_queue_ids":[],"_links":{"self":[{"href":"https:\/\/agora.xtec.cat\/ieslaromanica\/wp-json\/wp\/v2\/pages\/2214","targetHints":{"allow":["GET"]}}],"collection":[{"href":"https:\/\/agora.xtec.cat\/ieslaromanica\/wp-json\/wp\/v2\/pages"}],"about":[{"href":"https:\/\/agora.xtec.cat\/ieslaromanica\/wp-json\/wp\/v2\/types\/page"}],"author":[{"embeddable":true,"href":"https:\/\/agora.xtec.cat\/ieslaromanica\/wp-json\/wp\/v2\/users\/35"}],"replies":[{"embeddable":true,"href":"https:\/\/agora.xtec.cat\/ieslaromanica\/wp-json\/wp\/v2\/comments?post=2214"}],"version-history":[{"count":8,"href":"https:\/\/agora.xtec.cat\/ieslaromanica\/wp-json\/wp\/v2\/pages\/2214\/revisions"}],"predecessor-version":[{"id":24402,"href":"https:\/\/agora.xtec.cat\/ieslaromanica\/wp-json\/wp\/v2\/pages\/2214\/revisions\/24402"}],"wp:attachment":[{"href":"https:\/\/agora.xtec.cat\/ieslaromanica\/wp-json\/wp\/v2\/media?parent=2214"}],"curies":[{"name":"wp","href":"https:\/\/api.w.org\/{rel}","templated":true}]}}