{"id":20891,"date":"2022-03-04T13:38:44","date_gmt":"2022-03-04T12:38:44","guid":{"rendered":"https:\/\/agora.xtec.cat\/ieslaromanica\/?page_id=20891"},"modified":"2022-11-15T17:50:25","modified_gmt":"2022-11-15T16:50:25","slug":"orientafp-2","status":"publish","type":"page","link":"https:\/\/agora.xtec.cat\/ieslaromanica\/cicles-formatius\/xarxes-de-fp\/orientafp-2\/","title":{"rendered":"OrientaFP"},"content":{"rendered":"<p><a href=\"https:\/\/agora.xtec.cat\/ieslaromanica\/wp-content\/uploads\/usu857\/2021\/09\/orientaFP.png\"><img loading=\"lazy\" decoding=\"async\" class=\"wp-image-19816 aligncenter\" src=\"https:\/\/agora.xtec.cat\/ieslaromanica\/wp-content\/uploads\/usu857\/2021\/09\/orientaFP-1024x282.png\" alt=\"\" width=\"374\" height=\"103\" srcset=\"https:\/\/agora.xtec.cat\/ieslaromanica\/wp-content\/uploads\/usu857\/2021\/09\/orientaFP-1024x282.png 1024w, https:\/\/agora.xtec.cat\/ieslaromanica\/wp-content\/uploads\/usu857\/2021\/09\/orientaFP-300x83.png 300w, https:\/\/agora.xtec.cat\/ieslaromanica\/wp-content\/uploads\/usu857\/2021\/09\/orientaFP-768x212.png 768w, https:\/\/agora.xtec.cat\/ieslaromanica\/wp-content\/uploads\/usu857\/2021\/09\/orientaFP.png 1433w\" sizes=\"auto, (max-width: 374px) 100vw, 374px\" \/><\/a><\/p>\n<p style=\"text-align: justify;\">Orienta FP \u00e9s un servei que es dona al conjunt de tot l\u2019alumnat pel que fa refer\u00e8ncia a l\u2019orientaci\u00f3 acad\u00e8mica -un cop finalitzats els seus estudis de FP- (de GM a GS, GS a Universitat), aix\u00ed com una orientaci\u00f3 professional. Es realitza a trav\u00e9s del conjunt de l\u2019equip docent del cicle, tant a les tutories com en diferents MPs. L\u2019estudiant disposar\u00e0 d\u2019un IPOP (informe personal d\u2019orientaci\u00f3 professional) un cop finalitzi els seus estudiants, el qual estar\u00e0 a disposici\u00f3 de les empreses per tal de con\u00e8ixer millor als candidats que optin a una vacant; l\u2019estudiant ser\u00e0 qui haur\u00e0 de fer visible o no el seu IPOP a les empreses.<\/p>\n<p><strong><u>Objectius<\/u>:<\/strong><\/p>\n<ol>\n<li>Ajudar a l\u2019estudiant a prendre decisions fonamentades en les seves habilitats i interessos.<\/li>\n<li>Oferir a l\u2019alumnat les eines i els recursos per a construir el seu IPOP al llarg de tot el cicle formatiu.<\/li>\n<li>Posar a disposici\u00f3 de les empreses una eina complement\u00e0ria a l\u2019entrevista personal i al curriculum de l\u2019estudiant per a dur a terme la selecci\u00f3 futura de nous treballadors.<\/li>\n<\/ol>\n<h5 style=\"text-align: center;\">Volem estar a la vostra disposici\u00f3 i ajudar-vos a prendre les millors decisions, facilitant-vos tota la informaci\u00f3 que requeriu per a poder-ho fer amb el m\u00e0xim de garanties. No obstant, sempre la decisi\u00f3 final ser\u00e0 vostra.\u00a0<b>Orienta\u2019t<\/b><\/h5>\n<p>&nbsp;<\/p>\n<p>&nbsp;<\/p>\n","protected":false},"excerpt":{"rendered":"<p><a href=\"https:\/\/agora.xtec.cat\/ieslaromanica\/wp-content\/uploads\/usu857\/2021\/09\/orientaFP.png\"><\/a><br \/>\nOrienta FP \u00e9s un servei que es dona al conjunt de tot l\u2019alumnat pel que fa refer\u00e8ncia a l\u2019orientaci\u00f3 acad\u00e8mica -un cop finalitzats els seus estudis de FP- (de GM a GS, GS a Universitat), aix\u00ed com una orientaci\u00f3 professional. Es realitza a trav\u00e9s&hellip;  <a href=\"https:\/\/agora.xtec.cat\/ieslaromanica\/cicles-formatius\/xarxes-de-fp\/orientafp-2\/\" title=\"Read OrientaFP\">Llegeix m\u00e9s\u00bb<\/a><\/p>\n","protected":false},"author":35,"featured_media":0,"parent":20868,"menu_order":5,"comment_status":"closed","ping_status":"closed","template":"page-templates\/side-menu.php","meta":{"_bbp_topic_count":0,"_bbp_reply_count":0,"_bbp_total_topic_count":0,"_bbp_total_reply_count":0,"_bbp_voice_count":0,"_bbp_anonymous_reply_count":0,"_bbp_topic_count_hidden":0,"_bbp_reply_count_hidden":0,"_bbp_forum_subforum_count":0,"footnotes":""},"class_list":["post-20891","page","type-page","status-publish","hentry"],"post_mailing_queue_ids":[],"_links":{"self":[{"href":"https:\/\/agora.xtec.cat\/ieslaromanica\/wp-json\/wp\/v2\/pages\/20891","targetHints":{"allow":["GET"]}}],"collection":[{"href":"https:\/\/agora.xtec.cat\/ieslaromanica\/wp-json\/wp\/v2\/pages"}],"about":[{"href":"https:\/\/agora.xtec.cat\/ieslaromanica\/wp-json\/wp\/v2\/types\/page"}],"author":[{"embeddable":true,"href":"https:\/\/agora.xtec.cat\/ieslaromanica\/wp-json\/wp\/v2\/users\/35"}],"replies":[{"embeddable":true,"href":"https:\/\/agora.xtec.cat\/ieslaromanica\/wp-json\/wp\/v2\/comments?post=20891"}],"version-history":[{"count":3,"href":"https:\/\/agora.xtec.cat\/ieslaromanica\/wp-json\/wp\/v2\/pages\/20891\/revisions"}],"predecessor-version":[{"id":22038,"href":"https:\/\/agora.xtec.cat\/ieslaromanica\/wp-json\/wp\/v2\/pages\/20891\/revisions\/22038"}],"up":[{"embeddable":true,"href":"https:\/\/agora.xtec.cat\/ieslaromanica\/wp-json\/wp\/v2\/pages\/20868"}],"wp:attachment":[{"href":"https:\/\/agora.xtec.cat\/ieslaromanica\/wp-json\/wp\/v2\/media?parent=20891"}],"curies":[{"name":"wp","href":"https:\/\/api.w.org\/{rel}","templated":true}]}}