{"id":20180,"date":"2021-11-05T21:07:19","date_gmt":"2021-11-05T20:07:19","guid":{"rendered":"https:\/\/agora.xtec.cat\/ieslaromanica\/?page_id=20180"},"modified":"2021-11-05T22:04:58","modified_gmt":"2021-11-05T21:04:58","slug":"coeducacio","status":"publish","type":"page","link":"https:\/\/agora.xtec.cat\/ieslaromanica\/projectes\/projectes-actuals\/coeducacio\/","title":{"rendered":"Projecte Coeducaci\u00f3"},"content":{"rendered":"<p>La Comissi\u00f3 de Coeducaci\u00f3, des del 2018, ha estat treballant per fomentar activitats i reformar els espais del centre amb la finalitat d&#8217;oferir igualtat d&#8217;oportunitats a tot l&#8217;alumnat i promoure una metodologia que potenc\u00efi la igualtat de g\u00e8nere i el respecte per la diversitat, la cooperaci\u00f3 i els valors inclusius. L&#8217;aprofundiment de com implementar aquesta consci\u00e8ncia s&#8217;est\u00e0 realitzant en xarxa, en col\u00b7laboraci\u00f3 amb altres comissions i projectes de centre.<\/p>\n<p><a href=\"https:\/\/drive.google.com\/file\/d\/1Z3JFNFExGxsEpy8YLOEy4Wvpwx9_jBCh\/view?usp=sharing\"><img loading=\"lazy\" decoding=\"async\" class=\"wp-image-20230 aligncenter\" src=\"https:\/\/agora.xtec.cat\/ieslaromanica\/wp-content\/uploads\/usu857\/2021\/11\/G-Mapa-conceptual2-2mg-300x212.jpg\" alt=\"\" width=\"474\" height=\"335\" srcset=\"https:\/\/agora.xtec.cat\/ieslaromanica\/wp-content\/uploads\/usu857\/2021\/11\/G-Mapa-conceptual2-2mg-300x212.jpg 300w, https:\/\/agora.xtec.cat\/ieslaromanica\/wp-content\/uploads\/usu857\/2021\/11\/G-Mapa-conceptual2-2mg-1024x724.jpg 1024w, https:\/\/agora.xtec.cat\/ieslaromanica\/wp-content\/uploads\/usu857\/2021\/11\/G-Mapa-conceptual2-2mg-768x543.jpg 768w, https:\/\/agora.xtec.cat\/ieslaromanica\/wp-content\/uploads\/usu857\/2021\/11\/G-Mapa-conceptual2-2mg-1536x1086.jpg 1536w, https:\/\/agora.xtec.cat\/ieslaromanica\/wp-content\/uploads\/usu857\/2021\/11\/G-Mapa-conceptual2-2mg-2048x1449.jpg 2048w\" sizes=\"auto, (max-width: 474px) 100vw, 474px\" \/><\/a><\/p>\n<p>En un inici, a m\u00e9s de refor\u00e7ar la metodologia que ja es duia a terme al centre, ens vam enfocar en rehabilitar el pati de l&#8217;institut, un projecte que formava part de tot un conjunt de reformes vinculades als &#8220;Patis Coeducatius&#8221; que ajuntaments i altres institucions ja havien realitzat. Hi va haver un estudi i an\u00e0lisis de referents com ara el del projecte Empatitzem, el dut a terme per la Cooperativa Coeducaci\u00f3 i el projecte Aulo de Maria Acaso on es remarca que els espais condicionen la manera com aprenem.<\/p>\n<table style=\"border-collapse: collapse; width: 100%;\">\n<tbody>\n<tr>\n<td style=\"width: 33.3333%;\" colspan=\"3\">Referents Projectes i Escoles:<\/td>\n<\/tr>\n<tr>\n<td style=\"width: 33.3333%;\"><a href=\"https:\/\/drive.google.com\/file\/d\/1hnfUM5WViFl9fihVjoBQuaZO-KlP8OCR\/view?usp=sharing\"><img loading=\"lazy\" decoding=\"async\" class=\"alignleft size-medium wp-image-20235\" src=\"https:\/\/agora.xtec.cat\/ieslaromanica\/wp-content\/uploads\/usu857\/2021\/11\/A-referents-1-2mg-300x212.jpg\" alt=\"\" width=\"300\" height=\"212\" srcset=\"https:\/\/agora.xtec.cat\/ieslaromanica\/wp-content\/uploads\/usu857\/2021\/11\/A-referents-1-2mg-300x212.jpg 300w, https:\/\/agora.xtec.cat\/ieslaromanica\/wp-content\/uploads\/usu857\/2021\/11\/A-referents-1-2mg-1024x724.jpg 1024w, https:\/\/agora.xtec.cat\/ieslaromanica\/wp-content\/uploads\/usu857\/2021\/11\/A-referents-1-2mg-768x543.jpg 768w, https:\/\/agora.xtec.cat\/ieslaromanica\/wp-content\/uploads\/usu857\/2021\/11\/A-referents-1-2mg-1536x1086.jpg 1536w, https:\/\/agora.xtec.cat\/ieslaromanica\/wp-content\/uploads\/usu857\/2021\/11\/A-referents-1-2mg-2048x1448.jpg 2048w\" sizes=\"auto, (max-width: 300px) 100vw, 300px\" \/><\/a><\/td>\n<td style=\"width: 33.3333%;\"><a href=\"https:\/\/drive.google.com\/file\/d\/1aCmBShcX2G1GhmiuM-R1ahq--RetxkDL\/view?usp=sharing\"><img loading=\"lazy\" decoding=\"async\" class=\"alignleft size-medium wp-image-20236\" src=\"https:\/\/agora.xtec.cat\/ieslaromanica\/wp-content\/uploads\/usu857\/2021\/11\/A-referents-2-2mg-300x212.jpg\" alt=\"\" width=\"300\" height=\"212\" srcset=\"https:\/\/agora.xtec.cat\/ieslaromanica\/wp-content\/uploads\/usu857\/2021\/11\/A-referents-2-2mg-300x212.jpg 300w, https:\/\/agora.xtec.cat\/ieslaromanica\/wp-content\/uploads\/usu857\/2021\/11\/A-referents-2-2mg-1024x724.jpg 1024w, https:\/\/agora.xtec.cat\/ieslaromanica\/wp-content\/uploads\/usu857\/2021\/11\/A-referents-2-2mg-768x543.jpg 768w, https:\/\/agora.xtec.cat\/ieslaromanica\/wp-content\/uploads\/usu857\/2021\/11\/A-referents-2-2mg-1536x1087.jpg 1536w, https:\/\/agora.xtec.cat\/ieslaromanica\/wp-content\/uploads\/usu857\/2021\/11\/A-referents-2-2mg-2048x1449.jpg 2048w\" sizes=\"auto, (max-width: 300px) 100vw, 300px\" \/><\/a><\/td>\n<td style=\"width: 33.3333%;\"><a href=\"https:\/\/drive.google.com\/file\/d\/1CjdbZJzrPg7yXX1wuSBDxclliHo8OUf8\/view?usp=sharing\"><img loading=\"lazy\" decoding=\"async\" class=\"alignleft size-medium wp-image-20237\" src=\"https:\/\/agora.xtec.cat\/ieslaromanica\/wp-content\/uploads\/usu857\/2021\/11\/A-referents-3-2mg-300x212.jpg\" alt=\"\" width=\"300\" height=\"212\" srcset=\"https:\/\/agora.xtec.cat\/ieslaromanica\/wp-content\/uploads\/usu857\/2021\/11\/A-referents-3-2mg-300x212.jpg 300w, https:\/\/agora.xtec.cat\/ieslaromanica\/wp-content\/uploads\/usu857\/2021\/11\/A-referents-3-2mg-1024x724.jpg 1024w, https:\/\/agora.xtec.cat\/ieslaromanica\/wp-content\/uploads\/usu857\/2021\/11\/A-referents-3-2mg-768x543.jpg 768w, https:\/\/agora.xtec.cat\/ieslaromanica\/wp-content\/uploads\/usu857\/2021\/11\/A-referents-3-2mg-1536x1086.jpg 1536w, https:\/\/agora.xtec.cat\/ieslaromanica\/wp-content\/uploads\/usu857\/2021\/11\/A-referents-3-2mg-2048x1448.jpg 2048w\" sizes=\"auto, (max-width: 300px) 100vw, 300px\" \/><\/a><\/td>\n<\/tr>\n<\/tbody>\n<\/table>\n<table style=\"border-collapse: collapse; width: 100%;\">\n<tbody>\n<tr>\n<td style=\"width: 33.3333%;\">Referents Metodologia:<\/td>\n<td style=\"width: 33.3333%;\"><a href=\"https:\/\/drive.google.com\/file\/d\/1mwlxRsAPl4LsYxPJdB2onv99Qk1UFqb5\/view?usp=sharing\"><img loading=\"lazy\" decoding=\"async\" class=\"alignleft size-medium wp-image-20238\" src=\"https:\/\/agora.xtec.cat\/ieslaromanica\/wp-content\/uploads\/usu857\/2021\/11\/A-referents-4-fases-2mg-300x212.jpg\" alt=\"\" width=\"300\" height=\"212\" srcset=\"https:\/\/agora.xtec.cat\/ieslaromanica\/wp-content\/uploads\/usu857\/2021\/11\/A-referents-4-fases-2mg-300x212.jpg 300w, https:\/\/agora.xtec.cat\/ieslaromanica\/wp-content\/uploads\/usu857\/2021\/11\/A-referents-4-fases-2mg-1024x724.jpg 1024w, https:\/\/agora.xtec.cat\/ieslaromanica\/wp-content\/uploads\/usu857\/2021\/11\/A-referents-4-fases-2mg-768x543.jpg 768w, https:\/\/agora.xtec.cat\/ieslaromanica\/wp-content\/uploads\/usu857\/2021\/11\/A-referents-4-fases-2mg-1536x1086.jpg 1536w, https:\/\/agora.xtec.cat\/ieslaromanica\/wp-content\/uploads\/usu857\/2021\/11\/A-referents-4-fases-2mg.jpg 1937w\" sizes=\"auto, (max-width: 300px) 100vw, 300px\" \/><\/a><\/td>\n<td style=\"width: 33.3333%;\"><a href=\"https:\/\/drive.google.com\/file\/d\/1lI8CuYQZk-vTUdZBfAoos___M07upu21\/view?usp=sharing\"><img loading=\"lazy\" decoding=\"async\" class=\"alignleft size-medium wp-image-20239\" src=\"https:\/\/agora.xtec.cat\/ieslaromanica\/wp-content\/uploads\/usu857\/2021\/11\/A-referents-4-fasesbis-2mg-300x212.jpg\" alt=\"\" width=\"300\" height=\"212\" srcset=\"https:\/\/agora.xtec.cat\/ieslaromanica\/wp-content\/uploads\/usu857\/2021\/11\/A-referents-4-fasesbis-2mg-300x212.jpg 300w, https:\/\/agora.xtec.cat\/ieslaromanica\/wp-content\/uploads\/usu857\/2021\/11\/A-referents-4-fasesbis-2mg-1024x724.jpg 1024w, https:\/\/agora.xtec.cat\/ieslaromanica\/wp-content\/uploads\/usu857\/2021\/11\/A-referents-4-fasesbis-2mg-768x543.jpg 768w, https:\/\/agora.xtec.cat\/ieslaromanica\/wp-content\/uploads\/usu857\/2021\/11\/A-referents-4-fasesbis-2mg-1536x1086.jpg 1536w, https:\/\/agora.xtec.cat\/ieslaromanica\/wp-content\/uploads\/usu857\/2021\/11\/A-referents-4-fasesbis-2mg.jpg 2008w\" sizes=\"auto, (max-width: 300px) 100vw, 300px\" \/><\/a><\/td>\n<\/tr>\n<\/tbody>\n<\/table>\n<p>La metodologia utilitzada s&#8217;ha desglossat en diferents fases i canals diversificats d&#8217;aplicaci\u00f3 on s&#8217;ha implicat a tota la comunitat educativa. Es van realitzar enquestes, tant a l&#8217;alumnat com al professorat, i es va treballar de forma m\u00e9s acurada en determinats grups de l&#8217;ESO dins del marc del<a href=\"https:\/\/agora.xtec.cat\/ieslaromanica\/projectes\/projectes-2019-2020-2\/gaudir-les-formes\/\"> projecte Gaudir les formes<\/a>. L&#8217;alumnat va participar en els tallers promoguts pel Col\u00b7legi d&#8217;Arquitectes i el Consorci d&#8217;Educaci\u00f3 inclosos dins del projecte <a href=\"https:\/\/agora.xtec.cat\/ieslaromanica\/general\/arquitectura-a-les-aules-i-patis-coeducatius\/\">Arquitectura a les Aules<\/a>. Tamb\u00e9 vam comptar amb l&#8217;ajut de l&#8217;<a href=\"https:\/\/agora.xtec.cat\/ieslaromanica\/categoria\/ampa\/\">AMPA-AFA<\/a> de l&#8217;Institut que va promoure el concurs de <a href=\"https:\/\/agora.xtec.cat\/ieslaromanica\/general\/la-romanica-particip\/\">Pressupost Participatiu<\/a> que va concloure amb una dotaci\u00f3 diner\u00e0ria per millorar els espais exteriors del centre. En el proc\u00e9s, es van dur a terme reunions de delegats de cada grup d&#8217;ESO i batxillerat, es van presentar variats projectes d&#8217;intervenci\u00f3-rehabilitaci\u00f3 i finalment, tot l&#8217;alumnat del centre va votar per guanyar la proposta de millorar i potenciar les zones verdes i de relaxaci\u00f3 del pati incorporant taules i bancs de fusta.<\/p>\n<p>Amb l&#8217;objectiu de potenciar la coeducaci\u00f3 a l&#8217;hora d&#8217;esbarjo i amb relaci\u00f3 a les fases d&#8217;an\u00e0lisi i resoluci\u00f3 de &#8220;problemes&#8221; presents al pati, v\u00e0rem comen\u00e7ar realitzant activitats d&#8217;observaci\u00f3, sensibilitzaci\u00f3 i diagnosis de tot all\u00f2 que podr\u00edem millorar, per passar a una an\u00e0lisi m\u00e9s profunda que, posteriorment, ens va ajudar a sintetitzar, resumir conceptes i definir estrat\u00e8gies d&#8217;actuaci\u00f3 i disseny. Finalment es va arribar a un consens col\u00b7lectiu per tal de determinar les propostes m\u00e9s viables i que van formar part del concurs Pressupost Participatiu.<\/p>\n<table style=\"border-collapse: collapse; width: 100%;\">\n<tbody>\n<tr>\n<td style=\"width: 26.4381%;\">Estat inicial del pati<\/td>\n<td style=\"width: 33.3333%;\"><a href=\"https:\/\/drive.google.com\/file\/d\/1OnIuR8wNgBvxI8xXlwP17DNPWtMDdRtt\/view?usp=sharing\"><img loading=\"lazy\" decoding=\"async\" class=\"alignleft size-medium wp-image-20240\" src=\"https:\/\/agora.xtec.cat\/ieslaromanica\/wp-content\/uploads\/usu857\/2021\/11\/PAti-Organitzacio\u0301-BA\u0300SICA-2mg-300x212.jpg\" alt=\"\" width=\"300\" height=\"212\" srcset=\"https:\/\/agora.xtec.cat\/ieslaromanica\/wp-content\/uploads\/usu857\/2021\/11\/PAti-Organitzacio\u0301-BA\u0300SICA-2mg-300x212.jpg 300w, https:\/\/agora.xtec.cat\/ieslaromanica\/wp-content\/uploads\/usu857\/2021\/11\/PAti-Organitzacio\u0301-BA\u0300SICA-2mg-1024x725.jpg 1024w, https:\/\/agora.xtec.cat\/ieslaromanica\/wp-content\/uploads\/usu857\/2021\/11\/PAti-Organitzacio\u0301-BA\u0300SICA-2mg-768x543.jpg 768w, https:\/\/agora.xtec.cat\/ieslaromanica\/wp-content\/uploads\/usu857\/2021\/11\/PAti-Organitzacio\u0301-BA\u0300SICA-2mg-1536x1087.jpg 1536w, https:\/\/agora.xtec.cat\/ieslaromanica\/wp-content\/uploads\/usu857\/2021\/11\/PAti-Organitzacio\u0301-BA\u0300SICA-2mg-2048x1449.jpg 2048w\" sizes=\"auto, (max-width: 300px) 100vw, 300px\" \/><\/a><\/td>\n<td style=\"width: 33.3333%;\"><\/td>\n<\/tr>\n<tr>\n<td style=\"width: 26.4381%;\">Idees de millora i possibles activitats<\/td>\n<td style=\"width: 33.3333%;\"><a href=\"https:\/\/drive.google.com\/file\/d\/1km1TqtJoxgqIIA9kJgw2mKhO3k2hh_QQ\/view?usp=sharing\"><img loading=\"lazy\" decoding=\"async\" class=\"alignleft size-medium wp-image-20241\" src=\"https:\/\/agora.xtec.cat\/ieslaromanica\/wp-content\/uploads\/usu857\/2021\/11\/PAti-Organitzacio\u0301-BA\u0300SICA2-2mg-300x212.jpg\" alt=\"\" width=\"300\" height=\"212\" srcset=\"https:\/\/agora.xtec.cat\/ieslaromanica\/wp-content\/uploads\/usu857\/2021\/11\/PAti-Organitzacio\u0301-BA\u0300SICA2-2mg-300x212.jpg 300w, https:\/\/agora.xtec.cat\/ieslaromanica\/wp-content\/uploads\/usu857\/2021\/11\/PAti-Organitzacio\u0301-BA\u0300SICA2-2mg-1024x725.jpg 1024w, https:\/\/agora.xtec.cat\/ieslaromanica\/wp-content\/uploads\/usu857\/2021\/11\/PAti-Organitzacio\u0301-BA\u0300SICA2-2mg-768x544.jpg 768w, https:\/\/agora.xtec.cat\/ieslaromanica\/wp-content\/uploads\/usu857\/2021\/11\/PAti-Organitzacio\u0301-BA\u0300SICA2-2mg-1536x1087.jpg 1536w, https:\/\/agora.xtec.cat\/ieslaromanica\/wp-content\/uploads\/usu857\/2021\/11\/PAti-Organitzacio\u0301-BA\u0300SICA2-2mg-2048x1450.jpg 2048w\" sizes=\"auto, (max-width: 300px) 100vw, 300px\" \/><\/a><\/td>\n<td style=\"width: 33.3333%;\"><a href=\"https:\/\/drive.google.com\/file\/d\/1GBDuxo-ysfrQ63tTOiH-OXXhQJbRuLZ8\/view?usp=sharing\"><img loading=\"lazy\" decoding=\"async\" class=\"alignleft size-medium wp-image-20242\" src=\"https:\/\/agora.xtec.cat\/ieslaromanica\/wp-content\/uploads\/usu857\/2021\/11\/PAti-Organitzacio\u0301-ESPECIFICA1-2mg-300x212.jpg\" alt=\"\" width=\"300\" height=\"212\" srcset=\"https:\/\/agora.xtec.cat\/ieslaromanica\/wp-content\/uploads\/usu857\/2021\/11\/PAti-Organitzacio\u0301-ESPECIFICA1-2mg-300x212.jpg 300w, https:\/\/agora.xtec.cat\/ieslaromanica\/wp-content\/uploads\/usu857\/2021\/11\/PAti-Organitzacio\u0301-ESPECIFICA1-2mg-1024x725.jpg 1024w, https:\/\/agora.xtec.cat\/ieslaromanica\/wp-content\/uploads\/usu857\/2021\/11\/PAti-Organitzacio\u0301-ESPECIFICA1-2mg-768x543.jpg 768w, https:\/\/agora.xtec.cat\/ieslaromanica\/wp-content\/uploads\/usu857\/2021\/11\/PAti-Organitzacio\u0301-ESPECIFICA1-2mg-1536x1087.jpg 1536w, https:\/\/agora.xtec.cat\/ieslaromanica\/wp-content\/uploads\/usu857\/2021\/11\/PAti-Organitzacio\u0301-ESPECIFICA1-2mg-2048x1449.jpg 2048w\" sizes=\"auto, (max-width: 300px) 100vw, 300px\" \/><\/a><\/td>\n<\/tr>\n<\/tbody>\n<\/table>\n<p>El resultat de tot aquest proc\u00e9s -que encara continua- ha estat molt satisfactori i aquest any escolar (2021-2022) hem iniciat el curs amb m\u00e9s espais verds que equilibren la relaci\u00f3 entre asfalt i natura, fomenten la sostenibilitat i afavoreixen la diversitat coeducadora. A m\u00e9s d&#8217;integrar mobiliari (taules i bancs de fusta) en les zones m\u00e9s naturals del pati, generant-se aix\u00ed nous espais on palar, estudiar o senzillament relaxar-se, s&#8217;han plantat nous arbres i s&#8217;han obert i reformat zones verdes deshabilitades, la zona oest del pati, darrere del gimn\u00e0s, o destinades exclusivament a un \u00fas did\u00e0ctic, un espai tancat a l&#8217;hora de l&#8217;esbarjo, com ara \u00e9s el cas de l&#8217;hort.<\/p>\n<table style=\"border-collapse: collapse; width: 100%;\">\n<tbody>\n<tr>\n<td style=\"width: 33.3333%;\"><a href=\"https:\/\/agora.xtec.cat\/ieslaromanica\/wp-content\/uploads\/usu857\/2021\/11\/IMG_1280bis-2mg.jpg\"><img loading=\"lazy\" decoding=\"async\" class=\"alignleft size-medium wp-image-20259\" src=\"https:\/\/agora.xtec.cat\/ieslaromanica\/wp-content\/uploads\/usu857\/2021\/11\/IMG_1280bis-2mg-300x225.jpg\" alt=\"\" width=\"300\" height=\"225\" srcset=\"https:\/\/agora.xtec.cat\/ieslaromanica\/wp-content\/uploads\/usu857\/2021\/11\/IMG_1280bis-2mg-300x225.jpg 300w, https:\/\/agora.xtec.cat\/ieslaromanica\/wp-content\/uploads\/usu857\/2021\/11\/IMG_1280bis-2mg-1024x769.jpg 1024w, https:\/\/agora.xtec.cat\/ieslaromanica\/wp-content\/uploads\/usu857\/2021\/11\/IMG_1280bis-2mg-768x576.jpg 768w, https:\/\/agora.xtec.cat\/ieslaromanica\/wp-content\/uploads\/usu857\/2021\/11\/IMG_1280bis-2mg-200x150.jpg 200w, https:\/\/agora.xtec.cat\/ieslaromanica\/wp-content\/uploads\/usu857\/2021\/11\/IMG_1280bis-2mg.jpg 1535w\" sizes=\"auto, (max-width: 300px) 100vw, 300px\" \/><\/a><\/td>\n<td style=\"width: 33.3333%;\"><a href=\"https:\/\/agora.xtec.cat\/ieslaromanica\/wp-content\/uploads\/usu857\/2021\/11\/IMG_1281bis-2mg.jpg\"><img loading=\"lazy\" decoding=\"async\" class=\"alignleft size-medium wp-image-20260\" src=\"https:\/\/agora.xtec.cat\/ieslaromanica\/wp-content\/uploads\/usu857\/2021\/11\/IMG_1281bis-2mg-300x225.jpg\" alt=\"\" width=\"300\" height=\"225\" srcset=\"https:\/\/agora.xtec.cat\/ieslaromanica\/wp-content\/uploads\/usu857\/2021\/11\/IMG_1281bis-2mg-300x225.jpg 300w, https:\/\/agora.xtec.cat\/ieslaromanica\/wp-content\/uploads\/usu857\/2021\/11\/IMG_1281bis-2mg-1024x768.jpg 1024w, https:\/\/agora.xtec.cat\/ieslaromanica\/wp-content\/uploads\/usu857\/2021\/11\/IMG_1281bis-2mg-768x576.jpg 768w, https:\/\/agora.xtec.cat\/ieslaromanica\/wp-content\/uploads\/usu857\/2021\/11\/IMG_1281bis-2mg-1536x1152.jpg 1536w, https:\/\/agora.xtec.cat\/ieslaromanica\/wp-content\/uploads\/usu857\/2021\/11\/IMG_1281bis-2mg-200x150.jpg 200w, https:\/\/agora.xtec.cat\/ieslaromanica\/wp-content\/uploads\/usu857\/2021\/11\/IMG_1281bis-2mg.jpg 1654w\" sizes=\"auto, (max-width: 300px) 100vw, 300px\" \/><\/a><\/td>\n<td style=\"width: 33.3333%;\"><a href=\"https:\/\/agora.xtec.cat\/ieslaromanica\/wp-content\/uploads\/usu857\/2021\/11\/IMG_1288bis-2mg.jpg\"><img loading=\"lazy\" decoding=\"async\" class=\"alignleft size-medium wp-image-20261\" src=\"https:\/\/agora.xtec.cat\/ieslaromanica\/wp-content\/uploads\/usu857\/2021\/11\/IMG_1288bis-2mg-300x225.jpg\" alt=\"\" width=\"300\" height=\"225\" srcset=\"https:\/\/agora.xtec.cat\/ieslaromanica\/wp-content\/uploads\/usu857\/2021\/11\/IMG_1288bis-2mg-300x225.jpg 300w, https:\/\/agora.xtec.cat\/ieslaromanica\/wp-content\/uploads\/usu857\/2021\/11\/IMG_1288bis-2mg-1024x768.jpg 1024w, https:\/\/agora.xtec.cat\/ieslaromanica\/wp-content\/uploads\/usu857\/2021\/11\/IMG_1288bis-2mg-768x576.jpg 768w, https:\/\/agora.xtec.cat\/ieslaromanica\/wp-content\/uploads\/usu857\/2021\/11\/IMG_1288bis-2mg-200x150.jpg 200w, https:\/\/agora.xtec.cat\/ieslaromanica\/wp-content\/uploads\/usu857\/2021\/11\/IMG_1288bis-2mg.jpg 1535w\" sizes=\"auto, (max-width: 300px) 100vw, 300px\" \/><\/a><\/td>\n<\/tr>\n<\/tbody>\n<\/table>\n<p>Per altra banda, hem iniciat tamb\u00e9 un proc\u00e9s enfocat a equilibrar les activitats que es duien a terme al pati, regulant els esports de pilota que dominaven i tenyien tota l&#8217;activitat que es duia a terme (especialment el futbol) i fomentant m\u00e9s diversitat per donar resposta a diferents inquietuds i aspiracions. Els alumnes de 4t d&#8217;ESO s&#8217;han oferit a gestionar una petita lliga cada dimecres, activitat que se suma a aquelles de recent creaci\u00f3 destinades a l&#8217;alumnat de tota l&#8217;ESO durant tota la setmana, algunes d&#8217;elles tamb\u00e9 dirigides al professorat, com ara s\u00f3n la creaci\u00f3 d&#8217;una coral, tallers d&#8217;escolta musical i d&#8217;aprenentatge de l&#8217;instrument ukelele, sessions de zumba i altres activitats coeducatives.<\/p>\n<table style=\"border-collapse: collapse; width: 100%;\">\n<tbody>\n<tr>\n<td style=\"width: 33.3333%;\"><a href=\"https:\/\/agora.xtec.cat\/ieslaromanica\/wp-content\/uploads\/usu857\/2021\/11\/IMG_1294bis-2mg.jpg\"><img loading=\"lazy\" decoding=\"async\" class=\"alignleft size-medium wp-image-20265\" src=\"https:\/\/agora.xtec.cat\/ieslaromanica\/wp-content\/uploads\/usu857\/2021\/11\/IMG_1294bis-2mg-300x225.jpg\" alt=\"\" width=\"300\" height=\"225\" srcset=\"https:\/\/agora.xtec.cat\/ieslaromanica\/wp-content\/uploads\/usu857\/2021\/11\/IMG_1294bis-2mg-300x225.jpg 300w, https:\/\/agora.xtec.cat\/ieslaromanica\/wp-content\/uploads\/usu857\/2021\/11\/IMG_1294bis-2mg-1024x768.jpg 1024w, https:\/\/agora.xtec.cat\/ieslaromanica\/wp-content\/uploads\/usu857\/2021\/11\/IMG_1294bis-2mg-768x576.jpg 768w, https:\/\/agora.xtec.cat\/ieslaromanica\/wp-content\/uploads\/usu857\/2021\/11\/IMG_1294bis-2mg-1536x1152.jpg 1536w, https:\/\/agora.xtec.cat\/ieslaromanica\/wp-content\/uploads\/usu857\/2021\/11\/IMG_1294bis-2mg-2048x1536.jpg 2048w, https:\/\/agora.xtec.cat\/ieslaromanica\/wp-content\/uploads\/usu857\/2021\/11\/IMG_1294bis-2mg-200x150.jpg 200w\" sizes=\"auto, (max-width: 300px) 100vw, 300px\" \/><\/a><\/td>\n<td style=\"width: 33.3333%;\"><a href=\"https:\/\/agora.xtec.cat\/ieslaromanica\/wp-content\/uploads\/usu857\/2021\/11\/IMG_1291bis-2mg.jpg\"><img loading=\"lazy\" decoding=\"async\" class=\"alignleft size-medium wp-image-20264\" src=\"https:\/\/agora.xtec.cat\/ieslaromanica\/wp-content\/uploads\/usu857\/2021\/11\/IMG_1291bis-2mg-300x225.jpg\" alt=\"\" width=\"300\" height=\"225\" srcset=\"https:\/\/agora.xtec.cat\/ieslaromanica\/wp-content\/uploads\/usu857\/2021\/11\/IMG_1291bis-2mg-300x225.jpg 300w, https:\/\/agora.xtec.cat\/ieslaromanica\/wp-content\/uploads\/usu857\/2021\/11\/IMG_1291bis-2mg-1024x768.jpg 1024w, https:\/\/agora.xtec.cat\/ieslaromanica\/wp-content\/uploads\/usu857\/2021\/11\/IMG_1291bis-2mg-768x576.jpg 768w, https:\/\/agora.xtec.cat\/ieslaromanica\/wp-content\/uploads\/usu857\/2021\/11\/IMG_1291bis-2mg-1536x1152.jpg 1536w, https:\/\/agora.xtec.cat\/ieslaromanica\/wp-content\/uploads\/usu857\/2021\/11\/IMG_1291bis-2mg-200x150.jpg 200w, https:\/\/agora.xtec.cat\/ieslaromanica\/wp-content\/uploads\/usu857\/2021\/11\/IMG_1291bis-2mg.jpg 1654w\" sizes=\"auto, (max-width: 300px) 100vw, 300px\" \/><\/a><\/td>\n<td style=\"width: 33.3333%;\"><a href=\"https:\/\/agora.xtec.cat\/ieslaromanica\/wp-content\/uploads\/usu857\/2021\/11\/IMG_1309bis-2mg.jpg\"><img loading=\"lazy\" decoding=\"async\" class=\"alignleft size-medium wp-image-20263\" src=\"https:\/\/agora.xtec.cat\/ieslaromanica\/wp-content\/uploads\/usu857\/2021\/11\/IMG_1309bis-2mg-300x225.jpg\" alt=\"\" width=\"300\" height=\"225\" srcset=\"https:\/\/agora.xtec.cat\/ieslaromanica\/wp-content\/uploads\/usu857\/2021\/11\/IMG_1309bis-2mg-300x225.jpg 300w, https:\/\/agora.xtec.cat\/ieslaromanica\/wp-content\/uploads\/usu857\/2021\/11\/IMG_1309bis-2mg-1024x767.jpg 1024w, https:\/\/agora.xtec.cat\/ieslaromanica\/wp-content\/uploads\/usu857\/2021\/11\/IMG_1309bis-2mg-768x575.jpg 768w, https:\/\/agora.xtec.cat\/ieslaromanica\/wp-content\/uploads\/usu857\/2021\/11\/IMG_1309bis-2mg-1536x1151.jpg 1536w, https:\/\/agora.xtec.cat\/ieslaromanica\/wp-content\/uploads\/usu857\/2021\/11\/IMG_1309bis-2mg-200x150.jpg 200w, https:\/\/agora.xtec.cat\/ieslaromanica\/wp-content\/uploads\/usu857\/2021\/11\/IMG_1309bis-2mg.jpg 1819w\" sizes=\"auto, (max-width: 300px) 100vw, 300px\" \/><\/a><\/td>\n<\/tr>\n<\/tbody>\n<\/table>\n<p>&nbsp;<\/p>\n","protected":false},"excerpt":{"rendered":"<p>La Comissi\u00f3 de Coeducaci\u00f3, des del 2018, ha estat treballant per fomentar activitats i reformar els espais del centre amb la finalitat d&#8217;oferir igualtat d&#8217;oportunitats a tot l&#8217;alumnat i promoure una metodologia que potenc\u00efi la igualtat de g\u00e8nere i el respecte per la diversitat, la&hellip;  <a href=\"https:\/\/agora.xtec.cat\/ieslaromanica\/projectes\/projectes-actuals\/coeducacio\/\" title=\"Read Projecte Coeducaci\u00f3\">Llegeix m\u00e9s\u00bb<\/a><\/p>\n","protected":false},"author":6,"featured_media":0,"parent":15903,"menu_order":0,"comment_status":"closed","ping_status":"closed","template":"page-templates\/side-menu.php","meta":{"_bbp_topic_count":0,"_bbp_reply_count":0,"_bbp_total_topic_count":0,"_bbp_total_reply_count":0,"_bbp_voice_count":0,"_bbp_anonymous_reply_count":0,"_bbp_topic_count_hidden":0,"_bbp_reply_count_hidden":0,"_bbp_forum_subforum_count":0,"footnotes":""},"class_list":["post-20180","page","type-page","status-publish","hentry"],"post_mailing_queue_ids":[],"_links":{"self":[{"href":"https:\/\/agora.xtec.cat\/ieslaromanica\/wp-json\/wp\/v2\/pages\/20180","targetHints":{"allow":["GET"]}}],"collection":[{"href":"https:\/\/agora.xtec.cat\/ieslaromanica\/wp-json\/wp\/v2\/pages"}],"about":[{"href":"https:\/\/agora.xtec.cat\/ieslaromanica\/wp-json\/wp\/v2\/types\/page"}],"author":[{"embeddable":true,"href":"https:\/\/agora.xtec.cat\/ieslaromanica\/wp-json\/wp\/v2\/users\/6"}],"replies":[{"embeddable":true,"href":"https:\/\/agora.xtec.cat\/ieslaromanica\/wp-json\/wp\/v2\/comments?post=20180"}],"version-history":[{"count":3,"href":"https:\/\/agora.xtec.cat\/ieslaromanica\/wp-json\/wp\/v2\/pages\/20180\/revisions"}],"predecessor-version":[{"id":20276,"href":"https:\/\/agora.xtec.cat\/ieslaromanica\/wp-json\/wp\/v2\/pages\/20180\/revisions\/20276"}],"up":[{"embeddable":true,"href":"https:\/\/agora.xtec.cat\/ieslaromanica\/wp-json\/wp\/v2\/pages\/15903"}],"wp:attachment":[{"href":"https:\/\/agora.xtec.cat\/ieslaromanica\/wp-json\/wp\/v2\/media?parent=20180"}],"curies":[{"name":"wp","href":"https:\/\/api.w.org\/{rel}","templated":true}]}}