{"id":19994,"date":"2021-09-18T21:16:30","date_gmt":"2021-09-18T19:16:30","guid":{"rendered":"https:\/\/agora.xtec.cat\/ieslaromanica\/?page_id=19994"},"modified":"2021-09-20T09:44:11","modified_gmt":"2021-09-20T07:44:11","slug":"musica-geometria-i-expressio-plastica","status":"publish","type":"page","link":"https:\/\/agora.xtec.cat\/ieslaromanica\/projectes\/projectes-actuals\/musica-geometria-i-expressio-plastica\/","title":{"rendered":"M\u00fasica, geometria i expressi\u00f3 pl\u00e0stica"},"content":{"rendered":"<p>Nou projecte de l&#8217;\u00e0mbit art\u00edstic que t\u00e9 com a objectiu fonamental desenvolupar la sensibilitat i l&#8217;expressi\u00f3 creativa utilitzant els conceptes i continguts comuns de les mat\u00e8ries de Visual i Pl\u00e0stica i M\u00fasica, com per exemple el ritme o la composici\u00f3. Partim de l&#8217;exploraci\u00f3 i la recerca de l&#8217;iniciador de l&#8217;abstracci\u00f3, <span class=\"hiddenSpellError\">Vasili<\/span>\u00a0<span class=\"hiddenSpellError\">Kandinsky<\/span>, aix\u00ed com de l&#8217;aprofundiment en la nostra percepci\u00f3 sinest\u00e8sica mitjan\u00e7ant diferents m\u00e8todes per, seguint diferents fases, arribar a crear les nostres pintures musicals personals i originals.<\/p>\n<p><a href=\"https:\/\/agora.xtec.cat\/ieslaromanica\/wp-content\/uploads\/usu857\/2021\/09\/PALETA-sinestesia2.jpg\"><img loading=\"lazy\" decoding=\"async\" class=\"aligncenter size-full wp-image-20011\" src=\"https:\/\/agora.xtec.cat\/ieslaromanica\/wp-content\/uploads\/usu857\/2021\/09\/PALETA-sinestesia2.jpg\" alt=\"\" width=\"800\" height=\"534\" srcset=\"https:\/\/agora.xtec.cat\/ieslaromanica\/wp-content\/uploads\/usu857\/2021\/09\/PALETA-sinestesia2.jpg 800w, https:\/\/agora.xtec.cat\/ieslaromanica\/wp-content\/uploads\/usu857\/2021\/09\/PALETA-sinestesia2-300x200.jpg 300w, https:\/\/agora.xtec.cat\/ieslaromanica\/wp-content\/uploads\/usu857\/2021\/09\/PALETA-sinestesia2-768x513.jpg 768w\" sizes=\"auto, (max-width: 800px) 100vw, 800px\" \/><\/a><\/p>\n<table style=\"border-collapse: collapse; width: 80.7522%; height: 833px;\">\n<tbody>\n<tr>\n<td style=\"width: 100%;\" colspan=\"2\">M\u00fasica i pintures de Kandinsky (Font de les imatges i la m\u00fasica de youtube: <a href=\"https:\/\/recursos.march.es\/web\/musica\/jovenes\/musica-pintura-conectar-sentidos\/guia\/actividades-2.html\">recursos march<\/a>).<\/td>\n<\/tr>\n<tr>\n<td style=\"width: 63.7174%; text-align: center;\"><a href=\"https:\/\/agora.xtec.cat\/ieslaromanica\/wp-content\/uploads\/usu857\/2021\/09\/kandinsky-GNOMUS.jpg\"><img loading=\"lazy\" decoding=\"async\" class=\"aligncenter size-full wp-image-20003\" src=\"https:\/\/agora.xtec.cat\/ieslaromanica\/wp-content\/uploads\/usu857\/2021\/09\/kandinsky-GNOMUS.jpg\" alt=\"\" width=\"544\" height=\"303\" srcset=\"https:\/\/agora.xtec.cat\/ieslaromanica\/wp-content\/uploads\/usu857\/2021\/09\/kandinsky-GNOMUS.jpg 544w, https:\/\/agora.xtec.cat\/ieslaromanica\/wp-content\/uploads\/usu857\/2021\/09\/kandinsky-GNOMUS-300x167.jpg 300w\" sizes=\"auto, (max-width: 544px) 100vw, 544px\" \/><\/a><\/p>\n<p>KandinKy: Gnomus, 1928<\/td>\n<td style=\"width: 36.2826%; text-align: center;\"><a href=\"https:\/\/www.youtube.com\/watch?v=7ZC-L9EAkqA\">M\u00fasica: El Gnomus.<\/a><\/td>\n<\/tr>\n<tr>\n<td style=\"width: 63.7174%; text-align: center;\"><a href=\"https:\/\/agora.xtec.cat\/ieslaromanica\/wp-content\/uploads\/usu857\/2021\/09\/Kandinsky-la-gran-puerta-de-kiev.jpg\"><img loading=\"lazy\" decoding=\"async\" class=\"aligncenter size-full wp-image-20007\" src=\"https:\/\/agora.xtec.cat\/ieslaromanica\/wp-content\/uploads\/usu857\/2021\/09\/Kandinsky-la-gran-puerta-de-kiev.jpg\" alt=\"\" width=\"503\" height=\"385\" srcset=\"https:\/\/agora.xtec.cat\/ieslaromanica\/wp-content\/uploads\/usu857\/2021\/09\/Kandinsky-la-gran-puerta-de-kiev.jpg 503w, https:\/\/agora.xtec.cat\/ieslaromanica\/wp-content\/uploads\/usu857\/2021\/09\/Kandinsky-la-gran-puerta-de-kiev-300x230.jpg 300w\" sizes=\"auto, (max-width: 503px) 100vw, 503px\" \/><\/a><\/p>\n<p>Kandinsky: La gran puerta de Kiev, 1928<\/td>\n<td style=\"width: 36.2826%; text-align: center;\"><a href=\"https:\/\/www.youtube.com\/watch?v=-ZdiIxYCH-8\">M\u00fasica: La gran puerta de Kiev. Mussorgsky. Dir: J.R. Encinar.<\/a><\/td>\n<\/tr>\n<tr>\n<td style=\"width: 63.7174%; text-align: center;\"><a href=\"https:\/\/agora.xtec.cat\/ieslaromanica\/wp-content\/uploads\/usu857\/2021\/09\/Kandinsky-Bydlo.jpg\"><img loading=\"lazy\" decoding=\"async\" class=\"aligncenter size-full wp-image-20006\" src=\"https:\/\/agora.xtec.cat\/ieslaromanica\/wp-content\/uploads\/usu857\/2021\/09\/Kandinsky-Bydlo.jpg\" alt=\"\" width=\"360\" height=\"303\" srcset=\"https:\/\/agora.xtec.cat\/ieslaromanica\/wp-content\/uploads\/usu857\/2021\/09\/Kandinsky-Bydlo.jpg 360w, https:\/\/agora.xtec.cat\/ieslaromanica\/wp-content\/uploads\/usu857\/2021\/09\/Kandinsky-Bydlo-300x253.jpg 300w\" sizes=\"auto, (max-width: 360px) 100vw, 360px\" \/><\/a><\/p>\n<p>Kandinsky: Bydlo<\/td>\n<td style=\"width: 36.2826%; text-align: center;\"><a href=\"https:\/\/www.youtube.com\/watch?v=vOvIbfaUjIw\">Musica: Bydlo &#8211; Karajan.<\/a><\/td>\n<\/tr>\n<\/tbody>\n<\/table>\n<p>Altres pintures musicals de Kandinsky:<\/p>\n<table style=\"border-collapse: collapse; width: 80.4186%;\">\n<tbody>\n<tr>\n<td style=\"width: 100%;\"><a href=\"https:\/\/agora.xtec.cat\/ieslaromanica\/wp-content\/uploads\/usu857\/2021\/09\/tensio\u0301n-suave-num-85.jpg\"><img loading=\"lazy\" decoding=\"async\" class=\"aligncenter wp-image-20009\" src=\"https:\/\/agora.xtec.cat\/ieslaromanica\/wp-content\/uploads\/usu857\/2021\/09\/tensio\u0301n-suave-num-85.jpg\" alt=\"\" width=\"347\" height=\"490\" srcset=\"https:\/\/agora.xtec.cat\/ieslaromanica\/wp-content\/uploads\/usu857\/2021\/09\/tensio\u0301n-suave-num-85.jpg 255w, https:\/\/agora.xtec.cat\/ieslaromanica\/wp-content\/uploads\/usu857\/2021\/09\/tensio\u0301n-suave-num-85-213x300.jpg 213w\" sizes=\"auto, (max-width: 347px) 100vw, 347px\" \/><\/a><\/td>\n<\/tr>\n<tr>\n<td style=\"width: 100%;\"><a href=\"https:\/\/agora.xtec.cat\/ieslaromanica\/wp-content\/uploads\/usu857\/2021\/09\/Kandinsky-pintura-musica2.jpg\"><img loading=\"lazy\" decoding=\"async\" class=\"aligncenter wp-image-20005\" src=\"https:\/\/agora.xtec.cat\/ieslaromanica\/wp-content\/uploads\/usu857\/2021\/09\/Kandinsky-pintura-musica2-1024x683.jpg\" alt=\"\" width=\"509\" height=\"339\" srcset=\"https:\/\/agora.xtec.cat\/ieslaromanica\/wp-content\/uploads\/usu857\/2021\/09\/Kandinsky-pintura-musica2-1024x683.jpg 1024w, https:\/\/agora.xtec.cat\/ieslaromanica\/wp-content\/uploads\/usu857\/2021\/09\/Kandinsky-pintura-musica2-300x200.jpg 300w, https:\/\/agora.xtec.cat\/ieslaromanica\/wp-content\/uploads\/usu857\/2021\/09\/Kandinsky-pintura-musica2-768x512.jpg 768w, https:\/\/agora.xtec.cat\/ieslaromanica\/wp-content\/uploads\/usu857\/2021\/09\/Kandinsky-pintura-musica2.jpg 1119w\" sizes=\"auto, (max-width: 509px) 100vw, 509px\" \/><\/a><\/td>\n<\/tr>\n<tr>\n<td style=\"width: 100%;\"><a href=\"https:\/\/agora.xtec.cat\/ieslaromanica\/wp-content\/uploads\/usu857\/2021\/09\/Kandinsky-pintura-musica.jpg\"><img loading=\"lazy\" decoding=\"async\" class=\"aligncenter wp-image-20004\" src=\"https:\/\/agora.xtec.cat\/ieslaromanica\/wp-content\/uploads\/usu857\/2021\/09\/Kandinsky-pintura-musica-1024x512.jpg\" alt=\"\" width=\"512\" height=\"256\" srcset=\"https:\/\/agora.xtec.cat\/ieslaromanica\/wp-content\/uploads\/usu857\/2021\/09\/Kandinsky-pintura-musica-1024x512.jpg 1024w, https:\/\/agora.xtec.cat\/ieslaromanica\/wp-content\/uploads\/usu857\/2021\/09\/Kandinsky-pintura-musica-300x150.jpg 300w, https:\/\/agora.xtec.cat\/ieslaromanica\/wp-content\/uploads\/usu857\/2021\/09\/Kandinsky-pintura-musica-768x384.jpg 768w, https:\/\/agora.xtec.cat\/ieslaromanica\/wp-content\/uploads\/usu857\/2021\/09\/Kandinsky-pintura-musica.jpg 1200w\" sizes=\"auto, (max-width: 512px) 100vw, 512px\" \/><\/a><\/td>\n<\/tr>\n<tr>\n<td style=\"width: 100%;\"><a href=\"https:\/\/agora.xtec.cat\/ieslaromanica\/wp-content\/uploads\/usu857\/2021\/09\/K-88.jpg\"><img loading=\"lazy\" decoding=\"async\" class=\"aligncenter wp-image-20002\" src=\"https:\/\/agora.xtec.cat\/ieslaromanica\/wp-content\/uploads\/usu857\/2021\/09\/K-88.jpg\" alt=\"\" width=\"512\" height=\"358\" srcset=\"https:\/\/agora.xtec.cat\/ieslaromanica\/wp-content\/uploads\/usu857\/2021\/09\/K-88.jpg 600w, https:\/\/agora.xtec.cat\/ieslaromanica\/wp-content\/uploads\/usu857\/2021\/09\/K-88-300x210.jpg 300w\" sizes=\"auto, (max-width: 512px) 100vw, 512px\" \/><\/a><\/td>\n<\/tr>\n<tr>\n<td style=\"width: 100%;\"><a href=\"https:\/\/agora.xtec.cat\/ieslaromanica\/wp-content\/uploads\/usu857\/2021\/09\/K-87.jpg\"><img loading=\"lazy\" decoding=\"async\" class=\"aligncenter wp-image-20001\" src=\"https:\/\/agora.xtec.cat\/ieslaromanica\/wp-content\/uploads\/usu857\/2021\/09\/K-87.jpg\" alt=\"\" width=\"516\" height=\"471\" srcset=\"https:\/\/agora.xtec.cat\/ieslaromanica\/wp-content\/uploads\/usu857\/2021\/09\/K-87.jpg 600w, https:\/\/agora.xtec.cat\/ieslaromanica\/wp-content\/uploads\/usu857\/2021\/09\/K-87-300x274.jpg 300w\" sizes=\"auto, (max-width: 516px) 100vw, 516px\" \/><\/a><\/td>\n<\/tr>\n<tr>\n<td style=\"width: 100%;\"><a href=\"https:\/\/agora.xtec.cat\/ieslaromanica\/wp-content\/uploads\/usu857\/2021\/09\/K-86.jpg\"><img loading=\"lazy\" decoding=\"async\" class=\"aligncenter wp-image-20000\" src=\"https:\/\/agora.xtec.cat\/ieslaromanica\/wp-content\/uploads\/usu857\/2021\/09\/K-86.jpg\" alt=\"\" width=\"516\" height=\"710\" srcset=\"https:\/\/agora.xtec.cat\/ieslaromanica\/wp-content\/uploads\/usu857\/2021\/09\/K-86.jpg 600w, https:\/\/agora.xtec.cat\/ieslaromanica\/wp-content\/uploads\/usu857\/2021\/09\/K-86-218x300.jpg 218w\" sizes=\"auto, (max-width: 516px) 100vw, 516px\" \/><\/a><\/td>\n<\/tr>\n<tr>\n<td style=\"width: 100%;\"><a href=\"https:\/\/agora.xtec.cat\/ieslaromanica\/wp-content\/uploads\/usu857\/2021\/09\/K-85.jpg\"><img loading=\"lazy\" decoding=\"async\" class=\"aligncenter wp-image-19999\" src=\"https:\/\/agora.xtec.cat\/ieslaromanica\/wp-content\/uploads\/usu857\/2021\/09\/K-85.jpg\" alt=\"\" width=\"525\" height=\"698\" srcset=\"https:\/\/agora.xtec.cat\/ieslaromanica\/wp-content\/uploads\/usu857\/2021\/09\/K-85.jpg 600w, https:\/\/agora.xtec.cat\/ieslaromanica\/wp-content\/uploads\/usu857\/2021\/09\/K-85-226x300.jpg 226w\" sizes=\"auto, (max-width: 525px) 100vw, 525px\" \/><\/a><\/td>\n<\/tr>\n<tr>\n<td style=\"width: 100%;\"><a href=\"https:\/\/agora.xtec.cat\/ieslaromanica\/wp-content\/uploads\/usu857\/2021\/09\/K-83.jpg\"><img loading=\"lazy\" decoding=\"async\" class=\"aligncenter wp-image-19998\" src=\"https:\/\/agora.xtec.cat\/ieslaromanica\/wp-content\/uploads\/usu857\/2021\/09\/K-83.jpg\" alt=\"\" width=\"530\" height=\"704\" srcset=\"https:\/\/agora.xtec.cat\/ieslaromanica\/wp-content\/uploads\/usu857\/2021\/09\/K-83.jpg 600w, https:\/\/agora.xtec.cat\/ieslaromanica\/wp-content\/uploads\/usu857\/2021\/09\/K-83-226x300.jpg 226w\" sizes=\"auto, (max-width: 530px) 100vw, 530px\" \/><\/a><\/td>\n<\/tr>\n<tr>\n<td style=\"width: 100%;\"><a href=\"https:\/\/agora.xtec.cat\/ieslaromanica\/wp-content\/uploads\/usu857\/2021\/09\/K-67.jpg\"><img loading=\"lazy\" decoding=\"async\" class=\"aligncenter wp-image-19997\" src=\"https:\/\/agora.xtec.cat\/ieslaromanica\/wp-content\/uploads\/usu857\/2021\/09\/K-67.jpg\" alt=\"\" width=\"537\" height=\"370\" srcset=\"https:\/\/agora.xtec.cat\/ieslaromanica\/wp-content\/uploads\/usu857\/2021\/09\/K-67.jpg 600w, https:\/\/agora.xtec.cat\/ieslaromanica\/wp-content\/uploads\/usu857\/2021\/09\/K-67-300x207.jpg 300w\" sizes=\"auto, (max-width: 537px) 100vw, 537px\" \/><\/a><\/td>\n<\/tr>\n<tr>\n<td style=\"width: 100%;\"><a href=\"https:\/\/agora.xtec.cat\/ieslaromanica\/wp-content\/uploads\/usu857\/2021\/09\/Composicio\u0301n-VIII-1923.jpg\"><img loading=\"lazy\" decoding=\"async\" class=\"aligncenter size-full wp-image-19995\" src=\"https:\/\/agora.xtec.cat\/ieslaromanica\/wp-content\/uploads\/usu857\/2021\/09\/Composicio\u0301n-VIII-1923.jpg\" alt=\"\" width=\"537\" height=\"360\" srcset=\"https:\/\/agora.xtec.cat\/ieslaromanica\/wp-content\/uploads\/usu857\/2021\/09\/Composicio\u0301n-VIII-1923.jpg 537w, https:\/\/agora.xtec.cat\/ieslaromanica\/wp-content\/uploads\/usu857\/2021\/09\/Composicio\u0301n-VIII-1923-300x201.jpg 300w\" sizes=\"auto, (max-width: 537px) 100vw, 537px\" \/><\/a><\/td>\n<\/tr>\n<\/tbody>\n<\/table>\n<p>&nbsp;<\/p>\n<p>&nbsp;<\/p>\n<p>&nbsp;<\/p>\n<p>&nbsp;<\/p>\n","protected":false},"excerpt":{"rendered":"<p>Nou projecte de l&#8217;\u00e0mbit art\u00edstic que t\u00e9 com a objectiu fonamental desenvolupar la sensibilitat i l&#8217;expressi\u00f3 creativa utilitzant els conceptes i continguts comuns de les mat\u00e8ries de Visual i Pl\u00e0stica i M\u00fasica, com per exemple el ritme o la composici\u00f3. Partim de l&#8217;exploraci\u00f3 i la&hellip;  <a href=\"https:\/\/agora.xtec.cat\/ieslaromanica\/projectes\/projectes-actuals\/musica-geometria-i-expressio-plastica\/\" title=\"Read M\u00fasica, geometria i expressi\u00f3 pl\u00e0stica\">Llegeix m\u00e9s\u00bb<\/a><\/p>\n","protected":false},"author":6,"featured_media":0,"parent":15903,"menu_order":0,"comment_status":"closed","ping_status":"closed","template":"page-templates\/side-menu.php","meta":{"_bbp_topic_count":0,"_bbp_reply_count":0,"_bbp_total_topic_count":0,"_bbp_total_reply_count":0,"_bbp_voice_count":0,"_bbp_anonymous_reply_count":0,"_bbp_topic_count_hidden":0,"_bbp_reply_count_hidden":0,"_bbp_forum_subforum_count":0,"footnotes":""},"class_list":["post-19994","page","type-page","status-publish","hentry"],"post_mailing_queue_ids":[],"_links":{"self":[{"href":"https:\/\/agora.xtec.cat\/ieslaromanica\/wp-json\/wp\/v2\/pages\/19994","targetHints":{"allow":["GET"]}}],"collection":[{"href":"https:\/\/agora.xtec.cat\/ieslaromanica\/wp-json\/wp\/v2\/pages"}],"about":[{"href":"https:\/\/agora.xtec.cat\/ieslaromanica\/wp-json\/wp\/v2\/types\/page"}],"author":[{"embeddable":true,"href":"https:\/\/agora.xtec.cat\/ieslaromanica\/wp-json\/wp\/v2\/users\/6"}],"replies":[{"embeddable":true,"href":"https:\/\/agora.xtec.cat\/ieslaromanica\/wp-json\/wp\/v2\/comments?post=19994"}],"version-history":[{"count":3,"href":"https:\/\/agora.xtec.cat\/ieslaromanica\/wp-json\/wp\/v2\/pages\/19994\/revisions"}],"predecessor-version":[{"id":20034,"href":"https:\/\/agora.xtec.cat\/ieslaromanica\/wp-json\/wp\/v2\/pages\/19994\/revisions\/20034"}],"up":[{"embeddable":true,"href":"https:\/\/agora.xtec.cat\/ieslaromanica\/wp-json\/wp\/v2\/pages\/15903"}],"wp:attachment":[{"href":"https:\/\/agora.xtec.cat\/ieslaromanica\/wp-json\/wp\/v2\/media?parent=19994"}],"curies":[{"name":"wp","href":"https:\/\/api.w.org\/{rel}","templated":true}]}}