{"id":18554,"date":"2021-02-08T17:51:11","date_gmt":"2021-02-08T16:51:11","guid":{"rendered":"http:\/\/agora.xtec.cat\/ieslaromanica\/?page_id=18554"},"modified":"2023-09-15T08:12:48","modified_gmt":"2023-09-15T06:12:48","slug":"servei-dassessorament-i-reconeixement-academic","status":"publish","type":"page","link":"https:\/\/agora.xtec.cat\/ieslaromanica\/cicles-formatius\/servei-dassessorament-i-reconeixement-academic\/","title":{"rendered":"Servei d&#8217;assessorament i reconeixement acad\u00e8mic"},"content":{"rendered":"<div class=\"grid-box width66 grid-h\" style=\"text-align: center;\">\n<table style=\"margin: 0px auto; border-style: hidden; height: 176px;\">\n<tbody>\n<tr style=\"height: 145px;\">\n<td style=\"width: 145.6px; height: 145px;\"><a href=\"https:\/\/agora.xtec.cat\/ieslaromanica\/wp-content\/uploads\/usu857\/2021\/02\/04_model_triptic_servei_assessorament-la-romanica.pdf\" target=\"_blank\" rel=\"noopener noreferrer\"><img loading=\"lazy\" decoding=\"async\" class=\"alignnone wp-image-18597\" src=\"https:\/\/agora.xtec.cat\/ieslaromanica\/wp-content\/uploads\/usu857\/2021\/02\/Aanagrama-assessorament--1024x1024.jpg\" alt=\"\" width=\"123\" height=\"124\" srcset=\"https:\/\/agora.xtec.cat\/ieslaromanica\/wp-content\/uploads\/usu857\/2021\/02\/Aanagrama-assessorament--1024x1024.jpg 1024w, https:\/\/agora.xtec.cat\/ieslaromanica\/wp-content\/uploads\/usu857\/2021\/02\/Aanagrama-assessorament--150x150.jpg 150w, https:\/\/agora.xtec.cat\/ieslaromanica\/wp-content\/uploads\/usu857\/2021\/02\/Aanagrama-assessorament--300x300.jpg 300w, https:\/\/agora.xtec.cat\/ieslaromanica\/wp-content\/uploads\/usu857\/2021\/02\/Aanagrama-assessorament--768x768.jpg 768w, https:\/\/agora.xtec.cat\/ieslaromanica\/wp-content\/uploads\/usu857\/2021\/02\/Aanagrama-assessorament-.jpg 1080w\" sizes=\"auto, (max-width: 123px) 100vw, 123px\" \/><\/a><\/td>\n<td style=\"width: 152px; height: 145px;\"><a href=\"https:\/\/agora.xtec.cat\/ieslaromanica\/wp-content\/uploads\/usu857\/2021\/02\/06_model_triptic_reconeixement_experiencia-la-romanica.pdf\" target=\"_blank\" rel=\"noopener noreferrer\"><img loading=\"lazy\" decoding=\"async\" class=\"alignnone wp-image-18598\" src=\"https:\/\/agora.xtec.cat\/ieslaromanica\/wp-content\/uploads\/usu857\/2021\/02\/Anagrama-reconeixement--1024x1024.jpg\" alt=\"\" width=\"125\" height=\"125\" srcset=\"https:\/\/agora.xtec.cat\/ieslaromanica\/wp-content\/uploads\/usu857\/2021\/02\/Anagrama-reconeixement--1024x1024.jpg 1024w, https:\/\/agora.xtec.cat\/ieslaromanica\/wp-content\/uploads\/usu857\/2021\/02\/Anagrama-reconeixement--150x150.jpg 150w, https:\/\/agora.xtec.cat\/ieslaromanica\/wp-content\/uploads\/usu857\/2021\/02\/Anagrama-reconeixement--300x300.jpg 300w, https:\/\/agora.xtec.cat\/ieslaromanica\/wp-content\/uploads\/usu857\/2021\/02\/Anagrama-reconeixement--768x769.jpg 768w, https:\/\/agora.xtec.cat\/ieslaromanica\/wp-content\/uploads\/usu857\/2021\/02\/Anagrama-reconeixement-.jpg 1079w\" sizes=\"auto, (max-width: 125px) 100vw, 125px\" \/><\/a><\/td>\n<\/tr>\n<tr style=\"height: 31px;\">\n<td style=\"width: 299.2px; height: 31px;\" colspan=\"2\"><strong>Clica sobre les imatges per a m\u00e9s informaci\u00f3<\/strong><\/td>\n<\/tr>\n<\/tbody>\n<\/table>\n<\/div>\n<h5><\/h5>\n<h4 style=\"text-align: center;\"><span style=\"color: #0000ff;\"><a style=\"color: #0000ff;\" href=\"https:\/\/agora.xtec.cat\/ieslaromanica\/wp-content\/uploads\/usu857\/2021\/02\/carta_compris_centres_Departament-La-Rom\u00e0nica.pdf\" target=\"_blank\" rel=\"noopener noreferrer\"><strong>Carta de comprom\u00eds<\/strong><\/a><\/span><\/h4>\n<h5 style=\"text-align: center;\"><span style=\"color: #000000;\">Informaci\u00f3 i contacte: <strong>reconeixement.experiencia@inslaromanica.org<\/strong><\/span><\/h5>\n<h5><\/h5>\n<h5 style=\"text-align: justify;\"><span style=\"color: #ff0000;\">SERVEI D&#8217;ASSESSORAMENT EN LA FORMACI\u00d3 PROFESSIONAL DEL SISTEMA EDUCATIU<\/span><\/h5>\n<p style=\"text-align: justify;\">S&#8217;adre\u00e7a a les persones adultes interessades a obtenir la diagnosi de les seves possibilitats formatives i de promoci\u00f3 professional i l&#8217;itinerari formatiu m\u00e9s adequat per aconseguir l&#8217;objectiu de qualificaci\u00f3 m\u00e9s idoni. Al finalitzar se li lliura un informe personalitzat d&#8217;assessorament.<\/p>\n<p style=\"text-align: justify;\">Aquesta diagnosi \u00e9s un requisit previ per participar en el reconeixement acad\u00e8mic dels aprenentatges assolits mitjan\u00e7ant l&#8217;experi\u00e8ncia laboral o en activitats.<\/p>\n<p style=\"text-align: justify;\">Aquest servei t\u00e9 un preu p\u00fablic de\u00a0<strong>60,00 \u20ac<\/strong><\/p>\n<h5 style=\"text-align: justify;\"><span style=\"color: #0000ff;\">SERVEI DE RECONEIXEMENT ACAD\u00c8MIC DELS APRENENTATGES ASSOLITS MITJAN\u00c7ANT L&#8217;EXPERI\u00c8NCIA LABORAL O EN ACTIVITATS SOCIALS<\/span><\/h5>\n<p style=\"text-align: justify;\">S&#8217;adre\u00e7a a les persones amb experi\u00e8ncia laboral o en activitats socials que vulguin un reconeixement acad\u00e8mic dels aprenentatges adquirits relacionats amb un determinat cicle formatiu.<\/p>\n<p style=\"text-align: justify;\">Les persones destinat\u00e0ries han d&#8217;haver complert <strong>18 anys<\/strong> i han d&#8217;acreditar una experi\u00e8ncia laboral o en activitats socials <strong>d&#8217;almenys 2 anys en el sector.<\/strong><\/p>\n<p style=\"text-align: justify;\">\u00c9s imprescindible disposar de l&#8217;informe del servei d&#8217;assessorament o document equivalent de convocat\u00f2ries d&#8217;acreditaci\u00f3 o validaci\u00f3 amb l&#8217;orientaci\u00f3 i\/o assessorament fet del mateix t\u00edtol o d&#8217;un t\u00edtol af\u00ed.<\/p>\n<p style=\"text-align: justify;\">Aquest servei t\u00e9 un preu p\u00fablic de\u00a0<strong>18,00 \u20ac<\/strong>\u00a0per unitat formativa<\/p>\n<h5 style=\"text-align: justify;\"><span style=\"color: #ff0000;\">OFERTA DEL SERVEI D&#8217;ASSESSORAMENT<\/span><\/h5>\n<table class=\"families-places\">\n<tbody>\n<tr>\n<td>Fam\u00edlia professional qu\u00edmica<\/td>\n<td><strong>16 places<\/strong><\/td>\n<\/tr>\n<\/tbody>\n<\/table>\n<p><strong>Com podeu sol\u00b7licitar aquest servei?<\/strong> Cal emplenar la <a href=\"https:\/\/agora.xtec.cat\/ieslaromanica\/wp-content\/uploads\/usu857\/2021\/02\/sol\u00b7licitud_assessorament_centres_Departament.pdf\" target=\"_blank\" rel=\"noopener noreferrer\"><span style=\"color: #0000ff;\"><strong>sol\u00b7licitud <\/strong><\/span><\/a>i enviar-la a l&#8217;email<strong> reconeixement.experiencia@inslaromanica.org<\/strong><\/p>\n<p style=\"text-align: justify;\"><strong>Per\u00edode d&#8217;admissi\u00f3 de les sol\u00b7licituds pel servei d&#8217;assessorament:<\/strong> Del 18 al 29 de setembre de 2023.<\/p>\n<p style=\"text-align: justify;\"><strong>Criteris d&#8217;admissi\u00f3:<\/strong>\u00a0L&#8217;ordre d&#8217;admissi\u00f3 es realitzar\u00e0 d&#8217;acord amb la major edat de la persona sol\u00b7licitant.<\/p>\n<p style=\"text-align: justify;\"><strong>Publicaci\u00f3 de les\u00a0llistes provisionals d&#8217;admesos i places de reserva<\/strong><strong>:<\/strong> El dia 5 d&#8217;octubre de 2023. <strong>Llista provisional d&#8217;admesos assessorament<\/strong><\/p>\n<p><strong>Reclamacions a la llista provisional de persones admeses:<\/strong> Del 6 al 10 d&#8217;octubre de 2023. Enviar <a href=\"https:\/\/agora.xtec.cat\/ieslaromanica\/wp-content\/uploads\/usu857\/2021\/02\/Reclamacio_assessorament_centres_Departament.pdf\" target=\"_blank\" rel=\"noopener noreferrer\"><strong>full de reclamaci\u00f3<\/strong><\/a> correctament emplenat i adjuntant la documentaci\u00f3 oportuna a <strong>reconeixement.experiencia@inslaromanica.org<\/strong><\/p>\n<p style=\"text-align: justify;\"><strong>Publicaci\u00f3 de les\u00a0<\/strong><strong>llistes d&#8217;admesos i places de reserva<\/strong><strong>:<\/strong> El dia 18 d&#8217;octubre de 2023.<\/p>\n<p style=\"text-align: justify;\"><strong>Sessi\u00f3 informativa telem\u00e0tica pr\u00e8via a la inscripci\u00f3<\/strong>: El dia 19 d&#8217;octubre de 2023 a les 11:30 h.<\/p>\n<p style=\"text-align: justify;\"><strong>Inscripci\u00f3 al servei d&#8217;assessorament i presentaci\u00f3 de la documentaci\u00f3:<\/strong> Del 20 al 25 d&#8217;octubre de 2023. S&#8217;haur\u00e0 d&#8217;enviar a l&#8217;email <strong>reconeixement.experiencia@inslaromanica.org <\/strong>la seg\u00fcent documentaci\u00f3 escanejada:<\/p>\n<ul style=\"text-align: justify;\">\n<li><a href=\"https:\/\/agora.xtec.cat\/ieslaromanica\/wp-content\/uploads\/usu857\/2021\/02\/Inscripcio_assessorament_centres_Departament-formulari.pdf\" target=\"_blank\" rel=\"noopener noreferrer\"><span style=\"color: #0000ff;\"><strong>Full d&#8217;inscripci\u00f3<\/strong><\/span><\/a>\u00a0al servei d&#8217;assessorament.<\/li>\n<li>Fotoc\u00f2pia del DNI, NIE o Passaport<\/li>\n<li>Document justificatiu de la bonificaci\u00f3 o l&#8217;exempci\u00f3 del preu p\u00fablic, si \u00e9s el cas.<\/li>\n<li>Resguard de pagament del preu establert<\/li>\n<\/ul>\n<p style=\"text-align: justify;\"><strong>Pagament del servei:<\/strong> S&#8217;haur\u00e0 de fer un ingr\u00e9s de <strong>60 \u20ac<\/strong> en el n\u00famero de compte del Institut <strong>ES27 21<\/strong><strong style=\"font-family: inherit; font-size: 1em;\">00 0300 70 0200253972<\/strong><span style=\"font-family: inherit; font-size: 1em;\"> de CaixaBank indicant en el concepte \u201cNom i cognom \/servei d&#8217;assessorament\u201d.<\/span><\/p>\n<p style=\"text-align: justify;\"><strong>Calendari del servei d&#8217;assessorament:<\/strong> Aproximadament a partir del 22 de gener de 2024 s&#8217;iniciaran les sessions d&#8217;assessorament. Rebreu un correu electr\u00f2nic amb informaci\u00f3 m\u00e9s concreta. En cas que no pugueu assistir a la sessi\u00f3 cal que ho comuniqueu amb antelaci\u00f3. La no assist\u00e8ncia sense justificaci\u00f3 comportar\u00e0 la p\u00e8rdua dels drets a rebre l&#8217;assessorament i el reemborsament del preu p\u00fablic.<\/p>\n<p style=\"text-align: justify;\"><strong>Bonificacions i exempcions del preu p\u00fablic.<\/strong>\u00a0Les persones membres de fam\u00edlies nombroses classificades en la categoria general i les persones membres de fam\u00edlies monoparentals, tenen una bonificaci\u00f3 del 50% dels imports dels preus p\u00fablics, sense que ambdues bonificacions siguin acumulables. Estaran exemptes de pagament les persones membres de fam\u00edlies nombroses de categoria especial, les v\u00edctimes d&#8217;actes terroristes, els seus c\u00f2njuges i els seus fills, les persones que posseeixen la declaraci\u00f3 legal de minusv\u00e0lua en un grau igual o superior al 33%, i les persones subjectes a mesures privatives de llibertat.<\/p>\n<h5 style=\"text-align: justify;\"><span style=\"color: #0000ff;\">OFERTA DEL SERVEI DE RECONEIXEMENT ACAD\u00c8MIC<\/span><\/h5>\n<table class=\"families-places\">\n<tbody>\n<tr>\n<td>CFGM Laboratori<\/td>\n<td><strong>4 places<\/strong><\/td>\n<\/tr>\n<tr>\n<td>CFGM Planta qu\u00edmica (perfil professional productes farmac\u00e8utics i cosm\u00e8tics<\/td>\n<td><strong>4 places<\/strong><\/td>\n<\/tr>\n<tr>\n<td>CFGS Laboratori d&#8217;an\u00e0lisi i de control de qualitat<\/td>\n<td><strong>4 places<\/strong><\/td>\n<\/tr>\n<tr>\n<td>CFGS Fabricaci\u00f3 de productes farmac\u00e8utics, biotecnol\u00f2gics i afins<\/td>\n<td><strong>4 places<\/strong><\/td>\n<\/tr>\n<\/tbody>\n<\/table>\n<p style=\"text-align: justify;\"><strong>Com podeu sol\u00b7licitar aquest servei?<\/strong> Cal emplenar la <strong>sol\u00b7licitud <\/strong>i enviar-la, juntament amb la documentaci\u00f3 pertinent, a l&#8217;email<strong> reconeixement.experiencia@inslaromanica.org<\/strong> una vegada acabat el proc\u00e9s d&#8217;assessorament.<\/p>\n<p style=\"text-align: justify;\">S&#8217;ha de presentar la seg\u00fcent documentaci\u00f3:<\/p>\n<ul style=\"text-align: justify;\">\n<li>La\u00a0<strong>sol\u00b7licitud<\/strong>\u00a0al servei de reconeixement acad\u00e8mic dels aprenentatges indicant el cicle formatiu del que es vol fer el reconeixement.<\/li>\n<li>Fotoc\u00f2pia del document nacional d&#8217;identitat o document d&#8217;identitat equivalent.<\/li>\n<li>Informe de vida laboral (treball assalariat) o certificat de la Tresoreria General de la Seguretat Social o de la mutualitat laboral (aut\u00f2noms) o certificat d&#8217;empresa (activitats socials sense relaci\u00f3 laboral).<\/li>\n<\/ul>\n<p style=\"text-align: justify;\"><strong>Criteris d&#8217;admissi\u00f3: <\/strong>Si el nombre de sol\u00b7licituds al servei supera l&#8217;oferta de places del centre s&#8217;aplicaran, successivament, els seg\u00fcents criteris:<\/p>\n<ul style=\"text-align: justify;\">\n<li>Haver fet la fase d&#8217;orientaci\u00f3 i assessorament o la fase d&#8217;orientaci\u00f3, en qualsevol convocat\u00f2ria del proc\u00e9s per a l&#8217;acreditaci\u00f3 de les compet\u00e8ncies professionals relatives a les unitats de compet\u00e8ncia establertes en els t\u00edtols de t\u00e8cnic i t\u00e8cnic superior de determinats cicles formatius o b\u00e9 el servei d&#8217;assessorament; en cas d&#8217;empat es prioritzar\u00e0 la major edat.<\/li>\n<li>El major temps de desenvolupament d&#8217;experi\u00e8ncia laboral o en activitats socials relacionades amb el cicle formatiu.<\/li>\n<\/ul>\n<p style=\"text-align: justify;\"><strong>Pagament del servei:<\/strong> S&#8217;haur\u00e0 de fer un ingr\u00e9s de <strong>18 \u20ac (per unitat formativa a recon\u00e8ixer)<\/strong> en el n\u00famero de compte del Institut <strong>ES27 21<\/strong><strong style=\"font-family: inherit; font-size: 1em;\">00 0300 70 0200253972<\/strong><span style=\"font-family: inherit; font-size: 1em;\"> de CaixaBank indicant en el concepte \u201cNom i cognom \/servei reconeixement\u201d.<\/span><\/p>\n<ul style=\"text-align: justify;\">\n<li><strong>Full d&#8217;inscripci\u00f3<\/strong>\u00a0impr\u00e8s amb les dades personals i el cicle formatiu seleccionat.<\/li>\n<li>Fotoc\u00f2pia del DNI, NIE o Passaport, acompanyat de l&#8217;original per a la seva verificaci\u00f3.<\/li>\n<li>Titulaci\u00f3 original i fotoc\u00f2pia en cas de disposar dels requisits d&#8217;acc\u00e9s.<\/li>\n<li>Informe d&#8217;assessorament.<\/li>\n<li>Document justificatiu de la bonificaci\u00f3 o l&#8217;exempci\u00f3 del preu p\u00fablic, si \u00e9s el cas.<\/li>\n<li>Resguard de pagament del preu establert.<\/li>\n<\/ul>\n<p style=\"text-align: justify;\"><strong>Inscripci\u00f3 al servei de reconeixement i presentaci\u00f3 de la documentaci\u00f3:\u00a0<\/strong>S&#8217;haur\u00e0 de presentar a la secretaria del centre la seg\u00fcent documentaci\u00f3:<\/p>\n<p style=\"text-align: justify;\"><strong>Calendari del servei d&#8217;assessorament:<\/strong>\u00a0L\u2019usuari rebr\u00e0 un correu electr\u00f2nic amb el calendari per iniciar les sessions de reconeixement acad\u00e8mic dels aprenentatges assolits mitjan\u00e7ant l&#8217;experi\u00e8ncia laboral. En cas que no pugueu assistir a la sessi\u00f3 cal que ho comuniqueu amb antelaci\u00f3. La no assist\u00e8ncia sense justificaci\u00f3 comportar\u00e0 la p\u00e8rdua dels drets a rebre l&#8217;assessorament i el reemborsament del preu p\u00fablic.<\/p>\n<p style=\"text-align: justify;\"><strong>Bonificacions i exempcions del preu p\u00fablic.<\/strong>\u00a0Les persones membres de fam\u00edlies nombroses classificades en la categoria general i les persones membres de fam\u00edlies monoparentals, tenen una bonificaci\u00f3 del 50% dels imports dels preus p\u00fablics, sense que ambdues bonificacions siguin acumulables. Estaran exemptes de pagament les persones membres de fam\u00edlies nombroses de categoria especial, les v\u00edctimes d&#8217;actes terroristes, els seus c\u00f2njuges i els seus fills, les persones que posseeixen la declaraci\u00f3 legal de minusv\u00e0lua en un grau igual o superior al 33%, i les persones subjectes a mesures privatives de llibertat.<\/p>\n<h5 style=\"text-align: justify;\"><span style=\"color: #008000;\">NORMATIVA<\/span><\/h5>\n<p style=\"text-align: justify;\"><strong>Resoluci\u00f3 ENS\/1891\/2012, de 23 d&#8217;agost<\/strong>, d&#8217;organitzaci\u00f3 de diverses mesures flexibilitzadores i actuacions en la formaci\u00f3 professional inicial.<\/p>\n<p style=\"text-align: justify;\"><a class=\"docs pdf\" href=\"http:\/\/portaldogc.gencat.cat\/utilsEADOP\/PDF\/6220\/1261908.pdf\" target=\"blank\" rel=\"noopener noreferrer\">DOGC n\u00fam. 6220, de 26.9.2012<\/a><\/p>\n<p style=\"text-align: justify;\"><strong>Ordre ENS\/270\/2012, de 31 d&#8217;agost<\/strong>, de creaci\u00f3 de preus p\u00fablics per diversos serveis relacionats amb els ensenyaments de formaci\u00f3 professional inicial que es presten als centres educatius dependents del Departament d&#8217;Ensenyament.<\/p>\n<p style=\"text-align: justify;\"><a class=\"docs pdf\" href=\"http:\/\/portaldogc.gencat.cat\/utilsEADOP\/PDF\/6221\/1262247.pdf\" target=\"blank\" rel=\"noopener noreferrer\">DOGC n\u00fam. 6221, de 27.9.2012<\/a><\/p>\n<p style=\"text-align: justify;\"><strong>NORMATIVA EN MAT\u00c8RIA SANIT\u00c0RIA:<\/strong><\/p>\n<p style=\"text-align: justify;\">Les actuacions del\u00a0<strong>servei d\u2019assessorament<\/strong> es faran de manera preferent de forma telem\u00e0tica.<\/p>\n<p style=\"text-align: justify;\">Les actuacions del\u00a0<strong>servei de reconeixement<\/strong>, si \u00e9s possible, es faran presencials, per\u00f2 es poden fer telem\u00e0ticament per causa justificada.<\/p>\n<p style=\"text-align: justify;\">En el cas de la\u00a0<strong>modalitat telem\u00e0tica<\/strong>\u00a0\u00e9s necessari seguir les seg\u00fcents indicacions:<\/p>\n<p style=\"text-align: justify;\">\u25cf La persona aspirant ha de disposar d\u2019una adre\u00e7a de correu electr\u00f2nic, que permeti realitzar sessions de videoconfer\u00e8ncia.<\/p>\n<p style=\"text-align: justify;\">\u25cf Indicacions de com es desenvoluparan les sessions de video-reunions:\u00a0L\u2019aspirant ha de poder disposar dels recursos inform\u00e0tics corresponents, per tal de que la video-reuni\u00f3 es pugui desenvolupar de forma adient.<\/p>\n<p style=\"padding-left: 40px; text-align: justify;\">o L\u2019aspirant ha de demostrar la seva identitat mostrant el DNI\/NIE a trav\u00e9s de la v\u00eddeo-reuni\u00f3.<\/p>\n<p style=\"padding-left: 40px; text-align: justify;\">o S\u2019informar\u00e0 a l\u2019aspirant, que en cap moment, pot gravar les sessions ni difondre cap imatge o contingut del desenvolupament de les mateixes.<\/p>\n","protected":false},"excerpt":{"rendered":"<p><a href=\"https:\/\/agora.xtec.cat\/ieslaromanica\/wp-content\/uploads\/usu857\/2021\/02\/04_model_triptic_servei_assessorament-la-romanica.pdf\" target=\"_blank\" rel=\"noopener noreferrer\"><\/a><br \/>\n<a href=\"https:\/\/agora.xtec.cat\/ieslaromanica\/wp-content\/uploads\/usu857\/2021\/02\/06_model_triptic_reconeixement_experiencia-la-romanica.pdf\" target=\"_blank\" rel=\"noopener noreferrer\"><\/a><\/p>\n<p>Clica sobre les imatges per a m\u00e9s informaci\u00f3<\/p>\n<p><a style=\"color: #0000ff;\" href=\"https:\/\/agora.xtec.cat\/ieslaromanica\/wp-content\/uploads\/usu857\/2021\/02\/carta_compris_centres_Departament-La-Rom\u00e0nica.pdf\" target=\"_blank\" rel=\"noopener noreferrer\">Carta de comprom\u00eds<\/a><br \/>\nInformaci\u00f3 i contacte: reconeixement.experiencia@inslaromanica.org<\/p>\n<p>SERVEI D&#8217;ASSESSORAMENT EN LA FORMACI\u00d3 PROFESSIONAL DEL SISTEMA EDUCATIU<br \/>\nS&#8217;adre\u00e7a a les persones adultes interessades a obtenir la diagnosi de&hellip;  <a href=\"https:\/\/agora.xtec.cat\/ieslaromanica\/cicles-formatius\/servei-dassessorament-i-reconeixement-academic\/\" title=\"Read Servei d&#8217;assessorament i reconeixement acad\u00e8mic\">Llegeix m\u00e9s\u00bb<\/a><\/p>\n","protected":false},"author":35,"featured_media":0,"parent":2214,"menu_order":25,"comment_status":"closed","ping_status":"closed","template":"page-templates\/side-menu.php","meta":{"_bbp_topic_count":0,"_bbp_reply_count":0,"_bbp_total_topic_count":0,"_bbp_total_reply_count":0,"_bbp_voice_count":0,"_bbp_anonymous_reply_count":0,"_bbp_topic_count_hidden":0,"_bbp_reply_count_hidden":0,"_bbp_forum_subforum_count":0,"footnotes":""},"class_list":["post-18554","page","type-page","status-publish","hentry"],"post_mailing_queue_ids":[],"_links":{"self":[{"href":"https:\/\/agora.xtec.cat\/ieslaromanica\/wp-json\/wp\/v2\/pages\/18554","targetHints":{"allow":["GET"]}}],"collection":[{"href":"https:\/\/agora.xtec.cat\/ieslaromanica\/wp-json\/wp\/v2\/pages"}],"about":[{"href":"https:\/\/agora.xtec.cat\/ieslaromanica\/wp-json\/wp\/v2\/types\/page"}],"author":[{"embeddable":true,"href":"https:\/\/agora.xtec.cat\/ieslaromanica\/wp-json\/wp\/v2\/users\/35"}],"replies":[{"embeddable":true,"href":"https:\/\/agora.xtec.cat\/ieslaromanica\/wp-json\/wp\/v2\/comments?post=18554"}],"version-history":[{"count":4,"href":"https:\/\/agora.xtec.cat\/ieslaromanica\/wp-json\/wp\/v2\/pages\/18554\/revisions"}],"predecessor-version":[{"id":23289,"href":"https:\/\/agora.xtec.cat\/ieslaromanica\/wp-json\/wp\/v2\/pages\/18554\/revisions\/23289"}],"up":[{"embeddable":true,"href":"https:\/\/agora.xtec.cat\/ieslaromanica\/wp-json\/wp\/v2\/pages\/2214"}],"wp:attachment":[{"href":"https:\/\/agora.xtec.cat\/ieslaromanica\/wp-json\/wp\/v2\/media?parent=18554"}],"curies":[{"name":"wp","href":"https:\/\/api.w.org\/{rel}","templated":true}]}}