{"id":17643,"date":"2020-05-21T21:11:08","date_gmt":"2020-05-21T19:11:08","guid":{"rendered":"http:\/\/agora.xtec.cat\/ieslaromanica\/?page_id=17643"},"modified":"2021-05-07T10:28:48","modified_gmt":"2021-05-07T08:28:48","slug":"preinscripcio-a-programes-de-formacio-i-insercio-pfi","status":"publish","type":"page","link":"https:\/\/agora.xtec.cat\/ieslaromanica\/cicles-formatius\/preinscripcio-a-programes-de-formacio-i-insercio-pfi\/","title":{"rendered":"Preinscripci\u00f3 a programes de formaci\u00f3 i inserci\u00f3 (PFI)"},"content":{"rendered":"<h4 class=\"uk-panel-title\" style=\"text-align: justify;\"><span style=\"color: #0000ff;\">1.- Terminis<\/span><\/h4>\n<p style=\"text-align: justify;\">Termini per presentar la sol\u00b7licitud de <strong>preinscripci\u00f3: del 10 de maig al 21 de maig de 2021.<\/strong><\/p>\n<p style=\"text-align: justify;\">Consulteu el\u00a0<a title=\"calendari\" href=\"https:\/\/preinscripcio.gencat.cat\/ca\/estudis\/pfi\/inici\/\" target=\"_blank\" rel=\"noopener noreferrer\">calendari<\/a>\u00a0complet al web Estudiar a Catalunya.<\/p>\n<h4 class=\"uk-panel-title\" style=\"text-align: justify;\"><span style=\"color: #0000ff;\">2.- Com es fa i com es presenta la sol\u00b7licitud de preinscripci\u00f3?<\/span><\/h4>\n<div>\n<div class=\"row\">\n<div class=\"col-sm-8 columna_esquerra\">\n<div class=\"cos_bloc basic_text_peq pd-15\">\n<p>La preinscripci\u00f3 als programes de formaci\u00f3 i inserci\u00f3 es fa de manera presencial als centres. Per fer-ho has de seguir els seg\u00fcents passos:<\/p>\n<ol>\n<li>Posa&#8217;t en contacte amb el centre escollit i demana cita pr\u00e8via per poder presentar la teva sol\u00b7licitud de preinscripci\u00f3.<\/li>\n<li>Presentat al centre escollit el dia i l&#8217;hora que t&#8217;han citat.<\/li>\n<li>Omple el formulari de preinscripci\u00f3 amb totes les dades que se&#8217;t demanin. El pots portar impr\u00e8s i omplert des de casa o ho pots fer al mateix centre.<\/li>\n<li>Indica el llistat ordenat de centres als quals t&#8217;agradaria accedir ordenats per ordre de prefer\u00e8ncia.<\/li>\n<li>Especifica totes les circumst\u00e0ncies especials que acreditin la teva sol\u00b7licitud (resid\u00e8ncia habitual, si t\u00e9 alguna necessitat educativa espec\u00edfica&#8230;).<\/li>\n<li>Adjunta tota la informaci\u00f3 identificativa i dels criteris de prioritat que es requereixi. Porta l&#8217;original i una fotoc\u00f2pia.<\/li>\n<li>Entrega la sol\u00b7licitud de preinscripci\u00f3. Un cop presentada la sol\u00b7licitud de preinscripci\u00f3 se&#8217;t donar\u00e0 un\u00a0<strong>resguard acreditatiu de la preinscripci\u00f3<\/strong>.<\/li>\n<\/ol>\n<p><strong>Recorda: Nom\u00e9s es pot presentar una sol\u00b7licitud de preinscripci\u00f3 per alumne o alumna.<\/strong><\/p>\n<\/div>\n<\/div>\n<\/div>\n<\/div>\n<p style=\"text-align: justify;\"><a href=\"https:\/\/documents.espai.educacio.gencat.cat\/FormularisModels\/CentresGestioAdministrativa\/A72.pdf\" target=\"_blank\" rel=\"noopener noreferrer\"><img loading=\"lazy\" decoding=\"async\" class=\"alignnone wp-image-17475 size-full\" src=\"https:\/\/agora.xtec.cat\/ieslaromanica\/wp-content\/uploads\/usu857\/2020\/05\/boton-2.png\" alt=\"\" width=\"280\" height=\"51\" \/><\/a><\/p>\n<h4 class=\"uk-panel-title\" style=\"text-align: justify;\"><span style=\"color: #0000ff;\">3.- Documentaci\u00f3<\/span><\/h4>\n<div>\n<div>\n<div class=\"row\">\n<div class=\"col-xs-12 columna_esquerra\">\n<div class=\"cos_bloc basic_text_peq pd-15\">\n<p>Cal portar l&#8217;original i una fotoc\u00f2pia.<\/p>\n<p><strong>Si \u00e9s major d&#8217;edat: DNI, el NIE, el passaport o el document d&#8217;identitat d&#8217;un pa\u00eds membre de l&#8217;alumne o l&#8217;alumna.<\/strong><\/p>\n<p><strong>Si \u00e9s menor d&#8217;edat:<\/strong><\/p>\n<ul>\n<li style=\"list-style-type: none;\">\n<ul style=\"list-style-type: disc;\">\n<li><strong>Llibre de fam\u00edlia o altres documents relatius a la filiaci\u00f3.<\/strong><br \/>\nQuan l&#8217;alumne estigui en situaci\u00f3 d&#8217;acolliment, el document que cal aportar \u00e9s la\u00a0<strong>resoluci\u00f3 d&#8217;acolliment del Departament de Treball, Afers Socials i Fam\u00edlies<\/strong>.<\/li>\n<li><strong>DNI del pare, la mare o el tutor o la tutora de l\u2019alumne.<\/strong><br \/>\nSi el sol\u00b7licitant \u00e9s estranger, necessitar\u00e0 la\u00a0<strong>targeta de resid\u00e8ncia<\/strong>\u00a0on consta el NIE o el\u00a0<strong>passaport<\/strong>, i si \u00e9s estranger d&#8217;un pa\u00eds membre de la Uni\u00f3 Europea li caldr\u00e0 adjuntar el\u00a0<strong>document d&#8217;identitat del pa\u00eds d&#8217;origen<\/strong>.<br \/>\nDe manera excepcional, es poden acreditar les dades d&#8217;identificaci\u00f3 o de filiaci\u00f3 de l&#8217;alumnat estranger amb el document d&#8217;identitat, el llibre de fam\u00edlia del pa\u00eds d&#8217;origen o la documentaci\u00f3 alternativa que la persona pugui aportar. El director o la directora del centre educatiu corresponent valorar\u00e0 i examinar\u00e0 la documentaci\u00f3 presentada.<br \/>\n<strong>Per acreditar la condici\u00f3 de discapacitat:<\/strong>\u00a0s&#8217;ha de presentar un certificat dels serveis de valoraci\u00f3 i orientaci\u00f3 a persones amb discapacitat (CAD) del Departament de treball, Afers Socials i Fam\u00edlies o b\u00e9 un informe de l&#8217;EAP en qu\u00e8 s&#8217;indiqui l&#8217;exist\u00e8ncia d&#8217;indicis raonables que l&#8217;alumne presenta discapacitat.<\/li>\n<\/ul>\n<\/li>\n<\/ul>\n<p><strong>2. Documentaci\u00f3 de criteris de prioritat:<\/strong>\u00a0nom\u00e9s cal adjuntar la documentaci\u00f3 acreditativa quan els centres no puguin obtenir la informaci\u00f3 que es demana a trav\u00e9s de la consulta autom\u00e0tica.\u00a0<strong>Cal portar l&#8217;original i fotoc\u00f2pia<\/strong>. Per exemple:<\/p>\n<ul>\n<li style=\"list-style-type: none;\">\n<ul style=\"list-style-type: disc;\">\n<li><strong>Proximitat del domicili al lloc on es fa el programa.<\/strong>\u00a0Original i c\u00f2pia del DNI de la persona sol\u00b7licitant o de la targeta de resid\u00e8ncia on consta el NIE en el cas de persones estrangeres.<br \/>\nQuan el domicili habitual que s&#8217;al\u00b7lega no coincideix amb el DNI, amb el de la targeta de resid\u00e8ncia on consta el NIE o es tracta de persones estrangeres sense NIE, s&#8217;acredita amb el certificat o volant municipal de conviv\u00e8ncia de l&#8217;alumne on ha de constar que conviu amb la persona sol\u00b7licitant, si s&#8217;escau.<\/li>\n<li><strong>Participaci\u00f3 per primera vegada en una Programa de Formaci\u00f3 i Inserci\u00f3:<\/strong>\u00a0s&#8217;acredita marcant la casella corresponents en la sol\u00b7licitud de preinscripci\u00f3 que es presenta signada.<\/li>\n<li><strong>Anys d\u2019escolaritzaci\u00f3 a l&#8217;ESO:<\/strong>\u00a0certificat d&#8217;estudis o altra documentaci\u00f3 que acredita el nombre de cursos escolaritzats a l&#8217;ESO i l&#8217;\u00faltim curs que s&#8217;ha fet o que s&#8217;est\u00e0 fent.<\/li>\n<li><strong>\u00daltim curs fet a l\u2019ESO:<\/strong>\u00a0certificat d&#8217;estudis o altra documentaci\u00f3 que acredita el nombre de cursos escolaritzats a l&#8217;ESO i l\u2019\u00faltim curs que s&#8217;ha fet o que s&#8217;est\u00e0 fent.<\/li>\n<\/ul>\n<\/li>\n<\/ul>\n<\/div>\n<\/div>\n<\/div>\n<\/div>\n<\/div>\n<h4 class=\"uk-panel-title\" style=\"text-align: justify;\"><span style=\"color: #0000ff;\">3.- Requisits<\/span><\/h4>\n<p style=\"text-align: justify;\">Poden accedir a un PFI\u00a0joves no ocupats que compleixin com a m\u00ednim 16 anys d&#8217;edat i com a m\u00e0xim 21 l&#8217;any d&#8217;inici del programa, que hagin deixat l&#8217;ESO sense obtenir-ne el t\u00edtol i que en el moment d&#8217;iniciar els programes no segueixin estudis en el sistema educatiu ni participin en altres accions de formaci\u00f3.<\/p>\n<h4 class=\"uk-panel-title\" style=\"text-align: justify;\"><span style=\"color: #0000ff;\">4.- M\u00e9s informaci\u00f3 sobre la preinscripci\u00f3<\/span><\/h4>\n<p>A la p\u00e0gina de la Generalitat <a href=\"https:\/\/preinscripcio.gencat.cat\/ca\/estudis\/pfi\/inici\/\" target=\"_blank\" rel=\"noopener noreferrer\">https:\/\/preinscripcio.gencat.cat\/ca\/estudis\/pfi\/inici\/<\/a><\/p>\n","protected":false},"excerpt":{"rendered":"<p>1.- Terminis<br \/>\nTermini per presentar la sol\u00b7licitud de preinscripci\u00f3: del 10 de maig al 21 de maig de 2021.<br \/>\nConsulteu el\u00a0<a title=\"calendari\" href=\"https:\/\/preinscripcio.gencat.cat\/ca\/estudis\/pfi\/inici\/\" target=\"_blank\" rel=\"noopener noreferrer\">calendari<\/a>\u00a0complet al web Estudiar a Catalunya.<br \/>\n2.- Com es fa i com es presenta la sol\u00b7licitud de preinscripci\u00f3?<\/p>\n<p>La preinscripci\u00f3 als programes de formaci\u00f3&hellip;  <a href=\"https:\/\/agora.xtec.cat\/ieslaromanica\/cicles-formatius\/preinscripcio-a-programes-de-formacio-i-insercio-pfi\/\" title=\"Read Preinscripci\u00f3 a programes de formaci\u00f3 i inserci\u00f3 (PFI)\">Llegeix m\u00e9s\u00bb<\/a><\/p>\n","protected":false},"author":35,"featured_media":0,"parent":2214,"menu_order":0,"comment_status":"closed","ping_status":"closed","template":"page-templates\/side-menu.php","meta":{"_bbp_topic_count":0,"_bbp_reply_count":0,"_bbp_total_topic_count":0,"_bbp_total_reply_count":0,"_bbp_voice_count":0,"_bbp_anonymous_reply_count":0,"_bbp_topic_count_hidden":0,"_bbp_reply_count_hidden":0,"_bbp_forum_subforum_count":0,"footnotes":""},"class_list":["post-17643","page","type-page","status-publish","hentry"],"post_mailing_queue_ids":[],"_links":{"self":[{"href":"https:\/\/agora.xtec.cat\/ieslaromanica\/wp-json\/wp\/v2\/pages\/17643","targetHints":{"allow":["GET"]}}],"collection":[{"href":"https:\/\/agora.xtec.cat\/ieslaromanica\/wp-json\/wp\/v2\/pages"}],"about":[{"href":"https:\/\/agora.xtec.cat\/ieslaromanica\/wp-json\/wp\/v2\/types\/page"}],"author":[{"embeddable":true,"href":"https:\/\/agora.xtec.cat\/ieslaromanica\/wp-json\/wp\/v2\/users\/35"}],"replies":[{"embeddable":true,"href":"https:\/\/agora.xtec.cat\/ieslaromanica\/wp-json\/wp\/v2\/comments?post=17643"}],"version-history":[{"count":3,"href":"https:\/\/agora.xtec.cat\/ieslaromanica\/wp-json\/wp\/v2\/pages\/17643\/revisions"}],"predecessor-version":[{"id":19085,"href":"https:\/\/agora.xtec.cat\/ieslaromanica\/wp-json\/wp\/v2\/pages\/17643\/revisions\/19085"}],"up":[{"embeddable":true,"href":"https:\/\/agora.xtec.cat\/ieslaromanica\/wp-json\/wp\/v2\/pages\/2214"}],"wp:attachment":[{"href":"https:\/\/agora.xtec.cat\/ieslaromanica\/wp-json\/wp\/v2\/media?parent=17643"}],"curies":[{"name":"wp","href":"https:\/\/api.w.org\/{rel}","templated":true}]}}