{"id":17351,"date":"2020-05-12T12:34:57","date_gmt":"2020-05-12T10:34:57","guid":{"rendered":"http:\/\/agora.xtec.cat\/ieslaromanica\/?page_id=17351"},"modified":"2020-05-12T13:08:11","modified_gmt":"2020-05-12T11:08:11","slug":"concurs-de-fotografia-matematica","status":"publish","type":"page","link":"https:\/\/agora.xtec.cat\/ieslaromanica\/concurs-de-fotografia-matematica\/","title":{"rendered":"Concurs de fotografia matem\u00e0tica 2019-2020"},"content":{"rendered":"<p>GUANYADORS-RES DEL CONCURS DE FOTOGRAFIA MATEM\u00c0TICA <strong>2019-2020<\/strong><\/p>\n<table style=\"width: 500px;\">\n<tbody>\n<tr>\n<td style=\"width: 92.7273px;\"><b>1r <\/b><strong>Cicle<\/strong><b><\/b>: 1ESOB<\/td>\n<td style=\"width: 400px;\"><strong>Roger G\u00f3mez Anta<\/strong>. <em>Gr\u00e0fica humana per l&#8217;esperan\u00e7a<\/em>.<\/p>\n<p><a href=\"https:\/\/agora.xtec.cat\/ieslaromanica\/wp-content\/uploads\/usu857\/2020\/05\/14.-ESO12_Gra\u0300fica-humana-per-lesperanc\u0327a-2mg.jpg\"><img loading=\"lazy\" decoding=\"async\" class=\"aligncenter size-large wp-image-17345\" src=\"https:\/\/agora.xtec.cat\/ieslaromanica\/wp-content\/uploads\/usu857\/2020\/05\/14.-ESO12_Gra\u0300fica-humana-per-lesperanc\u0327a-2mg-1024x846.jpg\" alt=\"\" width=\"1024\" height=\"846\" srcset=\"https:\/\/agora.xtec.cat\/ieslaromanica\/wp-content\/uploads\/usu857\/2020\/05\/14.-ESO12_Gra\u0300fica-humana-per-lesperanc\u0327a-2mg-1024x846.jpg 1024w, https:\/\/agora.xtec.cat\/ieslaromanica\/wp-content\/uploads\/usu857\/2020\/05\/14.-ESO12_Gra\u0300fica-humana-per-lesperanc\u0327a-2mg-300x248.jpg 300w, https:\/\/agora.xtec.cat\/ieslaromanica\/wp-content\/uploads\/usu857\/2020\/05\/14.-ESO12_Gra\u0300fica-humana-per-lesperanc\u0327a-2mg-768x635.jpg 768w, https:\/\/agora.xtec.cat\/ieslaromanica\/wp-content\/uploads\/usu857\/2020\/05\/14.-ESO12_Gra\u0300fica-humana-per-lesperanc\u0327a-2mg.jpg 1984w\" sizes=\"auto, (max-width: 1024px) 100vw, 1024px\" \/><\/a><\/td>\n<\/tr>\n<tr>\n<td style=\"width: 92.7273px;\"><b>2n <\/b><strong>Cicle<\/strong><b><\/b>: 3ESOC<\/td>\n<td style=\"width: 400px;\"><strong>Marta Ortiz Ropero<\/strong>.\u00a0<em>X^2+Y^2=1737,1^2<\/em><\/p>\n<p><a href=\"https:\/\/agora.xtec.cat\/ieslaromanica\/wp-content\/uploads\/usu857\/2020\/05\/6.-ESO34_x^2y^21.7371^2-2mg.jpg\"><img loading=\"lazy\" decoding=\"async\" class=\"aligncenter size-large wp-image-17344\" src=\"https:\/\/agora.xtec.cat\/ieslaromanica\/wp-content\/uploads\/usu857\/2020\/05\/6.-ESO34_x^2y^21.7371^2-2mg-1024x678.jpg\" alt=\"\" width=\"1024\" height=\"678\" srcset=\"https:\/\/agora.xtec.cat\/ieslaromanica\/wp-content\/uploads\/usu857\/2020\/05\/6.-ESO34_x^2y^21.7371^2-2mg-1024x678.jpg 1024w, https:\/\/agora.xtec.cat\/ieslaromanica\/wp-content\/uploads\/usu857\/2020\/05\/6.-ESO34_x^2y^21.7371^2-2mg-300x199.jpg 300w, https:\/\/agora.xtec.cat\/ieslaromanica\/wp-content\/uploads\/usu857\/2020\/05\/6.-ESO34_x^2y^21.7371^2-2mg-768x509.jpg 768w\" sizes=\"auto, (max-width: 1024px) 100vw, 1024px\" \/><\/a><\/td>\n<\/tr>\n<tr>\n<td style=\"width: 92.7273px;\"><b>Batx<\/b>: 2BATX A<\/td>\n<td style=\"width: 400px;\"><strong>Claudia Mo\u00f1ino.<\/strong>\u00a0 <em>L&#8217;obertura de 180\u00ba en l&#8217;\u00e9sser hum\u00e0<\/em>.<\/p>\n<p><a href=\"https:\/\/agora.xtec.cat\/ieslaromanica\/wp-content\/uploads\/usu857\/2020\/05\/4.-ESPO_-180\u00baEN-LESSER-HUMA\u0300.JPG.jpg\"><img loading=\"lazy\" decoding=\"async\" class=\"aligncenter size-large wp-image-17343\" src=\"https:\/\/agora.xtec.cat\/ieslaromanica\/wp-content\/uploads\/usu857\/2020\/05\/4.-ESPO_-180\u00baEN-LESSER-HUMA\u0300.JPG-1024x683.jpg\" alt=\"\" width=\"1024\" height=\"683\" srcset=\"https:\/\/agora.xtec.cat\/ieslaromanica\/wp-content\/uploads\/usu857\/2020\/05\/4.-ESPO_-180\u00baEN-LESSER-HUMA\u0300.JPG-1024x683.jpg 1024w, https:\/\/agora.xtec.cat\/ieslaromanica\/wp-content\/uploads\/usu857\/2020\/05\/4.-ESPO_-180\u00baEN-LESSER-HUMA\u0300.JPG-300x200.jpg 300w, https:\/\/agora.xtec.cat\/ieslaromanica\/wp-content\/uploads\/usu857\/2020\/05\/4.-ESPO_-180\u00baEN-LESSER-HUMA\u0300.JPG-768x512.jpg 768w\" sizes=\"auto, (max-width: 1024px) 100vw, 1024px\" \/><\/a><\/td>\n<\/tr>\n<tr>\n<td style=\"width: 92.7273px;\"><strong>Professors<\/strong><\/td>\n<td style=\"width: 400px;\"><strong>Marta Amador<\/strong>. <em>Cases al cub<b>.<\/b><\/em><\/p>\n<p><a href=\"https:\/\/agora.xtec.cat\/ieslaromanica\/wp-content\/uploads\/usu857\/2020\/05\/19.-PROF_Cases-al-Cub.jpg\"><img loading=\"lazy\" decoding=\"async\" class=\"aligncenter size-large wp-image-17346\" src=\"https:\/\/agora.xtec.cat\/ieslaromanica\/wp-content\/uploads\/usu857\/2020\/05\/19.-PROF_Cases-al-Cub-933x1024.jpg\" alt=\"\" width=\"933\" height=\"1024\" srcset=\"https:\/\/agora.xtec.cat\/ieslaromanica\/wp-content\/uploads\/usu857\/2020\/05\/19.-PROF_Cases-al-Cub-933x1024.jpg 933w, https:\/\/agora.xtec.cat\/ieslaromanica\/wp-content\/uploads\/usu857\/2020\/05\/19.-PROF_Cases-al-Cub-273x300.jpg 273w, https:\/\/agora.xtec.cat\/ieslaromanica\/wp-content\/uploads\/usu857\/2020\/05\/19.-PROF_Cases-al-Cub-768x843.jpg 768w, https:\/\/agora.xtec.cat\/ieslaromanica\/wp-content\/uploads\/usu857\/2020\/05\/19.-PROF_Cases-al-Cub.jpg 1246w\" sizes=\"auto, (max-width: 933px) 100vw, 933px\" \/><\/a><\/td>\n<\/tr>\n<tr>\n<td style=\"width: 92.7273px;\" colspan=\"2\">Cliqueu les imatges per visualitzar-les m\u00e9s grans.<\/td>\n<\/tr>\n<\/tbody>\n<\/table>\n<p class=\"p1\">El Departament de Matem\u00e0tiques donem l&#8217;enhorabona als guanyadors i guanyadores del Concurs de Fotografia Matem\u00e0tica d&#8217;aquest curs 2019-2020. Aquestes fotos guanyadores les presentarem al concurs general de l&#8217;ABEAM. En aquest enlla\u00e7 podeu trobar m\u00e9s informaci\u00f3: <a href=\"https:\/\/fotografiamatematica.cat\/concurs\/\"><span class=\"s1\">https:\/\/fotografiamatematica.cat\/concurs\/<\/span><\/a><\/p>\n<p class=\"p1\">Gr\u00e0cies de nou a totes i tots els participants!<\/p>\n","protected":false},"excerpt":{"rendered":"<p>GUANYADORS-RES DEL CONCURS DE FOTOGRAFIA MATEM\u00c0TICA 2019-2020<\/p>\n<p>1r Cicle: 1ESOB<br \/>\nRoger G\u00f3mez Anta. Gr\u00e0fica humana per l&#8217;esperan\u00e7a.<br \/>\n<a href=\"https:\/\/agora.xtec.cat\/ieslaromanica\/wp-content\/uploads\/usu857\/2020\/05\/14.-ESO12_Gra\u0300fica-humana-per-lesperanc\u0327a-2mg.jpg\"><\/a><\/p>\n<p>2n Cicle: 3ESOC<br \/>\nMarta Ortiz Ropero.\u00a0X^2+Y^2=1737,1^2<br \/>\n<a href=\"https:\/\/agora.xtec.cat\/ieslaromanica\/wp-content\/uploads\/usu857\/2020\/05\/6.-ESO34_x^2y^21.7371^2-2mg.jpg\"><\/a><\/p>\n<p>Batx: 2BATX A<br \/>\nClaudia Mo\u00f1ino.\u00a0 L&#8217;obertura de 180\u00ba en l&#8217;\u00e9sser hum\u00e0.<br \/>\n<a href=\"https:\/\/agora.xtec.cat\/ieslaromanica\/wp-content\/uploads\/usu857\/2020\/05\/4.-ESPO_-180\u00baEN-LESSER-HUMA\u0300.JPG.jpg\"><\/a><\/p>\n<p>Professors<br \/>\nMarta Amador. Cases al cub.<br \/>\n<a href=\"https:\/\/agora.xtec.cat\/ieslaromanica\/wp-content\/uploads\/usu857\/2020\/05\/19.-PROF_Cases-al-Cub.jpg\"><\/a><\/p>\n<p>Cliqueu les imatges per visualitzar-les m\u00e9s grans.<\/p>\n<p>El Departament de Matem\u00e0tiques&hellip;  <a href=\"https:\/\/agora.xtec.cat\/ieslaromanica\/concurs-de-fotografia-matematica\/\" title=\"Read Concurs de fotografia matem\u00e0tica 2019-2020\">Llegeix m\u00e9s\u00bb<\/a><\/p>\n","protected":false},"author":6,"featured_media":0,"parent":0,"menu_order":0,"comment_status":"closed","ping_status":"closed","template":"","meta":{"_bbp_topic_count":0,"_bbp_reply_count":0,"_bbp_total_topic_count":0,"_bbp_total_reply_count":0,"_bbp_voice_count":0,"_bbp_anonymous_reply_count":0,"_bbp_topic_count_hidden":0,"_bbp_reply_count_hidden":0,"_bbp_forum_subforum_count":0,"footnotes":""},"class_list":["post-17351","page","type-page","status-publish","hentry"],"post_mailing_queue_ids":[],"_links":{"self":[{"href":"https:\/\/agora.xtec.cat\/ieslaromanica\/wp-json\/wp\/v2\/pages\/17351","targetHints":{"allow":["GET"]}}],"collection":[{"href":"https:\/\/agora.xtec.cat\/ieslaromanica\/wp-json\/wp\/v2\/pages"}],"about":[{"href":"https:\/\/agora.xtec.cat\/ieslaromanica\/wp-json\/wp\/v2\/types\/page"}],"author":[{"embeddable":true,"href":"https:\/\/agora.xtec.cat\/ieslaromanica\/wp-json\/wp\/v2\/users\/6"}],"replies":[{"embeddable":true,"href":"https:\/\/agora.xtec.cat\/ieslaromanica\/wp-json\/wp\/v2\/comments?post=17351"}],"version-history":[{"count":3,"href":"https:\/\/agora.xtec.cat\/ieslaromanica\/wp-json\/wp\/v2\/pages\/17351\/revisions"}],"predecessor-version":[{"id":17363,"href":"https:\/\/agora.xtec.cat\/ieslaromanica\/wp-json\/wp\/v2\/pages\/17351\/revisions\/17363"}],"wp:attachment":[{"href":"https:\/\/agora.xtec.cat\/ieslaromanica\/wp-json\/wp\/v2\/media?parent=17351"}],"curies":[{"name":"wp","href":"https:\/\/api.w.org\/{rel}","templated":true}]}}