{"id":15803,"date":"2019-11-20T11:01:59","date_gmt":"2019-11-20T10:01:59","guid":{"rendered":"http:\/\/agora.xtec.cat\/ieslaromanica\/?page_id=15803"},"modified":"2019-11-20T11:05:47","modified_gmt":"2019-11-20T10:05:47","slug":"catskills","status":"publish","type":"page","link":"https:\/\/agora.xtec.cat\/ieslaromanica\/cicles-formatius\/catskills\/","title":{"rendered":"CATSKILLS"},"content":{"rendered":"<p>&nbsp;<\/p>\n<p><a href=\"https:\/\/agora.xtec.cat\/ieslaromanica\/wp-content\/uploads\/usu857\/2019\/11\/catskill.png\"><img loading=\"lazy\" decoding=\"async\" class=\"wp-image-15771 alignright\" src=\"https:\/\/agora.xtec.cat\/ieslaromanica\/wp-content\/uploads\/usu857\/2019\/11\/catskill.png\" alt=\"\" width=\"234\" height=\"72\" srcset=\"https:\/\/agora.xtec.cat\/ieslaromanica\/wp-content\/uploads\/usu857\/2019\/11\/catskill.png 335w, https:\/\/agora.xtec.cat\/ieslaromanica\/wp-content\/uploads\/usu857\/2019\/11\/catskill-300x92.png 300w\" sizes=\"auto, (max-width: 234px) 100vw, 234px\" \/><\/a> <a href=\"https:\/\/agora.xtec.cat\/ieslaromanica\/wp-content\/uploads\/usu857\/2019\/11\/logo-educacio.png\"><img loading=\"lazy\" decoding=\"async\" class=\"alignnone wp-image-15772\" src=\"https:\/\/agora.xtec.cat\/ieslaromanica\/wp-content\/uploads\/usu857\/2019\/11\/logo-educacio.png\" alt=\"\" width=\"352\" height=\"55\" srcset=\"https:\/\/agora.xtec.cat\/ieslaromanica\/wp-content\/uploads\/usu857\/2019\/11\/logo-educacio.png 699w, https:\/\/agora.xtec.cat\/ieslaromanica\/wp-content\/uploads\/usu857\/2019\/11\/logo-educacio-300x47.png 300w\" sizes=\"auto, (max-width: 352px) 100vw, 352px\" \/><\/a><\/p>\n<p>&nbsp;<\/p>\n<p style=\"text-align: justify;\">Aquest curs acad\u00e8mic el nostre centre \u00e9s coordinador del \u201cCampionat de Catalunya de la Formaci\u00f3 Professional i proves t\u00e8cniques de les Olimp\u00edades d\u2019FP-Skills\u201d CatSkills 52 de Laboratori d\u2019an\u00e0lisi qu\u00edmica on els alumnes demostren les seves habilitats t\u00e8cniques.<\/p>\n<p style=\"text-align: justify;\">En una primera fase, es faran els entrenaments, pels quals es realitzar\u00e0 una prova prevista eldia 13 de desembre de 2019. En una segona fase, es far\u00e0 el Campionat a nivell de Catalunya CatSkills previst pel mes de maig\/juny de 2020. L\u2019alumnat guanyador d\u2019aquesta fase anir\u00e0 al Campionat que es convoqui a nivell nacional optant posteriorment al Campionat Europeu i en \u00faltim terme al WorldSkills a nivell internacional.<\/p>\n<p style=\"text-align: justify;\">Afrontem aquest repte amb molta il\u00b7lusi\u00f3 com un projecte d\u2019innovaci\u00f3 com a part del projecte de centre dels qual us volem fer part\u00edcips\u00a0 a tots.<\/p>\n<p style=\"text-align: justify;\">Segons les inscripcions definitives, som 12 centres de tot Catalunya\u00a0 participants als Entrenaments \u00a0Molta participaci\u00f3!!!<\/p>\n<p style=\"text-align: justify;\">Estem molt il\u00b7lusionats. En breu rebreu el programa del dia 13 de desembre. Us fem saber que els Entrenaments es duran a terme a les instal\u00b7lacions del nostre institut.<\/p>\n<p style=\"text-align: justify;\"><a href=\"https:\/\/odissea.xtec.cat\/course\/view.php?id=61070\">https:\/\/odissea.xtec.cat\/course\/view.php?id=61070<\/a><\/p>\n<p style=\"text-align: justify;\"><a href=\"http:\/\/catskills.gencat.cat\/ca\/\">http:\/\/catskills.gencat.cat\/ca\/<\/a><\/p>\n<p style=\"text-align: justify;\">Salutacions cordials<\/p>\n<p style=\"text-align: justify;\"><strong>Equip de coordinaci\u00f3 del CatSkills 52<\/strong><\/p>\n<p style=\"text-align: justify;\"><strong>Departament de FP<\/strong><\/p>\n<p style=\"text-align: justify;\"><strong>Institut La Rom\u00e0nica<\/strong><\/p>\n<h4 style=\"text-align: center;\"><a href=\"http:\/\/agora.xtec.cat\/ieslaromanica\/cicles-formatius\/\">Torna a Cicles Formatius<\/a><\/h4>\n","protected":false},"excerpt":{"rendered":"<p>&nbsp;<br \/>\n<a href=\"https:\/\/agora.xtec.cat\/ieslaromanica\/wp-content\/uploads\/usu857\/2019\/11\/catskill.png\"><\/a> <a href=\"https:\/\/agora.xtec.cat\/ieslaromanica\/wp-content\/uploads\/usu857\/2019\/11\/logo-educacio.png\"><\/a><br \/>\n&nbsp;<br \/>\nAquest curs acad\u00e8mic el nostre centre \u00e9s coordinador del \u201cCampionat de Catalunya de la Formaci\u00f3 Professional i proves t\u00e8cniques de les Olimp\u00edades d\u2019FP-Skills\u201d CatSkills 52 de Laboratori d\u2019an\u00e0lisi qu\u00edmica on els alumnes demostren les seves habilitats t\u00e8cniques.<br \/>\nEn una primera fase, es faran&hellip;  <a href=\"https:\/\/agora.xtec.cat\/ieslaromanica\/cicles-formatius\/catskills\/\" title=\"Read CATSKILLS\">Llegeix m\u00e9s\u00bb<\/a><\/p>\n","protected":false},"author":35,"featured_media":0,"parent":2214,"menu_order":22,"comment_status":"closed","ping_status":"closed","template":"page-templates\/side-menu.php","meta":{"_bbp_topic_count":0,"_bbp_reply_count":0,"_bbp_total_topic_count":0,"_bbp_total_reply_count":0,"_bbp_voice_count":0,"_bbp_anonymous_reply_count":0,"_bbp_topic_count_hidden":0,"_bbp_reply_count_hidden":0,"_bbp_forum_subforum_count":0,"footnotes":""},"class_list":["post-15803","page","type-page","status-publish","hentry"],"post_mailing_queue_ids":[],"_links":{"self":[{"href":"https:\/\/agora.xtec.cat\/ieslaromanica\/wp-json\/wp\/v2\/pages\/15803","targetHints":{"allow":["GET"]}}],"collection":[{"href":"https:\/\/agora.xtec.cat\/ieslaromanica\/wp-json\/wp\/v2\/pages"}],"about":[{"href":"https:\/\/agora.xtec.cat\/ieslaromanica\/wp-json\/wp\/v2\/types\/page"}],"author":[{"embeddable":true,"href":"https:\/\/agora.xtec.cat\/ieslaromanica\/wp-json\/wp\/v2\/users\/35"}],"replies":[{"embeddable":true,"href":"https:\/\/agora.xtec.cat\/ieslaromanica\/wp-json\/wp\/v2\/comments?post=15803"}],"version-history":[{"count":2,"href":"https:\/\/agora.xtec.cat\/ieslaromanica\/wp-json\/wp\/v2\/pages\/15803\/revisions"}],"predecessor-version":[{"id":15806,"href":"https:\/\/agora.xtec.cat\/ieslaromanica\/wp-json\/wp\/v2\/pages\/15803\/revisions\/15806"}],"up":[{"embeddable":true,"href":"https:\/\/agora.xtec.cat\/ieslaromanica\/wp-json\/wp\/v2\/pages\/2214"}],"wp:attachment":[{"href":"https:\/\/agora.xtec.cat\/ieslaromanica\/wp-json\/wp\/v2\/media?parent=15803"}],"curies":[{"name":"wp","href":"https:\/\/api.w.org\/{rel}","templated":true}]}}