{"id":1122,"date":"2017-02-16T12:55:35","date_gmt":"2017-02-16T11:55:35","guid":{"rendered":"http:\/\/agora.xtec.cat\/ieslaromanica\/?page_id=1122"},"modified":"2023-09-19T12:51:36","modified_gmt":"2023-09-19T10:51:36","slug":"educacio-visual-i-plastica","status":"publish","type":"page","link":"https:\/\/agora.xtec.cat\/ieslaromanica\/departaments-didactics\/ambit-artistic\/educacio-visual-i-plastica\/","title":{"rendered":"Educaci\u00f3 Visual i Pl\u00e0stica"},"content":{"rendered":"<p>&nbsp;<\/p>\n<p><a href=\"https:\/\/sites.google.com\/inslaromanica.org\/dep-visual-i-plstica\/inici\"><img loading=\"lazy\" decoding=\"async\" class=\"aligncenter wp-image-15957 size-large\" src=\"https:\/\/agora.xtec.cat\/ieslaromanica\/wp-content\/uploads\/usu857\/2019\/11\/ti\u0301tols-Bloc-VIP-m-web-1-1024x51.jpg\" alt=\"\" width=\"1024\" height=\"51\" srcset=\"https:\/\/agora.xtec.cat\/ieslaromanica\/wp-content\/uploads\/usu857\/2019\/11\/ti\u0301tols-Bloc-VIP-m-web-1-1024x51.jpg 1024w, https:\/\/agora.xtec.cat\/ieslaromanica\/wp-content\/uploads\/usu857\/2019\/11\/ti\u0301tols-Bloc-VIP-m-web-1-300x15.jpg 300w, https:\/\/agora.xtec.cat\/ieslaromanica\/wp-content\/uploads\/usu857\/2019\/11\/ti\u0301tols-Bloc-VIP-m-web-1-768x38.jpg 768w\" sizes=\"auto, (max-width: 1024px) 100vw, 1024px\" \/><\/a><\/p>\n<p><a href=\"http:\/\/viplaromanica.blogspot.com\"><img loading=\"lazy\" decoding=\"async\" class=\"aligncenter size-full wp-image-15952\" src=\"https:\/\/agora.xtec.cat\/ieslaromanica\/wp-content\/uploads\/usu857\/2019\/11\/Portada-bloc2.png\" alt=\"\" width=\"784\" height=\"178\" srcset=\"https:\/\/agora.xtec.cat\/ieslaromanica\/wp-content\/uploads\/usu857\/2019\/11\/Portada-bloc2.png 784w, https:\/\/agora.xtec.cat\/ieslaromanica\/wp-content\/uploads\/usu857\/2019\/11\/Portada-bloc2-300x68.png 300w, https:\/\/agora.xtec.cat\/ieslaromanica\/wp-content\/uploads\/usu857\/2019\/11\/Portada-bloc2-768x174.png 768w\" sizes=\"auto, (max-width: 784px) 100vw, 784px\" \/><\/a><\/p>\n<p><a href=\"http:\/\/viplaromanica.blogspot.com\/\">Enlla\u00e7 al bloc<\/a>.<\/p>\n<p style=\"text-align: left;\">Exercicis d&#8217;alumnes:<\/p>\n<table style=\"width: 585px;\">\n<tbody>\n<tr>\n<td style=\"width: 114.801px;\">Dibuix<\/td>\n<td style=\"width: 132.358px;\">Pintura<\/td>\n<td style=\"width: 113.139px;\">Escultura<\/td>\n<td style=\"width: 110.483px;\">Projectes<\/td>\n<td style=\"width: 101.321px;\">Altres<\/td>\n<\/tr>\n<tr>\n<td style=\"width: 114.801px;\"><a href=\"http:\/\/viplaromanica.blogspot.com\/p\/galeria-dibuix-dobservacio.html\">Observaci\u00f3<\/a><\/td>\n<td style=\"width: 132.358px;\"><a href=\"http:\/\/viplaromanica.blogspot.com\/p\/galeria-pintura.html\">Observaci\u00f3<\/a><\/td>\n<td style=\"width: 113.139px;\"><a href=\"http:\/\/viplaromanica.blogspot.com\/p\/galeria-escultura.html\">Modelatge<\/a><\/td>\n<td style=\"width: 110.483px;\">Fins el 2018 <a href=\"http:\/\/viplaromanica.blogspot.com\/p\/projectes.html\">Projectes 1\/2<\/a><\/td>\n<td style=\"width: 101.321px;\"><a href=\"http:\/\/viplaromanica.blogspot.com\/p\/pintura-i-reciclatge-de-carto.html\">Reciclatge<\/a><\/td>\n<\/tr>\n<tr>\n<td style=\"width: 114.801px;\"><a href=\"http:\/\/viplaromanica.blogspot.com\/p\/dibuix-dimaginacio.html\">Imaginaci\u00f3<\/a><\/td>\n<td style=\"width: 132.358px;\"><a href=\"http:\/\/viplaromanica.blogspot.com\/p\/galeria-pintura-interpretacio-i.html\">Reproducci\u00f3 i interpretaci\u00f3<\/a><\/td>\n<td style=\"width: 113.139px;\"><a href=\"http:\/\/viplaromanica.blogspot.com\/p\/galeria-escultura-3d-talla.html\">Talla<\/a><\/td>\n<td style=\"width: 110.483px;\" rowspan=\"3\"><a href=\"http:\/\/viplaromanica.blogspot.com\/p\/projecte-gaudir-les-formes.html\">Projectes 2\/2<\/a><\/td>\n<td style=\"width: 101.321px;\"><a href=\"http:\/\/viplaromanica.blogspot.com\/p\/galeria-mandales.html\">Mandales<\/a><\/td>\n<\/tr>\n<tr>\n<td style=\"width: 114.801px;\"><a href=\"http:\/\/viplaromanica.blogspot.com\/p\/galeria-dibuix-l.html\">Llum i ombrejats<\/a><\/td>\n<td style=\"width: 132.358px;\"><a href=\"http:\/\/viplaromanica.blogspot.com\/p\/galeria-pintura-lliure.html\">Experimentaci\u00f3 i creaci\u00f3<\/a><\/td>\n<td style=\"width: 113.139px;\"><a href=\"http:\/\/viplaromanica.blogspot.com\/p\/galeria-escultura-3d-estructures.html\">Estructures<\/a><\/td>\n<td style=\"width: 101.321px;\"><a href=\"http:\/\/viplaromanica.blogspot.com\/p\/galeria-disseny.html\">Disseny<\/a><\/td>\n<\/tr>\n<tr>\n<td style=\"width: 114.801px;\"><a href=\"http:\/\/viplaromanica.blogspot.com\/p\/galeria-comic.html\">C\u00f2mic<\/a><\/td>\n<td style=\"width: 132.358px;\"><\/td>\n<td style=\"width: 113.139px;\"><a href=\"http:\/\/viplaromanica.blogspot.com\/p\/galeria-escultura-3d.html\">Composicions modulars 3D<\/a><\/td>\n<td style=\"width: 101.321px;\"><a href=\"http:\/\/viplaromanica.blogspot.com\/p\/imatge-fotografia-video.html\">Imatge<\/a><\/td>\n<\/tr>\n<tr>\n<td style=\"width: 114.801px;\"><a href=\"http:\/\/viplaromanica.blogspot.com\/p\/dibuix-sistemes-de-representacio.html\">Sistemes de Representaci\u00f3<\/a><\/td>\n<td style=\"width: 132.358px;\"><\/td>\n<td style=\"width: 113.139px;\"><\/td>\n<td style=\"width: 110.483px;\"><a href=\"http:\/\/relaxacionslaromanica.blogspot.com\/\">Projecte Relaxacions i Bols<\/a><\/td>\n<td style=\"width: 101.321px;\"><a href=\"http:\/\/viplaromanica.blogspot.com\/p\/galeria-varis-collages-illusions.html\">Varis<\/a><\/td>\n<\/tr>\n<\/tbody>\n<\/table>\n<p><a href=\"https:\/\/viplaromanica.blogspot.com\/p\/galeria-exposicions.html\">Enlla\u00e7 cap a les activitats exposades al centre relacionades amb l&#8217;\u00e0mbit art\u00edstic.<\/a><\/p>\n<p><img loading=\"lazy\" decoding=\"async\" class=\"aligncenter size-large wp-image-15974\" src=\"https:\/\/agora.xtec.cat\/ieslaromanica\/wp-content\/uploads\/usu857\/2019\/11\/ti\u0301tols-Interdepartamental-m-web-1024x51.jpg\" alt=\"\" width=\"1024\" height=\"51\" srcset=\"https:\/\/agora.xtec.cat\/ieslaromanica\/wp-content\/uploads\/usu857\/2019\/11\/ti\u0301tols-Interdepartamental-m-web-1024x51.jpg 1024w, https:\/\/agora.xtec.cat\/ieslaromanica\/wp-content\/uploads\/usu857\/2019\/11\/ti\u0301tols-Interdepartamental-m-web-300x15.jpg 300w, https:\/\/agora.xtec.cat\/ieslaromanica\/wp-content\/uploads\/usu857\/2019\/11\/ti\u0301tols-Interdepartamental-m-web-768x38.jpg 768w\" sizes=\"auto, (max-width: 1024px) 100vw, 1024px\" \/><\/p>\n<table style=\"width: 586px;\">\n<tbody>\n<tr>\n<td style=\"width: 580.369px;\"><span class=\"s1\">La Prehist\u00f2ria. Socials\/VIP. 1r d&#8217;ESO.<\/span><\/td>\n<\/tr>\n<tr>\n<td style=\"width: 580.369px;\"><span class=\"s1\">Els dinosauris. Catal\u00e0\/VIP. 1r d&#8217;ESO.<\/span><\/td>\n<\/tr>\n<tr>\n<td style=\"width: 580.369px;\"><span class=\"s1\">Els insectes. Naturals\/VIP. 1r d&#8217;ESO.<\/span><\/td>\n<\/tr>\n<tr>\n<td style=\"width: 580.369px;\"><a href=\"http:\/\/viplaromanica.blogspot.com\/2019\/12\/collage-i-trencadis-projecte-gaudir-les.html\"><span class=\"s1\">Porta-entrep\u00e0. Tecnologies\/VIP. 1r d&#8217;ESO.<\/span><\/a><\/td>\n<\/tr>\n<tr>\n<td style=\"width: 580.369px;\"><span class=\"s1\">Dones de l&#8217;art i dones de la ci\u00e8ncia. Matem\u00e0tiques\/VIP.<\/span><\/td>\n<\/tr>\n<tr>\n<td style=\"width: 580.369px;\"><span class=\"s1\">Reportatge fotogr\u00e0fic: Olot. Naturals\/VIP (cr\u00e8dit de s\u00edntesi). 3r d&#8217;ESO.<\/span><\/td>\n<\/tr>\n<\/tbody>\n<\/table>\n<table style=\"width: 586px;\">\n<tbody>\n<tr>\n<td style=\"width: 580.369px;\"><img loading=\"lazy\" decoding=\"async\" class=\"aligncenter size-large wp-image-16300\" src=\"https:\/\/agora.xtec.cat\/ieslaromanica\/wp-content\/uploads\/usu857\/2019\/12\/tira-dinosauris-1-BS-1024x266.jpg\" alt=\"\" width=\"1024\" height=\"266\" srcset=\"https:\/\/agora.xtec.cat\/ieslaromanica\/wp-content\/uploads\/usu857\/2019\/12\/tira-dinosauris-1-BS-1024x266.jpg 1024w, https:\/\/agora.xtec.cat\/ieslaromanica\/wp-content\/uploads\/usu857\/2019\/12\/tira-dinosauris-1-BS-300x78.jpg 300w, https:\/\/agora.xtec.cat\/ieslaromanica\/wp-content\/uploads\/usu857\/2019\/12\/tira-dinosauris-1-BS-768x199.jpg 768w\" sizes=\"auto, (max-width: 1024px) 100vw, 1024px\" \/><\/td>\n<\/tr>\n<\/tbody>\n<\/table>\n<p>&nbsp;<\/p>\n<p><img loading=\"lazy\" decoding=\"async\" class=\"aligncenter size-large wp-image-15973\" src=\"https:\/\/agora.xtec.cat\/ieslaromanica\/wp-content\/uploads\/usu857\/2019\/11\/ti\u0301tols-Projectes-m-web-1024x51.jpg\" alt=\"\" width=\"1024\" height=\"51\" srcset=\"https:\/\/agora.xtec.cat\/ieslaromanica\/wp-content\/uploads\/usu857\/2019\/11\/ti\u0301tols-Projectes-m-web-1024x51.jpg 1024w, https:\/\/agora.xtec.cat\/ieslaromanica\/wp-content\/uploads\/usu857\/2019\/11\/ti\u0301tols-Projectes-m-web-300x15.jpg 300w, https:\/\/agora.xtec.cat\/ieslaromanica\/wp-content\/uploads\/usu857\/2019\/11\/ti\u0301tols-Projectes-m-web-768x38.jpg 768w\" sizes=\"auto, (max-width: 1024px) 100vw, 1024px\" \/><\/p>\n<table style=\"width: 596px;\">\n<tbody>\n<tr>\n<td style=\"width: 590.369px;\"><span style=\"font-size: 16px;\">El Departament de Visual i Pl\u00e0stica participa en el Projecte transversal\u00a0<\/span><a style=\"font-size: 16px;\" href=\"https:\/\/agora.xtec.cat\/ieslaromanica\/projectes\/projectes-2019-2020-2\/gaudir-les-formes\/\"><em>GAUDIr les formes<\/em><\/a><span style=\"font-size: 16px;\">.<\/span><\/td>\n<\/tr>\n<tr>\n<td style=\"width: 590.369px;\"><img loading=\"lazy\" decoding=\"async\" class=\"aligncenter wp-image-16302\" src=\"https:\/\/agora.xtec.cat\/ieslaromanica\/wp-content\/uploads\/usu857\/2019\/12\/gaudi-1.jpg\" alt=\"\" width=\"751\" height=\"260\" srcset=\"https:\/\/agora.xtec.cat\/ieslaromanica\/wp-content\/uploads\/usu857\/2019\/12\/gaudi-1.jpg 700w, https:\/\/agora.xtec.cat\/ieslaromanica\/wp-content\/uploads\/usu857\/2019\/12\/gaudi-1-300x104.jpg 300w\" sizes=\"auto, (max-width: 751px) 100vw, 751px\" \/><\/td>\n<\/tr>\n<tr>\n<td style=\"width: 590.369px;\"><a href=\"https:\/\/drive.google.com\/file\/d\/1oKxfIm7vnf-i4hWOQwCdmicr3hC9jOxx\/view?usp=sharing\"><img loading=\"lazy\" decoding=\"async\" class=\"aligncenter wp-image-19423\" src=\"https:\/\/agora.xtec.cat\/ieslaromanica\/wp-content\/uploads\/usu857\/2021\/06\/PROJECTES-2-titol-2mg-1024x724.jpg\" alt=\"\" width=\"726\" height=\"514\" srcset=\"https:\/\/agora.xtec.cat\/ieslaromanica\/wp-content\/uploads\/usu857\/2021\/06\/PROJECTES-2-titol-2mg-1024x724.jpg 1024w, https:\/\/agora.xtec.cat\/ieslaromanica\/wp-content\/uploads\/usu857\/2021\/06\/PROJECTES-2-titol-2mg-300x212.jpg 300w, https:\/\/agora.xtec.cat\/ieslaromanica\/wp-content\/uploads\/usu857\/2021\/06\/PROJECTES-2-titol-2mg-768x543.jpg 768w\" sizes=\"auto, (max-width: 726px) 100vw, 726px\" \/><\/a><\/p>\n<p style=\"text-align: center;\"><a href=\"https:\/\/drive.google.com\/file\/d\/1JNASwynGbjTl6Zq8lNcAEO96JTTIlRLd\/view?usp=sharing\">PDF<\/a><\/p>\n<\/td>\n<\/tr>\n<\/tbody>\n<\/table>\n<table style=\"width: 596px;\">\n<tbody>\n<tr>\n<td style=\"width: 590.369px;\"><span style=\"font-size: 16px;\">Tamb\u00e9 participa en el projecte transversal\u00a0<\/span><a style=\"font-size: 16px;\" href=\"https:\/\/agora.xtec.cat\/ieslaromanica\/projectes\/projectes-2019-2020-2\/relaxacions-i-visualitzacions-creatives-a-laula-ii-bols-de-quars\/\">Relaxacions i visualitzaci\u00f3ns creatives I i II (bols de quars).<\/a><\/td>\n<\/tr>\n<tr>\n<td style=\"width: 590.369px;\"><img loading=\"lazy\" decoding=\"async\" class=\"aligncenter wp-image-16356\" src=\"https:\/\/agora.xtec.cat\/ieslaromanica\/wp-content\/uploads\/usu857\/2019\/12\/Bols-quars-1-4377desaturat-OK-BS-1024x714.jpg\" alt=\"\" width=\"511\" height=\"357\" srcset=\"https:\/\/agora.xtec.cat\/ieslaromanica\/wp-content\/uploads\/usu857\/2019\/12\/Bols-quars-1-4377desaturat-OK-BS-1024x714.jpg 1024w, https:\/\/agora.xtec.cat\/ieslaromanica\/wp-content\/uploads\/usu857\/2019\/12\/Bols-quars-1-4377desaturat-OK-BS-300x209.jpg 300w, https:\/\/agora.xtec.cat\/ieslaromanica\/wp-content\/uploads\/usu857\/2019\/12\/Bols-quars-1-4377desaturat-OK-BS-768x535.jpg 768w\" sizes=\"auto, (max-width: 511px) 100vw, 511px\" \/><\/td>\n<\/tr>\n<\/tbody>\n<\/table>\n<p><img loading=\"lazy\" decoding=\"async\" class=\"aligncenter size-large wp-image-15959\" src=\"https:\/\/agora.xtec.cat\/ieslaromanica\/wp-content\/uploads\/usu857\/2019\/11\/ti\u0301tols-Sortides-VIP-m-web-1-1024x51.jpg\" alt=\"\" width=\"1024\" height=\"51\" srcset=\"https:\/\/agora.xtec.cat\/ieslaromanica\/wp-content\/uploads\/usu857\/2019\/11\/ti\u0301tols-Sortides-VIP-m-web-1-1024x51.jpg 1024w, https:\/\/agora.xtec.cat\/ieslaromanica\/wp-content\/uploads\/usu857\/2019\/11\/ti\u0301tols-Sortides-VIP-m-web-1-300x15.jpg 300w, https:\/\/agora.xtec.cat\/ieslaromanica\/wp-content\/uploads\/usu857\/2019\/11\/ti\u0301tols-Sortides-VIP-m-web-1-768x38.jpg 768w\" sizes=\"auto, (max-width: 1024px) 100vw, 1024px\" \/><\/p>\n<table style=\"width: 597px;\">\n<tbody>\n<tr>\n<td style=\"width: 591.364px;\">Sortides 2019-2020<\/td>\n<\/tr>\n<tr>\n<td style=\"width: 591.364px;\"><a href=\"https:\/\/agora.xtec.cat\/ieslaromanica\/general\/mnac-ointors-amb-oficis\/\">MNAC Pintors amb oficis 1920. 1r d&#8217;ESO<\/a><\/td>\n<\/tr>\n<tr>\n<td style=\"width: 591.364px;\"><a href=\"https:\/\/agora.xtec.cat\/ieslaromanica\/general\/disseny-de-productes\/\">Museu del disseny 1920. 3r d&#8217;ESO<\/a><\/td>\n<\/tr>\n<tr>\n<td style=\"width: 591.364px;\">Cripta G\u00fcell 1920. 4t d&#8217;ESO<\/td>\n<\/tr>\n<tr>\n<td style=\"width: 591.364px;\"><span style=\"font-size: 16px;\">Sortides al bloc de Visual i Pl\u00e0stica:\u00a0<\/span><a style=\"font-size: 16px;\" href=\"http:\/\/viplaromanica.blogspot.com\/p\/galeria-sortides-i-tallers.html\">Enlla\u00e7<\/a><span style=\"font-size: 16px;\">.<\/span><\/td>\n<\/tr>\n<\/tbody>\n<\/table>\n<p><img loading=\"lazy\" decoding=\"async\" class=\"aligncenter size-large wp-image-16542\" src=\"https:\/\/agora.xtec.cat\/ieslaromanica\/wp-content\/uploads\/usu857\/2020\/02\/ti\u0301tols-PAU-VIP-m-web-1024x51.jpg\" alt=\"\" width=\"1024\" height=\"51\" srcset=\"https:\/\/agora.xtec.cat\/ieslaromanica\/wp-content\/uploads\/usu857\/2020\/02\/ti\u0301tols-PAU-VIP-m-web-1024x51.jpg 1024w, https:\/\/agora.xtec.cat\/ieslaromanica\/wp-content\/uploads\/usu857\/2020\/02\/ti\u0301tols-PAU-VIP-m-web-300x15.jpg 300w, https:\/\/agora.xtec.cat\/ieslaromanica\/wp-content\/uploads\/usu857\/2020\/02\/ti\u0301tols-PAU-VIP-m-web-768x38.jpg 768w\" sizes=\"auto, (max-width: 1024px) 100vw, 1024px\" \/><\/p>\n<table style=\"width: 595px;\">\n<tbody>\n<tr>\n<td colspan=\"2\"><span style=\"font-size: 16px;\">PAU (Proves d&#8217;acc\u00e9s a la universitat): Ex\u00e0mens i informaci\u00f3.<\/span><\/td>\n<\/tr>\n<tr>\n<td style=\"width: 589.375px;\" colspan=\"2\"><span style=\"font-size: 16px;\"><span style=\"font-size: 16px;\"><a href=\"https:\/\/universitats.gencat.cat\/es\/proves-acces-PAU-PAP\/preparat-PAU\/models-examen-anys-anteriors\/dibuix-tecnic\/\">Informaci\u00f3 de la mat\u00e8ria DIBUIX T\u00c8CNIC:<\/a><\/span><\/span><\/p>\n<table style=\"border-collapse: collapse; width: 100%;\">\n<tbody>\n<tr>\n<td style=\"width: 100%;\"><a href=\"https:\/\/universitats.gencat.cat\/es\/proves-acces-PAU-PAP\/preparat-PAU\/materies-PAU\/dibuix-tecnic\/#estructura-del-examen\">Estructura de l&#8217;examen<\/a><\/td>\n<\/tr>\n<tr>\n<td style=\"width: 100%;\"><a href=\"https:\/\/universitats.gencat.cat\/es\/proves-acces-PAU-PAP\/preparat-PAU\/materies-PAU\/dibuix-tecnic\/#criterios-generales-de-evaluacion\">Criteris generals d&#8217;avaluaci\u00f3<\/a><\/td>\n<\/tr>\n<tr>\n<td style=\"width: 100%;\"><a href=\"https:\/\/universitats.gencat.cat\/es\/proves-acces-PAU-PAP\/preparat-PAU\/materies-PAU\/dibuix-tecnic\/#informacion-adicional-de-la-materia\">Informaci\u00f3 adicional de la mat\u00e8ria<\/a><\/td>\n<\/tr>\n<\/tbody>\n<\/table>\n<\/td>\n<\/tr>\n<tr>\n<td style=\"width: 206.506px;\"><a href=\"https:\/\/www.selecat.cat\/\">selecat<\/a><\/td>\n<td style=\"width: 381.051px;\"><a href=\"https:\/\/universitats.gencat.cat\/ca\/proves-acces-PAU-PAP\/\">Canal Universitats. Generalitat de Catalunya<\/a><\/td>\n<\/tr>\n<\/tbody>\n<\/table>\n<p><!--more--><\/p>\n<p>&nbsp;<\/p>\n<table style=\"width: 594px;\">\n<tbody>\n<tr>\n<td style=\"width: 588.366px;\">Dibuix t\u00e8cnic a Batxilerat<\/td>\n<\/tr>\n<tr>\n<td style=\"width: 588.366px;\"><a href=\"https:\/\/drive.google.com\/file\/d\/1atYLlm3mS_Rozxgs5alv_ZRjoFkuAsLZ\/view?usp=sharing\"><img loading=\"lazy\" decoding=\"async\" class=\"aligncenter size-large wp-image-19424\" src=\"https:\/\/agora.xtec.cat\/ieslaromanica\/wp-content\/uploads\/usu857\/2021\/06\/DT2-2mg-1024x724.jpg\" alt=\"\" width=\"1024\" height=\"724\" srcset=\"https:\/\/agora.xtec.cat\/ieslaromanica\/wp-content\/uploads\/usu857\/2021\/06\/DT2-2mg-1024x724.jpg 1024w, https:\/\/agora.xtec.cat\/ieslaromanica\/wp-content\/uploads\/usu857\/2021\/06\/DT2-2mg-300x212.jpg 300w, https:\/\/agora.xtec.cat\/ieslaromanica\/wp-content\/uploads\/usu857\/2021\/06\/DT2-2mg-768x543.jpg 768w\" sizes=\"auto, (max-width: 1024px) 100vw, 1024px\" \/><\/a><\/p>\n<p style=\"text-align: center;\"><a href=\"https:\/\/drive.google.com\/file\/d\/1XARyb9RjmHveSbpLZHCwRVld0Y7Evv-L\/view?usp=sharing\">PDF<\/a><\/p>\n<\/td>\n<\/tr>\n<\/tbody>\n<\/table>\n<table style=\"width: 594px;\">\n<tbody>\n<tr>\n<td style=\"width: 588.366px;\" colspan=\"2\"><strong style=\"font-size: 16px;\">Altres<\/strong><\/td>\n<\/tr>\n<tr>\n<td style=\"width: 234.062px;\"><a href=\"https:\/\/triaeducativa.gencat.cat\/ca\/artistics\/\">Tota l&#8217;oferta formativa art\u00edstica.<\/a><\/td>\n<td style=\"width: 352.486px;\"><a href=\"http:\/\/educacio.gencat.cat\/ca\/serveis-tramits\/proves\/\">Proves d&#8217;acc\u00e9s a ensenyaments art\u00edstics.<\/a><\/td>\n<\/tr>\n<\/tbody>\n<\/table>\n","protected":false},"excerpt":{"rendered":"<p>&nbsp;<br \/>\n<a href=\"https:\/\/sites.google.com\/inslaromanica.org\/dep-visual-i-plstica\/inici\"><\/a><br \/>\n<a href=\"http:\/\/viplaromanica.blogspot.com\"><\/a><br \/>\n<a href=\"http:\/\/viplaromanica.blogspot.com\/\">Enlla\u00e7 al bloc<\/a>.<br \/>\nExercicis d&#8217;alumnes:<\/p>\n<p>Dibuix<br \/>\nPintura<br \/>\nEscultura<br \/>\nProjectes<br \/>\nAltres<\/p>\n<p><a href=\"http:\/\/viplaromanica.blogspot.com\/p\/galeria-dibuix-dobservacio.html\">Observaci\u00f3<\/a><br \/>\n<a href=\"http:\/\/viplaromanica.blogspot.com\/p\/galeria-pintura.html\">Observaci\u00f3<\/a><br \/>\n<a href=\"http:\/\/viplaromanica.blogspot.com\/p\/galeria-escultura.html\">Modelatge<\/a><br \/>\nFins el 2018 <a href=\"http:\/\/viplaromanica.blogspot.com\/p\/projectes.html\">Projectes 1\/2<\/a><br \/>\n<a href=\"http:\/\/viplaromanica.blogspot.com\/p\/pintura-i-reciclatge-de-carto.html\">Reciclatge<\/a><\/p>\n<p><a href=\"http:\/\/viplaromanica.blogspot.com\/p\/dibuix-dimaginacio.html\">Imaginaci\u00f3<\/a><br \/>\n<a href=\"http:\/\/viplaromanica.blogspot.com\/p\/galeria-pintura-interpretacio-i.html\">Reproducci\u00f3 i interpretaci\u00f3<\/a><br \/>\n<a href=\"http:\/\/viplaromanica.blogspot.com\/p\/galeria-escultura-3d-talla.html\">Talla<\/a><br \/>\n<a href=\"http:\/\/viplaromanica.blogspot.com\/p\/projecte-gaudir-les-formes.html\">Projectes 2\/2<\/a><br \/>\n<a href=\"http:\/\/viplaromanica.blogspot.com\/p\/galeria-mandales.html\">Mandales<\/a><\/p>\n<p><a href=\"http:\/\/viplaromanica.blogspot.com\/p\/galeria-dibuix-l.html\">Llum i ombrejats<\/a><br \/>\n<a href=\"http:\/\/viplaromanica.blogspot.com\/p\/galeria-pintura-lliure.html\">Experimentaci\u00f3 i creaci\u00f3<\/a><br \/>\n<a href=\"http:\/\/viplaromanica.blogspot.com\/p\/galeria-escultura-3d-estructures.html\">Estructures<\/a><br \/>\n<a href=\"http:\/\/viplaromanica.blogspot.com\/p\/galeria-disseny.html\">Disseny<\/a><\/p>\n<p><a href=\"http:\/\/viplaromanica.blogspot.com\/p\/galeria-comic.html\">C\u00f2mic<\/a><\/p>\n<p><a href=\"http:\/\/viplaromanica.blogspot.com\/p\/galeria-escultura-3d.html\">Composicions modulars 3D<\/a><br \/>\n<a href=\"http:\/\/viplaromanica.blogspot.com\/p\/imatge-fotografia-video.html\">Imatge<\/a><\/p>\n<p><a href=\"http:\/\/viplaromanica.blogspot.com\/p\/dibuix-sistemes-de-representacio.html\">Sistemes de Representaci\u00f3<\/a><\/p>\n<p><a href=\"http:\/\/relaxacionslaromanica.blogspot.com\/\">Projecte Relaxacions i Bols<\/a><br \/>\n<a href=\"http:\/\/viplaromanica.blogspot.com\/p\/galeria-varis-collages-illusions.html\">Varis<\/a><\/p>\n<p><a&hellip;  <a href=\"https:\/\/agora.xtec.cat\/ieslaromanica\/departaments-didactics\/ambit-artistic\/educacio-visual-i-plastica\/\" title=\"Read Educaci\u00f3 Visual i Pl\u00e0stica\">Llegeix m\u00e9s\u00bb<\/a><\/p>\n","protected":false},"author":1,"featured_media":0,"parent":16118,"menu_order":40,"comment_status":"closed","ping_status":"closed","template":"page-templates\/side-menu.php","meta":{"_bbp_topic_count":0,"_bbp_reply_count":0,"_bbp_total_topic_count":0,"_bbp_total_reply_count":0,"_bbp_voice_count":0,"_bbp_anonymous_reply_count":0,"_bbp_topic_count_hidden":0,"_bbp_reply_count_hidden":0,"_bbp_forum_subforum_count":0,"footnotes":""},"class_list":["post-1122","page","type-page","status-publish","hentry"],"post_mailing_queue_ids":[],"_links":{"self":[{"href":"https:\/\/agora.xtec.cat\/ieslaromanica\/wp-json\/wp\/v2\/pages\/1122","targetHints":{"allow":["GET"]}}],"collection":[{"href":"https:\/\/agora.xtec.cat\/ieslaromanica\/wp-json\/wp\/v2\/pages"}],"about":[{"href":"https:\/\/agora.xtec.cat\/ieslaromanica\/wp-json\/wp\/v2\/types\/page"}],"author":[{"embeddable":true,"href":"https:\/\/agora.xtec.cat\/ieslaromanica\/wp-json\/wp\/v2\/users\/1"}],"replies":[{"embeddable":true,"href":"https:\/\/agora.xtec.cat\/ieslaromanica\/wp-json\/wp\/v2\/comments?post=1122"}],"version-history":[{"count":4,"href":"https:\/\/agora.xtec.cat\/ieslaromanica\/wp-json\/wp\/v2\/pages\/1122\/revisions"}],"predecessor-version":[{"id":23345,"href":"https:\/\/agora.xtec.cat\/ieslaromanica\/wp-json\/wp\/v2\/pages\/1122\/revisions\/23345"}],"up":[{"embeddable":true,"href":"https:\/\/agora.xtec.cat\/ieslaromanica\/wp-json\/wp\/v2\/pages\/16118"}],"wp:attachment":[{"href":"https:\/\/agora.xtec.cat\/ieslaromanica\/wp-json\/wp\/v2\/media?parent=1122"}],"curies":[{"name":"wp","href":"https:\/\/api.w.org\/{rel}","templated":true}]}}