{"id":43,"date":"2014-09-17T16:45:07","date_gmt":"2014-09-17T16:45:07","guid":{"rendered":"http:\/\/agora.xtec.cat\/ieslamardelafrau\/?page_id=43"},"modified":"2025-02-07T13:58:31","modified_gmt":"2025-02-07T12:58:31","slug":"consell-escolar","status":"publish","type":"page","link":"https:\/\/agora.xtec.cat\/ieslamardelafrau\/linstitut\/consell-escolar\/","title":{"rendered":"Consell escolar"},"content":{"rendered":"<p style=\"text-align: center;\"><a href=\"https:\/\/agora.xtec.cat\/ieslamardelafrau\/wp-content\/uploads\/usu2079\/2025\/02\/consell-escolar.jpg\"><img loading=\"lazy\" decoding=\"async\" class=\"alignnone  wp-image-1269\" src=\"https:\/\/agora.xtec.cat\/ieslamardelafrau\/wp-content\/uploads\/usu2079\/2025\/02\/consell-escolar-300x225.jpg\" alt=\"\" width=\"435\" height=\"326\" srcset=\"https:\/\/agora.xtec.cat\/ieslamardelafrau\/wp-content\/uploads\/usu2079\/2025\/02\/consell-escolar-300x225.jpg 300w, https:\/\/agora.xtec.cat\/ieslamardelafrau\/wp-content\/uploads\/usu2079\/2025\/02\/consell-escolar-768x576.jpg 768w, https:\/\/agora.xtec.cat\/ieslamardelafrau\/wp-content\/uploads\/usu2079\/2025\/02\/consell-escolar-200x150.jpg 200w, https:\/\/agora.xtec.cat\/ieslamardelafrau\/wp-content\/uploads\/usu2079\/2025\/02\/consell-escolar.jpg 1024w\" sizes=\"auto, (max-width: 435px) 100vw, 435px\" \/><\/a><\/p>\n<p>El Consell Escolar del centre \u00e9s l\u2019\u00f2rgan de participaci\u00f3 de la comunitat escolar en el govern dels instituts d\u2019educaci\u00f3 secund\u00e0ria i l\u2019\u00f2rgan de programaci\u00f3, seguiment i avaluaci\u00f3 general de les seves activitats.<\/p>\n<p><b>Membres del Consell Escolar de l\u2019institut<\/b><\/p>\n<p>Directora del centre: Montse Esquerda<\/p>\n<p>Cap d&#8217;Estudis: Silvia S\u00e1nchez<\/p>\n<p>Secretari: Pere Petrus<\/p>\n<p>Representant de l&#8217;Ajuntament: Sr. Jordi Barber\u00e0, regidor d&#8217;Educaci\u00f3 de l&#8217;Ajuntament de Cambrils<\/p>\n<div>Representant de l\u2019alumnat: Sra. Paula Manj\u00f3n Ruiz<\/div>\n<div><\/div>\n<div>Representant de l\u2019alumnat: Sr. Zhengjie Zhu<\/div>\n<div><\/div>\n<div>Representant de l\u2019alumnat: Sra. Yrene Marina Bonet Fermin<\/div>\n<div><\/div>\n<div>Representant de l\u2019AFA: la Sra. Arantxa Jara Ruiz de Gaona.<\/div>\n<p>&nbsp;<\/p>\n<p>Representant del professorat: Susana Abadias<\/p>\n<p>Representant del professorat: Xavier Cubells<\/p>\n<p>Representant del professorat: Nadia Garcia<\/p>\n<p>Representant del professorat: Merc\u00e8 L\u00f3pez<\/p>\n<p>Representant del professorat: Judit Pijoan<\/p>\n<p>Representant del professorat: Ester Salas<\/p>\n<p>Representant del PAE: Eva Vila<\/p>\n<p>Representant del PAS: Neus Llaurad\u00f3<\/p>\n<p>*Les actes i aprovacions del Consell Escolar les trobareu al seg\u00fcent link: <a href=\"https:\/\/drive.google.com\/drive\/folders\/1Z1RATAeTSJqcXhW8w4SdSyJSjbpfLp9_\">https:\/\/drive.google.com\/drive\/folders\/1Z1RATAeTSJqcXhW8w4SdSyJSjbpfLp9_<\/a><\/p>\n<p>&nbsp;<\/p>\n<p>&nbsp;<\/p>\n","protected":false},"excerpt":{"rendered":"<p><a href=\"https:\/\/agora.xtec.cat\/ieslamardelafrau\/wp-content\/uploads\/usu2079\/2025\/02\/consell-escolar.jpg\"><\/a><br \/>\nEl Consell Escolar del centre \u00e9s l\u2019\u00f2rgan de participaci\u00f3 de la comunitat escolar en el govern dels instituts d\u2019educaci\u00f3 secund\u00e0ria i l\u2019\u00f2rgan de programaci\u00f3, seguiment i avaluaci\u00f3 general de les seves activitats.<br \/>\nMembres del Consell Escolar de l\u2019institut<br \/>\nDirectora del centre: Montse Esquerda<br \/>\nCap d&#8217;Estudis: Silvia S\u00e1nchez<br \/>\nSecretari:&hellip;  <a href=\"https:\/\/agora.xtec.cat\/ieslamardelafrau\/linstitut\/consell-escolar\/\" title=\"Read Consell escolar\">Llegeix m\u00e9s\u00bb<\/a><\/p>\n","protected":false},"author":1,"featured_media":0,"parent":19,"menu_order":9,"comment_status":"closed","ping_status":"closed","template":"page-templates\/side-menu.php","meta":{"_bbp_topic_count":0,"_bbp_reply_count":0,"_bbp_total_topic_count":0,"_bbp_total_reply_count":0,"_bbp_voice_count":0,"_bbp_anonymous_reply_count":0,"_bbp_topic_count_hidden":0,"_bbp_reply_count_hidden":0,"_bbp_forum_subforum_count":0,"footnotes":""},"class_list":["post-43","page","type-page","status-publish","hentry"],"post_mailing_queue_ids":[],"_links":{"self":[{"href":"https:\/\/agora.xtec.cat\/ieslamardelafrau\/wp-json\/wp\/v2\/pages\/43","targetHints":{"allow":["GET"]}}],"collection":[{"href":"https:\/\/agora.xtec.cat\/ieslamardelafrau\/wp-json\/wp\/v2\/pages"}],"about":[{"href":"https:\/\/agora.xtec.cat\/ieslamardelafrau\/wp-json\/wp\/v2\/types\/page"}],"author":[{"embeddable":true,"href":"https:\/\/agora.xtec.cat\/ieslamardelafrau\/wp-json\/wp\/v2\/users\/1"}],"replies":[{"embeddable":true,"href":"https:\/\/agora.xtec.cat\/ieslamardelafrau\/wp-json\/wp\/v2\/comments?post=43"}],"version-history":[{"count":6,"href":"https:\/\/agora.xtec.cat\/ieslamardelafrau\/wp-json\/wp\/v2\/pages\/43\/revisions"}],"predecessor-version":[{"id":1302,"href":"https:\/\/agora.xtec.cat\/ieslamardelafrau\/wp-json\/wp\/v2\/pages\/43\/revisions\/1302"}],"up":[{"embeddable":true,"href":"https:\/\/agora.xtec.cat\/ieslamardelafrau\/wp-json\/wp\/v2\/pages\/19"}],"wp:attachment":[{"href":"https:\/\/agora.xtec.cat\/ieslamardelafrau\/wp-json\/wp\/v2\/media?parent=43"}],"curies":[{"name":"wp","href":"https:\/\/api.w.org\/{rel}","templated":true}]}}