{"id":43,"date":"2014-09-17T16:45:07","date_gmt":"2014-09-17T16:45:07","guid":{"rendered":"http:\/\/agora.xtec.cat\/ieslamallola\/?page_id=43"},"modified":"2024-02-24T16:33:07","modified_gmt":"2024-02-24T15:33:07","slug":"consell-escolar","status":"publish","type":"page","link":"https:\/\/agora.xtec.cat\/ieslamallola\/linstitut\/consell-escolar\/","title":{"rendered":"Consell escolar"},"content":{"rendered":"<h5><strong>Membres del Consell Escolar<\/strong><\/h5>\n<h6><\/h6>\n<table style=\"border-collapse: collapse; width: 100%; height: 135px;\">\n<tbody>\n<tr style=\"height: 56px;\">\n<td style=\"width: 20.2703%;\"><strong>\u00d2rgans unipersonals<\/strong><\/td>\n<td style=\"width: 26.7568%;\">Isabel Jim\u00e9nez Rodr\u00edguez, Jordi Roca Parpal<\/td>\n<td style=\"width: 24.7297%;\"><strong>Secret\u00e0ria<\/strong><\/td>\n<td style=\"width: 28.2432%;\">Laura Condes Mart\u00ednez<\/td>\n<\/tr>\n<tr style=\"height: 47px;\">\n<td style=\"width: 20.2703%;\"><strong>Representants professorat<\/strong><\/td>\n<td style=\"width: 26.7568%;\">Magdalena Al\u00e0s Baiges, Sergi Bertran Ramos, Neus Soler Pallej\u00e0<\/td>\n<td style=\"width: 24.7297%;\"><strong>Representants fam\u00edlies<\/strong><\/td>\n<td style=\"width: 28.2432%;\">Carol Vallverd\u00fa, M\u00aa Jos\u00e9 Bravo Coronado,\u00a0 Henar Osete \u00c1lvaro (suplent).<\/td>\n<\/tr>\n<tr style=\"height: 32px;\">\n<td style=\"width: 20.2703%;\"><strong>Representants alumnat<\/strong><\/td>\n<td style=\"width: 26.7568%;\">Aina Chiwala Ib\u00e1\u00f1ez, Evelyna Krysta<\/td>\n<td style=\"width: 24.7297%;\"><strong>Representants AFA<\/strong><\/td>\n<td style=\"width: 28.2432%;\">Silvia Clavijo Prieto<\/td>\n<\/tr>\n<tr>\n<td style=\"width: 20.2703%;\"><strong>Representants PAS<\/strong><\/td>\n<td style=\"width: 26.7568%;\">Yolanda Mart\u00edn Manzano<\/td>\n<td style=\"width: 24.7297%;\"><strong>Representants ajuntament<\/strong><\/td>\n<td style=\"width: 28.2432%;\">Montserrat Zamora Angulo<\/td>\n<\/tr>\n<\/tbody>\n<\/table>\n<p>&nbsp;<\/p>\n","protected":false},"excerpt":{"rendered":"<p>Membres del Consell Escolar \u00d2rgans unipersonals Isabel Jim\u00e9nez Rodr\u00edguez, Jordi Roca Parpal Secret\u00e0ria Laura Condes Mart\u00ednez Representants professorat Magdalena Al\u00e0s Baiges, Sergi Bertran Ramos, Neus Soler Pallej\u00e0 Representants fam\u00edlies Carol Vallverd\u00fa, M\u00aa Jos\u00e9 Bravo Coronado,\u00a0 Henar Osete \u00c1lvaro (suplent). Representants alumnat Aina Chiwala Ib\u00e1\u00f1ez, Evelyna Krysta Representants AFA Silvia Clavijo Prieto Representants PAS Yolanda Mart\u00edn [&hellip;]<\/p>\n","protected":false},"author":1,"featured_media":0,"parent":19,"menu_order":40,"comment_status":"closed","ping_status":"closed","template":"page-templates\/side-menu.php","meta":{"_bbp_topic_count":0,"_bbp_reply_count":0,"_bbp_total_topic_count":0,"_bbp_total_reply_count":0,"_bbp_voice_count":0,"_bbp_anonymous_reply_count":0,"_bbp_topic_count_hidden":0,"_bbp_reply_count_hidden":0,"_bbp_forum_subforum_count":0,"site-sidebar-layout":"default","site-content-layout":"","ast-site-content-layout":"","site-content-style":"default","site-sidebar-style":"default","ast-global-header-display":"","ast-banner-title-visibility":"","ast-main-header-display":"","ast-hfb-above-header-display":"","ast-hfb-below-header-display":"","ast-hfb-mobile-header-display":"","site-post-title":"","ast-breadcrumbs-content":"","ast-featured-img":"","footer-sml-layout":"","theme-transparent-header-meta":"","adv-header-id-meta":"","stick-header-meta":"","header-above-stick-meta":"","header-main-stick-meta":"","header-below-stick-meta":"","astra-migrate-meta-layouts":"default","ast-page-background-enabled":"default","ast-page-background-meta":{"desktop":{"background-color":"var(--ast-global-color-4)","background-image":"","background-repeat":"repeat","background-position":"center center","background-size":"auto","background-attachment":"scroll","background-type":"","background-media":"","overlay-type":"","overlay-color":"","overlay-opacity":"","overlay-gradient":""},"tablet":{"background-color":"","background-image":"","background-repeat":"repeat","background-position":"center center","background-size":"auto","background-attachment":"scroll","background-type":"","background-media":"","overlay-type":"","overlay-color":"","overlay-opacity":"","overlay-gradient":""},"mobile":{"background-color":"","background-image":"","background-repeat":"repeat","background-position":"center center","background-size":"auto","background-attachment":"scroll","background-type":"","background-media":"","overlay-type":"","overlay-color":"","overlay-opacity":"","overlay-gradient":""}},"ast-content-background-meta":{"desktop":{"background-color":"var(--ast-global-color-5)","background-image":"","background-repeat":"repeat","background-position":"center center","background-size":"auto","background-attachment":"scroll","background-type":"","background-media":"","overlay-type":"","overlay-color":"","overlay-opacity":"","overlay-gradient":""},"tablet":{"background-color":"var(--ast-global-color-5)","background-image":"","background-repeat":"repeat","background-position":"center center","background-size":"auto","background-attachment":"scroll","background-type":"","background-media":"","overlay-type":"","overlay-color":"","overlay-opacity":"","overlay-gradient":""},"mobile":{"background-color":"var(--ast-global-color-5)","background-image":"","background-repeat":"repeat","background-position":"center center","background-size":"auto","background-attachment":"scroll","background-type":"","background-media":"","overlay-type":"","overlay-color":"","overlay-opacity":"","overlay-gradient":""}},"footnotes":""},"class_list":["post-43","page","type-page","status-publish","hentry"],"post_mailing_queue_ids":[],"_links":{"self":[{"href":"https:\/\/agora.xtec.cat\/ieslamallola\/wp-json\/wp\/v2\/pages\/43","targetHints":{"allow":["GET"]}}],"collection":[{"href":"https:\/\/agora.xtec.cat\/ieslamallola\/wp-json\/wp\/v2\/pages"}],"about":[{"href":"https:\/\/agora.xtec.cat\/ieslamallola\/wp-json\/wp\/v2\/types\/page"}],"author":[{"embeddable":true,"href":"https:\/\/agora.xtec.cat\/ieslamallola\/wp-json\/wp\/v2\/users\/1"}],"replies":[{"embeddable":true,"href":"https:\/\/agora.xtec.cat\/ieslamallola\/wp-json\/wp\/v2\/comments?post=43"}],"version-history":[{"count":6,"href":"https:\/\/agora.xtec.cat\/ieslamallola\/wp-json\/wp\/v2\/pages\/43\/revisions"}],"predecessor-version":[{"id":4481,"href":"https:\/\/agora.xtec.cat\/ieslamallola\/wp-json\/wp\/v2\/pages\/43\/revisions\/4481"}],"up":[{"embeddable":true,"href":"https:\/\/agora.xtec.cat\/ieslamallola\/wp-json\/wp\/v2\/pages\/19"}],"wp:attachment":[{"href":"https:\/\/agora.xtec.cat\/ieslamallola\/wp-json\/wp\/v2\/media?parent=43"}],"curies":[{"name":"wp","href":"https:\/\/api.w.org\/{rel}","templated":true}]}}