{"id":3317,"date":"2021-10-30T17:54:41","date_gmt":"2021-10-30T15:54:41","guid":{"rendered":"https:\/\/agora.xtec.cat\/ieslajonquera\/?page_id=3317"},"modified":"2023-01-14T20:19:18","modified_gmt":"2023-01-14T19:19:18","slug":"etudier-en-france","status":"publish","type":"page","link":"https:\/\/agora.xtec.cat\/ieslajonquera\/estudis\/batxibac\/etudier-en-france\/","title":{"rendered":"\u00c9tudier en France"},"content":{"rendered":"<p style=\"text-align: justify;\"><b>ACC\u00c9S A LA UNIVERSITAT<\/b><\/p>\n<p style=\"text-align: justify;\">Els alumnes que obtindran la doble titulaci\u00f3 poden accedir a la universitat espanyola fent valer el T\u00edtol de Batxiller o el Dipl\u00f4me du Baccalaur\u00e9at.<\/p>\n<p style=\"text-align: justify;\">Podran accedir a la universitat francesa en les mateixes condicions que un estudiant provinent del sistema educatiu franc\u00e8s (amb el seu Dipl\u00f4me du Baccalaur\u00e9at) o de l&#8217;espanyol (amb el seu\u00a0 T\u00edtol de Batxiller), i podran acollir-se als beneficis que el sistema franc\u00e8s concedeix als aspirants que hagin cursat estudis biling\u00fces.<\/p>\n<p style=\"text-align: justify;\"><b>SOL.LICITAR UNA INSCRIPCI\u00d3 A FRAN\u00c7A SI ETS ESTUDIANT EUROPEU<\/b><\/p>\n<p style=\"text-align: justify;\"><a href=\"https:\/\/www.campusfrance.org\/es\"><b>https:\/\/www.campusfrance.org\/es<\/b><\/a><\/p>\n<p style=\"text-align: justify;\"><a href=\"https:\/\/www.campusfrance.org\/es\/aplicacion-estudiante-europeo\"><b>https:\/\/www.campusfrance.org\/es\/aplicacion-estudiante-europeo<\/b><\/a><b>\u00a0<\/b><\/p>\n<p style=\"text-align: justify;\"><b>(Les dates s\u00f3n del 2020-21, per\u00f2 les informacions s\u00f3n v\u00e0lides i aviat canviaran les dates.)<\/b><\/p>\n<p style=\"text-align: justify;\">Els estudiants europeus que desitgin inscriure-se\u2019n en el sistema d\u2019educaci\u00f3 superior franc\u00e8s en un primer any de formaci\u00f3 de nivell \u201cLicence\u201d (grau en 3 anys d\u2019estudis) han d\u2019haver fet la seva sol\u00b7licitud a la<b> <\/b><a href=\"https:\/\/www.parcoursup.fr\/\"><b>plataforma \u201cParcoursup\u201d<\/b><\/a><b>.\u00a0<\/b><\/p>\n<p style=\"text-align: justify;\">Aquest pas \u00e9s obligatori per fer una sol\u00b7licitud en la majoria de les formacions ofertades per les institucions d&#8217;educaci\u00f3 superior.<\/p>\n<p style=\"text-align: justify;\"><b>EQUIVAL\u00c8NCIES\u00a0<\/b><\/p>\n<table style=\"border-collapse: collapse; width: 67.0639%;\">\n<tbody>\n<tr>\n<td style=\"width: 26.314%;\"><a href=\"https:\/\/agora.xtec.cat\/ieslajonquera\/wp-content\/uploads\/usu2014\/2021\/10\/parcoursup.png\"><img loading=\"lazy\" decoding=\"async\" class=\" wp-image-3318\" src=\"https:\/\/agora.xtec.cat\/ieslajonquera\/wp-content\/uploads\/usu2014\/2021\/10\/parcoursup-300x193.png\" alt=\"\" width=\"426\" height=\"274\" srcset=\"https:\/\/agora.xtec.cat\/ieslajonquera\/wp-content\/uploads\/usu2014\/2021\/10\/parcoursup-300x193.png 300w, https:\/\/agora.xtec.cat\/ieslajonquera\/wp-content\/uploads\/usu2014\/2021\/10\/parcoursup.png 650w\" sizes=\"auto, (max-width: 426px) 100vw, 426px\" \/><\/a><\/td>\n<td style=\"width: 23.5111%;\"><a href=\"https:\/\/agora.xtec.cat\/ieslajonquera\/wp-content\/uploads\/usu2014\/2022\/02\/carte_complete_es_page-00011.jpg\"><img loading=\"lazy\" decoding=\"async\" class=\" wp-image-3485 alignleft\" src=\"https:\/\/agora.xtec.cat\/ieslajonquera\/wp-content\/uploads\/usu2014\/2022\/02\/carte_complete_es_page-00011-300x225.jpg\" alt=\"\" width=\"339\" height=\"254\" srcset=\"https:\/\/agora.xtec.cat\/ieslajonquera\/wp-content\/uploads\/usu2014\/2022\/02\/carte_complete_es_page-00011-300x225.jpg 300w, https:\/\/agora.xtec.cat\/ieslajonquera\/wp-content\/uploads\/usu2014\/2022\/02\/carte_complete_es_page-00011-768x576.jpg 768w, https:\/\/agora.xtec.cat\/ieslajonquera\/wp-content\/uploads\/usu2014\/2022\/02\/carte_complete_es_page-00011-200x150.jpg 200w, https:\/\/agora.xtec.cat\/ieslajonquera\/wp-content\/uploads\/usu2014\/2022\/02\/carte_complete_es_page-00011.jpg 1024w\" sizes=\"auto, (max-width: 339px) 100vw, 339px\" \/><\/a><\/td>\n<td style=\"width: 23.8967%;\"><a href=\"https:\/\/agora.xtec.cat\/ieslajonquera\/wp-content\/uploads\/usu2014\/2022\/02\/carte_complete_fr_page-00011.jpg\"><img loading=\"lazy\" decoding=\"async\" class=\" wp-image-3486 alignleft\" src=\"https:\/\/agora.xtec.cat\/ieslajonquera\/wp-content\/uploads\/usu2014\/2022\/02\/carte_complete_fr_page-00011-300x225.jpg\" alt=\"\" width=\"345\" height=\"258\" \/><\/a><\/td>\n<\/tr>\n<\/tbody>\n<\/table>\n<p style=\"text-align: justify;\"><a href=\"https:\/\/www.espagne.campusfrance.org\/homologacion-reconocimiento-y-equivalencia-de-los-titulos-0\">https:\/\/www.espagne.campusfrance.org\/homologacion-reconocimiento-y-equivalencia-de-los-titulos-0<\/a><\/p>\n<p style=\"text-align: justify;\"><a href=\"https:\/\/es.ambafrance.org\/Homologacion-equivalencias-reconocimiento-de-titulos-en-Francia-y-en-Espana\">https:\/\/es.ambafrance.org\/Homologacion-equivalencias-reconocimiento-de-titulos-en-Francia-y-en-Espana<\/a><\/p>\n<p style=\"text-align: justify;\"><b>PR\u00c9PAREZ VOTRE S\u00c9JOUR \u00c0 L\u2019AVANCE!<\/b><\/p>\n<p style=\"text-align: justify;\"><b>PREPAREU LA VOSTRA ESTAN\u00c7A AMB TEMPS !<\/b><\/p>\n<p style=\"text-align: justify;\"><b>Calendari del procediment <\/b><b>Parcoursup<\/b><b> per integrar l\u2019educaci\u00f3 superior en el 2022-2023<\/b><\/p>\n<p style=\"text-align: justify;\"><b>Parcoursup<\/b><\/p>\n<p style=\"text-align: justify;\">-La phase d\u2019information: el <strong>21 de desembre 2021<\/strong><\/p>\n<p style=\"text-align: justify;\">A partir de les vacances de Nadal, podreu anar a <b>parcoursup.fr<\/b> per comen\u00e7ar a informar-vos-en.<\/p>\n<p style=\"text-align: justify;\">-La phase d\u2019inscription: del<b> 20 de gener al 29 de mars de 2022<\/b><\/p>\n<p style=\"text-align: justify;\">El 20 de gener us haureu d\u2019inscriure a<b> parcoursup.fr <\/b>crearan un dossier i haureu de completar totes les r\u00fabriques (CV, carta de motivaci\u00f3, activitats i centres d\u2019inter\u00e8s, etc.) i haureu de formular els vostres desitjos (entre 10 i 20)<\/p>\n<p style=\"text-align: justify;\">-Confirmation des v\u0153ux: <b>fins el 8\u00a0d\u2019abril de 2022<\/b><b>\u00a0<\/b><\/p>\n<p style=\"text-align: justify;\">Ser\u00e0 el moment de verificar la vostra candidatura i de finalitzar-la, afegint tots els documents justificatius demanats i de retocar la carta de motivaci\u00f3.<\/p>\n<p style=\"text-align: justify;\">-La phase d\u2019admission: el<b> 2 de juny de 2022<\/b><\/p>\n<p style=\"text-align: justify;\"><b>ESTUDIS SUPERIORS A FRAN\u00c7A<\/b><\/p>\n<p style=\"text-align: justify;\"><a href=\"https:\/\/www.espagne.campusfrance.org\/postular-a-1er-ano-en-la-universidad\">https:\/\/www.espagne.campusfrance.org\/postular-a-1er-ano-en-la-universidad<\/a><\/p>\n<p style=\"text-align: justify;\"><b>UNIVERSITATS<\/b><\/p>\n<p style=\"text-align: justify;\"><a href=\"https:\/\/www.enseignementsup-recherche.gouv.fr\/pid24598\/etablissements.html\">https:\/\/www.enseignementsup-recherche.gouv.fr\/pid24598\/etablissements.html<\/a><\/p>\n","protected":false},"excerpt":{"rendered":"<p>ACC\u00c9S A LA UNIVERSITAT<br \/>\nEls alumnes que obtindran la doble titulaci\u00f3 poden accedir a la universitat espanyola fent valer el T\u00edtol de Batxiller o el Dipl\u00f4me du Baccalaur\u00e9at.<br \/>\nPodran accedir a la universitat francesa en les mateixes condicions que un estudiant provinent del sistema educatiu franc\u00e8s (amb&hellip;  <a href=\"https:\/\/agora.xtec.cat\/ieslajonquera\/estudis\/batxibac\/etudier-en-france\/\" title=\"Read \u00c9tudier en France\">Llegeix m\u00e9s\u00bb<\/a><\/p>\n","protected":false},"author":3,"featured_media":0,"parent":3138,"menu_order":0,"comment_status":"closed","ping_status":"closed","template":"page-templates\/side-menu.php","meta":{"_bbp_topic_count":0,"_bbp_reply_count":0,"_bbp_total_topic_count":0,"_bbp_total_reply_count":0,"_bbp_voice_count":0,"_bbp_anonymous_reply_count":0,"_bbp_topic_count_hidden":0,"_bbp_reply_count_hidden":0,"_bbp_forum_subforum_count":0,"footnotes":""},"class_list":["post-3317","page","type-page","status-publish","hentry"],"post_mailing_queue_ids":[],"_links":{"self":[{"href":"https:\/\/agora.xtec.cat\/ieslajonquera\/wp-json\/wp\/v2\/pages\/3317","targetHints":{"allow":["GET"]}}],"collection":[{"href":"https:\/\/agora.xtec.cat\/ieslajonquera\/wp-json\/wp\/v2\/pages"}],"about":[{"href":"https:\/\/agora.xtec.cat\/ieslajonquera\/wp-json\/wp\/v2\/types\/page"}],"author":[{"embeddable":true,"href":"https:\/\/agora.xtec.cat\/ieslajonquera\/wp-json\/wp\/v2\/users\/3"}],"replies":[{"embeddable":true,"href":"https:\/\/agora.xtec.cat\/ieslajonquera\/wp-json\/wp\/v2\/comments?post=3317"}],"version-history":[{"count":3,"href":"https:\/\/agora.xtec.cat\/ieslajonquera\/wp-json\/wp\/v2\/pages\/3317\/revisions"}],"predecessor-version":[{"id":3489,"href":"https:\/\/agora.xtec.cat\/ieslajonquera\/wp-json\/wp\/v2\/pages\/3317\/revisions\/3489"}],"up":[{"embeddable":true,"href":"https:\/\/agora.xtec.cat\/ieslajonquera\/wp-json\/wp\/v2\/pages\/3138"}],"wp:attachment":[{"href":"https:\/\/agora.xtec.cat\/ieslajonquera\/wp-json\/wp\/v2\/media?parent=3317"}],"curies":[{"name":"wp","href":"https:\/\/api.w.org\/{rel}","templated":true}]}}