{"id":65,"date":"2014-09-18T10:12:22","date_gmt":"2014-09-18T10:12:22","guid":{"rendered":"http:\/\/agora.xtec.cat\/ieslaguineueta\/?page_id=65"},"modified":"2017-10-09T10:31:45","modified_gmt":"2017-10-09T08:31:45","slug":"serveis-digitals","status":"publish","type":"page","link":"https:\/\/agora.xtec.cat\/ieslaguineueta\/serveis\/serveis-digitals\/","title":{"rendered":"Servei d\u2019Informaci\u00f3 FP"},"content":{"rendered":"<p>Qualsevol dubte que tinguis referents a la Formaci\u00f3 Professional , poden ser solventats per correu electr\u00f2nic.<\/p>\n<p>El servei d\u2019informaci\u00f3 , format per professors de l\u2019 Institut, dona resposta als\u00a0 dubtes referents a perfils professionals, continguts, preus, per\u00edodes de matr\u00edcula, documentaci\u00f3, etc\u2026<\/p>\n<p>Responsable:\u00a0<strong>Eloisa Vinuesa<\/strong><br \/>\nCorreu del Servei d\u2019informaci\u00f3 FP:\u00a0<a href=\"mailto:ServeiorientacioFP@gmail.com\">ServeiorientacioFP@gmail.com<\/a><\/p>\n<p><!--\n\n\n<p style=\"color: #444444;\">L\u2019oferta de\u00a0<strong>serveis\u00a0digitals<\/strong>\u00a0constitueix un element\u00a0molt important de l\u2019engranatge d\u2019un centre educatiu.<\/p>\n\n\n\n\n<p style=\"color: #444444;\">En aquesta p\u00e0gina es poden referenciar altres serveis en l\u00ednia\u00a0que ofereix l\u2019escola com ara Moodle, blocs externs, aplicacions de tutoria o gesti\u00f3 acad\u00e8mica, aplicacions m\u00f2bils, etc.<\/p>\n\n\n\n\n<p style=\"color: #444444;\">Si el centre posa en funcionament la\u00a0<strong>xarxa Nodes<\/strong>, aquest pot ser un bon lloc per referenciar els\u00a0principals grups i activitats que s\u2019hi duen a terme.<\/p>\n\n\n--><\/p>\n","protected":false},"excerpt":{"rendered":"<p>Qualsevol dubte que tinguis referents a la Formaci\u00f3 Professional , poden ser solventats per correu electr\u00f2nic.<br \/>\nEl servei d\u2019informaci\u00f3 , format per professors de l\u2019 Institut, dona resposta als\u00a0 dubtes referents a perfils professionals, continguts, preus, per\u00edodes de matr\u00edcula, documentaci\u00f3, etc\u2026<br \/>\nResponsable:\u00a0Eloisa Vinuesa<br \/>\nCorreu del Servei d\u2019informaci\u00f3 FP:\u00a0<a&hellip;  <a href=\"https:\/\/agora.xtec.cat\/ieslaguineueta\/serveis\/serveis-digitals\/\" title=\"Read Servei d\u2019Informaci\u00f3 FP\">Llegeix m\u00e9s\u00bb<\/a><\/p>\n","protected":false},"author":1,"featured_media":0,"parent":63,"menu_order":10,"comment_status":"closed","ping_status":"closed","template":"page-templates\/side-menu.php","meta":{"_bbp_topic_count":0,"_bbp_reply_count":0,"_bbp_total_topic_count":0,"_bbp_total_reply_count":0,"_bbp_voice_count":0,"_bbp_anonymous_reply_count":0,"_bbp_topic_count_hidden":0,"_bbp_reply_count_hidden":0,"_bbp_forum_subforum_count":0,"footnotes":""},"class_list":["post-65","page","type-page","status-publish","hentry"],"post_mailing_queue_ids":[],"_links":{"self":[{"href":"https:\/\/agora.xtec.cat\/ieslaguineueta\/wp-json\/wp\/v2\/pages\/65","targetHints":{"allow":["GET"]}}],"collection":[{"href":"https:\/\/agora.xtec.cat\/ieslaguineueta\/wp-json\/wp\/v2\/pages"}],"about":[{"href":"https:\/\/agora.xtec.cat\/ieslaguineueta\/wp-json\/wp\/v2\/types\/page"}],"author":[{"embeddable":true,"href":"https:\/\/agora.xtec.cat\/ieslaguineueta\/wp-json\/wp\/v2\/users\/1"}],"replies":[{"embeddable":true,"href":"https:\/\/agora.xtec.cat\/ieslaguineueta\/wp-json\/wp\/v2\/comments?post=65"}],"version-history":[{"count":3,"href":"https:\/\/agora.xtec.cat\/ieslaguineueta\/wp-json\/wp\/v2\/pages\/65\/revisions"}],"predecessor-version":[{"id":1270,"href":"https:\/\/agora.xtec.cat\/ieslaguineueta\/wp-json\/wp\/v2\/pages\/65\/revisions\/1270"}],"up":[{"embeddable":true,"href":"https:\/\/agora.xtec.cat\/ieslaguineueta\/wp-json\/wp\/v2\/pages\/63"}],"wp:attachment":[{"href":"https:\/\/agora.xtec.cat\/ieslaguineueta\/wp-json\/wp\/v2\/media?parent=65"}],"curies":[{"name":"wp","href":"https:\/\/api.w.org\/{rel}","templated":true}]}}