{"id":46,"date":"2014-09-17T16:53:45","date_gmt":"2014-09-17T16:53:45","guid":{"rendered":"http:\/\/agora.xtec.cat\/ieslaguineueta\/?page_id=46"},"modified":"2016-07-20T18:10:40","modified_gmt":"2016-07-20T17:10:40","slug":"organigrama","status":"publish","type":"page","link":"https:\/\/agora.xtec.cat\/ieslaguineueta\/linstitut\/organigrama\/","title":{"rendered":"Organigrama"},"content":{"rendered":"<p><img decoding=\"async\" src=\"http:\/\/agora.xtec.cat\/ieslaguineueta\/wp-content\/uploads\/usu766\/2014\/09\/organigrama-centre.png\" alt=\"organigrama centre\" \/><\/p>\n<h3> Equip directiu <\/h3>\n<table border=\"0\">\n<tr>\n<td width=\"300\"> Director: <\/td>\n<td width=\"300\"> Josep Noguera <\/td>\n<\/tr>\n<tr>\n<td width=\"300\"> Cap d\u2019estudis: <\/td>\n<td width=\"300\"> Jesus Pardo <\/td>\n<\/tr>\n<tr>\n<td width=\"300\"> Cap d\u2019estudis d\u2019FP: <\/td>\n<td width=\"300\"> Esther Gir\u00f3 <\/td>\n<\/tr>\n<tr>\n<td width=\"300\"> Cap d\u2019estudis d\u2019FP adjunt: <\/td>\n<td width=\"300\"> Manel Bielsa <\/td>\n<\/tr>\n<tr>\n<td width=\"300\"> Coordinadora Pedag\u00f2gica: <\/td>\n<td width=\"300\"> Susanna Carmona <\/td>\n<\/tr>\n<tr>\n<td width=\"300\"> Secret\u00e0ria: <\/td>\n<td width=\"300\"> Eva Montoliu <\/td>\n<\/tr>\n<tr>\n<td width=\"300\"> Administradora: <\/td>\n<td width=\"300\"> Esther Moncl\u00fas <\/td>\n<\/tr>\n<\/table>\n<h3> C\u00e0rrecs de Coordinaci\u00f3 <\/h3>\n<h5> Coordinacions de centre <\/h5>\n<table border=\"0\">\n<tr>\n<td width=\"300\"> Coordinaci\u00f3 prevenci\u00f3 de riscos: <\/td>\n<td width=\"300\"> Visi Mart\u00edn <\/td>\n<\/tr>\n<tr>\n<td width=\"300\"> Coordinaci\u00f3 d\u2019FP: <\/td>\n<td width=\"300\"> Neus Vendrell <\/td>\n<\/tr>\n<tr>\n<td width=\"300\"> Coordinaci\u00f3 d\u2019activitats i serveis: <\/td>\n<td width=\"300\"> \u00c0lex Tom\u00e1s <\/td>\n<\/tr>\n<tr>\n<td width=\"300\"> Coordinaci\u00f3 de Biblioteca: <\/td>\n<td width=\"300\"> Dolors Cat\u00e0 <\/td>\n<\/tr>\n<tr>\n<td width=\"300\"> Coordinaci\u00f3 Inform\u00e0tica: <\/td>\n<td width=\"300\"> Salvador Rull <\/td>\n<\/tr>\n<tr>\n<td width=\"300\"> Coordinaci\u00f3 TIC: <\/td>\n<td width=\"300\"> Pep Puerto <\/td>\n<\/tr>\n<tr>\n<td width=\"300\"> Coordinaci\u00f3 d\u2019\u00e0udiovisuals: <\/td>\n<td width=\"300\"> Xavier Esparza <\/td>\n<\/tr>\n<tr>\n<td width=\"300\"> Coordinaci\u00f3 de mediaci\u00f3 escolar: <\/td>\n<td width=\"300\"> Matilde L\u00e1zaro <\/td>\n<\/tr>\n<tr>\n<td width=\"300\"> Coordinaci\u00f3 Ling\u00fc\u00edstica i de cohesi\u00f3 social: <\/td>\n<td width=\"300\"> Quim P\u00e9rez <\/td>\n<\/tr>\n<tr>\n<td width=\"300\"> Coordinaci\u00f3 i tutoria de l\u2019aula d\u2019acollida: <\/td>\n<td width=\"300\"> Quim P\u00e9rez <\/td>\n<\/tr>\n<tr>\n<td width=\"300\"> Coordinaci\u00f3 del programa de qualitat: <\/td>\n<td width=\"300\"> Bel\u00e9n Rodr\u00edguez <\/td>\n<\/tr>\n<tr>\n<td width=\"300\"> Coordinaci\u00f3 de Manteniment del centre: <\/td>\n<td width=\"300\"> M\u00aa Emma Chaler <\/td>\n<\/tr>\n<\/table>\n<h5> Coordinacions d&#8217;ESO i Batxillerat <\/h5>\n<table border=\"0\">\n<tr>\n<td width=\"300\"> Coordinaci\u00f3 1er ESO: <\/td>\n<td width=\"300\"> Raquel Flo <\/td>\n<\/tr>\n<tr>\n<td width=\"300\"> Coordinaci\u00f3 2on ESO: <\/td>\n<td width=\"300\"> Sara Vicent <\/td>\n<\/tr>\n<tr>\n<td width=\"300\"> Coordinaci\u00f3 3er ESO: <\/td>\n<td width=\"300\"> Albert Serra <\/td>\n<\/tr>\n<tr>\n<td width=\"300\"> Coordinaci\u00f3 4rt ESO: <\/td>\n<td width=\"300\"> Maite Sarroca <\/td>\n<\/tr>\n<tr>\n<td width=\"300\"> Coordinaci\u00f3 Batxillerat: <\/td>\n<td width=\"300\"> Roberto Adrada <\/td>\n<\/tr>\n<\/table>\n<h5> Coordinacions de Cicles Formatius <\/h5>\n<table border=\"0\">\n<tr>\n<td width=\"300\"> Coordinaci\u00f3 CF Cures d\u2019infermeria: <\/td>\n<td width=\"300\"> Pilar Mart\u00edn <\/td>\n<\/tr>\n<tr>\n<td width=\"300\"> Coordinaci\u00f3 CF Farm\u00e0cia i Parafarm\u00e0cia: <\/td>\n<td width=\"300\"> Eloisa Vinuesa <\/td>\n<\/tr>\n<tr>\n<td width=\"300\"> Coordinaci\u00f3 CF Emerg\u00e8ncies sanit\u00e0ries: <\/td>\n<td width=\"300\"> Neus Vendrell <\/td>\n<\/tr>\n<tr>\n<td width=\"300\"> Coordinaci\u00f3 CF Laboratori diagnosi cl\u00ednic: <\/td>\n<td width=\"300\"> St\u00e9fano Sherga <\/td>\n<\/tr>\n<tr>\n<td width=\"300\"> Coordinaci\u00f3 CF Anatomia patol\u00f2gica: <\/td>\n<td width=\"300\"> M\u00edriam G\u00f3rriz <\/td>\n<\/tr>\n<tr>\n<td width=\"300\"> Coordinaci\u00f3 CF Diet\u00e8tica: <\/td>\n<td width=\"300\"> Dolores Ozalla <\/td>\n<\/tr>\n<tr>\n<td width=\"300\"> Coordinaci\u00f3 CF Salut ambiental: <\/td>\n<td width=\"300\"> Joan Baptista Sans <\/td>\n<\/tr>\n<tr>\n<td width=\"300\"> Coordinaci\u00f3 CF Gesti\u00f3 administrativa: <\/td>\n<td width=\"300\"> Mariemma Chaler <\/td>\n<\/tr>\n<tr>\n<td width=\"300\"> Coordinaci\u00f3 CF Administraci\u00f3 i finances: <\/td>\n<td width=\"300\"> Dolors Cat\u00e0 <\/td>\n<\/tr>\n<tr>\n<td width=\"300\"> Coordinaci\u00f3 CF Electromec\u00e0nica vehicles: <\/td>\n<td width=\"300\"> Vicent L\u00f3pez <\/td>\n<\/tr>\n<tr>\n<td width=\"300\"> Coordinaci\u00f3 CF Carrosseria: <\/td>\n<td width=\"300\"> Eusebi Corominas <\/td>\n<\/tr>\n<tr>\n<td width=\"300\"> Coordinaci\u00f3 CF Automoci\u00f3: <\/td>\n<td width=\"300\"> David Pe\u00f1a <\/td>\n<\/tr>\n<tr>\n<td width=\"300\"> Coordinaci\u00f3 CF Sistemes Microinform\u00e0tics i Xarxes: <\/td>\n<td width=\"300\"> Antonio Casas <\/td>\n<\/tr>\n<tr>\n<td width=\"300\"> Coordinaci\u00f3 CF Administraci\u00f3 de Sistemes Inform\u00e0tics en Xarxa: <\/td>\n<td width=\"300\"> Jorge Peris <\/td>\n<\/tr>\n<\/table>\n<h3> Caps de departament <\/h3>\n<table border=\"0\">\n<tr>\n<td width=\"300\"> Castell\u00e0: <\/td>\n<td width=\"300\"> Carmen Izquierdo <\/td>\n<\/tr>\n<tr>\n<td width=\"300\"> Matem\u00e0tiques: <\/td>\n<td width=\"300\"> Ramon Arcadas <\/td>\n<\/tr>\n<tr>\n<td width=\"300\"> Ci\u00e8ncies socials: <\/td>\n<td width=\"300\"> Felix Madrid <\/td>\n<\/tr>\n<tr>\n<td width=\"300\"> Catal\u00e0: <\/td>\n<td width=\"300\"> Xavier Garc\u00eda <\/td>\n<\/tr>\n<tr>\n<td width=\"300\"> Psicologia I Diversitat: <\/td>\n<td width=\"300\"> Joan Mateu <\/td>\n<\/tr>\n<tr>\n<td width=\"300\"> Ci\u00e8ncies de la naturalesa: <\/td>\n<td width=\"300\"> Javier Mateos <\/td>\n<\/tr>\n<tr>\n<td width=\"300\"> T\u00e8cnologia: <\/td>\n<td width=\"300\"> Jordi Bernard <\/td>\n<\/tr>\n<tr>\n<td width=\"300\"> Idioma Modern: <\/td>\n<td width=\"300\"> M\u00aa Teresa Sarroca <\/td>\n<\/tr>\n<tr>\n<td width=\"300\"> \u00c0mbit D\u2019expressi\u00f3: <\/td>\n<td width=\"300\"> Xavier Esparza <\/td>\n<\/tr>\n<\/table>\n<h5> Caps de seminari <\/h5>\n<table border=\"0\">\n<tr>\n<td width=\"300\"> \u00c0ngles: <\/td>\n<td width=\"300\"> Esther Andr\u00e9s <\/td>\n<\/tr>\n<tr>\n<td width=\"300\"> Biologia i Geologia: <\/td>\n<td width=\"300\"> Pilar Rigual <\/td>\n<\/tr>\n<\/table>\n<h5> Caps de departament de FP<\/h5>\n<table border=\"0\">\n<tr>\n<td width=\"300\"> Manteniment de Vehicles: <\/td>\n<td width=\"300\"> Margarida Calsina <\/td>\n<\/tr>\n<tr>\n<td width=\"300\"> Administraci\u00f3 i Gesti\u00f3: <\/td>\n<td width=\"300\"> Pilar Gonzalez <\/td>\n<\/tr>\n<tr>\n<td width=\"300\"> Sanitat: <\/td>\n<td width=\"300\"> Roser Coscujuela <\/td>\n<\/tr>\n<tr>\n<td width=\"300\"> Inform\u00e0tica i comunicacions: <\/td>\n<td width=\"300\"> German Mart\u00ednez <\/td>\n<\/tr>\n<tr>\n<td width=\"300\"> Formaci\u00f3 i Orientaci\u00f3 Laboral: <\/td>\n<td width=\"300\"> Tona Heras <\/td>\n<\/tr>\n<\/table>\n<h5> Caps de seminari de FP<\/h5>\n<table border=\"0\">\n<tr>\n<td width=\"300\"> Sanitat: <\/td>\n<td width=\"300\"> Vicente Gracia <\/td>\n<\/tr>\n<tr>\n<td width=\"300\"> Sanitat: <\/td>\n<td width=\"300\"> M\u00aa Asunci\u00f3n Alonso <\/td>\n<\/tr>\n<tr>\n<td width=\"300\"> Manteniment de Vehicles: <\/td>\n<td width=\"300\"> David Pe\u00f1a <\/td>\n<\/tr>\n<tr>\n<td width=\"300\"> Inform\u00e0tica i comunicacions: <\/td>\n<td width=\"300\"> Antonio Casas <\/td>\n<\/tr>\n<\/table>\n<h3> Tutories <\/h3>\n<h3> Consell escolar <\/h3>\n<table border=\"0\">\n<tr>\n<td width=\"200\"> President: <\/td>\n<td width=\"400\"> Josep Noguera <\/td>\n<\/tr>\n<tr>\n<td width=\"200\"> Cap d&#8217;estudis: <\/td>\n<td width=\"400\"> Esther Gir\u00f3 <\/td>\n<\/tr>\n<tr>\n<td width=\"200\"> Secret\u00e0ria: <\/td>\n<td width=\"400\"> Eva Montoliu <\/td>\n<\/tr>\n<tr>\n<td width=\"200\"> Representants del professorat: <\/td>\n<td width=\"400\"> Jordi Bernard, Margarida Calsina, Tona Heras, Carmen Izquierdo, Montserrat Tur\u00f3n, Visi Mart\u00edn, Roberto Adrada, Josep Moratal. <\/td>\n<\/tr>\n<tr>\n<td width=\"200\"> Representants dels estudiants: <\/td>\n<td width=\"400\"> Susana Gonz\u00e1lez, Cristina Portugu\u00e9s, Francisco R. Martinez, Yaiza Galan. <\/td>\n<\/tr>\n<tr>\n<td width=\"200\"> Representants del PAS: <\/td>\n<td width=\"400\"> Marc Garcia. <\/td>\n<\/tr>\n<tr>\n<td width=\"200\"> Representants mares i pares: <\/td>\n<td width=\"400\"> Rosa Corder\u00ed, To\u00f1i Bernadino, Magdalena Mercado, Maria de la O Rey. <\/td>\n<\/tr>\n<tr>\n<td width=\"200\"> Representants del ajuntament: <\/td>\n<td width=\"400\"> Josep R. Domingo <\/td>\n<\/tr>\n<\/table>\n<h2> Comissions <\/h2>\n<h5> Comissi\u00f3 Econ\u00f2mica <\/h5>\n<table border=\"0\">\n<tr>\n<td width=\"300\"> President: <\/td>\n<td width=\"300\"> Josep Noguera <\/td>\n<\/tr>\n<tr>\n<td width=\"300\"> Secretaria: <\/td>\n<td width=\"300\"> Eva Montoliu <\/td>\n<\/tr>\n<tr>\n<td width=\"300\"> Representant mares i pares: <\/td>\n<td width=\"300\"> Magdalena Mercado <\/td>\n<\/tr>\n<tr>\n<td width=\"300\"> Representant dels estudiants: <\/td>\n<td width=\"300\"> Susana Gonzalez <\/td>\n<\/tr>\n<tr>\n<td width=\"300\"> Representant del professorat: <\/td>\n<td width=\"300\"> Visi Mart\u00edn <\/td>\n<\/tr>\n<tr>\n<td width=\"300\"> Administradora: <\/td>\n<td width=\"300\"> Esther Moncl\u00fas <\/td>\n<\/tr>\n<\/table>\n<h5> Comissi\u00f3 de Conviv\u00e8ncia <\/h5>\n<table border=\"0\">\n<tr>\n<td width=\"300\"> President: <\/td>\n<td width=\"300\"> Josep Noguera <\/td>\n<\/tr>\n<tr>\n<td width=\"300\"> Representant mares i pares: <\/td>\n<td width=\"300\"> Rosa Corder\u00ed <\/td>\n<\/tr>\n<tr>\n<td width=\"300\"> Representant dels estudiants: <\/td>\n<td width=\"300\"> Cristina Portugu\u00e9s <\/td>\n<\/tr>\n<tr>\n<td width=\"300\"> Representant del professorat: <\/td>\n<td width=\"300\"> Tona Heras <\/td>\n<\/tr>\n<tr>\n<td width=\"300\"> Cap d&#8217;estudis: <\/td>\n<td width=\"300\"> Esther Gir\u00f3 <\/td>\n<\/tr>\n<\/table>\n<h5> Comissi\u00f3 Permanent <\/h5>\n<table border=\"0\">\n<tr>\n<td width=\"300\"> President: <\/td>\n<td width=\"300\"> Josep Noguera <\/td>\n<\/tr>\n<tr>\n<td width=\"300\"> Representant mares i pares: <\/td>\n<td width=\"300\"> Maria de la O Rey <\/td>\n<\/tr>\n<tr>\n<td width=\"300\"> Representant dels estudiants: <\/td>\n<td width=\"300\"> Yaiza Gal\u00e1n <\/td>\n<\/tr>\n<tr>\n<td width=\"300\"> Representant del professorat: <\/td>\n<td width=\"300\"> Montse Tur\u00f3n <\/td>\n<\/tr>\n<tr>\n<td width=\"300\"> Secretaria: <\/td>\n<td width=\"300\"> Eva Montoliu <\/td>\n<\/tr>\n<\/table>\n<p><!--En aquesta secci\u00f3, els centres educatius publiquen la informaci\u00f3 relativa a la seva organitzaci\u00f3 interna. Es recomana que els centres educatius dissenyin el nivell d'exhaustivitat de la informaci\u00f3 publicada. Ser\u00e0 convenient que en el seu plantejament singular, els centres vertebrin el contingut tenint en compte els seg\u00fcents aspectes:\n\n\n<ul>\n\t\n\n<li>direcci\u00f3<\/li>\n\n\n\t\n\n<li>coordinacions de cicle<\/li>\n\n\n\t\n\n<li>departaments (experimentals, matem\u00e0tiques, tecnologia, lleng\u00fces, m\u00fasica, visual i pl\u00e0stica, educaci\u00f3 f\u00edsica, socials, orientaci\u00f3 acad\u00e8mica,...)<\/li>\n\n\n\t\n\n<li>tutories<\/li>\n\n\n\t\n\n<li>consell escolar<\/li>\n\n\n\t\n\n<li>PAS<\/li>\n\n\n<\/ul>\n\n\n--><\/p>\n","protected":false},"excerpt":{"rendered":"<p> Equip directiu <\/p>\n<p> Director:<br \/>\n Josep Noguera <\/p>\n<p> Cap d\u2019estudis:<br \/>\n Jesus Pardo <\/p>\n<p> Cap d\u2019estudis d\u2019FP:<br \/>\n Esther Gir\u00f3 <\/p>\n<p> Cap d\u2019estudis d\u2019FP adjunt:<br \/>\n Manel Bielsa <\/p>\n<p> Coordinadora Pedag\u00f2gica:<br \/>\n Susanna Carmona <\/p>\n<p> Secret\u00e0ria:<br \/>\n Eva Montoliu <\/p>\n<p> Administradora:<br \/>\n Esther Moncl\u00fas&hellip;  <a href=\"https:\/\/agora.xtec.cat\/ieslaguineueta\/linstitut\/organigrama\/\" title=\"Read Organigrama\">Llegeix m\u00e9s\u00bb<\/a><\/p>\n","protected":false},"author":1,"featured_media":0,"parent":19,"menu_order":50,"comment_status":"closed","ping_status":"closed","template":"page-templates\/side-menu.php","meta":{"_bbp_topic_count":0,"_bbp_reply_count":0,"_bbp_total_topic_count":0,"_bbp_total_reply_count":0,"_bbp_voice_count":0,"_bbp_anonymous_reply_count":0,"_bbp_topic_count_hidden":0,"_bbp_reply_count_hidden":0,"_bbp_forum_subforum_count":0,"footnotes":""},"class_list":["post-46","page","type-page","status-publish","hentry"],"post_mailing_queue_ids":[],"_links":{"self":[{"href":"https:\/\/agora.xtec.cat\/ieslaguineueta\/wp-json\/wp\/v2\/pages\/46","targetHints":{"allow":["GET"]}}],"collection":[{"href":"https:\/\/agora.xtec.cat\/ieslaguineueta\/wp-json\/wp\/v2\/pages"}],"about":[{"href":"https:\/\/agora.xtec.cat\/ieslaguineueta\/wp-json\/wp\/v2\/types\/page"}],"author":[{"embeddable":true,"href":"https:\/\/agora.xtec.cat\/ieslaguineueta\/wp-json\/wp\/v2\/users\/1"}],"replies":[{"embeddable":true,"href":"https:\/\/agora.xtec.cat\/ieslaguineueta\/wp-json\/wp\/v2\/comments?post=46"}],"version-history":[{"count":3,"href":"https:\/\/agora.xtec.cat\/ieslaguineueta\/wp-json\/wp\/v2\/pages\/46\/revisions"}],"predecessor-version":[{"id":621,"href":"https:\/\/agora.xtec.cat\/ieslaguineueta\/wp-json\/wp\/v2\/pages\/46\/revisions\/621"}],"up":[{"embeddable":true,"href":"https:\/\/agora.xtec.cat\/ieslaguineueta\/wp-json\/wp\/v2\/pages\/19"}],"wp:attachment":[{"href":"https:\/\/agora.xtec.cat\/ieslaguineueta\/wp-json\/wp\/v2\/media?parent=46"}],"curies":[{"name":"wp","href":"https:\/\/api.w.org\/{rel}","templated":true}]}}