{"id":195,"date":"2014-09-22T10:39:39","date_gmt":"2014-09-22T10:39:39","guid":{"rendered":"http:\/\/agora.xtec.cat\/ieslaguineueta\/?page_id=195"},"modified":"2016-07-20T18:24:50","modified_gmt":"2016-07-20T17:24:50","slug":"estudis","status":"publish","type":"page","link":"https:\/\/agora.xtec.cat\/ieslaguineueta\/estudis\/","title":{"rendered":"Estudis"},"content":{"rendered":"<p>Al INS La Guineueta es poden cursar diferents estudis:<\/p>\n<ul>\n<li> ESO <\/li>\n<li> Batxillerat <\/li>\n<li> Curs d\u2019acc\u00e9s als cicles formatius de grau superior <\/li>\n<li> PQPI: Auxiliar de reparaci\u00f3 i manteniment de vehicles lleugers <\/li>\n<li> Cicles formatius:<\/li>\n<table border=\"0\">\n<tr>\n<h2> Administraci\u00f3 i gesti\u00f3  <\/h2>\n<\/tr>\n<tr>\n<td width=\"150\"> <img decoding=\"async\" src=\"http:\/\/agora.xtec.cat\/ieslaguineueta\/wp-content\/uploads\/usu766\/2014\/09\/Administraci\u00f3.png\" alt=\"Administraci\u00f3\" \/> <\/a> <\/td>\n<td width=\"500\">\n<ul>\n<li> CFGM Gesti\u00f3 administrativa <\/li>\n<li> CFGS Administraci\u00f3 i finances <\/li>\n<\/ul>\n<\/td>\n<\/tr>\n<\/table>\n<table border=\"0\">\n<tr>\n<h2> Automoci\u00f3  <\/h2>\n<\/tr>\n<tr>\n<td width=\"150\"> <img loading=\"lazy\" decoding=\"async\" src=\"http:\/\/agora.xtec.cat\/ieslaguineueta\/wp-content\/uploads\/usu766\/2014\/09\/Automoci\u00f3.png\" alt=\"Automoci\u00f3\" width=\"129\" height=\"84\" \/> <\/a> <\/td>\n<td width=\"500\">\n<ul>\n<li> CFGM Electromec\u00e0nica de vehicles  <\/li>\n<li> CFGM Carrosseria  <\/li>\n<li> CFGS Automoci\u00f3  <\/li>\n<\/ul>\n<\/td>\n<\/tr>\n<\/table>\n<table border=\"0\">\n<tr>\n<h2> Inform\u00e0tica  <\/h2>\n<\/tr>\n<tr>\n<td width=\"150\"> <img loading=\"lazy\" decoding=\"async\" src=\"http:\/\/agora.xtec.cat\/ieslaguineueta\/wp-content\/uploads\/usu766\/2014\/09\/inform\u00e0tica.png\" alt=\"inform\u00e0tica\" width=\"91\" height=\"78\" class=\"alignnone size-large wp-image-486\" \/><\/a><\/td>\n<td width=\"500\">\n<ul>\n<li> CFGM &#8211; (SMX) Sistemes Microinform\u00e0tics i Xarxes <\/li>\n<li> CFGS &#8211; (ASIX) Administraci\u00f3 de sistemes inform\u00e0tics en la xarxa <\/li>\n<\/ul>\n<\/td>\n<\/tr>\n<\/table>\n<table border=\"0\">\n<tr>\n<h2> Sanitat  <\/h2>\n<\/tr>\n<tr>\n<td width=\"150\"> <a href=\"http:\/\/agora.xtec.cat\/ieslaguineueta\/wp-content\/uploads\/usu766\/2014\/09\/Sanitat.png\"><img loading=\"lazy\" decoding=\"async\" src=\"http:\/\/agora.xtec.cat\/ieslaguineueta\/wp-content\/uploads\/usu766\/2014\/09\/Sanitat.png\" alt=\"Sanitat\" width=\"75\" height=\"86\" class=\"alignnone size-large wp-image-487\" \/><\/a> <\/td>\n<td width=\"500\">\n<ul>\n<li> CFGM Farm\u00e0cia i Parafarm\u00e0cia <\/li>\n<li> CFGM Cures auxiliars d\u2019infermeria <\/li>\n<li> CFGM Emerg\u00e8ncies Sanit\u00e0ries <\/li>\n<li> CFGS Salut ambiental <\/li>\n<li> CFGS Laboratori de diagnosi cl\u00ednic <\/li>\n<li> CFGS Anatomia patol\u00f2gica i citologia <\/li>\n<li> CFGS Diet\u00e8tica <\/li>\n<\/ul>\n<\/td>\n<\/tr>\n<\/table>\n<\/ul>\n<p><!--\nA l'espai d'<strong>oferta formativa<\/strong>, \u00e9s important incloure la informaci\u00f3 espec\u00edfica per a cadascuna de les etapes o cicles educatius que ofereix el centre. En els corresponents nivells es podr\u00e0 introduir la informaci\u00f3 relativa a:\n\n\n<ul>\n\t\n\n<li>llibres de text i lectures obligat\u00f2ries<\/li>\n\n\n\t\n\n<li>cr\u00e8dits<\/li>\n\n\n\t\n\n<li>mat\u00e8ries optatives<\/li>\n\n\n\t\n\n<li>cr\u00e8dit de s\u00edntesi<\/li>\n\n\n\t\n\n<li>treball de recerca<\/li>\n\n\n\t\n\n<li>viatge d'estudis<\/li>\n\n\n\t\n\n<li>exemples d'ex\u00e0mens<\/li>\n\n\n\t\n\n<li>itineraris universitaris<\/li>\n\n\n\t\n\n<li>pr\u00e0ctiques a empreses (FCT)<\/li>\n\n\n\t\n\n<li>projectes de mobilitat<\/li>\n\n\n\t\n\n<li>mesures flexibilitzadores: servei d'assessorament, servei de reconeixement acad\u00e8mic, formaci\u00f3 dual,...<\/li>\n\n\n\t\n\n<li>cursos espec\u00edfics i de preparaci\u00f3<\/li>\n\n\n<\/ul>\n\n\n\n\n<p style=\"color: #444444;\">Cadascun dels cicles o etapes educatives\u00a0t\u00e9 un\u00a0espai propi, que es crea mitjan\u00e7ant les categories, sense necessitat de crear una \"P\u00e0gina\" nova.\u00a0Les categories es defineixen des del men\u00fa de les entrades del blog. Paral\u00b7lelament als cicles o etapes educatives\u00a0tamb\u00e9 es poden definir m\u00e9s categories i, d'aquesta manera afegir p\u00e0gines al nivell de navegaci\u00f3 d'\"Oferta formativa\".<\/p>\n\n\n\n\n\n<header class=\"entry-header\" style=\"color: #444444;\">\n\n\n<h1 class=\"entry-title\" style=\"font-weight: 400; color: #087eb6;\">ESO<\/h1>\n\n\n<\/header>\n\n\n\n\n<div class=\"entry-content\" style=\"color: #444444;\">\n\n\n<ul>\n\t\n\n<li>llibres de text i lectures obligat\u00f2ries<\/li>\n\n\n\t\n\n<li>cr\u00e8dits<\/li>\n\n\n\t\n\n<li>mat\u00e8ries optatives<\/li>\n\n\n\t\n\n<li>sol\u00b7licitud afiliaci\u00f3 SS<\/li>\n\n\n\t\n\n<li>servei comunitari<\/li>\n\n\n\t\n\n<li>cr\u00e8dit de s\u00edntesi<\/li>\n\n\n\t\n\n<li>treball de recerca<\/li>\n\n\n\t\n\n<li>viatge d\u2019estudis<\/li>\n\n\n<\/ul>\n\n\n\n\n<header class=\"entry-header\">\n\n\n<h1 class=\"entry-title\" style=\"font-weight: 400; color: #087eb6;\">Batxillerat<\/h1>\n\n\n<\/header>\n\n\n\n\n<div class=\"entry-content\">\n\n\n<ul>\n\t\n\n<li>llibres de text i lectures obligat\u00f2ries<\/li>\n\n\n\t\n\n<li>PAU (notes de tall, calendari, ponderacions, exemples ex\u00e0mens, itineraris universitaris,\u2026)<\/li>\n\n\n<\/ul>\n\n\n<\/div>\n\n\n<\/div>\n\n\n\n\n<header class=\"entry-header\" style=\"color: #444444;\">\n\n\n<h1 class=\"entry-title\" style=\"font-weight: 400; color: #087eb6;\">CFGM<\/h1>\n\n\n<\/header>\n\n\n\n\n<div class=\"entry-content\" style=\"color: #444444;\">\n\n\n<ul>\n\t\n\n<li>pr\u00e0ctiques a empreses (FCT)<\/li>\n\n\n\t\n\n<li>projectes de mobilitat<\/li>\n\n\n\t\n\n<li>mesures flexibilitzadores: servei d\u2019assessorament, servei de reconeixement acad\u00e8mic, formaci\u00f3 dual,\u2026<\/li>\n\n\n<\/ul>\n\n\n\n\n<header class=\"entry-header\">\n\n\n<h1 class=\"entry-title\" style=\"font-weight: 400; color: #087eb6;\">CFGS<\/h1>\n\n\n<\/header>\n\n\n\n\n<div class=\"entry-content\">\n\n\n<ul>\n\t\n\n<li>pr\u00e0ctiques a empreses (FCT)<\/li>\n\n\n\t\n\n<li>projectes de mobilitat<\/li>\n\n\n\t\n\n<li>mesures flexibilitzadores: servei d\u2019assessorament, servei de reconeixement acad\u00e8mic, formaci\u00f3 dual<\/li>\n\n\n<\/ul>\n\n\n<\/div>\n\n\n<\/div>\n\n\n--><\/p>\n","protected":false},"excerpt":{"rendered":"<p>Al INS La Guineueta es poden cursar diferents estudis:<\/p>\n<ul>\n<li> ESO <\/li>\n<li> Batxillerat <\/li>\n<li> Curs d\u2019acc\u00e9s als cicles formatius de grau superior <\/li>\n<li> PQPI: Auxiliar de reparaci\u00f3 i manteniment de vehicles lleugers <\/li>\n<li> Cicles formatius:<\/li>\n<p> Administraci\u00f3 i gesti\u00f3  <\/p>\n<p>  <\/a> <\/p>\n<ul>\n<li> CFGM Gesti\u00f3 administrativa&hellip;  <a href=\"https:\/\/agora.xtec.cat\/ieslaguineueta\/estudis\/\" title=\"Read Estudis\">Llegeix m\u00e9s\u00bb<\/a><br \/>\n","protected":false},"author":1,"featured_media":0,"parent":0,"menu_order":3,"comment_status":"closed","ping_status":"closed","template":"","meta":{"_bbp_topic_count":0,"_bbp_reply_count":0,"_bbp_total_topic_count":0,"_bbp_total_reply_count":0,"_bbp_voice_count":0,"_bbp_anonymous_reply_count":0,"_bbp_topic_count_hidden":0,"_bbp_reply_count_hidden":0,"_bbp_forum_subforum_count":0,"footnotes":""},"class_list":["post-195","page","type-page","status-publish","hentry"],"post_mailing_queue_ids":[],"_links":{"self":[{"href":"https:\/\/agora.xtec.cat\/ieslaguineueta\/wp-json\/wp\/v2\/pages\/195","targetHints":{"allow":["GET"]}}],"collection":[{"href":"https:\/\/agora.xtec.cat\/ieslaguineueta\/wp-json\/wp\/v2\/pages"}],"about":[{"href":"https:\/\/agora.xtec.cat\/ieslaguineueta\/wp-json\/wp\/v2\/types\/page"}],"author":[{"embeddable":true,"href":"https:\/\/agora.xtec.cat\/ieslaguineueta\/wp-json\/wp\/v2\/users\/1"}],"replies":[{"embeddable":true,"href":"https:\/\/agora.xtec.cat\/ieslaguineueta\/wp-json\/wp\/v2\/comments?post=195"}],"version-history":[{"count":4,"href":"https:\/\/agora.xtec.cat\/ieslaguineueta\/wp-json\/wp\/v2\/pages\/195\/revisions"}],"predecessor-version":[{"id":516,"href":"https:\/\/agora.xtec.cat\/ieslaguineueta\/wp-json\/wp\/v2\/pages\/195\/revisions\/516"}],"wp:attachment":[{"href":"https:\/\/agora.xtec.cat\/ieslaguineueta\/wp-json\/wp\/v2\/media?parent=195"}],"curies":[{"name":"wp","href":"https:\/\/api.w.org\/{rel}","templated":true}]}}