{"id":1305,"date":"2017-10-11T15:29:09","date_gmt":"2017-10-11T13:29:09","guid":{"rendered":"http:\/\/agora.xtec.cat\/ieslaguineueta\/?page_id=1305"},"modified":"2017-10-11T15:29:09","modified_gmt":"2017-10-11T13:29:09","slug":"proves-dacces-als-cfgm-i-cfgs","status":"publish","type":"page","link":"https:\/\/agora.xtec.cat\/ieslaguineueta\/proves\/proves-dacces-als-cfgm-i-cfgs\/","title":{"rendered":"Proves d\u2019acc\u00e9s als CFGM i CFGS"},"content":{"rendered":"<p><b>CALENDARI PROVES ACC\u00c9S 2017<\/b><\/p>\n<p><strong>PROVA ACC\u00c8S ALS CFGM\u00a0PER COL.LECTIUS SINGULARS (TSC)\u00a0<a href=\"http:\/\/www.inslaguineueta.cat\/wp-content\/uploads\/2013\/05\/Calendari-proves-mitja.pdf\"><img loading=\"lazy\" decoding=\"async\" class=\"alignnone size-full wp-image-914\" src=\"http:\/\/www.inslaguineueta.cat\/wp-content\/uploads\/2013\/09\/pdf25x25.png\" alt=\"\" width=\"25\" height=\"25\" \/><\/a><\/strong><\/p>\n<table>\n<tbody>\n<tr>\n<td>INSCRIPCI\u00d3<\/td>\n<td>del 20 de mar\u00e7 (a partir de les 9 h) fins al 29\u00a0de mar\u00e7 de 2017<\/td>\n<\/tr>\n<tr>\n<td>\u00daLTIM DIA DE PAGAMENT DE LA TAXA<\/td>\n<td>fins al 30\u00a0de mar\u00e7 de 2017 (abans de les 22 h)<\/td>\n<\/tr>\n<tr>\n<td>PRESENTACI\u00d3 DE LA DOCUMENTACI\u00d3 A L\u2019INSTITUT<\/td>\n<td>del 18 al 24 d\u2019abril de 2017 (en\u00a0horari d\u2019atenci\u00f3 al p\u00fablic)<\/td>\n<\/tr>\n<tr>\n<td>LLISTA PROVISIONAL D\u2019ADMESOS I EXCLOSOS<\/td>\n<td>a partir del\u00a025 d\u2019abril de 2017<\/td>\n<\/tr>\n<tr>\n<td>PRESENTACI\u00d3 DE LA DOCUMENTACI\u00d3 COMPLEMENT\u00c0RIA AL CENTRE (si s\u2019\u00e9s cau)<\/td>\n<td>del 26 al 28 d\u2019abril de 2017 (en\u00a0horari d\u2019atenci\u00f3 al p\u00fablic)<\/td>\n<\/tr>\n<tr>\n<td>LLISTA DEFINITIVA D\u2019ADMESOS I EXCLOSOS<\/td>\n<td>a partir del 2 de maig de 2017<\/td>\n<\/tr>\n<tr>\n<td><strong>REALITZACI\u00d3 DE LA PROVA<\/strong><\/td>\n<td><\/td>\n<\/tr>\n<tr>\n<td>SIMULACRE DE LA PROVA\u00a0TELEM\u00c0TICA<\/td>\n<td>5 de maig de 2017 a les 9 hores<\/td>\n<\/tr>\n<tr>\n<td>PROVA TELEM\u00c0TICA<\/td>\n<td>16 de maig de 2017 a les 9 hores<\/td>\n<\/tr>\n<tr>\n<td>PROVA PART CIENTIFICO-TECNOL\u00d2GICA (si s\u2019\u00e9s cau)<\/td>\n<td>17 de maig de 2017 a les 9.30 hores<\/td>\n<\/tr>\n<tr>\n<td>ENTREVISTA PERSONAL (si s\u2019\u00e9s cau)<\/td>\n<td>18 de maig de 2017 (en l\u2019horari que decideix el centre)<\/td>\n<\/tr>\n<tr>\n<td>QUALIFICACIONS PROVISIONALS<\/td>\n<td>a partir\u00a0del 19 de maig de 2017<\/td>\n<\/tr>\n<tr>\n<td>TERMINI PER PRESENTAR RECLAMACIONS AL CENTRE<\/td>\n<td>del 22 al 24 de maig de 2017 (en\u00a0horari d\u2019atenci\u00f3 al p\u00fablic)<\/td>\n<\/tr>\n<tr>\n<td>QUALIFICACIONS DEFINITIVES I EMISSI\u00d3 DE CERTIFICATS<\/td>\n<td>a partir del\u00a025 de maig de 2017<\/td>\n<\/tr>\n<\/tbody>\n<\/table>\n<p><strong>Documentaci\u00f3\u00a0que s\u2019ha de presentar a secretaria del dia 18 al 24 d\u2019abril:<\/strong><\/p>\n<div>\n<div>\n<div>\n<ul>\n<li>Fotocopia del DNI amb el qeu es va inscriure les proves<\/li>\n<li>certificat de l\u2019empresa que acrediti que la persona sol.licitant pertany al col.lectiu singular de persones treballadores en el marc del conveni de col.laboraci\u00f3 de qu\u00e8 es tracti.<\/li>\n<li>Si s\u2019escau: en el cas que no s\u2019hagi\u00a0 validat en el moment de la inscripci\u00f3, document justificant de bonificaci\u00f3 o exempci\u00f3 de la taxa o preu p\u00fablic.<\/li>\n<li>Si\u00a0 escau , curriculum formatiu i d\u2019experi\u00e8ncia<\/li>\n<li>Si escau, exempcions atorgades amb anterioritat o sol.licitud de la marxa<\/li>\n<\/ul>\n<\/div>\n<\/div>\n<\/div>\n<p>&nbsp;<\/p>\n<p><strong>PROVA ACC\u00c8S ALS CFGM\u00a0<\/strong><\/p>\n<table>\n<tbody>\n<tr>\n<td>INSCRIPCI\u00d3 (TELEM\u00c0TICA)<\/td>\n<td>del 20 de mar\u00e7 (a partir de les 9 h) fins al 29\u00a0de mar\u00e7 de 2017<\/td>\n<\/tr>\n<tr>\n<td>\u00daLTIM DIA DE PAGAMENT DE LA TAXA<\/td>\n<td>fins al 30\u00a0de mar\u00e7 de 2017 (abans de les 22 h)<\/td>\n<\/tr>\n<tr>\n<td>PRESENTACI\u00d3 DE LA DOCUMENTACI\u00d3 A L\u2019INSTITUT<\/td>\n<td>del 18 al 24 d\u2019abril de 2017 (en\u00a0horari d\u2019atenci\u00f3 al p\u00fablic)<\/td>\n<\/tr>\n<tr>\n<td>LLISTA PROVISIONAL D\u2019ADMESOS I EXCLOSOS<\/td>\n<td>a partir del\u00a025 d\u2019abril de 2017<\/td>\n<\/tr>\n<tr>\n<td>PRESENTACI\u00d3 DE LA DOCUMENTACI\u00d3 COMPLEMENT\u00c0RIA AL CENTRE (si s\u2019\u00e9s cau)<\/td>\n<td>del 26 al 28 d\u2019abril de 2017 (en\u00a0horari d\u2019atenci\u00f3 al p\u00fablic)<\/td>\n<\/tr>\n<tr>\n<td>LLISTA DEFINITIVA D\u2019ADMESOS I EXCLOSOS<\/td>\n<td>a partir del 2 de maig de 2017<\/td>\n<\/tr>\n<tr>\n<td><strong>REALITZACI\u00d3 DE LA PROVA<\/strong><\/td>\n<td><\/td>\n<\/tr>\n<tr>\n<td>QUALIFICACIONS PROVISIONALS<\/td>\n<td>a partir\u00a0del 19 de maig de 2017<\/td>\n<\/tr>\n<tr>\n<td>QUALIFICACIONS DEFINITIVES<\/td>\n<td>a partir del\u00a025 de maig de 2017<\/td>\n<\/tr>\n<\/tbody>\n<\/table>\n<p>&nbsp;<\/p>\n<p><strong>PROVA ACC\u00c8S ALS CFGS \u00a0<\/strong><\/p>\n<table>\n<tbody>\n<tr>\n<td>INSCRIPCI\u00d3<\/td>\n<td>20 mar\u00e7 (9 h) a 29\u00a0mar\u00e7<\/td>\n<\/tr>\n<tr>\n<td>\u00daLTIM DIA DE PAGAMENT DE LA TAXA<\/td>\n<td>30\u00a0mar\u00e7 (22 h)<\/td>\n<\/tr>\n<tr>\n<td>PRESENTACI\u00d3 DE LA DOCUMENTACI\u00d3 A L\u2019INSTITUT<\/td>\n<td>18 a 24\u00a0abril<\/td>\n<\/tr>\n<tr>\n<td>LLISTA PROVISIONAL D\u2019ADMESOS I EXCLOSOS<\/td>\n<td>28 abril<\/td>\n<\/tr>\n<tr>\n<td>LLISTA DEFINITIVA D\u2019ADMESOS I EXCLOSOS<\/td>\n<td>5\u00a0maig<\/td>\n<\/tr>\n<tr>\n<td><strong>REALITZACI\u00d3 DE LA PROVA<\/strong><\/td>\n<td>17\u00a0maig (part comuna), 18 maig\u00a0(part espec\u00edfica)( a partir 16h)\u00a0<em>Cal presentar-se mitja hora abans<\/em><\/td>\n<\/tr>\n<tr>\n<td>QUALIFICACIONS PROVISIONALS<\/td>\n<td>26 maig<\/td>\n<\/tr>\n<tr>\n<td>QUALIFICACIONS DEFINITIVES<\/td>\n<td>1\u00a0juny<\/td>\n<\/tr>\n<\/tbody>\n<\/table>\n<p><strong>Calendari proves<a href=\"http:\/\/www.inslaguineueta.cat\/wp-content\/uploads\/2013\/05\/CALENDARI-WEB.pdf\"><img loading=\"lazy\" decoding=\"async\" class=\"alignnone size-full wp-image-914\" src=\"http:\/\/www.inslaguineueta.cat\/wp-content\/uploads\/2013\/09\/pdf25x25.png\" alt=\"pdf25x25\" width=\"25\" height=\"25\" \/><\/a><\/strong><\/p>\n","protected":false},"excerpt":{"rendered":"<p>CALENDARI PROVES ACC\u00c9S 2017<br \/>\nPROVA ACC\u00c8S ALS CFGM\u00a0PER COL.LECTIUS SINGULARS (TSC)\u00a0<a href=\"http:\/\/www.inslaguineueta.cat\/wp-content\/uploads\/2013\/05\/Calendari-proves-mitja.pdf\"><\/a><\/p>\n<p>INSCRIPCI\u00d3<br \/>\ndel 20 de mar\u00e7 (a partir de les 9 h) fins al 29\u00a0de mar\u00e7 de 2017<\/p>\n<p>\u00daLTIM DIA DE PAGAMENT DE LA TAXA<br \/>\nfins al 30\u00a0de mar\u00e7 de 2017 (abans de les 22 h)<\/p>\n<p>PRESENTACI\u00d3 DE LA DOCUMENTACI\u00d3&hellip;  <a href=\"https:\/\/agora.xtec.cat\/ieslaguineueta\/proves\/proves-dacces-als-cfgm-i-cfgs\/\" title=\"Read Proves d\u2019acc\u00e9s als CFGM i CFGS\">Llegeix m\u00e9s\u00bb<\/a><\/p>\n","protected":false},"author":1,"featured_media":0,"parent":57,"menu_order":0,"comment_status":"closed","ping_status":"closed","template":"","meta":{"_bbp_topic_count":0,"_bbp_reply_count":0,"_bbp_total_topic_count":0,"_bbp_total_reply_count":0,"_bbp_voice_count":0,"_bbp_anonymous_reply_count":0,"_bbp_topic_count_hidden":0,"_bbp_reply_count_hidden":0,"_bbp_forum_subforum_count":0,"footnotes":""},"class_list":["post-1305","page","type-page","status-publish","hentry"],"post_mailing_queue_ids":[],"_links":{"self":[{"href":"https:\/\/agora.xtec.cat\/ieslaguineueta\/wp-json\/wp\/v2\/pages\/1305","targetHints":{"allow":["GET"]}}],"collection":[{"href":"https:\/\/agora.xtec.cat\/ieslaguineueta\/wp-json\/wp\/v2\/pages"}],"about":[{"href":"https:\/\/agora.xtec.cat\/ieslaguineueta\/wp-json\/wp\/v2\/types\/page"}],"author":[{"embeddable":true,"href":"https:\/\/agora.xtec.cat\/ieslaguineueta\/wp-json\/wp\/v2\/users\/1"}],"replies":[{"embeddable":true,"href":"https:\/\/agora.xtec.cat\/ieslaguineueta\/wp-json\/wp\/v2\/comments?post=1305"}],"version-history":[{"count":1,"href":"https:\/\/agora.xtec.cat\/ieslaguineueta\/wp-json\/wp\/v2\/pages\/1305\/revisions"}],"predecessor-version":[{"id":1306,"href":"https:\/\/agora.xtec.cat\/ieslaguineueta\/wp-json\/wp\/v2\/pages\/1305\/revisions\/1306"}],"up":[{"embeddable":true,"href":"https:\/\/agora.xtec.cat\/ieslaguineueta\/wp-json\/wp\/v2\/pages\/57"}],"wp:attachment":[{"href":"https:\/\/agora.xtec.cat\/ieslaguineueta\/wp-json\/wp\/v2\/media?parent=1305"}],"curies":[{"name":"wp","href":"https:\/\/api.w.org\/{rel}","templated":true}]}}