{"id":1285,"date":"2017-10-09T10:44:15","date_gmt":"2017-10-09T08:44:15","guid":{"rendered":"http:\/\/agora.xtec.cat\/ieslaguineueta\/?page_id=1285"},"modified":"2017-10-09T10:44:15","modified_gmt":"2017-10-09T08:44:15","slug":"mobilitat","status":"publish","type":"page","link":"https:\/\/agora.xtec.cat\/ieslaguineueta\/serveis\/mobilitat\/","title":{"rendered":"Mobilitat"},"content":{"rendered":"<p><img loading=\"lazy\" decoding=\"async\" class=\"alignnone wp-image-3355\" src=\"http:\/\/www.inslaguineueta.cat\/wp-content\/uploads\/2013\/03\/fundacioBarcelona-300x279.jpg\" sizes=\"auto, (max-width: 85px) 100vw, 85px\" srcset=\"http:\/\/www.inslaguineueta.cat\/wp-content\/uploads\/2013\/03\/fundacioBarcelona-300x279.jpg 300w, http:\/\/www.inslaguineueta.cat\/wp-content\/uploads\/2013\/03\/fundacioBarcelona-250x232.jpg 250w, http:\/\/www.inslaguineueta.cat\/wp-content\/uploads\/2013\/03\/fundacioBarcelona.jpg 742w\" alt=\"fundacioBarcelona\" width=\"85\" height=\"79\" \/><img loading=\"lazy\" decoding=\"async\" class=\"alignnone wp-image-3356\" src=\"http:\/\/www.inslaguineueta.cat\/wp-content\/uploads\/2013\/03\/EU-flag-Erasmus--300x86.jpg\" sizes=\"auto, (max-width: 258px) 100vw, 258px\" srcset=\"http:\/\/www.inslaguineueta.cat\/wp-content\/uploads\/2013\/03\/EU-flag-Erasmus--300x86.jpg 300w, http:\/\/www.inslaguineueta.cat\/wp-content\/uploads\/2013\/03\/EU-flag-Erasmus--1024x292.jpg 1024w, http:\/\/www.inslaguineueta.cat\/wp-content\/uploads\/2013\/03\/EU-flag-Erasmus--250x71.jpg 250w\" alt=\"EU flag-Erasmus+\" width=\"258\" height=\"74\" \/><img loading=\"lazy\" decoding=\"async\" class=\"alignnone wp-image-3357\" src=\"http:\/\/www.inslaguineueta.cat\/wp-content\/uploads\/2013\/03\/ensenyament_h3-300x71.jpg\" sizes=\"auto, (max-width: 211px) 100vw, 211px\" srcset=\"http:\/\/www.inslaguineueta.cat\/wp-content\/uploads\/2013\/03\/ensenyament_h3-300x71.jpg 300w, http:\/\/www.inslaguineueta.cat\/wp-content\/uploads\/2013\/03\/ensenyament_h3-250x59.jpg 250w, http:\/\/www.inslaguineueta.cat\/wp-content\/uploads\/2013\/03\/ensenyament_h3.jpg 454w\" alt=\"ensenyament_h3\" width=\"211\" height=\"50\" \/><img loading=\"lazy\" decoding=\"async\" class=\"alignnone wp-image-3358\" src=\"http:\/\/www.inslaguineueta.cat\/wp-content\/uploads\/2013\/03\/FundacioBCN_xarxaFP-300x136.jpg\" sizes=\"auto, (max-width: 174px) 100vw, 174px\" srcset=\"http:\/\/www.inslaguineueta.cat\/wp-content\/uploads\/2013\/03\/FundacioBCN_xarxaFP-300x136.jpg 300w, http:\/\/www.inslaguineueta.cat\/wp-content\/uploads\/2013\/03\/FundacioBCN_xarxaFP-1024x463.jpg 1024w, http:\/\/www.inslaguineueta.cat\/wp-content\/uploads\/2013\/03\/FundacioBCN_xarxaFP-250x113.jpg 250w\" alt=\"FundacioBCN_xarxaFP\" width=\"174\" height=\"79\" \/><\/p>\n<p><strong>PROJECTE DE MOBILITAT INSTITUT LA GUINEUETA<\/strong><\/p>\n<p>Un dels objectius de l\u2019Institut de la Guineueta \u00e9s la internacionalitzaci\u00f3 de la FP i la seva projecci\u00f3 a Europa. Per aix\u00f2, es promouen v\u00e0ries accions de mobilitat europea adre\u00e7ada a alumnat i professorat del centre dins el marc dels projectes Erasmus+<\/p>\n<p>L\u2019Institut de la Guineueta t\u00e9 una llarga traject\u00f2ria en el camp de la mobilitat internacional. Des del curs 2008 \u2013 2009 es promou la mobilitat d\u2019alumnes de les fam\u00edlies professionals d\u2019inform\u00e0tica, sanitat i vehicles a altres regions d\u2019Europa per completar la seva formaci\u00f3 pr\u00e0ctica.<\/p>\n<p>L\u2019institut t\u00e9 una coordinaci\u00f3 de mobilitat i un equip de professorat implicat en la mobilitat de l\u2019alumnat i participa plenament en la xarxa de mobilitat del Departament d\u2019Ensenyament, i en la xarxa FP de mobilitat de la Fundaci\u00f3 de Barcelona, per altra banda tamb\u00e9 s\u2019obtenen fons directament del SEPIE (Servicio Espa\u00f1ol para la Internacionalizaci\u00f3n de la Educaci\u00f3n) a trav\u00e9s dels programa Erasmus+.<\/p>\n<p><strong>Mobilitats per fam\u00edlies professionals:<\/strong><\/p>\n<p><strong>Inform\u00e0tica:<br \/>\n<\/strong><br \/>\nDurant els cursos 2008\/09, 09\/10 i 10\/11 es van moure un total de 8 alumnes de CFGM de la fam\u00edlia d\u2019inform\u00e0tica a v\u00e0ries empreses alemanyes, concretament a la ciutat de Berl\u00edn.<\/p>\n<p>Per realitzar la mobilitat amb alemanya sempre hem tingut un soci intermediari: un centre educatiu d\u2019ensenyament professional especialitzat en inform\u00e0tica (OSZIMT \u2013 \u0097Oberstufenzentrum Informations und Medizintechnik Berlin) situat al sud de de la ciutat. Aquest centre \u00e9s molt gran i t\u00e9 un departament especialitzat en la mobilitat europea, fa anys que col\u00b7laborem rec\u00edprocament amb ells, des de l\u2019institut de la Guineueta enviem alumnes a Berl\u00edn i rebem una mitjana de 6 alumnes l\u2019any procedent del seu institut, se\u2019ls busca una empresa per realitzar les FCT a Barcelona i se\u2019ls realitza el seguiment i avaluaci\u00f3 conjuntament amb la persona responsable alemanya.<\/p>\n<p>&nbsp;<\/p>\n<p><strong>Transport i manteniment de vehicles:<\/strong><\/p>\n<p>Des del curs 2009\/10 es mouen alumnes de la fam\u00edlia de transport i manteniment de vehicles, incloent alumnes dels diferents cicles formatius de grau mitj\u00e0 (electromec\u00e0nica de vehicles autom\u00f2bils i carrosseria) i de grau superior (automoci\u00f3). En els darrers anys han pogut realitzar la mobilitat un total de 22 alumnes de GM i 8 alumnes de GS.<br \/>\nEl projecte de mobilitat de la fam\u00edlia de vehicles es centra en la regi\u00f3 de N\u00eemes (Fran\u00e7a), on tenim v\u00e0ries empreses del sector que ofereixen formaci\u00f3 pr\u00e0ctica als nostres alumnes. Com a soci intermediari disposem del centre educatiu Lyc\u00e9e des M\u00e9tiers Jules Raimu que ens facilita les empreses i fa un seguiment de l\u2019alumnat a Fran\u00e7a. La relaci\u00f3 amb l\u2019institut \u00e9s molt bona, havent realitzat lligams de col\u00b7laboraci\u00f3 intensos en els darrers anys.<br \/>\nLa mobilitat amb N\u00eemes tamb\u00e9 \u00e9s rec\u00edproca, cada dos anys rebem 12<br \/>\nalumnes de la fam\u00edlia de vehicles del Lyc\u00e9e des M\u00e9tiers Jules Raimu perqu\u00e8 facin pr\u00e0ctiques a Barcelona.<\/p>\n<p><strong>Sanitat:<\/strong><\/p>\n<p>El curs 2011\/12 es va iniciar el projecte de mobilitat d\u2019alumnes del CFGM de T\u00e8cnic en Emerg\u00e8ncies Sanit\u00e0ries que segueix vigent actualment, obtenen la beca uns 6 alumnes per any, essent un total de 21 alumnes en els darrers anys. Els alumnes de TES realitzen les seves pr\u00e0ctiques a l\u2019estranger durant un per\u00edode de sis setmanes a dues empreses de transport programat de la ciutat de Berl\u00edn (Alemanya). El nostre soci col\u00b7laborador intermediari \u00e9s l\u2019institut OSZIMT.<\/p>\n<p>El curs 2015-16 es realitzaran 9 mobilitats a les empreses A.B.S Ambulance Berlin S\u00fcd i WDV Krankentransport.<\/p>\n<p>Per altra banda, el curs 2015-16 s\u2019ha realitzat una mobilitat de 2 mesos a Flor\u00e8ncia, en una empresa de transport sanitari programat. La beca ha estat per un alumne TES recent graduat, que va finalitzar els seus estudis el curs 2014-15.<\/p>\n<p>El curs 2015-16 s\u2019ha iniciat un nou projecte de mobilitat d\u2019alumnes del CFGM de Farm\u00e0cia i Parafarm\u00e0cia a la ciutat de Bristol (UK). Es realitzar\u00e0 la mobilitat de 3 alumnes durant un per\u00edode d\u2019un mes perqu\u00e8 acabin la seva formaci\u00f3 de FCT a l\u2019estranger i pugui aprofundir els coneixements en una llengua estrangera.<\/p>\n<p><u>Seguiment i avaluaci\u00f3 de l\u2019alumnat<\/u><\/p>\n<p>Les estades de mobilitat a Europa comporten la realitzaci\u00f3 d\u2019un seguiment i avaluaci\u00f3 de les pr\u00e0ctiques que realitza l\u2019alumnat. L\u2019Institut de la Guineueta t\u00e9 un professor responsable de cada projecte que fa un seguiment detallat de la mobilitat, incloent una visita inicial a l\u2019empresa per presentar a l\u2019alumnat, un seguiment a dist\u00e0ncia mitjan\u00e7ant eines inform\u00e0tiques i una avaluaci\u00f3 intermitja i final mitjan\u00e7ant el programa qBID. A m\u00e9s a m\u00e9s es realitza una visita final a l\u2019empresa per realitzar l\u2019avaluaci\u00f3 final de l\u2019alumnat, discutir propostes de millora i concretar col\u00b7laboracions futures.<\/p>\n<p><strong>Professorat:<br \/>\n<\/strong><br \/>\nAl llarg dels anys el professorat i equip directiu de l\u2019Institut han participat a varis projectes de mobilitat Europea dins el marc de projectes Erasmus +.<br \/>\nEl curs 2015-16 es realitzaran v\u00e0ries mobilitats de professorat: estada d\u2019un membre de l\u2019equip directiu a Finl\u00e0ndia (promoguda per la Fundaci\u00f3 Barcelona), estada d\u2019observaci\u00f3 de projectes FP Dual a Alemanya i estada de formaci\u00f3 en did\u00e0ctica AICLE a Irlanda (promogudes pel Departament d\u2019Ensenyament).<\/p>\n<p>L\u2019experi\u00e8ncia de la mobilitat \u00e9s molt satisfact\u00f2ria, essent un enriquiment pel centre i permetent la seva internacionalitzaci\u00f3.<\/p>\n<p>&nbsp;<\/p>\n<p><strong>PROJECTES CURS 2015-2016<\/strong><\/p>\n<table width=\"720\" cellspacing=\"0\" cellpadding=\"3\">\n<colgroup>\n<col width=\"125\" \/>\n<col width=\"126\" \/>\n<col width=\"126\" \/>\n<col width=\"126\" \/>\n<col width=\"125\" \/><\/colgroup>\n<tbody>\n<tr>\n<td colspan=\"5\" bgcolor=\"#c0504d\" width=\"700\">\n<p align=\"center\"><b>PROJECTES CURS 2015-2016<\/b><\/p>\n<\/td>\n<\/tr>\n<tr>\n<td colspan=\"5\" width=\"700\">\n<p align=\"center\"><b>ALUMNAT<\/b><\/p>\n<\/td>\n<\/tr>\n<tr>\n<td width=\"125\">\n<p align=\"center\">N\u00famero de beques<\/p>\n<\/td>\n<td width=\"126\">\n<p align=\"center\">Cicle Formatiu<\/p>\n<\/td>\n<td width=\"126\">\n<p align=\"center\">Fam\u00edlia Professional<\/p>\n<\/td>\n<td width=\"126\">\n<p align=\"center\">Durada<\/p>\n<\/td>\n<td width=\"125\">\n<p align=\"center\">Destianci\u00f3<\/p>\n<\/td>\n<\/tr>\n<tr>\n<td colspan=\"5\" valign=\"top\" bgcolor=\"#b2a1c7\" width=\"700\"><b>Finan\u00e7ament del SEPIE (Servicio Espa\u00f1ol para la Internacionalizaci\u00f3n de la Educaci\u00f3n)<\/b><\/td>\n<\/tr>\n<tr>\n<td colspan=\"5\" valign=\"top\" bgcolor=\"#b6dde8\" width=\"700\"><b>Projecte 2015-1-ES01-KA102-014012<\/b><\/td>\n<\/tr>\n<tr>\n<td width=\"125\">\n<p align=\"center\">8<\/p>\n<\/td>\n<td width=\"126\">\n<p align=\"center\">CFGM Electromec\u00e0nica<\/p>\n<\/td>\n<td width=\"126\">\n<p align=\"center\">Vehicles<\/p>\n<\/td>\n<td width=\"126\">\n<p align=\"center\">4 setmanes<\/p>\n<\/td>\n<td width=\"125\">\n<p align=\"center\">N\u00eemes (Fran\u00e7a)<\/p>\n<\/td>\n<\/tr>\n<tr>\n<td width=\"125\">\n<p align=\"center\">6<\/p>\n<\/td>\n<td width=\"126\">\n<p align=\"center\">CFGM Emerg\u00e8ncies Sanit\u00e0ries<\/p>\n<\/td>\n<td width=\"126\">\n<p align=\"center\">Sanitat<\/p>\n<\/td>\n<td width=\"126\">\n<p align=\"center\">6 setmanes<\/p>\n<\/td>\n<td width=\"125\">\n<p align=\"center\">Berl\u00edn (Alemanya)<\/p>\n<\/td>\n<\/tr>\n<tr>\n<td colspan=\"5\" valign=\"top\" bgcolor=\"#b6dde8\" width=\"700\"><b>Projecte 2015-1-ES01-KA103-014013<\/b><\/td>\n<\/tr>\n<tr>\n<td width=\"125\">\n<p align=\"center\">3<\/p>\n<\/td>\n<td width=\"126\">\n<p align=\"center\">Laboratori<\/p>\n<\/td>\n<td width=\"126\">\n<p align=\"center\">Sanitat<\/p>\n<\/td>\n<td width=\"126\">\n<p align=\"center\">3 mesos<\/p>\n<\/td>\n<td width=\"125\">\n<p align=\"center\">It\u00e0lia<\/p>\n<\/td>\n<\/tr>\n<tr>\n<td colspan=\"5\" valign=\"top\" bgcolor=\"#b2a1c7\" width=\"700\"><b>Finan\u00e7ament del Departament d\u2019Ensenyament de la Generalitat de Catalunya<\/b><\/td>\n<\/tr>\n<tr>\n<td colspan=\"5\" valign=\"top\" bgcolor=\"#b6dde8\" width=\"700\"><b>Projecte 2015-1-ES01-KA102-015217<\/b><\/td>\n<\/tr>\n<tr>\n<td width=\"125\">\n<p align=\"center\">3<\/p>\n<\/td>\n<td width=\"126\">\n<p align=\"center\">CFGM Emerg\u00e8ncies Sanit\u00e0ries<\/p>\n<\/td>\n<td width=\"126\">\n<p align=\"center\">Sanitat<\/p>\n<\/td>\n<td width=\"126\">\n<p align=\"center\">6 setmanes<\/p>\n<\/td>\n<td width=\"125\">\n<p align=\"center\">Berl\u00edn (Alemanya)<\/p>\n<\/td>\n<\/tr>\n<tr>\n<td width=\"125\">\n<p align=\"center\">3<\/p>\n<\/td>\n<td width=\"126\">\n<p align=\"center\">CFGM Farm\u00e0cia i Parafarm\u00e0cia<\/p>\n<\/td>\n<td width=\"126\">\n<p align=\"center\">Sanitat<\/p>\n<\/td>\n<td width=\"126\">\n<p align=\"center\">4 setmanes<\/p>\n<\/td>\n<td width=\"125\">\n<p align=\"center\">Bristol (UK)<\/p>\n<\/td>\n<\/tr>\n<tr>\n<td colspan=\"5\" valign=\"top\" bgcolor=\"#b2a1c7\" width=\"700\"><b>Finan\u00e7ament de la Fundaci\u00f3 BCN FP<\/b><\/td>\n<\/tr>\n<tr>\n<td colspan=\"5\" valign=\"top\" bgcolor=\"#b6dde8\" width=\"700\"><b>Projecte 2015-1-ES01-KA102-015106<\/b><\/td>\n<\/tr>\n<tr>\n<td width=\"125\">\n<p align=\"center\">1<\/p>\n<\/td>\n<td width=\"126\">\n<p align=\"center\">CFGM Emerg\u00e8ncies Sanit\u00e0ries<\/p>\n<\/td>\n<td width=\"126\">\n<p align=\"center\">Sanitat<\/p>\n<\/td>\n<td width=\"126\">\n<p align=\"center\">2 mesos<\/p>\n<\/td>\n<td width=\"125\">\n<p align=\"center\">Flor\u00e8ncia (It\u00e0lia)<\/p>\n<\/td>\n<\/tr>\n<tr>\n<td width=\"125\">\n<p align=\"center\">2<\/p>\n<\/td>\n<td width=\"126\">\n<p align=\"center\">CFGM<\/p>\n<\/td>\n<td width=\"126\">\n<p align=\"center\">Sanitat \u2013 Inform\u00e0tica<\/p>\n<\/td>\n<td width=\"126\">\n<p align=\"center\">2 mesos<\/p>\n<\/td>\n<td width=\"125\">\n<p align=\"center\">\u2014<\/p>\n<\/td>\n<\/tr>\n<tr>\n<td width=\"125\">\n<p align=\"center\">2<\/p>\n<\/td>\n<td width=\"126\">\n<p align=\"center\">CFGS<\/p>\n<\/td>\n<td width=\"126\">\n<p align=\"center\">Sanitat \u2013 Inform\u00e0tica<\/p>\n<\/td>\n<td width=\"126\">\n<p align=\"center\">3 mesos<\/p>\n<\/td>\n<td width=\"125\">\n<p align=\"center\">\u2014<\/p>\n<\/td>\n<\/tr>\n<\/tbody>\n<\/table>\n<p><strong>\u00a0<\/strong><\/p>\n<table width=\"720\" cellspacing=\"0\" cellpadding=\"3\">\n<colgroup>\n<col width=\"125\" \/>\n<col width=\"126\" \/>\n<col width=\"126\" \/>\n<col width=\"126\" \/>\n<col width=\"125\" \/><\/colgroup>\n<tbody>\n<tr>\n<td colspan=\"5\" bgcolor=\"#c0504d\" width=\"700\">\n<p align=\"center\"><b>PROJECTES CURS 2015-2016<\/b><\/p>\n<\/td>\n<\/tr>\n<tr>\n<td colspan=\"5\" width=\"700\">\n<p align=\"center\"><b>PROFESSORAT<\/b><\/p>\n<\/td>\n<\/tr>\n<tr>\n<td width=\"125\">\n<p align=\"center\">N\u00famero de beques<\/p>\n<\/td>\n<td width=\"126\">\n<p align=\"center\">Projecte<\/p>\n<\/td>\n<td width=\"126\">\n<p align=\"center\">Fam\u00edlia<\/p>\n<\/td>\n<td width=\"126\">\n<p align=\"center\">Durada<\/p>\n<\/td>\n<td width=\"125\">\n<p align=\"center\">Destianci\u00f3<\/p>\n<\/td>\n<\/tr>\n<tr>\n<td colspan=\"5\" valign=\"top\" bgcolor=\"#b2a1c7\" width=\"700\"><b>Finan\u00e7ament del SEPIE (Servicio Espa\u00f1ol para la Internacionalizaci\u00f3n de la Educaci\u00f3n)<\/b><\/td>\n<\/tr>\n<tr>\n<td colspan=\"5\" valign=\"top\" bgcolor=\"#b6dde8\" width=\"700\"><b>Projecte 2015-1-ES01-KA102-014012<\/b><\/td>\n<\/tr>\n<tr>\n<td width=\"125\">\n<p align=\"center\">1<\/p>\n<\/td>\n<td width=\"126\">\n<p align=\"center\">Job shadowing<\/p>\n<\/td>\n<td width=\"126\">\n<p align=\"center\">Sanitat<\/p>\n<\/td>\n<td width=\"126\">\n<p align=\"center\">1 setmana<\/p>\n<\/td>\n<td width=\"125\">\n<p align=\"center\">Alemanya<\/p>\n<\/td>\n<\/tr>\n<tr>\n<td colspan=\"5\" valign=\"top\" bgcolor=\"#b6dde8\" width=\"700\"><b>Projecte 2015-1-ES01-KA103-014013<\/b><\/td>\n<\/tr>\n<tr>\n<td width=\"125\">\n<p align=\"center\">1<\/p>\n<\/td>\n<td width=\"126\">\n<p align=\"center\">Job shadowing<\/p>\n<\/td>\n<td width=\"126\">\n<p align=\"center\">Vehicles<\/p>\n<\/td>\n<td width=\"126\">\n<p align=\"center\">4 dies<\/p>\n<\/td>\n<td width=\"125\">\n<p align=\"center\">Fran\u00e7a<\/p>\n<\/td>\n<\/tr>\n<tr>\n<td colspan=\"5\" valign=\"top\" bgcolor=\"#b2a1c7\" width=\"700\"><b>Finan\u00e7ament del Departament d\u2019Ensenyament de la Generalitat de Catalunya<\/b><\/td>\n<\/tr>\n<tr>\n<td width=\"125\">\n<p align=\"center\">1<\/p>\n<\/td>\n<td width=\"126\">\n<p align=\"center\">FP \u2013 DUAL<\/p>\n<\/td>\n<td width=\"126\">\n<p align=\"center\">Sanitat<\/p>\n<\/td>\n<td width=\"126\">\n<p align=\"center\">1 setmana<\/p>\n<\/td>\n<td width=\"125\">\n<p align=\"center\">Alemanya<\/p>\n<\/td>\n<\/tr>\n<tr>\n<td width=\"125\">\n<p align=\"center\">1<\/p>\n<\/td>\n<td width=\"126\">\n<p align=\"center\">FP \u2013 Angl\u00e8s<\/p>\n<\/td>\n<td width=\"126\">\n<p align=\"center\">Sanitat<\/p>\n<\/td>\n<td width=\"126\">\n<p align=\"center\">1 setmana<\/p>\n<\/td>\n<td width=\"125\">\n<p align=\"center\">Irlanda<\/p>\n<\/td>\n<\/tr>\n<tr>\n<td colspan=\"5\" valign=\"top\" bgcolor=\"#b2a1c7\" width=\"700\"><b>Finan\u00e7ament de la Fundaci\u00f3 BCN FP<\/b><\/td>\n<\/tr>\n<tr>\n<td width=\"125\">\n<p align=\"center\">1<\/p>\n<\/td>\n<td width=\"126\">\n<p align=\"center\">Innovaci\u00f3 educativa<\/p>\n<\/td>\n<td width=\"126\">\n<p align=\"center\">Equip directiu<\/p>\n<\/td>\n<td width=\"126\">\n<p align=\"center\">1 setmana<\/p>\n<\/td>\n<td width=\"125\">\n<p align=\"center\">Finl\u00e0ndia<\/p>\n<\/td>\n<\/tr>\n<\/tbody>\n<\/table>\n<p><a href=\"http:\/\/www.inslaguineueta.cat\/wp-content\/uploads\/2015\/02\/CartaECHEen.jpeg\"><img loading=\"lazy\" decoding=\"async\" class=\"alignnone wp-image-2179\" src=\"http:\/\/www.inslaguineueta.cat\/wp-content\/uploads\/2015\/02\/CartaECHEen-300x218.jpeg\" sizes=\"auto, (max-width: 250px) 100vw, 250px\" srcset=\"http:\/\/www.inslaguineueta.cat\/wp-content\/uploads\/2015\/02\/CartaECHEen-300x218.jpeg 300w, http:\/\/www.inslaguineueta.cat\/wp-content\/uploads\/2015\/02\/CartaECHEen-1024x745.jpeg 1024w\" alt=\"CartaECHEen\" width=\"250\" height=\"182\" \/><\/a><a href=\"http:\/\/www.inslaguineueta.cat\/wp-content\/uploads\/2015\/02\/CartaECHEes.jpeg\"><img loading=\"lazy\" decoding=\"async\" class=\"alignnone wp-image-2180\" src=\"http:\/\/www.inslaguineueta.cat\/wp-content\/uploads\/2015\/02\/CartaECHEes-300x218.jpeg\" sizes=\"auto, (max-width: 250px) 100vw, 250px\" srcset=\"http:\/\/www.inslaguineueta.cat\/wp-content\/uploads\/2015\/02\/CartaECHEes-300x218.jpeg 300w, http:\/\/www.inslaguineueta.cat\/wp-content\/uploads\/2015\/02\/CartaECHEes-1024x745.jpeg 1024w\" alt=\"CartaECHEes\" width=\"250\" height=\"182\" \/><\/a><\/p>\n","protected":false},"excerpt":{"rendered":"<p>PROJECTE DE MOBILITAT INSTITUT LA GUINEUETA<br \/>\nUn dels objectius de l\u2019Institut de la Guineueta \u00e9s la internacionalitzaci\u00f3 de la FP i la seva projecci\u00f3 a Europa. Per aix\u00f2, es promouen v\u00e0ries accions de mobilitat europea adre\u00e7ada a alumnat i professorat del centre dins el marc dels&hellip;  <a href=\"https:\/\/agora.xtec.cat\/ieslaguineueta\/serveis\/mobilitat\/\" title=\"Read Mobilitat\">Llegeix m\u00e9s\u00bb<\/a><\/p>\n","protected":false},"author":1,"featured_media":0,"parent":63,"menu_order":8,"comment_status":"closed","ping_status":"closed","template":"","meta":{"_bbp_topic_count":0,"_bbp_reply_count":0,"_bbp_total_topic_count":0,"_bbp_total_reply_count":0,"_bbp_voice_count":0,"_bbp_anonymous_reply_count":0,"_bbp_topic_count_hidden":0,"_bbp_reply_count_hidden":0,"_bbp_forum_subforum_count":0,"footnotes":""},"class_list":["post-1285","page","type-page","status-publish","hentry"],"post_mailing_queue_ids":[],"_links":{"self":[{"href":"https:\/\/agora.xtec.cat\/ieslaguineueta\/wp-json\/wp\/v2\/pages\/1285","targetHints":{"allow":["GET"]}}],"collection":[{"href":"https:\/\/agora.xtec.cat\/ieslaguineueta\/wp-json\/wp\/v2\/pages"}],"about":[{"href":"https:\/\/agora.xtec.cat\/ieslaguineueta\/wp-json\/wp\/v2\/types\/page"}],"author":[{"embeddable":true,"href":"https:\/\/agora.xtec.cat\/ieslaguineueta\/wp-json\/wp\/v2\/users\/1"}],"replies":[{"embeddable":true,"href":"https:\/\/agora.xtec.cat\/ieslaguineueta\/wp-json\/wp\/v2\/comments?post=1285"}],"version-history":[{"count":1,"href":"https:\/\/agora.xtec.cat\/ieslaguineueta\/wp-json\/wp\/v2\/pages\/1285\/revisions"}],"predecessor-version":[{"id":1286,"href":"https:\/\/agora.xtec.cat\/ieslaguineueta\/wp-json\/wp\/v2\/pages\/1285\/revisions\/1286"}],"up":[{"embeddable":true,"href":"https:\/\/agora.xtec.cat\/ieslaguineueta\/wp-json\/wp\/v2\/pages\/63"}],"wp:attachment":[{"href":"https:\/\/agora.xtec.cat\/ieslaguineueta\/wp-json\/wp\/v2\/media?parent=1285"}],"curies":[{"name":"wp","href":"https:\/\/api.w.org\/{rel}","templated":true}]}}