{"id":743,"date":"2021-04-06T12:11:26","date_gmt":"2021-04-06T10:11:26","guid":{"rendered":"http:\/\/agora.xtec.cat\/ieslaferreria\/?page_id=743"},"modified":"2023-08-23T12:25:52","modified_gmt":"2023-08-23T10:25:52","slug":"atencio-a-persones-en-situacio-de-dependencia","status":"publish","type":"page","link":"https:\/\/agora.xtec.cat\/ieslaferreria\/atencio-a-persones-en-situacio-de-dependencia\/","title":{"rendered":"Atenci\u00f3 a Persones en Situaci\u00f3 de Depend\u00e8ncia"},"content":{"rendered":"<h4><strong>Titulaci\u00f3<\/strong><\/h4>\n<p>T\u00e8cnic\/a en atenci\u00f3 a persones en situaci\u00f3 de depend\u00e8ncia<\/p>\n<h4><strong>Compet\u00e8ncies professionals<\/strong><\/h4>\n<p>Atendre a les persones en situaci\u00f3 de depend\u00e8ncia (persones grans, discapacitades, malaltes cr\u00f2niques i convalescents), en l&#8217;\u00e0mbit domiciliari i institucional, per tal de mantenir i millorar la seva qualitat de vida, realitzant activitats assistencials, no sanit\u00e0ries, psicosocials i de recolzament a la gesti\u00f3 dom\u00e8stica, aplicant mesures i normes de prevenci\u00f3 i seguretat derivant-les a altres serveis quan sigui necessari.<br \/>\nAquest\/a t\u00e8cnic\/a actuar\u00e0, en tot cas, sota la supervisi\u00f3 general de llicenciats\/ades i\/o diplomats\/ades.<\/p>\n<h4><strong>Sortides professionals<\/strong><\/h4>\n<ul>\n<li>Assistent de persones en situaci\u00f3 de depend\u00e8ncia en diferents institucions, domicilis o centres d&#8217;atenci\u00f3 psiqui\u00e0trica.<\/li>\n<li>Auxiliar responsable de planta de resid\u00e8ncies de persones grans i persones amb discapacitat<\/li>\n<li>Auxiliar d&#8217;atenci\u00f3 domicili\u00e0ria<\/li>\n<li>Auxiliar d&#8217;educaci\u00f3 especial<\/li>\n<li>Teleoperador\/a de Teleassist\u00e8ncia<\/li>\n<\/ul>\n<h4><strong>\u00c0mbit professional i de treball<\/strong><\/h4>\n<ul>\n<li>Centres residencials de persones grans, discapacitades ps\u00edquiques, f\u00edsiques o sensorials.<\/li>\n<li>Altres models residencials: pisos tutelats de persones grans, discapacitades&#8230;<\/li>\n<li>Centres de dia, de rehabilitaci\u00f3, d&#8217;oci i temps de lleure&#8230;<\/li>\n<li>Centres d&#8217;inserci\u00f3 ocupacional de persones discapacitades: centres ocupacionals, centres especials d&#8217;ocupaci\u00f3&#8230;<\/li>\n<li>Serveis d&#8217;atenci\u00f3 domicili\u00e0ria<\/li>\n<li>Serveis de Teleassist\u00e8ncia<\/li>\n<li>Domicilis particulars<\/li>\n<\/ul>\n<h4><strong>Durada i distribuci\u00f3<\/strong><\/h4>\n<p>El Cicle Formatiu t\u00e9 una durada de 2000 hores que es distribueixen en dos cursos acad\u00e8mics (1r i 2n), i s\u2019imparteixen en horari de tarda (15h a 21h20).<\/p>\n<h4><strong>Qu\u00e8 estudiar\u00e0s?<\/strong><\/h4>\n<h6><strong>Primer curs:<\/strong><\/h6>\n<p style=\"padding-left: 40px;\">MP01. Organitzaci\u00f3 de l\u2019atenci\u00f3 a les persones en situaci\u00f3 de depend\u00e8ncia<br \/>\nMP02. Atenci\u00f3 sanit\u00e0ria (UF1 i UF2)<br \/>\nMP03. Atenci\u00f3 higi\u00e8nica<br \/>\nMP04. Atenci\u00f3 i recolzament psicosocial (UF1, UF2 i UF3)<br \/>\nMP05. Caracter\u00edstiques i necessitats de les persones en situaci\u00f3 de depend\u00e8ncia<br \/>\nMP09. Destreses socials<br \/>\nMP11. Formaci\u00f3 i orientaci\u00f3 laboral<\/p>\n<h6><strong>Segon curs:<\/strong><\/h6>\n<p style=\"padding-left: 40px;\">MP02. Atenci\u00f3 sanit\u00e0ria (UF3 i UF4)<br \/>\nMP04. Atenci\u00f3 i recolzament psicosocial (UF4)<br \/>\nMP06. Teleassist\u00e8ncia<br \/>\nMP07. Recolzament domiciliari<br \/>\nMP08. Suport en la comunicaci\u00f3<br \/>\nMP10. Primers auxilis<br \/>\nMP12. Empresa i iniciativa emprenedora<br \/>\nMP13. Angl\u00e8s t\u00e8cnic<br \/>\nMP14. S\u00edntesi<br \/>\nMP15. Formaci\u00f3 en centres de treball<\/p>\n","protected":false},"excerpt":{"rendered":"<p>Titulaci\u00f3<br \/>\nT\u00e8cnic\/a en atenci\u00f3 a persones en situaci\u00f3 de depend\u00e8ncia<br \/>\nCompet\u00e8ncies professionals<br \/>\nAtendre a les persones en situaci\u00f3 de depend\u00e8ncia (persones grans, discapacitades, malaltes cr\u00f2niques i convalescents), en l&#8217;\u00e0mbit domiciliari i institucional, per tal de mantenir i millorar la seva qualitat de vida, realitzant activitats assistencials, no sanit\u00e0ries,&hellip;  <a href=\"https:\/\/agora.xtec.cat\/ieslaferreria\/atencio-a-persones-en-situacio-de-dependencia\/\" title=\"Read Atenci\u00f3 a Persones en Situaci\u00f3 de Depend\u00e8ncia\">Llegeix m\u00e9s\u00bb<\/a><\/p>\n","protected":false},"author":1,"featured_media":0,"parent":0,"menu_order":0,"comment_status":"closed","ping_status":"closed","template":"","meta":{"_bbp_topic_count":0,"_bbp_reply_count":0,"_bbp_total_topic_count":0,"_bbp_total_reply_count":0,"_bbp_voice_count":0,"_bbp_anonymous_reply_count":0,"_bbp_topic_count_hidden":0,"_bbp_reply_count_hidden":0,"_bbp_forum_subforum_count":0,"footnotes":""},"class_list":["post-743","page","type-page","status-publish","hentry"],"post_mailing_queue_ids":[],"_links":{"self":[{"href":"https:\/\/agora.xtec.cat\/ieslaferreria\/wp-json\/wp\/v2\/pages\/743","targetHints":{"allow":["GET"]}}],"collection":[{"href":"https:\/\/agora.xtec.cat\/ieslaferreria\/wp-json\/wp\/v2\/pages"}],"about":[{"href":"https:\/\/agora.xtec.cat\/ieslaferreria\/wp-json\/wp\/v2\/types\/page"}],"author":[{"embeddable":true,"href":"https:\/\/agora.xtec.cat\/ieslaferreria\/wp-json\/wp\/v2\/users\/1"}],"replies":[{"embeddable":true,"href":"https:\/\/agora.xtec.cat\/ieslaferreria\/wp-json\/wp\/v2\/comments?post=743"}],"version-history":[{"count":4,"href":"https:\/\/agora.xtec.cat\/ieslaferreria\/wp-json\/wp\/v2\/pages\/743\/revisions"}],"predecessor-version":[{"id":1013,"href":"https:\/\/agora.xtec.cat\/ieslaferreria\/wp-json\/wp\/v2\/pages\/743\/revisions\/1013"}],"wp:attachment":[{"href":"https:\/\/agora.xtec.cat\/ieslaferreria\/wp-json\/wp\/v2\/media?parent=743"}],"curies":[{"name":"wp","href":"https:\/\/api.w.org\/{rel}","templated":true}]}}