{"id":563,"date":"2016-07-20T18:29:35","date_gmt":"2016-07-20T16:29:35","guid":{"rendered":"http:\/\/agora.xtec.cat\/ieslabisbal\/?page_id=563"},"modified":"2025-04-03T10:32:09","modified_gmt":"2025-04-03T08:32:09","slug":"informacio-cfgs-integracio-social-dual","status":"publish","type":"page","link":"https:\/\/agora.xtec.cat\/ieslabisbal\/linstitut\/cicles-de-grau-superior\/informacio-cfgs-integracio-social-dual\/","title":{"rendered":"CFGS Integraci\u00f3 Social DUAL"},"content":{"rendered":"<p><a href=\"https:\/\/agora.xtec.cat\/ieslabisbal\/wp-content\/uploads\/usu1415\/2024\/12\/integracio_diptic_compressed.pdf\" target=\"_blank\" rel=\"noopener\"><img loading=\"lazy\" decoding=\"async\" class=\"opacity alignright wp-image-8888 size-medium\" title=\"+ INFO\" src=\"https:\/\/agora.xtec.cat\/ieslabisbal\/wp-content\/uploads\/usu1415\/2024\/04\/IS-295x300.png\" alt=\"\" width=\"295\" height=\"300\" srcset=\"https:\/\/agora.xtec.cat\/ieslabisbal\/wp-content\/uploads\/usu1415\/2024\/04\/IS-295x300.png 295w, https:\/\/agora.xtec.cat\/ieslabisbal\/wp-content\/uploads\/usu1415\/2024\/04\/IS.png 752w\" sizes=\"auto, (max-width: 295px) 100vw, 295px\" \/><\/a><\/p>\n<h3>CFGS Integraci\u00f3 Social<\/h3>\n<p><b><strong>T\u00e8cnic o t\u00e8cnica superior en integraci\u00f3 social<\/strong><\/b><\/p>\n<p style=\"text-align: justify;\">Aquests estudis capaciten per programar, organitzar, implementar i avaluar les intervencions d&#8217;integraci\u00f3 social aplicant estrat\u00e8gies i t\u00e8cniques espec\u00edfiques, promovent la igualtat d&#8217;oportunitats, actuant en tot moment amb una actitud de respecte cap a les persones destinat\u00e0ries i garantint la creaci\u00f3 d&#8217;entorns segurs tant per a les persones destinat\u00e0ries com per al professional.<\/p>\n<p><b><strong>Durada dels estudis<\/strong><\/b><\/p>\n<ul>\n<li>2.000 hores (2 cursos lectius)<\/li>\n<li>617 repartides entre el centre educatiu i en DUAL<\/li>\n<li>383 en un centre de treball.<\/li>\n<\/ul>\n<p><b><strong>Qu\u00e8 estudiar\u00e0s?<\/strong><\/b><\/p>\n<ul>\n<li>Context de la intervenci\u00f3 social<\/li>\n<li>Inserci\u00f3 sociolaboral<\/li>\n<li>Atenci\u00f3 a les unitats de conviv\u00e8ncia<\/li>\n<li>Mediaci\u00f3 comunit\u00e0ria<\/li>\n<li>Suport a la intervenci\u00f3 educativa<\/li>\n<li>Promoci\u00f3 de l&#8217;autonomia personal<\/li>\n<li>Sistemes augmentatius i alternatius de comunicaci\u00f3<\/li>\n<li>Metodologia de la intervenci\u00f3 social<\/li>\n<li>Primers auxilis<\/li>\n<li>Habilitats socials<\/li>\n<li>Formaci\u00f3 i orientaci\u00f3 laboral<\/li>\n<li>Empresa i iniciativa emprenedora<\/li>\n<li>Projecte d&#8217;integraci\u00f3 social<\/li>\n<li>Formaci\u00f3 en centres de treball<\/li>\n<\/ul>\n<p><b><strong>De qu\u00e8 treballar\u00e0s?<\/strong><\/b><\/p>\n<ul>\n<li>T\u00e8cnic\/a de programes de prevenci\u00f3 i inserci\u00f3 social<\/li>\n<li>Educador\/a d&#8217;equipaments residencials de tipus diversos<\/li>\n<li>Treballador\/a familiar<\/li>\n<li>Auxiliar de tutela<\/li>\n<li>T\u00e8cnic\/a d&#8217;integraci\u00f3 social<\/li>\n<li>Educador\/a d&#8217;educaci\u00f3 especial<\/li>\n<li>Monitor\/a de persones amb discapacitat<\/li>\n<li>T\u00e8cnic\/a de mobilitat b\u00e0sica<\/li>\n<li>Mediador\/a ocupacional i\/o laboral<\/li>\n<li>Mediador\/a comunitari\/\u00e0ria<\/li>\n<li>Mediador\/a intercultural<\/li>\n<li>T\u00e8cnic\/a en ocupaci\u00f3 amb suport<\/li>\n<li>T\u00e8cnic\/a d&#8217;acompanyament laboral<\/li>\n<li>Monitor\/a de rehabilitaci\u00f3 psicosocial<\/li>\n<\/ul>\n<p><b><strong>Estudis universitaris als quals pots accedir\u00a0<\/strong><\/b><\/p>\n<p>A qualsevol estudi universitari oficial de grau.<\/p>\n","protected":false},"excerpt":{"rendered":"<p><a href=\"https:\/\/agora.xtec.cat\/ieslabisbal\/wp-content\/uploads\/usu1415\/2024\/12\/integracio_diptic_compressed.pdf\" target=\"_blank\" rel=\"noopener\"><\/a><br \/>\nCFGS Integraci\u00f3 Social<br \/>\nT\u00e8cnic o t\u00e8cnica superior en integraci\u00f3 social<br \/>\nAquests estudis capaciten per programar, organitzar, implementar i avaluar les intervencions d&#8217;integraci\u00f3 social aplicant estrat\u00e8gies i t\u00e8cniques espec\u00edfiques, promovent la igualtat d&#8217;oportunitats, actuant en tot moment amb una actitud de respecte cap a les&hellip;  <a href=\"https:\/\/agora.xtec.cat\/ieslabisbal\/linstitut\/cicles-de-grau-superior\/informacio-cfgs-integracio-social-dual\/\" title=\"Read CFGS Integraci\u00f3 Social DUAL\">Llegeix m\u00e9s\u00bb<\/a><\/p>\n","protected":false},"author":1,"featured_media":0,"parent":9921,"menu_order":0,"comment_status":"closed","ping_status":"closed","template":"page-templates\/side-menu.php","meta":{"_bbp_topic_count":0,"_bbp_reply_count":0,"_bbp_total_topic_count":0,"_bbp_total_reply_count":0,"_bbp_voice_count":0,"_bbp_anonymous_reply_count":0,"_bbp_topic_count_hidden":0,"_bbp_reply_count_hidden":0,"_bbp_forum_subforum_count":0,"footnotes":""},"class_list":["post-563","page","type-page","status-publish","hentry"],"post_mailing_queue_ids":[],"_links":{"self":[{"href":"https:\/\/agora.xtec.cat\/ieslabisbal\/wp-json\/wp\/v2\/pages\/563","targetHints":{"allow":["GET"]}}],"collection":[{"href":"https:\/\/agora.xtec.cat\/ieslabisbal\/wp-json\/wp\/v2\/pages"}],"about":[{"href":"https:\/\/agora.xtec.cat\/ieslabisbal\/wp-json\/wp\/v2\/types\/page"}],"author":[{"embeddable":true,"href":"https:\/\/agora.xtec.cat\/ieslabisbal\/wp-json\/wp\/v2\/users\/1"}],"replies":[{"embeddable":true,"href":"https:\/\/agora.xtec.cat\/ieslabisbal\/wp-json\/wp\/v2\/comments?post=563"}],"version-history":[{"count":7,"href":"https:\/\/agora.xtec.cat\/ieslabisbal\/wp-json\/wp\/v2\/pages\/563\/revisions"}],"predecessor-version":[{"id":9747,"href":"https:\/\/agora.xtec.cat\/ieslabisbal\/wp-json\/wp\/v2\/pages\/563\/revisions\/9747"}],"up":[{"embeddable":true,"href":"https:\/\/agora.xtec.cat\/ieslabisbal\/wp-json\/wp\/v2\/pages\/9921"}],"wp:attachment":[{"href":"https:\/\/agora.xtec.cat\/ieslabisbal\/wp-json\/wp\/v2\/media?parent=563"}],"curies":[{"name":"wp","href":"https:\/\/api.w.org\/{rel}","templated":true}]}}