{"id":557,"date":"2016-07-20T18:26:07","date_gmt":"2016-07-20T16:26:07","guid":{"rendered":"http:\/\/agora.xtec.cat\/ieslabisbal\/?page_id=557"},"modified":"2024-12-19T09:49:08","modified_gmt":"2024-12-19T08:49:08","slug":"informacio-cfgm-datencio-a-persones-en-situacio-de-dependencia","status":"publish","type":"page","link":"https:\/\/agora.xtec.cat\/ieslabisbal\/linstitut\/cicles-de-grau-mitja\/informacio-cfgm-datencio-a-persones-en-situacio-de-dependencia\/","title":{"rendered":"CFGM d&#8217;Atenci\u00f3 a Persones en Situaci\u00f3 de Depend\u00e8ncia"},"content":{"rendered":"<p>CFGM D\u2019ATENCI\u00d3 A PERSONES EN SITUACI\u00d3 DE DEPEND\u00c8NCIA<\/p>\n<p><strong>\u00a0Atenci\u00f3 a persones en situaci\u00f3 de depend\u00e8ncia (GM)<\/strong><\/p>\n<p><strong>T\u00e8cnic\/a en Atenci\u00f3 a persones en situaci\u00f3 de depend\u00e8ncia<a href=\"https:\/\/agora.xtec.cat\/ieslabisbal\/wp-content\/uploads\/usu1415\/2024\/12\/dependencia_diptic_compressed.pdf\" target=\"_blank\" rel=\"noopener\"><img loading=\"lazy\" decoding=\"async\" class=\"opacity alignright wp-image-8878 size-medium\" title=\"+ INFO\" src=\"https:\/\/agora.xtec.cat\/ieslabisbal\/wp-content\/uploads\/usu1415\/2024\/04\/APD-294x300.png\" alt=\"\" width=\"294\" height=\"300\" srcset=\"https:\/\/agora.xtec.cat\/ieslabisbal\/wp-content\/uploads\/usu1415\/2024\/04\/APD-294x300.png 294w, https:\/\/agora.xtec.cat\/ieslabisbal\/wp-content\/uploads\/usu1415\/2024\/04\/APD.png 748w\" sizes=\"auto, (max-width: 294px) 100vw, 294px\" \/><\/a><\/strong><\/p>\n<p style=\"text-align: justify;\">Aquests estudis postobligatoris capaciten per atendre persones i col\u00b7lectius amb necessitats especials de salut f\u00edsica, ps\u00edquica i social mitjan\u00e7ant l&#8217;aplicaci\u00f3 dels procediments m\u00e9s adequats per mantenir-ne i millorar-ne l&#8217;autonomia personal i les relacions amb l&#8217;entorn.<\/p>\n<p><strong>Durada dels estudis<\/strong><\/p>\n<ul>\n<li>2.000 hores\/ 2 cursos lectius<\/li>\n<li>1.617 lectives, a l&#8217;institut<\/li>\n<li>383 de pr\u00e0ctiques en un centre de treball.<\/li>\n<\/ul>\n<p><strong>Qu\u00e8 estudiar\u00e0s?<\/strong><\/p>\n<p>Organitzaci\u00f3 de l\u2019atenci\u00f3 a les persones en situaci\u00f3 de depend\u00e8ncia<\/p>\n<p>Atenci\u00f3 sanit\u00e0ria<\/p>\n<p>Atenci\u00f3 higi\u00e8nica<\/p>\n<p>Atenci\u00f3 i suport psicosocial<\/p>\n<p>Caracter\u00edstiques i necessitats de les persones en situaci\u00f3 de depend\u00e8ncia<\/p>\n<p>Destreses socials<\/p>\n<p>Teleassist\u00e8ncia<\/p>\n<p>Suport domiciliari<\/p>\n<p>Suport en la comunicaci\u00f3<\/p>\n<p>Primers auxilis<\/p>\n<p>Formaci\u00f3 i orientaci\u00f3 laboral<\/p>\n<p>Empresa i iniciativa emprenedora<\/p>\n<p>Angl\u00e8s t\u00e8cnic<\/p>\n<p>S\u00edntesi<\/p>\n<p><strong>On treballar\u00e0s?<\/strong><\/p>\n<p>Com a:<\/p>\n<ul>\n<li>responsable de planta en institucions residencials;<\/li>\n<li>cuidador\/a de persones grans;<\/li>\n<li>cuidador\/a de persones amb discapacitat f\u00edsica, ps\u00edquica o sensorial, i<\/li>\n<li>t\u00e8cnic\/a d\u2019atenci\u00f3 domicili\u00e0ria.<\/li>\n<\/ul>\n<p><strong>Acc\u00e9s a altres estudis:<\/strong><\/p>\n<p>Les persones que superen el cicle formatiu obtenen un t\u00edtol de\u00a0<strong>t\u00e8cnic\/a,<\/strong><strong>\u00a0<\/strong>que els permet accedir:\u00a0al batxillerat,\u00a0a un cicle de grau superior (cal superar la prova d&#8217;acc\u00e9s).<\/p>\n","protected":false},"excerpt":{"rendered":"<p>CFGM D\u2019ATENCI\u00d3 A PERSONES EN SITUACI\u00d3 DE DEPEND\u00c8NCIA<br \/>\n\u00a0Atenci\u00f3 a persones en situaci\u00f3 de depend\u00e8ncia (GM)<br \/>\nT\u00e8cnic\/a en Atenci\u00f3 a persones en situaci\u00f3 de depend\u00e8ncia<a href=\"https:\/\/agora.xtec.cat\/ieslabisbal\/wp-content\/uploads\/usu1415\/2024\/12\/dependencia_diptic_compressed.pdf\" target=\"_blank\" rel=\"noopener\"><\/a><br \/>\nAquests estudis postobligatoris capaciten per atendre persones i col\u00b7lectius amb necessitats especials de salut f\u00edsica, ps\u00edquica i social mitjan\u00e7ant l&#8217;aplicaci\u00f3&hellip;  <a href=\"https:\/\/agora.xtec.cat\/ieslabisbal\/linstitut\/cicles-de-grau-mitja\/informacio-cfgm-datencio-a-persones-en-situacio-de-dependencia\/\" title=\"Read CFGM d&#8217;Atenci\u00f3 a Persones en Situaci\u00f3 de Depend\u00e8ncia\">Llegeix m\u00e9s\u00bb<\/a><\/p>\n","protected":false},"author":1,"featured_media":0,"parent":8882,"menu_order":0,"comment_status":"closed","ping_status":"closed","template":"page-templates\/side-menu.php","meta":{"_bbp_topic_count":0,"_bbp_reply_count":0,"_bbp_total_topic_count":0,"_bbp_total_reply_count":0,"_bbp_voice_count":0,"_bbp_anonymous_reply_count":0,"_bbp_topic_count_hidden":0,"_bbp_reply_count_hidden":0,"_bbp_forum_subforum_count":0,"footnotes":""},"class_list":["post-557","page","type-page","status-publish","hentry"],"post_mailing_queue_ids":[],"_links":{"self":[{"href":"https:\/\/agora.xtec.cat\/ieslabisbal\/wp-json\/wp\/v2\/pages\/557","targetHints":{"allow":["GET"]}}],"collection":[{"href":"https:\/\/agora.xtec.cat\/ieslabisbal\/wp-json\/wp\/v2\/pages"}],"about":[{"href":"https:\/\/agora.xtec.cat\/ieslabisbal\/wp-json\/wp\/v2\/types\/page"}],"author":[{"embeddable":true,"href":"https:\/\/agora.xtec.cat\/ieslabisbal\/wp-json\/wp\/v2\/users\/1"}],"replies":[{"embeddable":true,"href":"https:\/\/agora.xtec.cat\/ieslabisbal\/wp-json\/wp\/v2\/comments?post=557"}],"version-history":[{"count":6,"href":"https:\/\/agora.xtec.cat\/ieslabisbal\/wp-json\/wp\/v2\/pages\/557\/revisions"}],"predecessor-version":[{"id":9745,"href":"https:\/\/agora.xtec.cat\/ieslabisbal\/wp-json\/wp\/v2\/pages\/557\/revisions\/9745"}],"up":[{"embeddable":true,"href":"https:\/\/agora.xtec.cat\/ieslabisbal\/wp-json\/wp\/v2\/pages\/8882"}],"wp:attachment":[{"href":"https:\/\/agora.xtec.cat\/ieslabisbal\/wp-json\/wp\/v2\/media?parent=557"}],"curies":[{"name":"wp","href":"https:\/\/api.w.org\/{rel}","templated":true}]}}