{"id":11850,"date":"2026-09-04T12:23:46","date_gmt":"2026-09-04T10:23:46","guid":{"rendered":"https:\/\/agora.xtec.cat\/ieslabisbal\/?page_id=11850"},"modified":"2026-09-04T12:27:58","modified_gmt":"2026-09-04T10:27:58","slug":"cua-virtual-places-vacants-fp-curs-26-27","status":"publish","type":"page","link":"https:\/\/agora.xtec.cat\/ieslabisbal\/cua-virtual-places-vacants-fp-curs-26-27\/","title":{"rendered":"Cua Virtual Places vacants FP &#8211; Curs 26-27"},"content":{"rendered":"<p>&nbsp;<\/p>\n<p style=\"text-align: center;\">\u23f1\ufe0f <strong>Cua Virtual<\/strong><\/p>\n<p style=\"text-align: center;\">\nSi est\u00e0s interessat\/ada en alguna de les places vacants de Formaci\u00f3 Professional del nostre centre, haur\u00e0s d\u2019inscriure\u2019t a la cua virtual.<\/p>\n<p style=\"text-align: center;\">\ud83d\udcc5 <strong>S\u2019obrir\u00e0 el 7 de setembre de 2026 \u23f0 De 09.00 a 23.59 h<\/strong><\/p>\n<p style=\"text-align: center;\">La cua virtual \u00e9s \u00fanica per al centre per a cada tipus d\u2019ensenyament (grau mitj\u00e0 i grau superior) i no hi ha una cua diferenciada per a cada cicle.<\/p>\n<p style=\"text-align: center;\">L\u2019atenci\u00f3 es far\u00e0 per estricte ordre d\u2019inscripci\u00f3 a la cua. La posici\u00f3 que ocupis determinar\u00e0 l\u2019ordre en qu\u00e8 et contactarem. Estar a la cua no garanteix que obtinguis<br \/>\nuna pla\u00e7a, ja que aquesta dependr\u00e0 de les places disponibles.<\/p>\n<p style=\"text-align: center;\">El dia 7 de setembre, es publicar\u00e0 al web preinscripcio.gencat.cat les places<br \/>\nvacants, per centre educatiu.<\/p>\n<p style=\"text-align: center;\">\ud83d\udcde <strong>A partir del 8 de setembre<\/strong><\/p>\n<p style=\"text-align: center;\">el centre es posar\u00e0 en contacte amb les persones inscrites seguint l\u2019ordre de la cua per informar-les de les places disponibles i con\u00e8ixer<br \/>\nquin cicle formatiu els interessa.<\/p>\n<p style=\"text-align: center;\">L\u2019adjudicaci\u00f3 dependr\u00e0 de les places vacants disponibles en aquell moment.<br \/>\n<a href=\"https:\/\/aplicacions.gestioeducativa.gencat.cat\/ords\/pls\/apex\/f?p=20160079072543618:650:::NO:650:P650_CENTRE:C9D2077AD52DED62D58D785C490F0A871AE486C7402DF0C7\">\ud83d\udc47 ACCEDEIX A LA CUA VIRTUAL CUA VIRTUAL<\/a><\/p>\n<p style=\"text-align: center;\">\n<em><strong>Recorda: Aquest enlla\u00e7 estar\u00e0 actiu el 7 de setembre de 2026, de 09.00 a 23.59 h<\/strong><\/em><\/p>\n","protected":false},"excerpt":{"rendered":"<p>&nbsp;<br \/>\n\u23f1\ufe0f Cua Virtual<\/p>\n<p>Si est\u00e0s interessat\/ada en alguna de les places vacants de Formaci\u00f3 Professional del nostre centre, haur\u00e0s d\u2019inscriure\u2019t a la cua virtual.<br \/>\n\ud83d\udcc5 S\u2019obrir\u00e0 el 7 de setembre de 2026 \u23f0 De 09.00 a 23.59 h<br \/>\nLa cua virtual \u00e9s \u00fanica per al centre per a&hellip;  <a href=\"https:\/\/agora.xtec.cat\/ieslabisbal\/cua-virtual-places-vacants-fp-curs-26-27\/\" title=\"Read Cua Virtual Places vacants FP &#8211; Curs 26-27\">Llegeix m\u00e9s\u00bb<\/a><\/p>\n","protected":false},"author":1,"featured_media":0,"parent":0,"menu_order":0,"comment_status":"closed","ping_status":"closed","template":"","meta":{"_bbp_topic_count":0,"_bbp_reply_count":0,"_bbp_total_topic_count":0,"_bbp_total_reply_count":0,"_bbp_voice_count":0,"_bbp_anonymous_reply_count":0,"_bbp_topic_count_hidden":0,"_bbp_reply_count_hidden":0,"_bbp_forum_subforum_count":0,"footnotes":""},"class_list":["post-11850","page","type-page","status-publish","hentry"],"post_mailing_queue_ids":[],"_links":{"self":[{"href":"https:\/\/agora.xtec.cat\/ieslabisbal\/wp-json\/wp\/v2\/pages\/11850","targetHints":{"allow":["GET"]}}],"collection":[{"href":"https:\/\/agora.xtec.cat\/ieslabisbal\/wp-json\/wp\/v2\/pages"}],"about":[{"href":"https:\/\/agora.xtec.cat\/ieslabisbal\/wp-json\/wp\/v2\/types\/page"}],"author":[{"embeddable":true,"href":"https:\/\/agora.xtec.cat\/ieslabisbal\/wp-json\/wp\/v2\/users\/1"}],"replies":[{"embeddable":true,"href":"https:\/\/agora.xtec.cat\/ieslabisbal\/wp-json\/wp\/v2\/comments?post=11850"}],"version-history":[{"count":2,"href":"https:\/\/agora.xtec.cat\/ieslabisbal\/wp-json\/wp\/v2\/pages\/11850\/revisions"}],"predecessor-version":[{"id":11856,"href":"https:\/\/agora.xtec.cat\/ieslabisbal\/wp-json\/wp\/v2\/pages\/11850\/revisions\/11856"}],"wp:attachment":[{"href":"https:\/\/agora.xtec.cat\/ieslabisbal\/wp-json\/wp\/v2\/media?parent=11850"}],"curies":[{"name":"wp","href":"https:\/\/api.w.org\/{rel}","templated":true}]}}