{"id":4665,"date":"2021-04-16T10:35:25","date_gmt":"2021-04-16T08:35:25","guid":{"rendered":"http:\/\/agora.xtec.cat\/iesjulioantonio\/?page_id=4665"},"modified":"2026-02-06T08:23:51","modified_gmt":"2026-02-06T07:23:51","slug":"serveis-digitals-al-julio-antonio","status":"publish","type":"page","link":"https:\/\/agora.xtec.cat\/iesjulioantonio\/cultura-digital\/serveis-digitals-al-julio-antonio\/","title":{"rendered":"Cultura digital"},"content":{"rendered":"<p><a href=\"https:\/\/agora.xtec.cat\/iesjulioantonio\/wp-content\/uploads\/usu942\/2023\/06\/CulturaDigital.png\"><img loading=\"lazy\" decoding=\"async\" class=\"wp-image-6909 aligncenter\" src=\"https:\/\/agora.xtec.cat\/iesjulioantonio\/wp-content\/uploads\/usu942\/2023\/06\/CulturaDigital.png\" alt=\"\" width=\"552\" height=\"393\" srcset=\"https:\/\/agora.xtec.cat\/iesjulioantonio\/wp-content\/uploads\/usu942\/2023\/06\/CulturaDigital.png 768w, https:\/\/agora.xtec.cat\/iesjulioantonio\/wp-content\/uploads\/usu942\/2023\/06\/CulturaDigital-300x214.png 300w\" sizes=\"auto, (max-width: 552px) 100vw, 552px\" \/><\/a><\/p>\n<table style=\"border-collapse: collapse; width: 64.2765%; margin-left: auto; margin-right: auto;\">\n<tbody>\n<tr>\n<td style=\"width: 6.75059%; text-align: center;\"><a href=\"https:\/\/agora.xtec.cat\/iesjulioantonio\/cultura-digital\/serveis-digitals-al-julio-antonio\/#D\">Documentaci\u00f3<\/a><\/td>\n<td style=\"width: 9.87492%; text-align: center;\"><a href=\"https:\/\/agora.xtec.cat\/iesjulioantonio\/cultura-digital\/serveis-digitals-al-julio-antonio\/#A\">Acolliment digital<\/a><\/td>\n<td style=\"width: 11.3895%; text-align: center;\"><a href=\"https:\/\/agora.xtec.cat\/iesjulioantonio\/cultura-digital\/serveis-digitals-al-julio-antonio\/#S\">Descripci\u00f3 dels serveis<\/a><\/td>\n<td style=\"width: 13.9538%; text-align: center;\"><a href=\"https:\/\/agora.xtec.cat\/iesjulioantonio\/cultura-digital\/serveis-digitals-al-julio-antonio\/#P\">Portals digitals i xarxes socials<\/a><\/td>\n<td style=\"width: 19.4873%; text-align: center;\"><a href=\"https:\/\/agora.xtec.cat\/iesjulioantonio\/cultura-digital\/serveis-digitals-al-julio-antonio\/#C\">Comunicaci\u00f3 de la comunitat educativa<\/a><\/td>\n<\/tr>\n<\/tbody>\n<\/table>\n<table style=\"border-collapse: collapse; width: 100%;\">\n<tbody>\n<tr style=\"background-color: #e96163; border-color: #e96163;\">\n<td style=\"width: 100%;\">\n<h2><span style=\"color: #ffffff;\">Acolliment digital<\/span><\/h2>\n<\/td>\n<\/tr>\n<\/tbody>\n<\/table>\n<p>S&#8217;estableixen<strong> 3 grups<\/strong> en relaci\u00f3 a l&#8217;Acolliment Digital (<strong>Alumnat<\/strong>, <strong>Fam\u00edlies<\/strong> i <strong>Professorat<\/strong>). A continuaci\u00f3 es detallen a quin grup aplica cadascun dels serveis digitals explicats en la seg\u00fcent secci\u00f3 (que estan numerats i per ordre en qu\u00e8 s&#8217;han d&#8217;obtenir):<a id=\"S\"><\/a><\/p>\n<ul>\n<li><strong>Alumnat<\/strong>. Serveis 1, 2, 3, 5, (6 en fase d&#8217;estudi), 7, 8, 9 ,10 (sota la gesti\u00f3 del professorat) i 12.6.<\/li>\n<li><strong>Fam\u00edlies<\/strong>. Serveis 1, 7, 8 i 13.<\/li>\n<li><strong>Professorat<\/strong>. Serveis 1 &#8211; 12.<\/li>\n<\/ul>\n<table style=\"border-collapse: collapse; width: 100%;\">\n<tbody>\n<tr style=\"background-color: #e96163; border-color: #e96163;\">\n<td style=\"width: 100%;\">\n<h2><span style=\"color: #ffffff;\">Descripcions dels serveis<\/span><\/h2>\n<\/td>\n<\/tr>\n<\/tbody>\n<\/table>\n<p>A continuaci\u00f3 s&#8217;expliquen els serveis digitals disponibles a l&#8217;Institut Julio Antonio, que alhora serveix de manual d&#8217;acollida del nou personal. Els serveis estan ordenats per ordre que en qu\u00e8 els han d&#8217;obtenir el personal nou del centre.<\/p>\n<h4>1.- Adre\u00e7a de correu electr\u00f2nic @iesjulioantonio.cat<\/h4>\n<p>Tant el professorat, fam\u00edlies com l&#8217;alumnat disposa d&#8217;una b\u00fastia de correu electr\u00f2nic del domini de l&#8217;institut.<\/p>\n<p>Pel cas del professorat, aquesta b\u00fastia la fa servir preferentment per comunicar-se amb l&#8217;alumnat i per rebre certes informacions complement\u00e0ries professionals. Tanmateix, l&#8217;adre\u00e7a on rebr\u00e0 els correus oficials de centre ser\u00e0 el de domini @xtec.cat.<\/p>\n<h4>2.- Ordinadors de centre<\/h4>\n<p>En el marc del <a href=\"http:\/\/educacio.gencat.cat\/web\/.content\/home\/departament\/publicacions\/monografies\/pla-educacio-digital\/acceleracio-digital.pdf\">Pla d&#8217;Educaci\u00f3 Digital de Catalunya<\/a>, professors i alumnes disposen d&#8217;un ordinador cedit pel Centre. Les credencials d&#8217;acc\u00e9s a l&#8217;ordinador s\u00f3n, com a nom d&#8217;usuari: usuari-xtec<span class=\"\">@edu.gencat.<\/span>cat (per exemple, asimo7<span class=\"\"><span class=\"\">@edu.gencat.ca<\/span>t<\/span>) i contrasenya: la de GICAR (ATRI)). Aquests dispositius tenen restriccions de configuraci\u00f3 i d&#8217;instal\u00b7laci\u00f3 de programari i cal la intervenci\u00f3 del Coordinador d&#8217;Inform\u00e0tica per algunes gestions d&#8217;aquesta \u00edndole. M\u00e9s informaci\u00f3 <a href=\"https:\/\/projectes.xtec.cat\/digital\/equipaments-i-infraestructures\/ordinadors\/ordinadors-docents\/\">aqu\u00ed<\/a>.<\/p>\n<h4>3.- Servei WIFI<\/h4>\n<p>L&#8217;Institut disposa de tres xarxes oficials WIFI que es poden utilitzar: (1) gencat_ENS_EDU, (2) gencat_END_EDU_PORTAL i (3) EDUROAM:<\/p>\n<ul>\n<li><strong> gencat_ENS_EDU: Xarxa preferent pel professorat<\/strong>. S&#8217;utilitza amb unes credencials gen\u00e8riques que el coordinador d&#8217;inform\u00e0tica del centre subministra i la segona mitjan\u00e7ant les credencials XTEC de cada usuari. El professorat cal que utilitzi preferentment aquesta ja que dona acc\u00e9s a aplicacions que no permet la segona.<\/li>\n<li><strong>EDUROAM<\/strong> forma part d&#8217;un projecte d&#8217;abast europeu que permet als usuaris connectar-se a Internet des de qualsevol centre europeu on tinguin aquesta xarxa operativa. M\u00e9s informaci\u00f3 <a style=\"font-family: inherit; font-size: 1em;\" href=\"http:\/\/www.xtec.cat\/eduroam\/\">aqu\u00ed<\/a><span style=\"font-family: inherit; font-size: 1em;\">.<\/span><\/li>\n<li><strong>gencat_ENS_EDU_PORTAL: Xarxa preferent per l&#8217;alumnat<\/strong>. S&#8217;utilitza amb unes credencials particulars per cada persona que li s\u00f3n subministrades pel centre.<\/li>\n<\/ul>\n<h4>4.- Servei d&#8217;impressi\u00f3<\/h4>\n<p><a href=\"https:\/\/agora.xtec.cat\/iesjulioantonio\/wp-content\/uploads\/usu942\/2021\/04\/impress.jpg\"><img loading=\"lazy\" decoding=\"async\" class=\"wp-image-4727 alignleft\" src=\"https:\/\/agora.xtec.cat\/iesjulioantonio\/wp-content\/uploads\/usu942\/2021\/04\/impress.jpg\" alt=\"\" width=\"150\" height=\"196\" \/><\/a>El professorat disposa d&#8217;unes credencials (nom d&#8217;usuari + contrasenya) que li permeten usar la impressora de l&#8217;institut (Konika Minolta ubicada al passad\u00eds de direcci\u00f3). El nom d&#8217;usuari t\u00e9 com a patr\u00f3 PRO-###\u00a0i la contrasenya ser\u00e0 subministrada per l&#8217;institut i tindr\u00e0 el format de 5 d\u00edgits num\u00e8rics. La impressora permet imprimir i escanejar, entre d&#8217;altres. L&#8217;institut permet instal\u00b7lar els controladors de la impressora als ordinadors personals del professorat de manera que puguin usar-la directament des del mateix (per exemple, imprimir). Per fer-ho, cal contactar amb el Coordinador d&#8217;Inform\u00e0tica.<\/p>\n<p>A part d&#8217;aquest auto-servei, a consergeria existeixen m\u00e9s m\u00e0quines que es poden usar, tant a nivell personal com per generar material per l&#8217;alumnat, sota les condicions establertes en les NOFC del Centre.<\/p>\n<h4>5.- Entorns Virtuals d&#8217;Aprenentatge (EVA)<\/h4>\n<p>L&#8217;Institut Julio Antonio ha establert dos EVA de refer\u00e8ncia i \u00fas al centre: <a href=\"https:\/\/educaciodigital.cat\/iesjulioantonio\/moodle\/\">Moodle<\/a> i Classroom.<\/p>\n<ul>\n<li><a href=\"https:\/\/educaciodigital.cat\/iesjulioantonio\/moodle\/\"><strong>Moodle<\/strong><\/a>. S&#8217;usa la plataforma EIX-Moodle que gestiona el Departament d&#8217;Educaci\u00f3. Les credencials corresponen a l&#8217;adre\u00e7a de correu electr\u00f2nic @iesjulioantonio.<br \/>\nLa pol\u00edtica de centre estableix que pot existir una aula Moodle per mat\u00e8ria, curs i nivell com a m\u00e0xim (per exemple, no podran haver-hi dues aules de 1r A ESO Catal\u00e0). Aix\u00f2 \u00e9s per mantenir la sostenibilitat del sistema. Per tant, caldr\u00e0 una gesti\u00f3 d&#8217;aules a nivell de Departament Pedag\u00f2gic. Cada final de curs, caldr\u00e0 realitzar un reinici d&#8217;aules. El Coordinador Digital s&#8217;encarrega de registrar els professors a les aules. A partir d&#8217;aqu\u00ed, cada professor inscriu i gestiona els alumnes de les seves aules.<\/li>\n<\/ul>\n<p><a href=\"https:\/\/agora.xtec.cat\/iesjulioantonio\/wp-content\/uploads\/usu942\/2021\/04\/moodle.jpg\"><img loading=\"lazy\" decoding=\"async\" class=\"wp-image-4728 aligncenter\" src=\"https:\/\/agora.xtec.cat\/iesjulioantonio\/wp-content\/uploads\/usu942\/2021\/04\/moodle-1024x159.jpg\" alt=\"\" width=\"657\" height=\"102\" srcset=\"https:\/\/agora.xtec.cat\/iesjulioantonio\/wp-content\/uploads\/usu942\/2021\/04\/moodle-1024x159.jpg 1024w, https:\/\/agora.xtec.cat\/iesjulioantonio\/wp-content\/uploads\/usu942\/2021\/04\/moodle-300x47.jpg 300w, https:\/\/agora.xtec.cat\/iesjulioantonio\/wp-content\/uploads\/usu942\/2021\/04\/moodle-768x119.jpg 768w, https:\/\/agora.xtec.cat\/iesjulioantonio\/wp-content\/uploads\/usu942\/2021\/04\/moodle.jpg 1063w\" sizes=\"auto, (max-width: 657px) 100vw, 657px\" \/><\/a><\/p>\n<ul>\n<li><strong>Classroom<\/strong>. Cada professor\/a gestiona aut\u00f2nomament les seves aules a partir dels accessos que en t\u00e9 a trav\u00e9s del domini @xtec.cat o @iesjulioantonio.cat.<\/li>\n<\/ul>\n<h4>6.- Llic\u00e8ncies de Microsoft Office<\/h4>\n<p>L&#8217;Institut Julio Antonio posa a disposici\u00f3 del professorat i alumnat llic\u00e8ncia de <strong>Microsoft Office 365<\/strong> (Word, Excel, Powerpoint, etc.). Cada professor disposa d&#8217;una llic\u00e8ncia que li permet usar el programari fins a 5 dispositius. Les credencials s\u00f3n un nom d&#8217;usuari i una contrasenya. El nom d&#8217;usuari \u00e9s l&#8217;adre\u00e7a de correu electr\u00f2nic del domini @iesjulioantonio.cat. La contrasenya inicial ser\u00e0 subministrada pel Coordinador d&#8217;Inform\u00e0tica i en el primer inici de sessi\u00f3 caldr\u00e0 canviar-la. Existeix l&#8217;opci\u00f3 d&#8217;auto-recuperaci\u00f3 de contrasenya. El r\u00e8gim d&#8217;\u00fas \u00e9s d&#8217;auto-gesti\u00f3 (tant per la instal\u00b7laci\u00f3 del programari com per la gesti\u00f3 dels dispositius). Tanmateix, per instal\u00b7lar-ho en l&#8217;ordinador personal cedit pel centre, caldr\u00e0 la intervenci\u00f3 del Coordinador d&#8217;Inform\u00e0tica (demanar cita). Es disposar\u00e0 de la llic\u00e8ncia mentre es mantingui la vinculaci\u00f3 amb el Centre.<\/p>\n<p><a href=\"https:\/\/agora.xtec.cat\/iesjulioantonio\/wp-content\/uploads\/usu942\/2021\/04\/microsoft.jpg\"><img loading=\"lazy\" decoding=\"async\" class=\"wp-image-4734 aligncenter\" src=\"https:\/\/agora.xtec.cat\/iesjulioantonio\/wp-content\/uploads\/usu942\/2021\/04\/microsoft.jpg\" alt=\"\" width=\"450\" height=\"110\" srcset=\"https:\/\/agora.xtec.cat\/iesjulioantonio\/wp-content\/uploads\/usu942\/2021\/04\/microsoft.jpg 899w, https:\/\/agora.xtec.cat\/iesjulioantonio\/wp-content\/uploads\/usu942\/2021\/04\/microsoft-300x73.jpg 300w, https:\/\/agora.xtec.cat\/iesjulioantonio\/wp-content\/uploads\/usu942\/2021\/04\/microsoft-768x188.jpg 768w\" sizes=\"auto, (max-width: 450px) 100vw, 450px\" \/><\/a><\/p>\n<h4>7.- P\u00e0gina web del centre i Xarxes Socials<\/h4>\n<p>L&#8217;Institut Julio Antonio disposa d&#8217;un <a href=\"https:\/\/agora.xtec.cat\/iesjulioantonio\/\">web<\/a> allotjat al portal \u00c0gora &#8211; Nodes del Departament d&#8217;Educaci\u00f3. Aquest web \u00e9s la interf\u00edcie principal de comunicaci\u00f3 entre professorat, alumnat, fam\u00edlies i p\u00fablic en general. S&#8217;hi pot trobar informaci\u00f3 general del centre, documents oficials del centre (PEC, NOFC, etc.), departaments pedag\u00f2gics, ensenyaments, etc.<\/p>\n<p>L&#8217;institut tamb\u00e9 est\u00e0 present a les xarxes socials per diversos mitjans: la pr\u00f2pia web (mitj\u00e0 principal i on s&#8217;hi publiquen les not\u00edcies entre d&#8217;altres), <a href=\"https:\/\/www.facebook.com\/people\/Ins-Julio-Antonio-Mra-dEbre\/100011084501436\">Facebook<\/a> i <a href=\"https:\/\/www.youtube.com\/channel\/UCrSoi1rOv6I4peICDG5lzEw\">Youtube<\/a> (tamb\u00e9 hi ha els enlla\u00e7os a la web del centre, a la columna de l&#8217;esquerra sota el logotip de l&#8217;institut). Si alg\u00fa est\u00e0 interessat en publicar alguna not\u00edcia, cal que ho sol\u00b7liciti a la direcci\u00f3 del centre.<\/p>\n<h4>8.- Eines de cultura digital<\/h4>\n<ul>\n<li><a href=\"https:\/\/agora.xtec.cat\/iesjulioantonio\/cultura-digital\/les-pindoles-del-julio-antonio\/\">P\u00edndoles del Julio Antonio.<\/a> Breus v\u00eddeo-tutorials en relaci\u00f3 a l&#8217;\u00fas de Moodle, Google Meet, etc.<\/li>\n<li><a href=\"https:\/\/gestordocumental.iesjulioantonio.cat\/index.php\">Recursos d&#8217;identitat institucional.<\/a> L&#8217;Institut t\u00e9 publicat un manual d&#8217;Identitat Institucional aix\u00ed com un arxiu ZIP amb tots els recursos necessaris: logotips, tipografia, plantilles de presentacions i de fulls de text, etc. Tota aquesta documentaci\u00f3 \u00e9s troba al Gestor Documental, p\u00e0gina principal &gt; Identitat Institucional.<\/li>\n<\/ul>\n<h4>9.- Equipament a les aules<\/h4>\n<p>Les aules estan equipades amb la seg\u00fcent infraestructura:<\/p>\n<ul>\n<li>Panells o Projectors<\/li>\n<li>Altaveus<\/li>\n<li>Ordinador de sobretaula (en la majoria d&#8217;aules).<\/li>\n<li>Caixa de connexi\u00f3 i control. En cas que es vulgui usar un ordinador personal, les aules tenen una caixa de connexi\u00f3 tancada amb clau on hi ha: (1) el control de les persianes autom\u00e0tiques de les aules, (2) l&#8217;interruptor d&#8217;engegada dels equips) i (3) port USB tipus impressora per connectar-hi l&#8217;ordinador. Al professorat se li subministrar\u00e0 aquest cable USB (tipus impressora: cable USB 2.0 de tipus A a tipus B) que li permet aquesta connexi\u00f3 i que li proveeix a l&#8217;ordinador el serveis de projecci\u00f3, el servei d&#8217;Internet per cable i el servei d&#8217;altaveus.<\/li>\n<\/ul>\n<h4>10.- Laboratori d&#8217;inform\u00e0tica d&#8217;alumnat<\/h4>\n<p>L\u2019institut Julio Antonio disposa d&#8217;espais amb ordinadors a disposici\u00f3 del professorat i l\u2019alumnat. Per fer-la servir, cal reservar hora pr\u00e8viament i completar un informe d&#8217;\u00fas posteriorment. Tota la informaci\u00f3 la podreu trobar en <a href=\"http:\/\/agora.xtec.cat\/iesjulioantonio\/cultura-digital\/laboratori-dinformatica\/\">aquest enlla\u00e7<\/a>.<\/p>\n<h4>11.- Sales de professorat<\/h4>\n<p>El Centre disposa de dues sales de professorat en les que hi ha diversos ordinadors de sobretaula a disposici\u00f3 del professorat. Les credencials per iniciar sessi\u00f3 s\u00f3n com a nom d&#8217;usuari el terme &#8220;pro-##&#8221; i la contrasenya \u00e9s la subministrada per la direcci\u00f3 del centre que posteriorment l&#8217;usuari ha de canviar (es canvia en aquests mateixos ordinadors, a trav\u00e9s del canvi de contrasenya del Windows, un cop s&#8217;ha iniciat la sessi\u00f3).<\/p>\n<p><a href=\"https:\/\/agora.xtec.cat\/iesjulioantonio\/wp-content\/uploads\/usu942\/2021\/04\/ord1.jpg\"><img loading=\"lazy\" decoding=\"async\" class=\"alignnone wp-image-4724\" src=\"https:\/\/agora.xtec.cat\/iesjulioantonio\/wp-content\/uploads\/usu942\/2021\/04\/ord1-1024x281.jpg\" alt=\"\" width=\"521\" height=\"143\" srcset=\"https:\/\/agora.xtec.cat\/iesjulioantonio\/wp-content\/uploads\/usu942\/2021\/04\/ord1-1024x281.jpg 1024w, https:\/\/agora.xtec.cat\/iesjulioantonio\/wp-content\/uploads\/usu942\/2021\/04\/ord1-300x82.jpg 300w, https:\/\/agora.xtec.cat\/iesjulioantonio\/wp-content\/uploads\/usu942\/2021\/04\/ord1-768x211.jpg 768w, https:\/\/agora.xtec.cat\/iesjulioantonio\/wp-content\/uploads\/usu942\/2021\/04\/ord1.jpg 1456w\" sizes=\"auto, (max-width: 521px) 100vw, 521px\" \/><\/a> \u00a0 \u00a0<a href=\"https:\/\/agora.xtec.cat\/iesjulioantonio\/wp-content\/uploads\/usu942\/2021\/04\/ord2.jpg\"><img loading=\"lazy\" decoding=\"async\" class=\"alignnone wp-image-4725\" src=\"https:\/\/agora.xtec.cat\/iesjulioantonio\/wp-content\/uploads\/usu942\/2021\/04\/ord2-1024x295.jpg\" alt=\"\" width=\"491\" height=\"142\" srcset=\"https:\/\/agora.xtec.cat\/iesjulioantonio\/wp-content\/uploads\/usu942\/2021\/04\/ord2-1024x295.jpg 1024w, https:\/\/agora.xtec.cat\/iesjulioantonio\/wp-content\/uploads\/usu942\/2021\/04\/ord2-300x86.jpg 300w, https:\/\/agora.xtec.cat\/iesjulioantonio\/wp-content\/uploads\/usu942\/2021\/04\/ord2-768x221.jpg 768w, https:\/\/agora.xtec.cat\/iesjulioantonio\/wp-content\/uploads\/usu942\/2021\/04\/ord2.jpg 1390w\" sizes=\"auto, (max-width: 491px) 100vw, 491px\" \/><\/a><\/p>\n<h4>12.- Aplicacions web del Julio Antonio pel professorat<\/h4>\n<h5>12.1.- Control de faltes d&#8217;assist\u00e8ncia de l&#8217;alumnat<\/h5>\n<p>Per tal de controlar l&#8217;assist\u00e8ncia de l&#8217;alumnat a les sessions, existeix una aplicaci\u00f3 web on el professorat ha de reportar les abs\u00e8ncies o retards. Aquesta aplicaci\u00f3 \u00e9s accessible tant des de la xarxa interna de l&#8217;Institut com des de qualsevol xarxa externa (Internet). <a href=\"https:\/\/assistencia.iesjulioantonio.cat\/\">Aquest \u00e9s l&#8217;enlla\u00e7 d&#8217;acc\u00e9s<\/a>. Cal validar-se amb les mateixes credencials que s&#8217;usen per accedir als ordinadors explicat anteriorment en el punt 11.<\/p>\n<h5>12.2.- Incid\u00e8ncies de l&#8217;alumnat<\/h5>\n<p>Per tal de reportar incid\u00e8ncies de l&#8217;alumnat a les sessions, existeix una aplicaci\u00f3 web on el professorat ha de fer-ho. Aquesta aplicaci\u00f3 nom\u00e9s \u00e9s accessible des de la xarxa interna de l&#8217;Institut. <a href=\"https:\/\/partes.iesjulioantonio.cat\/\">Aquest \u00e9s l&#8217;enlla\u00e7 d&#8217;acc\u00e9s<\/a>. Cal validar-se amb les mateixes credencials que s&#8217;usen per accedir als ordinadors explicat anteriorment en el punt 11.<\/p>\n<h5>12.3.- Gesti\u00f3 de serveis i infraestructures<\/h5>\n<p>Aplicaci\u00f3 per gestionar incid\u00e8ncies o sol\u00b7licituds d&#8217;infraestructura i\/o serveis. Aquesta eina es converteix en l&#8217;\u00fanica via de realitzar aquests comunicats. S&#8217;espera que serveixi per optimitzar-ne la gesti\u00f3, aix\u00ed com tenir registres hist\u00f2rics per millorar la prevenci\u00f3. L&#8217;acc\u00e9s es realitza mitjan\u00e7ant les credencials d&#8217;usuari PRO (mateixes de les del punt 11) i s&#8217;hi pot realitzar la sol\u00b7licitud i fer-ne seguiment. Els tipus de sol\u00b7licituds actuals s\u00f3n:<\/p>\n<table style=\"border-collapse: collapse; width: 100%; height: 126px;\">\n<tbody>\n<tr style=\"height: 64px;\">\n<td style=\"width: 20%; text-align: center; height: 64px;\">Credencials de correu iesjulioantonio<\/td>\n<td style=\"width: 20%; text-align: center; height: 64px;\">Acc\u00e9s ordinadors centre<\/td>\n<td style=\"width: 20%; text-align: center; height: 64px;\">Desperfectes d\u2019infraestructura institut (persianes, portes, etc.)<\/td>\n<td style=\"width: 20%; text-align: center; height: 64px;\">Instal\u00b7laci\u00f3 de programari<\/td>\n<td style=\"width: 20%; text-align: center; height: 64px;\">Sol\u00b7licitud de compres<\/td>\n<\/tr>\n<tr style=\"height: 62px;\">\n<td style=\"width: 20%; text-align: center; height: 62px;\">Cita amb la coordinadora digital<\/td>\n<td style=\"width: 20%; text-align: center; height: 62px;\">Averies inform\u00e0tiques<\/td>\n<td style=\"width: 20%; text-align: center; height: 62px;\">Not\u00edcies al web, youtube, etc.<\/td>\n<td style=\"width: 20%; text-align: center; height: 62px;\">Sol\u00b7licitud de permisos d&#8217;abs\u00e8ncia<\/td>\n<td style=\"width: 20%; text-align: center; height: 62px;\">Altres<\/td>\n<\/tr>\n<\/tbody>\n<\/table>\n<p>Disposeu d&#8217;un <a href=\"https:\/\/agora.xtec.cat\/iesjulioantonio\/wp-content\/uploads\/usu942\/2022\/09\/20220912_Manual_AplicacioIncidenciesCentre_v2.pdf\">manual d&#8217;\u00fas <\/a>d&#8217;aquesta aplicaci\u00f3 \u00e9s accessible tant des de la xarxa interna de l&#8217;Institut com des de qualsevol xarxa externa (Internet) en <a href=\"https:\/\/gestorserveisinfra.iesjulioantonio.cat\/\">aquesta adre\u00e7a<\/a>.<\/p>\n<h5>12.4.- Reserves d&#8217;espais<\/h5>\n<p>Aplicaci\u00f3 per reservar despatxos de reunions, laboratoris d&#8217;inform\u00e0tica, laboratoris de ci\u00e8ncies experimentals i laboratoris de tecnologia.\u00a0 Tamb\u00e9 s&#8217;ha d&#8217;usar per reportar l&#8217;estat dels ordinadors que s&#8217;utilitzen en els laboratoris inform\u00e0tics. L&#8217;\u00fas de les reserves est\u00e0 subjecte a diversos condicionants que cal respectar pel benefici de tothom:<\/p>\n<ul>\n<li style=\"list-style-type: none;\">\n<ul>\n<li>No es pot usar l\u2019aula sense reserva pr\u00e8via i quan s\u2019usi s\u2019ha de reportar l\u2019estat dels ordinadors.<\/li>\n<li>Es poden realitzar un m\u00e0xim de 15 reserves futures (quan s\u2019hagi realitzat la sessi\u00f3 reservada, aquesta deixar\u00e0 de comptar de les 15).\n<ul>\n<li>Si es desitja realitzar una reserva peri\u00f2dica, contactar al Coordinador d\u2019Inform\u00e0tica i es considerar\u00e0 la petici\u00f3 en funci\u00f3 de la demanda.<\/li>\n<\/ul>\n<\/li>\n<li>Es poden eliminar reserves abans de la data reservada. Cal fer-ho per alliberar aquella franja hor\u00e0ria per altres interessats i s\u2019ha d\u2019evitar fer reserves si no es t\u00e9 clar que s\u2019usar\u00e0. Les reserves realitzades que no s\u2019hagin usat i no s\u2019hagin eliminat comptaran com una reserva de les 15 disponibles per tot el curs.<\/li>\n<li>Sempre que s\u2019usi el laboratori cal reportar l\u2019estat dels ordinadors abans d\u2019abandonar la sala.<\/li>\n<\/ul>\n<\/li>\n<\/ul>\n<h5>12.5.- Gu\u00e0rdies de pati i d&#8217;aula<\/h5>\n<p><strong>Aula<\/strong>: El professorat que t\u00e9 gu\u00e0rdia en una hora, cal que es personi a la sala de professors i signi la seva pres\u00e8ncia a l&#8217;aplicatiu en l&#8217;ordinador previst per aix\u00f2. Si a m\u00e9s a m\u00e9s, cobreix un professor o at\u00e9n l&#8217;aula de treball, en qualsevol altre ordinador (incl\u00f2s el seu) introdueix les dades de quina tasca ha realitzat.<\/p>\n<p><strong>Pati<\/strong>: Calendari de curs on es mostra la distribuci\u00f3 assignada de professorat de gu\u00e0rdia per pati i dia.<\/p>\n<h5>12.6.- Portal TdR<\/h5>\n<p>Aplicaci\u00f3 per gestionar tot el cicle de vida dels projectes de recerca de batxillerat. Per tant, \u00e9s una aplicaci\u00f3 d&#8217;\u00fas de l&#8217;alumnat, tutors de TdR, membres de tribunals, coordinadors, etc. (tots els agents implicats). <a href=\"https:\/\/agora.xtec.cat\/iesjulioantonio\/wp-content\/uploads\/usu942\/2025\/02\/00_Manual_TdR_v2.pdf\">Cliqueu aqu\u00ed<\/a> per obtenir el manual d&#8217;\u00fas<\/p>\n<h5>12.7.- Gestor Documental (en construcci\u00f3)<\/h5>\n<p>Projecte iniciat al juny de 2024 i que el seu desenvolupament s&#8217;anir\u00e0 produint al llarg de l&#8217;execuci\u00f3 de l&#8217;actual projecte de direcci\u00f3. Els serveis s&#8217;aniran activant gradualment a mesura que estiguin llestos. S&#8217;ha de convertir en l&#8217;arxiu digital de l&#8217;institut on es trobaran els documents finalitzats, els documents en estat d&#8217;edici\u00f3 (els quals es podran editar des de la mateixa eina), etc. Es garantir\u00e0 la seguretat tant en quan a autenticaci\u00f3 i permisos aix\u00ed com en disponibilitat de la informaci\u00f3. A l&#8217;inici del curs 2025\/26, els serveis operatius s\u00f3n:<\/p>\n<ul>\n<li>Part p\u00fablica d&#8217;acc\u00e9s als documents de centre.<\/li>\n<li>Part privada d&#8217;acc\u00e9s a documents interns de centre.<\/li>\n<li>Flux de treball de generaci\u00f3 d&#8217;informes per mat\u00e8ries de les tutories.<\/li>\n<\/ul>\n<h5>12.8.- Valoracions de les avaluacions<\/h5>\n<p>Projecte iniciat a principis de 2025, substituint els formularis Google que es feien servir per aquest funci\u00f3. Aquesta <a href=\"https:\/\/valoracions.iesjulioantonio.cat\">aplicaci\u00f3<\/a> serveix perqu\u00e8 el professorat de totes les mat\u00e8ries de cada curs-grup valorin els resultats de les avaluacions trimestrals i final. En segon lloc, tamb\u00e9 serveix per extreure les estad\u00edstiques necess\u00e0ries per poder aprofitar la informaci\u00f3 de la millora manera. L&#8217;aplicaci\u00f3 permet l&#8217;automatitzaci\u00f3 de fluxos de treball que facilita la feina tant al professorat que ha d&#8217;introduir les dades com als gestors dels resultats.<\/p>\n<h5>12.9.- Equip hum\u00e0<\/h5>\n<p>P\u00e0gina web on figura tot el professorat de l&#8217;institut, personal d&#8217;administraci\u00f3 i serveis i persones externes que hi intervenen. De les persones se&#8217;n pot veure la fotografia, departament assignat i adre\u00e7a de correu electr\u00f2nic @iesjulioantonio. P\u00e0gina pensada per facilitar la coneixen\u00e7a i el contacte dels professionals de l&#8217;institut.<\/p>\n<h4>13.- Aplicacions web del Julio Antonio per les fam\u00edlies<\/h4>\n<h5>13.1.- Notificaci\u00f3 de faltes, retards i incid\u00e8ncies<\/h5>\n<p>Les fam\u00edlies de l&#8217;alumnat del centre tenen a la seva disposici\u00f3 una <a href=\"https:\/\/agora.xtec.cat\/iesjulioantonio\/alumnat\/faltes-retards-i-incidencies\/\">aplicaci\u00f3 web<\/a> en la que s&#8217;hi llisten les faltes, retards i incid\u00e8ncies relacionades amb els seus fills i filles. Fent clic a l&#8217;enlla\u00e7 anterior s&#8217;accedeix a la p\u00e0gina d&#8217;aquesta web destinada a aquest servei on s&#8217;hi pot trobar l&#8217;enlla\u00e7 a l&#8217;aplicaci\u00f3 aix\u00ed com el seu manual d&#8217;\u00fas.<\/p>\n<h4>14.- Aplicaci\u00f3 web per al transport<\/h4>\n<p>Aplicaci\u00f3 per reportar incid\u00e8ncies succe\u00efdes durant el transport.<\/p>\n<h4>15.- Aplicaci\u00f3 de gesti\u00f3 dels vals escolars del Julio Antonio<\/h4>\n<p>L&#8217;institut posa a disposici\u00f3 de l&#8217;alumnat corresponent vals per gastar-los a les llibreries \/ papereries de la poblaci\u00f3 de M\u00f3ra d&#8217;Ebre. Aquesta aplicaci\u00f3 \u00e9s d&#8217;\u00fas dels establiments adherits i l&#8217;institut per gestionar adequadament aquests vals.<\/p>\n<table style=\"border-collapse: collapse; width: 100%; height: 70px;\">\n<tbody>\n<tr style=\"background-color: #e96163; border-color: #e96163;\">\n<td style=\"width: 100%; height: 70px;\">\n<h2><span style=\"color: #ffffff;\">Portals digitals i xarxes socials<\/span><\/h2>\n<\/td>\n<\/tr>\n<\/tbody>\n<\/table>\n<p>El portal digital principal de l<strong>&#8216;Institut Julio Antonio<\/strong> \u00e9s aquesta <strong>p\u00e0gina web<\/strong> (NODES). Tanmateix, el centre tamb\u00e9 disposa d&#8217;un canal de <strong>Facebook<\/strong>, un canal de <strong>YouTube<\/strong> i diversos canals <strong>d&#8217;Instagram<\/strong> que no s\u00f3n gestionats pel centre sin\u00f3 per col\u00b7lectius que formen part d&#8217;ell. Tots els enlla\u00e7os els trobareu a la <strong>barra esquerra de la p\u00e0gina principal<\/strong> i no es reprodueixen aqu\u00ed per evitar duplicats conduents a errors. Cal fer notar, no obstant, que la Llei de Protecci\u00f3 de Dades cada vegada \u00e9s m\u00e9s estricte i cada vegada fa menys \u00fatils i atractius aquests canals. Per aix\u00f2, el seu \u00fas est\u00e0 en fase minvant.<br \/>\n<a id=\"C\"><\/a><\/p>\n<table style=\"border-collapse: collapse; width: 100%;\">\n<tbody>\n<tr style=\"background-color: #e96163; border-color: #e96163;\">\n<td style=\"width: 100%;\">\n<h2><span style=\"color: #ffffff;\">Comunicaci\u00f3 de la comunitat educativa<\/span><\/h2>\n<\/td>\n<\/tr>\n<\/tbody>\n<\/table>\n<p>Els <strong>mitjans<\/strong> que s&#8217;usen i en quines situacions s&#8217;explica a continuaci\u00f3:<\/p>\n<ul>\n<li><strong>P\u00e0gina web del centre (Nodes)<\/strong>. \u00c9s el principal mitj\u00e0 de transmissi\u00f3 d&#8217;informaci\u00f3 del centre a la comunitat educativa.<\/li>\n<li><strong>Xarxes socials<\/strong>. Constitueixen una extensi\u00f3 de la funcionalitat de la p\u00e0gina web. En la secci\u00f3 anterior s&#8217;especifiquen quines s\u00f3n.<\/li>\n<li><strong>Aplicaci\u00f3 web per les fam\u00edlies &#8220;Assist\u00e8ncia i Incid\u00e8ncies&#8221;<\/strong>. Aplicaci\u00f3 web que permet a les fam\u00edlies con\u00e8ixer en temps real l&#8217;assist\u00e8ncia i les incid\u00e8ncies que tenen els seus tutoritzats.<\/li>\n<li><strong>Correu electr\u00f2nic.<\/strong> Es disposa de dos dominis de correu electr\u00f2nic &#8220;<em>@xtec.cat<\/em>&#8221; i &#8220;@<em>iesjulioantonio.cat<\/em>&#8220;. El primer domini s&#8217;usa per la comunicaci\u00f3 entre professorat i entre professorat i \u00f2rgans gestors de l&#8217;institut. El segon domini s&#8217;usa per la comunicaci\u00f3 entre l&#8217;equip docent\/directiu i l&#8217;alumnat.<\/li>\n<li><strong>Tel\u00e8fon<\/strong>. S&#8217;utilitza per una diversitat de situacions, com comunicacions dels tutors a les fam\u00edlies o av\u00eds a les fam\u00edlies en cas de malaltia de l&#8217;alumnat.<\/li>\n<li><strong>V\u00eddeo-confer\u00e8ncia.<\/strong> No hi ha una casu\u00edstica especial per usar aquest mitj\u00e0 i s&#8217;usa en la mesura que \u00e9s necessari.<a id=\"D\"><\/a><\/li>\n<\/ul>\n<table style=\"border-collapse: collapse; width: 100%;\">\n<tbody>\n<tr style=\"background-color: #e96163; border-color: #e96163;\">\n<td style=\"width: 100%;\">\n<h2><span style=\"color: #ffffff;\">Documentaci\u00f3<\/span><\/h2>\n<\/td>\n<\/tr>\n<\/tbody>\n<\/table>\n<p>L<strong>&#8216;Estrat\u00e8gia Digital de Centre<\/strong> est\u00e0 supedita a<strong> Pla Educatiu de Centre<\/strong> (PEC) i a la <strong>Normativa d&#8217;Organitzaci\u00f3 del Funcionament del Centre<\/strong> (NOFC).<\/p>\n<p><strong>Pla Educatiu de Centre<\/strong><\/p>\n<p style=\"padding-left: 40px;\"><strong><span style=\"color: #000080;\">6. OBJECTIUS DEL CENTRE (ON VOLEM ARRIBAR?) I ESTRAT\u00c8GIES DE CENTRE (COM HO HEM DE FER?)<\/span><\/strong><br \/>\n<span style=\"color: #000080;\">11.- Potenciar l\u2019\u00fas de les noves tecnologies.<\/span><br \/>\n<span style=\"color: #000080;\">11.1.- Adaptant, en la mesura de les nostres possibilitats, les instal\u00b7lacions del centre a les noves necessitats t\u00e8cniques.<\/span><br \/>\n<span style=\"color: #000080;\">11.2.- Fomentant la formaci\u00f3 del professorat en les noves tecnologies.<\/span><br \/>\n<span style=\"color: #000080;\">11.3.- Intentant que, a la pr\u00e0ctica docent del nostre centre, les actuals TIC (Tecnologies de la informaci\u00f3 i la comunicaci\u00f3) arribin a ser aut\u00e8ntiques TAC (Tecnologies de l\u2019aprenentatge i el coneixement).<\/span><\/p>\n<p><strong>Normativa d&#8217;Organitzaci\u00f3 del Funcionament del Centre<\/strong><\/p>\n<p style=\"padding-left: 40px;\"><strong><span style=\"color: #333399;\">PRE\u00c0MBUL<\/span><\/strong><\/p>\n<p style=\"padding-left: 40px;\"><strong><span style=\"color: #333399;\">8.7.- Coordinaci\u00f3 d&#8217;inform\u00e0tica (TIC-TAC).<\/span><\/strong><\/p>\n<p style=\"padding-left: 40px;\"><span style=\"color: #333399;\"><strong>8.7.1.-<\/strong> S\u00f3n funcions de la coordinaci\u00f3 d&#8217;inform\u00e0tica:<\/span><br \/>\n<span style=\"color: #333399;\">a) Proposar a l&#8217;equip directiu del centre els criteris per a la utilitzaci\u00f3 i l&#8217;optimitzaci\u00f3 dels recursos inform\u00e0tics i per a l&#8217;adquisici\u00f3 de nous recursos.<\/span><br \/>\n<span style=\"color: #333399;\">b) Assessorar l&#8217;equip directiu, el professorat i el personal d&#8217;administraci\u00f3 i serveis del centre en l&#8217;\u00fas de les aplicacions de gesti\u00f3 acad\u00e8mica del departament d&#8217;Ensenyament.<\/span><br \/>\n<span style=\"color: #333399;\">c) Vetllar pel manteniment de les instal\u00b7lacions, el programari i els equipaments inform\u00e0tics del centre.<\/span><br \/>\n<span style=\"color: #333399;\">d) Assessorar el professorat en la utilitzaci\u00f3 educativa de programes i equipaments inform\u00e0tics en les diverses \u00e0rees del curr\u00edculum i orientar-lo sobre la seva formaci\u00f3 permanent en aquest tema.<\/span><br \/>\n<span style=\"color: #333399;\">e) Aquelles altres que la direcci\u00f3 de l&#8217;institut li encomani en relaci\u00f3 amb els recursos inform\u00e0tics i telem\u00e0tics que li pugui atribuir el Departament d&#8217;Ensenyament.<\/span><\/p>\n<p style=\"padding-left: 40px;\"><span style=\"color: #333399;\"><strong>8.7.2.-<\/strong> Existir\u00e0 una comissi\u00f3 TAC d&#8217;inform\u00e0tica amb la funci\u00f3 d\u2019assessorar i acompanyar el Claustre en q\u00fcestions relacionades amb entorns virtuals d\u2019aprenentatge i utilitzaci\u00f3 de recursos inform\u00e0tics. Estar\u00e0 encap\u00e7alada per la coordinaci\u00f3 d\u2019inform\u00e0tica i formada per diversos professors\/res del centre.<\/span><\/p>\n<p style=\"padding-left: 40px;\"><strong><span style=\"color: #333399;\">1. US DELS RECURSOS TIC-TAC.<\/span><\/strong><\/p>\n<p style=\"padding-left: 40px;\"><span style=\"color: #333399;\"><strong>Art.61 .-<\/strong>El personal del centre (professorat, personal laboral,&#8230;) disposa d\u2019un correu corporatiu (@xtec.cat) i d\u2019un correu de centre (@iesjulioantonio.cat) que ha d\u2019emprar per comunicar-se amb la resta de membres de la comunitat educativa.<br \/>\n<\/span><span style=\"color: #333399;\"><strong>Art.62 .-<\/strong> El correu corporatiu (@xtec.cat) s\u2019emprar\u00e0 per tal de relacionar-se amb l\u2019administraci\u00f3 i el personal del centre; el seu \u00fas \u00e9s obligat i ha de consultar-se constantment.<br \/>\n<\/span><span style=\"color: #333399;\"><strong>Art.63 .<\/strong>&#8211; El correu de centre (@iesjulioantonio.cat) s\u2019emprar\u00e0 per tal de relacionar-se amb l\u2019alumnat i amb les fam\u00edlies.<br \/>\n<\/span><span style=\"color: #333399;\"><strong>Art.64 .<\/strong>-Cada tutor-a disposar\u00e0 d\u2019un correu electr\u00f2nic (@iesjulioantonio.cat) per tal d\u2019atendre les necessitats de la seva tutoria i establir relaci\u00f3 amb les fam\u00edlies (en cap cas amb l\u2019alumnat menor d\u2019edat); ell mateix el gestionar\u00e0. Cal trametre a les fam\u00edlies les informacions que la direcci\u00f3 del centre faci arribar a aquest correu.<br \/>\n<\/span><span style=\"color: #333399;\"><strong>Art.65<\/strong> .-Cada alumne\/a disposar\u00e0 d\u2019un correu electr\u00f2nic (@iesjulioantonio.cat) per tal d\u2019atendre les necessitats acad\u00e8miques del centre; ell mateix el gestionar\u00e0 i ser\u00e0 d\u2019\u00fas obligat a nivell docent. El professorat haur\u00e0 de considerar aquest correu com a eina oficial docent de relaci\u00f3 amb l\u2019alumnat.<br \/>\n<\/span><span style=\"color: #333399;\"><strong>Art.66 .<\/strong>-L\u2019equip directiu gestionar\u00e0 un correu d\u2019informaci\u00f3 directa amb les fam\u00edlies (info_institut@iesjulioantonio.cat). Cada tutor-a haur\u00e0 de facilitar els contactes corresponents de les fam\u00edlies de la seva tutoria a l\u2019equip directiu i informar dels canvis que puguin succeir.<br \/>\n<\/span><span style=\"color: #333399;\"><strong>Art.67 .<\/strong>&#8211; El centre posar\u00e0 a disposici\u00f3 de l\u2019alumnat i del professorat del centre les plataformes EVA Moodle (Eix) i Google Classroom les quals es consideraran com a plataformes de refer\u00e8ncia a l\u2019hora de dur a terme doc\u00e8ncia telem\u00e0tica. L\u2019alumnat i la seva fam\u00edlia hauran d\u2019assumir tota la responsabilitat del seu \u00fas, que ha de ser estrictament docent. Cada professor tamb\u00e9 ser\u00e0 responsable dels seus cursos en quan a la seva gesti\u00f3, comptant amb la col\u00b7laboraci\u00f3 de la Comissi\u00f3 i el Coordinador TAC. El centre no es fa responsable de l\u2019\u00fas indegut del recurs i dels seus continguts per part de l\u2019usuari el qual ser\u00e0 l\u2019\u00fanic responsable de les infraccions en que pugui inc\u00f3rrer o dels perjudicis que pugui causar per un \u00fas inadequat dels seus serveis o dels seus continguts.<br \/>\n<\/span><span style=\"color: #333399;\"><strong>Art.68.<\/strong>&#8211; El centre disposa d\u2019una p\u00e0gina web (https:\/\/agora.xtec.cat\/iesjulioantonio\/) que cal que sigui tinguda en compte com l\u2019eina d\u2019informaci\u00f3 b\u00e0sica del centre. La seva administraci\u00f3 anir\u00e0 a c\u00e0rrec de la coordinaci\u00f3 d\u2019inform\u00e0tica del centre i del personal autoritzat per l\u2019equip directiu.<br \/>\n<\/span><span style=\"color: #333399;\"><strong>Art.69 .-<\/strong> La direcci\u00f3 del centre no es responsabilitza de mitjans de relaci\u00f3 i comunicaci\u00f3 que no hagi autoritzat; per tant, en cas d\u2019existir, en seran responsables directes els seus usuaris i\/o administradors i recordem que no garanteixen la confidencialitat.<\/span><br \/>\n<span style=\"color: #333399;\"><strong>Art.70 .<\/strong>&#8211; Ning\u00fa est\u00e0 obligat a cedir el seu n\u00famero particular de tel\u00e8fon a les fam\u00edlies ni a l\u2019alumnat. Per aix\u00f2 es recomana utilitzar el correu electr\u00f2nic o el tel\u00e8fon de centre a l\u2019hora de dur a terme aquesta comunicaci\u00f3.<br \/>\n<\/span><span style=\"color: #333399;\">Art.71 .- La direcci\u00f3 del centre nom\u00e9s es fa responsable de la informaci\u00f3 transmesa a partir dels canals autoritzats pel centre i recorda als membres de la comunitat educativa que cal seguir, estrictament i eficientment, les instruccions que us arribin des de l\u2019equip directiu i des del departament d\u2019Educaci\u00f3.<br \/>\n<\/span><span style=\"color: #333399;\"><strong>Art.72 .<\/strong>-Pel que fa refer\u00e8ncia al maquinari personal de cada alumne\/a referent a les TAC o TIC complementari cal tenir present que:<\/span><\/p>\n<p style=\"padding-left: 80px;\"><span style=\"color: #333399;\">&#8211; El centre posa a disposici\u00f3 de l\u2019alumnat un material inform\u00e0tic pertanyent al departament d\u2019Educaci\u00f3 en base a les instruccions i normes establertes per aquest.<\/span><br \/>\n<span style=\"color: #333399;\">&#8211; L\u2019alumnat i les seves respectives fam\u00edlies han de procurar fer un us adequat d\u2019aquest maquinari en base a la funci\u00f3 educativa per la qual ha estat cedit.<\/span><br \/>\n<span style=\"color: #333399;\">&#8211; L\u2019alumnat i les seves respectives fam\u00edlies hauran de fer-se c\u00e0rrec dels desperfectes que es puguin ocasionar a aquest maquinari a conseq\u00fc\u00e8ncia d\u2019un \u00fas no adequat. El centre, si es dona el cas, exigir\u00e0 les quanties d\u2019aquests desperfectes. En cas que no siguin satisfetes l\u2019alumnat i les fam\u00edlies passaran a formar part de la llista de morosos del centre amb les conseq\u00fc\u00e8ncies corresponents (article 227).<\/span><br \/>\n<span style=\"color: #333399;\">&#8211; Els costos de les avaries, en coordinaci\u00f3 amb la resta de centres de les Terres de l\u2019Ebre, seran els seg\u00fcents: Pantalla trencada (90 Euros), teclat trencat (50 euros), cop o desperfecte a l\u2019estructura amb l\u2019equip en funcionament (25 euros), cop o desperfecte a l\u2019estructura amb l\u2019equip en funcionament (25 euros), cop o desperfecte a l\u2019estructura amb l\u2019equip sense funcionament (120 euros), p\u00e8rdua de carregador (25 euros), resta d\u2019avaries (30 euros).<br \/>\n<\/span><span style=\"color: #333399;\">&#8211; El centre no es responsabilitza del mal us que es pugui fer dels aparells inform\u00e0tics que cada alumne\/a t\u00e9 per al seu \u00fas personal. Cada alumne\/a ha de responsabilitzar-se del seu material i del seu \u00fas i control com sempre ha fet amb els seus llibres i el seu material escolar.<\/span><br \/>\n<span style=\"color: #333399;\">&#8211; El centre no es responsabilitza de cap aparell ni maquinari que no li pertany i menys d\u2019aquell que no respongui a cap \u00fas de caire acad\u00e8mic (m\u00f2bils, c\u00e0meres de fotografiar,&#8230;)<\/span><br \/>\n<span style=\"color: #333399;\">&#8211; El centre no es responsabilitza de la p\u00e8rdua o sostracci\u00f3 dels aparells inform\u00e0tics i del material d&#8217;\u00fas personal de l\u2019alumnat de resultes de no seguir les pautes establertes a les NOFC del centre.<\/span><br \/>\n<span style=\"color: #333399;\">&#8211; La direcci\u00f3 del centre pot fer-se c\u00e0rrec de la custodia de material inform\u00e0tic d&#8217;\u00fas personal de l\u2019alumnat de resultes de determinades circumst\u00e0ncies que es puguin produir i lliurar-lo nom\u00e9s als pares o tutors legals d\u2019aquest alumnat.<\/span><br \/>\n<span style=\"color: #333399;\">&#8211; L\u2019alumnat que estigui a l\u2019aula de treball del centre nom\u00e9s podr\u00e0 utilitzar el material inform\u00e0tic d&#8217;\u00fas personal si la direcci\u00f3 del centre i\/o el professorat al seu c\u00e0rrec ho creu adient.<\/span><br \/>\n<span style=\"color: #333399;\">&#8211; El centre, en base a les seves possibilitats, posa a disposici\u00f3 de l\u2019alumnat els equips inform\u00e0tics que siguin necessaris per al funcionament establert de cada mat\u00e8ria i un sistema de c\u00e0rrega d\u2019ordinadors; tot plegat haur\u00e0 de ser custodiat pel professorat a cada hora de classe que li correspongui.<\/span><br \/>\n<span style=\"color: #333399;\">&#8211; El centre posar\u00e0 en coneixement de les fam\u00edlies la utilitzaci\u00f3 de serveis i recursos digitals a internet per treballar a l\u2019aula.<\/span><\/p>\n<p style=\"padding-left: 40px;\"><strong><span style=\"color: #333399;\">2. NORMES DE CONVIV\u00c8NCIA I R\u00c8GIM DISCIPLINARI.<\/span><\/strong><\/p>\n<p style=\"padding-left: 40px;\"><strong><span style=\"color: #333399;\">9.1.- Conductes contr\u00e0ries a les normes de conviv\u00e8ncia del centre.<\/span><\/strong><\/p>\n<p style=\"padding-left: 40px;\"><span style=\"color: #333399;\"><strong>Art. 212.-<\/strong> Les sancions que es poden imposar per la comissi\u00f3 de faltes son:<\/span><\/p>\n<p style=\"padding-left: 80px;\"><span style=\"color: #333399;\">1. &#8211; Pagament dels desperfectes ocasionats al material cedit en base a la quantia acordada pels centres del territori. En cas que no siguin satisfetes l\u2019alumnat i les fam\u00edlies passaran a formar part de la llista de morosos del centre amb les conseq\u00fc\u00e8ncies corresponents.<\/span><\/p>\n<p>Es pot trobar el contingut sencer d&#8217;aquests documents fent clic en els seg\u00fcents enlla\u00e7os: <a href=\"https:\/\/agora.xtec.cat\/iesjulioantonio\/linstitut\/documents\/\">PEC<\/a> i <a href=\"https:\/\/agora.xtec.cat\/iesjulioantonio\/linstitut\/documents\/\">NOFC<\/a>.<\/p>\n","protected":false},"excerpt":{"rendered":"<p>Documentaci\u00f3 Acolliment digital Descripci\u00f3 dels serveis Portals digitals i xarxes socials Comunicaci\u00f3 de la comunitat educativa Acolliment digital S&#8217;estableixen 3 grups en relaci\u00f3 a l&#8217;Acolliment Digital (Alumnat, Fam\u00edlies i Professorat). A continuaci\u00f3 es detallen a quin grup aplica cadascun dels serveis digitals explicats en la seg\u00fcent secci\u00f3 (que estan numerats i per ordre en qu\u00e8 [&hellip;]<\/p>\n","protected":false},"author":14,"featured_media":0,"parent":4400,"menu_order":2,"comment_status":"closed","ping_status":"closed","template":"","meta":{"_bbp_topic_count":0,"_bbp_reply_count":0,"_bbp_total_topic_count":0,"_bbp_total_reply_count":0,"_bbp_voice_count":0,"_bbp_anonymous_reply_count":0,"_bbp_topic_count_hidden":0,"_bbp_reply_count_hidden":0,"_bbp_forum_subforum_count":0,"site-sidebar-layout":"default","site-content-layout":"","ast-site-content-layout":"default","site-content-style":"default","site-sidebar-style":"default","ast-global-header-display":"","ast-banner-title-visibility":"","ast-main-header-display":"","ast-hfb-above-header-display":"","ast-hfb-below-header-display":"","ast-hfb-mobile-header-display":"","site-post-title":"","ast-breadcrumbs-content":"","ast-featured-img":"","footer-sml-layout":"","theme-transparent-header-meta":"","adv-header-id-meta":"","stick-header-meta":"","header-above-stick-meta":"","header-main-stick-meta":"","header-below-stick-meta":"","astra-migrate-meta-layouts":"set","ast-page-background-enabled":"default","ast-page-background-meta":{"desktop":{"background-color":"var(--ast-global-color-4)","background-image":"","background-repeat":"repeat","background-position":"center center","background-size":"auto","background-attachment":"scroll","background-type":"","background-media":"","overlay-type":"","overlay-color":"","overlay-opacity":"","overlay-gradient":""},"tablet":{"background-color":"","background-image":"","background-repeat":"repeat","background-position":"center center","background-size":"auto","background-attachment":"scroll","background-type":"","background-media":"","overlay-type":"","overlay-color":"","overlay-opacity":"","overlay-gradient":""},"mobile":{"background-color":"","background-image":"","background-repeat":"repeat","background-position":"center center","background-size":"auto","background-attachment":"scroll","background-type":"","background-media":"","overlay-type":"","overlay-color":"","overlay-opacity":"","overlay-gradient":""}},"ast-content-background-meta":{"desktop":{"background-color":"var(--ast-global-color-5)","background-image":"","background-repeat":"repeat","background-position":"center center","background-size":"auto","background-attachment":"scroll","background-type":"","background-media":"","overlay-type":"","overlay-color":"","overlay-opacity":"","overlay-gradient":""},"tablet":{"background-color":"var(--ast-global-color-5)","background-image":"","background-repeat":"repeat","background-position":"center center","background-size":"auto","background-attachment":"scroll","background-type":"","background-media":"","overlay-type":"","overlay-color":"","overlay-opacity":"","overlay-gradient":""},"mobile":{"background-color":"var(--ast-global-color-5)","background-image":"","background-repeat":"repeat","background-position":"center center","background-size":"auto","background-attachment":"scroll","background-type":"","background-media":"","overlay-type":"","overlay-color":"","overlay-opacity":"","overlay-gradient":""}},"footnotes":""},"class_list":["post-4665","page","type-page","status-publish","hentry"],"post_mailing_queue_ids":[],"_links":{"self":[{"href":"https:\/\/agora.xtec.cat\/iesjulioantonio\/wp-json\/wp\/v2\/pages\/4665","targetHints":{"allow":["GET"]}}],"collection":[{"href":"https:\/\/agora.xtec.cat\/iesjulioantonio\/wp-json\/wp\/v2\/pages"}],"about":[{"href":"https:\/\/agora.xtec.cat\/iesjulioantonio\/wp-json\/wp\/v2\/types\/page"}],"author":[{"embeddable":true,"href":"https:\/\/agora.xtec.cat\/iesjulioantonio\/wp-json\/wp\/v2\/users\/14"}],"replies":[{"embeddable":true,"href":"https:\/\/agora.xtec.cat\/iesjulioantonio\/wp-json\/wp\/v2\/comments?post=4665"}],"version-history":[{"count":6,"href":"https:\/\/agora.xtec.cat\/iesjulioantonio\/wp-json\/wp\/v2\/pages\/4665\/revisions"}],"predecessor-version":[{"id":8897,"href":"https:\/\/agora.xtec.cat\/iesjulioantonio\/wp-json\/wp\/v2\/pages\/4665\/revisions\/8897"}],"up":[{"embeddable":true,"href":"https:\/\/agora.xtec.cat\/iesjulioantonio\/wp-json\/wp\/v2\/pages\/4400"}],"wp:attachment":[{"href":"https:\/\/agora.xtec.cat\/iesjulioantonio\/wp-json\/wp\/v2\/media?parent=4665"}],"curies":[{"name":"wp","href":"https:\/\/api.w.org\/{rel}","templated":true}]}}