{"id":797,"date":"2025-01-09T15:38:56","date_gmt":"2025-01-09T14:38:56","guid":{"rendered":"https:\/\/agora.xtec.cat\/iesjplafarreras\/?page_id=797"},"modified":"2025-01-09T15:50:38","modified_gmt":"2025-01-09T14:50:38","slug":"altres-projectes","status":"publish","type":"page","link":"https:\/\/agora.xtec.cat\/iesjplafarreras\/projecte-educatiu\/altres-projectes\/","title":{"rendered":"Altres projectes de millora i innovaci\u00f3"},"content":{"rendered":"<header class=\"entry-header\"><\/header>\n<div class=\"entry-content\">\n<p>Alguns dels principals projectes d&#8217;innovaci\u00f3 i millora en qu\u00e8 el centre est\u00e0 participant o ha participat recentment s\u00f3n:<\/p>\n<div class=\"section noChildren\">\n<ul>\n<li class=\"page_item page-item-685 title\"><a href=\"https:\/\/projectes.xtec.cat\/steamcat\/\">STEAMcat<\/a>, programa d\u2019innovaci\u00f3 pedag\u00f2gica per a l\u2019impuls de l\u2019aprenentatge de les ci\u00e8ncies i la tecnologia.<\/li>\n<\/ul>\n<\/div>\n<div class=\"section noChildren\">\n<ul>\n<li class=\"page_item page-item-683 title\"><a href=\"https:\/\/projectes.xtec.cat\/internacional\/altres-programes\/que-es-un-programa-dinternacionalitzacio\/\">Global Scholars<\/a>, programa internacional d\u2019aprenentatge en l\u00ednia que connecta estudiants d\u2019escoles situades en ciutats d\u2019arreu del m\u00f3n.<\/li>\n<\/ul>\n<div class=\"section noChildren\">\n<ul>\n<li class=\"page_item page-item-683 title\"><a href=\"https:\/\/educacio.gencat.cat\/ca\/departament\/linies-estrategiques\/programaflorence\/\">Programa Florence<\/a>, per a la millora de la compet\u00e8ncia matem\u00e0tica<\/li>\n<\/ul>\n<\/div>\n<div class=\"section noChildren\">\n<ul>\n<li><a href=\"https:\/\/desfake.cat\/\">Alfabetitzaci\u00f3 medi\u00e0tica i informacional<\/a><\/li>\n<\/ul>\n<\/div>\n<\/div>\n<div class=\"section noChildren\">\n<div class=\"section noChildren\">\n<ul>\n<li class=\"page_item page-item-683 title\"><a href=\"https:\/\/escuelasembajadoras.eu\/\">Escola Ambaixadora del Parlament Europeu<\/a>, per estimular el coneixement d\u2019Europa, la democr\u00e0cia parlament\u00e0ria i incentivar la participaci\u00f3 activa de l\u2019alumnat.<\/li>\n<\/ul>\n<\/div>\n<div class=\"section noChildren\"><\/div>\n<\/div>\n<div class=\"section noChildren\"><\/div>\n<div><a href=\"https:\/\/agora.xtec.cat\/iesjplafarreras\/wp-content\/uploads\/usu2960\/2025\/01\/logo-florence.png_1130349558.png\"><br \/>\n<\/a><a href=\"https:\/\/agora.xtec.cat\/iesjplafarreras\/wp-content\/uploads\/usu2960\/2025\/01\/escola-ambaixadora.png\"><img loading=\"lazy\" decoding=\"async\" class=\" wp-image-795 alignnone\" src=\"https:\/\/agora.xtec.cat\/iesjplafarreras\/wp-content\/uploads\/usu2960\/2025\/01\/escola-ambaixadora.png\" sizes=\"auto, (max-width: 233px) 100vw, 233px\" srcset=\"https:\/\/agora.xtec.cat\/iesjplafarreras\/wp-content\/uploads\/usu2960\/2025\/01\/escola-ambaixadora.png 375w, https:\/\/agora.xtec.cat\/iesjplafarreras\/wp-content\/uploads\/usu2960\/2025\/01\/escola-ambaixadora-300x180.png 300w\" alt=\"\" width=\"233\" height=\"140\" \/><\/a><a href=\"https:\/\/agora.xtec.cat\/iesjplafarreras\/wp-content\/uploads\/usu2960\/2025\/01\/globalscholars.png\"><img loading=\"lazy\" decoding=\"async\" class=\" wp-image-794 alignleft\" src=\"https:\/\/agora.xtec.cat\/iesjplafarreras\/wp-content\/uploads\/usu2960\/2025\/01\/globalscholars.png\" alt=\"\" width=\"168\" height=\"119\" \/><\/a><a href=\"https:\/\/agora.xtec.cat\/iesjplafarreras\/wp-content\/uploads\/usu2960\/2025\/01\/steamcat.png\"><img loading=\"lazy\" decoding=\"async\" class=\"wp-image-793 alignleft\" src=\"https:\/\/agora.xtec.cat\/iesjplafarreras\/wp-content\/uploads\/usu2960\/2025\/01\/steamcat.png\" sizes=\"auto, (max-width: 162px) 100vw, 162px\" srcset=\"https:\/\/agora.xtec.cat\/iesjplafarreras\/wp-content\/uploads\/usu2960\/2025\/01\/steamcat.png 960w, https:\/\/agora.xtec.cat\/iesjplafarreras\/wp-content\/uploads\/usu2960\/2025\/01\/steamcat-300x225.png 300w, https:\/\/agora.xtec.cat\/iesjplafarreras\/wp-content\/uploads\/usu2960\/2025\/01\/steamcat-768x576.png 768w, https:\/\/agora.xtec.cat\/iesjplafarreras\/wp-content\/uploads\/usu2960\/2025\/01\/steamcat-200x150.png 200w\" alt=\"\" width=\"162\" height=\"121\" \/><\/a><a href=\"https:\/\/agora.xtec.cat\/iesjplafarreras\/wp-content\/uploads\/usu2960\/2025\/01\/logo-florence.png_1130349558.png\"><img loading=\"lazy\" decoding=\"async\" class=\"wp-image-792 alignleft\" src=\"https:\/\/agora.xtec.cat\/iesjplafarreras\/wp-content\/uploads\/usu2960\/2025\/01\/logo-florence.png_1130349558.png\" sizes=\"auto, (max-width: 407px) 100vw, 407px\" srcset=\"https:\/\/agora.xtec.cat\/iesjplafarreras\/wp-content\/uploads\/usu2960\/2025\/01\/logo-florence.png_1130349558.png 750w, https:\/\/agora.xtec.cat\/iesjplafarreras\/wp-content\/uploads\/usu2960\/2025\/01\/logo-florence.png_1130349558-300x90.png 300w\" alt=\"\" width=\"407\" height=\"122\" \/><\/a><\/div>\n<\/div>\n","protected":false},"excerpt":{"rendered":"<p>Alguns dels principals projectes d&#8217;innovaci\u00f3 i millora en qu\u00e8 el centre est\u00e0 participant o ha participat recentment s\u00f3n:<\/p>\n<ul>\n<li class=\"page_item page-item-685 title\"><a href=\"https:\/\/projectes.xtec.cat\/steamcat\/\">STEAMcat<\/a>, programa d\u2019innovaci\u00f3 pedag\u00f2gica per a l\u2019impuls de l\u2019aprenentatge de les ci\u00e8ncies i la tecnologia.<\/li>\n<\/ul>\n<ul>\n<li class=\"page_item page-item-683 title\"><a href=\"https:\/\/projectes.xtec.cat\/internacional\/altres-programes\/que-es-un-programa-dinternacionalitzacio\/\">Global Scholars<\/a>, programa internacional d\u2019aprenentatge en&hellip;  <a href=\"https:\/\/agora.xtec.cat\/iesjplafarreras\/projecte-educatiu\/altres-projectes\/\" title=\"Read Altres projectes de millora i innovaci\u00f3\">Llegeix m\u00e9s\u00bb<\/a><br \/>\n","protected":false},"author":5,"featured_media":0,"parent":57,"menu_order":4,"comment_status":"closed","ping_status":"closed","template":"page-templates\/side-menu.php","meta":{"_bbp_topic_count":0,"_bbp_reply_count":0,"_bbp_total_topic_count":0,"_bbp_total_reply_count":0,"_bbp_voice_count":0,"_bbp_anonymous_reply_count":0,"_bbp_topic_count_hidden":0,"_bbp_reply_count_hidden":0,"_bbp_forum_subforum_count":0,"footnotes":""},"class_list":["post-797","page","type-page","status-publish","hentry"],"post_mailing_queue_ids":[],"_links":{"self":[{"href":"https:\/\/agora.xtec.cat\/iesjplafarreras\/wp-json\/wp\/v2\/pages\/797","targetHints":{"allow":["GET"]}}],"collection":[{"href":"https:\/\/agora.xtec.cat\/iesjplafarreras\/wp-json\/wp\/v2\/pages"}],"about":[{"href":"https:\/\/agora.xtec.cat\/iesjplafarreras\/wp-json\/wp\/v2\/types\/page"}],"author":[{"embeddable":true,"href":"https:\/\/agora.xtec.cat\/iesjplafarreras\/wp-json\/wp\/v2\/users\/5"}],"replies":[{"embeddable":true,"href":"https:\/\/agora.xtec.cat\/iesjplafarreras\/wp-json\/wp\/v2\/comments?post=797"}],"version-history":[{"count":4,"href":"https:\/\/agora.xtec.cat\/iesjplafarreras\/wp-json\/wp\/v2\/pages\/797\/revisions"}],"predecessor-version":[{"id":806,"href":"https:\/\/agora.xtec.cat\/iesjplafarreras\/wp-json\/wp\/v2\/pages\/797\/revisions\/806"}],"up":[{"embeddable":true,"href":"https:\/\/agora.xtec.cat\/iesjplafarreras\/wp-json\/wp\/v2\/pages\/57"}],"wp:attachment":[{"href":"https:\/\/agora.xtec.cat\/iesjplafarreras\/wp-json\/wp\/v2\/media?parent=797"}],"curies":[{"name":"wp","href":"https:\/\/api.w.org\/{rel}","templated":true}]}}