{"id":756,"date":"2024-12-20T09:56:56","date_gmt":"2024-12-20T08:56:56","guid":{"rendered":"https:\/\/agora.xtec.cat\/iesjplafarreras\/?page_id=756"},"modified":"2025-06-18T20:19:37","modified_gmt":"2025-06-18T18:19:37","slug":"afa","status":"publish","type":"page","link":"https:\/\/agora.xtec.cat\/iesjplafarreras\/afa\/","title":{"rendered":"AFA"},"content":{"rendered":"<p dir=\"ltr\"><strong>QUI SOM?\u00a0<\/strong><\/p>\n<p dir=\"ltr\">Els membres de la Junta de l&#8217;AFA som voluntaris, que fem tasques diverses a l&#8217;AFA perqu\u00e8 ens agrada molt i perqu\u00e8 pensem que aix\u00ed contribu\u00efm a millorar l&#8217;institut de les nostres filles i fills.<\/p>\n<p>&nbsp;<\/p>\n<p dir=\"ltr\"><strong>QU\u00c8 FA L&#8217;AFA?\u00a0<\/strong><\/p>\n<p dir=\"ltr\">Entre altres, perqu\u00e8 la llista no s&#8217;acaba mai:<\/p>\n<p dir=\"ltr\">&#8211; Cobrim el cost de la biblioteca &amp; bibliotec\u00e0ria.<\/p>\n<p dir=\"ltr\">&#8211; Contractem les extraescolars i el servei de menjador<\/p>\n<p dir=\"ltr\">&#8211; Col\u00b7laborem econ\u00f2micament en les millores en la infraestructura de les instal\u00b7lacions del Plafa<\/p>\n<p dir=\"ltr\">&#8211; Participem econ\u00f2micament en les festes del Plafa i la seva organitzaci\u00f3.<\/p>\n<p dir=\"ltr\">&#8211; Organitzem xerrades per a les fam\u00edlies<\/p>\n<p dir=\"ltr\">&#8211; Col\u00b7laborem en la Magic Line de Sant Joan de D\u00e9u<\/p>\n<p dir=\"ltr\">&#8211; Col\u00b7laborem amb els premis MVM Manuel V\u00e1zquez Montalb\u00e1n de treballs de recerca de batxillerat.<\/p>\n<p>&nbsp;<\/p>\n<p dir=\"ltr\"><strong>INFORMACI\u00d3 I CONTACTE:<\/strong><\/p>\n<p dir=\"ltr\">&#8211; Ens reunim durant el curs un dilluns al mes a la Casa de Cultura, les convocat\u00f2ries us arribar\u00e0 per email.<\/p>\n<p>&#8211; Ens podeu contactar a: <a href=\"mailto:afa@plafarreras.cat\" target=\"_blank\" rel=\"noopener\">afa@plafarreras.cat<\/a><\/p>\n<p><!--a=1--><!--a=1--><\/p>\n","protected":false},"excerpt":{"rendered":"<p>QUI SOM?\u00a0<br \/>\nEls membres de la Junta de l&#8217;AFA som voluntaris, que fem tasques diverses a l&#8217;AFA perqu\u00e8 ens agrada molt i perqu\u00e8 pensem que aix\u00ed contribu\u00efm a millorar l&#8217;institut de les nostres filles i fills.<br \/>\n&nbsp;<br \/>\nQU\u00c8 FA L&#8217;AFA?\u00a0<br \/>\nEntre altres, perqu\u00e8 la llista no s&#8217;acaba mai:<br \/>\n&#8211; Cobrim&hellip;  <a href=\"https:\/\/agora.xtec.cat\/iesjplafarreras\/afa\/\" title=\"Read AFA\">Llegeix m\u00e9s\u00bb<\/a><\/p>\n","protected":false},"author":1,"featured_media":0,"parent":0,"menu_order":0,"comment_status":"closed","ping_status":"closed","template":"","meta":{"_bbp_topic_count":0,"_bbp_reply_count":0,"_bbp_total_topic_count":0,"_bbp_total_reply_count":0,"_bbp_voice_count":0,"_bbp_anonymous_reply_count":0,"_bbp_topic_count_hidden":0,"_bbp_reply_count_hidden":0,"_bbp_forum_subforum_count":0,"footnotes":""},"class_list":["post-756","page","type-page","status-publish","hentry"],"post_mailing_queue_ids":[],"_links":{"self":[{"href":"https:\/\/agora.xtec.cat\/iesjplafarreras\/wp-json\/wp\/v2\/pages\/756","targetHints":{"allow":["GET"]}}],"collection":[{"href":"https:\/\/agora.xtec.cat\/iesjplafarreras\/wp-json\/wp\/v2\/pages"}],"about":[{"href":"https:\/\/agora.xtec.cat\/iesjplafarreras\/wp-json\/wp\/v2\/types\/page"}],"author":[{"embeddable":true,"href":"https:\/\/agora.xtec.cat\/iesjplafarreras\/wp-json\/wp\/v2\/users\/1"}],"replies":[{"embeddable":true,"href":"https:\/\/agora.xtec.cat\/iesjplafarreras\/wp-json\/wp\/v2\/comments?post=756"}],"version-history":[{"count":2,"href":"https:\/\/agora.xtec.cat\/iesjplafarreras\/wp-json\/wp\/v2\/pages\/756\/revisions"}],"predecessor-version":[{"id":964,"href":"https:\/\/agora.xtec.cat\/iesjplafarreras\/wp-json\/wp\/v2\/pages\/756\/revisions\/964"}],"wp:attachment":[{"href":"https:\/\/agora.xtec.cat\/iesjplafarreras\/wp-json\/wp\/v2\/media?parent=756"}],"curies":[{"name":"wp","href":"https:\/\/api.w.org\/{rel}","templated":true}]}}