{"id":75,"date":"2014-09-18T10:21:02","date_gmt":"2014-09-18T09:21:02","guid":{"rendered":"http:\/\/agora.xtec.cat\/iesjplafarreras\/?page_id=75"},"modified":"2025-06-18T20:31:44","modified_gmt":"2025-06-18T18:31:44","slug":"activitats-extraescolars","status":"publish","type":"page","link":"https:\/\/agora.xtec.cat\/iesjplafarreras\/serveis\/activitats-extraescolars\/","title":{"rendered":"Activitats extraescolars"},"content":{"rendered":"<div>\n<h3><strong>CORAL<\/strong><\/h3>\n<\/div>\n<div id=\"red_box_container\">\n<div id=\"red_box_container-deco01\">\n<div id=\"red-box01\" class=\"red_box_frame big-red-box \">\n<div class=\"red_box_frame-deco01\">\n<div class=\"red_box_frame-deco02\">\n<div class=\"red_box_frame-deco03\">\n<div class=\"red-box-inner\">\n<div id=\"pr_632761\" class=\"red_box\">\n<div class=\"red-box-content\">\n<div>\n<p>Com alguns de vosaltres ja sabeu, a l\u2019Institut tenim aquesta agrupaci\u00f3 musical formada per alumnes del centre. Aquesta activitat extraescolar s\u2019organitza i s\u2019imparteix des de l\u2019\u00e0rea de m\u00fasica de l\u2019Institut, aix\u00ed doncs la inscripci\u00f3 no segueix el procediment de la resta d\u2019extraescolars. A continuaci\u00f3 teniu m\u00e9s informaci\u00f3:<\/p>\n<ul style=\"list-style-type: disc;\">\n<li>Quin dia i hora es fa? Els<em>\u00a0dimecres de les 15 h a les 16 h a l\u2019aula de m\u00fasica. Com que els alumnes no tenen temps d\u2019anar a dinar a fora, dinen a la mateixa aula de m\u00fasica de 14:30\u202fh a 15\u202fh. Es comen\u00e7ar\u00e0 el primer dimecres d\u2019octubre.<\/em><\/li>\n<li>Quins alumnes es poden apuntar? <em>Qualsevol alumne d\u2019ESO o Batxillerat matriculat a l\u2019institut.<\/em><\/li>\n<li>Com ho haig de fer? Caldr\u00e0<em>\u00a0posar-se en contacte amb el professorat de l\u2019\u00e0rea de m\u00fasica.<\/em><\/li>\n<li>Quin preu t\u00e9? <em>\u00c9s gratu\u00efta<\/em><\/li>\n<li>Qu\u00e8 es fa? <em>L\u2019objectiu d\u2019aquesta activitat \u00e9s obrir les portes a tot aquell que vulgui viure la m\u00fasica, aix\u00ed que seran benvinguts\/des tots aquells\/es que tinguin ganes de cantar. Preparem repertori de diferents estils per despr\u00e9s interpretar-lo a les actuacions que van sorgint durant el curs. El plat fort del conjunt coral \u00e9s la participaci\u00f3 a la trobada COM SONA L\u2019ESO, que reuneix prop de 1500 alumnes de diferents Instituts d\u2019arreu del Pa\u00eds Valenci\u00e0, Balears i Catalunya en un espectacle d\u2019alta qualitat esc\u00e8nica i musical.<\/em><\/li>\n<\/ul>\n<\/div>\n<\/div>\n<\/div>\n<\/div>\n<p>&nbsp;<\/p>\n<\/div>\n<div>\n<h3><strong>TALLER DE SUPORT INTENSIU D&#8217;ANGL\u00c8S<\/strong><\/h3>\n<\/div>\n<\/div>\n<\/div>\n<div><\/div>\n<div class=\"red_box_frame-deco01\">\n<div class=\"red_box_frame-deco02\">\n<div class=\"red_box_frame-deco03\">\n<div class=\"red-box-inner\">\n<div id=\"pr_632761\" class=\"red_box\">\n<ul>\n<li>Adre\u00e7at als alumnes de 2n ESO durant el curs 2024-2025.<\/li>\n<li>Les classes es duran a terme al segon i tercer trimestre del curs 2024-25, comen\u00e7aran el 4 de mar\u00e7 i acabaran el 22 de maig, coincidint amb el calendari lectiu del centre.<\/li>\n<li>2 sessions setmanals d\u2019una hora i mitja de durada cadascuna.<\/li>\n<li>Horari: dimarts i dijous, de 15:30 a 17:00.<\/li>\n<li>Les classes es duran a terme a les instal\u00b7lacions del propi centre.<\/li>\n<li>1 grup redu\u00eft: m\u00e0xim 12 alumnes per grup. Treballar amb grups redu\u00efts permetr\u00e0 donar resposta a les necessitats educatives de cada alumne.<\/li>\n<li>L\u2019objectiu principal del curs \u00e9s que els alumnes millorin la seva compet\u00e8ncia comunicativa en llengua anglesa (comprensi\u00f3 i expressi\u00f3 tant a nivell oral com escrit).<br \/>\nTamb\u00e9 es refor\u00e7ar\u00e0 la gram\u00e0tica b\u00e0sica.<\/li>\n<\/ul>\n<div class=\"red-box-content\">\n<table style=\"border-style: hidden;\">\n<tbody>\n<tr>\n<td style=\"border-style: hidden;\"><a href=\"https:\/\/agora.xtec.cat\/iesjplafarreras\/wp-content\/uploads\/usu2960\/2025\/06\/pee.jpg\"><img loading=\"lazy\" decoding=\"async\" class=\"alignnone wp-image-962\" src=\"https:\/\/agora.xtec.cat\/iesjplafarreras\/wp-content\/uploads\/usu2960\/2025\/06\/pee.jpg\" alt=\"\" width=\"155\" height=\"130\" \/><\/a><\/td>\n<td style=\"border-style: hidden;\"><a href=\"https:\/\/agora.xtec.cat\/iesjplafarreras\/wp-content\/uploads\/usu2960\/2025\/06\/ajuntament.jpg\"><img loading=\"lazy\" decoding=\"async\" class=\"alignnone wp-image-961\" src=\"https:\/\/agora.xtec.cat\/iesjplafarreras\/wp-content\/uploads\/usu2960\/2025\/06\/ajuntament.jpg\" alt=\"\" width=\"233\" height=\"80\" \/><\/a><\/td>\n<td style=\"border-style: hidden;\"><a href=\"https:\/\/agora.xtec.cat\/iesjplafarreras\/wp-content\/uploads\/usu2960\/2025\/06\/se.jpg\"><img loading=\"lazy\" decoding=\"async\" class=\"alignnone wp-image-960\" src=\"https:\/\/agora.xtec.cat\/iesjplafarreras\/wp-content\/uploads\/usu2960\/2025\/06\/se.jpg\" alt=\"\" width=\"116\" height=\"116\" srcset=\"https:\/\/agora.xtec.cat\/iesjplafarreras\/wp-content\/uploads\/usu2960\/2025\/06\/se.jpg 400w, https:\/\/agora.xtec.cat\/iesjplafarreras\/wp-content\/uploads\/usu2960\/2025\/06\/se-300x300.jpg 300w, https:\/\/agora.xtec.cat\/iesjplafarreras\/wp-content\/uploads\/usu2960\/2025\/06\/se-150x150.jpg 150w\" sizes=\"auto, (max-width: 116px) 100vw, 116px\" \/><\/a><\/td>\n<td style=\"border-style: none; border-color: #000000;\"><a href=\"https:\/\/agora.xtec.cat\/iesjplafarreras\/wp-content\/uploads\/usu2960\/2025\/06\/learningschool.jpeg\"><img loading=\"lazy\" decoding=\"async\" class=\"alignnone size-full wp-image-965\" src=\"https:\/\/agora.xtec.cat\/iesjplafarreras\/wp-content\/uploads\/usu2960\/2025\/06\/learningschool.jpeg\" alt=\"\" width=\"134\" height=\"108\" \/><\/a><\/td>\n<\/tr>\n<\/tbody>\n<\/table>\n<h3><strong>RESTA D\u2019ACTIVITATS<\/strong><\/h3>\n<div>Organitzades per l\u2019empresa <strong><a href=\"https:\/\/paidos.fundesplai.org\/escoles\/institut-pla-i-farreras\/\">PAIDOS <\/a><\/strong>i l\u2019Associaci\u00f3 esportiva de l\u2019Institut.<\/div>\n<\/div>\n<\/div>\n<div><\/div>\n<\/div>\n<\/div>\n<\/div>\n<div><\/div>\n<\/div>\n<\/div>\n<\/div>\n<\/div>\n<p>&nbsp;<\/p>\n<p><img loading=\"lazy\" decoding=\"async\" class=\"alignnone size-large\" src=\"https:\/\/paidos.fundesplai.org\/wp-content\/uploads\/2024\/10\/Graella-Plafa-24-25-e1728286731712.jpg\" alt=\"Extraescolars\" width=\"1046\" height=\"1456\" \/><\/p>\n<p><!----comment node----><!--a=1--><!--a=1--><!--a=1--><!--a=1--><\/p>\n<p><!----comment node----><!--a=1--><\/p>\n<p><!--a=1--><!--a=1--><\/p>\n","protected":false},"excerpt":{"rendered":"<p>CORAL<\/p>\n<p>Com alguns de vosaltres ja sabeu, a l\u2019Institut tenim aquesta agrupaci\u00f3 musical formada per alumnes del centre. Aquesta activitat extraescolar s\u2019organitza i s\u2019imparteix des de l\u2019\u00e0rea de m\u00fasica de l\u2019Institut, aix\u00ed doncs la inscripci\u00f3 no segueix el procediment de la resta d\u2019extraescolars. A continuaci\u00f3 teniu&hellip;  <a href=\"https:\/\/agora.xtec.cat\/iesjplafarreras\/serveis\/activitats-extraescolars\/\" title=\"Read Activitats extraescolars\">Llegeix m\u00e9s\u00bb<\/a><\/p>\n","protected":false},"author":1,"featured_media":0,"parent":63,"menu_order":2,"comment_status":"closed","ping_status":"closed","template":"page-templates\/side-menu.php","meta":{"_bbp_topic_count":0,"_bbp_reply_count":0,"_bbp_total_topic_count":0,"_bbp_total_reply_count":0,"_bbp_voice_count":0,"_bbp_anonymous_reply_count":0,"_bbp_topic_count_hidden":0,"_bbp_reply_count_hidden":0,"_bbp_forum_subforum_count":0,"footnotes":""},"class_list":["post-75","page","type-page","status-publish","hentry"],"post_mailing_queue_ids":[],"_links":{"self":[{"href":"https:\/\/agora.xtec.cat\/iesjplafarreras\/wp-json\/wp\/v2\/pages\/75","targetHints":{"allow":["GET"]}}],"collection":[{"href":"https:\/\/agora.xtec.cat\/iesjplafarreras\/wp-json\/wp\/v2\/pages"}],"about":[{"href":"https:\/\/agora.xtec.cat\/iesjplafarreras\/wp-json\/wp\/v2\/types\/page"}],"author":[{"embeddable":true,"href":"https:\/\/agora.xtec.cat\/iesjplafarreras\/wp-json\/wp\/v2\/users\/1"}],"replies":[{"embeddable":true,"href":"https:\/\/agora.xtec.cat\/iesjplafarreras\/wp-json\/wp\/v2\/comments?post=75"}],"version-history":[{"count":7,"href":"https:\/\/agora.xtec.cat\/iesjplafarreras\/wp-json\/wp\/v2\/pages\/75\/revisions"}],"predecessor-version":[{"id":967,"href":"https:\/\/agora.xtec.cat\/iesjplafarreras\/wp-json\/wp\/v2\/pages\/75\/revisions\/967"}],"up":[{"embeddable":true,"href":"https:\/\/agora.xtec.cat\/iesjplafarreras\/wp-json\/wp\/v2\/pages\/63"}],"wp:attachment":[{"href":"https:\/\/agora.xtec.cat\/iesjplafarreras\/wp-json\/wp\/v2\/media?parent=75"}],"curies":[{"name":"wp","href":"https:\/\/api.w.org\/{rel}","templated":true}]}}