{"id":46,"date":"2014-09-17T16:53:45","date_gmt":"2014-09-17T16:53:45","guid":{"rendered":"http:\/\/agora.xtec.cat\/iesjplafarreras\/?page_id=46"},"modified":"2025-10-07T12:05:18","modified_gmt":"2025-10-07T10:05:18","slug":"organigrama","status":"publish","type":"page","link":"https:\/\/agora.xtec.cat\/iesjplafarreras\/linstitut\/organigrama\/","title":{"rendered":"Organigrama"},"content":{"rendered":"<h3><strong><span class=\"h3_txt\">EQUIP DIRECTIU<\/span><\/strong><\/h3>\n<p>L\u2019equip directiu \u00e9s l\u2019\u00f2rgan executiu de les decisions del Claustre de professors i del Consell Escolar. Est\u00e0 constitu\u00eft per:<\/p>\n<table style=\"border-collapse: collapse; width: 44.1819%; height: 194px;\">\n<tbody>\n<tr style=\"height: 32px;\">\n<td style=\"width: 29.4616%; height: 32px; background-color: #e3882d; text-align: left;\"><span style=\"color: #ffffff;\"><strong>C\u00e0rrec<\/strong><\/span><\/td>\n<td style=\"width: 15.109%; height: 32px; background-color: #e3882d; text-align: left;\"><span style=\"color: #ffffff;\"><strong>Nom<\/strong><\/span><\/td>\n<\/tr>\n<tr style=\"height: 32px;\">\n<td style=\"width: 29.4616%; height: 32px;\">Director<\/td>\n<td style=\"width: 15.109%; height: 32px;\">Guillermo Mat\u00edas<\/td>\n<\/tr>\n<tr style=\"height: 32px;\">\n<td style=\"width: 29.4616%; height: 32px;\">Cap d&#8217;Estudis<\/td>\n<td style=\"width: 15.109%; height: 32px;\">Gemma Torrej\u00f3n<\/td>\n<\/tr>\n<tr style=\"height: 32px;\">\n<td style=\"width: 29.4616%; height: 32px;\">Coordinadora Pedag\u00f2gica<\/td>\n<td style=\"width: 15.109%; height: 32px;\">Eva Mir\u00f3<\/td>\n<\/tr>\n<tr style=\"height: 32px;\">\n<td style=\"width: 29.4616%; height: 32px;\">Secret\u00e0ria<\/td>\n<td style=\"width: 15.109%; height: 32px;\">Silvia Espinosa<\/td>\n<\/tr>\n<tr style=\"height: 32px;\">\n<td style=\"width: 29.4616%; height: 32px;\">Cap d&#8217;estudis adjunt i Coordinador digital<\/td>\n<td style=\"width: 15.109%; height: 32px;\">Toni Aparicio<\/td>\n<\/tr>\n<\/tbody>\n<\/table>\n<h3><\/h3>\n<h3><strong><span class=\"h3_txt\">COORDINADORS, CAPS D&#8217;\u00c0MBIT I DE DEPARTAMENTS<\/span><\/strong><\/h3>\n<p>L\u2019Institut Joaquima Pla Farreras opta per un model d&#8217;organitzaci\u00f3 competencial que permet la presa de decisions compartides en temes de programaci\u00f3 del curr\u00edculum, coordinaci\u00f3 transversal, formaci\u00f3 permanent, processos d&#8217;avaluaci\u00f3 i el desenvolupament de projectes innovadors. Per fer-ho es treballa a partir de la distribuci\u00f3 de tasques per coordinacions i el treball transversal i de departaments.<\/p>\n<table style=\"border-collapse: collapse; width: 44.3491%; height: 480px;\">\n<tbody>\n<tr style=\"background-color: #128ae6;\">\n<td style=\"width: 41.6356%; height: 32px;\"><strong><span style=\"color: #ffffff;\">C\u00e0rrec<\/span><\/strong><\/td>\n<td style=\"width: 20.3709%; height: 32px;\"><strong><span style=\"color: #ffffff;\">Nom<\/span><\/strong><\/td>\n<\/tr>\n<tr style=\"height: 32px;\">\n<td style=\"width: 41.6356%; height: 32px;\">Coordinadora CLIC<\/td>\n<td style=\"width: 20.3709%; height: 32px;\">Bernat Roman\u00ed<\/td>\n<\/tr>\n<tr style=\"height: 32px;\">\n<td style=\"width: 41.6356%; height: 32px;\">Coordinador Riscos Laborals<\/td>\n<td style=\"width: 20.3709%; height: 32px;\">Josep Maria Casado<\/td>\n<\/tr>\n<tr style=\"height: 32px;\">\n<td style=\"width: 41.6356%; height: 32px;\">Coordinadora Socio ling\u00fc\u00edstic<\/td>\n<td style=\"width: 20.3709%; height: 32px;\">Merc\u00e8 Briones<\/td>\n<\/tr>\n<tr style=\"height: 32px;\">\n<td style=\"width: 41.6356%; height: 32px;\">Coordinadora STEAM<\/td>\n<td style=\"width: 20.3709%; height: 32px;\">Merche Montes<\/td>\n<\/tr>\n<tr style=\"height: 32px;\">\n<td style=\"width: 41.6356%; height: 32px;\">Coordinador Temps de Llegir<\/td>\n<td style=\"width: 20.3709%; height: 32px;\">Bernat Roman\u00ed<\/td>\n<\/tr>\n<tr style=\"height: 32px;\">\n<td style=\"width: 41.6356%; height: 32px;\">Cap d&#8217;\u00c0rea Matem\u00e0tiques<\/td>\n<td style=\"width: 20.3709%; height: 32px;\">Bernat Roman\u00ed<\/td>\n<\/tr>\n<tr style=\"height: 32px;\">\n<td style=\"width: 41.6356%; height: 32px;\">Cap d&#8217;\u00c0rea Tecnologia<\/td>\n<td style=\"width: 20.3709%; height: 32px;\">Angelina Figuera<\/td>\n<\/tr>\n<tr style=\"height: 32px;\">\n<td style=\"width: 41.6356%; height: 32px;\">Cap d&#8217;\u00c0rea Ci\u00e8ncies Naturals<\/td>\n<td style=\"width: 20.3709%; height: 32px;\">N\u00faria Espada<\/td>\n<\/tr>\n<tr style=\"height: 32px;\">\n<td style=\"width: 41.6356%; height: 32px;\">Cap d&#8217;\u00c0rea Expressi\u00f3<\/td>\n<td style=\"width: 20.3709%; height: 32px;\">Fran Navarro<\/td>\n<\/tr>\n<tr style=\"height: 32px;\">\n<td style=\"width: 41.6356%; height: 32px;\">Cap d&#8217;\u00c0rea Lleng\u00fces Estrangeres<\/td>\n<td style=\"width: 20.3709%; height: 32px;\">N\u00e9stor Cuartero<\/td>\n<\/tr>\n<tr style=\"height: 32px;\">\n<td style=\"width: 41.6356%; height: 32px;\">Cap d&#8217;\u00c0rea Ci\u00e8ncies Socials<\/td>\n<td style=\"width: 20.3709%; height: 32px;\">Toni Almeda<\/td>\n<\/tr>\n<tr style=\"height: 32px;\">\n<td style=\"width: 41.6356%; height: 32px;\">Cap d&#8217;\u00c0rea Llengua Castellana<\/td>\n<td style=\"width: 20.3709%; height: 32px;\">Noelia Olivares<\/td>\n<\/tr>\n<tr style=\"height: 32px;\">\n<td style=\"width: 41.6356%; height: 32px;\">Cap d&#8217;\u00c0rea Llengua Catalana<\/td>\n<td style=\"width: 20.3709%; height: 32px;\">Alfons Verd\u00fa<\/td>\n<\/tr>\n<tr style=\"height: 32px;\">\n<td style=\"width: 41.6356%; height: 32px;\">Cap d&#8217;\u00c0rea Orientaci\u00f3<\/td>\n<td style=\"width: 20.3709%; height: 32px;\">Anna Nuri<\/td>\n<\/tr>\n<\/tbody>\n<\/table>\n<h3><\/h3>\n<h3><strong><span class=\"h3_txt\">TUTORS 2025-2026<\/span><\/strong><\/h3>\n<p>El seguiment personal i acad\u00e8mic de l&#8217;alumnat \u00e9s una prioritat en el centre. Cada grup t\u00e9 assignat un professor\/a tutor\/a, que tant a la tutoria de grup com a la tutoria individual tenen com a funcions b\u00e0siques:<\/p>\n<ul>\n<li style=\"list-style-type: none;\">\n<ul>\n<li style=\"list-style-type: none;\">\n<ul>\n<li>Vetllar pel desenvolupament global, la conviv\u00e8ncia i la participaci\u00f3 del grup en les activitats del centre.<\/li>\n<li>Tenir coneixement del proc\u00e9s d&#8217;aprenentatge i evoluci\u00f3 personal dels \/les alumnes<\/li>\n<li>Dur a terme les tasques d&#8217;informaci\u00f3 i orientaci\u00f3 acad\u00e8mica dels\/les alumnes<\/li>\n<li>Ser portaveu de la resta de professors\/es del curs davant els alumnes i els pares.<\/li>\n<\/ul>\n<\/li>\n<\/ul>\n<\/li>\n<\/ul>\n<table style=\"border-collapse: collapse; width: 45.523%; height: 864px;\">\n<tbody>\n<tr style=\"background-color: #e34114; height: 32px;\">\n<td style=\"width: 8.70643%; height: 32px;\"><strong><span style=\"color: #ffffff;\">Nivell<\/span><\/strong><\/td>\n<td style=\"width: 1.37931%; height: 32px;\"><strong><span style=\"color: #ffffff;\">Grup<\/span><\/strong><\/td>\n<td style=\"width: 24.4409%; height: 32px;\"><strong><span style=\"color: #ffffff;\">Tutoria<\/span><\/strong><\/td>\n<\/tr>\n<tr style=\"height: 16px;\">\n<td style=\"width: 8.70643%; height: 144px;\" rowspan=\"5\">1r ESO<\/td>\n<td style=\"width: 25.8202%; height: 16px; background-color: #0e79eb; text-align: center;\" colspan=\"2\"><strong><span style=\"color: #ffffff;\">Coordinaci\u00f3: Queralt Sime\u00f3n<\/span><\/strong><\/td>\n<\/tr>\n<tr style=\"height: 32px;\">\n<td style=\"width: 1.37931%; height: 32px;\">A<\/td>\n<td style=\"width: 24.4409%; height: 32px;\">Queralt Sime\u00f3n<\/td>\n<\/tr>\n<tr style=\"height: 32px;\">\n<td style=\"width: 1.37931%; height: 32px;\">B<\/td>\n<td style=\"width: 24.4409%; height: 32px;\">Albert Rodr\u00edguez<\/td>\n<\/tr>\n<tr style=\"height: 32px;\">\n<td style=\"width: 1.37931%; height: 32px;\">C<\/td>\n<td style=\"width: 24.4409%; height: 32px;\">Merche Monllor<\/td>\n<\/tr>\n<tr style=\"height: 32px;\">\n<td style=\"width: 1.37931%; height: 32px;\">D<\/td>\n<td style=\"width: 24.4409%; height: 32px;\">N\u00faria S\u00e0nchez<\/td>\n<\/tr>\n<tr style=\"height: 16px;\">\n<td style=\"width: 8.70643%; height: 144px;\" rowspan=\"5\">2n ESO<\/td>\n<td style=\"width: 25.8202%; height: 16px; background-color: #0e79eb; text-align: center;\" colspan=\"2\"><strong><span style=\"color: #ffffff;\">Coordinaci\u00f3:Merc\u00e8 Briones<\/span><\/strong><\/td>\n<\/tr>\n<tr style=\"height: 32px;\">\n<td style=\"width: 1.37931%; height: 32px;\">\u00a0A<\/td>\n<td style=\"width: 24.4409%; height: 32px;\">Merc\u00e8 Briones<\/td>\n<\/tr>\n<tr style=\"height: 32px;\">\n<td style=\"width: 1.37931%; height: 32px;\">\u00a0B<\/td>\n<td style=\"width: 24.4409%; height: 32px;\">Fran Navarro<\/td>\n<\/tr>\n<tr style=\"height: 32px;\">\n<td style=\"width: 1.37931%; height: 32px;\">\u00a0C<\/td>\n<td style=\"width: 24.4409%; height: 32px;\">M\u00edriam Mariscal<\/td>\n<\/tr>\n<tr style=\"height: 32px;\">\n<td style=\"width: 1.37931%; height: 32px;\"><\/td>\n<td style=\"width: 24.4409%; height: 32px;\">Susana Presas<\/td>\n<\/tr>\n<tr style=\"height: 16px;\">\n<td style=\"width: 8.70643%; height: 144px;\" rowspan=\"5\">3r ESO<\/td>\n<td style=\"width: 25.8202%; height: 16px; background-color: #0e79eb; text-align: center;\" colspan=\"2\"><strong><span style=\"color: #ffffff;\">Coordinaci\u00f3:Mireia Pasadas<\/span><\/strong><\/td>\n<\/tr>\n<tr style=\"height: 32px;\">\n<td style=\"width: 1.37931%; height: 32px;\">\u00a0A<\/td>\n<td style=\"width: 24.4409%; height: 32px;\">Mireia Pasadas<\/td>\n<\/tr>\n<tr style=\"height: 32px;\">\n<td style=\"width: 1.37931%; height: 32px;\">\u00a0B<\/td>\n<td style=\"width: 24.4409%; height: 32px;\">Anna Nuri<\/td>\n<\/tr>\n<tr style=\"height: 32px;\">\n<td style=\"width: 1.37931%; height: 32px;\">\u00a0C<\/td>\n<td style=\"width: 24.4409%; height: 32px;\">Patricia Seijas<\/td>\n<\/tr>\n<tr style=\"height: 32px;\">\n<td style=\"width: 1.37931%; height: 32px;\">\u00a0D<\/td>\n<td style=\"width: 24.4409%; height: 32px;\">Alba Romero<\/td>\n<\/tr>\n<tr style=\"height: 16px;\">\n<td style=\"width: 8.70643%; height: 144px;\" rowspan=\"5\">4t ESO<\/td>\n<td style=\"width: 25.8202%; height: 16px; background-color: #0e79eb; text-align: center;\" colspan=\"2\"><strong><span style=\"color: #ffffff;\">Coordinaci\u00f3: Fran Fern\u00e1ndez<\/span><\/strong><\/td>\n<\/tr>\n<tr style=\"height: 32px;\">\n<td style=\"width: 1.37931%; height: 32px;\">\u00a0A<\/td>\n<td style=\"width: 24.4409%; height: 32px;\">N\u00faria Espada<\/td>\n<\/tr>\n<tr style=\"height: 32px;\">\n<td style=\"width: 1.37931%; height: 32px;\">\u00a0B<\/td>\n<td style=\"width: 24.4409%; height: 32px;\">Noelia Olivares<\/td>\n<\/tr>\n<tr style=\"height: 32px;\">\n<td style=\"width: 1.37931%; height: 32px;\">\u00a0C<\/td>\n<td style=\"width: 24.4409%; height: 32px;\">N\u00e9stor Cuartero<\/td>\n<\/tr>\n<tr style=\"height: 32px;\">\n<td style=\"width: 1.37931%; height: 32px;\">\u00a0D<\/td>\n<td style=\"width: 24.4409%; height: 32px;\">Montse Valverde<\/td>\n<\/tr>\n<tr style=\"height: 16px;\">\n<td style=\"width: 8.70643%; height: 112px;\" rowspan=\"4\">1r BATX<\/td>\n<td style=\"width: 25.8202%; height: 16px; background-color: #0e79eb; text-align: center;\" colspan=\"2\"><strong><span style=\"color: #ffffff;\">Coordinaci\u00f3: Merche Montes<\/span><\/strong><\/td>\n<\/tr>\n<tr style=\"height: 32px;\">\n<td style=\"width: 1.37931%; height: 32px;\">\u00a0A<\/td>\n<td style=\"width: 24.4409%; height: 32px;\">Merche Montes<\/td>\n<\/tr>\n<tr style=\"height: 32px;\">\n<td style=\"width: 1.37931%; height: 32px;\">\u00a0B<\/td>\n<td style=\"width: 24.4409%; height: 32px;\">Marisa Arag\u00f3n<\/td>\n<\/tr>\n<tr style=\"height: 32px;\">\n<td style=\"width: 1.37931%; height: 32px;\">\u00a0C<\/td>\n<td style=\"width: 24.4409%; height: 32px;\">Jos\u00e9 Manuel \u00c1lvarez<\/td>\n<\/tr>\n<tr style=\"height: 16px;\">\n<td style=\"width: 8.70643%; height: 144px;\" rowspan=\"4\">2n BATX<\/td>\n<td style=\"width: 25.8202%; height: 16px; background-color: #0e79eb; text-align: center;\" colspan=\"2\"><strong><span style=\"color: #ffffff;\">Coordinaci\u00f3: Sonia Bofill<\/span><\/strong><\/td>\n<\/tr>\n<tr style=\"height: 32px;\">\n<td style=\"width: 1.37931%; height: 32px;\">\u00a0A<\/td>\n<td style=\"width: 24.4409%; height: 32px;\">Sonia Bofill<\/td>\n<\/tr>\n<tr style=\"height: 32px;\">\n<td style=\"width: 1.37931%; height: 32px;\">\u00a0B<\/td>\n<td style=\"width: 24.4409%; height: 32px;\">Marga Forner<\/td>\n<\/tr>\n<tr style=\"height: 32px;\">\n<td style=\"width: 1.37931%; height: 32px;\">\u00a0C<\/td>\n<td style=\"width: 24.4409%; height: 32px;\">Llu\u00eds Rodr\u00edguez<\/td>\n<\/tr>\n<\/tbody>\n<\/table>\n<div align=\"center\"><\/div>\n<p><!----comment node----><!--a=1--><!--a=1--><!--a=1--><!--a=1--><\/p>\n","protected":false},"excerpt":{"rendered":"<p>EQUIP DIRECTIU<br \/>\nL\u2019equip directiu \u00e9s l\u2019\u00f2rgan executiu de les decisions del Claustre de professors i del Consell Escolar. Est\u00e0 constitu\u00eft per:<\/p>\n<p>C\u00e0rrec<br \/>\nNom<\/p>\n<p>Director<br \/>\nGuillermo Mat\u00edas<\/p>\n<p>Cap d&#8217;Estudis<br \/>\nGemma Torrej\u00f3n<\/p>\n<p>Coordinadora Pedag\u00f2gica<br \/>\nEva Mir\u00f3<\/p>\n<p>Secret\u00e0ria<br \/>\nSilvia Espinosa<\/p>\n<p>Cap d&#8217;estudis adjunt i Coordinador digital<br \/>\nToni Aparicio<\/p>\n<p>COORDINADORS, CAPS D&#8217;\u00c0MBIT I DE DEPARTAMENTS<br \/>\nL\u2019Institut Joaquima Pla Farreras opta per un model d&#8217;organitzaci\u00f3&hellip;  <a href=\"https:\/\/agora.xtec.cat\/iesjplafarreras\/linstitut\/organigrama\/\" title=\"Read Organigrama\">Llegeix m\u00e9s\u00bb<\/a><\/p>\n","protected":false},"author":1,"featured_media":0,"parent":19,"menu_order":40,"comment_status":"closed","ping_status":"closed","template":"page-templates\/side-menu.php","meta":{"_bbp_topic_count":0,"_bbp_reply_count":0,"_bbp_total_topic_count":0,"_bbp_total_reply_count":0,"_bbp_voice_count":0,"_bbp_anonymous_reply_count":0,"_bbp_topic_count_hidden":0,"_bbp_reply_count_hidden":0,"_bbp_forum_subforum_count":0,"footnotes":""},"class_list":["post-46","page","type-page","status-publish","hentry"],"post_mailing_queue_ids":[],"_links":{"self":[{"href":"https:\/\/agora.xtec.cat\/iesjplafarreras\/wp-json\/wp\/v2\/pages\/46","targetHints":{"allow":["GET"]}}],"collection":[{"href":"https:\/\/agora.xtec.cat\/iesjplafarreras\/wp-json\/wp\/v2\/pages"}],"about":[{"href":"https:\/\/agora.xtec.cat\/iesjplafarreras\/wp-json\/wp\/v2\/types\/page"}],"author":[{"embeddable":true,"href":"https:\/\/agora.xtec.cat\/iesjplafarreras\/wp-json\/wp\/v2\/users\/1"}],"replies":[{"embeddable":true,"href":"https:\/\/agora.xtec.cat\/iesjplafarreras\/wp-json\/wp\/v2\/comments?post=46"}],"version-history":[{"count":4,"href":"https:\/\/agora.xtec.cat\/iesjplafarreras\/wp-json\/wp\/v2\/pages\/46\/revisions"}],"predecessor-version":[{"id":1013,"href":"https:\/\/agora.xtec.cat\/iesjplafarreras\/wp-json\/wp\/v2\/pages\/46\/revisions\/1013"}],"up":[{"embeddable":true,"href":"https:\/\/agora.xtec.cat\/iesjplafarreras\/wp-json\/wp\/v2\/pages\/19"}],"wp:attachment":[{"href":"https:\/\/agora.xtec.cat\/iesjplafarreras\/wp-json\/wp\/v2\/media?parent=46"}],"curies":[{"name":"wp","href":"https:\/\/api.w.org\/{rel}","templated":true}]}}