{"id":828,"date":"2016-04-09T23:35:54","date_gmt":"2016-04-09T22:35:54","guid":{"rendered":"http:\/\/agora.xtec.cat\/iesjoaquimmir\/?page_id=828"},"modified":"2016-04-10T00:03:52","modified_gmt":"2016-04-09T23:03:52","slug":"avis-legal","status":"publish","type":"page","link":"https:\/\/agora.xtec.cat\/iesjoaquimmir\/avis-legal\/","title":{"rendered":"Av\u00eds Legal"},"content":{"rendered":"<dl class=\"article-info\">\n<dt class=\"article-info-term\"><\/dt>\n<\/dl>\n<p>Els continguts d\u2019aquest web s\u00f3n propietat de l<strong>\u2019Institut Joaquim Mir<\/strong>, amb CIF Q-5855729-I, i centre de titularitat p\u00fablica de la\u00a0<strong>Generalitat de Catalunya<\/strong>. Tots els drets estan reservats.<\/p>\n<p>No es permet l\u2019\u00fas comercial del web ni la seva modificaci\u00f3.<\/p>\n<p>La informaci\u00f3 administrativa facilitada en aquest web no substitueix la publicitat legal d\u2019aquesta a trav\u00e9s dels organismes ordinaris.<\/p>\n<p>L<strong>\u2019Institut Joaquim Mir<\/strong>\u00a0no \u00e9s responsable de la informaci\u00f3 que es pugui obtenir a trav\u00e9s d\u2019enlla\u00e7os a sistemes externs que no siguin dependents del centre ni tampoc es fa responsable dels danys causats per l\u2019acc\u00e9s al web o per la impossibilitat d\u2019accedir-hi.<\/p>\n<p><strong>Seguretat de dades<\/strong><\/p>\n<p>L<strong>\u2019Institut Joaquim Mir<\/strong>\u00a0t\u00e9 en compte la legislaci\u00f3 vigent en mat\u00e8ria de protecci\u00f3 de dades de car\u00e0cter personal i els compromisos de confidencialitat respecte d\u2019aquestes i\u00a0ha adoptat les mesures t\u00e8cniques necess\u00e0ries per mantenir el nivell de seguretat requerit, segons la naturalesa de les dades personals tractades i les circumst\u00e0ncies del tractament.<\/p>\n<p>Les dades personals recollides no seran cedides i nom\u00e9s s\u2019utilitzaran amb la finalitat expressada en el formulari corresponent.<\/p>\n<p><strong>Pol\u00edtica de &#8220;cookies&#8221;<\/strong><\/p>\n<p>L&#8217;institut nom\u00e9s utilitza les galetes (cookies) estrictament necess\u00e0ries per al correcte funcionament del lloc web, si es desactiven aquestes cookies, potser que no es puguin rebre correctament alguns dels nostres continguts i\/o serveis.<\/p>\n<p><strong>NO FEM SERVIR<\/strong>\u00a0galetes anal\u00edtiques (per al seguiment i an\u00e0lisi estad\u00edstic del comportament dels usuaris), publicit\u00e0ries (el nostre lloc web no inclou publicitat) ni comportamentals (per a la gesti\u00f3 dels espais publicitaris segons el perfil espec\u00edfic de l&#8217;usuari).<\/p>\n<p><strong>Pol\u00edtica de pagaments d&#8217;activitats, matr\u00edcules o altres serveis que ho requereixin<\/strong><\/p>\n<p>L&#8217;institut Joaquim Mir informar\u00e0, en aquesta p\u00e0gina web (sense perjudici d&#8217;altres vies d&#8217;informaci\u00f3), en el cas de pagaments d&#8217;activitats extraescolars, matr\u00edcules o altres serveis que ho requereixin, de les diferents formes de pagament (transfer\u00e8ncia banc\u00e0ria,pagament a trav\u00e9s de tpv virtual, etc), dels terminis per a fer efectiu aquest pagament i dels terminis i formes de devoluci\u00f3 dels mateixos<\/p>\n","protected":false},"excerpt":{"rendered":"<p>Els continguts d\u2019aquest web s\u00f3n propietat de l\u2019Institut Joaquim Mir, amb CIF Q-5855729-I, i centre de titularitat p\u00fablica de la\u00a0Generalitat de Catalunya. Tots els drets estan reservats.<br \/>\nNo es permet l\u2019\u00fas comercial del web ni la seva modificaci\u00f3.<br \/>\nLa informaci\u00f3 administrativa facilitada en aquest web no substitueix&hellip;  <a href=\"https:\/\/agora.xtec.cat\/iesjoaquimmir\/avis-legal\/\" title=\"Read Av\u00eds Legal\">Llegeix m\u00e9s\u00bb<\/a><\/p>\n","protected":false},"author":1,"featured_media":0,"parent":0,"menu_order":0,"comment_status":"closed","ping_status":"closed","template":"","meta":{"_bbp_topic_count":0,"_bbp_reply_count":0,"_bbp_total_topic_count":0,"_bbp_total_reply_count":0,"_bbp_voice_count":0,"_bbp_anonymous_reply_count":0,"_bbp_topic_count_hidden":0,"_bbp_reply_count_hidden":0,"_bbp_forum_subforum_count":0,"footnotes":""},"class_list":["post-828","page","type-page","status-publish","hentry"],"post_mailing_queue_ids":[],"_links":{"self":[{"href":"https:\/\/agora.xtec.cat\/iesjoaquimmir\/wp-json\/wp\/v2\/pages\/828","targetHints":{"allow":["GET"]}}],"collection":[{"href":"https:\/\/agora.xtec.cat\/iesjoaquimmir\/wp-json\/wp\/v2\/pages"}],"about":[{"href":"https:\/\/agora.xtec.cat\/iesjoaquimmir\/wp-json\/wp\/v2\/types\/page"}],"author":[{"embeddable":true,"href":"https:\/\/agora.xtec.cat\/iesjoaquimmir\/wp-json\/wp\/v2\/users\/1"}],"replies":[{"embeddable":true,"href":"https:\/\/agora.xtec.cat\/iesjoaquimmir\/wp-json\/wp\/v2\/comments?post=828"}],"version-history":[{"count":3,"href":"https:\/\/agora.xtec.cat\/iesjoaquimmir\/wp-json\/wp\/v2\/pages\/828\/revisions"}],"predecessor-version":[{"id":831,"href":"https:\/\/agora.xtec.cat\/iesjoaquimmir\/wp-json\/wp\/v2\/pages\/828\/revisions\/831"}],"wp:attachment":[{"href":"https:\/\/agora.xtec.cat\/iesjoaquimmir\/wp-json\/wp\/v2\/media?parent=828"}],"curies":[{"name":"wp","href":"https:\/\/api.w.org\/{rel}","templated":true}]}}