{"id":723,"date":"2016-03-03T06:38:38","date_gmt":"2016-03-03T05:38:38","guid":{"rendered":"http:\/\/agora.xtec.cat\/iesjoaquimmir\/?page_id=723"},"modified":"2025-03-31T20:43:49","modified_gmt":"2025-03-31T18:43:49","slug":"administracio-de-sistemes-en-xarxa","status":"publish","type":"page","link":"https:\/\/agora.xtec.cat\/iesjoaquimmir\/ensenyaments\/cicles-formatius\/grau-superior\/administracio-de-sistemes-en-xarxa\/","title":{"rendered":"Administraci\u00f3 de sistemes en Xarxa"},"content":{"rendered":"<div id=\"textApartat\">\n<p><strong>T\u00e8cnic o t\u00e8cnica superior en administraci\u00f3 de sistemes inform\u00e0tics en xarxa<\/strong><\/p>\n<p><a href=\"https:\/\/agora.xtec.cat\/iesjoaquimmir\/wp-content\/uploads\/usu530\/2020\/05\/Tr\u00edptic-ASIX-1.pdf\" target=\"_blank\" rel=\"noopener noreferrer\"><img loading=\"lazy\" decoding=\"async\" class=\"alignnone wp-image-340 size-full\" src=\"https:\/\/agora.xtec.cat\/iesjoaquimmir\/wp-content\/uploads\/usu530\/2015\/10\/logo_SMIX.jpg\" alt=\"logo_SMIX\" width=\"200\" height=\"150\" \/><\/a><\/p>\n<p>Aquests estudis postobligatoris capaciten per configurar, administrar i mantenir els sistemes inform\u00e0tics i per garantir la funcionalitat, la integritat i els serveis del sistema.<\/p>\n<p>Tenen una durada de 2.000 hores (1485 hores en el centre educatiu i 515 hores <span lang=\"ca-ES\">d&#8217;estada a l&#8217;empresa simult\u00e0niament<\/span>) distribu\u00efdes en <strong>dos cursos <\/strong>acad\u00e8mics.<\/p>\n<p><strong>Continguts:<\/strong><\/p>\n<ul>\n<li>0369. Implantaci\u00f3 de sistemes operatius.<\/li>\n<li>0370. Planificaci\u00f3 i administraci\u00f3 de xarxes.<\/li>\n<li>0371. Fonaments de maquinari.<\/li>\n<li>0372. Gesti\u00f3 de bases de dades.<\/li>\n<li>0373. Llenguatges de marques i sistemes de gesti\u00f3 d\u2019informaci\u00f3.<\/li>\n<li>0374. Administraci\u00f3 de sistemes operatius.<\/li>\n<li>0375. Serveis de xarxa i internet.<\/li>\n<li>0376. Implantaci\u00f3 d\u2019aplicacions web.<\/li>\n<li>0377. Administraci\u00f3 de sistemes gestors de bases de dades.<\/li>\n<li>0378. Seguretat i alta disponibilitat.<\/li>\n<li>0179. Angl\u00e8s professional.<\/li>\n<li>1665: Digitalitzaci\u00f3 aplicada als sectors productius.<\/li>\n<li>1708: Sostenibilitat aplicada al sistema productiu.<\/li>\n<li>1709: Itinerari per a l&#8217;ocupabilitat I.<\/li>\n<li>1710: Itinerari per a l&#8217;ocupabilitat II.<\/li>\n<li>0379. Projecte intermodular d&#8217;administraci\u00f3 de sistemes inform\u00e0tics en xarxa.<\/li>\n<li>MOPT: M\u00f2dul escollit pel centre.<\/li>\n<\/ul>\n<div class=\"bulletsGenerals\">\n<h3>Vies acc\u00e9s<\/h3>\n<p>Tenen <strong>acc\u00e9s directe <\/strong>al cicle les persones que compleixen algun dels requisits seg\u00fcents:<\/p>\n<ul>\n<li>tenir el t\u00edtol de batxillerat,<\/li>\n<li>tenir el t\u00edtol de t\u00e8cnic o t\u00e8cnica superior o especialista,<\/li>\n<li>haver superat el segon curs de batxillerat de qualsevol modalitat de batxillerat experimental,<\/li>\n<li>haver superat el curs d&#8217;orientaci\u00f3 universit\u00e0ria (COU) o el preuniversitari,<\/li>\n<li>tenir qualsevol titulaci\u00f3 universit\u00e0ria o una d\u2019equivalent o<\/li>\n<li>haver superat la prova d&#8217;acc\u00e9s a la universitat per a majors de 25 anys.<\/li>\n<\/ul>\n<p>Les persones que superen el cicle formatiu obtenen el t\u00edtol de <strong>t\u00e8cnic superior o t\u00e8cnica superior que els permet accedir:<\/strong><\/p>\n<ul>\n<li>a qualsevol estudi universitari oficial de grau o<\/li>\n<li>al m\u00f3n laboral com a:\n<ul>\n<li>t\u00e8cnic o t\u00e8cnica en administraci\u00f3 de sistemes,<\/li>\n<li>responsable d&#8217;inform\u00e0tica,<\/li>\n<li>t\u00e8cnic o t\u00e8cnica en serveis d&#8217;Internet,<\/li>\n<li>t\u00e8cnic o t\u00e8cnica en serveis de missatgeria electr\u00f2nica,<\/li>\n<li>personal de suport t\u00e8cnic,<\/li>\n<li>t\u00e8cnic o t\u00e8cnica en teleassist\u00e8ncia,<\/li>\n<li>t\u00e8cnic o t\u00e8cnica en administraci\u00f3 de base de dades,<\/li>\n<li>t\u00e8cnic o t\u00e8cnica de xarxes<\/li>\n<li>supervisor o supervisora de sistemes,<\/li>\n<li>t\u00e8cnic o t\u00e8cnica en serveis de comunicacions i<\/li>\n<li>t\u00e8cnic o t\u00e8cnica en entorns web.<\/li>\n<\/ul>\n<\/li>\n<\/ul>\n<\/div>\n<\/div>\n<div>\n<h4 class=\"western\"><strong>Descarregar full informatiu<\/strong><\/h4>\n<p><a href=\"https:\/\/agora.xtec.cat\/iesjoaquimmir\/wp-content\/uploads\/usu530\/2025\/03\/ASIX.pdf\" target=\"_blank\" rel=\"noopener\"><strong>Tr\u00edptic d&#8217;administraci\u00f3 de sistemes inform\u00e0tics en xarxa<\/strong><\/a><\/p>\n<\/div>\n","protected":false},"excerpt":{"rendered":"<p>T\u00e8cnic o t\u00e8cnica superior en administraci\u00f3 de sistemes inform\u00e0tics en xarxa<br \/>\n<a href=\"https:\/\/agora.xtec.cat\/iesjoaquimmir\/wp-content\/uploads\/usu530\/2020\/05\/Tr\u00edptic-ASIX-1.pdf\" target=\"_blank\" rel=\"noopener noreferrer\"><\/a><br \/>\nAquests estudis postobligatoris capaciten per configurar, administrar i mantenir els sistemes inform\u00e0tics i per garantir la funcionalitat, la integritat i els serveis del sistema.<br \/>\nTenen una durada de 2.000 hores (1485 hores&hellip;  <a href=\"https:\/\/agora.xtec.cat\/iesjoaquimmir\/ensenyaments\/cicles-formatius\/grau-superior\/administracio-de-sistemes-en-xarxa\/\" title=\"Read Administraci\u00f3 de sistemes en Xarxa\">Llegeix m\u00e9s\u00bb<\/a><\/p>\n","protected":false},"author":4,"featured_media":0,"parent":711,"menu_order":0,"comment_status":"closed","ping_status":"closed","template":"","meta":{"_bbp_topic_count":0,"_bbp_reply_count":0,"_bbp_total_topic_count":0,"_bbp_total_reply_count":0,"_bbp_voice_count":0,"_bbp_anonymous_reply_count":0,"_bbp_topic_count_hidden":0,"_bbp_reply_count_hidden":0,"_bbp_forum_subforum_count":0,"footnotes":""},"class_list":["post-723","page","type-page","status-publish","hentry"],"post_mailing_queue_ids":[],"_links":{"self":[{"href":"https:\/\/agora.xtec.cat\/iesjoaquimmir\/wp-json\/wp\/v2\/pages\/723","targetHints":{"allow":["GET"]}}],"collection":[{"href":"https:\/\/agora.xtec.cat\/iesjoaquimmir\/wp-json\/wp\/v2\/pages"}],"about":[{"href":"https:\/\/agora.xtec.cat\/iesjoaquimmir\/wp-json\/wp\/v2\/types\/page"}],"author":[{"embeddable":true,"href":"https:\/\/agora.xtec.cat\/iesjoaquimmir\/wp-json\/wp\/v2\/users\/4"}],"replies":[{"embeddable":true,"href":"https:\/\/agora.xtec.cat\/iesjoaquimmir\/wp-json\/wp\/v2\/comments?post=723"}],"version-history":[{"count":6,"href":"https:\/\/agora.xtec.cat\/iesjoaquimmir\/wp-json\/wp\/v2\/pages\/723\/revisions"}],"predecessor-version":[{"id":10434,"href":"https:\/\/agora.xtec.cat\/iesjoaquimmir\/wp-json\/wp\/v2\/pages\/723\/revisions\/10434"}],"up":[{"embeddable":true,"href":"https:\/\/agora.xtec.cat\/iesjoaquimmir\/wp-json\/wp\/v2\/pages\/711"}],"wp:attachment":[{"href":"https:\/\/agora.xtec.cat\/iesjoaquimmir\/wp-json\/wp\/v2\/media?parent=723"}],"curies":[{"name":"wp","href":"https:\/\/api.w.org\/{rel}","templated":true}]}}