{"id":9608,"date":"2024-09-22T16:27:40","date_gmt":"2024-09-22T14:27:40","guid":{"rendered":"https:\/\/agora.xtec.cat\/iesjoanbrudieu\/?page_id=9608"},"modified":"2024-09-22T16:27:40","modified_gmt":"2024-09-22T14:27:40","slug":"videos-curs-2023-2024","status":"publish","type":"page","link":"https:\/\/agora.xtec.cat\/iesjoanbrudieu\/videos-de-linstitut\/videos-curs-2023-2024\/","title":{"rendered":"V\u00eddeos: curs 2023-2024"},"content":{"rendered":"<h2 class=\"titolh2\">CURS 2023-2024<\/h2>\n<div class=\"blocimg\"><a href=\"https:\/\/youtu.be\/L3ecb3d9kmM\" target=\"_blank\" rel=\"noopener noreferrer\"><img decoding=\"async\" class=\"size-thumbnail wp-image-1717 aligncenter img150x150\" src=\"https:\/\/institutjoanbrudieu.cat\/public\/web_centre\/html\/documents\/fotos_videos_web\/240625_Premis_TdR_UVic.jpg\" alt=\"240625_Premis_TdR_UVic\" \/>240625 Lliurament Premis TdR UVic<\/a><\/div>\n<div class=\"blocimg\"><a href=\"https:\/\/youtu.be\/5x02nLFBxQw\" target=\"_blank\" rel=\"noopener noreferrer\"><img decoding=\"async\" class=\"size-thumbnail wp-image-1717 aligncenter img150x150\" src=\"https:\/\/institutjoanbrudieu.cat\/public\/web_centre\/html\/documents\/fotos_videos_web\/240620_Practiques_IFE.jpg\" alt=\"240620_Practiques_IFE\" \/>240620 Final de Pr\u00e0ctiques a l&#8217;IFE<\/a><\/div>\n<div class=\"blocimg\"><a href=\"https:\/\/youtu.be\/01BPRhSP65Q\" target=\"_blank\" rel=\"noopener noreferrer\"><img decoding=\"async\" class=\"size-thumbnail wp-image-1717 aligncenter img150x150\" src=\"https:\/\/institutjoanbrudieu.cat\/public\/web_centre\/html\/documents\/fotos_videos_web\/240620_Graduacio_S4.jpg\" alt=\"240620_Graduacio_S4\" \/>240620 V\u00eddeo resum Promoci\u00f3 2020-2024 (Graduaci\u00f3 4t ESO)<\/a><\/div>\n<div class=\"blocimg\"><a href=\"https:\/\/youtu.be\/4Z5Mxb997-w\" target=\"_blank\" rel=\"noopener noreferrer\"><img decoding=\"async\" class=\"size-thumbnail wp-image-1717 aligncenter img150x150\" src=\"https:\/\/institutjoanbrudieu.cat\/public\/web_centre\/html\/documents\/fotos_videos_web\/240618_Colonies_Estartit_S3.jpg\" alt=\"240618_Colonies_Estartit_S3\" \/>240618 Col\u00f2nies a L&#8217;Estartit 3r ESO<\/a><\/div>\n<div class=\"blocimg\"><a href=\"https:\/\/youtu.be\/hIUGkabP49M\" target=\"_blank\" rel=\"noopener noreferrer\"><img decoding=\"async\" class=\"size-thumbnail wp-image-1717 aligncenter img150x150\" src=\"https:\/\/institutjoanbrudieu.cat\/public\/web_centre\/html\/documents\/fotos_videos_web\/240614_Viatge_Italia_S4.jpg\" alt=\"240614_Viatge_Italia_S4\" \/>240614 Viatge a It\u00e0lia 4t ESO (del 6 al 14 de juny de 2024)<\/a><\/div>\n<div class=\"blocimg\"><a href=\"https:\/\/www.youtube.com\/watch?v=Do_0Al8inag\" target=\"_blank\" rel=\"noopener noreferrer\"><img decoding=\"async\" class=\"size-thumbnail wp-image-1717 aligncenter img150x150\" src=\"https:\/\/institutjoanbrudieu.cat\/public\/web_centre\/html\/documents\/fotos_videos_web\/240603_Projecte_Tecnologia_S3.jpg\" alt=\"240603_Projecte_Tecnologia_S3\" \/>240603 Projecte de Tecnologia (Alumnat S3)<\/a><\/div>\n<div class=\"blocimg\"><a href=\"https:\/\/youtu.be\/QRbKt3lTWX8\" target=\"_blank\" rel=\"noopener noreferrer\"><img decoding=\"async\" class=\"size-thumbnail wp-image-1717 aligncenter img150x150\" src=\"https:\/\/institutjoanbrudieu.cat\/public\/web_centre\/html\/documents\/fotos_videos_web\/240321_Aprenentatge_transversal.jpg\" alt=\"240321_Aprenentatge_transversal\" \/>240321 Aprenentatge i curr\u00edculum transversal (Alumnat S3D &#8211; V\u00eddeo #4)<\/a><\/div>\n<div class=\"blocimg\"><a href=\"https:\/\/youtu.be\/rA798Sho6o8\" target=\"_blank\" rel=\"noopener noreferrer\"><img decoding=\"async\" class=\"size-thumbnail wp-image-1717 aligncenter img150x150\" src=\"https:\/\/institutjoanbrudieu.cat\/public\/web_centre\/html\/documents\/fotos_videos_web\/240321_Aprenentatge_transversal.jpg\" alt=\"240321_Aprenentatge_transversal\" \/>240321 Aprenentatge i curr\u00edculum transversal (Alumnat S3D &#8211; V\u00eddeo #3)<\/a><\/div>\n<div class=\"blocimg\"><a href=\"https:\/\/youtu.be\/i-lvSECPo2s\" target=\"_blank\" rel=\"noopener noreferrer\"><img decoding=\"async\" class=\"size-thumbnail wp-image-1717 aligncenter img150x150\" src=\"https:\/\/institutjoanbrudieu.cat\/public\/web_centre\/html\/documents\/fotos_videos_web\/240321_Aprenentatge_transversal.jpg\" alt=\"240321_Aprenentatge_transversal\" \/>240321 Aprenentatge i curr\u00edculum transversal (Alumnat S3D &#8211; V\u00eddeo #2)<\/a><\/div>\n<div class=\"blocimg\"><a href=\"https:\/\/youtu.be\/lrnhh-F8s0U\" target=\"_blank\" rel=\"noopener noreferrer\"><img decoding=\"async\" class=\"size-thumbnail wp-image-1717 aligncenter img150x150\" src=\"https:\/\/institutjoanbrudieu.cat\/public\/web_centre\/html\/documents\/fotos_videos_web\/240321_Aprenentatge_transversal.jpg\" alt=\"240321_Aprenentatge_transversal\" \/>240321 Aprenentatge i curr\u00edculum transversal (Alumnat S3D &#8211; V\u00eddeo #1)<\/a><\/div>\n<div class=\"blocimg\"><a href=\"https:\/\/youtube.com\/shorts\/AIvukeCIFTs\" target=\"_blank\" rel=\"noopener noreferrer\"><img decoding=\"async\" class=\"size-thumbnail wp-image-1717 aligncenter img150x150\" src=\"https:\/\/institutjoanbrudieu.cat\/public\/web_centre\/html\/documents\/fotos_videos_web\/240216_Madrid.jpg\" alt=\"240216_Madrid\" \/>240216 Sortida a Madrid<\/a><\/div>\n<div class=\"blocimg\"><a href=\"https:\/\/youtu.be\/H4EiJ5QKsL8\" target=\"_blank\" rel=\"noopener noreferrer\"><img decoding=\"async\" class=\"size-thumbnail wp-image-1717 aligncenter img150x150\" src=\"https:\/\/institutjoanbrudieu.cat\/public\/web_centre\/html\/documents\/fotos_videos_web\/240209_JAM_TdR_2024.jpg\" alt=\"240209_JAM_TdR_2024\" \/>240209 JAM sessions per al Treball de Recerca <\/a><\/div>\n<div class=\"blocimg\"><a href=\"https:\/\/youtu.be\/piK_0peAuRo\" target=\"_blank\" rel=\"noopener noreferrer\"><img decoding=\"async\" class=\"size-thumbnail wp-image-1717 aligncenter img150x150\" src=\"https:\/\/institutjoanbrudieu.cat\/public\/web_centre\/html\/documents\/fotos_videos_web\/240207_Taller_Soft_Skills.jpg\" alt=\"240207_Taller_Soft_Skills\" \/>240207 Taller Soft Skills<\/a><\/div>\n<div class=\"blocimg\"><a href=\"https:\/\/youtu.be\/mtae6AOdxAI\" target=\"_blank\" rel=\"noopener noreferrer\"><img decoding=\"async\" class=\"size-thumbnail wp-image-1717 aligncenter img150x150\" src=\"https:\/\/institutjoanbrudieu.cat\/public\/web_centre\/html\/documents\/fotos_videos_web\/240125_Taula_rodona_90_aniversari_INS_Eugeni_Ors.jpg\" alt=\"240125_Taula_rodona_90_aniversari_INS_Eugeni_Ors\" \/>240125 Taula rodona 90\u00e8 aniversari creaci\u00f3 de l&#8217;Institut Eugeni d&#8217;Ors de Vilafranca<\/a><\/div>\n<div class=\"blocimg\"><a href=\"https:\/\/youtu.be\/rp7iYyOZocQ\" target=\"_blank\" rel=\"noopener noreferrer\"><img decoding=\"async\" class=\"size-thumbnail wp-image-1717 aligncenter img150x150\" src=\"https:\/\/institutjoanbrudieu.cat\/public\/web_centre\/html\/documents\/fotos_videos_web\/240125_Copa_Cangur.jpg\" alt=\"240125_Copa_Cangur\" \/>240125 Copa Cangur<\/a><\/div>\n<div class=\"blocimg\"><a href=\"https:\/\/youtu.be\/1XsCdU8GiTo\" target=\"_blank\" rel=\"noopener noreferrer\"><img decoding=\"async\" class=\"size-thumbnail wp-image-1717 aligncenter img150x150\" src=\"https:\/\/institutjoanbrudieu.cat\/public\/web_centre\/html\/documents\/fotos_videos_web\/UB_paranimf.jpg\" alt=\"UB_paranimf\" \/>240124 Sortida a Barcelona (Alumnat de B1)<\/a><\/div>\n<div class=\"blocimg\"><a href=\"https:\/\/youtu.be\/jEriUGE1nXo\" target=\"_blank\" rel=\"noopener noreferrer\"><img decoding=\"async\" class=\"size-thumbnail wp-image-1717 aligncenter img150x150\" src=\"https:\/\/institutjoanbrudieu.cat\/public\/web_centre\/html\/documents\/fotos_videos_web\/231219_Concert_Nadal.jpg\" alt=\"231219_Concert_Nadal\" \/>231219_Concert_Nadal<\/a><\/div>\n<div class=\"blocimg\"><a href=\"https:\/\/youtu.be\/5KAmvTb7pEc\" target=\"_blank\" rel=\"noopener noreferrer\"><img decoding=\"async\" class=\"size-thumbnail wp-image-1717 aligncenter img150x150\" src=\"https:\/\/institutjoanbrudieu.cat\/public\/web_centre\/html\/documents\/fotos_videos_web\/231218_Rap_Aula_Acollida.jpg\" alt=\"231218_Rap_Aula_Acollida\" \/>231218 Rap a l&#8217;Aula d&#8217;Acollida #2<\/a><\/div>\n<div class=\"blocimg\"><a href=\"https:\/\/youtu.be\/ZDuVvt5uLOs\" target=\"_blank\" rel=\"noopener noreferrer\"><img decoding=\"async\" class=\"size-thumbnail wp-image-1717 aligncenter img150x150\" src=\"https:\/\/institutjoanbrudieu.cat\/public\/web_centre\/html\/documents\/fotos_videos_web\/231218_Rap_Aula_Acollida.jpg\" alt=\"231218_Rap_Aula_Acollida\" \/>231218 Rap a l&#8217;Aula d&#8217;Acollida #1<\/a><\/div>\n<div class=\"blocimg\"><a href=\"https:\/\/youtu.be\/sPjX80YJdSw\" target=\"_blank\" rel=\"noopener noreferrer\"><img decoding=\"async\" class=\"size-thumbnail wp-image-1717 aligncenter img150x150\" src=\"https:\/\/institutjoanbrudieu.cat\/public\/web_centre\/html\/documents\/fotos_videos_web\/231215_Taller_de_costura_IFE.jpg\" alt=\"231215_Taller_de_costura_IFE\" \/>231215 Taller de costura a cal Bundancieta (IFE)<\/a><\/div>\n<div class=\"blocimg\"><a href=\"https:\/\/youtu.be\/58xqCMpGCw0\" target=\"_blank\" rel=\"noopener noreferrer\"><img decoding=\"async\" class=\"size-thumbnail wp-image-1717 aligncenter img150x150\" src=\"https:\/\/institutjoanbrudieu.cat\/public\/web_centre\/html\/documents\/fotos_videos_web\/Emergencia_video.jpg\" alt=\"Emergencia_video\" \/>231130 Pla d&#8217;Emerg\u00e8ncia: com fem l&#8217;evacuaci\u00f3 de l&#8217;Institut?<\/a><\/div>\n<div class=\"blocimg\"><a href=\"https:\/\/youtu.be\/FoOkghekpgM\" target=\"_blank\" rel=\"noopener noreferrer\"><img decoding=\"async\" class=\"size-thumbnail wp-image-1717 aligncenter img150x150\" src=\"https:\/\/institutjoanbrudieu.cat\/public\/web_centre\/html\/documents\/fotos_videos_web\/230930_Ball_Cerda_intergeneracional.jpg\" alt=\"230930_Ball_Cerda_intergeneracional\" \/>230930 Ball Cerd\u00e0 intergeneracional<\/a><\/div>\n<div class=\"blocimg\"><a href=\"https:\/\/youtu.be\/DD2QSAF4T-o\" target=\"_blank\" rel=\"noopener noreferrer\"><img decoding=\"async\" class=\"size-thumbnail wp-image-1717 aligncenter img150x150\" src=\"https:\/\/institutjoanbrudieu.cat\/public\/web_centre\/html\/documents\/fotos_videos_web\/230917_IFE_Brudieu_al_World_Robot_Olympiad_23-24.jpg\" alt=\"230917_IFE_Brudieu_al_World_Robot_Olympiad_23-24\" \/>230917 IFE Brudieu al World Robot Olympiad 23-24<\/a><\/div>\n","protected":false},"excerpt":{"rendered":"<p>CURS 2023-2024 240625 Lliurament Premis TdR UVic 240620 Final de Pr\u00e0ctiques a l&#8217;IFE 240620 V\u00eddeo resum Promoci\u00f3 2020-2024 (Graduaci\u00f3 4t ESO) 240618 Col\u00f2nies a L&#8217;Estartit 3r ESO 240614 Viatge a It\u00e0lia 4t ESO (del 6 al 14 de juny de 2024) 240603 Projecte de Tecnologia (Alumnat S3) 240321 Aprenentatge i curr\u00edculum transversal (Alumnat S3D &#8211; [&hellip;]<\/p>\n","protected":false},"author":1,"featured_media":0,"parent":2043,"menu_order":15,"comment_status":"closed","ping_status":"closed","template":"page-templates\/side-menu.php","meta":{"_bbp_topic_count":0,"_bbp_reply_count":0,"_bbp_total_topic_count":0,"_bbp_total_reply_count":0,"_bbp_voice_count":0,"_bbp_anonymous_reply_count":0,"_bbp_topic_count_hidden":0,"_bbp_reply_count_hidden":0,"_bbp_forum_subforum_count":0,"site-sidebar-layout":"default","site-content-layout":"","ast-site-content-layout":"","site-content-style":"default","site-sidebar-style":"default","ast-global-header-display":"","ast-banner-title-visibility":"","ast-main-header-display":"","ast-hfb-above-header-display":"","ast-hfb-below-header-display":"","ast-hfb-mobile-header-display":"","site-post-title":"","ast-breadcrumbs-content":"","ast-featured-img":"","footer-sml-layout":"","theme-transparent-header-meta":"","adv-header-id-meta":"","stick-header-meta":"","header-above-stick-meta":"","header-main-stick-meta":"","header-below-stick-meta":"","astra-migrate-meta-layouts":"default","ast-page-background-enabled":"default","ast-page-background-meta":{"desktop":{"background-color":"var(--ast-global-color-4)","background-image":"","background-repeat":"repeat","background-position":"center center","background-size":"auto","background-attachment":"scroll","background-type":"","background-media":"","overlay-type":"","overlay-color":"","overlay-opacity":"","overlay-gradient":""},"tablet":{"background-color":"","background-image":"","background-repeat":"repeat","background-position":"center center","background-size":"auto","background-attachment":"scroll","background-type":"","background-media":"","overlay-type":"","overlay-color":"","overlay-opacity":"","overlay-gradient":""},"mobile":{"background-color":"","background-image":"","background-repeat":"repeat","background-position":"center center","background-size":"auto","background-attachment":"scroll","background-type":"","background-media":"","overlay-type":"","overlay-color":"","overlay-opacity":"","overlay-gradient":""}},"ast-content-background-meta":{"desktop":{"background-color":"var(--ast-global-color-5)","background-image":"","background-repeat":"repeat","background-position":"center center","background-size":"auto","background-attachment":"scroll","background-type":"","background-media":"","overlay-type":"","overlay-color":"","overlay-opacity":"","overlay-gradient":""},"tablet":{"background-color":"var(--ast-global-color-5)","background-image":"","background-repeat":"repeat","background-position":"center center","background-size":"auto","background-attachment":"scroll","background-type":"","background-media":"","overlay-type":"","overlay-color":"","overlay-opacity":"","overlay-gradient":""},"mobile":{"background-color":"var(--ast-global-color-5)","background-image":"","background-repeat":"repeat","background-position":"center center","background-size":"auto","background-attachment":"scroll","background-type":"","background-media":"","overlay-type":"","overlay-color":"","overlay-opacity":"","overlay-gradient":""}},"footnotes":""},"class_list":["post-9608","page","type-page","status-publish","hentry"],"post_mailing_queue_ids":[],"_links":{"self":[{"href":"https:\/\/agora.xtec.cat\/iesjoanbrudieu\/wp-json\/wp\/v2\/pages\/9608","targetHints":{"allow":["GET"]}}],"collection":[{"href":"https:\/\/agora.xtec.cat\/iesjoanbrudieu\/wp-json\/wp\/v2\/pages"}],"about":[{"href":"https:\/\/agora.xtec.cat\/iesjoanbrudieu\/wp-json\/wp\/v2\/types\/page"}],"author":[{"embeddable":true,"href":"https:\/\/agora.xtec.cat\/iesjoanbrudieu\/wp-json\/wp\/v2\/users\/1"}],"replies":[{"embeddable":true,"href":"https:\/\/agora.xtec.cat\/iesjoanbrudieu\/wp-json\/wp\/v2\/comments?post=9608"}],"version-history":[{"count":1,"href":"https:\/\/agora.xtec.cat\/iesjoanbrudieu\/wp-json\/wp\/v2\/pages\/9608\/revisions"}],"predecessor-version":[{"id":9609,"href":"https:\/\/agora.xtec.cat\/iesjoanbrudieu\/wp-json\/wp\/v2\/pages\/9608\/revisions\/9609"}],"up":[{"embeddable":true,"href":"https:\/\/agora.xtec.cat\/iesjoanbrudieu\/wp-json\/wp\/v2\/pages\/2043"}],"wp:attachment":[{"href":"https:\/\/agora.xtec.cat\/iesjoanbrudieu\/wp-json\/wp\/v2\/media?parent=9608"}],"curies":[{"name":"wp","href":"https:\/\/api.w.org\/{rel}","templated":true}]}}