{"id":8712,"date":"2023-09-18T14:20:52","date_gmt":"2023-09-18T12:20:52","guid":{"rendered":"https:\/\/agora.xtec.cat\/iesjoanbrudieu\/?page_id=8712"},"modified":"2023-09-18T14:20:52","modified_gmt":"2023-09-18T12:20:52","slug":"fotografies-curs-2022-2023","status":"publish","type":"page","link":"https:\/\/agora.xtec.cat\/iesjoanbrudieu\/fotografies-de-linstitut\/fotografies-curs-2022-2023\/","title":{"rendered":"Fotografies: curs 2022-2023"},"content":{"rendered":"<h2 class=\"titolh2\">CURS 2022-2023<\/h2>\n<div class=\"blocimg\"><a href=\"https:\/\/photos.app.goo.gl\/QGs1tmavyZiNzFKE9\" target=\"_blank\" rel=\"noopener noreferrer\"><img decoding=\"async\" class=\"size-thumbnail wp-image-1717 aligncenter img150x150\" src=\"https:\/\/institutjoanbrudieu.cat\/public\/web_centre\/html\/documents\/fotos_web\/230620_Hotel_insectes.jpg\" alt=\"230620_Hotel_insectes\" \/>230620 Hotel d&#8217;insectes (Alumnat SIEI)<\/a><\/div>\n<div class=\"blocimg\"><a href=\"https:\/\/photos.app.goo.gl\/aWC6ftjDiw3vyDEcA\" target=\"_blank\" rel=\"noopener noreferrer\"><img decoding=\"async\" class=\"size-thumbnail wp-image-1717 aligncenter img150x150\" src=\"https:\/\/institutjoanbrudieu.cat\/public\/web_centre\/html\/documents\/fotos_web\/230616_Presentacio_llibre_assistencia.jpg\" alt=\"230616_Presentacio_llibre_assistencia\" \/>230616 Assist\u00e8ncia alumnat CAI+APD a la presentaci\u00f3 de llibre<\/a><\/div>\n<div class=\"blocimg\"><a href=\"https:\/\/photos.app.goo.gl\/1CCef6nQuy68eNo48\" target=\"_blank\" rel=\"noopener noreferrer\"><img decoding=\"async\" class=\"size-thumbnail wp-image-1717 aligncenter img150x150\" src=\"https:\/\/institutjoanbrudieu.cat\/public\/web_centre\/html\/documents\/fotos_web\/230616_Fonts_Aiguats_82.jpg\" alt=\"230616_Fonts_Aiguats_82\" \/>230616 TdS S3 &#8211; Visi\u00f3 documental &#8220;I les fonts van parlar &#8211; Aiguats del 82&#8221;<\/a><\/div>\n<div class=\"blocimg\"><a href=\"https:\/\/photos.app.goo.gl\/Z6Y7EzFQXnbYTAja8\" target=\"_blank\" rel=\"noopener noreferrer\"><img decoding=\"async\" class=\"size-thumbnail wp-image-1717 aligncenter img150x150\" src=\"https:\/\/institutjoanbrudieu.cat\/public\/web_centre\/html\/documents\/fotos_web\/230615_Colonies_S3.jpg\" alt=\"230615_Colonies_S3\" \/>230615 Col\u00f2nies (3r ESO)<\/a><\/div>\n<div class=\"blocimg\"><a href=\"https:\/\/photos.app.goo.gl\/LuL9ky5Uc1RjE5KC6\" target=\"_blank\" rel=\"noopener noreferrer\"><img decoding=\"async\" class=\"size-thumbnail wp-image-1717 aligncenter img150x150\" src=\"https:\/\/institutjoanbrudieu.cat\/public\/web_centre\/html\/documents\/fotos_web\/230614_Graduacio_S4.jpg\" alt=\"230614_Graduacio_S4\" \/>230614 Festa de Graduacio (4t ESO)<\/a><\/div>\n<div class=\"blocimg\"><a href=\"https:\/\/photos.app.goo.gl\/GMF9jV9RMiqVYCJ1A\" target=\"_blank\" rel=\"noopener noreferrer\"><img decoding=\"async\" class=\"size-thumbnail wp-image-1717 aligncenter img150x150\" src=\"https:\/\/institutjoanbrudieu.cat\/public\/web_centre\/html\/documents\/fotos_web\/230614_Aransa.jpg\" alt=\"230614_Aransa\" \/>230614 Activitats a Aransa (1r i 2n ESO)<\/a><\/div>\n<div class=\"blocimg\"><a href=\"https:\/\/photos.app.goo.gl\/z7nfWyNxrXVAxmQ99\" target=\"_blank\" rel=\"noopener noreferrer\"><img decoding=\"async\" class=\"size-thumbnail wp-image-1717 aligncenter img150x150\" src=\"https:\/\/institutjoanbrudieu.cat\/public\/web_centre\/html\/documents\/fotos_web\/230613_Colonies_S1_S2.jpg\" alt=\"230613_Colonies_S1_S2\" \/>230613 Col\u00f2nies 1r i 2n ESO<\/a><\/div>\n<div class=\"blocimg\"><a href=\"https:\/\/photos.app.goo.gl\/qSiqJyR6cWKRCzau8\" target=\"_blank\" rel=\"noopener noreferrer\"><img decoding=\"async\" class=\"size-thumbnail wp-image-1717 aligncenter img150x150\" src=\"https:\/\/institutjoanbrudieu.cat\/public\/web_centre\/html\/documents\/fotos_web\/230613_PFI_Cloenda_curs.jpg\" alt=\"230613_PFI_Cloenda_curs\" \/>230613 PFI Cloenda del curs<\/a><\/div>\n<div class=\"blocimg\"><a href=\"https:\/\/photos.app.goo.gl\/aUKmnjd8C8DpYRCx7\" target=\"_blank\" rel=\"noopener noreferrer\"><img decoding=\"async\" class=\"size-thumbnail wp-image-1717 aligncenter img150x150\" src=\"https:\/\/institutjoanbrudieu.cat\/public\/web_centre\/html\/documents\/fotos_web\/230602_Graduacio_BTX_CFM_CFS.jpg\" alt=\"230602_Graduacio_BTX_CFM_CFS\" \/>230602 Festa de Graduacio (BTX-CFM-CFS)<\/a><\/div>\n<div class=\"blocimg\"><a href=\"https:\/\/photos.app.goo.gl\/S625hoK3GmMTZMuR6\" target=\"_blank\" rel=\"noopener noreferrer\"><img decoding=\"async\" class=\"size-thumbnail wp-image-1717 aligncenter img150x150\" src=\"https:\/\/institutjoanbrudieu.cat\/public\/web_centre\/html\/documents\/fotos_web\/230531_ERASMUS_FP.jpg\" alt=\"230531_ERASMUS_FP\" \/>230531 Sortida ERASMUS FP<\/a><\/div>\n<div class=\"blocimg\"><a href=\"https:\/\/photos.app.goo.gl\/D8eyszqAZohZAmHy5\" target=\"_blank\" rel=\"noopener noreferrer\"><img decoding=\"async\" class=\"size-thumbnail wp-image-1717 aligncenter img150x150\" src=\"https:\/\/institutjoanbrudieu.cat\/public\/web_centre\/html\/documents\/fotos_web\/230531_Sortida_TM_B1.jpg\" alt=\"230531_Sortida_TM_B1\" \/>230531 Sortida Ci\u00e8ncies de la Terra (alumnat B1)<\/a><\/div>\n<div class=\"blocimg\"><a href=\"https:\/\/photos.app.goo.gl\/ucN5ywsgdEZ81huN6\" target=\"_blank\" rel=\"noopener noreferrer\"><img decoding=\"async\" class=\"size-thumbnail wp-image-1717 aligncenter img150x150\" src=\"https:\/\/institutjoanbrudieu.cat\/public\/web_centre\/html\/documents\/fotos_web\/230523_Xerrada_salut.jpg\" alt=\"230523_Xerrada_salut\" \/>230523 Xerrada salut<\/a><\/div>\n<div class=\"blocimg\"><a href=\"https:\/\/photos.app.goo.gl\/fAQAjM9B2g8zm86k8\" target=\"_blank\" rel=\"noopener noreferrer\"><img decoding=\"async\" class=\"size-thumbnail wp-image-1717 aligncenter img150x150\" src=\"https:\/\/institutjoanbrudieu.cat\/public\/web_centre\/html\/documents\/fotos_web\/230521_Concurs_Joc_aula.jpg\" alt=\"230521_Concurs_Joc_aula\" \/>230521 Concurs Jocs a l&#8217;aula (Granollers)<\/a><\/div>\n<div class=\"blocimg\"><a href=\"https:\/\/photos.app.goo.gl\/SF44NC1Mj9cdXacL8\" target=\"_blank\" rel=\"noopener noreferrer\"><img decoding=\"async\" class=\"size-thumbnail wp-image-1717 aligncenter img150x150\" src=\"https:\/\/institutjoanbrudieu.cat\/public\/web_centre\/html\/documents\/fotos_web\/230519_Concert_Pl_del_Rei.jpg\" alt=\"230519_Concert_Pl_del_Rei\" \/>230519 Concert a la Pla\u00e7a del Rei (Barcelona)<\/a><\/div>\n<div class=\"blocimg\"><a href=\"https:\/\/photos.app.goo.gl\/3JkPGJY2SYToQJ6t5\" target=\"_blank\" rel=\"noopener noreferrer\"><img decoding=\"async\" class=\"size-thumbnail wp-image-1717 aligncenter img150x150\" src=\"https:\/\/institutjoanbrudieu.cat\/public\/web_centre\/html\/documents\/fotos_web\/230518_Escacs.jpg\" alt=\"230518_Escacs\" \/>230518 Competici\u00f3 d&#8217;escacs a Andorra<\/a><\/div>\n<div class=\"blocimg\"><a href=\"https:\/\/photos.app.goo.gl\/wvkPiVD2iMfY137y7\" target=\"_blank\" rel=\"noopener noreferrer\"><img decoding=\"async\" class=\"size-thumbnail wp-image-1717 aligncenter img150x150\" src=\"https:\/\/institutjoanbrudieu.cat\/public\/web_centre\/html\/documents\/fotos_web\/230518_Premis_COAC.jpg\" alt=\"230518_Premis_COAC\" \/>230518 Premis COAC<\/a><\/div>\n<div class=\"blocimg\"><a href=\"https:\/\/photos.app.goo.gl\/enpUQbuJmHuiDtTm6\" target=\"_blank\" rel=\"noopener noreferrer\"><img decoding=\"async\" class=\"size-thumbnail wp-image-1717 aligncenter img150x150\" src=\"https:\/\/institutjoanbrudieu.cat\/public\/web_centre\/html\/documents\/fotos_web\/230512_Dinar_B2.jpg\" alt=\"230512_Dinar_B2\" \/>230512 Dinar B2<\/a><\/div>\n<div class=\"blocimg\"><a href=\"https:\/\/photos.app.goo.gl\/LNcggHFWss5MqbgD6\" target=\"_blank\" rel=\"noopener noreferrer\"><img decoding=\"async\" class=\"size-thumbnail wp-image-1717 aligncenter img150x150\" src=\"https:\/\/institutjoanbrudieu.cat\/public\/web_centre\/html\/documents\/fotos_web\/230512_Gimcana_matematica.jpg\" alt=\"230512_Gimcana_matematica\" \/>230512 Gimcana matem\u00e0tica<\/a><\/div>\n<div class=\"blocimg\"><a href=\"https:\/\/photos.app.goo.gl\/irpNYDWwGatTnsHa6\" target=\"_blank\" rel=\"noopener noreferrer\"><img decoding=\"async\" class=\"size-thumbnail wp-image-1717 aligncenter img150x150\" src=\"https:\/\/institutjoanbrudieu.cat\/public\/web_centre\/html\/documents\/fotos_web\/250511_Cotlliure.jpg\" alt=\"250511_Cotlliure\" \/>230511 Sortida a Cotlliure<\/a><\/div>\n<div class=\"blocimg\"><a href=\"https:\/\/photos.app.goo.gl\/zjEugPVofd7Zm32H6\" target=\"_blank\" rel=\"noopener noreferrer\"><img decoding=\"async\" class=\"size-thumbnail wp-image-1717 aligncenter img150x150\" src=\"https:\/\/institutjoanbrudieu.cat\/public\/web_centre\/html\/documents\/fotos_web\/230511_Abacus.jpg\" alt=\"230511_Abacus\" \/>230511 Visita a ABACUS<\/a><\/div>\n<div class=\"blocimg\"><a href=\"https:\/\/photos.app.goo.gl\/zLv54BoRPRr6tQPKA\" target=\"_blank\" rel=\"noopener noreferrer\"><img decoding=\"async\" class=\"size-thumbnail wp-image-1717 aligncenter img150x150\" src=\"https:\/\/institutjoanbrudieu.cat\/public\/web_centre\/html\/documents\/fotos_web\/230510_visita_conseller_a_Markus_Urban.jpg\" alt=\"230510_visita_conseller_a_Markus_Urbans\" \/>230510 Visita conseller Drets Socials a Markus Urban<\/a><\/div>\n<div class=\"blocimg\"><a href=\"https:\/\/photos.app.goo.gl\/VFHXT9kHZufQcwyM6\" target=\"_blank\" rel=\"noopener noreferrer\"><img decoding=\"async\" class=\"size-thumbnail wp-image-1717 aligncenter img150x150\" src=\"https:\/\/institutjoanbrudieu.cat\/public\/web_centre\/html\/documents\/fotos_web\/230510_Consell_Municipal_Adolescents.jpg\" alt=\"230510_Consell_Municipal_Adolescents\" \/>230510 Consell Municipal d&#8217;Adolescents a la Seu d&#8217;Urgell<\/a><\/div>\n<div class=\"blocimg\"><a href=\"https:\/\/photos.app.goo.gl\/qJTJVTTZpoqMjijU6\" target=\"_blank\" rel=\"noopener noreferrer\"><img decoding=\"async\" class=\"size-thumbnail wp-image-1717 aligncenter img150x150\" src=\"https:\/\/institutjoanbrudieu.cat\/public\/web_centre\/html\/documents\/fotos_web\/230509_Taller_Primers_Auxilis.jpg\" alt=\"230509_Taller_Primers_Auxilis\" \/>230509 Taller de Primers Auxilis<\/a><\/div>\n<div class=\"blocimg\"><a href=\"https:\/\/photos.app.goo.gl\/oRfJnM63RKy9eEWJ9\" target=\"_blank\" rel=\"noopener noreferrer\"><img decoding=\"async\" class=\"size-thumbnail wp-image-1717 aligncenter img150x150\" src=\"https:\/\/institutjoanbrudieu.cat\/public\/web_centre\/html\/documents\/fotos_web\/230502_Sortida_EF_S4.jpg\" alt=\"230502_Sortida_EF_S4\" \/>230502 Sortida EF &#8211; Alumnat S4<\/a><\/div>\n<div class=\"blocimg\"><a href=\"https:\/\/photos.app.goo.gl\/TYKNbQu4zTQqmHSR9\" target=\"_blank\" rel=\"noopener noreferrer\"><img decoding=\"async\" class=\"size-thumbnail wp-image-1717 aligncenter img150x150\" src=\"https:\/\/institutjoanbrudieu.cat\/public\/web_centre\/html\/documents\/fotos_web\/230502_Finlandia_Erasmus.jpg\" alt=\"230502_Finlandia_Erasmus\" \/>230430 Estada de professorat a Finl\u00e0ndia (Erasmus+)<\/a><\/div>\n<div class=\"blocimg\"><a href=\"https:\/\/photos.app.goo.gl\/hhW4CAntk8pLja8h8\" target=\"_blank\" rel=\"noopener noreferrer\"><img decoding=\"async\" class=\"size-thumbnail wp-image-1717 aligncenter img150x150\" src=\"https:\/\/institutjoanbrudieu.cat\/public\/web_centre\/html\/documents\/fotos_web\/230425_Primers_auxilis_FP.jpg\" alt=\"230425_Primers_auxilis_FP\" \/>230425 Primers auxilis a l&#8217;FP<\/a><\/div>\n<div class=\"blocimg\"><a href=\"https:\/\/photos.app.goo.gl\/9XhnRhiDLnDRCgMG8\" target=\"_blank\" rel=\"noopener noreferrer\"><img decoding=\"async\" class=\"size-thumbnail wp-image-1717 aligncenter img150x150\" src=\"https:\/\/institutjoanbrudieu.cat\/public\/web_centre\/html\/documents\/fotos_web\/230425_Esplai_Gent_Gran.jpg\" alt=\"230425_Esplai_Gent_Gran\" \/>230425 2n CFM CAI+APD a l&#8217;Esplai de Gent Gran<\/a><\/div>\n<div class=\"blocimg\"><a href=\"https:\/\/photos.app.goo.gl\/SQ3ZspkbNYiuk5kx7\" target=\"_blank\" rel=\"noopener noreferrer\"><img decoding=\"async\" class=\"size-thumbnail wp-image-1717 aligncenter img150x150\" src=\"https:\/\/institutjoanbrudieu.cat\/public\/web_centre\/html\/documents\/fotos_web\/230425_Concabella.jpg\" alt=\"230425_Concabella\" \/>230425 Sortida a Concabella<\/a><\/div>\n<div class=\"blocimg\"><a href=\"https:\/\/photos.app.goo.gl\/dxXjXGVvzppb4Fat5\" target=\"_blank\" rel=\"noopener noreferrer\"><img decoding=\"async\" class=\"size-thumbnail wp-image-1717 aligncenter img150x150\" src=\"https:\/\/institutjoanbrudieu.cat\/public\/web_centre\/html\/documents\/fotos_web\/Sant_Jordi_rosa.jpg\" alt=\"Sant_Jordi_rosa\" \/>230423 Lliuraments premis literaris i de fotografia (Sant Jordi)<\/a><\/div>\n<div class=\"blocimg\"><a href=\"https:\/\/photos.app.goo.gl\/z5bohLjovgrjsAPx7\" target=\"_blank\" rel=\"noopener noreferrer\"><img decoding=\"async\" class=\"size-thumbnail wp-image-1717 aligncenter img150x150\" src=\"https:\/\/institutjoanbrudieu.cat\/public\/web_centre\/html\/documents\/fotos_web\/230423_Picalletres_Sant_Jordi.jpg\" alt=\"230423_Picalletres_Sant_Jordi\" \/>230423 Concurs Picalletres (Sant Jordi)<\/a><\/div>\n<div class=\"blocimg\"><a href=\"https:\/\/photos.app.goo.gl\/t1buf7Be6WVi4Yug8\" target=\"_blank\" rel=\"noopener noreferrer\"><img decoding=\"async\" class=\"size-thumbnail wp-image-1717 aligncenter img150x150\" src=\"https:\/\/institutjoanbrudieu.cat\/public\/web_centre\/html\/documents\/fotos_web\/230421_Natura_Alt_Urgell.jpg\" alt=\"230421_Natura_Alt_Urgell\" \/>230421 Natura a l&#8217;Alt Urgell: patrimoni i recurs<\/a><\/div>\n<div class=\"blocimg\"><a href=\"https:\/\/photos.app.goo.gl\/91V5DvasXvrCWkce6\" target=\"_blank\" rel=\"noopener noreferrer\"><img decoding=\"async\" class=\"size-thumbnail wp-image-1717 aligncenter img150x150\" src=\"https:\/\/institutjoanbrudieu.cat\/public\/web_centre\/html\/documents\/fotos_web\/230421_Premi_TdR_ Markus_Urban.jpg\" alt=\"230421_Premi_TdR_Markus_Urban\" \/>230421 Premi TdR per a Markus Urban<\/a><\/div>\n<div class=\"blocimg\"><a href=\"https:\/\/photos.app.goo.gl\/U79K5su4Nmcxh9c86\" target=\"_blank\" rel=\"noopener noreferrer\"><img decoding=\"async\" class=\"size-thumbnail wp-image-1717 aligncenter img150x150\" src=\"https:\/\/institutjoanbrudieu.cat\/public\/web_centre\/html\/documents\/fotos_web\/230420_Lectura_en_veu_alta_Mollerussa.jpg\" alt=\"230420_Lectura_en_veu_alta_Mollerussa\" \/>230420 Concurs de lectura en veu alta (Final de Lleida a Mollerussa)<\/a><\/div>\n<div class=\"blocimg\"><a href=\"https:\/\/photos.app.goo.gl\/6SGTbAr5io1JmWUU8\" target=\"_blank\" rel=\"noopener noreferrer\"><img decoding=\"async\" class=\"size-thumbnail wp-image-1717 aligncenter img150x150\" src=\"https:\/\/institutjoanbrudieu.cat\/public\/web_centre\/html\/documents\/fotos_web\/230419_Taller_exlibris_SIEI_i_IFE.jpg\" alt=\"230419_Taller_exlibris_SIEI_i_IFE\" \/>230419 Taller exlibris (alumnat IFE i SIEI)<\/a><\/div>\n<div class=\"blocimg\"><a href=\"https:\/\/photos.app.goo.gl\/9JEAMZLAAqFEkPMY6\" target=\"_blank\" rel=\"noopener noreferrer\"><img decoding=\"async\" class=\"size-thumbnail wp-image-1717 aligncenter img150x150\" src=\"https:\/\/institutjoanbrudieu.cat\/public\/web_centre\/html\/documents\/fotos_web\/230419_Projecte_cadira_SIEI.jpg\" alt=\"230419_Projecte_cadira_SIEI\" \/>230419 Projecte cadira (alumnat SIEI)<\/a><\/div>\n<div class=\"blocimg\"><a href=\"https:\/\/photos.app.goo.gl\/YHEDKLqdbrTAS4YN7\" target=\"_blank\" rel=\"noopener noreferrer\"><img decoding=\"async\" class=\"size-thumbnail wp-image-1717 aligncenter img150x150\" src=\"https:\/\/institutjoanbrudieu.cat\/public\/web_centre\/html\/documents\/fotos_web\/230415_DiMat_Pirineus.jpg\" alt=\"230415_DiMat_Pirineus\" \/>230415 DiMAT Pirineus al Brudieu<\/a><\/div>\n<div class=\"blocimg\"><a href=\"https:\/\/photos.app.goo.gl\/U2BZ7QEN24zX5zJ66\" target=\"_blank\" rel=\"noopener noreferrer\"><img decoding=\"async\" class=\"size-thumbnail wp-image-1717 aligncenter img150x150\" src=\"https:\/\/institutjoanbrudieu.cat\/public\/web_centre\/html\/documents\/fotos_web\/230415_Exposicio_Trementinaires_Tuixent.jpg\" alt=\"230415_Exposicio_Trementinaires_Tuixent\" \/>230415 Exposici\u00f3 d&#8217;obra de l&#8217;alumnat del Brudieu al Museu de les Trementinaires a Tuixent<\/a><\/div>\n<div class=\"blocimg\"><a href=\"https:\/\/photos.app.goo.gl\/HMb2rTd5jQ3GajKf6\" target=\"_blank\" rel=\"noopener noreferrer\"><img decoding=\"async\" class=\"size-thumbnail wp-image-1717 aligncenter img150x150\" src=\"https:\/\/institutjoanbrudieu.cat\/public\/web_centre\/html\/documents\/fotos_web\/230412_Xavier_Sarria.jpg\" alt=\"230412_Xavier_Sarria\" \/>230412 Xerrada &#8211; concert Xavier Sarri\u00e0<\/a><\/div>\n<div class=\"blocimg\"><a href=\"https:\/\/photos.app.goo.gl\/CBJEkxQbJV32tVrN8\" target=\"_blank\" rel=\"noopener noreferrer\"><img decoding=\"async\" class=\"size-thumbnail wp-image-1717 aligncenter img150x150\" src=\"https:\/\/institutjoanbrudieu.cat\/public\/web_centre\/html\/documents\/fotos_web\/230331_Dia_Elegancia.jpg\" alt=\"230331_Dia_Elegancia\" \/>230331 Dia de l&#8217;Eleg\u00e0ncia<\/a><\/div>\n<div class=\"blocimg\"><a href=\"https:\/\/photos.app.goo.gl\/cPwb8adGR8tTZR1x8\" target=\"_blank\" rel=\"noopener noreferrer\"><img decoding=\"async\" class=\"size-thumbnail wp-image-1717 aligncenter img150x150\" src=\"https:\/\/institutjoanbrudieu.cat\/public\/web_centre\/html\/documents\/fotos_web\/230331_Taller_expressio_oral_B1.jpg\" alt=\"230331_Taller_expressio_oral_B1\" \/>230331 Taller d&#8217;expressi\u00f3 oral (Alumnat B1)<\/a><\/div>\n<div class=\"blocimg\"><a href=\"https:\/\/photos.app.goo.gl\/WzPPMoWtN3LZe4rx8\" target=\"_blank\" rel=\"noopener noreferrer\"><img decoding=\"async\" class=\"size-thumbnail wp-image-1717 aligncenter img150x150\" src=\"https:\/\/institutjoanbrudieu.cat\/public\/web_centre\/html\/documents\/fotos_web\/230331_Treballs_de_manteniment_Alumnat_SIEI.jpg\" alt=\"230331_Treballs_de_manteniment_Alumnat_SIEI\" \/>230331 Treballs de manteniment a c\u00e0rrec de l&#8217;alumnat de la SIEI<\/a><\/div>\n<div class=\"blocimg\"><a href=\"https:\/\/photos.app.goo.gl\/EmVFvCPGbdtFRL1z8\" target=\"_blank\" rel=\"noopener noreferrer\"><img decoding=\"async\" class=\"size-thumbnail wp-image-1717 aligncenter img150x150\" src=\"https:\/\/institutjoanbrudieu.cat\/public\/web_centre\/html\/documents\/fotos_web\/230330_Concurs_Dictats_Plurilingues.jpg\" alt=\"230330_Concurs_Dictats_Plurilingues\" \/>230330 Lliurament dels premis del Concurs &#8220;Dictats Pluriling\u00fces&#8221;<\/a><\/div>\n<div class=\"blocimg\"><a href=\"https:\/\/photos.app.goo.gl\/UhS1F2t6vkkJpxuB8\" target=\"_blank\" rel=\"noopener noreferrer\"><img decoding=\"async\" class=\"size-thumbnail wp-image-1717 aligncenter img150x150\" src=\"https:\/\/institutjoanbrudieu.cat\/public\/web_centre\/html\/documents\/fotos_web\/230330_Concurs_Jocs_de_Taula_Allau_2023.jpg\" alt=\"230330_Concurs_Jocs_de_Taula_Allau_2023\" \/>230330 Concurs Jocs de Taula &#8220;Allau 2023&#8221;<\/a><\/div>\n<div class=\"blocimg\"><a href=\"https:\/\/photos.app.goo.gl\/9SxqPcyhKKtuuFpH7\" target=\"_blank\" rel=\"noopener noreferrer\"><img decoding=\"async\" class=\"size-thumbnail wp-image-1717 aligncenter img150x150\" src=\"https:\/\/institutjoanbrudieu.cat\/public\/web_centre\/html\/documents\/fotos_web\/230330_Jamsession_TdR_2.jpg\" alt=\"230330_Jamsession_TdR_2\" \/>230330 Jamsession TdR 2a sessi\u00f3<\/a><\/div>\n<div class=\"blocimg\"><a href=\"https:\/\/photos.app.goo.gl\/39f2fhtNrCR5AHwD7\" target=\"_blank\" rel=\"noopener noreferrer\"><img decoding=\"async\" class=\"size-thumbnail wp-image-1717 aligncenter img150x150\" src=\"https:\/\/institutjoanbrudieu.cat\/public\/web_centre\/html\/documents\/fotos_web\/230328_ProgramaME_guanyadors.jpg\" alt=\"230328_ProgramaME_guanyadors\" \/>230328 1r Premi al Concurs ProgramaME<\/a><\/div>\n<div class=\"blocimg\"><a href=\"https:\/\/photos.app.goo.gl\/ozzwzg3Vpxn8riTY8\" target=\"_blank\" rel=\"noopener noreferrer\"><img decoding=\"async\" class=\"size-thumbnail wp-image-1717 aligncenter img150x150\" src=\"https:\/\/institutjoanbrudieu.cat\/public\/web_centre\/html\/documents\/fotos_web\/230321_Taula_Rodona_Animes_tocades.jpg\" alt=\"230321_Taula_Rodona_Animes_tocades\" \/>230321 Taula Rodona sobre el llibre \u00c0nimes tocades<\/a><\/div>\n<div class=\"blocimg\"><a href=\"https:\/\/photos.app.goo.gl\/dUR1QWAnEaRoSrwg7\" target=\"_blank\" rel=\"noopener noreferrer\"><img decoding=\"async\" class=\"size-thumbnail wp-image-1717 aligncenter img150x150\" src=\"https:\/\/institutjoanbrudieu.cat\/public\/web_centre\/html\/documents\/fotos_web\/saint_patrick_s_day.jpg\" alt=\"saint_patrick_s_day\" \/>230317 Saint Patrick&#8217;s Day al Brudieu<\/a><\/div>\n<div class=\"blocimg\"><a href=\"https:\/\/photos.app.goo.gl\/tF1adRqM3fmcHvTD7\" target=\"_blank\" rel=\"noopener noreferrer\"><img decoding=\"async\" class=\"size-thumbnail wp-image-1717 aligncenter img150x150\" src=\"https:\/\/institutjoanbrudieu.cat\/public\/web_centre\/html\/documents\/fotos_web\/230316_Proves_Cangur.jpg\" alt=\"230316_Proves_Cangur\" \/>230316 Proves Cangur<\/a><\/div>\n<div class=\"blocimg\"><a href=\"https:\/\/photos.app.goo.gl\/btioN7Yg2rPuvJUGA\" target=\"_blank\" rel=\"noopener noreferrer\"><img decoding=\"async\" class=\"size-thumbnail wp-image-1717 aligncenter img150x150\" src=\"https:\/\/institutjoanbrudieu.cat\/public\/web_centre\/html\/documents\/fotos_web\/230314_Dia_PI.jpg\" alt=\"230314_Dia_PI\" \/>230314 Dia PI<\/a><\/div>\n<div class=\"blocimg\"><a href=\"https:\/\/photos.app.goo.gl\/vtFhDpc5nvPqD95x5\" target=\"_blank\" rel=\"noopener noreferrer\"><img decoding=\"async\" class=\"size-thumbnail wp-image-1717 aligncenter img150x150\" src=\"https:\/\/institutjoanbrudieu.cat\/public\/web_centre\/html\/documents\/fotos_web\/230314_Taller_cuina_saludable_IFE.jpg\" alt=\"230314_Taller_cuina_saludable_IFE\" \/>230314 Taller de cuina saludable (Alumnat IFE)<\/a><\/div>\n<div class=\"blocimg\"><a href=\"https:\/\/photos.app.goo.gl\/LWDHRigo183XYUhCA\" target=\"_blank\" rel=\"noopener noreferrer\"><img decoding=\"async\" class=\"size-thumbnail wp-image-1717 aligncenter img150x150\" src=\"https:\/\/institutjoanbrudieu.cat\/public\/web_centre\/html\/documents\/fotos_web\/veu-alta-escolar.jpg\" alt=\"230309_veu-alta-escolar\" \/>230309 Lectura en veu alta &#8211; semifinal a la Seu d&#8217;Urgell<\/a><\/div>\n<div class=\"blocimg\"><a href=\"https:\/\/photos.app.goo.gl\/ZJapc3LLAxUytXfTA\" target=\"_blank\" rel=\"noopener noreferrer\"><img decoding=\"async\" class=\"size-thumbnail wp-image-1717 aligncenter img150x150\" src=\"https:\/\/institutjoanbrudieu.cat\/public\/web_centre\/html\/documents\/fotos_web\/230309_Formacio_TdR_Bibliografia.jpg\" alt=\"230309_Formacio_TdR_Bibliografia\" \/>230309 Formaci\u00f3 TdR Bibliografia<\/a><\/div>\n<div class=\"blocimg\"><a href=\"https:\/\/photos.app.goo.gl\/pDcMagsbGtjekY669\" target=\"_blank\" rel=\"noopener noreferrer\"><img decoding=\"async\" class=\"size-thumbnail wp-image-1717 aligncenter img150x150\" src=\"https:\/\/institutjoanbrudieu.cat\/public\/web_centre\/html\/documents\/fotos_web\/230303_Tecniques_gestuals_CFS_EDI.jpg\" alt=\"230303_Tecniques_gestuals_CFS_EDI\" \/>230303 T\u00e8cniques gestuals (CFS EDI)<\/a><\/div>\n<div class=\"blocimg\"><a href=\"https:\/\/photos.app.goo.gl\/W96hPK9BPS1jzUe59\" target=\"_blank\" rel=\"noopener noreferrer\"><img decoding=\"async\" class=\"size-thumbnail wp-image-1717 aligncenter img150x150\" src=\"https:\/\/institutjoanbrudieu.cat\/public\/web_centre\/html\/documents\/fotos_web\/230302_Trobada_alumnes_ERASMUS_en_practiques_web.jpg\" alt=\"230302_Trobada_alumnes_ERASMUS_en_practiques_web\" \/>230302 Trobada alumnes de Fran\u00e7a (ERASMUS en pr\u00e0ctiques)<\/a><\/div>\n<div class=\"blocimg\"><a href=\"https:\/\/photos.app.goo.gl\/6hGBASPYXSQR8oqb8\" target=\"_blank\" rel=\"noopener noreferrer\"><img decoding=\"async\" class=\"size-thumbnail wp-image-1717 aligncenter img150x150\" src=\"https:\/\/institutjoanbrudieu.cat\/public\/web_centre\/html\/documents\/fotos_web\/230224_Creu_Roja.jpg\" alt=\"230224_Creu_Roja\" \/>230224 Pr\u00e0ctiques RCP amb Creu_Roja<\/a><\/div>\n<div class=\"blocimg\"><a href=\"https:\/\/photos.app.goo.gl\/bfiyJ6FEzfyzcc9S9\" target=\"_blank\" rel=\"noopener noreferrer\"><img decoding=\"async\" class=\"size-thumbnail wp-image-1717 aligncenter img150x150\" src=\"https:\/\/institutjoanbrudieu.cat\/public\/web_centre\/html\/documents\/fotos_web\/230222_Bev_Allan.jpg\" alt=\"230222_Bev_Allan\" \/>230222 L&#8217;escriptora Bev Allan visita l&#8217;Institut<\/a><\/div>\n<div class=\"blocimg\"><a href=\"https:\/\/photos.app.goo.gl\/4bvCz7bcP2DbWvy16\" target=\"_blank\" rel=\"noopener noreferrer\"><img decoding=\"async\" class=\"size-thumbnail wp-image-1717 aligncenter img150x150\" src=\"https:\/\/institutjoanbrudieu.cat\/public\/web_centre\/html\/documents\/fotos_web\/230221_Presentacio_TdR_JC_Hospital.jpg\" alt=\"230221_Presentacio_TdR_JC_Hospital\" \/>230221 Presentaci\u00f3 del TdR de Jana Cort\u00e9s a l&#8217;Hospital<\/a><\/div>\n<div class=\"blocimg\"><a href=\"https:\/\/photos.app.goo.gl\/UHa8fzQ7gW9x4UTr9\" target=\"_blank\" rel=\"noopener noreferrer\"><img decoding=\"async\" class=\"size-thumbnail wp-image-1717 aligncenter img150x150\" src=\"https:\/\/institutjoanbrudieu.cat\/public\/web_centre\/html\/documents\/fotos_web\/carnaval.jpg\" alt=\"Carnaval\" \/>230217 Carnaval al Brudieu. M\u00e0scares elaborades per alumnat d&#8217;IFE, ACO i SIEI<\/a><\/div>\n<div class=\"blocimg\"><a href=\"https:\/\/photos.app.goo.gl\/pHc8zMxSDeMykFd47\" target=\"_blank\" rel=\"noopener noreferrer\"><img decoding=\"async\" class=\"size-thumbnail wp-image-1717 aligncenter img150x150\" src=\"https:\/\/institutjoanbrudieu.cat\/public\/web_centre\/html\/documents\/fotos_web\/carnaval.jpg\" alt=\"Carnaval\" \/>230217 Carnaval al Brudieu<\/a><\/div>\n<div class=\"blocimg\"><a href=\"https:\/\/photos.app.goo.gl\/zPkAeg55YGjQwdV97\" target=\"_blank\" rel=\"noopener noreferrer\"><img decoding=\"async\" class=\"size-thumbnail wp-image-1717 aligncenter img150x150\" src=\"https:\/\/institutjoanbrudieu.cat\/public\/web_centre\/html\/documents\/fotos_web\/230215_Problemes_esprint_S1_S2.jpg\" alt=\"230215_Problemes_esprint_S1_S2\" \/>230215 Problemes matem\u00e0tics a l&#8217;esprint (S1-S2)<\/a><\/div>\n<div class=\"blocimg\"><a href=\"https:\/\/photos.app.goo.gl\/uNqN2dcv9kWsfpJ27\" target=\"_blank\" rel=\"noopener noreferrer\"><img decoding=\"async\" class=\"size-thumbnail wp-image-1717 aligncenter img150x150\" src=\"https:\/\/institutjoanbrudieu.cat\/public\/web_centre\/html\/documents\/fotos_web\/230207_taller_estimulacio_cognitiva.jpg\" alt=\"230207_taller_estimulacio_cognitiva\" \/>230207 Taller d&#8217;estimulaci\u00f3 cognitiva i mem\u00f2ria (Alumnat CFM CAI+APD 2)<\/a><\/div>\n<div class=\"blocimg\"><a href=\"https:\/\/photos.app.goo.gl\/J886A1g5Z3zJKLHq7Hq7\" target=\"_blank\" rel=\"noopener noreferrer\"><img decoding=\"async\" class=\"size-thumbnail wp-image-1717 aligncenter img150x150\" src=\"https:\/\/institutjoanbrudieu.cat\/public\/web_centre\/html\/documents\/fotos_web\/Portes_Obertes.jpg\" alt=\"Portes_Obertes\" \/>230201 Portes Obertes Alumnat de Prim\u00e0ria<\/a><\/div>\n<div class=\"blocimg\"><a href=\"https:\/\/photos.app.goo.gl\/ZCG6BXRDRZji81kQ6\" target=\"_blank\" rel=\"noopener noreferrer\"><img decoding=\"async\" class=\"size-thumbnail wp-image-1717 aligncenter img150x150\" src=\"https:\/\/institutjoanbrudieu.cat\/public\/web_centre\/html\/documents\/fotos_web\/230131_Ioga.jpg\" alt=\"230131_Ioga\" \/>230131 Ioga (Alumnat CFM CAI+APD 2)<\/a><\/div>\n<div class=\"blocimg\"><a href=\"https:\/\/photos.app.goo.gl\/NnftxVWPNu4XXdHx9\" target=\"_blank\" rel=\"noopener noreferrer\"><img decoding=\"async\" class=\"size-thumbnail wp-image-1717 aligncenter img150x150\" src=\"https:\/\/institutjoanbrudieu.cat\/public\/web_centre\/html\/documents\/fotos_web\/Portes_Obertes.jpg\" alt=\"Portes_Obertes\" \/>230125 Portes Obertes Alumnat de Prim\u00e0ria<\/a><\/div>\n<div class=\"blocimg\"><a href=\"https:\/\/photos.app.goo.gl\/wFVvNtwPhqa6f3oL9\" target=\"_blank\" rel=\"noopener noreferrer\"><img decoding=\"async\" class=\"size-thumbnail wp-image-1717 aligncenter img150x150\" src=\"https:\/\/institutjoanbrudieu.cat\/public\/web_centre\/html\/documents\/fotos_web\/230112_Treball_de_Recerca_B2.jpg\" alt=\"230112_Treball_de_Recerca_B2\" \/>230112 Treball de Recerca B2 (Presentacions)<\/a><\/div>\n<div class=\"blocimg\"><a href=\"https:\/\/photos.app.goo.gl\/vMMssfAoeNMbKtso9\" target=\"_blank\" rel=\"noopener noreferrer\"><img decoding=\"async\" class=\"size-thumbnail wp-image-1717 aligncenter img150x150\" src=\"https:\/\/institutjoanbrudieu.cat\/public\/web_centre\/html\/documents\/fotos_web\/221219_Astronomia.jpg\" alt=\"221219_Astronomia\" \/>221219 Astronomia<\/a><\/div>\n<div class=\"blocimg\"><a href=\"https:\/\/photos.app.goo.gl\/14V22tpd6j1BsjEj8\" target=\"_blank\" rel=\"noopener noreferrer\"><img decoding=\"async\" class=\"size-thumbnail wp-image-1717 aligncenter img150x150\" src=\"https:\/\/institutjoanbrudieu.cat\/public\/web_centre\/html\/documents\/fotos_web\/221214_Problemes_esprint_matematiques_web.jpg\" alt=\"221214_Problemes_esprint_matematiques_webS\" \/>221214 Problemes a l&#8217;esprint (Matem\u00e0tiques)<\/a><\/div>\n<div class=\"blocimg\"><a href=\"https:\/\/photos.app.goo.gl\/eY4zgqFyLPGohft18\" target=\"_blank\" rel=\"noopener noreferrer\"><img decoding=\"async\" class=\"size-thumbnail wp-image-1717 aligncenter img150x150\" src=\"https:\/\/institutjoanbrudieu.cat\/public\/web_centre\/html\/documents\/fotos_web\/221119_ERASMUS.jpg\" alt=\"221119_ERASMUS\" \/>221119 ERASMUS+ &#8211; mobilitats professorat<\/a><\/div>\n<div class=\"blocimg\"><a href=\"https:\/\/photos.app.goo.gl\/7HNxZZt4UyJ3htJr7\" target=\"_blank\" rel=\"noopener noreferrer\"><img decoding=\"async\" class=\"size-thumbnail wp-image-1717 aligncenter img150x150\" src=\"https:\/\/institutjoanbrudieu.cat\/public\/web_centre\/html\/documents\/fotos_web\/221118_IFE_a_la_radio.jpg\" alt=\"221118_IFE_a_la_radio\" \/>221118 l&#8217;IFE a R\u00e0dioSeu<\/a><\/div>\n<div class=\"blocimg\"><a href=\"https:\/\/photos.app.goo.gl\/jM54eApKLPf92yVv5\" target=\"_blank\" rel=\"noopener noreferrer\"><img decoding=\"async\" class=\"size-thumbnail wp-image-1717 aligncenter img150x150\" src=\"https:\/\/institutjoanbrudieu.cat\/public\/web_centre\/html\/documents\/fotos_web\/221028_Hora_del_conte.jpg\" alt=\"221028_Hora_del_conte\" \/>221028 Hora del conte<\/a><\/div>\n<div class=\"blocimg\"><a href=\"https:\/\/photos.app.goo.gl\/3a5Kprd27yZqjZKq8\" target=\"_blank\" rel=\"noopener noreferrer\"><img decoding=\"async\" class=\"size-thumbnail wp-image-1717 aligncenter img150x150\" src=\"https:\/\/institutjoanbrudieu.cat\/public\/web_centre\/html\/documents\/fotos_web\/221025_Sortida_Calbinya.jpg\" alt=\"221025_Sortida_Calbinya\" \/>221025 Sortida a Calbiny\u00e0 (alumnat 1r ESO)<\/a><\/div>\n<div class=\"blocimg\"><a href=\"https:\/\/photos.app.goo.gl\/kwx34jFh4hFHNoqd6\" target=\"_blank\" rel=\"noopener noreferrer\"><img decoding=\"async\" class=\"size-thumbnail wp-image-1717 aligncenter img150x150\" src=\"https:\/\/institutjoanbrudieu.cat\/public\/web_centre\/html\/documents\/fotos_web\/221017_Tarasco_Foix.jpg\" alt=\"221017_Tarasco_Foix\" \/>221017 Sortida a Tarasc\u00f3 i Foix (alumnat 1r ESO)<\/a><\/div>\n<div class=\"blocimg\"><a href=\"https:\/\/photos.app.goo.gl\/Cg8x9Z2TRxPG43xg6\" target=\"_blank\" rel=\"noopener noreferrer\"><img decoding=\"async\" class=\"size-thumbnail wp-image-1717 aligncenter img150x150\" src=\"https:\/\/institutjoanbrudieu.cat\/public\/web_centre\/html\/documents\/fotos_web\/221014_Activitats_tutoria_FP.jpg\" alt=\"221014_Activitats_tutoria_FP\" \/>221014 Activitats tutoria (alumnat FP)<\/a><\/div>\n<div class=\"blocimg\"><a href=\"https:\/\/photos.app.goo.gl\/ZT7AJH6gAKyahSoJ8\" target=\"_blank\" rel=\"noopener noreferrer\"><img decoding=\"async\" class=\"size-thumbnail wp-image-1717 aligncenter img150x150\" src=\"https:\/\/institutjoanbrudieu.cat\/public\/web_centre\/html\/documents\/fotos_web\/221008_Tu_tens_la_clau.jpg\" alt=\"221008_Tu_tens_la_clau\" \/>221007 Activitat &#8220;Tu tens la clau&#8221; per a alumnat de B1<\/a><\/div>\n<div class=\"blocimg\"><a href=\"https:\/\/photos.app.goo.gl\/49tBkMYDwHXBjK3H6\" target=\"_blank\" rel=\"noopener noreferrer\"><img decoding=\"async\" class=\"size-thumbnail wp-image-1717 aligncenter img150x150\" src=\"https:\/\/institutjoanbrudieu.cat\/public\/web_centre\/html\/documents\/fotos_web\/221006_Reconeixement_esportistes_Alt_Pirineu_Aran.jpg\" alt=\"221006_Reconeixement_esportistes_Alt_Pirineu_Aran\" \/>221006 Reconeixement als esportistes de l&#8217;Alt Pirineu &#8211; Aran<\/a><\/div>\n<div class=\"blocimg\"><a href=\"https:\/\/photos.app.goo.gl\/UrBfp9xnqYquTS7C7\" target=\"_blank\" rel=\"noopener noreferrer\"><img decoding=\"async\" class=\"size-thumbnail wp-image-1717 aligncenter img150x150\" src=\"https:\/\/institutjoanbrudieu.cat\/public\/web_centre\/html\/documents\/fotos_web\/221001_Ball_Cerda_Intergeneracional.jpg\" alt=\"221001_Ball_Cerda_Intergeneracional\" \/>221001 Cobla i Orquestra de l&#8217;Institut al Ball Cerd\u00e0 Intergeneracional<\/a><\/div>\n<div class=\"blocimg\"><a href=\"https:\/\/photos.app.goo.gl\/baB7WNWwNXsrdYiL6\" target=\"_blank\" rel=\"noopener noreferrer\"><img decoding=\"async\" class=\"size-thumbnail wp-image-1717 aligncenter img150x150\" src=\"https:\/\/institutjoanbrudieu.cat\/public\/web_centre\/html\/documents\/fotos_web\/220922_Activitat_formatge.jpg\" alt=\"220922_Activitat_formatge\" \/>220922 Activitat Fira Formatge &#8211; 2n ESO <\/a><\/div>\n<div class=\"blocimg\"><a href=\"https:\/\/photos.app.goo.gl\/VSmdyrntnF1AAG58A\" target=\"_blank\" rel=\"noopener noreferrer\"><img decoding=\"async\" class=\"size-thumbnail wp-image-1717 aligncenter img150x150\" src=\"https:\/\/institutjoanbrudieu.cat\/public\/web_centre\/html\/documents\/fotos_web\/220914_Sortida_Tutoria_S3_S4.jpg\" alt=\"220914_Sortida_Tutoria_S3_S4\" \/>220912 Activitats de tutoria (cohesi\u00f3 de grup): Sortida a peu &#8211; 3r i 4 ESO <\/a><\/div>\n<div class=\"blocimg\"><a href=\"https:\/\/photos.app.goo.gl\/8nggQppfg7dnQjxdA\" target=\"_blank\" rel=\"noopener noreferrer\"><img decoding=\"async\" class=\"size-thumbnail wp-image-1717 aligncenter img150x150\" src=\"https:\/\/institutjoanbrudieu.cat\/public\/web_centre\/html\/documents\/fotos_web\/220912_Sortida_Tutoria_B1.jpg\" alt=\"220912_Sortida_Tutoria_B1\" \/>220912 Activitats de tutoria (cohesi\u00f3 de grup): Sortida a peu &#8211; 1r BTX <\/a><\/div>\n<div class=\"blocimg\"><a href=\"https:\/\/photos.app.goo.gl\/fRWGHprxpHfdgQBw8\" target=\"_blank\" rel=\"noopener noreferrer\"><img decoding=\"async\" class=\"size-thumbnail wp-image-1717 aligncenter img150x150\" src=\"https:\/\/institutjoanbrudieu.cat\/public\/web_centre\/html\/documents\/fotos_web\/220908_Activitats_tutoria_FP_IFE.jpg\" alt=\"220908_Activitats_tutoria_FP_IFE\" \/>220908 Activitats de tutoria: cohesi\u00f3 de grup &#8211; CFM CAI+APD <\/a><\/div>\n<div class=\"blocimg\"><a href=\"https:\/\/photos.app.goo.gl\/wXsdeKRreNN9BPSh9\" target=\"_blank\" rel=\"noopener noreferrer\"><img decoding=\"async\" class=\"size-thumbnail wp-image-1717 aligncenter img150x150\" src=\"https:\/\/institutjoanbrudieu.cat\/public\/web_centre\/html\/documents\/fotos_web\/220908_Activitats_tutoria_FP_IFE.jpg\" alt=\"220908_Activitats_tutoria_FP_IFE\" \/>220908 Activitats de tutoria: cohesi\u00f3 de grup &#8211; CFM GAD1 <\/a><\/div>\n<div class=\"blocimg\"><a href=\"https:\/\/photos.app.goo.gl\/9bAXMyNoE93H9HbE8\" target=\"_blank\" rel=\"noopener noreferrer\"><img decoding=\"async\" class=\"size-thumbnail wp-image-1717 aligncenter img150x150\" src=\"https:\/\/institutjoanbrudieu.cat\/public\/web_centre\/html\/documents\/fotos_web\/220908_Activitats_tutoria_FP_IFE.jpg\" alt=\"220908_Activitats_tutoria_FP_IFE\" \/>220908 Activitats de tutoria: cohesi\u00f3 de grup &#8211; CFM GAD2 <\/a><\/div>\n<div class=\"blocimg\"><a href=\"https:\/\/photos.app.goo.gl\/U7t9YvVSjNvr7V8b8\" target=\"_blank\" rel=\"noopener noreferrer\"><img decoding=\"async\" class=\"size-thumbnail wp-image-1717 aligncenter img150x150\" src=\"https:\/\/institutjoanbrudieu.cat\/public\/web_centre\/html\/documents\/fotos_web\/220908_Activitats_tutoria_FP_IFE.jpg\" alt=\"220908_Activitats_tutoria_FP_IFE\" \/>220908 Activitats de tutoria: cohesi\u00f3 de grup &#8211; CFM SMX1 <\/a><\/div>\n<div class=\"blocimg\"><a href=\"https:\/\/photos.app.goo.gl\/mHHouMxkUyJjgGZL8\" target=\"_blank\" rel=\"noopener noreferrer\"><img decoding=\"async\" class=\"size-thumbnail wp-image-1717 aligncenter img150x150\" src=\"https:\/\/institutjoanbrudieu.cat\/public\/web_centre\/html\/documents\/fotos_web\/220908_Activitats_tutoria_FP_IFE.jpg\" alt=\"220908_Activitats_tutoria_FP_IFE\" \/>220908 Activitats de tutoria: cohesi\u00f3 de grup &#8211; CFM SMX2 i CFS ASIX-DAM <\/a><\/div>\n<div class=\"blocimg\"><a href=\"https:\/\/photos.app.goo.gl\/8Tfrmd4jBj55WcT18\" target=\"_blank\" rel=\"noopener noreferrer\"><img decoding=\"async\" class=\"size-thumbnail wp-image-1717 aligncenter img150x150\" src=\"https:\/\/institutjoanbrudieu.cat\/public\/web_centre\/html\/documents\/fotos_web\/220908_Activitats_tutoria_FP_IFE.jpg\" alt=\"220908_Activitats_tutoria_FP_IFE\" \/>220908 Activitats de tutoria: cohesi\u00f3 de grup &#8211; IFE <\/a><\/div>\n<div class=\"blocimg\"><a href=\"https:\/\/photos.app.goo.gl\/XLcFrtiCsaDCRTeq6\" target=\"_blank\" rel=\"noopener noreferrer\"><img decoding=\"async\" class=\"size-thumbnail wp-image-1717 aligncenter img150x150\" src=\"https:\/\/institutjoanbrudieu.cat\/public\/web_centre\/html\/documents\/fotos_web\/220908_Activitats_tutoria_FP_IFE.jpg\" alt=\"220908_Activitats_tutoria_FP_IFE\" \/>220902 Activitats del professorat, preparat\u00f2ries per a la tutoria de cohesi\u00f3 de grup <\/a><\/div>\n","protected":false},"excerpt":{"rendered":"<p>CURS 2022-2023 230620 Hotel d&#8217;insectes (Alumnat SIEI) 230616 Assist\u00e8ncia alumnat CAI+APD a la presentaci\u00f3 de llibre 230616 TdS S3 &#8211; Visi\u00f3 documental &#8220;I les fonts van parlar &#8211; Aiguats del 82&#8221; 230615 Col\u00f2nies (3r ESO) 230614 Festa de Graduacio (4t ESO) 230614 Activitats a Aransa (1r i 2n ESO) 230613 Col\u00f2nies 1r i 2n ESO [&hellip;]<\/p>\n","protected":false},"author":1,"featured_media":0,"parent":1712,"menu_order":14,"comment_status":"closed","ping_status":"closed","template":"page-templates\/side-menu.php","meta":{"_bbp_topic_count":0,"_bbp_reply_count":0,"_bbp_total_topic_count":0,"_bbp_total_reply_count":0,"_bbp_voice_count":0,"_bbp_anonymous_reply_count":0,"_bbp_topic_count_hidden":0,"_bbp_reply_count_hidden":0,"_bbp_forum_subforum_count":0,"site-sidebar-layout":"default","site-content-layout":"","ast-site-content-layout":"","site-content-style":"default","site-sidebar-style":"default","ast-global-header-display":"","ast-banner-title-visibility":"","ast-main-header-display":"","ast-hfb-above-header-display":"","ast-hfb-below-header-display":"","ast-hfb-mobile-header-display":"","site-post-title":"","ast-breadcrumbs-content":"","ast-featured-img":"","footer-sml-layout":"","theme-transparent-header-meta":"","adv-header-id-meta":"","stick-header-meta":"","header-above-stick-meta":"","header-main-stick-meta":"","header-below-stick-meta":"","astra-migrate-meta-layouts":"default","ast-page-background-enabled":"default","ast-page-background-meta":{"desktop":{"background-color":"var(--ast-global-color-4)","background-image":"","background-repeat":"repeat","background-position":"center center","background-size":"auto","background-attachment":"scroll","background-type":"","background-media":"","overlay-type":"","overlay-color":"","overlay-opacity":"","overlay-gradient":""},"tablet":{"background-color":"","background-image":"","background-repeat":"repeat","background-position":"center center","background-size":"auto","background-attachment":"scroll","background-type":"","background-media":"","overlay-type":"","overlay-color":"","overlay-opacity":"","overlay-gradient":""},"mobile":{"background-color":"","background-image":"","background-repeat":"repeat","background-position":"center center","background-size":"auto","background-attachment":"scroll","background-type":"","background-media":"","overlay-type":"","overlay-color":"","overlay-opacity":"","overlay-gradient":""}},"ast-content-background-meta":{"desktop":{"background-color":"var(--ast-global-color-5)","background-image":"","background-repeat":"repeat","background-position":"center center","background-size":"auto","background-attachment":"scroll","background-type":"","background-media":"","overlay-type":"","overlay-color":"","overlay-opacity":"","overlay-gradient":""},"tablet":{"background-color":"var(--ast-global-color-5)","background-image":"","background-repeat":"repeat","background-position":"center center","background-size":"auto","background-attachment":"scroll","background-type":"","background-media":"","overlay-type":"","overlay-color":"","overlay-opacity":"","overlay-gradient":""},"mobile":{"background-color":"var(--ast-global-color-5)","background-image":"","background-repeat":"repeat","background-position":"center center","background-size":"auto","background-attachment":"scroll","background-type":"","background-media":"","overlay-type":"","overlay-color":"","overlay-opacity":"","overlay-gradient":""}},"footnotes":""},"class_list":["post-8712","page","type-page","status-publish","hentry"],"post_mailing_queue_ids":[],"_links":{"self":[{"href":"https:\/\/agora.xtec.cat\/iesjoanbrudieu\/wp-json\/wp\/v2\/pages\/8712","targetHints":{"allow":["GET"]}}],"collection":[{"href":"https:\/\/agora.xtec.cat\/iesjoanbrudieu\/wp-json\/wp\/v2\/pages"}],"about":[{"href":"https:\/\/agora.xtec.cat\/iesjoanbrudieu\/wp-json\/wp\/v2\/types\/page"}],"author":[{"embeddable":true,"href":"https:\/\/agora.xtec.cat\/iesjoanbrudieu\/wp-json\/wp\/v2\/users\/1"}],"replies":[{"embeddable":true,"href":"https:\/\/agora.xtec.cat\/iesjoanbrudieu\/wp-json\/wp\/v2\/comments?post=8712"}],"version-history":[{"count":1,"href":"https:\/\/agora.xtec.cat\/iesjoanbrudieu\/wp-json\/wp\/v2\/pages\/8712\/revisions"}],"predecessor-version":[{"id":8713,"href":"https:\/\/agora.xtec.cat\/iesjoanbrudieu\/wp-json\/wp\/v2\/pages\/8712\/revisions\/8713"}],"up":[{"embeddable":true,"href":"https:\/\/agora.xtec.cat\/iesjoanbrudieu\/wp-json\/wp\/v2\/pages\/1712"}],"wp:attachment":[{"href":"https:\/\/agora.xtec.cat\/iesjoanbrudieu\/wp-json\/wp\/v2\/media?parent=8712"}],"curies":[{"name":"wp","href":"https:\/\/api.w.org\/{rel}","templated":true}]}}