{"id":7723,"date":"2022-09-10T09:42:29","date_gmt":"2022-09-10T07:42:29","guid":{"rendered":"https:\/\/agora.xtec.cat\/iesjoanbrudieu\/?page_id=7723"},"modified":"2022-09-10T09:43:26","modified_gmt":"2022-09-10T07:43:26","slug":"fotografies-curs-2021-2022","status":"publish","type":"page","link":"https:\/\/agora.xtec.cat\/iesjoanbrudieu\/fotografies-de-linstitut\/fotografies-curs-2021-2022\/","title":{"rendered":"Fotografies: curs 2021-2022"},"content":{"rendered":"<h2 class=\"titolh2\">CURS 2021-2022<\/h2>\n<div class=\"blocimg\"><a href=\"https:\/\/photos.app.goo.gl\/72ewpJzmMK2YfjLs5\" target=\"_blank\" rel=\"noopener noreferrer\"><img decoding=\"async\" class=\"size-thumbnail wp-image-1717 aligncenter img150x150\" src=\"https:\/\/institutjoanbrudieu.cat\/public\/web_centre\/html\/documents\/fotos_web\/220707_Premi_TdR.jpg\" alt=\"220707_Premi_TdR\" \/>220707 Premi TdR a Aaron Casal Mart\u00ednez<\/a><\/div>\n<div class=\"blocimg\"><a href=\"https:\/\/photos.app.goo.gl\/Sa7B7j2xfdeUyroo9\" target=\"_blank\" rel=\"noopener noreferrer\"><img decoding=\"async\" class=\"size-thumbnail wp-image-1717 aligncenter img150x150\" src=\"https:\/\/institutjoanbrudieu.cat\/public\/web_centre\/html\/documents\/fotos_web\/220704_Taller_Mapes_personals_professorat.jpg\" alt=\"220704_Taller_Mapes_personals_professorat\" \/>220704 Taller de Mapes personals (formaci\u00f3 per al professorat)<\/a><\/div>\n<div class=\"blocimg\"><a href=\"https:\/\/photos.app.goo.gl\/c7RTq1uZSSmVr5Rr5\" target=\"_blank\" rel=\"noopener noreferrer\"><img decoding=\"async\" class=\"size-thumbnail wp-image-1717 aligncenter img150x150\" src=\"https:\/\/institutjoanbrudieu.cat\/public\/web_centre\/html\/documents\/fotos_web\/220702_ERASMUS_Bulgaria.jpg\" alt=\"220702_ERASMUS_Bulgaria\" \/>220702 ERASMUS+ a Bulg\u00e0ria<\/a><\/div>\n<div class=\"blocimg\"><a href=\"https:\/\/photos.app.goo.gl\/kjjCzAVPefyjEJYe7\" target=\"_blank\" rel=\"noopener noreferrer\"><img decoding=\"async\" class=\"size-thumbnail wp-image-1717 aligncenter img150x150\" src=\"https:\/\/institutjoanbrudieu.cat\/public\/web_centre\/html\/documents\/fotos_web\/220616_Homenatge_docents_jubilats.jpg\" alt=\"220616_Homenatge_docents_jubilats\" \/>220616 Homenatge als docents jubilats (Ajuntament la Seu d&#8217;Urgell)<\/a><\/div>\n<div class=\"blocimg\"><a href=\"https:\/\/photos.app.goo.gl\/LPWGzDbK891aqDDZ9\" target=\"_blank\" rel=\"noopener noreferrer\"><img decoding=\"async\" class=\"size-thumbnail wp-image-1717 aligncenter img150x150\" src=\"https:\/\/institutjoanbrudieu.cat\/public\/web_centre\/html\/documents\/fotos_web\/220614_Barranquisme.jpg\" alt=\"220614_Barranquisme\" \/>220614 Activitat de Barranquisme (S2)<\/a><\/div>\n<div class=\"blocimg\"><a href=\"https:\/\/photos.app.goo.gl\/S1zdVXB2gEa1TbMcA\" target=\"_blank\" rel=\"noopener noreferrer\"><img decoding=\"async\" class=\"size-thumbnail wp-image-1717 aligncenter img150x150\" src=\"https:\/\/institutjoanbrudieu.cat\/public\/web_centre\/html\/documents\/fotos_web\/220611_ERASMUS_Croacia.jpg\" alt=\"220611_ERASMUS_Croacia\" \/>220611 ERASMUS+ ESO a Cro\u00e0cia (del 6 a l&#8217;11 de juny)<\/a><\/div>\n<div class=\"blocimg\"><a href=\"https:\/\/photos.app.goo.gl\/hWdnLGWTaoZngMwG9\" target=\"_blank\" rel=\"noopener noreferrer\"><img decoding=\"async\" class=\"size-thumbnail wp-image-1717 aligncenter img150x150\" src=\"https:\/\/institutjoanbrudieu.cat\/public\/web_centre\/html\/documents\/fotos_web\/220609_Mobilitat_FP.jpg\" alt=\"220609_Mobilitat_FP\" \/>220609 Signatures convenis de mobilitat a l&#8217;FP<\/a><\/div>\n<div class=\"blocimg\"><a href=\"https:\/\/photos.app.goo.gl\/kqa6pnUug82PaLhHA\" target=\"_blank\" rel=\"noopener noreferrer\"><img decoding=\"async\" class=\"size-thumbnail wp-image-1717 aligncenter img150x150\" src=\"https:\/\/institutjoanbrudieu.cat\/public\/web_centre\/html\/documents\/fotos_web\/220601_Visita_Pol_Castellanos.jpg\" alt=\"220601_Visita_Pol_Castellanos\" \/>220601 Visita de l&#8217;escriptor Pol Castellanos a l&#8217;alumnat de S2<\/a><\/div>\n<div class=\"blocimg\"><a href=\"https:\/\/photos.app.goo.gl\/XpGzQYEsMpRZbcpv8\" target=\"_blank\" rel=\"noopener noreferrer\"><img decoding=\"async\" class=\"size-thumbnail wp-image-1717 aligncenter img150x150\" src=\"https:\/\/institutjoanbrudieu.cat\/public\/web_centre\/html\/documents\/fotos_web\/2122_Diploma_Graduacio.jpg\" alt=\"2122_Diploma_Graduacio\" \/>220527 Festa de Graduaci\u00f3 BTX-FP<\/a><\/div>\n<div class=\"blocimg\"><a href=\"https:\/\/photos.app.goo.gl\/S9AwuGLtR1RDUEKXA\" target=\"_blank\" rel=\"noopener noreferrer\"><img decoding=\"async\" class=\"size-thumbnail wp-image-1717 aligncenter img150x150\" src=\"https:\/\/institutjoanbrudieu.cat\/public\/web_centre\/html\/documents\/fotos_web\/220526_Premi_TdR_URL_Gerard_Gascon.jpg\" alt=\"220526_Premi_TdR_URL_Gerard_Gascon\" \/>220526 Premi TdR URL a Gerard Gascon<\/a><\/div>\n<div class=\"blocimg\"><a href=\"https:\/\/photos.app.goo.gl\/rpTsPFQw85qpkHRq7\" target=\"_blank\" rel=\"noopener noreferrer\"><img decoding=\"async\" class=\"size-thumbnail wp-image-1717 aligncenter img150x150\" src=\"https:\/\/institutjoanbrudieu.cat\/public\/web_centre\/html\/documents\/fotos_web\/220521_Dimat_Pirineus_2022.jpg\" alt=\"220521_Dimat_Pirineus_2022\" \/>220521 1a edici\u00f3 del DiMAT Pirineus al Brudieu<\/a><\/div>\n<div class=\"blocimg\"><a href=\"https:\/\/photos.app.goo.gl\/9UNTjrB7KXCEjxZi6\" target=\"_blank\" rel=\"noopener noreferrer\"><img decoding=\"async\" class=\"size-thumbnail wp-image-1717 aligncenter img150x150\" src=\"https:\/\/institutjoanbrudieu.cat\/public\/web_centre\/html\/documents\/fotos_web\/220520_Premi_traduccio.jpg\" alt=\"220520_Premi_traduccio\" \/>220520 Biel Balcells, finalista al Concurs de traducci\u00f3 UPF 2020<\/a><\/div>\n<div class=\"blocimg\"><a href=\"https:\/\/photos.app.goo.gl\/SMQu6PWJn9jshoev6\" target=\"_blank\" rel=\"noopener noreferrer\"><img decoding=\"async\" class=\"size-thumbnail wp-image-1717 aligncenter img150x150\" src=\"https:\/\/institutjoanbrudieu.cat\/public\/web_centre\/html\/documents\/fotos_web\/220519_Sortida_CTMA_B1.jpg\" alt=\"220519_Sortida_CTMA_B1\" \/>220519 Sortida CTMA de B1<\/a><\/div>\n<div class=\"blocimg\"><a href=\"https:\/\/photos.app.goo.gl\/pW4tDNbxhnEkjKUV9\" target=\"_blank\" rel=\"noopener noreferrer\"><img decoding=\"async\" class=\"size-thumbnail wp-image-1717 aligncenter img150x150\" src=\"https:\/\/institutjoanbrudieu.cat\/public\/web_centre\/html\/documents\/fotos_web\/220520_ERASMUS+_a_France.jpg\" alt=\"220520_ERASMUS+_a_France\" \/>220520 Intercanvi ERASMUS+ a Fran\u00e7a<\/a><\/div>\n<div class=\"blocimg\"><a href=\"https:\/\/photos.app.goo.gl\/bLWxMBsE3oKBFMZ99\" target=\"_blank\" rel=\"noopener noreferrer\"><img decoding=\"async\" class=\"size-thumbnail wp-image-1717 aligncenter img150x150\" src=\"https:\/\/institutjoanbrudieu.cat\/public\/web_centre\/html\/documents\/fotos_web\/220519_Escacs_a_Andorra.jpg\" alt=\"220519_Escacs_a_Andorra\" \/>220519 Torneig d&#8217;escacs a Andorra<\/a><\/div>\n<div class=\"blocimg\"><a href=\"https:\/\/photos.app.goo.gl\/RxgtZ2o8Ya5MuiTV9\" target=\"_blank\" rel=\"noopener noreferrer\"><img decoding=\"async\" class=\"size-thumbnail wp-image-1717 aligncenter img150x150\" src=\"https:\/\/institutjoanbrudieu.cat\/public\/web_centre\/html\/documents\/fotos_web\/220514_SIEI_Mobile_Week.jpg\" alt=\"220514_SIEI_Mobile_Week\" \/>220514 SIEI al Mobile Week &#8211; la Seu d&#8217;Urgell<\/a><\/div>\n<div class=\"blocimg\"><a href=\"https:\/\/photos.app.goo.gl\/fCfTggeFynpeAktg7\" target=\"_blank\" rel=\"noopener noreferrer\"><img decoding=\"async\" class=\"size-thumbnail wp-image-1717 aligncenter img150x150\" src=\"https:\/\/institutjoanbrudieu.cat\/public\/web_centre\/html\/documents\/fotos_web\/220506_Dinar_B2.jpg\" alt=\"220506_Dinar_B2\" \/>220506 Dinar de final de curs B2<\/a><\/div>\n<div class=\"blocimg\"><a href=\"https:\/\/photos.app.goo.gl\/UfdqoEuFdezcF8nr7\" target=\"_blank\" rel=\"noopener noreferrer\"><img decoding=\"async\" class=\"size-thumbnail wp-image-1717 aligncenter img150x150\" src=\"https:\/\/institutjoanbrudieu.cat\/public\/web_centre\/html\/documents\/fotos_web\/220505_Sortida_Concabella_S4.jpg\" alt=\"220505_Sortida_Concabella_S4\" \/>220505 Sortida a Concabella (alumnat S4)<\/a><\/div>\n<div class=\"blocimg\"><a href=\"https:\/\/photos.app.goo.gl\/Jks8LPQcfgdHWMfn7\" target=\"_blank\" rel=\"noopener noreferrer\"><img decoding=\"async\" class=\"size-thumbnail wp-image-1717 aligncenter img150x150\" src=\"https:\/\/institutjoanbrudieu.cat\/public\/web_centre\/html\/documents\/fotos_web\/220505_ERASMUS_la_Seu.jpg\" alt=\"220505_ERASMUS_la_Seu\" \/>22050r Intercanvi ERASMUS+ al Brudieu<\/a><\/div>\n<div class=\"blocimg\"><a href=\"https:\/\/photos.app.goo.gl\/rz29JeKCSwdfTvPM7\" target=\"_blank\" rel=\"noopener noreferrer\"><img decoding=\"async\" class=\"size-thumbnail wp-image-1717 aligncenter img150x150\" src=\"https:\/\/institutjoanbrudieu.cat\/public\/web_centre\/html\/documents\/fotos_web\/220505_Premis_COAC.jpg\" alt=\"220505_Premis_COAC\" \/>220505 Premis COAC<\/a><\/div>\n<div class=\"blocimg\"><a href=\"https:\/\/photos.app.goo.gl\/sajqPMoem24k1TYQ6\" target=\"_blank\" rel=\"noopener noreferrer\"><img decoding=\"async\" class=\"size-thumbnail wp-image-1717 aligncenter img150x150\" src=\"https:\/\/institutjoanbrudieu.cat\/public\/web_centre\/html\/documents\/fotos_web\/220426_IFE_visita_Integra.jpg\" alt=\"220426_IFE_visita_Integra\" \/>220426 l&#8217;IFE visita la Fundaci\u00f3 Integra Pirineus<\/a><\/div>\n<div class=\"blocimg\"><a href=\"https:\/\/photos.app.goo.gl\/CLkBco6bZLYxDMmb8\" target=\"_blank\" rel=\"noopener noreferrer\"><img decoding=\"async\" class=\"size-thumbnail wp-image-1717 aligncenter img150x150\" src=\"https:\/\/institutjoanbrudieu.cat\/public\/web_centre\/html\/documents\/fotos_web\/220422_Sant_Jordi.jpg\" alt=\"220422_Sant_Jordi\" \/>220422 Diada de Sant Jordi<\/a><\/div>\n<div class=\"blocimg\"><a href=\"https:\/\/photos.app.goo.gl\/gFLvdqMxiHuZpwYX7\" target=\"_blank\" rel=\"noopener noreferrer\"><img decoding=\"async\" class=\"size-thumbnail wp-image-1717 aligncenter img150x150\" src=\"https:\/\/institutjoanbrudieu.cat\/public\/web_centre\/html\/documents\/fotos_web\/220408_Elegancia.jpg\" alt=\"220408_Elegancia\" \/>220408 Dia de l&#8217;Eleg\u00e0ncia<\/a><\/div>\n<div class=\"blocimg\"><a href=\"https:\/\/photos.app.goo.gl\/95W8s6xmUiiVRHmk8\" target=\"_blank\" rel=\"noopener noreferrer\"><img decoding=\"async\" class=\"size-thumbnail wp-image-1717 aligncenter img150x150\" src=\"https:\/\/institutjoanbrudieu.cat\/public\/web_centre\/html\/documents\/fotos_web\/220324_Laura_Casanovas.jpg\" alt=\"220324_Laura_Casanovas\" \/>220324 i 220331 L&#8217;escriptora Laura Casanovas visita l&#8217;alumnat de 3r ESO<\/a><\/div>\n<div class=\"blocimg\"><a href=\"https:\/\/photos.app.goo.gl\/xYoNK3G25dsroW6h7\" target=\"_blank\" rel=\"noopener noreferrer\"><img decoding=\"async\" class=\"size-thumbnail wp-image-1717 aligncenter img150x150\" src=\"https:\/\/institutjoanbrudieu.cat\/public\/web_centre\/html\/documents\/fotos_web\/220324_Volta_Catalunya_SIEI.jpg\" alt=\"220324_Volta_Catalunya_SIEI\" \/>220324 Gaudint de la sortida d&#8217;etapa de la Volta de Catalunya (alumnat SIEI)<\/a><\/div>\n<div class=\"blocimg\"><a href=\"https:\/\/photos.app.goo.gl\/nTG4B8yBAzkTmSdy9\" target=\"_blank\" rel=\"noopener noreferrer\"><img decoding=\"async\" class=\"size-thumbnail wp-image-1717 aligncenter img150x150\" src=\"https:\/\/institutjoanbrudieu.cat\/public\/web_centre\/html\/documents\/fotos_web\/220322_Visita_alcalde_IFE.jpg\" alt=\"220322_Visita_alcalde_IFE\" \/>2230322 Visita alcalde de la Seu d&#8217;Urgell a l&#8217;IFE<\/a><\/div>\n<div class=\"blocimg\"><a href=\"https:\/\/photos.app.goo.gl\/FxsYcLKeiZ9h2jo68\" target=\"_blank\" rel=\"noopener noreferrer\"><img decoding=\"async\" class=\"size-thumbnail wp-image-1717 aligncenter img150x150\" src=\"https:\/\/institutjoanbrudieu.cat\/public\/web_centre\/html\/documents\/fotos_web\/erasmus_logo.jpg\" alt=\"220315_ERASMUS a Antalya (Turquia)\" \/>220315_ERASMUS a Antalya (Turquia)<\/a><\/div>\n<div class=\"blocimg\"><a href=\"https:\/\/photos.app.goo.gl\/tTVmqUqispfYCVok8\" target=\"_blank\" rel=\"noopener noreferrer\"><img decoding=\"async\" class=\"size-thumbnail wp-image-1717 aligncenter img150x150\" src=\"https:\/\/institutjoanbrudieu.cat\/public\/web_centre\/html\/documents\/fotos_web\/220307_Taller_bicicleta_SIEI.jpg\" alt=\"220307_Taller_bicicleta_SIEI\" \/>220307 Taller de bicicleta SIEI<\/a><\/div>\n<div class=\"blocimg\"><a href=\"https:\/\/photos.app.goo.gl\/B1dVfBLwvFqJYded8\" target=\"_blank\" rel=\"noopener noreferrer\"><img decoding=\"async\" class=\"size-thumbnail wp-image-1717 aligncenter img150x150\" src=\"https:\/\/institutjoanbrudieu.cat\/public\/web_centre\/html\/documents\/fotos_web\/220308_Mates_fotos.jpg\" alt=\"220308_Mates_fotos\" \/>220308 Concurs de fotografies a Matem\u00e0tiques<\/a><\/div>\n<div class=\"blocimg\"><a href=\"https:\/\/photos.app.goo.gl\/ALaAdUCCNZnHjCQS6\" target=\"_blank\" rel=\"noopener noreferrer\"><img decoding=\"async\" class=\"size-thumbnail wp-image-1717 aligncenter img150x150\" src=\"https:\/\/institutjoanbrudieu.cat\/public\/web_centre\/html\/documents\/fotos_web\/220225_Carnestoltes.jpg\" alt=\"220225_Carnestoltes\" \/>220225 Carnestoltes<\/a><\/div>\n<div class=\"blocimg\"><a href=\"https:\/\/photos.app.goo.gl\/iiQPwZDBQdMg6rqP8\" target=\"_blank\" rel=\"noopener noreferrer\"><img decoding=\"async\" class=\"size-thumbnail wp-image-1717 aligncenter img150x150\" src=\"https:\/\/institutjoanbrudieu.cat\/public\/web_centre\/html\/documents\/fotos_web\/220225_Visita_Autora_anglesa.jpg\" alt=\"220225_Visita_Autora_anglesa\" \/>220225 Bev Allan visita l&#8217;Institut Joan Brudieu &#8211; Alumnat B1<\/a><\/div>\n<div class=\"blocimg\"><a href=\"https:\/\/photos.app.goo.gl\/J4hRrvDxJJgN6iDX6\" target=\"_blank\" rel=\"noopener noreferrer\"><img decoding=\"async\" class=\"size-thumbnail wp-image-1717 aligncenter img150x150\" src=\"https:\/\/institutjoanbrudieu.cat\/public\/web_centre\/html\/documents\/fotos_web\/220210_danses_escoceses.jpg\" alt=\"220210_danses_escoceses\" \/>220210 Taller de danses escoceses<\/a><\/div>\n<div class=\"blocimg\"><a href=\"https:\/\/photos.app.goo.gl\/GR2Qruf6agSs88856\" target=\"_blank\" rel=\"noopener noreferrer\"><img decoding=\"async\" class=\"size-thumbnail wp-image-1717 aligncenter img150x150\" src=\"https:\/\/institutjoanbrudieu.cat\/public\/web_centre\/html\/documents\/fotos_web\/220208_Socials_Sortida_S2_Muralles_La_Seu.jpg\" alt=\"220208_Socials_Sortida_S2_Muralles_La_Seu\" \/>220208 Sortida Socials S2 i SIEI: Muralles de La Seu<\/a><\/div>\n<div class=\"blocimg\"><a href=\"https:\/\/photos.app.goo.gl\/XWExRGNLtbSxhUBw5\" target=\"_blank\" rel=\"noopener noreferrer\"><img decoding=\"async\" class=\"size-thumbnail wp-image-1717 aligncenter img150x150\" src=\"https:\/\/institutjoanbrudieu.cat\/public\/web_centre\/html\/documents\/fotos_web\/220125_Taller_mapes_personals.jpg\" alt=\"220125_Taller_mapes_personals\" \/>220125 Taller de mapes personals (B2)<\/a><\/div>\n<div class=\"blocimg\"><a href=\"https:\/\/photos.app.goo.gl\/95qqyvUnghLB9yhK9\" target=\"_blank\" rel=\"noopener noreferrer\"><img decoding=\"async\" class=\"size-thumbnail wp-image-1717 aligncenter img150x150\" src=\"https:\/\/institutjoanbrudieu.cat\/public\/web_centre\/html\/documents\/fotos_web\/220113_Treballs_de_recerca.jpg\" alt=\"220113_Treballs_de_recerca\" \/>220113 Exposici\u00f3 de Treballs de recerca (B2)<\/a><\/div>\n<div class=\"blocimg\"><a href=\"https:\/\/photos.app.goo.gl\/G6PnyvxjygYPDGHb6\" target=\"_blank\" rel=\"noopener noreferrer\"><img decoding=\"async\" class=\"size-thumbnail wp-image-1717 aligncenter img150x150\" src=\"https:\/\/institutjoanbrudieu.cat\/public\/web_centre\/html\/documents\/fotos_web\/211221_IFE_Taller_de_cuina.jpg\" alt=\"211221_IFE_Taller_de_cuina\" \/>211221 Taller de cuina a c\u00e0rrec de l&#8217;alumnat de l&#8217;IFE<\/a><\/div>\n<div class=\"blocimg\"><a href=\"https:\/\/photos.app.goo.gl\/dNdXLNqaN3eavQDFA\" target=\"_blank\" rel=\"noopener noreferrer\"><img decoding=\"async\" class=\"size-thumbnail wp-image-1717 aligncenter img150x150\" src=\"https:\/\/institutjoanbrudieu.cat\/public\/web_centre\/html\/documents\/fotos_web\/211130_Manteniment_Gimnas_IFE.jpg\" alt=\"211130_Manteniment_Gimnas_IFE\" \/>211130 Manteniment del Gimn\u00e0s per a l&#8217;alumnat de l&#8217;IFE<\/a><\/div>\n<div class=\"blocimg\"><a href=\"https:\/\/photos.app.goo.gl\/VGjvKRmGWR2bKgh56\" target=\"_blank\" rel=\"noopener noreferrer\"><img decoding=\"async\" class=\"size-thumbnail wp-image-1717 aligncenter img150x150\" src=\"https:\/\/institutjoanbrudieu.cat\/public\/web_centre\/html\/documents\/fotos_web\/211125_Mural_25N.jpg\" alt=\"211125_Mural_25N\" \/>211125 Acte commemoratiu 25N (mural, lectura manifest i minut de silenci)<\/a><\/div>\n<div class=\"blocimg\"><a href=\"https:\/\/photos.app.goo.gl\/xqQ61SJ12CQNWpSh7\" target=\"_blank\" rel=\"noopener noreferrer\"><img decoding=\"async\" class=\"size-thumbnail wp-image-1717 aligncenter img150x150\" src=\"https:\/\/institutjoanbrudieu.cat\/public\/web_centre\/html\/documents\/fotos_web\/211125_Cartells_25N.jpg\" alt=\"211125_Cartells_25N\" \/>211125 Cartells commemoratius 25N (alumnat B2 ARTS)<\/a><\/div>\n<div class=\"blocimg\"><a href=\"https:\/\/photos.app.goo.gl\/F6Labj6yGjTikhPP8\" target=\"_blank\" rel=\"noopener noreferrer\"><img decoding=\"async\" class=\"size-thumbnail wp-image-1717 aligncenter img150x150\" src=\"https:\/\/institutjoanbrudieu.cat\/public\/web_centre\/html\/documents\/fotos_web\/211029_Dibuix_Acollida_S1.jpg\" alt=\"211029_Dibuix_Acollida_S1\" \/>211029 Dibuix Projecte d&#8217;Acollida a S1<\/a><\/div>\n","protected":false},"excerpt":{"rendered":"<p>CURS 2021-2022 220707 Premi TdR a Aaron Casal Mart\u00ednez 220704 Taller de Mapes personals (formaci\u00f3 per al professorat) 220702 ERASMUS+ a Bulg\u00e0ria 220616 Homenatge als docents jubilats (Ajuntament la Seu d&#8217;Urgell) 220614 Activitat de Barranquisme (S2) 220611 ERASMUS+ ESO a Cro\u00e0cia (del 6 a l&#8217;11 de juny) 220609 Signatures convenis de mobilitat a l&#8217;FP 220601 [&hellip;]<\/p>\n","protected":false},"author":1,"featured_media":0,"parent":1712,"menu_order":15,"comment_status":"closed","ping_status":"closed","template":"page-templates\/side-menu.php","meta":{"_bbp_topic_count":0,"_bbp_reply_count":0,"_bbp_total_topic_count":0,"_bbp_total_reply_count":0,"_bbp_voice_count":0,"_bbp_anonymous_reply_count":0,"_bbp_topic_count_hidden":0,"_bbp_reply_count_hidden":0,"_bbp_forum_subforum_count":0,"site-sidebar-layout":"default","site-content-layout":"","ast-site-content-layout":"","site-content-style":"default","site-sidebar-style":"default","ast-global-header-display":"","ast-banner-title-visibility":"","ast-main-header-display":"","ast-hfb-above-header-display":"","ast-hfb-below-header-display":"","ast-hfb-mobile-header-display":"","site-post-title":"","ast-breadcrumbs-content":"","ast-featured-img":"","footer-sml-layout":"","theme-transparent-header-meta":"","adv-header-id-meta":"","stick-header-meta":"","header-above-stick-meta":"","header-main-stick-meta":"","header-below-stick-meta":"","astra-migrate-meta-layouts":"default","ast-page-background-enabled":"default","ast-page-background-meta":{"desktop":{"background-color":"var(--ast-global-color-4)","background-image":"","background-repeat":"repeat","background-position":"center center","background-size":"auto","background-attachment":"scroll","background-type":"","background-media":"","overlay-type":"","overlay-color":"","overlay-opacity":"","overlay-gradient":""},"tablet":{"background-color":"","background-image":"","background-repeat":"repeat","background-position":"center center","background-size":"auto","background-attachment":"scroll","background-type":"","background-media":"","overlay-type":"","overlay-color":"","overlay-opacity":"","overlay-gradient":""},"mobile":{"background-color":"","background-image":"","background-repeat":"repeat","background-position":"center center","background-size":"auto","background-attachment":"scroll","background-type":"","background-media":"","overlay-type":"","overlay-color":"","overlay-opacity":"","overlay-gradient":""}},"ast-content-background-meta":{"desktop":{"background-color":"var(--ast-global-color-5)","background-image":"","background-repeat":"repeat","background-position":"center center","background-size":"auto","background-attachment":"scroll","background-type":"","background-media":"","overlay-type":"","overlay-color":"","overlay-opacity":"","overlay-gradient":""},"tablet":{"background-color":"var(--ast-global-color-5)","background-image":"","background-repeat":"repeat","background-position":"center center","background-size":"auto","background-attachment":"scroll","background-type":"","background-media":"","overlay-type":"","overlay-color":"","overlay-opacity":"","overlay-gradient":""},"mobile":{"background-color":"var(--ast-global-color-5)","background-image":"","background-repeat":"repeat","background-position":"center center","background-size":"auto","background-attachment":"scroll","background-type":"","background-media":"","overlay-type":"","overlay-color":"","overlay-opacity":"","overlay-gradient":""}},"footnotes":""},"class_list":["post-7723","page","type-page","status-publish","hentry"],"post_mailing_queue_ids":[],"_links":{"self":[{"href":"https:\/\/agora.xtec.cat\/iesjoanbrudieu\/wp-json\/wp\/v2\/pages\/7723","targetHints":{"allow":["GET"]}}],"collection":[{"href":"https:\/\/agora.xtec.cat\/iesjoanbrudieu\/wp-json\/wp\/v2\/pages"}],"about":[{"href":"https:\/\/agora.xtec.cat\/iesjoanbrudieu\/wp-json\/wp\/v2\/types\/page"}],"author":[{"embeddable":true,"href":"https:\/\/agora.xtec.cat\/iesjoanbrudieu\/wp-json\/wp\/v2\/users\/1"}],"replies":[{"embeddable":true,"href":"https:\/\/agora.xtec.cat\/iesjoanbrudieu\/wp-json\/wp\/v2\/comments?post=7723"}],"version-history":[{"count":2,"href":"https:\/\/agora.xtec.cat\/iesjoanbrudieu\/wp-json\/wp\/v2\/pages\/7723\/revisions"}],"predecessor-version":[{"id":7725,"href":"https:\/\/agora.xtec.cat\/iesjoanbrudieu\/wp-json\/wp\/v2\/pages\/7723\/revisions\/7725"}],"up":[{"embeddable":true,"href":"https:\/\/agora.xtec.cat\/iesjoanbrudieu\/wp-json\/wp\/v2\/pages\/1712"}],"wp:attachment":[{"href":"https:\/\/agora.xtec.cat\/iesjoanbrudieu\/wp-json\/wp\/v2\/media?parent=7723"}],"curies":[{"name":"wp","href":"https:\/\/api.w.org\/{rel}","templated":true}]}}