{"id":6618,"date":"2021-11-02T12:25:12","date_gmt":"2021-11-02T11:25:12","guid":{"rendered":"https:\/\/agora.xtec.cat\/iesjoanbrudieu\/?page_id=6618"},"modified":"2022-09-10T09:40:18","modified_gmt":"2022-09-10T07:40:18","slug":"fotografies-curs-2020-2021","status":"publish","type":"page","link":"https:\/\/agora.xtec.cat\/iesjoanbrudieu\/fotografies-de-linstitut\/fotografies-curs-2020-2021\/","title":{"rendered":"Fotografies: curs 2020-2021"},"content":{"rendered":"<h2 class=\"titolh2\">CURS 2020-2021<\/h2>\n<div class=\"blocimg\"><a href=\"https:\/\/photos.app.goo.gl\/jeoTBYZAqsoZJ8gC6\" target=\"_blank\" rel=\"noopener noreferrer\"><img decoding=\"async\" class=\"size-thumbnail wp-image-1717 aligncenter img150x150\" src=\"https:\/\/institutjoanbrudieu.cat\/public\/web_centre\/html\/documents\/fotos_web\/210629_Pintura_Mural.jpg\" alt=\"210629_Pintura_Mural\" \/>210629 Pintura mural (alumnat BTX Arts)<\/a><\/div>\n<div class=\"blocimg\"><a href=\"https:\/\/photos.app.goo.gl\/NjWwbhMPBuRkAQqc8\" target=\"_blank\" rel=\"noopener noreferrer\"><img decoding=\"async\" class=\"size-thumbnail wp-image-1717 aligncenter img150x150\" src=\"https:\/\/institutjoanbrudieu.cat\/public\/web_centre\/html\/documents\/fotos_web\/2021_Diploma_Graduacio.jpg\" alt=\"2021_Diploma_Graduacio\" \/>210611 Festa de Graduaci\u00f3 per a l&#8217;alumnat de BTX<\/a><\/div>\n<div class=\"blocimg\"><a href=\"https:\/\/photos.app.goo.gl\/vpLuQWGYtuZLQrdD7\" target=\"_blank\" rel=\"noopener noreferrer\"><img decoding=\"async\" class=\"size-thumbnail wp-image-1717 aligncenter img150x150\" src=\"https:\/\/institutjoanbrudieu.cat\/public\/web_centre\/html\/documents\/fotos_web\/210603_Maqueta_joc_basquet_IFE.jpg\" alt=\"210603_Maqueta_joc_basquet_IFE\" \/>210603 Maqueta de joc de b\u00e0squet (alumnat IFE)<\/a><\/div>\n<div class=\"blocimg\"><a href=\"https:\/\/photos.app.goo.gl\/B1yVLtruR9GSNPd67\" target=\"_blank\" rel=\"noopener noreferrer\"><img decoding=\"async\" class=\"size-thumbnail wp-image-1717 aligncenter img150x150\" src=\"https:\/\/institutjoanbrudieu.cat\/public\/web_centre\/html\/documents\/fotos_web\/210603_Premis_COAC_TdR_i_fotografia.jpg\" alt=\"210603_Premis_COAC_TdR_i_fotografia\" \/>210603 Premis COAC: TdR i fotografia<\/a><\/div>\n<div class=\"blocimg\"><a href=\"https:\/\/photos.app.goo.gl\/fm6YZuq8XYQdmNxD9\" target=\"_blank\" rel=\"noopener noreferrer\"><img decoding=\"async\" class=\"size-thumbnail wp-image-1717 aligncenter img150x150\" src=\"https:\/\/institutjoanbrudieu.cat\/public\/web_centre\/html\/documents\/fotos_web\/2021_Diploma_Graduacio.jpg\" alt=\"2021_Diploma_Graduacio\" \/>210527 Festa de Graduaci\u00f3 per a l&#8217;alumnat d&#8217;FP<\/a><\/div>\n<div class=\"blocimg\"><a href=\"https:\/\/photos.app.goo.gl\/SfGdgbtkC2jLg3PK9\" target=\"_blank\" rel=\"noopener noreferrer\"><img decoding=\"async\" class=\"size-thumbnail wp-image-1717 aligncenter img150x150\" src=\"https:\/\/institutjoanbrudieu.cat\/public\/web_centre\/html\/documents\/fotos_web\/210521_taller_poesia.jpg\" alt=\"210521_taller_poesia\" \/>210521 Taller de Poesia<\/a><\/div>\n<div class=\"blocimg\"><a href=\"https:\/\/photos.app.goo.gl\/FnVJBWmicGjyeBdE6\" target=\"_blank\" rel=\"noopener noreferrer\"><img decoding=\"async\" class=\"size-thumbnail wp-image-1717 aligncenter img150x150\" src=\"https:\/\/institutjoanbrudieu.cat\/public\/web_centre\/html\/documents\/fotos_web\/210430_PFI_PTT_ImpulsaFP.jpg\" alt=\"210430_PFI_PTT_ImpulsaFP\" \/>210430 PFI-PTT Premi ImpulsaFP (Lleida)<\/a><\/div>\n<div class=\"blocimg\"><a href=\"https:\/\/photos.app.goo.gl\/ZARkMhRLzY39rgwF6\" target=\"_blank\" rel=\"noopener noreferrer\"><img decoding=\"async\" class=\"size-thumbnail wp-image-1717 aligncenter img150x150\" src=\"https:\/\/institutjoanbrudieu.cat\/public\/web_centre\/html\/documents\/fotos_web\/210422_Premi_Relats_Curts_UdL.jpg\" alt=\"210422_Premi_Relats_Curts_UdL\" \/>210422 Lliurament Premi Relats Curts UdL<\/a><\/div>\n<div class=\"blocimg\"><a href=\"https:\/\/photos.app.goo.gl\/EWwHRRLE5qWyLAMQ6\" target=\"_blank\" rel=\"noopener noreferrer\"><img decoding=\"async\" class=\"size-thumbnail wp-image-1717 aligncenter img150x150\" src=\"https:\/\/institutjoanbrudieu.cat\/public\/web_centre\/html\/documents\/fotos_web\/210326_Dia_Elegancia.jpg\" alt=\"210326_Dia_Elegancia\" \/>210326 Dia de l&#8217;Eleg\u00e0ncia<\/a><\/div>\n<div class=\"blocimg\"><a href=\"https:\/\/photos.app.goo.gl\/6LUHtPXuzSYigVyg8\" target=\"_blank\" rel=\"noopener noreferrer\"><img decoding=\"async\" class=\"size-thumbnail wp-image-1717 aligncenter img150x150\" src=\"https:\/\/institutjoanbrudieu.cat\/public\/web_centre\/html\/documents\/fotos_web\/210326_Gimcana_Pasqua_SIEI.jpg\" alt=\"210326_Gimcana_Pasqua_SIEI\" \/>210326 Gimcana de Pasqua al SIEI<\/a><\/div>\n<div class=\"blocimg\"><a href=\"https:\/\/photos.app.goo.gl\/BDSurWPnL1oZrt6KA\" target=\"_blank\" rel=\"noopener noreferrer\"><img decoding=\"async\" class=\"size-thumbnail wp-image-1717 aligncenter img150x150\" src=\"https:\/\/institutjoanbrudieu.cat\/public\/web_centre\/html\/documents\/fotos_web\/210318_Proves_Cangur.jpg\" alt=\"210318_Proves_Cangur\" \/>210318 Proves Cangur<\/a><\/div>\n<div class=\"blocimg\"><a href=\"https:\/\/photos.app.goo.gl\/ZpB2bGwGojib2mDR8\" target=\"_blank\" rel=\"noopener noreferrer\"><img decoding=\"async\" class=\"size-thumbnail wp-image-1717 aligncenter img150x150\" src=\"https:\/\/institutjoanbrudieu.cat\/public\/web_centre\/html\/documents\/fotos_web\/210312_Concurs_CocaCola_CAST.jpg\" alt=\"210312_Concurs_CocaCola_CAST\" \/>210312 Concurs CocaCola CAST<\/a><\/div>\n<div class=\"blocimg\"><a href=\"https:\/\/photos.app.goo.gl\/7Vis7uDd1aBaJzzi9\" target=\"_blank\" rel=\"noopener noreferrer\"><img decoding=\"async\" class=\"size-thumbnail wp-image-1717 aligncenter img150x150\" src=\"https:\/\/institutjoanbrudieu.cat\/public\/web_centre\/html\/documents\/fotos_web\/210216_SIEI_febrer_2021.jpg\" alt=\"210216_SIEI_febrer_2021\" \/>210216 Activitat del SIEI al febrer de 2021<\/a><\/div>\n<div class=\"blocimg\"><a href=\"https:\/\/photos.app.goo.gl\/cKkHzWjBg4pmXSEp9\" target=\"_blank\" rel=\"noopener noreferrer\"><img decoding=\"async\" class=\"size-thumbnail wp-image-1717 aligncenter img150x150\" src=\"https:\/\/institutjoanbrudieu.cat\/public\/web_centre\/html\/documents\/fotos_web\/210201_Neteja_riu_Calor.jpg\" alt=\"210201_Neteja_riu_Calor\" \/>210201 Neteja del riu de la Calor<\/a><\/div>\n<div class=\"blocimg\"><a href=\"https:\/\/photos.app.goo.gl\/mLni1CpV1U7jfNMP6\" target=\"_blank\" rel=\"noopener noreferrer\"><img decoding=\"async\" class=\"size-thumbnail wp-image-1717 aligncenter img150x150\" src=\"https:\/\/institutjoanbrudieu.cat\/public\/web_centre\/html\/documents\/fotos_web\/210131_Maquetes_atom.jpg\" alt=\"210131_Maquetes_atom\" \/>210131 Maquetes tridimensionals de l&#8217;\u00e0tom<\/a><\/div>\n<div class=\"blocimg\"><a href=\"https:\/\/photos.app.goo.gl\/53ZxKco6Pwa2xAkp9\" target=\"_blank\" rel=\"noopener noreferrer\"><img decoding=\"async\" class=\"size-thumbnail wp-image-1717 aligncenter img150x150\" src=\"https:\/\/institutjoanbrudieu.cat\/public\/web_centre\/html\/documents\/fotos_web\/210114_Exposicio_TdR_B2.jpg\" alt=\"210114_Exposicio_TdR_B2\" \/>210114 Exposici\u00f3 Treballs de Recerca de 2n BTX<\/a><\/div>\n<div class=\"blocimg\"><a href=\"https:\/\/photos.app.goo.gl\/P5g3pVaKcpTEWLWz5\" target=\"_blank\" rel=\"noopener noreferrer\"><img decoding=\"async\" class=\"size-thumbnail wp-image-1717 aligncenter img150x150\" src=\"https:\/\/institutjoanbrudieu.cat\/public\/web_centre\/html\/documents\/fotos_web\/20201217_La_veu_dels_centres_Radio_Seu.jpg\" alt=\"20201217_La_veu_dels_centres_Radio_Seu\" \/>20201217 La veu dels centres a R\u00e0dio Seu<\/a><\/div>\n<div class=\"blocimg\"><a href=\"https:\/\/photos.app.goo.gl\/a7RAZBwV8fBZM7Ls6\" target=\"_blank\" rel=\"noopener noreferrer\"><img decoding=\"async\" class=\"size-thumbnail wp-image-1717 aligncenter img150x150\" src=\"https:\/\/institutjoanbrudieu.cat\/public\/web_centre\/html\/documents\/fotos_web\/201216_Aparadorisme.jpg\" alt=\"201216_Aparadorisme\" \/>201216 Aparadorisme a la Joieria Sangr\u00e0<\/a><\/div>\n<div class=\"blocimg\"><a href=\"https:\/\/photos.app.goo.gl\/4QgKSMmopDzhB3gC7\" target=\"_blank\" rel=\"noopener noreferrer\"><img decoding=\"async\" class=\"size-thumbnail wp-image-1717 aligncenter img150x150\" src=\"https:\/\/institutjoanbrudieu.cat\/public\/web_centre\/html\/documents\/fotos_web\/201215_IFE_alumnat_i_professorat_2020-2021.jpg\" alt=\"201215_IFE_alumnat_i_professorat_2020-2021\" \/>2201215 IFE alumnat i professorat curs 2020-2021<\/a><\/div>\n<div class=\"blocimg\"><a href=\"https:\/\/photos.app.goo.gl\/s6EiRcCDdxRiWNWh7\" target=\"_blank\" rel=\"noopener noreferrer\"><img decoding=\"async\" class=\"size-thumbnail wp-image-1717 aligncenter img150x150\" src=\"https:\/\/institutjoanbrudieu.cat\/public\/web_centre\/html\/documents\/fotos_web\/201209_Auxiliar_de_conversa.jpg\" alt=\"201209_Auxiliar_de_conversa\" \/>201209 Auxiliar de conversa en franc\u00e8s<\/a><\/div>\n<div class=\"blocimg\"><a href=\"https:\/\/photos.app.goo.gl\/gXnZkNJwn3S8A99p8\" target=\"_blank\" rel=\"noopener noreferrer\"><img decoding=\"async\" class=\"size-thumbnail wp-image-1717 aligncenter img150x150\" src=\"https:\/\/institutjoanbrudieu.cat\/public\/web_centre\/html\/documents\/fotos_web\/201204_Visita_exposicio_Clima_al_Pirineu.jpg\" alt=\"201204_Visita_exposicio_Clima_al_Pirineu\" \/>201204 Visita a l&#8217;exposici\u00f3 &#8220;El clima del Pirineu&#8221;<\/a><\/div>\n<div class=\"blocimg\"><a href=\"https:\/\/photos.app.goo.gl\/dw7a5G33AevxZPv57\" target=\"_blank\" rel=\"noopener noreferrer\"><img decoding=\"async\" class=\"size-thumbnail wp-image-1717 aligncenter img150x150\" src=\"https:\/\/institutjoanbrudieu.cat\/public\/web_centre\/html\/documents\/fotos_web\/201201_Visita_sequoia.jpg\" alt=\"201201_Visita_sequoia\" \/>201201 Visita sequoia de la Seu<\/a><\/div>\n<div class=\"blocimg\"><a href=\"https:\/\/photos.app.goo.gl\/SY6vGbVwkn8GsJNc9\" target=\"_blank\" rel=\"noopener noreferrer\"><img decoding=\"async\" class=\"size-thumbnail wp-image-1717 aligncenter img150x150\" src=\"https:\/\/institutjoanbrudieu.cat\/public\/web_centre\/html\/documents\/fotos_web\/201130_Visita_Museu_Diocesa.jpg\" alt=\"201130_Visita_Museu_Diocesa\" \/>201130 Visita al Museu Dioces\u00e0<\/a><\/div>\n<div class=\"blocimg\"><a href=\"https:\/\/photos.app.goo.gl\/Wdd5QXxTZ6YVM6P26\" target=\"_blank\" rel=\"noopener noreferrer\"><img decoding=\"async\" class=\"size-thumbnail wp-image-1717 aligncenter img150x150\" src=\"https:\/\/institutjoanbrudieu.cat\/public\/web_centre\/html\/documents\/fotos_web\/201125_25N_al_PFI.jpg\" alt=\"201125_25N_al_PFI\" \/>201125 25N al PFI-PTT de la Seu d&#8217;Urgell<\/a><\/div>\n<div class=\"blocimg\"><a href=\"https:\/\/photos.app.goo.gl\/ov4NMWh4DMKL15ga8\" target=\"_blank\" rel=\"noopener noreferrer\"><img decoding=\"async\" class=\"size-thumbnail wp-image-1717 aligncenter img150x150\" src=\"https:\/\/institutjoanbrudieu.cat\/public\/web_centre\/html\/documents\/fotos_web\/201125_Homenatge_Frida_Khalo.jpg\" alt=\"201125_Homenatge_Frida_Khalo\" \/>201125 Homenatge a Frida Khalo<\/a><\/div>\n<div class=\"blocimg\"><a href=\"https:\/\/photos.app.goo.gl\/qfkZMujdzKMrPKGk7\" target=\"_blank\" rel=\"noopener noreferrer\"><img decoding=\"async\" class=\"size-thumbnail wp-image-1717 aligncenter img150x150\" src=\"https:\/\/institutjoanbrudieu.cat\/public\/web_centre\/html\/documents\/fotos_web\/201125_Cartells_25N_Web.jpg\" alt=\"201125_Cartells_25N_Web\" \/>201125 Cartells 25N<\/a><\/div>\n<div class=\"blocimg\"><a href=\"https:\/\/photos.app.goo.gl\/yo4cdEHaWwXt4qFL9\" target=\"_blank\" rel=\"noopener noreferrer\"><img decoding=\"async\" class=\"size-thumbnail wp-image-1717 aligncenter img150x150\" src=\"https:\/\/institutjoanbrudieu.cat\/public\/web_centre\/html\/documents\/fotos_web\/Aida_Martos_Premi_Narrativa_UdL_2020.jpg\" alt=\"Aida_Martos_Premi_Narrativa_UdL_2020\" \/>Aida Martos: Premi Narrativa UdL 2020<\/a><\/div>\n<div class=\"blocimg\"><a href=\"https:\/\/photos.app.goo.gl\/z1Ly4ofdq8ZP9nV38\" target=\"_blank\" rel=\"noopener noreferrer\"><img decoding=\"async\" class=\"size-thumbnail wp-image-1717 aligncenter img150x150\" src=\"https:\/\/institutjoanbrudieu.cat\/public\/web_centre\/html\/documents\/fotos_web\/201029_Visita_Arxiu_Comarcal.jpg\" alt=\"201029_Visita_Arxiu_Comarcal\" \/>201029 Visita a l&#8217;Arxiu Comarcal<\/a><\/div>\n<div class=\"blocimg\"><a href=\"https:\/\/photos.app.goo.gl\/23dK5RWLjih6LVBYA\" target=\"_blank\" rel=\"noopener noreferrer\"><img decoding=\"async\" class=\"size-thumbnail wp-image-1717 aligncenter img150x150\" src=\"https:\/\/institutjoanbrudieu.cat\/public\/web_centre\/html\/documents\/fotos_web\/201019_Exposicio_BTX_ARTS_Referents_naturals.jpg\" alt=\"201019_Exposicio_BTX_ARTS_Referents_naturals\" \/>201019 Exposici\u00f3 BTX ARTS &#8220;Referents naturals&#8221;<\/a><\/div>\n","protected":false},"excerpt":{"rendered":"<p>CURS 2020-2021 210629 Pintura mural (alumnat BTX Arts) 210611 Festa de Graduaci\u00f3 per a l&#8217;alumnat de BTX 210603 Maqueta de joc de b\u00e0squet (alumnat IFE) 210603 Premis COAC: TdR i fotografia 210527 Festa de Graduaci\u00f3 per a l&#8217;alumnat d&#8217;FP 210521 Taller de Poesia 210430 PFI-PTT Premi ImpulsaFP (Lleida) 210422 Lliurament Premi Relats Curts UdL 210326 [&hellip;]<\/p>\n","protected":false},"author":1,"featured_media":0,"parent":1712,"menu_order":16,"comment_status":"closed","ping_status":"closed","template":"page-templates\/side-menu.php","meta":{"_bbp_topic_count":0,"_bbp_reply_count":0,"_bbp_total_topic_count":0,"_bbp_total_reply_count":0,"_bbp_voice_count":0,"_bbp_anonymous_reply_count":0,"_bbp_topic_count_hidden":0,"_bbp_reply_count_hidden":0,"_bbp_forum_subforum_count":0,"site-sidebar-layout":"default","site-content-layout":"","ast-site-content-layout":"","site-content-style":"default","site-sidebar-style":"default","ast-global-header-display":"","ast-banner-title-visibility":"","ast-main-header-display":"","ast-hfb-above-header-display":"","ast-hfb-below-header-display":"","ast-hfb-mobile-header-display":"","site-post-title":"","ast-breadcrumbs-content":"","ast-featured-img":"","footer-sml-layout":"","theme-transparent-header-meta":"","adv-header-id-meta":"","stick-header-meta":"","header-above-stick-meta":"","header-main-stick-meta":"","header-below-stick-meta":"","astra-migrate-meta-layouts":"default","ast-page-background-enabled":"default","ast-page-background-meta":{"desktop":{"background-color":"var(--ast-global-color-4)","background-image":"","background-repeat":"repeat","background-position":"center center","background-size":"auto","background-attachment":"scroll","background-type":"","background-media":"","overlay-type":"","overlay-color":"","overlay-opacity":"","overlay-gradient":""},"tablet":{"background-color":"","background-image":"","background-repeat":"repeat","background-position":"center center","background-size":"auto","background-attachment":"scroll","background-type":"","background-media":"","overlay-type":"","overlay-color":"","overlay-opacity":"","overlay-gradient":""},"mobile":{"background-color":"","background-image":"","background-repeat":"repeat","background-position":"center center","background-size":"auto","background-attachment":"scroll","background-type":"","background-media":"","overlay-type":"","overlay-color":"","overlay-opacity":"","overlay-gradient":""}},"ast-content-background-meta":{"desktop":{"background-color":"var(--ast-global-color-5)","background-image":"","background-repeat":"repeat","background-position":"center center","background-size":"auto","background-attachment":"scroll","background-type":"","background-media":"","overlay-type":"","overlay-color":"","overlay-opacity":"","overlay-gradient":""},"tablet":{"background-color":"var(--ast-global-color-5)","background-image":"","background-repeat":"repeat","background-position":"center center","background-size":"auto","background-attachment":"scroll","background-type":"","background-media":"","overlay-type":"","overlay-color":"","overlay-opacity":"","overlay-gradient":""},"mobile":{"background-color":"var(--ast-global-color-5)","background-image":"","background-repeat":"repeat","background-position":"center center","background-size":"auto","background-attachment":"scroll","background-type":"","background-media":"","overlay-type":"","overlay-color":"","overlay-opacity":"","overlay-gradient":""}},"footnotes":""},"class_list":["post-6618","page","type-page","status-publish","hentry"],"post_mailing_queue_ids":[],"_links":{"self":[{"href":"https:\/\/agora.xtec.cat\/iesjoanbrudieu\/wp-json\/wp\/v2\/pages\/6618","targetHints":{"allow":["GET"]}}],"collection":[{"href":"https:\/\/agora.xtec.cat\/iesjoanbrudieu\/wp-json\/wp\/v2\/pages"}],"about":[{"href":"https:\/\/agora.xtec.cat\/iesjoanbrudieu\/wp-json\/wp\/v2\/types\/page"}],"author":[{"embeddable":true,"href":"https:\/\/agora.xtec.cat\/iesjoanbrudieu\/wp-json\/wp\/v2\/users\/1"}],"replies":[{"embeddable":true,"href":"https:\/\/agora.xtec.cat\/iesjoanbrudieu\/wp-json\/wp\/v2\/comments?post=6618"}],"version-history":[{"count":3,"href":"https:\/\/agora.xtec.cat\/iesjoanbrudieu\/wp-json\/wp\/v2\/pages\/6618\/revisions"}],"predecessor-version":[{"id":6652,"href":"https:\/\/agora.xtec.cat\/iesjoanbrudieu\/wp-json\/wp\/v2\/pages\/6618\/revisions\/6652"}],"up":[{"embeddable":true,"href":"https:\/\/agora.xtec.cat\/iesjoanbrudieu\/wp-json\/wp\/v2\/pages\/1712"}],"wp:attachment":[{"href":"https:\/\/agora.xtec.cat\/iesjoanbrudieu\/wp-json\/wp\/v2\/media?parent=6618"}],"curies":[{"name":"wp","href":"https:\/\/api.w.org\/{rel}","templated":true}]}}