{"id":5981,"date":"2021-02-23T18:47:20","date_gmt":"2021-02-23T17:47:20","guid":{"rendered":"http:\/\/agora.xtec.cat\/iesjoanbrudieu\/?page_id=5981"},"modified":"2026-03-23T17:24:33","modified_gmt":"2026-03-23T16:24:33","slug":"ife-preinscripcio-i-matricula","status":"publish","type":"page","link":"https:\/\/agora.xtec.cat\/iesjoanbrudieu\/secretaria\/preins-mat\/ife-preinscripcio-i-matricula\/","title":{"rendered":"IFE: Preinscripci\u00f3 i matr\u00edcula"},"content":{"rendered":"\n<h2 class=\"wp-block-heading\"><span style=\"color: #3366ff;\"><strong><strong><span style=\"color: #339966;\">IFE [2026-2027]<\/span><\/strong><\/strong><\/span><\/h2>\n\n\n\n<h2 class=\"wp-block-heading\"><span style=\"color: #3366ff;\"><strong>Informaci\u00f3 Estudis Postobligatoris de l&#8217;Institut Joan Brudieu<\/strong><\/span><\/h2>\n\n\n\n<p><span class=\"ms-rteStyle-Accent1\"><span style=\"color: #ff0000;\"><strong>Estem treballant per actualitzar tota la informaci\u00f3 per a la preinscripci\u00f3 2026-2027<\/strong><\/span>.<\/span><\/p>\n\n\n\n<ul class=\"wp-block-list\">\n<li>Podeu trobar m\u00e9s informaci\u00f3 a la p\u00e0gina de <strong>Portes Obertes<\/strong> de la nostra web (<a href=\"https:\/\/agora.xtec.cat\/iesjoanbrudieu\/linstitut\/portes-obertes\/\" target=\"_blank\" rel=\"noopener noreferrer\">enlla\u00e7<\/a>).<\/li>\n\n\n\n<li>Podeu trobar la <strong>documentaci\u00f3 estrat\u00e8gica<\/strong> de l&#8217;Institut en <a href=\"https:\/\/agora.xtec.cat\/iesjoanbrudieu\/secretaria\/documentacio-institut\/\" target=\"_blank\" rel=\"noopener noreferrer\">aquest enlla\u00e7<\/a>.<\/li>\n\n\n\n<li>Podeu trobar informaci\u00f3 dels <strong>estudis IFE<\/strong> en <a href=\"https:\/\/agora.xtec.cat\/iesjoanbrudieu\/estudis\/ensenyaments-professionals\/\" target=\"_blank\" rel=\"noreferrer noopener\">aquest enlla\u00e7<\/a>.<\/li>\n<\/ul>\n\n\n\n<h2 class=\"wp-block-heading\"><span style=\"color: #3366ff;\"><strong>IFE<\/strong><\/span><span style=\"color: #3366ff;\"><strong> [Calendari Preinscripci\u00f3 i Matr\u00edcula]<\/strong><\/span><\/h2>\n\n\n\n<figure class=\"wp-block-image aligncenter is-resized\"><a href=\"https:\/\/institutjoanbrudieu.cat\/public\/web_centre\/html\/img\/26_Calendari_Preinscripcio_Matricula_WEB_IFE_01.jpg\" target=\"_blank\" rel=\"noopener noreferrer\"><img decoding=\"async\" src=\"https:\/\/institutjoanbrudieu.cat\/public\/web_centre\/html\/img\/26_Calendari_Preinscripcio_Matricula_WEB_IFE_01.jpg\" alt=\"Calendari Preinscripcio i Matricula IFE (general): en construcci\u00f3\" style=\"width:826px\"\/><\/a><\/figure>\n\n\n\n<p><\/p>\n\n\n\n<figure class=\"wp-block-image aligncenter is-resized\"><a href=\"https:\/\/institutjoanbrudieu.cat\/public\/web_centre\/html\/img\/26_Calendari_Preinscripcio_Matricula_WEB_IFE_02.jpg\" target=\"_blank\" rel=\"noopener noreferrer\"><img decoding=\"async\" src=\"https:\/\/institutjoanbrudieu.cat\/public\/web_centre\/html\/img\/26_Calendari_Preinscripcio_Matricula_WEB_IFE_02.jpg\" alt=\"Calendari Preinscripcio i Matricula IFE (interna): en construcci\u00f3\" style=\"width:826px;height:auto\"\/><\/a><\/figure>\n\n\n\n<p><\/p>\n\n\n\n<div class=\"wp-block-getwid-tabs\" data-active-tab=\"0\"><ul class=\"wp-block-getwid-tabs__nav-links\"><\/ul>\n<div class=\"wp-block-getwid-tabs__nav-link\"><span class=\"wp-block-getwid-tabs__title-wrapper\"><a href=\"#\"><span class=\"wp-block-getwid-tabs__title\">PREINS: Informaci\u00f3<\/span><\/a><\/span><\/div><div class=\"wp-block-getwid-tabs__tab-content-wrapper\"><div class=\"wp-block-getwid-tabs__tab-content\">\n<h2 class=\"wp-block-heading\"><span style=\"color: #3366ff;\"><strong>IFE<\/strong><\/span><span style=\"color: #3366ff;\"><strong> [Preinscripci\u00f3 2026-2027]<\/strong><\/span><\/h2>\n\n\n\n<h3 class=\"wp-block-heading\"><span style=\"color: #ff0000;\"><strong>Proc\u00e9s de preinscripci\u00f3<\/strong><\/span><\/h3>\n\n\n\n<ul class=\"wp-block-list\">\n<li>Tota la informaci\u00f3 del proc\u00e9s de preinscripci\u00f3 al <a href=\"https:\/\/preinscripcio.gencat.cat\/ca\/estudis\/ife\/inici\/\" target=\"_blank\" rel=\"noopener noreferrer\">web de Preinscripci\u00f3 del Departament d&#8217;Educaci\u00f3<\/a>.<\/li>\n\n\n\n<li><a href=\"https:\/\/institutjoanbrudieu.cat\/public\/web_centre\/html\/documents\/secretaria\/preins\/26_Calendari_Instruccions_Preinscripcio_Matricula_IFE.pdf\" target=\"_blank\" rel=\"noopener noreferrer\">Full informatiu<\/a> de la preinscripci\u00f3 a IFE (Institut Joan Brudieu).<\/li>\n<\/ul>\n\n\n\n<p class=\"has-text-align-center\"><object style=\"width: 800px; height: 600px;\" data=\"https:\/\/institutjoanbrudieu.cat\/public\/web_centre\/html\/documents\/secretaria\/preins\/26_Calendari_Instruccions_Preinscripcio_Matricula_IFE.pdf\" width=\"300\" height=\"150\"><\/object><\/p>\n\n\n\n<div class=\"wp-block-getwid-button-group\"><div class=\"wp-block-getwid-button-group__wrapper has-alignment-center\">\n<div class=\"wp-block-button has-custom-width wp-block-button__width-75\"><a class=\"wp-block-button__link wp-element-button\" href=\"https:\/\/educacio.gencat.cat\/ca\/tramits\/tramits-temes\/20816-itineraris-formatius\" target=\"_blank\" rel=\"noreferrer noopener\">IFE: Acc\u00e9s a la sol\u00b7licitud de preinscripci\u00f3 (format PDF) &#8211; Web Departament<\/a><\/div>\n\n\n\n<div class=\"wp-block-button has-custom-width wp-block-button__width-75\"><a class=\"wp-block-button__link wp-element-button\" href=\"https:\/\/institutjoanbrudieu.cat\/public\/web_centre\/html\/documents\/secretaria\/preins\/26_IFE_Preinscripcio_impres.pdf\" target=\"_blank\" rel=\"noreferrer noopener\">IFE: Acc\u00e9s a la sol\u00b7licitud de preinscripci\u00f3 (format PDF) &#8211; Web Institut<\/a><\/div>\n<\/div><\/div>\n\n\n\n<p><\/p>\n\n\n\n<ul class=\"wp-block-list\">\n<li><strong>Cal emplenar el camp de l\u2019identificador de l\u2019alumn<\/strong><strong>e<\/strong>. Aquesta dada es correspon al n\u00famero de registre de l\u2019alumne (IDALU), que es pot <strong><a title=\"Ves al web\" href=\"https:\/\/educacio.gencat.cat\/ca\/tramits\/tramits-temes\/identificador-alumne\" target=\"_blank\" rel=\"noopener noreferrer\">consultar en l\u00ednia al web del Departament<\/a><\/strong>. A l&#8217;Institut Joan Brudieu el podeu trobar al capdamunt dels butlletins de notes.<\/li>\n\n\n\n<li>El codi del nostre centre \u00e9s <strong>25004188<\/strong><\/li>\n\n\n\n<li>La sol\u00b7licitud de preinscripci\u00f3 es presenta a la Secretaria de l&#8217;Institut, adjuntant-hi el model de sol\u00b7licitud degudament emplenat (en format PDF) i la documentaci\u00f3 oportuna, escanejada o fotografiada, en el termini establert.<\/li>\n\n\n\n<li><strong><span style=\"color: #ff0000;\">Documentaci\u00f3 de criteris<\/span><\/strong>\n<ul class=\"wp-block-list\">\n<li><span style=\"color: #ff0000;\"><strong>IFE<\/strong><\/span>: <a href=\"https:\/\/preinscripcio.gencat.cat\/ca\/estudis\/ife\/informat\/criteris-assignacio\/\" target=\"_blank\" rel=\"noopener noreferrer\">Criteris d&#8217;assignaci\u00f3 de pla\u00e7a<\/a> i <a href=\"https:\/\/preinscripcio.gencat.cat\/ca\/estudis\/ife\/informat\/prepara-documentacio\/\" target=\"_blank\" rel=\"noopener noreferrer\">Documentaci\u00f3 acreditativa<\/a> (web Departament d&#8217;Educaci\u00f3).<\/li>\n<\/ul>\n<\/li>\n<\/ul>\n\n\n\n<figure class=\"wp-block-image aligncenter size-large is-resized\"><img decoding=\"async\" src=\"https:\/\/institutjoanbrudieu.cat\/public\/web_centre\/html\/img\/PREINS_Criteris_prioritaris_i_complementaris_IFE.jpg\" alt=\"\" style=\"width:808px;height:auto\"\/><\/figure>\n\n\n\n<p><\/p>\n<\/div><\/div>\n\n\n\n<div class=\"wp-block-getwid-tabs__nav-link\"><span class=\"wp-block-getwid-tabs__title-wrapper\"><a href=\"#\"><span class=\"wp-block-getwid-tabs__title\">PREINS: Oferta i llistats<\/span><\/a><\/span><\/div><div class=\"wp-block-getwid-tabs__tab-content-wrapper\"><div class=\"wp-block-getwid-tabs__tab-content\">\n<h2 class=\"wp-block-heading\"><span style=\"color: #3366ff;\"><strong>IFE<\/strong><\/span><span style=\"color: #3366ff;\"><strong> [Preinscripci\u00f3 2026-2027]<\/strong><\/span><\/h2>\n\n\n\n<h3 class=\"wp-block-heading\"><span style=\"color: #ff0000;\"><strong>Oferta i publicaci\u00f3 de llistes<\/strong><\/span><\/h3>\n\n\n\n<h4 class=\"wp-block-heading\"><span style=\"color: #ff0000;\"><strong>Oferta inicial<\/strong>&nbsp;<\/span><\/h4>\n\n\n\n<p>Per consultar l\u2019<strong>oferta inicial de places de IFE<\/strong> de l&#8217;Institut Joan Brudieu, codi oficial 25004188, heu d&#8217;anar al Mapa escolar de la preinscripci\u00f3 vigent:\u200b <a href=\"http:\/\/mapaescolar.gencat.cat\/\" target=\"_blank\" rel=\"noopener noreferrer\">http:\/\/mapaescolar.gencat.cat\/<\/a>.<\/p>\n\n\n\n<div class=\"wp-block-getwid-button-group\"><div class=\"wp-block-getwid-button-group__wrapper has-alignment-center\">\n<div class=\"wp-block-button has-custom-width wp-block-button__width-75\"><a class=\"wp-block-button__link wp-element-button\" href=\"https:\/\/institutjoanbrudieu.cat\/public\/web_centre\/html\/documents\/secretaria\/preins\/26_PREINS_IFE_Llista_barem_provisional.pdf\" target=\"_blank\" rel=\"noreferrer noopener\">IFE: Llistat amb la puntuaci\u00f3 provisional (29 de maig de 2026)<\/a><\/div>\n\n\n\n<div class=\"wp-block-button has-custom-width wp-block-button__width-75\"><a class=\"wp-block-button__link wp-element-button\" href=\"https:\/\/institutjoanbrudieu.cat\/public\/web_centre\/html\/documents\/secretaria\/preins\/26_PREINS_IFE_Llistat_alumnat_admes.pdf\" target=\"_blank\" rel=\"noreferrer noopener\">IFE: Llista d&#8217;alumnat adm\u00e8s (16 de juny de 2026)<\/a><\/div>\n<\/div><\/div>\n\n\n\n<p><\/p>\n<\/div><\/div>\n\n\n\n<div class=\"wp-block-getwid-tabs__nav-link\"><span class=\"wp-block-getwid-tabs__title-wrapper\"><a href=\"#\"><span class=\"wp-block-getwid-tabs__title\">Matr\u00edcula Alumnat NOU<\/span><\/a><\/span><\/div><div class=\"wp-block-getwid-tabs__tab-content-wrapper\"><div class=\"wp-block-getwid-tabs__tab-content\">\n<h2 class=\"wp-block-heading\"><span style=\"color: #3366ff;\"><strong>IFE<\/strong><\/span><span style=\"color: #3366ff;\"><strong> [Matr\u00edcula 2026-2027]<\/strong><\/span><\/h2>\n\n\n\n<h3 class=\"wp-block-heading\"><span style=\"color: #ff0000;\"><strong>ALUMNAT NOU ALS ESTUDIS D&#8217;IFE<\/strong>:<\/span><\/h3>\n\n\n\n<ul class=\"wp-block-list\">\n<li>Cartes que informen de les condicions i les dates per a les <span style=\"color: #ff0000;\"><strong>matr\u00edcules<\/strong><\/span> dels <strong>estudis postobligatoris [IFE]<\/strong> (curs <strong>2026-2027<\/strong>)\n<ul class=\"wp-block-list\">\n<li>Per a <a href=\"https:\/\/institutjoanbrudieu.cat\/public\/web_centre\/html\/documents\/secretaria\/preins\/26_Matricula_IFE_nous.pdf\" target=\"_blank\" rel=\"noopener noreferrer\"><strong>IFE &#8211; 1r curs<\/strong><\/a><strong> : <\/strong>Alumnat nou a l&#8217;estudi i\/o a l&#8217;Institut.<\/li>\n<\/ul>\n<\/li>\n\n\n\n<li><span style=\"color: #ff0000;\"><strong>Documentaci\u00f3 general<\/strong><\/span>\n<ul class=\"wp-block-list\">\n<li><a href=\"https:\/\/institutjoanbrudieu.cat\/public\/web_centre\/html\/documents\/secretaria\/fulls\/INS_Llibre_de_documents_per_a_matricula_BTX_FP_IFE.pdf\" target=\"_blank\" rel=\"noopener\"><strong>Llibre de documents per a la matr\u00edcula de BTX &#8211; FP &#8211; IFE<\/strong><\/a>. Cal emplenar i signar les <strong>autoritzacions<\/strong> que us proposem, inserides en forma d\u2019apartats en el document:\n<ul class=\"wp-block-list\">\n<li><strong>DADES I<\/strong>: Dades personals per a ALEXIA i TokApp. \u00c9s del tot necessari i imprescindible que tots els tel\u00e8fons de contacte siguin plenament operatius, aix\u00ed com els correus electr\u00f2nics.<\/li>\n\n\n\n<li><strong>DADES II<\/strong>: Autoritzaci\u00f3 de dades per a TokApp.<\/li>\n\n\n\n<li><strong>SORTIDES<\/strong>: Autoritzaci\u00f3 de sortides a la Seu i els seus voltants al llarg del curs de l\u2019escolaritzaci\u00f3 a l\u2019Institut.<\/li>\n\n\n\n<li><strong>ORDINADORS<\/strong>: Acceptaci\u00f3 o ren\u00fancia dels ordinadors del Pla Digital de Catalunya.<\/li>\n\n\n\n<li><strong>IMATGES<\/strong>: Autoritzaci\u00f3 expressa relativa a l\u2019alumnat quant al tractament d\u2019imatges i\/o veu.<\/li>\n\n\n\n<li><strong>RECURSOS DIGITALS<\/strong>: Autoritzaci\u00f3 expressa relativa a l\u2019alumnat quant a l\u2019\u00fas de serveis i recursos digitals a Internet per treballar a l\u2019aula.<\/li>\n<\/ul>\n<\/li>\n\n\n\n<li>Informaci\u00f3 per a <a href=\"https:\/\/institutjoanbrudieu.cat\/public\/web_centre\/html\/documents\/secretaria\/preins\/26_Taquilles_alumnat.pdf\" target=\"_blank\" rel=\"noopener noreferrer\">Lloguer de taquilles<\/a>.<\/li>\n\n\n\n<li><strong>Associaci\u00f3 de Fam\u00edlies d&#8217;Alumnat (AFA-Institut Joan Brudieu)<\/strong>\n<ul class=\"wp-block-list\">\n<li><strong>AFA<\/strong>: <a href=\"https:\/\/institutjoanbrudieu.cat\/public\/web_centre\/html\/documents\/secretaria\/preins\/26_AFA_Informacio_soci_i_samarreta.pdf\" target=\"_blank\" rel=\"noopener noreferrer\">informaci\u00f3 per a la inscripci\u00f3 i la compra de samarretes i dessuadores<\/a>.<\/li>\n\n\n\n<li><strong>AFA<\/strong>: <strong>Autoritzaci\u00f3 expressa de dades personals<\/strong>. Per tal que l\u2019AFA pugui contactar amb els socis i s\u00f2cies i poder transmetre la informaci\u00f3 que moltes vegades ens arriba i que pot interessar a les fam\u00edlies, \u00e9s necessari donar-se d\u2019alta com a socis en el seg\u00fcent enlla\u00e7 <a href=\"https:\/\/docs.google.com\/forms\/d\/e\/1FAIpQLSei-A_4ymQHR6s8GB9UjsoWBEomkzOGFXeOq1z1YiS6hO0rqg\/viewform?usp=header\" target=\"_blank\" rel=\"noopener\"><strong>Autoritzaci\u00f3 expressa de dades<\/strong><\/a> i omplir el formulari de registre de s\u00f2cies i socis.<\/li>\n<\/ul>\n<\/li>\n\n\n\n<li>M\u00e9s documents a <a href=\"https:\/\/agora.xtec.cat\/iesjoanbrudieu\/secretaria\/fulls-impresos\/\" target=\"_blank\" rel=\"noopener noreferrer\">Fulls impresos<\/a> de la p\u00e0gina web.<\/li>\n<\/ul>\n<\/li>\n<\/ul>\n\n\n\n<p><\/p>\n<\/div><\/div>\n\n\n\n<div class=\"wp-block-getwid-tabs__nav-link\"><span class=\"wp-block-getwid-tabs__title-wrapper\"><a href=\"#\"><span class=\"wp-block-getwid-tabs__title\">Continu\u00eftat de Matr\u00edcula<\/span><\/a><\/span><\/div><div class=\"wp-block-getwid-tabs__tab-content-wrapper\"><div class=\"wp-block-getwid-tabs__tab-content\">\n<h2 class=\"wp-block-heading\"><span style=\"color: #3366ff;\"><strong>IFE<\/strong><\/span><span style=\"color: #3366ff;\"><strong> [Continu\u00eftat de matr\u00edcula 2026-2027]<\/strong><\/span><\/h2>\n\n\n\n<h3 class=\"wp-block-heading\"><span style=\"color: #ff0000;\"><strong>ALUMNAT QUE JA EST\u00c0 CURSANT ESTUDIS D&#8217;IFE A L&#8217;INSTITUT JOAN BRUDIEU<\/strong>:<\/span><\/h3>\n\n\n\n<ul class=\"wp-block-list\">\n<li>Cartes que informen de les condicions i les dates per a les <span style=\"color: #ff0000;\"><strong>confirmacions de matr\u00edcules<\/strong><\/span> dels <strong>estudis postobligatoris [IFE]<\/strong> (curs <strong>2026-2027<\/strong>)\n<ul class=\"wp-block-list\">\n<li>Per a <strong><a href=\"https:\/\/institutjoanbrudieu.cat\/public\/web_centre\/html\/documents\/secretaria\/preins\/26_Matricula_IFE_INS.pdf\" target=\"_blank\" rel=\"noopener noreferrer\">IFE &#8211; 2n curs<\/a><\/strong>.<\/li>\n\n\n\n<li>Per a <strong><a href=\"https:\/\/institutjoanbrudieu.cat\/public\/web_centre\/html\/documents\/secretaria\/preins\/26_Matricula_IFE_INS.pdf\" target=\"_blank\" rel=\"noopener noreferrer\">IFE &#8211; 3r curs<\/a><\/strong>.<\/li>\n\n\n\n<li>Per a <strong><a href=\"https:\/\/institutjoanbrudieu.cat\/public\/web_centre\/html\/documents\/secretaria\/preins\/26_Matricula_IFE_INS.pdf\" target=\"_blank\" rel=\"noopener noreferrer\">IFE &#8211; 4t curs<\/a><\/strong>.<\/li>\n<\/ul>\n<\/li>\n\n\n\n<li><span style=\"color: #ff0000;\"><strong>Documentaci\u00f3 general<\/strong><\/span> per a tots els cursos\n<ul class=\"wp-block-list\">\n<li>Informaci\u00f3 per a <a href=\"https:\/\/institutjoanbrudieu.cat\/public\/web_centre\/html\/documents\/secretaria\/preins\/26_Taquilles_alumnat.pdf\" target=\"_blank\" rel=\"noopener noreferrer\">Lloguer de taquilles<\/a>.<\/li>\n\n\n\n<li><strong>Associaci\u00f3 de Fam\u00edlies d&#8217;Alumnat (AFA-Institut Joan Brudieu)<\/strong>\n<ul class=\"wp-block-list\">\n<li><strong>AFA<\/strong>: <a href=\"https:\/\/institutjoanbrudieu.cat\/public\/web_centre\/html\/documents\/secretaria\/preins\/26_AFA_Informacio_soci_i_samarreta.pdf\" target=\"_blank\" rel=\"noopener noreferrer\">informaci\u00f3 per a la inscripci\u00f3 i la compra de samarretes i dessuadores<\/a>.<\/li>\n\n\n\n<li><strong>AFA<\/strong>: <strong>Autoritzaci\u00f3 expressa de dades personals<\/strong>. Per tal que l\u2019AFA pugui contactar amb els socis i s\u00f2cies i poder transmetre la informaci\u00f3 que moltes vegades ens arriba i que pot interessar a les fam\u00edlies, \u00e9s necessari donar-se d\u2019alta com a socis en el seg\u00fcent enlla\u00e7 <a href=\"https:\/\/docs.google.com\/forms\/d\/e\/1FAIpQLSei-A_4ymQHR6s8GB9UjsoWBEomkzOGFXeOq1z1YiS6hO0rqg\/viewform?usp=header\" target=\"_blank\" rel=\"noopener\"><strong>Autoritzaci\u00f3 expressa de dades<\/strong><\/a> i omplir el formulari de registre de s\u00f2cies i socis.<\/li>\n<\/ul>\n<\/li>\n\n\n\n<li>M\u00e9s documents a <a href=\"https:\/\/agora.xtec.cat\/iesjoanbrudieu\/secretaria\/fulls-impresos\/\" target=\"_blank\" rel=\"noopener noreferrer\">Fulls impresos<\/a> de la p\u00e0gina web.<\/li>\n<\/ul>\n<\/li>\n<\/ul>\n\n\n\n<p><\/p>\n<\/div><\/div>\n<\/div>\n","protected":false},"excerpt":{"rendered":"<p>IFE [2026-2027] Informaci\u00f3 Estudis Postobligatoris de l&#8217;Institut Joan Brudieu Estem treballant per actualitzar tota la informaci\u00f3 per a la preinscripci\u00f3 2026-2027. IFE [Calendari Preinscripci\u00f3 i Matr\u00edcula]<\/p>\n","protected":false},"author":1,"featured_media":0,"parent":1337,"menu_order":7,"comment_status":"closed","ping_status":"closed","template":"","meta":{"_bbp_topic_count":0,"_bbp_reply_count":0,"_bbp_total_topic_count":0,"_bbp_total_reply_count":0,"_bbp_voice_count":0,"_bbp_anonymous_reply_count":0,"_bbp_topic_count_hidden":0,"_bbp_reply_count_hidden":0,"_bbp_forum_subforum_count":0,"site-sidebar-layout":"default","site-content-layout":"","ast-site-content-layout":"default","site-content-style":"default","site-sidebar-style":"default","ast-global-header-display":"","ast-banner-title-visibility":"","ast-main-header-display":"","ast-hfb-above-header-display":"","ast-hfb-below-header-display":"","ast-hfb-mobile-header-display":"","site-post-title":"","ast-breadcrumbs-content":"","ast-featured-img":"","footer-sml-layout":"","theme-transparent-header-meta":"","adv-header-id-meta":"","stick-header-meta":"","header-above-stick-meta":"","header-main-stick-meta":"","header-below-stick-meta":"","astra-migrate-meta-layouts":"set","ast-page-background-enabled":"default","ast-page-background-meta":{"desktop":{"background-color":"var(--ast-global-color-4)","background-image":"","background-repeat":"repeat","background-position":"center center","background-size":"auto","background-attachment":"scroll","background-type":"","background-media":"","overlay-type":"","overlay-color":"","overlay-opacity":"","overlay-gradient":""},"tablet":{"background-color":"","background-image":"","background-repeat":"repeat","background-position":"center center","background-size":"auto","background-attachment":"scroll","background-type":"","background-media":"","overlay-type":"","overlay-color":"","overlay-opacity":"","overlay-gradient":""},"mobile":{"background-color":"","background-image":"","background-repeat":"repeat","background-position":"center center","background-size":"auto","background-attachment":"scroll","background-type":"","background-media":"","overlay-type":"","overlay-color":"","overlay-opacity":"","overlay-gradient":""}},"ast-content-background-meta":{"desktop":{"background-color":"var(--ast-global-color-5)","background-image":"","background-repeat":"repeat","background-position":"center center","background-size":"auto","background-attachment":"scroll","background-type":"","background-media":"","overlay-type":"","overlay-color":"","overlay-opacity":"","overlay-gradient":""},"tablet":{"background-color":"var(--ast-global-color-5)","background-image":"","background-repeat":"repeat","background-position":"center center","background-size":"auto","background-attachment":"scroll","background-type":"","background-media":"","overlay-type":"","overlay-color":"","overlay-opacity":"","overlay-gradient":""},"mobile":{"background-color":"var(--ast-global-color-5)","background-image":"","background-repeat":"repeat","background-position":"center center","background-size":"auto","background-attachment":"scroll","background-type":"","background-media":"","overlay-type":"","overlay-color":"","overlay-opacity":"","overlay-gradient":""}},"footnotes":""},"class_list":["post-5981","page","type-page","status-publish","hentry"],"post_mailing_queue_ids":[],"_links":{"self":[{"href":"https:\/\/agora.xtec.cat\/iesjoanbrudieu\/wp-json\/wp\/v2\/pages\/5981","targetHints":{"allow":["GET"]}}],"collection":[{"href":"https:\/\/agora.xtec.cat\/iesjoanbrudieu\/wp-json\/wp\/v2\/pages"}],"about":[{"href":"https:\/\/agora.xtec.cat\/iesjoanbrudieu\/wp-json\/wp\/v2\/types\/page"}],"author":[{"embeddable":true,"href":"https:\/\/agora.xtec.cat\/iesjoanbrudieu\/wp-json\/wp\/v2\/users\/1"}],"replies":[{"embeddable":true,"href":"https:\/\/agora.xtec.cat\/iesjoanbrudieu\/wp-json\/wp\/v2\/comments?post=5981"}],"version-history":[{"count":6,"href":"https:\/\/agora.xtec.cat\/iesjoanbrudieu\/wp-json\/wp\/v2\/pages\/5981\/revisions"}],"predecessor-version":[{"id":11131,"href":"https:\/\/agora.xtec.cat\/iesjoanbrudieu\/wp-json\/wp\/v2\/pages\/5981\/revisions\/11131"}],"up":[{"embeddable":true,"href":"https:\/\/agora.xtec.cat\/iesjoanbrudieu\/wp-json\/wp\/v2\/pages\/1337"}],"wp:attachment":[{"href":"https:\/\/agora.xtec.cat\/iesjoanbrudieu\/wp-json\/wp\/v2\/media?parent=5981"}],"curies":[{"name":"wp","href":"https:\/\/api.w.org\/{rel}","templated":true}]}}