{"id":5979,"date":"2021-02-23T18:44:33","date_gmt":"2021-02-23T17:44:33","guid":{"rendered":"http:\/\/agora.xtec.cat\/iesjoanbrudieu\/?page_id=5979"},"modified":"2026-03-24T08:17:28","modified_gmt":"2026-03-24T07:17:28","slug":"cfm-i-cfs-preinscripcio-i-matricula","status":"publish","type":"page","link":"https:\/\/agora.xtec.cat\/iesjoanbrudieu\/secretaria\/preins-mat\/cfm-i-cfs-preinscripcio-i-matricula\/","title":{"rendered":"CFM i CFS: Preinscripci\u00f3 i matr\u00edcula"},"content":{"rendered":"\n<h2 class=\"wp-block-heading\"><span style=\"color: #3366ff;\"><strong><strong><span style=\"color: #339966;\">CFM &#8211; CFS [2026-2027]<\/span><\/strong><\/strong><\/span><\/h2>\n\n\n\n<h2 class=\"wp-block-heading\"><span style=\"color: #3366ff;\"><strong>Informaci\u00f3 Estudis Postobligatoris de l&#8217;Institut Joan Brudieu<\/strong><\/span><\/h2>\n\n\n\n<p><span class=\"ms-rteStyle-Accent1\"><span style=\"color: #ff0000;\"><strong>Estem treballant per actualitzar tota la informaci\u00f3 per a la preinscripci\u00f3 2026-2027<\/strong><\/span>.<\/span><\/p>\n\n\n\n<ul class=\"wp-block-list\">\n<li>Podeu trobar m\u00e9s informaci\u00f3 a la p\u00e0gina de <strong>Portes Obertes<\/strong> de la nostra web (<a href=\"https:\/\/agora.xtec.cat\/iesjoanbrudieu\/linstitut\/portes-obertes\/\" target=\"_blank\" rel=\"noopener noreferrer\">enlla\u00e7<\/a>).<\/li>\n\n\n\n<li>Podeu trobar la <strong>documentaci\u00f3 estrat\u00e8gica<\/strong> de l&#8217;Institut en <a href=\"https:\/\/agora.xtec.cat\/iesjoanbrudieu\/secretaria\/documentacio-institut\/\" target=\"_blank\" rel=\"noopener noreferrer\">aquest enlla\u00e7<\/a>.<\/li>\n\n\n\n<li>Podeu trobar informaci\u00f3 dels <strong>estudis CFM i CFS<\/strong> en <a href=\"https:\/\/agora.xtec.cat\/iesjoanbrudieu\/estudis\/ensenyaments-professionals\" target=\"_blank\" rel=\"noreferrer noopener\">aquest enlla\u00e7<\/a>.<\/li>\n<\/ul>\n\n\n\n<div class=\"wp-block-getwid-tabs\" data-active-tab=\"0\"><ul class=\"wp-block-getwid-tabs__nav-links\"><\/ul>\n<div class=\"wp-block-getwid-tabs__nav-link\"><span class=\"wp-block-getwid-tabs__title-wrapper\"><a href=\"#\"><span class=\"wp-block-getwid-tabs__title\">Alumnat de 4t ESO (INS Joan Brudieu)<\/span><\/a><\/span><\/div><div class=\"wp-block-getwid-tabs__tab-content-wrapper\"><div class=\"wp-block-getwid-tabs__tab-content\">\n<h3 class=\"wp-block-heading has-vivid-red-color has-text-color has-link-color wp-elements-1536be781b9b920471563c54240b7ae1\">Alumnat de l&#8217;Institut Joan Brudieu de 4t ESO<\/h3>\n\n\n\n<p>La preinscripci\u00f3 per a l\u2019alumnat de l\u2019Institut Joan Brudieu de 4t ESO que vol preinscriure\u2019s a Cicles Formatius de Grau Mitj\u00e0 (CFM) \u00e9s <strong>OBLIGAT\u00d2RIA.<\/strong><\/p>\n\n\n\n<p><\/p>\n<\/div><\/div>\n\n\n\n<div class=\"wp-block-getwid-tabs__nav-link\"><span class=\"wp-block-getwid-tabs__title-wrapper\"><a href=\"#\"><span class=\"wp-block-getwid-tabs__title\">Notes de tall d&#8217;FP<\/span><\/a><\/span><\/div><div class=\"wp-block-getwid-tabs__tab-content-wrapper\"><div class=\"wp-block-getwid-tabs__tab-content\">\n<h3 class=\"wp-block-heading has-vivid-red-color has-text-color has-link-color wp-elements-215e51faa703b55c5b6044ead0219833\">Notes de tall d&#8217;FP<\/h3>\n\n\n\n<ul class=\"wp-block-list\">\n<li>La nota de tall \u00e9s un indicador que \u00e9s important que tinguis en compte, ja que&nbsp;<strong>t\u2019orientar\u00e0 de manera acad\u00e8mica i professional<\/strong>. Pots fer la consulta per centre, cicle, torn i via de formaci\u00f3 professional.\n<ul class=\"wp-block-list\">\n<li>Consulta les notes de tall per accedir a cicles de <a href=\"https:\/\/preinscripcio.gencat.cat\/ca\/estudis\/fp-grau-mitja\/informat\/consulta-notes-tall\/\" target=\"_blank\" rel=\"noreferrer noopener\"><strong>grau mitj\u00e0<\/strong><\/a>.<\/li>\n\n\n\n<li>Consulta les notes de tall per accedir a cicles de <a href=\"https:\/\/preinscripcio.gencat.cat\/ca\/estudis\/fp-grau-superior\/informat\/consulta-notes-tall\/index.html\" target=\"_blank\" rel=\"noreferrer noopener\"><strong>grau superior<\/strong><\/a>.<\/li>\n<\/ul>\n<\/li>\n<\/ul>\n\n\n\n<p><\/p>\n<\/div><\/div>\n<\/div>\n\n\n\n<p><\/p>\n\n\n\n<h2 class=\"wp-block-heading\"><span style=\"color: #3366ff;\"><strong>CFM (Grau Mitj\u00e0)<\/strong> &#8211; <strong>CFS (Grau Superior)&nbsp;[<span style=\"color: #3366ff;\"><strong>Calendari Preinscripci\u00f3 i Matr\u00edcula<\/strong><\/span> 2026-2027]<\/strong><\/span><\/h2>\n\n\n\n<figure class=\"wp-block-image aligncenter is-resized\"><a href=\"https:\/\/institutjoanbrudieu.cat\/public\/web_centre\/html\/img\/26_Calendari_Preinscripcio_Matricula_WEB_FP_01.jpg\" target=\"_blank\" rel=\"noopener noreferrer\"><img decoding=\"async\" src=\"https:\/\/institutjoanbrudieu.cat\/public\/web_centre\/html\/img\/26_Calendari_Preinscripcio_Matricula_WEB_FP_01.jpg\" alt=\"Calendari Preinscripcio i Matricula CFM-CFS: en construcci\u00f3\" style=\"width:820px\"\/><\/a><\/figure>\n\n\n\n<p><\/p>\n\n\n\n<figure class=\"wp-block-image aligncenter is-resized\"><a href=\"https:\/\/institutjoanbrudieu.cat\/public\/web_centre\/html\/img\/26_Calendari_Preinscripcio_Matricula_WEB_FP_02.jpg\" target=\"_blank\" rel=\"noopener noreferrer\"><img decoding=\"async\" src=\"https:\/\/institutjoanbrudieu.cat\/public\/web_centre\/html\/img\/26_Calendari_Preinscripcio_Matricula_WEB_FP_02.jpg\" alt=\"Calendari Preinscripcio i Matricula CFM-CFS (interna): en construcci\u00f3\" style=\"width:820px\"\/><\/a><\/figure>\n\n\n\n<p><\/p>\n\n\n\n<figure class=\"wp-block-image aligncenter is-resized\"><a href=\"https:\/\/institutjoanbrudieu.cat\/public\/web_centre\/html\/img\/26_Calendari_Preinscripcio_Matricula_WEB_FP_03.jpg\" target=\"_blank\" rel=\"noopener noreferrer\"><img decoding=\"async\" src=\"https:\/\/institutjoanbrudieu.cat\/public\/web_centre\/html\/img\/26_Calendari_Preinscripcio_Matricula_WEB_FP_03.jpg\" alt=\"Calendari Preinscripcio i Matricula CFM-CFS (interna): en construcci\u00f3\" style=\"width:820px\"\/><\/a><\/figure>\n\n\n\n<p><\/p>\n\n\n\n<div class=\"wp-block-getwid-tabs\" data-active-tab=\"0\"><ul class=\"wp-block-getwid-tabs__nav-links\"><\/ul>\n<div class=\"wp-block-getwid-tabs__nav-link\"><span class=\"wp-block-getwid-tabs__title-wrapper\"><a href=\"#\"><span class=\"wp-block-getwid-tabs__title\">PREINS: Informaci\u00f3<\/span><\/a><\/span><\/div><div class=\"wp-block-getwid-tabs__tab-content-wrapper\"><div class=\"wp-block-getwid-tabs__tab-content\">\n<h2 class=\"wp-block-heading\"><span style=\"color: #3366ff;\"><strong>CFM (Grau Mitj\u00e0)<\/strong> &#8211; <strong>CFS (Grau Superior)<\/strong><\/span><span style=\"color: #3366ff;\"><strong>&nbsp;[Preinscripci\u00f3 2026-2027]<\/strong><\/span><\/h2>\n\n\n\n<h3 class=\"wp-block-heading\"><span style=\"color: #ff0000;\"><strong>Proc\u00e9s de preinscripci\u00f3<\/strong><\/span><\/h3>\n\n\n\n<ul class=\"wp-block-list\">\n<li>Tota la informaci\u00f3 del proc\u00e9s de preinscripci\u00f3 al web de Preinscripci\u00f3 del Departament d&#8217;Educaci\u00f3 i Formaci\u00f3 Professional:\n<ul class=\"wp-block-list\">\n<li><a href=\"https:\/\/preinscripcio.gencat.cat\/ca\/estudis\/fp-grau-mitja\/inici\/\" target=\"_blank\" rel=\"noopener noreferrer\">Cicles de <strong>grau mitj\u00e0 (CFM)<\/strong><\/a>.<\/li>\n\n\n\n<li><a href=\"https:\/\/preinscripcio.gencat.cat\/ca\/estudis\/fp-grau-superior\/inici\/\" target=\"_blank\" rel=\"noopener noreferrer\">Cicles de <strong>grau superior (CFS)<\/strong><\/a>.<\/li>\n<\/ul>\n<\/li>\n\n\n\n<li><a href=\"https:\/\/institutjoanbrudieu.cat\/public\/web_centre\/html\/documents\/secretaria\/preins\/26_Calendari_Instruccions_Preinscripcio_Matricula_CFM_CFS.pdf\" target=\"_blank\" rel=\"noopener noreferrer\">Full informatiu<\/a> de la preinscripci\u00f3 a Cicles de <strong>grau mitj\u00e0 (CFM)<\/strong> i Cicles de <strong>grau superior (CFS)<\/strong> (Institut Joan Brudieu).<\/li>\n<\/ul>\n\n\n\n<p class=\"has-text-align-center\"><object style=\"width: 800px; height: 600px;\" data=\"https:\/\/institutjoanbrudieu.cat\/public\/web_centre\/html\/documents\/secretaria\/preins\/26_Calendari_Instruccions_Preinscripcio_Matricula_CFM_CFS.pdf\" width=\"300\" height=\"150\"><\/object><\/p>\n\n\n\n<div class=\"wp-block-getwid-button-group\"><div class=\"wp-block-getwid-button-group__wrapper has-alignment-center\">\n<div class=\"wp-block-button has-custom-width wp-block-button__width-75\"><a class=\"wp-block-button__link wp-element-button\" href=\"https:\/\/educacio.gencat.cat\/ca\/tramits\/tramits-temes\/preinscripcio-fp-gm\" target=\"_blank\" rel=\"noreferrer noopener\"><strong>Cicles de grau mitj\u00e0 (CFM)<\/strong>: Acc\u00e9s a la sol\u00b7licitud de preinscripci\u00f3 telem\u00e0tica<\/a><\/div>\n\n\n\n<div class=\"wp-block-button has-custom-width wp-block-button__width-75\"><a class=\"wp-block-button__link wp-element-button\" href=\"https:\/\/educacio.gencat.cat\/ca\/tramits\/tramits-temes\/preinscripcio-fp-gs\" target=\"_blank\" rel=\"noreferrer noopener\"><strong>Cicles de grau superior (CFS)<\/strong>: Acc\u00e9s a la sol\u00b7licitud de preinscripci\u00f3 telem\u00e0tica<\/a><\/div>\n<\/div><\/div>\n\n\n\n<p><\/p>\n\n\n\n<ul class=\"wp-block-list\">\n<li><span style=\"color: #ff0000;\"><strong>Preinscripci\u00f3 telem\u00e0tica<\/strong><\/span>: Opci\u00f3 disponible quan comenci el termini.\n<ul class=\"wp-block-list\">\n<li>Hi ha dues opcions:\n<ul class=\"wp-block-list\">\n<li><strong>Sol\u00b7licitud electr\u00f2nica [SE]<\/strong> (cal identificaci\u00f3 digital, com el DNI electr\u00f2nic o l&#8217;<strong>idCat M\u00f2bil<\/strong>).\n<ul class=\"wp-block-list\">\n<li>Si no es disposa de cap certificat digital, us en podeu generar un de forma f\u00e0cil a l&#8217;<a href=\"https:\/\/idcatmobil.seu.cat\/\" target=\"_blank\" rel=\"noopener noreferrer\"><strong>idCat M\u00f2bil<\/strong><\/a>.<\/li>\n<\/ul>\n<\/li>\n\n\n\n<li><strong>Sol\u00b7licitud en suport inform\u00e0tic [SI]<\/strong> (sense identificaci\u00f3 digital), en qu\u00e8 caldr\u00e0 adjuntar la documentaci\u00f3 identificativa de la persona sol\u00b7licitant per motius de seguretat de seguretat.<\/li>\n<\/ul>\n<\/li>\n\n\n\n<li>Cal disposar de:\n<ul class=\"wp-block-list\">\n<li><strong>N\u00famero identificador de l\u2019alumn<\/strong><strong>e<\/strong>. Aquesta dada es correspon al n\u00famero de registre de l\u2019alumne (IDALU), que es pot <strong><a title=\"Ves al web\" href=\"https:\/\/educacio.gencat.cat\/ca\/tramits\/tramits-temes\/identificador-alumne\" target=\"_blank\" rel=\"noopener noreferrer\">consultar en l\u00ednia al web del Departament<\/a><\/strong>.<\/li>\n\n\n\n<li>El codi oficial de l\u2019Institut Joan Brudieu \u00e9s <strong>25004188<\/strong>.<\/li>\n\n\n\n<li>Una adre\u00e7a electr\u00f2nica per rebre el codi de la sol\u00b7licitud de preinscripci\u00f3.<\/li>\n<\/ul>\n<\/li>\n\n\n\n<li>L&#8217;institut prestar\u00e0 atenci\u00f3 personalitzada, mitjans inform\u00e0tics i assessorament a les persones que tinguin dificultats per a la realitzaci\u00f3 de les gestions de forma telem\u00e0tica.<\/li>\n<\/ul>\n<\/li>\n\n\n\n<li><strong><span style=\"color: #ff0000;\">Documentaci\u00f3 identificativa que cal adjuntar a la sol\u00b7licitud (dins el termini establert)<\/span>:<\/strong>\n<ul class=\"wp-block-list\">\n<li><strong>Alumnat que MAI ha estat escolaritzat a Catalunya, cal adjuntar-hi: <\/strong>\n<ul class=\"wp-block-list\">\n<li>DNI o NIE o Tarja de resid\u00e8ncia o Passaport o document d\u2019identitat del pa\u00eds d\u2019origen si es tracta d\u2019estrangers comunitaris, de l\u2019alumne i, si \u00e9s menor d\u2019edat i no fa els anys durant l\u2019any de la presentaci\u00f3 de la sol\u00b7licitud, del pare, mare o tutor\/ra.<\/li>\n\n\n\n<li><strong>Certificat electr\u00f2nic de la inscripci\u00f3 del naixement <\/strong>o el <strong>Llibre de fam\u00edlia <\/strong>o altres documents relatius a la filiaci\u00f3 (en cas de ser menor d\u2019edat). Si est\u00e0 en situaci\u00f3 d\u2019acolliment, la resoluci\u00f3 d\u2019acolliment del Departament de Benestar Social i Fam\u00edlia.<\/li>\n<\/ul>\n<\/li>\n\n\n\n<li><strong>Alumnat ja escolaritzat a Catalunya:<\/strong>\n<ul class=\"wp-block-list\">\n<li>Si s\u2019utilitza la <strong>sol\u00b7licitud electr\u00f2nica [SE]<\/strong>:\n<ul class=\"wp-block-list\">\n<li>Cal especificar-hi el n\u00famero d\u2019identificaci\u00f3 de l\u2019alumne IDALU (si ha estat escolaritzat a Catalunya des del 2015-16). [<a href=\"https:\/\/educacio.gencat.cat\/ca\/tramits\/tramits-temes\/identificador-alumne\">Consulta IDALU<\/a>].<\/li>\n\n\n\n<li>No cal aportar cap document identificatiu perqu\u00e8 les dades ja consten al Registre.<\/li>\n<\/ul>\n<\/li>\n\n\n\n<li>Si s\u2019utilitza la <strong>sol\u00b7licitud en suport inform\u00e0tic [SI] <\/strong>(sense identificaci\u00f3 electr\u00f2nica), cal adjuntar-hi:\n<ul class=\"wp-block-list\">\n<li>DNI o NIE o Tarja de resid\u00e8ncia o Passaport o document d\u2019identitat del pa\u00eds d\u2019origen si es tracta d\u2019estrangers comunitaris, de l\u2019alumne i, si \u00e9s menor d\u2019edat i no fa els anys durant l\u2019any de la presentaci\u00f3 de la sol\u00b7licitud, del pare, mare o tutor\/ra.<\/li>\n\n\n\n<li><strong>Certificat electr\u00f2nic de la inscripci\u00f3 del naixement <\/strong>o el <strong>Llibre de fam\u00edlia <\/strong>o altres documents relatius a la filiaci\u00f3 (en cas de ser menor d\u2019edat). Si est\u00e0 en situaci\u00f3 d\u2019acolliment, la resoluci\u00f3 d\u2019acolliment del Departament de Benestar Social i Fam\u00edlia.<\/li>\n<\/ul>\n<\/li>\n<\/ul>\n<\/li>\n\n\n\n<li><strong>Informacions i\/o recomanacions<\/strong>:\n<ul class=\"wp-block-list\">\n<li>Tenir fotografiada o escanejada la documentaci\u00f3 en el mateix dispositiu des d&#8217;on es fa la sol\u00b7licitud.<\/li>\n\n\n\n<li>Cenyiu-vos al calendari establert, lliurar la sol\u00b7licitud o la documentaci\u00f3 fora de termini us fa perdre tots els drets d&#8217;adscripci\u00f3 amb el risc que aix\u00f2 comporta de quedar-se sense pla\u00e7a al centre.<\/li>\n<\/ul>\n<\/li>\n<\/ul>\n<\/li>\n\n\n\n<li><span style=\"color: #ff0000;\"><strong>Documentaci\u00f3 de criteris<\/strong><\/span>\n<ul class=\"wp-block-list\">\n<li>La documentaci\u00f3 acreditativa dels criteris de prioritat generals i complementaris, que es detalla a continuaci\u00f3, s\u2019ha d\u2019adjuntar amb la sol\u00b7licitud de preinscripci\u00f3 dins el per\u00edode establert si la consulta autom\u00e0tica de dades no obt\u00e9 resultats i, per tant, no ha pogut quedar validada.<\/li>\n<\/ul>\n<\/li>\n<\/ul>\n\n\n\n<div class=\"wp-block-getwid-tabs\" data-active-tab=\"0\"><ul class=\"wp-block-getwid-tabs__nav-links\"><\/ul>\n<div class=\"wp-block-getwid-tabs__nav-link\"><span class=\"wp-block-getwid-tabs__title-wrapper\"><a href=\"#\"><span class=\"wp-block-getwid-tabs__title\">CFM: Criteris<\/span><\/a><\/span><\/div><div class=\"wp-block-getwid-tabs__tab-content-wrapper\"><div class=\"wp-block-getwid-tabs__tab-content\">\n<h3 class=\"wp-block-heading\"><span style=\"color: #ff0000;\"><strong>Cicles Grau Mitj\u00e0 (CFM)<\/strong><\/span><\/h3>\n\n\n\n<p><a href=\"https:\/\/preinscripcio.gencat.cat\/ca\/estudis\/fp-grau-mitja\/informat\/criteris-assignacio\/\" target=\"_blank\" rel=\"noopener noreferrer\">Criteris d&#8217;assignaci\u00f3 de pla\u00e7a<\/a> i <a href=\"https:\/\/preinscripcio.gencat.cat\/ca\/estudis\/fp-grau-mitja\/informat\/prepara-documentacio\/\" target=\"_blank\" rel=\"noopener noreferrer\">Documentaci\u00f3 acreditativa<\/a> (web Departament d&#8217;Educaci\u00f3 i Formaci\u00f3 Professional).<\/p>\n\n\n\n<h4 class=\"wp-block-heading has-text-align-center\"><span style=\"color: #ff0000;\"><strong>Criteris espec\u00edfics de prioritat<\/strong><\/span><\/h4>\n\n\n\n<figure class=\"wp-block-image aligncenter\"><a href=\"https:\/\/institutjoanbrudieu.cat\/public\/web_centre\/html\/img\/PREINS_Criteris_prioritaris_CFM_01.jpg\" target=\"_blank\" rel=\"noopener noreferrer\"><img decoding=\"async\" src=\"https:\/\/institutjoanbrudieu.cat\/public\/web_centre\/html\/img\/PREINS_Criteris_prioritaris_CFM_01.jpg\" alt=\"PREINS_Criteris_prioritaris_CFM_01: en construcci\u00f3\"\/><\/a><\/figure>\n\n\n\n<figure class=\"wp-block-image aligncenter is-resized\"><a href=\"https:\/\/institutjoanbrudieu.cat\/public\/web_centre\/html\/img\/PREINS_Criteris_prioritaris_CFM_02.jpg\" target=\"_blank\" rel=\"noopener noreferrer\"><img decoding=\"async\" src=\"https:\/\/institutjoanbrudieu.cat\/public\/web_centre\/html\/img\/PREINS_Criteris_prioritaris_CFM_02.jpg\" alt=\"PREINS_Criteris_prioritaris_CFM_02: en construcci\u00f3\" style=\"width:818px;height:auto\"\/><\/a><\/figure>\n\n\n\n<p><\/p>\n\n\n\n<h4 class=\"wp-block-heading has-text-align-center\"><span style=\"color: #ff0000;\"><strong>Assignaci\u00f3: vies d&#8217;acc\u00e9s<\/strong><\/span><\/h4>\n\n\n\n<figure class=\"wp-block-image aligncenter is-resized\"><a href=\"https:\/\/institutjoanbrudieu.cat\/public\/web_centre\/html\/img\/PREINS_Vies_acces_CFM_01.jpg\" target=\"_blank\" rel=\"noopener noreferrer\"><img decoding=\"async\" src=\"https:\/\/institutjoanbrudieu.cat\/public\/web_centre\/html\/img\/PREINS_Vies_acces_CFM_01.jpg\" alt=\"PREINS_Vies_acc\u00e9s_CFM_01: en construcci\u00f3\" style=\"width:814px;height:auto\"\/><\/a><\/figure>\n\n\n\n<figure class=\"wp-block-image aligncenter\"><a href=\"https:\/\/institutjoanbrudieu.cat\/public\/web_centre\/html\/img\/PREINS_Vies_acces_CFM_02.jpg\" target=\"_blank\" rel=\"noopener noreferrer\"><img decoding=\"async\" src=\"https:\/\/institutjoanbrudieu.cat\/public\/web_centre\/html\/img\/PREINS_Vies_acces_CFM_02.jpg\" alt=\"PREINS_Vies_acc\u00e9s_CFM_02: en construcci\u00f3\"\/><\/a><\/figure>\n\n\n\n<p><\/p>\n\n\n\n<figure class=\"wp-block-image aligncenter\"><a href=\"https:\/\/institutjoanbrudieu.cat\/public\/web_centre\/html\/img\/PREINS_Vies_acces_CFM_03.jpg\" target=\"_blank\" rel=\"noopener noreferrer\"><img decoding=\"async\" src=\"https:\/\/institutjoanbrudieu.cat\/public\/web_centre\/html\/img\/PREINS_Vies_acces_CFM_03.jpg\" alt=\"PREINS_Vies_acc\u00e9s_CFM_03: en construcci\u00f3\"\/><\/a><\/figure>\n\n\n\n<p><\/p>\n\n\n\n<p><\/p>\n<\/div><\/div>\n\n\n\n<div class=\"wp-block-getwid-tabs__nav-link\"><span class=\"wp-block-getwid-tabs__title-wrapper\"><a href=\"#\"><span class=\"wp-block-getwid-tabs__title\">CFS: Criteris<\/span><\/a><\/span><\/div><div class=\"wp-block-getwid-tabs__tab-content-wrapper\"><div class=\"wp-block-getwid-tabs__tab-content\">\n<h3 class=\"wp-block-heading\"><span style=\"color: #ff0000;\"><strong>Cicles Grau Superior (CFS)<\/strong><\/span><\/h3>\n\n\n\n<p><a href=\"https:\/\/preinscripcio.gencat.cat\/ca\/estudis\/fp-grau-superior\/informat\/criteris-assignacio\/\" target=\"_blank\" rel=\"noopener noreferrer\">Criteris d&#8217;assignaci\u00f3 de pla\u00e7a<\/a> i <a href=\"https:\/\/preinscripcio.gencat.cat\/ca\/estudis\/fp-grau-superior\/informat\/prepara-documentacio\/\" target=\"_blank\" rel=\"noopener noreferrer\">Documentaci\u00f3 acreditativa<\/a> (web Departament d&#8217;Educaci\u00f3 i Formaci\u00f3 Professional).<\/p>\n\n\n\n<h4 class=\"wp-block-heading has-text-align-center\"><span style=\"color: #ff0000;\"><strong>Criteris espec\u00edfics de prioritat<\/strong><\/span><\/h4>\n\n\n\n<figure class=\"wp-block-image aligncenter is-resized\"><a href=\"https:\/\/institutjoanbrudieu.cat\/public\/web_centre\/html\/img\/PREINS_Criteris_prioritaris_CFS_01.jpg\" target=\"_blank\" rel=\"noopener noreferrer\"><img decoding=\"async\" src=\"https:\/\/institutjoanbrudieu.cat\/public\/web_centre\/html\/img\/PREINS_Criteris_prioritaris_CFS_01.jpg\" alt=\"PREINS_Criteris_prioritaris_CFS_01: en construcci\u00f3\" style=\"width:832px;height:auto\"\/><\/a><\/figure>\n\n\n\n<figure class=\"wp-block-image aligncenter is-resized\"><a href=\"https:\/\/institutjoanbrudieu.cat\/public\/web_centre\/html\/img\/PREINS_Criteris_prioritaris_CFS_02.jpg\" target=\"_blank\" rel=\"noopener noreferrer\"><img decoding=\"async\" src=\"https:\/\/institutjoanbrudieu.cat\/public\/web_centre\/html\/img\/PREINS_Criteris_prioritaris_CFS_02.jpg\" alt=\"PREINS_Criteris_prioritaris_CFS_02: en construcci\u00f3\" style=\"width:836px;height:auto\"\/><\/a><\/figure>\n\n\n\n<p><\/p>\n\n\n\n<h4 class=\"wp-block-heading has-text-align-center\"><span style=\"color: #ff0000;\"><strong>Assignaci\u00f3: vies d&#8217;acc\u00e9s<\/strong><\/span><\/h4>\n\n\n\n<figure class=\"wp-block-image aligncenter\"><a href=\"https:\/\/institutjoanbrudieu.cat\/public\/web_centre\/html\/img\/PREINS_Vies_acces_CFS_01.jpg\" target=\"_blank\" rel=\"noopener noreferrer\"><img decoding=\"async\" src=\"https:\/\/institutjoanbrudieu.cat\/public\/web_centre\/html\/img\/PREINS_Vies_acces_CFS_01.jpg\" alt=\"PREINS_Vies_acc\u00e9s_CFS_01: en construcci\u00f3\"\/><\/a><\/figure>\n\n\n\n<figure class=\"wp-block-image aligncenter\"><a href=\"https:\/\/institutjoanbrudieu.cat\/public\/web_centre\/html\/img\/PREINS_Vies_acces_CFS_02.jpg\" target=\"_blank\" rel=\"noopener noreferrer\"><img decoding=\"async\" src=\"https:\/\/institutjoanbrudieu.cat\/public\/web_centre\/html\/img\/PREINS_Vies_acces_CFS_02.jpg\" alt=\"PREINS_Vies_acc\u00e9s_CFS_02: en construcci\u00f3\"\/><\/a><\/figure>\n\n\n\n<p><\/p>\n\n\n\n<figure class=\"wp-block-image aligncenter\"><a href=\"https:\/\/institutjoanbrudieu.cat\/public\/web_centre\/html\/img\/PREINS_Vies_acces_CFS_03.jpg\" target=\"_blank\" rel=\"noopener noreferrer\"><img decoding=\"async\" src=\"https:\/\/institutjoanbrudieu.cat\/public\/web_centre\/html\/img\/PREINS_Vies_acces_CFS_03.jpg\" alt=\"PREINS_Vies_acc\u00e9s_CFS_03: en construcci\u00f3\"\/><\/a><\/figure>\n\n\n\n<p><\/p>\n\n\n\n<figure class=\"wp-block-image aligncenter is-resized\"><a href=\"https:\/\/institutjoanbrudieu.cat\/public\/web_centre\/html\/img\/PREINS_Vies_acces_CFS_04.jpg\" target=\"_blank\" rel=\"noopener noreferrer\"><img decoding=\"async\" src=\"https:\/\/institutjoanbrudieu.cat\/public\/web_centre\/html\/img\/PREINS_Vies_acces_CFS_04.jpg\" alt=\"PREINS_Vies_acc\u00e9s_CFS_04: en construcci\u00f3\" style=\"width:704px;height:auto\"\/><\/a><\/figure>\n\n\n\n<p><\/p>\n\n\n\n<p><\/p>\n<\/div><\/div>\n<\/div>\n\n\n\n<p><\/p>\n<\/div><\/div>\n\n\n\n<div class=\"wp-block-getwid-tabs__nav-link\"><span class=\"wp-block-getwid-tabs__title-wrapper\"><a href=\"#\"><span class=\"wp-block-getwid-tabs__title\">PREINS: Oferta i llistats<\/span><\/a><\/span><\/div><div class=\"wp-block-getwid-tabs__tab-content-wrapper\"><div class=\"wp-block-getwid-tabs__tab-content\">\n<h2 class=\"wp-block-heading\"><span style=\"color: #3366ff;\"><strong>CFM (Grau Mitj\u00e0)<\/strong> &#8211; <strong>CFS (Grau Superior)<\/strong><\/span><span style=\"color: #3366ff;\"><strong>&nbsp;[Preinscripci\u00f3 2026-2027]<\/strong><\/span><\/h2>\n\n\n\n<h3 class=\"wp-block-heading\"><span style=\"color: #ff0000;\"><strong>Oferta i publicaci\u00f3 de llistes<\/strong><\/span><\/h3>\n\n\n\n<div class=\"wp-block-getwid-tabs\" data-active-tab=\"0\"><ul class=\"wp-block-getwid-tabs__nav-links\"><\/ul>\n<div class=\"wp-block-getwid-tabs__nav-link\"><span class=\"wp-block-getwid-tabs__title-wrapper\"><a href=\"#\"><span class=\"wp-block-getwid-tabs__title\">CFM: Oferta i llistats<\/span><\/a><\/span><\/div><div class=\"wp-block-getwid-tabs__tab-content-wrapper\"><div class=\"wp-block-getwid-tabs__tab-content\">\n<h4 class=\"wp-block-heading\"><span style=\"color: #ff0000;\"><strong><span style=\"color: #ff0000;\"><strong>Oferta inicial Cicles de Grau Mitj\u00e0 (CFM)<\/strong><\/span><\/strong><\/span><\/h4>\n\n\n\n<p>Per consultar l\u2019<strong>oferta inicial de places de CFM<\/strong> de l&#8217;Institut Joan Brudieu, codi oficial 25004188, heu d&#8217;anar al Mapa escolar de la preinscripci\u00f3 vigent:\u200b <a href=\"http:\/\/mapaescolar.gencat.cat\/\" target=\"_blank\" rel=\"noopener noreferrer\">http:\/\/mapaescolar.gencat.cat\/<\/a>.<\/p>\n\n\n\n<figure class=\"wp-block-image\"><a href=\"https:\/\/institutjoanbrudieu.cat\/public\/web_centre\/html\/img\/26_PREINS_CFM_Oferta_inicial_places.jpg\" target=\"_blank\" rel=\"noopener noreferrer\"><img decoding=\"async\" src=\"https:\/\/institutjoanbrudieu.cat\/public\/web_centre\/html\/img\/26_PREINS_CFM_Oferta_inicial_places.jpg\" alt=\"26_PREINS_CFM_Oferta_inicial_places: en construcci\u00f3\"\/><\/a><\/figure>\n\n\n\n<p><\/p>\n\n\n\n<div class=\"wp-block-getwid-button-group\"><div class=\"wp-block-getwid-button-group__wrapper has-alignment-center\">\n<div class=\"wp-block-button has-custom-width wp-block-button__width-75\"><a class=\"wp-block-button__link wp-element-button\" href=\"https:\/\/institutjoanbrudieu.cat\/public\/web_centre\/html\/documents\/secretaria\/preins\/26_PREINS_CFM_Llista_sollicituds_puntuacio_provisional.pdf\" target=\"_blank\" rel=\"noreferrer noopener\">CFM: Llistat de sol\u00b7licituds amb la puntuaci\u00f3 provisional &#8211; (29 de juny de 2026)<\/a><\/div>\n\n\n\n<div class=\"wp-block-button has-custom-width wp-block-button__width-75\"><a class=\"wp-block-button__link wp-element-button\" href=\"https:\/\/institutjoanbrudieu.cat\/public\/web_centre\/html\/documents\/secretaria\/preins\/26_PREINS_CFM_Llista_sollicituds_puntuacio_definitiva.pdf\" target=\"_blank\" rel=\"noreferrer noopener\">CFM: Llistat de sol\u00b7licituds amb la puntuaci\u00f3 definitiva, resoltes les reclamacions &#8211; (7 de juliol de 2026)<\/a><\/div>\n<\/div><\/div>\n\n\n\n<p><\/p>\n\n\n\n<h4 class=\"wp-block-heading\"><span style=\"color: #ff0000;\"><strong><span style=\"color: #ff0000;\"><strong>Oferta definitiva Cicles de Grau Mitj\u00e0 (CFM)<\/strong><\/span><\/strong><\/span><\/h4>\n\n\n\n<p>Per consultar l\u2019<strong>oferta definitiva de places de CFM<\/strong> de l&#8217;Institut Joan Brudieu, codi oficial 25004188, heu d&#8217;anar al Mapa escolar de la preinscripci\u00f3 vigent:\u200b <a href=\"https:\/\/mapaescolar.gencat.cat\/\" target=\"_blank\" rel=\"noopener noreferrer\">https:\/\/mapaescolar.gencat.cat\/<\/a><\/p>\n\n\n\n<figure class=\"wp-block-image\"><a href=\"https:\/\/institutjoanbrudieu.cat\/public\/web_centre\/html\/img\/26_PREINS_CFM_Oferta_final_places.jpg\" target=\"_blank\" rel=\"noopener noreferrer\"><img decoding=\"async\" src=\"https:\/\/institutjoanbrudieu.cat\/public\/web_centre\/html\/img\/26_PREINS_CFM_Oferta_final_places.jpg\" alt=\"26_PREINS_CFM_Oferta_final_places: en construcci\u00f3\"\/><\/a><\/figure>\n\n\n\n<p><\/p>\n\n\n\n<p>Has de tenir en compte que si no fas la confirmaci\u00f3 de matr\u00edcula en l\u00ednia i no completes la matr\u00edcula adre\u00e7ant-te al centre educatiu, perdr\u00e0s la pla\u00e7a assignada i quedar\u00e0s excl\u00f2s\/osa del proc\u00e9s.<\/p>\n\n\n\n<div class=\"wp-block-getwid-button-group\"><div class=\"wp-block-getwid-button-group__wrapper has-alignment-center\">\n<div class=\"wp-block-button has-custom-width wp-block-button__width-75\"><a class=\"wp-block-button__link wp-element-button\" href=\"https:\/\/institutjoanbrudieu.cat\/public\/web_centre\/html\/documents\/secretaria\/preins\/26_PREINS_CFM_Alumnat_assignat_primera_tanda.pdf\" target=\"_blank\" rel=\"noreferrer noopener\">CFM: Llistat d&#8217;alumnat assignat al centre en PRIMERA ASSIGNACI\u00d3 &#8211; (10 de juliol de 2026)<\/a><\/div>\n\n\n\n<div class=\"wp-block-button has-custom-width wp-block-button__width-75\"><a class=\"wp-block-button__link wp-element-button\" href=\"https:\/\/institutjoanbrudieu.cat\/public\/web_centre\/html\/documents\/secretaria\/preins\/26_PREINS_CFM_Alumnat_preinscrit_primera_tanda.pdf\" target=\"_blank\" rel=\"noreferrer noopener\">CFM: Llistat d&#8217;alumnat preinscrit al centre amb indicaci\u00f3 de l&#8217;assignaci\u00f3 i l&#8217;ordre de petici\u00f3 de la PRIMERA ASSIGNACI\u00d3 &#8211; (24 de juliol de 2026)<\/a><\/div>\n<\/div><\/div>\n\n\n\n<p><\/p>\n\n\n\n<figure class=\"wp-block-image aligncenter\"><a href=\"https:\/\/institutjoanbrudieu.cat\/public\/web_centre\/html\/img\/PREINS_Matricula_CF_01.jpg\" target=\"_blank\" rel=\"noopener noreferrer\"><img decoding=\"async\" src=\"https:\/\/institutjoanbrudieu.cat\/public\/web_centre\/html\/img\/PREINS_Matricula_CF_01.jpg\" alt=\"PREINS_Matricula_CF_01: en construcci\u00f3\"\/><\/a><\/figure>\n\n\n\n<p><\/p>\n\n\n\n<div class=\"wp-block-getwid-button-group\"><div class=\"wp-block-getwid-button-group__wrapper has-alignment-center\">\n<div class=\"wp-block-button has-custom-width wp-block-button__width-75\"><a class=\"wp-block-button__link wp-element-button\" href=\"https:\/\/institutjoanbrudieu.cat\/public\/web_centre\/html\/documents\/secretaria\/preins\/26_PREINS_CFM_Alumnat_assignat_segona_tanda.pdf\" target=\"_blank\" rel=\"noreferrer noopener\">CFM: Llistat d&#8217;alumnat assignat al centre en SEGONA ASSIGNACI\u00d3 &#8211; (24 de juliol de 2026)<\/a><\/div>\n\n\n\n<div class=\"wp-block-button has-custom-width wp-block-button__width-75\"><a class=\"wp-block-button__link wp-element-button\" href=\"https:\/\/institutjoanbrudieu.cat\/public\/web_centre\/html\/documents\/secretaria\/preins\/26_PREINS_CFM_Alumnat_preinscrit_segona_tanda.pdf\" target=\"_blank\" rel=\"noreferrer noopener\">CFM: Llistat d&#8217;alumnat preinscrit al centre amb indicaci\u00f3 de l&#8217;assignaci\u00f3 i l&#8217;ordre de petici\u00f3 de la SEGONA ASSIGNACI\u00d3 &#8211; (30 de juliol de 206)<\/a><\/div>\n<\/div><\/div>\n\n\n\n<p><\/p>\n\n\n\n<figure class=\"wp-block-image aligncenter\"><a href=\"https:\/\/institutjoanbrudieu.cat\/public\/web_centre\/html\/img\/PREINS_Matricula_CF_02.jpg\" target=\"_blank\" rel=\"noopener noreferrer\"><img decoding=\"async\" src=\"https:\/\/institutjoanbrudieu.cat\/public\/web_centre\/html\/img\/PREINS_Matricula_CF_02.jpg\" alt=\"PREINS_Matricula_CF_02: en construcci\u00f3\"\/><\/a><\/figure>\n\n\n\n<p><\/p>\n\n\n\n<p><\/p>\n<\/div><\/div>\n\n\n\n<div class=\"wp-block-getwid-tabs__nav-link\"><span class=\"wp-block-getwid-tabs__title-wrapper\"><a href=\"#\"><span class=\"wp-block-getwid-tabs__title\">CFS: Oferta i llistats<\/span><\/a><\/span><\/div><div class=\"wp-block-getwid-tabs__tab-content-wrapper\"><div class=\"wp-block-getwid-tabs__tab-content\">\n<h4 class=\"wp-block-heading\"><span style=\"color: #ff0000;\"><strong><span style=\"color: #ff0000;\"><strong>Oferta inicial Cicles de Grau Superior (CFS)<\/strong><\/span><\/strong><\/span><\/h4>\n\n\n\n<p>Per consultar l\u2019<strong>oferta inicial de places de CFS<\/strong> de l&#8217;Institut Joan Brudieu, codi oficial 25004188, heu d&#8217;anar al Mapa escolar de la preinscripci\u00f3 vigent:\u200b <a href=\"http:\/\/mapaescolar.gencat.cat\/\" target=\"_blank\" rel=\"noopener noreferrer\">http:\/\/mapaescolar.gencat.cat\/<\/a>.<\/p>\n\n\n\n<figure class=\"wp-block-image\"><a href=\"https:\/\/institutjoanbrudieu.cat\/public\/web_centre\/html\/img\/26_PREINS_CFS_Oferta_inicial_places.jpg\" target=\"_blank\" rel=\"noopener noreferrer\"><img decoding=\"async\" src=\"https:\/\/institutjoanbrudieu.cat\/public\/web_centre\/html\/img\/26_PREINS_CFS_Oferta_inicial_places.jpg\" alt=\"26_PREINS_CFS_Oferta_inicial_places: en construcci\u00f3\"\/><\/a><\/figure>\n\n\n\n<p><\/p>\n\n\n\n<div class=\"wp-block-getwid-button-group\"><div class=\"wp-block-getwid-button-group__wrapper has-alignment-center\">\n<div class=\"wp-block-button has-custom-width wp-block-button__width-75\"><a class=\"wp-block-button__link wp-element-button\" href=\"https:\/\/institutjoanbrudieu.cat\/public\/web_centre\/html\/documents\/secretaria\/preins\/26_PREINS_CFS_Llista_sollicituds_puntuacio_provisional.pdf\" target=\"_blank\" rel=\"noreferrer noopener\">CFS: Llistat de sol\u00b7licituds amb la puntuaci\u00f3 provisional &#8211; (29 de juny de 2026)<\/a><\/div>\n\n\n\n<div class=\"wp-block-button has-custom-width wp-block-button__width-75\"><a class=\"wp-block-button__link wp-element-button\" href=\"https:\/\/institutjoanbrudieu.cat\/public\/web_centre\/html\/documents\/secretaria\/preins\/26_PREINS_CFS_Llista_sollicituds_puntuacio_definitiva.pdf\" target=\"_blank\" rel=\"noreferrer noopener\">CFS: Llistat de sol\u00b7licituds amb la puntuaci\u00f3 definitiva, resoltes les reclamacions &#8211; (7 de juliol de 2026)<\/a><\/div>\n<\/div><\/div>\n\n\n\n<p><\/p>\n\n\n\n<h4 class=\"wp-block-heading\"><span style=\"color: #ff0000;\"><strong><span style=\"color: #ff0000;\"><strong>Oferta definitiva Cicles de Grau Superior (CFS)<\/strong><\/span><\/strong><\/span><\/h4>\n\n\n\n<p>Per consultar l\u2019<strong>oferta definitiva de places de CFS<\/strong> de l&#8217;Institut Joan Brudieu, codi oficial 25004188, heu d&#8217;anar al Mapa escolar de la preinscripci\u00f3 vigent:\u200b <a href=\"https:\/\/mapaescolar.gencat.cat\/\" target=\"_blank\" rel=\"noopener noreferrer\">https:\/\/mapaescolar.gencat.cat\/<\/a>.<\/p>\n\n\n\n<figure class=\"wp-block-image\"><a href=\"https:\/\/institutjoanbrudieu.cat\/public\/web_centre\/html\/img\/26_PREINS_CFS_Oferta_final_places.jpg\" target=\"_blank\" rel=\"noopener noreferrer\"><img decoding=\"async\" src=\"https:\/\/institutjoanbrudieu.cat\/public\/web_centre\/html\/img\/26_PREINS_CFS_Oferta_final_places.jpg\" alt=\"26_PREINS_CFS_Oferta_final_places: en construcci\u00f3\"\/><\/a><\/figure>\n\n\n\n<p><\/p>\n\n\n\n<p>Has de tenir en compte que si no fas la confirmaci\u00f3 de matr\u00edcula en l\u00ednia i no completes la matr\u00edcula adre\u00e7ant-te al centre educatiu, perdr\u00e0s la pla\u00e7a assignada i quedar\u00e0s excl\u00f2s\/osa del proc\u00e9s.<\/p>\n\n\n\n<div class=\"wp-block-getwid-button-group\"><div class=\"wp-block-getwid-button-group__wrapper has-alignment-center\">\n<div class=\"wp-block-button has-custom-width wp-block-button__width-75\"><a class=\"wp-block-button__link wp-element-button\" href=\"https:\/\/institutjoanbrudieu.cat\/public\/web_centre\/html\/documents\/secretaria\/preins\/26_PREINS_CFS_Alumnat_assignat_primera_tanda.pdf\" target=\"_blank\" rel=\"noreferrer noopener\">CFS: Llistat d&#8217;alumnat assignat al centre en PRIMERA ASSIGNACI\u00d3 &#8211; (10 de juliol de 2026)<\/a><\/div>\n\n\n\n<div class=\"wp-block-button has-custom-width wp-block-button__width-75\"><a class=\"wp-block-button__link wp-element-button\" href=\"https:\/\/institutjoanbrudieu.cat\/public\/web_centre\/html\/documents\/secretaria\/preins\/26_PREINS_CFS_Alumnat_preinscrit_primera_tanda.pdf\" target=\"_blank\" rel=\"noreferrer noopener\">CFS: Llistat d&#8217;alumnat preinscrit al centre amb indicaci\u00f3 de l&#8217;assignaci\u00f3 i l&#8217;ordre de petici\u00f3 de la PRIMERA ASSIGNACI\u00d3 &#8211; (24 de juliol de 2026)<\/a><\/div>\n<\/div><\/div>\n\n\n\n<p><\/p>\n\n\n\n<figure class=\"wp-block-image aligncenter\"><a href=\"https:\/\/institutjoanbrudieu.cat\/public\/web_centre\/html\/img\/PREINS_Matricula_CF_01.jpg\" target=\"_blank\" rel=\"noopener noreferrer\"><img decoding=\"async\" src=\"https:\/\/institutjoanbrudieu.cat\/public\/web_centre\/html\/img\/PREINS_Matricula_CF_01.jpg\" alt=\"PREINS_Matricula_CF_01: en construcci\u00f3\"\/><\/a><\/figure>\n\n\n\n<p><\/p>\n\n\n\n<div class=\"wp-block-getwid-button-group\"><div class=\"wp-block-getwid-button-group__wrapper has-alignment-center\">\n<div class=\"wp-block-button has-custom-width wp-block-button__width-75\"><a class=\"wp-block-button__link wp-element-button\" href=\"https:\/\/institutjoanbrudieu.cat\/public\/web_centre\/html\/documents\/secretaria\/preins\/26_PREINS_CFS_Alumnat_assignat_segona_tanda.pdf\" target=\"_blank\" rel=\"noreferrer noopener\">CFS: Llistat d&#8217;alumnat assignat al centre en SEGONA ASSIGNACI\u00d3 &#8211; (24 de juliol de 2026)<\/a><\/div>\n\n\n\n<div class=\"wp-block-button has-custom-width wp-block-button__width-75\"><a class=\"wp-block-button__link wp-element-button\" href=\"https:\/\/institutjoanbrudieu.cat\/public\/web_centre\/html\/documents\/secretaria\/preins\/26_PREINS_CFS_Alumnat_preinscrit_segona_tanda.pdf\" target=\"_blank\" rel=\"noreferrer noopener\">CFS: Llistat d&#8217;alumnat preinscrit al centre amb indicaci\u00f3 de l&#8217;assignaci\u00f3 i l&#8217;ordre de petici\u00f3 de la SEGONA ASSIGNACI\u00d3 &#8211; (29 de juliol de 2026)<\/a><\/div>\n<\/div><\/div>\n\n\n\n<p><\/p>\n\n\n\n<figure class=\"wp-block-image aligncenter\"><a href=\"https:\/\/institutjoanbrudieu.cat\/public\/web_centre\/html\/img\/PREINS_Matricula_CF_02.jpg\" target=\"_blank\" rel=\"noopener noreferrer\"><img decoding=\"async\" src=\"https:\/\/institutjoanbrudieu.cat\/public\/web_centre\/html\/img\/PREINS_Matricula_CF_02.jpg\" alt=\"PREINS_Matricula_CF_02: en construcci\u00f3\"\/><\/a><\/figure>\n\n\n\n<p><\/p>\n\n\n\n<p><\/p>\n\n\n\n<p><\/p>\n<\/div><\/div>\n<\/div>\n\n\n\n<p><\/p>\n<\/div><\/div>\n\n\n\n<div class=\"wp-block-getwid-tabs__nav-link\"><span class=\"wp-block-getwid-tabs__title-wrapper\"><a href=\"#\"><span class=\"wp-block-getwid-tabs__title\">Matr\u00edcula Alumnat NOU<\/span><\/a><\/span><\/div><div class=\"wp-block-getwid-tabs__tab-content-wrapper\"><div class=\"wp-block-getwid-tabs__tab-content\">\n<h2 class=\"wp-block-heading\"><span style=\"color: #3366ff;\"><strong>CFM (Grau Mitj\u00e0)<\/strong> &#8211; <strong>CFS (Grau Superior)<\/strong><\/span><span style=\"color: #3366ff;\"><strong>&nbsp;[Matr\u00edcula 2026-2027]<\/strong><\/span><\/h2>\n\n\n\n<h3 class=\"wp-block-heading\"><span style=\"color: #ff0000;\"><strong>ALUMNAT NOU ALS ESTUDIS DE CFM &#8211; CFS<\/strong>:<\/span><\/h3>\n\n\n\n<ul class=\"wp-block-list\">\n<li>Cartes que informen de les condicions i les dates per a les <span style=\"color: #ff0000;\"><strong>matr\u00edcules<\/strong><\/span> dels <strong>estudis postobligatoris [CFM &#8211; CFS]<\/strong> (curs <strong>2026-2027<\/strong>) <strong><span style=\"color: #ff0000;\">[JULIOL]<\/span><\/strong>\n<ul class=\"wp-block-list\">\n<li>Per a <a href=\"https:\/\/institutjoanbrudieu.cat\/public\/web_centre\/html\/documents\/secretaria\/preins\/26_Matricula_CFM_nous.pdf\" target=\"_blank\" rel=\"noopener noreferrer\"><strong>CFM (Grau Mitj\u00e0<\/strong>)<\/a> : Alumnat nou a l&#8217;estudi i\/o a l&#8217;Institut, ja sigui per a 1r o per a 2n de CFM<\/li>\n\n\n\n<li>Per a <a href=\"https:\/\/institutjoanbrudieu.cat\/public\/web_centre\/html\/documents\/secretaria\/preins\/26_Matricula_CFS_nous.pdf\" target=\"_blank\" rel=\"noopener noreferrer\"><strong>CFS<\/strong><strong> (Grau Superior)<\/strong><\/a> : Alumnat nou a l&#8217;estudi i\/o a l&#8217;Institut, ja sigui per a 1r o per a 2n de CFS<\/li>\n<\/ul>\n<\/li>\n\n\n\n<li><span style=\"color: #ff0000;\"><strong>Documentaci\u00f3 general<\/strong><\/span>\n<ul class=\"wp-block-list\">\n<li><a href=\"https:\/\/institutjoanbrudieu.cat\/public\/web_centre\/html\/documents\/secretaria\/fulls\/INS_Llibre_de_documents_per_a_matricula_BTX_FP_IFE.pdf\" target=\"_blank\" rel=\"noopener\"><strong>Llibre de documents per a la matr\u00edcula de BTX &#8211; FP &#8211; IFE<\/strong><\/a>. Cal emplenar i signar les <strong>autoritzacions<\/strong> que us proposem, inserides en forma d\u2019apartats en el document:\n<ul class=\"wp-block-list\">\n<li><strong>DADES I<\/strong>: Dades personals per a ALEXIA i TokApp. \u00c9s del tot necessari i imprescindible que tots els tel\u00e8fons de contacte siguin plenament operatius, aix\u00ed com els correus electr\u00f2nics.<\/li>\n\n\n\n<li><strong>DADES II<\/strong>: Autoritzaci\u00f3 de dades per a TokApp.<\/li>\n\n\n\n<li><strong>SORTIDES<\/strong>: Autoritzaci\u00f3 de sortides a la Seu i els seus voltants al llarg del curs de l\u2019escolaritzaci\u00f3 a l\u2019Institut.<\/li>\n\n\n\n<li><strong>ORDINADORS<\/strong>: Acceptaci\u00f3 o ren\u00fancia dels ordinadors del Pla Digital de Catalunya.<\/li>\n\n\n\n<li><strong>IMATGES<\/strong>: Autoritzaci\u00f3 expressa relativa a l\u2019alumnat quant al tractament d\u2019imatges i\/o veu.<\/li>\n\n\n\n<li><strong>RECURSOS DIGITALS<\/strong>: Autoritzaci\u00f3 expressa relativa a l\u2019alumnat quant a l\u2019\u00fas de serveis i recursos digitals a Internet per treballar a l\u2019aula.<\/li>\n<\/ul>\n<\/li>\n\n\n\n<li>Informaci\u00f3 per a <a href=\"https:\/\/institutjoanbrudieu.cat\/public\/web_centre\/html\/documents\/secretaria\/preins\/26_Taquilles_alumnat.pdf\" target=\"_blank\" rel=\"noopener noreferrer\">Lloguer de taquilles<\/a>.<\/li>\n\n\n\n<li><strong>Associaci\u00f3 de Fam\u00edlies d&#8217;Alumnat (AFA-Institut Joan Brudieu)<\/strong>\n<ul class=\"wp-block-list\">\n<li><strong>AFA<\/strong>: <a href=\"https:\/\/institutjoanbrudieu.cat\/public\/web_centre\/html\/documents\/secretaria\/preins\/26_AFA_Informacio_soci_i_samarreta.pdf\" target=\"_blank\" rel=\"noopener noreferrer\">informaci\u00f3 per a la inscripci\u00f3 i la compra de samarretes i dessuadores<\/a>.<\/li>\n\n\n\n<li><strong>AFA<\/strong>: <strong>Autoritzaci\u00f3 expressa de dades personals<\/strong>. Per tal que l\u2019AFA pugui contactar amb els socis i s\u00f2cies i poder transmetre la informaci\u00f3 que moltes vegades ens arriba i que pot interessar a les fam\u00edlies, \u00e9s necessari donar-se d\u2019alta com a socis en el seg\u00fcent enlla\u00e7 <a href=\"https:\/\/docs.google.com\/forms\/d\/e\/1FAIpQLSei-A_4ymQHR6s8GB9UjsoWBEomkzOGFXeOq1z1YiS6hO0rqg\/viewform?usp=header\" target=\"_blank\" rel=\"noopener\"><strong>Autoritzaci\u00f3 expressa de dades<\/strong><\/a> i omplir el formulari de registre de s\u00f2cies i socis.<\/li>\n<\/ul>\n<\/li>\n\n\n\n<li>M\u00e9s documents a <a href=\"https:\/\/agora.xtec.cat\/iesjoanbrudieu\/secretaria\/fulls-impresos\/\" target=\"_blank\" rel=\"noopener noreferrer\">Fulls impresos<\/a> de la p\u00e0gina web.<\/li>\n<\/ul>\n<\/li>\n<\/ul>\n\n\n\n<p><\/p>\n<\/div><\/div>\n\n\n\n<div class=\"wp-block-getwid-tabs__nav-link\"><span class=\"wp-block-getwid-tabs__title-wrapper\"><a href=\"#\"><span class=\"wp-block-getwid-tabs__title\">Continu\u00eftat matr\u00edcula<\/span><\/a><\/span><\/div><div class=\"wp-block-getwid-tabs__tab-content-wrapper\"><div class=\"wp-block-getwid-tabs__tab-content\">\n<h2 class=\"wp-block-heading\"><span style=\"color: #3366ff;\"><strong>CFM (Grau Mitj\u00e0)<\/strong> &#8211; <strong>CFS (Grau Superior)<\/strong><\/span><span style=\"color: #3366ff;\"><strong>&nbsp;[Continu\u00eftat de matr\u00edcula 2026-2027]<\/strong><\/span><\/h2>\n\n\n\n<h3 class=\"wp-block-heading\"><span style=\"color: #ff0000;\"><strong>ALUMNAT QUE JA EST\u00c0 CURSANT CFM &#8211; CFS A L&#8217;INSTITUT<\/strong>:<\/span><\/h3>\n\n\n\n<ul class=\"wp-block-list\">\n<li>Cartes que informen de les condicions i les dates per a les <span style=\"color: #ff0000;\"><strong>confirmacions de matr\u00edcules<\/strong><\/span> dels <strong>estudis postobligatoris [CFM &#8211; CFS] <\/strong>(curs <strong>2026-2027<\/strong>)\n<ul class=\"wp-block-list\">\n<li>Per a <a href=\"https:\/\/institutjoanbrudieu.cat\/public\/web_centre\/html\/documents\/secretaria\/preins\/24_Matricula_CFM_INS.pdf\" target=\"_blank\" rel=\"noopener noreferrer\">2n de <strong>CFM (Grau Mitj\u00e0)<\/strong> o per a repetici\u00f3 de 1r de <strong>CFM<\/strong><\/a>.\n<ul class=\"wp-block-list\">\n<li>\n<ul class=\"wp-block-list\">\n<li>Alumnat de CFM (Grau Mitj\u00e0) <u>que continua a CFM<\/u>, ja sigui a 1r o a 2n<\/li>\n<\/ul>\n<\/li>\n<\/ul>\n<\/li>\n\n\n\n<li>Per a <a href=\"https:\/\/institutjoanbrudieu.cat\/public\/web_centre\/html\/documents\/secretaria\/preins\/26_Matricula_CFS_INS.pdf\" target=\"_blank\" rel=\"noopener noreferrer\">2n de <strong>CFS (Grau Superior)<\/strong> o per a repetici\u00f3 de 1r de <strong>CFS<\/strong><\/a>.\n<ul class=\"wp-block-list\">\n<li>\n<ul class=\"wp-block-list\">\n<li>Alumnat de CFS (Grau Superior) <u>que continua a CFS<\/u>, ja sigui a 1r o a 2n<\/li>\n<\/ul>\n<\/li>\n<\/ul>\n<\/li>\n<\/ul>\n<\/li>\n\n\n\n<li><span style=\"color: #ff0000;\"><strong>Documentaci\u00f3 general<\/strong><\/span> per a tots els cursos\n<ul class=\"wp-block-list\">\n<li>Informaci\u00f3 per a <a href=\"https:\/\/institutjoanbrudieu.cat\/public\/web_centre\/html\/documents\/secretaria\/preins\/26_Taquilles_alumnat.pdf\" target=\"_blank\" rel=\"noopener noreferrer\">Lloguer de taquilles<\/a>.<\/li>\n\n\n\n<li><strong>Associaci\u00f3 de Fam\u00edlies d&#8217;Alumnat (AFA-Institut Joan Brudieu)<\/strong>\n<ul class=\"wp-block-list\">\n<li><strong>AFA<\/strong>: <a href=\"https:\/\/institutjoanbrudieu.cat\/public\/web_centre\/html\/documents\/secretaria\/preins\/26_AFA_Informacio_soci_i_samarreta.pdf\" target=\"_blank\" rel=\"noopener noreferrer\">informaci\u00f3 per a la inscripci\u00f3 i la compra de samarretes i dessuadores<\/a>.<\/li>\n\n\n\n<li><strong>AFA<\/strong>: <strong>Autoritzaci\u00f3 expressa de dades personals<\/strong>. Per tal que l\u2019AFA pugui contactar amb els socis i s\u00f2cies i poder transmetre la informaci\u00f3 que moltes vegades ens arriba i que pot interessar a les fam\u00edlies, \u00e9s necessari donar-se d\u2019alta com a socis en el seg\u00fcent enlla\u00e7 <a href=\"https:\/\/docs.google.com\/forms\/d\/e\/1FAIpQLSei-A_4ymQHR6s8GB9UjsoWBEomkzOGFXeOq1z1YiS6hO0rqg\/viewform?usp=header\" target=\"_blank\" rel=\"noopener\"><strong>Autoritzaci\u00f3 expressa de dades<\/strong><\/a> i omplir el formulari de registre de s\u00f2cies i socis.<\/li>\n<\/ul>\n<\/li>\n\n\n\n<li>M\u00e9s documents a <a href=\"https:\/\/agora.xtec.cat\/iesjoanbrudieu\/secretaria\/fulls-impresos\/\" target=\"_blank\" rel=\"noopener noreferrer\">Fulls impresos<\/a> de la p\u00e0gina web.<\/li>\n<\/ul>\n<\/li>\n<\/ul>\n\n\n\n<p><\/p>\n<\/div><\/div>\n<\/div>\n","protected":false},"excerpt":{"rendered":"<p>CFM &#8211; CFS [2026-2027] Informaci\u00f3 Estudis Postobligatoris de l&#8217;Institut Joan Brudieu Estem treballant per actualitzar tota la informaci\u00f3 per a la preinscripci\u00f3 2026-2027. CFM (Grau Mitj\u00e0) &#8211; CFS (Grau Superior)&nbsp;[Calendari Preinscripci\u00f3 i Matr\u00edcula 2026-2027]<\/p>\n","protected":false},"author":1,"featured_media":0,"parent":1337,"menu_order":5,"comment_status":"closed","ping_status":"closed","template":"","meta":{"_bbp_topic_count":0,"_bbp_reply_count":0,"_bbp_total_topic_count":0,"_bbp_total_reply_count":0,"_bbp_voice_count":0,"_bbp_anonymous_reply_count":0,"_bbp_topic_count_hidden":0,"_bbp_reply_count_hidden":0,"_bbp_forum_subforum_count":0,"site-sidebar-layout":"default","site-content-layout":"","ast-site-content-layout":"default","site-content-style":"default","site-sidebar-style":"default","ast-global-header-display":"","ast-banner-title-visibility":"","ast-main-header-display":"","ast-hfb-above-header-display":"","ast-hfb-below-header-display":"","ast-hfb-mobile-header-display":"","site-post-title":"","ast-breadcrumbs-content":"","ast-featured-img":"","footer-sml-layout":"","theme-transparent-header-meta":"","adv-header-id-meta":"","stick-header-meta":"","header-above-stick-meta":"","header-main-stick-meta":"","header-below-stick-meta":"","astra-migrate-meta-layouts":"set","ast-page-background-enabled":"default","ast-page-background-meta":{"desktop":{"background-color":"var(--ast-global-color-4)","background-image":"","background-repeat":"repeat","background-position":"center center","background-size":"auto","background-attachment":"scroll","background-type":"","background-media":"","overlay-type":"","overlay-color":"","overlay-opacity":"","overlay-gradient":""},"tablet":{"background-color":"","background-image":"","background-repeat":"repeat","background-position":"center center","background-size":"auto","background-attachment":"scroll","background-type":"","background-media":"","overlay-type":"","overlay-color":"","overlay-opacity":"","overlay-gradient":""},"mobile":{"background-color":"","background-image":"","background-repeat":"repeat","background-position":"center center","background-size":"auto","background-attachment":"scroll","background-type":"","background-media":"","overlay-type":"","overlay-color":"","overlay-opacity":"","overlay-gradient":""}},"ast-content-background-meta":{"desktop":{"background-color":"var(--ast-global-color-5)","background-image":"","background-repeat":"repeat","background-position":"center center","background-size":"auto","background-attachment":"scroll","background-type":"","background-media":"","overlay-type":"","overlay-color":"","overlay-opacity":"","overlay-gradient":""},"tablet":{"background-color":"var(--ast-global-color-5)","background-image":"","background-repeat":"repeat","background-position":"center center","background-size":"auto","background-attachment":"scroll","background-type":"","background-media":"","overlay-type":"","overlay-color":"","overlay-opacity":"","overlay-gradient":""},"mobile":{"background-color":"var(--ast-global-color-5)","background-image":"","background-repeat":"repeat","background-position":"center center","background-size":"auto","background-attachment":"scroll","background-type":"","background-media":"","overlay-type":"","overlay-color":"","overlay-opacity":"","overlay-gradient":""}},"footnotes":""},"class_list":["post-5979","page","type-page","status-publish","hentry"],"post_mailing_queue_ids":[],"_links":{"self":[{"href":"https:\/\/agora.xtec.cat\/iesjoanbrudieu\/wp-json\/wp\/v2\/pages\/5979","targetHints":{"allow":["GET"]}}],"collection":[{"href":"https:\/\/agora.xtec.cat\/iesjoanbrudieu\/wp-json\/wp\/v2\/pages"}],"about":[{"href":"https:\/\/agora.xtec.cat\/iesjoanbrudieu\/wp-json\/wp\/v2\/types\/page"}],"author":[{"embeddable":true,"href":"https:\/\/agora.xtec.cat\/iesjoanbrudieu\/wp-json\/wp\/v2\/users\/1"}],"replies":[{"embeddable":true,"href":"https:\/\/agora.xtec.cat\/iesjoanbrudieu\/wp-json\/wp\/v2\/comments?post=5979"}],"version-history":[{"count":6,"href":"https:\/\/agora.xtec.cat\/iesjoanbrudieu\/wp-json\/wp\/v2\/pages\/5979\/revisions"}],"predecessor-version":[{"id":11138,"href":"https:\/\/agora.xtec.cat\/iesjoanbrudieu\/wp-json\/wp\/v2\/pages\/5979\/revisions\/11138"}],"up":[{"embeddable":true,"href":"https:\/\/agora.xtec.cat\/iesjoanbrudieu\/wp-json\/wp\/v2\/pages\/1337"}],"wp:attachment":[{"href":"https:\/\/agora.xtec.cat\/iesjoanbrudieu\/wp-json\/wp\/v2\/media?parent=5979"}],"curies":[{"name":"wp","href":"https:\/\/api.w.org\/{rel}","templated":true}]}}