{"id":5977,"date":"2021-02-23T18:38:18","date_gmt":"2021-02-23T17:38:18","guid":{"rendered":"http:\/\/agora.xtec.cat\/iesjoanbrudieu\/?page_id=5977"},"modified":"2026-04-08T14:45:43","modified_gmt":"2026-04-08T12:45:43","slug":"btx-i-batxibac-preinscripcio-i-matricula","status":"publish","type":"page","link":"https:\/\/agora.xtec.cat\/iesjoanbrudieu\/secretaria\/preins-mat\/btx-i-batxibac-preinscripcio-i-matricula\/","title":{"rendered":"BTX i BATXIBAC: Preinscripci\u00f3 i matr\u00edcula"},"content":{"rendered":"\n<h2 class=\"wp-block-heading\"><span style=\"color: #3366ff;\"><strong><strong><span style=\"color: #339966;\">BTX &#8211; BATXIBAC [2026-2027]<\/span><\/strong><\/strong><\/span><\/h2>\n\n\n\n<h2 class=\"wp-block-heading\"><span style=\"color: #3366ff;\"><strong>Informaci\u00f3 Estudis Postobligatoris de l&#8217;Institut Joan Brudieu<\/strong><\/span><\/h2>\n\n\n\n<p><span class=\"ms-rteStyle-Accent1\" style=\"color: #ff0000;\"><strong>Estem treballant per actualitzar tota la informaci\u00f3 per a la preinscripci\u00f3 2026-2027<\/strong>.<\/span><\/p>\n\n\n\n<ul class=\"wp-block-list\">\n<li>Podeu trobar m\u00e9s informaci\u00f3 a la p\u00e0gina de <strong>Portes Obertes<\/strong> de la nostra web (<a href=\"https:\/\/agora.xtec.cat\/iesjoanbrudieu\/linstitut\/portes-obertes\/\" target=\"_blank\" rel=\"noopener noreferrer\">enlla\u00e7<\/a>).<\/li>\n\n\n\n<li>Podeu trobar la <strong>documentaci\u00f3 estrat\u00e8gica<\/strong> de l&#8217;Institut en <a href=\"https:\/\/agora.xtec.cat\/iesjoanbrudieu\/secretaria\/documentacio-institut\/\" target=\"_blank\" rel=\"noopener noreferrer\">aquest enlla\u00e7<\/a>.<\/li>\n\n\n\n<li>Podeu trobar informaci\u00f3 dels <strong>estudis BTX<\/strong> en <a href=\"https:\/\/agora.xtec.cat\/iesjoanbrudieu\/estudis\/batxillerat\/\" target=\"_blank\" rel=\"noopener noreferrer\">aquest enlla\u00e7<\/a>.<\/li>\n\n\n\n<li>Podeu trobar informaci\u00f3 dels <strong>estudis BatxiBAC<\/strong> en <a href=\"https:\/\/agora.xtec.cat\/iesjoanbrudieu\/estudis\/batxillerat\/\" target=\"_blank\" rel=\"noreferrer noopener\">aquest enlla\u00e7<\/a>.<\/li>\n<\/ul>\n\n\n\n<div class=\"wp-block-getwid-tabs\" data-active-tab=\"0\"><ul class=\"wp-block-getwid-tabs__nav-links\"><\/ul>\n<div class=\"wp-block-getwid-tabs__nav-link\"><span class=\"wp-block-getwid-tabs__title-wrapper\"><a href=\"#\"><span class=\"wp-block-getwid-tabs__title\">Alumnat de 4t ESO (INS Joan Brudieu)<\/span><\/a><\/span><\/div><div class=\"wp-block-getwid-tabs__tab-content-wrapper\"><div class=\"wp-block-getwid-tabs__tab-content\">\n<h3 class=\"wp-block-heading has-vivid-red-color has-text-color has-link-color wp-elements-5482d6eb2f09f3ac6227381de55a074c\"><strong>Alumnat de l&#8217;Institut Joan Brudieu de 4t ESO<\/strong><\/h3>\n\n\n\n<ul class=\"wp-block-list\">\n<li>Si es vol preinscriure\u2019s al BTX de les modalitats de Ci\u00e8ncies i Tecnologia o d\u2019Humanitats i Ci\u00e8ncies Socials al mateix Institut Joan Brudieu, <strong>NO ha de fer cap tipus de preinscripci\u00f3 electr\u00f2nica<\/strong> perqu\u00e8 t\u00e9 reserva de pla\u00e7a. Tan sols ha d&#8217;emplenar OBLIGAT\u00d2RIAMENT el Formulari de la Tria d&#8217;itineraris i mat\u00e8ries espec\u00edfiques que es troba m\u00e9s avall, a la pestanya \u00ab<strong>BTX-Batxibac: Tria d&#8217;itineraris i mat\u00e8ries<\/strong>\u00bb i lliurar en format paper el seg\u00fcent document,<strong> a partir del 20 de mar\u00e7 fins al 16 d&#8217;abril<\/strong>, a excepci\u00f3 dels dies de vacances de Setmana Santa:<\/li>\n<\/ul>\n\n\n\n<div class=\"wp-block-buttons is-content-justification-center is-layout-flex wp-container-core-buttons-is-layout-1 wp-block-buttons-is-layout-flex\">\n<div class=\"wp-block-button has-custom-width wp-block-button__width-75\"><a class=\"wp-block-button__link wp-element-button\" href=\"https:\/\/institutjoanbrudieu.cat\/public\/web_centre\/html\/documents\/secretaria\/fulls\/D-PR-C0102-001b_BTX_Preinscripcio_B1_alumnat_S4_Brudieu.pdf\" target=\"_blank\" rel=\"noreferrer noopener\">Full de preinscripci\u00f3 a B1, interna i obligat\u00f2ria, per a l&#8217;alumnat de 4t ESO de l&#8217;Institut Joan Brudieu<\/a><\/div>\n<\/div>\n\n\n\n<ul class=\"wp-block-list\">\n<li>Si es vol preinscriure a la modalitat d&#8217;ARTS i a BatxiBAC la preinscripci\u00f3 \u00e9s <strong>OBLIGAT\u00d2RIA<\/strong>.<\/li>\n<\/ul>\n\n\n\n<p><a href=\"https:\/\/institutjoanbrudieu.cat\/public\/web_centre\/html\/documents\/secretaria\/preins\/26_Instruccions_Preinscripcio_BTX_S4_a_B1_Alumnat.pdf\" target=\"_blank\" rel=\"noopener\">Informaci\u00f3<\/a> per a con\u00e8ixer les intencions d&#8217;estudis postobligatoris de l&#8217;alumnat de 4t ESO de l&#8217;Institut Joan Brudieu.<\/p>\n\n\n\n<p class=\"has-text-align-center\"><object style=\"width: 800px; height: 600px;\" data=\"https:\/\/institutjoanbrudieu.cat\/public\/web_centre\/html\/documents\/secretaria\/preins\/26_Instruccions_Preinscripcio_BTX_S4_a_B1_Alumnat.pdf\" width=\"300\" height=\"150\"><span data-mce-type=\"bookmark\" style=\"display: inline-block; width: 0px; overflow: hidden; line-height: 0;\" class=\"mce_SELRES_start\">\ufeff<\/span><\/object><\/p>\n\n\n\n<p><\/p>\n<\/div><\/div>\n\n\n\n<div class=\"wp-block-getwid-tabs__nav-link\"><span class=\"wp-block-getwid-tabs__title-wrapper\"><a href=\"#\"><span class=\"wp-block-getwid-tabs__title\">Alumnat de 1r BTX que ha de promocionar a 2n BTX (INS Joan Brudieu)<\/span><\/a><\/span><\/div><div class=\"wp-block-getwid-tabs__tab-content-wrapper\"><div class=\"wp-block-getwid-tabs__tab-content\">\n<h3 class=\"wp-block-heading has-vivid-red-color has-text-color has-link-color wp-elements-07c8b38de5cbd21716ce9dca2c78e861\"><strong>Alumnat de l&#8217;Institut Joan Brudieu de 1r de BTX que ha de promocionar a 2n de BTX<\/strong><\/h3>\n\n\n\n<p><a href=\"https:\/\/institutjoanbrudieu.cat\/public\/web_centre\/html\/documents\/secretaria\/preins\/26_Instruccions_Preinscripcio_BTX_B1_a_B2_Alumnat.pdf\" target=\"_blank\" rel=\"noopener\">Informaci\u00f3<\/a> per a con\u00e8ixer les intencions de l&#8217;alumnat de 1r de BTX de l&#8217;Institut Joan Brudieu en el seu pas cap a 2n de BTX.<\/p>\n\n\n\n<p class=\"has-text-align-center\"><object style=\"width: 800px; height: 600px; padding: 0px; display: inline-block;\" data=\"https:\/\/institutjoanbrudieu.cat\/public\/web_centre\/html\/documents\/secretaria\/preins\/26_Instruccions_Preinscripcio_BTX_B1_a_B2_Alumnat.pdf\" width=\"300\" height=\"150\" type=\"application\/not-a-pee-dee-eff-type\"><iframe src=\"chrome-extension:\/\/oemmndcbldboiebfnladdacbdfmadadm\/content\/web\/viewer.html?file=https%3A%2F%2Finstitutjoanbrudieu.cat%2Fpublic%2Fweb_centre%2Fhtml%2Fdocuments%2Fsecretaria%2Fpreins%2F26_Instruccions_Preinscripcio_BTX_B1_a_B2_Alumnat.pdf\" style=\"background: none; border: none; box-shadow: none; float: none; display: block; height: 100%; margin: 0px; max-height: none; max-width: none; position: static; transform: none; visibility: visible; width: 100%;\"><\/iframe><\/object><\/p>\n\n\n\n<p><\/p>\n<\/div><\/div>\n<\/div>\n\n\n\n<p><\/p>\n\n\n\n<h2 class=\"wp-block-heading\"><span style=\"color: #3366ff;\"><strong>BTX &#8211; BATXIBAC [Calendari Preinscripci\u00f3 i Matr\u00edcula]<\/strong><\/span><\/h2>\n\n\n\n<figure class=\"wp-block-image aligncenter is-resized\"><a href=\"https:\/\/institutjoanbrudieu.cat\/public\/web_centre\/html\/img\/26_Calendari_Preinscripcio_Matricula_WEB_BTX_01.jpg\" target=\"_blank\" rel=\"noopener noreferrer\"><img decoding=\"async\" src=\"https:\/\/institutjoanbrudieu.cat\/public\/web_centre\/html\/img\/26_Calendari_Preinscripcio_Matricula_WEB_BTX_01.jpg\" alt=\"Calendari Preinscripcio i Matricula BTX-BATXIBAC (general BTX): en construcci\u00f3\" style=\"width:800px\"\/><\/a><\/figure>\n\n\n\n<p><\/p>\n\n\n\n<figure class=\"wp-block-image aligncenter is-resized\"><a href=\"https:\/\/institutjoanbrudieu.cat\/public\/web_centre\/html\/img\/26_Calendari_Preinscripcio_Matricula_WEB_BTX_02.jpg\" target=\"_blank\" rel=\"noopener noreferrer\"><img decoding=\"async\" src=\"https:\/\/institutjoanbrudieu.cat\/public\/web_centre\/html\/img\/26_Calendari_Preinscripcio_Matricula_WEB_BTX_02.jpg\" alt=\"Calendari Preinscripcio i Matricula BTX-BATXIBAC (general BATXIBAC): en construcci\u00f3\" style=\"width:800px\"\/><\/a><\/figure>\n\n\n\n<p><\/p>\n\n\n\n<figure class=\"wp-block-image aligncenter is-resized\"><a href=\"https:\/\/institutjoanbrudieu.cat\/public\/web_centre\/html\/img\/26_Calendari_Preinscripcio_Matricula_WEB_BTX_03.jpg\" target=\"_blank\" rel=\"noopener noreferrer\"><img decoding=\"async\" src=\"https:\/\/institutjoanbrudieu.cat\/public\/web_centre\/html\/img\/26_Calendari_Preinscripcio_Matricula_WEB_BTX_03.jpg\" alt=\"Calendari Preinscripcio i Matricula BTX-BATXIBAC (interna): en construcci\u00f3\" style=\"width:800px\"\/><\/a><\/figure>\n\n\n\n<p><\/p>\n\n\n\n<figure class=\"wp-block-image aligncenter is-resized\"><a href=\"https:\/\/institutjoanbrudieu.cat\/public\/web_centre\/html\/img\/26_Calendari_Preinscripcio_Matricula_WEB_BTX_04.jpg\" target=\"_blank\" rel=\"noopener noreferrer\"><img decoding=\"async\" src=\"https:\/\/institutjoanbrudieu.cat\/public\/web_centre\/html\/img\/26_Calendari_Preinscripcio_Matricula_WEB_BTX_04.jpg\" alt=\"Calendari Preinscripcio i Matricula BTX-BATXIBAC (gesti\u00f3 places vacants): en construcci\u00f3\" style=\"width:800px;height:auto\"\/><\/a><\/figure>\n\n\n\n<p><\/p>\n\n\n\n<div class=\"wp-block-getwid-tabs\" data-active-tab=\"0\"><ul class=\"wp-block-getwid-tabs__nav-links\"><\/ul>\n<div class=\"wp-block-getwid-tabs__nav-link\"><span class=\"wp-block-getwid-tabs__title-wrapper\"><a href=\"#\"><span class=\"wp-block-getwid-tabs__title\">Batxibac<\/span><\/a><\/span><\/div><div class=\"wp-block-getwid-tabs__tab-content-wrapper\"><div class=\"wp-block-getwid-tabs__tab-content\">\n<h2 class=\"wp-block-heading\"><span style=\"color: #3366ff;\"><strong>BATXIBAC [Preinscripci\u00f3 2026-2027]<\/strong><\/span><\/h2>\n\n\n\n<h3 class=\"wp-block-heading\"><span style=\"color: #ff0000;\"><strong>Proc\u00e9s de preinscripci\u00f3<\/strong><\/span><\/h3>\n\n\n\n<ul class=\"wp-block-list\">\n<li>Tota la informaci\u00f3 del proc\u00e9s de preinscripci\u00f3 al <a href=\"https:\/\/xtec.gencat.cat\/ca\/curriculum\/batxillerat\/baccalaureat\/\" target=\"_blank\" rel=\"noopener noreferrer\">web de Preinscripci\u00f3 del Departament d&#8217;Educaci\u00f3<\/a>.<\/li>\n\n\n\n<li><a href=\"https:\/\/institutjoanbrudieu.cat\/public\/web_centre\/html\/documents\/secretaria\/preins\/26_Calendari_Instruccions_Preinscripcio_Matricula_BTX_BatxiBAC.pdf\" target=\"_blank\" rel=\"noopener noreferrer\">Full informatiu<\/a> de la preinscripci\u00f3 a BatxiBAC i a Batxillerat (Institut Joan Brudieu).<\/li>\n<\/ul>\n\n\n\n<p class=\"has-text-align-center\"><object style=\"width: 800px; height: 600px;\" data=\"https:\/\/institutjoanbrudieu.cat\/public\/web_centre\/html\/documents\/secretaria\/preins\/26_Calendari_Instruccions_Preinscripcio_Matricula_BTX_BatxiBAC.pdf\" width=\"300\" height=\"150\"><span style=\"display: inline-block; width: 0px; overflow: hidden; line-height: 0;\" data-mce-type=\"bookmark\" class=\"mce_SELRES_start\">\ufeff<\/span><\/object><\/p>\n\n\n\n<div class=\"wp-block-getwid-button-group\"><div class=\"wp-block-getwid-button-group__wrapper has-alignment-center\">\n<div class=\"wp-block-button has-custom-width wp-block-button__width-75\"><a class=\"wp-block-button__link wp-element-button\" href=\"https:\/\/educacio.gencat.cat\/ca\/tramits\/tramits-temes\/9388-batxillerat?category=&amp;moda=2\" target=\"_blank\" rel=\"noreferrer noopener\">BATXIBAC: Acc\u00e9s a la sol\u00b7licitud de preinscripci\u00f3 (format PDF) &#8211; Web Departament<\/a><\/div>\n\n\n\n<div class=\"wp-block-button has-custom-width wp-block-button__width-75\"><a class=\"wp-block-button__link wp-element-button\" href=\"https:\/\/institutjoanbrudieu.cat\/public\/web_centre\/html\/documents\/secretaria\/preins\/26_Batxibac_Preinscripcio_impres.pdf\" target=\"_blank\" rel=\"noreferrer noopener\">BATXIBAC: Acc\u00e9s a la sol\u00b7licitud de preinscripci\u00f3 (format PDF) &#8211; Web Institut<\/a><\/div>\n<\/div><\/div>\n\n\n\n<ul class=\"wp-block-list\">\n<li>La sol\u00b7licitud de preinscripci\u00f3 (en format PDF) es presenta a la Secretaria de l\u2019Institut.<\/li>\n\n\n\n<li><strong><span style=\"color: #ff0000;\">Documentaci\u00f3 interna OBLIGAT\u00d2RIA per a tot l\u2019alumnat que es preinscriu a l\u2019Institut Joan Brudieu<\/span>:<\/strong>\n<ul class=\"wp-block-list\">\n<li>Tria d&#8217;itineraris i mat\u00e8ries a 1r de BTX i a 2n de BTX\n<ul class=\"wp-block-list\">\n<li>Cal que aneu a la pestanya \u00ab<strong>BTX-Batxibac: Tria itineraris i mat\u00e8ries<\/strong>\u00bb i empleneu el formulari pertinent.<\/li>\n<\/ul>\n<\/li>\n<\/ul>\n<\/li>\n<\/ul>\n\n\n\n<p><\/p>\n\n\n\n<h3 class=\"wp-block-heading\"><span style=\"color: #ff0000;\"><strong>Oferta i publicaci\u00f3 de llistes<\/strong><\/span><\/h3>\n\n\n\n<h4 class=\"wp-block-heading\"><span style=\"color: #ff0000;\"><strong>Oferta inicial<\/strong><\/span><\/h4>\n\n\n\n<figure class=\"wp-block-image aligncenter is-resized\"><a href=\"https:\/\/institutjoanbrudieu.cat\/public\/web_centre\/html\/img\/26_PREINS_BTX_Oferta_inicial_places.jpg\" target=\"_blank\" rel=\"noopener noreferrer\"><img decoding=\"async\" src=\"https:\/\/institutjoanbrudieu.cat\/public\/web_centre\/html\/img\/26_PREINS_BTX_Oferta_inicial_places.jpg\" alt=\"26_PREINS_BTX_i_BATXIBAC_Oferta_inicial_places: en construcci\u00f3\" style=\"width:800px;height:auto\"\/><\/a><\/figure>\n\n\n\n<p><\/p>\n\n\n\n<h4 class=\"wp-block-heading\"><span style=\"color: #ff0000;\"><strong>Prova de nivell i alumnat adm\u00e8s<\/strong><\/span><\/h4>\n\n\n\n<figure class=\"wp-block-image is-resized\"><a href=\"https:\/\/institutjoanbrudieu.cat\/public\/web_centre\/html\/img\/26_BatxiBAC_Prova_de_nivell_data.jpg\" target=\"_blank\" rel=\"noopener noreferrer\"><img decoding=\"async\" src=\"https:\/\/institutjoanbrudieu.cat\/public\/web_centre\/html\/img\/26_BatxiBAC_Prova_de_nivell_data.jpg\" alt=\"26_BatxiBAC_Prova_de_nivell_data: en construcci\u00f3\" style=\"width:152px;height:auto\"\/><\/a><\/figure>\n\n\n\n<p><\/p>\n\n\n\n<div class=\"wp-block-buttons is-content-justification-center is-layout-flex wp-container-core-buttons-is-layout-2 wp-block-buttons-is-layout-flex\">\n<div class=\"wp-block-button has-custom-width wp-block-button__width-75\"><a class=\"wp-block-button__link wp-element-button\" href=\"https:\/\/institutjoanbrudieu.cat\/public\/web_centre\/html\/documents\/secretaria\/preins\/26_PREINS_Batxibac_Alumnat_admes.pdf\" target=\"_blank\" rel=\"noreferrer noopener\">BATXIBAC: Llistat d&#8217;alumnat adm\u00e8s (8 d&#8217;abril de 2026)<\/a><\/div>\n<\/div>\n\n\n\n<p><\/p>\n<\/div><\/div>\n\n\n\n<div class=\"wp-block-getwid-tabs__nav-link\"><span class=\"wp-block-getwid-tabs__title-wrapper\"><a href=\"#\"><span class=\"wp-block-getwid-tabs__title\">BTX PREINS: Informaci\u00f3<\/span><\/a><\/span><\/div><div class=\"wp-block-getwid-tabs__tab-content-wrapper\"><div class=\"wp-block-getwid-tabs__tab-content\">\n<h2 class=\"wp-block-heading\"><span style=\"color: #3366ff;\"><strong>BTX [Preinscripci\u00f3 2026-2027]<\/strong><\/span><\/h2>\n\n\n\n<h3 class=\"wp-block-heading\"><span style=\"color: #ff0000;\"><strong>Proc\u00e9s de preinscripci\u00f3<\/strong><\/span><\/h3>\n\n\n\n<ul class=\"wp-block-list\">\n<li>Tota la informaci\u00f3 del proc\u00e9s de preinscripci\u00f3 al <a href=\"https:\/\/preinscripcio.gencat.cat\/ca\/estudis\/batxillerat\/inici\/\" target=\"_blank\" rel=\"noopener noreferrer\">web de Preinscripci\u00f3 del Departament d&#8217;Educaci\u00f3<\/a>.<\/li>\n\n\n\n<li><a href=\"https:\/\/institutjoanbrudieu.cat\/public\/web_centre\/html\/documents\/secretaria\/preins\/26_Calendari_Instruccions_Preinscripcio_Matricula_BTX_BatxiBAC.pdf\" target=\"_blank\" rel=\"noopener noreferrer\">Full informatiu<\/a> de la preinscripci\u00f3 a BatxiBAC i a Batxillerat (Institut Joan Brudieu).<\/li>\n<\/ul>\n\n\n\n<p class=\"has-text-align-center\"><object style=\"width: 800px; height: 600px;\" data=\"https:\/\/institutjoanbrudieu.cat\/public\/web_centre\/html\/documents\/secretaria\/preins\/26_Calendari_Instruccions_Preinscripcio_Matricula_BTX_BatxiBAC.pdf\" width=\"300\" height=\"150\"><span style=\"display: inline-block; width: 0px; overflow: hidden; line-height: 0;\" data-mce-type=\"bookmark\" class=\"mce_SELRES_start\">\ufeff<\/span><\/object><\/p>\n\n\n\n<div class=\"wp-block-buttons is-content-justification-center is-layout-flex wp-container-core-buttons-is-layout-3 wp-block-buttons-is-layout-flex\">\n<div class=\"wp-block-button has-custom-width wp-block-button__width-75\"><a class=\"wp-block-button__link wp-element-button\" href=\"https:\/\/educacio.gencat.cat\/ca\/tramits\/tramits-temes\/batxillerat-tramit?moda=1\" target=\"_blank\" rel=\"noreferrer noopener\">BTX: Acc\u00e9s a la sol\u00b7licitud de preinscripci\u00f3 telem\u00e0tica<\/a><\/div>\n<\/div>\n\n\n\n<ul class=\"wp-block-list\">\n<li>Opci\u00f3 disponible quan comenci el termini.<\/li>\n\n\n\n<li>Hi ha dues opcions:\n<ul class=\"wp-block-list\">\n<li><strong>Sol\u00b7licitud electr\u00f2nica [SE]<\/strong> (cal identificaci\u00f3 digital, com pot ser el DNI electr\u00f2nic o l&#8217;<strong>idCat M\u00f2bil<\/strong>).\n<ul class=\"wp-block-list\">\n<li>\n<ul class=\"wp-block-list\">\n<li>Si no es disposa de cap certificat digital, us en podeu generar un de forma f\u00e0cil a l&#8217;<a href=\"https:\/\/idcatmobil.seu.cat\/\" target=\"_blank\" rel=\"noopener noreferrer\"><strong>idCat M\u00f2bil<\/strong><\/a>.<\/li>\n<\/ul>\n<\/li>\n<\/ul>\n<\/li>\n\n\n\n<li><strong>Sol\u00b7licitud en suport inform\u00e0tic [SI]<\/strong> (sense identificaci\u00f3 digital), en qu\u00e8 caldr\u00e0 adjuntar la documentaci\u00f3 identificativa de la persona sol\u00b7licitant per motius de seguretat de seguretat.<\/li>\n\n\n\n<li>Cal disposar de:\n<ul class=\"wp-block-list\">\n<li><strong>N\u00famero identificador de l\u2019alumn<\/strong><strong>e<\/strong>. Aquesta dada es correspon al n\u00famero de registre de l\u2019alumne (IDALU), que es pot <strong><a title=\"Ves al web\" href=\"https:\/\/educacio.gencat.cat\/ca\/tramits\/tramits-temes\/identificador-alumne\" target=\"_blank\" rel=\"noopener noreferrer\">consultar en l\u00ednia al web del Departament<\/a><\/strong>.<\/li>\n\n\n\n<li>El codi oficial de l&#8217;Institut Joan Brudieu \u00e9s <strong>25004188<\/strong>.<\/li>\n\n\n\n<li>Una adre\u00e7a electr\u00f2nica per rebre el codi de la sol\u00b7licitud de preinscripci\u00f3.<\/li>\n<\/ul>\n<\/li>\n\n\n\n<li>L&#8217;institut prestar\u00e0 atenci\u00f3 personalitzada, mitjans inform\u00e0tics i assessorament a les persones que tinguin dificultats per a la realitzaci\u00f3 de les gestions de forma telem\u00e0tica.<\/li>\n<\/ul>\n<\/li>\n\n\n\n<li><strong><span style=\"color: #ff0000;\">Documentaci\u00f3 identificativa que cal adjuntar a la sol\u00b7licitud<\/span> (dins el termini establert):<\/strong>\n<ul class=\"wp-block-list\">\n<li><strong>Alumnat que MAI ha estat escolaritzat a Catalunya, cal adjuntar-hi: <\/strong>\n<ul class=\"wp-block-list\">\n<li>DNI o NIE o Tarja de resid\u00e8ncia o Passaport o document d\u2019identitat del pa\u00eds d\u2019origen si es tracta d\u2019estrangers comunitaris, de l\u2019alumne i, si \u00e9s menor d&#8217;edat i no fa els anys durant l&#8217;any 2026, del pare, mare o tutor\/ra.<\/li>\n\n\n\n<li><strong>Certificat electr\u00f2nic de la inscripci\u00f3 del naixement <\/strong>o el <strong>Llibre de fam\u00edlia <\/strong>o altres documents relatius a la filiaci\u00f3 (en cas de ser menor d&#8217;edat). Si est\u00e0 en situaci\u00f3 d&#8217;acolliment, la resoluci\u00f3 d&#8217;acolliment del Departament de Benestar Social i Fam\u00edlia.<\/li>\n<\/ul>\n<\/li>\n\n\n\n<li><strong>Alumnat ja escolaritzat a Catalunya:<\/strong>\n<ul class=\"wp-block-list\">\n<li>Si s\u2019utilitza la <strong>sol\u00b7licitud electr\u00f2nica [SE]<\/strong>:\n<ul class=\"wp-block-list\">\n<li>Cal especificar-hi el n\u00famero d\u2019identificaci\u00f3 de l\u2019alumne IDALU (si ha estat escolaritzat a Catalunya des del 2015-16). [<a href=\"https:\/\/educacio.gencat.cat\/ca\/tramits\/tramits-temes\/identificador-alumne\">Consulta IDALU<\/a>].<\/li>\n\n\n\n<li>No cal aportar cap document identificatiu perqu\u00e8 les dades ja consten al Registre.<\/li>\n<\/ul>\n<\/li>\n\n\n\n<li>Si s\u2019utilitza la <strong>sol\u00b7licitud en suport inform\u00e0tic [SI] <\/strong>(sense identificaci\u00f3 electr\u00f2nica), cal adjuntar-hi:\n<ul class=\"wp-block-list\">\n<li>DNI o NIE o Tarja de resid\u00e8ncia o Passaport o document d\u2019identitat del pa\u00eds d\u2019origen si es tracta d\u2019estrangers comunitaris, de l\u2019alumne i, si \u00e9s menor d&#8217;edat i no fa els anys durant l&#8217;any 2026, del pare, mare o tutor\/ra.<\/li>\n\n\n\n<li><strong>Certificat electr\u00f2nic de la inscripci\u00f3 del naixement <\/strong>o el <strong>Llibre de fam\u00edlia<\/strong><strong>&nbsp;<\/strong>o altres documents relatius a la filiaci\u00f3 (en cas de ser menor d&#8217;edat). Si est\u00e0 en situaci\u00f3 d&#8217;acolliment, la resoluci\u00f3 d&#8217;acolliment del Departament de Benestar Social i Fam\u00edlia.<\/li>\n<\/ul>\n<\/li>\n<\/ul>\n<\/li>\n\n\n\n<li><strong>Informacions i\/o recomanacions<\/strong>:\n<ul class=\"wp-block-list\">\n<li>Tenir fotografiada o escanejada la documentaci\u00f3 en el mateix dispositiu des d&#8217;on es fa la sol\u00b7licitud.<\/li>\n\n\n\n<li>Cenyiu-vos al calendari establert, lliurar la sol\u00b7licitud o la documentaci\u00f3 fora de termini us fa perdre tots els drets d&#8217;adscripci\u00f3 amb el risc que aix\u00f2 comporta de quedar-se sense pla\u00e7a al centre.<\/li>\n<\/ul>\n<\/li>\n<\/ul>\n<\/li>\n\n\n\n<li><span style=\"color: #ff0000;\"><strong>Documentaci\u00f3 de criteris<\/strong><\/span>\n<ul class=\"wp-block-list\">\n<li>La documentaci\u00f3 acreditativa dels criteris de prioritat generals i complementaris, que es detalla a continuaci\u00f3, s\u2019ha d\u2019adjuntar amb la sol\u00b7licitud de preinscripci\u00f3 dins el per\u00edode establert si la consulta autom\u00e0tica de dades no obt\u00e9 resultats i, per tant, no ha pogut quedar validada.<\/li>\n\n\n\n<li><span style=\"color: #ff0000;\"><strong>BTX<\/strong><\/span>: <a href=\"https:\/\/preinscripcio.gencat.cat\/ca\/estudis\/batxillerat\/informat\/criteris-assignacio\/\" target=\"_blank\" rel=\"noopener noreferrer\">Criteris d&#8217;assignaci\u00f3 de pla\u00e7a<\/a> i <a href=\"https:\/\/preinscripcio.gencat.cat\/ca\/estudis\/batxillerat\/informat\/prepara-documentacio\/\" target=\"_blank\" rel=\"noopener noreferrer\">Documentaci\u00f3 acreditativa<\/a> (web Departament d&#8217;Educaci\u00f3).<\/li>\n<\/ul>\n<\/li>\n<\/ul>\n\n\n\n<figure class=\"wp-block-image aligncenter is-resized\"><a href=\"https:\/\/institutjoanbrudieu.cat\/public\/web_centre\/html\/img\/PREINS_Criteris_prioritaris_i_complementaris_BTX_01.jpg\" target=\"_blank\" rel=\"noopener noreferrer\"><img decoding=\"async\" src=\"https:\/\/institutjoanbrudieu.cat\/public\/web_centre\/html\/img\/PREINS_Criteris_prioritaris_i_complementaris_BTX_01.jpg\" alt=\"PREINS_Criteris_prioritaris_i_complementaris_BTX_01\" style=\"width:800px\"\/><\/a><\/figure>\n\n\n\n<figure class=\"wp-block-image is-resized\"><a href=\"https:\/\/institutjoanbrudieu.cat\/public\/web_centre\/html\/img\/PREINS_Criteris_prioritaris_i_complementaris_BTX_02.jpg\" target=\"_blank\" rel=\"noopener noreferrer\"><img decoding=\"async\" src=\"https:\/\/institutjoanbrudieu.cat\/public\/web_centre\/html\/img\/PREINS_Criteris_prioritaris_i_complementaris_BTX_02.jpg\" alt=\"PREINS_Criteris_prioritaris_i_complementaris_BTX_02\" style=\"width:800px\"\/><\/a><\/figure>\n\n\n\n<p><\/p>\n\n\n\n<ul class=\"wp-block-list\">\n<li>Especificacions que cal tenir en compte quant a <strong>certificat d\u2019estudis<\/strong>:\n<ul class=\"wp-block-list\">\n<li>Els alumnes que han cursat l\u2019ESO a Catalunya en un centre ordinari a partir del curs 2017-2018 o b\u00e9 que actualment estan cursant l\u2019ESO a Catalunya, no han d\u2019adjuntar cap certificat del seu expedient acad\u00e8mic, ja que aquest s\u2019obt\u00e9 de les bases de dades del Departament d\u2019Educaci\u00f3; les puntuacions obtingudes es mostren en la llista de sol\u00b7licituds de preinscripci\u00f3 al centre amb la puntuaci\u00f3 provisional. Si no s\u2019ha pogut obtenir, cal adjuntar el certificat d\u2019aquesta qualificaci\u00f3 mitjana abans de finalitzar el per\u00edode per presentar una reclamaci\u00f3 a la llista de sol\u00b7licituds de preinscripci\u00f3 al centre amb la puntuaci\u00f3 provisional.<\/li>\n\n\n\n<li>Per altres q\u00fcestions relatives al certificat d\u2019estudis, aneu a la p\u00e0gina web del Departament d\u2019Educaci\u00f3 i Formaci\u00f3 Professional.\n<ul class=\"wp-block-list\">\n<li>Qualificaci\u00f3 mitjana de l\u2019ESO per a la preinscripci\u00f3 al Batxillerat (<a href=\"https:\/\/preinscripcio.gencat.cat\/ca\/estudis\/calculs-preinscripcio\/mitjana-eso-preinscripcio-fpgm-batxillerat\/qualificacio-mitjana-eso-preinscripcio-batxillerat\/\" target=\"_blank\" rel=\"noopener\">enlla\u00e7<\/a>)<\/li>\n\n\n\n<li>Si l\u2019alumne ha cursat tota l\u2019etapa equivalent a l\u2019ESO en sistemes educatius estrangers, participa en la preinscripci\u00f3 amb una&nbsp;<a href=\"https:\/\/institutjoanbrudieu.cat\/public\/web_centre\/html\/documents\/secretaria\/preins\/A815_Declaracio_responsable_homologacio_estudis.pdf\" target=\"_blank\" rel=\"noopener\">declaraci\u00f3 responsable<\/a>&nbsp;on exposa que no ha pogut iniciar l\u2019expedient d\u2019homologaci\u00f3 al t\u00edtol de GESO at\u00e8s que el curs encara no ha finalitzat i&nbsp;es compromet a sol\u00b7licitar l\u2019homologaci\u00f3 un cop finalitzats aquests estudis.&nbsp;La qualificaci\u00f3 que es t\u00e9 en compte per participar en la preinscripci\u00f3 escolar \u00e9s un 5.<\/li>\n<\/ul>\n<\/li>\n<\/ul>\n<\/li>\n<\/ul>\n\n\n\n<p><\/p>\n<\/div><\/div>\n\n\n\n<div class=\"wp-block-getwid-tabs__nav-link\"><span class=\"wp-block-getwid-tabs__title-wrapper\"><a href=\"#\"><span class=\"wp-block-getwid-tabs__title\">BTX PREINS: Oferta i llistats<\/span><\/a><\/span><\/div><div class=\"wp-block-getwid-tabs__tab-content-wrapper\"><div class=\"wp-block-getwid-tabs__tab-content\">\n<h2 class=\"wp-block-heading\"><span style=\"color: #3366ff;\"><strong>BTX [Preinscripci\u00f3 2026-2027]<\/strong><\/span><\/h2>\n\n\n\n<h3 class=\"wp-block-heading\"><span style=\"color: #ff0000;\"><strong>Oferta i publicaci\u00f3 de llistes<\/strong><\/span><\/h3>\n\n\n\n<h4 class=\"wp-block-heading\"><span style=\"color: #ff0000;\"><strong>Oferta inicial<\/strong><\/span><\/h4>\n\n\n\n<p>Per consultar l\u2019<strong>oferta inicial de places de BTX<\/strong> de l&#8217;Institut Joan Brudieu, codi oficial 25004188, heu d&#8217;anar al Mapa escolar de la preinscripci\u00f3 vigent:\u200b <a href=\"http:\/\/mapaescolar.gencat.cat\/\" target=\"_blank\" rel=\"noopener noreferrer\">http:\/\/mapaescolar.gencat.cat\/<\/a>.<\/p>\n\n\n\n<figure class=\"wp-block-image aligncenter is-resized\"><a href=\"https:\/\/institutjoanbrudieu.cat\/public\/web_centre\/html\/img\/26_PREINS_BTX_Oferta_inicial_places.jpg\" target=\"_blank\" rel=\"noopener noreferrer\"><img decoding=\"async\" src=\"https:\/\/institutjoanbrudieu.cat\/public\/web_centre\/html\/img\/26_PREINS_BTX_Oferta_inicial_places.jpg\" alt=\"26_PREINS_BTX_Oferta_inicial_places: en construcci\u00f3\" style=\"width:786px;height:auto\"\/><\/a><\/figure>\n\n\n\n<p><\/p>\n\n\n\n<div class=\"wp-block-getwid-button-group\"><div class=\"wp-block-getwid-button-group__wrapper has-alignment-center\">\n<div class=\"wp-block-button has-custom-width wp-block-button__width-75\"><a class=\"wp-block-button__link wp-element-button\" href=\"https:\/\/institutjoanbrudieu.cat\/public\/web_centre\/html\/documents\/secretaria\/preins\/26_PREINS_BTX_Llista_barem_provisional.pdf\" target=\"_blank\" rel=\"noreferrer noopener\">BTX: Llistat amb el barem provisional (14 de maig de 2026)<\/a><\/div>\n\n\n\n<div class=\"wp-block-button has-custom-width wp-block-button__width-75\"><a class=\"wp-block-button__link wp-element-button\" href=\"https:\/\/institutjoanbrudieu.cat\/public\/web_centre\/html\/documents\/secretaria\/preins\/26_PREINS_BTX_Llista_barem_definitiu.pdf\">BTX: Llista amb el barem definitiu, un cop resoltes les reclamacions (26 de maig de 2026)<\/a><\/div>\n\n\n\n<div class=\"wp-block-button has-custom-width wp-block-button__width-75\"><a class=\"wp-block-button__link wp-element-button\" href=\"https:\/\/institutjoanbrudieu.cat\/public\/web_centre\/html\/documents\/secretaria\/preins\/26_PREINS_BTX_Llista_ordenada_definitiva.pdf\" target=\"_blank\" rel=\"noreferrer noopener\">BTX: Llista ordenada definitiva (29 de maig de 2026)<\/a><\/div>\n<\/div><\/div>\n\n\n\n<p><\/p>\n\n\n\n<h4 class=\"wp-block-heading\"><span style=\"color: #ff0000;\"><strong>Oferta definitiva<\/strong><\/span><\/h4>\n\n\n\n<p>Per consultar l\u2019<strong>oferta definitiva de places de BTX<\/strong> de l&#8217;Institut Joan Brudieu, codi oficial 25004188, heu d&#8217;anar al Mapa escolar de la preinscripci\u00f3 vigent:\u200b <a href=\"https:\/\/mapaescolar.gencat.cat\/\" target=\"_blank\" rel=\"noopener noreferrer\">https:\/\/mapaescolar.gencat.cat\/<\/a>.<\/p>\n\n\n\n<figure class=\"wp-block-image\"><a href=\"https:\/\/institutjoanbrudieu.cat\/public\/web_centre\/html\/img\/26_PREINS_BTX_Oferta_final_places.jpg\" target=\"_blank\" rel=\"noopener noreferrer\"><img decoding=\"async\" src=\"https:\/\/institutjoanbrudieu.cat\/public\/web_centre\/html\/img\/26_PREINS_BTX_Oferta_final_places.jpg\" alt=\"26_PREINS_BTX_Oferta_final_places: en construcci\u00f3\"\/><\/a><\/figure>\n\n\n\n<p><\/p>\n\n\n\n<div class=\"wp-block-getwid-button-group\"><div class=\"wp-block-getwid-button-group__wrapper has-alignment-center\">\n<div class=\"wp-block-button has-custom-width wp-block-button__width-75\"><a class=\"wp-block-button__link wp-element-button\" href=\"https:\/\/institutjoanbrudieu.cat\/public\/web_centre\/html\/documents\/secretaria\/preins\/26_PREINS_BTX_Alumnat_assignat_al_centre_primera_peticio.pdf\" target=\"_blank\" rel=\"noreferrer noopener\">BTX: Llistat d&#8217;alumnat adm\u00e8s (17 de juny de 2026)<\/a><\/div>\n\n\n\n<div class=\"wp-block-button has-custom-width wp-block-button__width-75\"><a class=\"wp-block-button__link wp-element-button\" href=\"https:\/\/institutjoanbrudieu.cat\/public\/web_centre\/html\/documents\/secretaria\/preins\/26_PREINS_BTX_Alumnat_en_llista_espera.pdf\" target=\"_blank\" rel=\"noreferrer noopener\">BTX: Llistat d&#8217;alumnat en llista d&#8217;espera (17 de juny de 2026)<\/a><\/div>\n\n\n\n<div class=\"wp-block-button has-custom-width wp-block-button__width-75\"><a class=\"wp-block-button__link wp-element-button\" href=\"https:\/\/institutjoanbrudieu.cat\/public\/web_centre\/html\/documents\/secretaria\/preins\/26_PREINS_BTX_Alumnat_preinscrit.pdf\" target=\"_blank\" rel=\"noreferrer noopener\">BTX: Llistat total d&#8217;alumnat preinscrit (17 de juny de 2026)<\/a><\/div>\n<\/div><\/div>\n\n\n\n<p><\/p>\n\n\n\n<p><\/p>\n<\/div><\/div>\n\n\n\n<div class=\"wp-block-getwid-tabs__nav-link\"><span class=\"wp-block-getwid-tabs__title-wrapper\"><a href=\"#\"><span class=\"wp-block-getwid-tabs__title\">BTX &#8211; Batxibac: Tria itineraris i mat\u00e8ries<\/span><\/a><\/span><\/div><div class=\"wp-block-getwid-tabs__tab-content-wrapper\"><div class=\"wp-block-getwid-tabs__tab-content\">\n<h2 class=\"wp-block-heading\"><span style=\"color: #3366ff;\"><strong>BTX &#8211; BATXIBAC [Tria itineraris i mat\u00e8ries 2026-2027]<\/strong><\/span><\/h2>\n\n\n\n<h3 class=\"wp-block-heading\"><strong><span style=\"color: #ff0000;\">Documentaci\u00f3 interna OBLIGAT\u00d2RIA per a tot l\u2019alumnat que es preinscriu a l\u2019Institut Joan Brudieu<\/span><\/strong><\/h3>\n\n\n\n<ul class=\"wp-block-list\">\n<li>Tria d&#8217;itineraris i mat\u00e8ries a 1r de BTX i a 2n de BTX<\/li>\n<\/ul>\n\n\n\n<div class=\"wp-block-buttons is-content-justification-center is-layout-flex wp-container-core-buttons-is-layout-4 wp-block-buttons-is-layout-flex\">\n<div class=\"wp-block-button has-custom-width wp-block-button__width-50 has-custom-font-size\" style=\"font-size:22px\"><a class=\"wp-block-button__link has-vivid-cyan-blue-background-color has-background wp-element-button\" href=\"https:\/\/forms.gle\/HeaEe4sBkHe7RFuJ6\" style=\"padding-top:var(--wp--preset--spacing--50);padding-bottom:var(--wp--preset--spacing--50)\" target=\"_blank\" rel=\"noreferrer noopener\">Formulari de tria d&#8217;itineraris i mat\u00e8ries <strong>[1r de BTX]<\/strong><\/a><\/div>\n<\/div>\n\n\n\n<p><\/p>\n\n\n\n<div class=\"wp-block-buttons is-content-justification-center is-layout-flex wp-container-core-buttons-is-layout-5 wp-block-buttons-is-layout-flex\">\n<div class=\"wp-block-button has-custom-width wp-block-button__width-50 has-custom-font-size\" style=\"font-size:22px\"><a class=\"wp-block-button__link has-vivid-cyan-blue-background-color has-background wp-element-button\" href=\"https:\/\/forms.gle\/yG4Svt2D5hPsnwqc7\" style=\"padding-top:var(--wp--preset--spacing--50);padding-bottom:var(--wp--preset--spacing--50)\" target=\"_blank\" rel=\"noreferrer noopener\">Formulari de tria d&#8217;itineraris i mat\u00e8ries <strong>[2<\/strong>n<strong> de BTX]<\/strong><\/a><\/div>\n<\/div>\n\n\n\n<p><\/p>\n\n\n\n<ul class=\"wp-block-list\">\n<li><strong>Observacions<\/strong> a tenir en compte amb la tria d\u2019itineraris i mat\u00e8ries a <strong>BTX LOMLOE<\/strong> [<a href=\"https:\/\/institutjoanbrudieu.cat\/public\/web_centre\/html\/documents\/institut\/estudis\/BTX_Curriculum_LOMLOE_2324.pdf\" target=\"_blank\" rel=\"noopener\">Curr\u00edculum BTX \u2013 LOMLOE<\/a> a l\u2019Institut Joan Brudieu]\n<ul class=\"wp-block-list\">\n<li>La tria d\u2019aquestes mat\u00e8ries \u00e9s <strong>provisional<\/strong>: \n<ul class=\"wp-block-list\">\n<li>L\u2019oferta final es far\u00e0 en funci\u00f3 de la demanda i dels recursos de professorat disponibles. <\/li>\n\n\n\n<li>L\u2019institut podr\u00e0 reorganitzar l\u2019adscripci\u00f3 de l\u2019oferta en funci\u00f3 de les seves possibilitats organitzatives. Qualsevol canvi ser\u00e0 avisat oportunament.<\/li>\n\n\n\n<li>Per poder impartir les mat\u00e8ries de modalitat i optatives que ofereix l\u2019Institut, cal un <strong>m\u00ednim de deu alumnes<\/strong>. Queden excloses d&#8217;aquesta limitaci\u00f3 les mat\u00e8ries obligat\u00f2ries de modalitat i la mat\u00e8ria Grec I i II. Per a la resta de mat\u00e8ries que no arribin al <strong>m\u00ednim de deu alumnes<\/strong>, els alumnes hauran de triar una altra mat\u00e8ria de les que s\u2019ofereixen a la franja o el centre els pot adre\u00e7ar a cursar-les a trav\u00e9s de l&#8217;Institut Obert de Catalunya (IOC), amb un m\u00e0xim de dues mat\u00e8ries per alumne i curs acad\u00e8mic.<\/li>\n<\/ul>\n<\/li>\n\n\n\n<li>Per a <strong>1r de BTX LOMLOE<\/strong>:\n<ul class=\"wp-block-list\">\n<li>Si ets alumnat que cursa simult\u00e0niament estudis de m\u00fasica o compagina els estudis amb la pr\u00e0ctica intensiva de l\u2019esport, haur\u00e0s d\u2019emplenar els fulls de sol\u00b7licitud de convalidacions pertinents. Sempre es convaliden les mat\u00e8ries que hi ha a les franges MOP1 (4h) i MOP2 (2h), que haur\u00e0s de triar.<\/li>\n\n\n\n<li>Si ets alumnat de BATXIBAC, has de fer obligat\u00f2riament Llengua francesa, com a 1LE, Hist\u00f2ria de Fran\u00e7a I i Literatura francesa I (franja MOP1 \u2013 4h).<\/li>\n<\/ul>\n<\/li>\n\n\n\n<li>Per a <strong>2n de BTX LOMLOE<\/strong>:\n<ul class=\"wp-block-list\">\n<li>Si ets alumnat que cursa simult\u00e0niament estudis de m\u00fasica o compagina els estudis amb la pr\u00e0ctica intensiva de l\u2019esport, haur\u00e0s d\u2019emplenar els fulls de sol\u00b7licitud de convalidacions pertinents. Sempre es convaliden les mat\u00e8ries que hi ha a la franja d&#8217;Optativitat (4h), que haur\u00e0s de triar.<\/li>\n\n\n\n<li>Si ets alumnat de BATXIBAC, has de fer obligat\u00f2riament Llengua francesa, com a 1LE, Hist\u00f2ria de Fran\u00e7a II i Literatura francesa II (franja d&#8217;Optativitat \u2013 4h).<\/li>\n<\/ul>\n<\/li>\n<\/ul>\n<\/li>\n\n\n\n<li><strong>IMPORTANT\u00cdSSIM!!!!<\/strong>\n<ul class=\"wp-block-list\">\n<li>Sigueu curosos i responsables en la vostra tria d\u2019itineraris i de mat\u00e8ries en el moment de la preinscripci\u00f3.<\/li>\n\n\n\n<li>La vostra elecci\u00f3  <strong>t\u00e9 un gran valor<\/strong>, perqu\u00e8 les vostres decisions en aquest temps de la preinscripci\u00f3 serveixen per organitzar la complexitat del curs proper i preveure grups i plantilles del professorat, la qual cosa, en el per\u00edode de matr\u00edcula, ja est\u00e0 totalment tancada.<\/li>\n<\/ul>\n<\/li>\n<\/ul>\n\n\n\n<p><\/p>\n<\/div><\/div>\n\n\n\n<div class=\"wp-block-getwid-tabs__nav-link\"><span class=\"wp-block-getwid-tabs__title-wrapper\"><a href=\"#\"><span class=\"wp-block-getwid-tabs__title\">Matr\u00edcula Alumnat NOU<\/span><\/a><\/span><\/div><div class=\"wp-block-getwid-tabs__tab-content-wrapper\"><div class=\"wp-block-getwid-tabs__tab-content\">\n<h2 class=\"wp-block-heading\"><span style=\"color: #3366ff;\"><strong>BTX &#8211; BATXIBAC [Matr\u00edcula 2026-2027]<\/strong><\/span><\/h2>\n\n\n\n<h3 class=\"wp-block-heading\"><span style=\"color: #ff0000;\"><strong>ALUMNAT NOU ALS ESTUDIS DE BATXILLERAT<\/strong>:<\/span><\/h3>\n\n\n\n<ul class=\"wp-block-list\">\n<li>Cartes que informen de les condicions i les dates per a les <span style=\"color: #ff0000;\"><strong>matr\u00edcules<\/strong><\/span> dels <strong>estudis postobligatoris [BTX]<\/strong> (curs <strong>2026-2027<\/strong>)\n<ul class=\"wp-block-list\">\n<li>Per a <a href=\"https:\/\/institutjoanbrudieu.cat\/public\/web_centre\/html\/documents\/secretaria\/preins\/26_Matricula_BTX_nous.pdf\" target=\"_blank\" rel=\"noopener noreferrer\">BTX<\/a> <strong>[JUNY-JULIOL]<\/strong>: Alumnat nou a l&#8217;estudi i\/o a l&#8217;institut, ja sigui per a 1r de BTX o per a 2n de BTX.<\/li>\n<\/ul>\n<\/li>\n\n\n\n<li><span style=\"color: #ff0000;\"><strong>Documentaci\u00f3 general<\/strong><\/span>\n<ul class=\"wp-block-list\">\n<li><a href=\"https:\/\/institutjoanbrudieu.cat\/public\/web_centre\/html\/documents\/secretaria\/fulls\/INS_Llibre_de_documents_per_a_matricula_BTX_FP_IFE.pdf\" target=\"_blank\" rel=\"noopener\"><strong>Llibre de documents per a la matr\u00edcula de BTX &#8211; FP &#8211; IFE<\/strong><\/a>. Cal emplenar i signar les <strong>autoritzacions<\/strong> que us proposem, inserides en forma d\u2019apartats en el document:\n<ul class=\"wp-block-list\">\n<li><strong>DADES I<\/strong>: Dades personals per a ALEXIA i TokApp. \u00c9s del tot necessari i imprescindible que tots els tel\u00e8fons de contacte siguin plenament operatius, aix\u00ed com els correus electr\u00f2nics.<\/li>\n\n\n\n<li><strong>DADES II<\/strong>: Autoritzaci\u00f3 de dades per a TokApp.<\/li>\n\n\n\n<li><strong>SORTIDES<\/strong>: Autoritzaci\u00f3 de sortides a la Seu i els seus voltants al llarg del curs de l\u2019escolaritzaci\u00f3 a l\u2019Institut.<\/li>\n\n\n\n<li><strong>ORDINADORS<\/strong>: Acceptaci\u00f3 o ren\u00fancia dels ordinadors del Pla Digital de Catalunya.<\/li>\n\n\n\n<li><strong>IMATGES<\/strong>: Autoritzaci\u00f3 expressa relativa a l\u2019alumnat quant al tractament d\u2019imatges i\/o veu.<\/li>\n\n\n\n<li><strong>RECURSOS DIGITALS<\/strong>: Autoritzaci\u00f3 expressa relativa a l\u2019alumnat quant a l\u2019\u00fas de serveis i recursos digitals a Internet per treballar a l\u2019aula.<\/li>\n<\/ul>\n<\/li>\n\n\n\n<li>Informaci\u00f3 per a <a href=\"https:\/\/institutjoanbrudieu.cat\/public\/web_centre\/html\/documents\/secretaria\/preins\/26_Taquilles_alumnat.pdf\" target=\"_blank\" rel=\"noopener noreferrer\">Lloguer de taquilles<\/a>.<\/li>\n\n\n\n<li><strong>Associaci\u00f3 de Fam\u00edlies d&#8217;Alumnat (AFA-Institut Joan Brudieu)<\/strong>\n<ul class=\"wp-block-list\">\n<li><strong>AFA<\/strong>: <a href=\"https:\/\/institutjoanbrudieu.cat\/public\/web_centre\/html\/documents\/secretaria\/preins\/26_AFA_Informacio_soci_i_samarreta.pdf\" target=\"_blank\" rel=\"noopener noreferrer\">informaci\u00f3 per a la inscripci\u00f3 i la compra de samarretes i dessuadores<\/a>.<\/li>\n\n\n\n<li><strong>AFA<\/strong>: <strong>Autoritzaci\u00f3 expressa de dades personals<\/strong>. Per tal que l\u2019AFA pugui contactar amb els socis i s\u00f2cies i poder transmetre la informaci\u00f3 que moltes vegades ens arriba i que pot interessar a les fam\u00edlies, \u00e9s necessari donar-se d\u2019alta com a socis en el seg\u00fcent enlla\u00e7 <a href=\"https:\/\/docs.google.com\/forms\/d\/e\/1FAIpQLSei-A_4ymQHR6s8GB9UjsoWBEomkzOGFXeOq1z1YiS6hO0rqg\/viewform?usp=header\" target=\"_blank\" rel=\"noopener\"><strong>Autoritzaci\u00f3 expressa de dades<\/strong><\/a> i omplir el formulari de registre de s\u00f2cies i socis.<\/li>\n<\/ul>\n<\/li>\n\n\n\n<li>M\u00e9s documents a <a href=\"https:\/\/agora.xtec.cat\/iesjoanbrudieu\/secretaria\/fulls-impresos\/\" target=\"_blank\" rel=\"noopener noreferrer\">Fulls impresos<\/a> de la p\u00e0gina web.<\/li>\n<\/ul>\n<\/li>\n<\/ul>\n\n\n\n<p><\/p>\n<\/div><\/div>\n\n\n\n<div class=\"wp-block-getwid-tabs__nav-link\"><span class=\"wp-block-getwid-tabs__title-wrapper\"><a href=\"#\"><span class=\"wp-block-getwid-tabs__title\">Continu\u00eftat de matr\u00edcula<\/span><\/a><\/span><\/div><div class=\"wp-block-getwid-tabs__tab-content-wrapper\"><div class=\"wp-block-getwid-tabs__tab-content\">\n<h2 class=\"wp-block-heading\"><span style=\"color: #3366ff;\"><strong>BTX &#8211; BATXIBAC [Continu\u00eftat de Matr\u00edcula 2026-2027]<\/strong><\/span><\/h2>\n\n\n\n<h3 class=\"wp-block-heading\"><span style=\"color: #ff0000;\"><strong>ALUMNAT QUE JA EST\u00c0 CURSANT BATXILLERAT A L&#8217;INSTITUT<\/strong>:<\/span><\/h3>\n\n\n\n<ul class=\"wp-block-list\">\n<li>Cartes que informen de les condicions i les dates per a les <span style=\"color: #ff0000;\"><strong>confirmacions de matr\u00edcules<\/strong> <\/span>dels <strong>estudis postobligatoris [BTX] <\/strong>(curs <strong>2026-2027<\/strong>)\n<ul class=\"wp-block-list\">\n<li>Per a&nbsp;<a href=\"https:\/\/institutjoanbrudieu.cat\/public\/web_centre\/html\/documents\/secretaria\/preins\/26_Matricula_BTX_INS.pdf\" target=\"_blank\" rel=\"noopener noreferrer\">Repetidors 2n BTX<\/a><strong> <\/strong><strong>[JUNY &#8211; despr\u00e9s de l&#8217;avaluaci\u00f3 extraordin\u00e0ria de B2]<\/strong>\n<ul class=\"wp-block-list\">\n<li>Alumnat de <strong>B2<\/strong> que <strong>NO<\/strong> titula perqu\u00e8 t\u00e9 mat\u00e8ries pendents a la convocat\u00f2ria extraordin\u00e0ria de juny i ha de repetir B2, amb mat\u00e8ries soltes.<\/li>\n<\/ul>\n<\/li>\n\n\n\n<li>Per a <a href=\"https:\/\/institutjoanbrudieu.cat\/public\/web_centre\/html\/documents\/secretaria\/preins\/26_Matricula_BTX_INS.pdf\" target=\"_blank\" rel=\"noopener noreferrer\">2n BTX<\/a><strong>[JUNY &#8211; despr\u00e9s de l&#8217;avaluaci\u00f3 ordin\u00e0ria de B1]<\/strong>\n<ul class=\"wp-block-list\">\n<li>Alumnat de <strong>B1<\/strong> que promociona a B2 perqu\u00e8 ha superat totes les mat\u00e8ries cursades a l&#8217;avaluaci\u00f3 ordin\u00e0ria.<\/li>\n<\/ul>\n<\/li>\n\n\n\n<li>Per a <a href=\"https:\/\/institutjoanbrudieu.cat\/public\/web_centre\/html\/documents\/secretaria\/preins\/26_Matricula_BTX_INS.pdf\" target=\"_blank\" rel=\"noopener noreferrer\">2n BTX i repetidors de 1r BTX<\/a><strong> [JUNY &#8211; despr\u00e9s de l&#8217;avaluaci\u00f3 extraordin\u00e0ria de B1]<\/strong>\n<ul class=\"wp-block-list\">\n<li>Alumnat de <strong>B1<\/strong> que promociona a B2 perqu\u00e8 ha superat totes les mat\u00e8ries cursades o li&#8217;n queden dues de pendents despr\u00e9s de l\u2019avaluaci\u00f3 extraordin\u00e0ria.<\/li>\n\n\n\n<li>Alumnat de <strong>B1<\/strong> que ha de repetir curs perqu\u00e8 t\u00e9 tres o m\u00e9s mat\u00e8ries pendents despr\u00e9s de l&#8217;avaluaci\u00f3 extraordin\u00e0ria.<\/li>\n<\/ul>\n<\/li>\n<\/ul>\n<\/li>\n\n\n\n<li><span style=\"color: #ff0000;\"><strong>Documentaci\u00f3 general<\/strong><\/span> per a tots els cursos\n<ul class=\"wp-block-list\">\n<li>Informaci\u00f3 per a <a href=\"https:\/\/institutjoanbrudieu.cat\/public\/web_centre\/html\/documents\/secretaria\/preins\/26_Taquilles_alumnat.pdf\" target=\"_blank\" rel=\"noopener noreferrer\">Lloguer de taquilles<\/a>.<\/li>\n\n\n\n<li><strong>Associaci\u00f3 de Fam\u00edlies d&#8217;Alumnat (AFA-Institut Joan Brudieu)<\/strong>\n<ul class=\"wp-block-list\">\n<li><strong>AFA<\/strong>: <a href=\"https:\/\/institutjoanbrudieu.cat\/public\/web_centre\/html\/documents\/secretaria\/preins\/26_AFA_Informacio_soci_i_samarreta.pdf\" target=\"_blank\" rel=\"noopener noreferrer\">informaci\u00f3 per a la inscripci\u00f3 i la compra de samarretes i dessuadores<\/a>.<\/li>\n\n\n\n<li><strong>AFA<\/strong>: <strong>Autoritzaci\u00f3 expressa de dades personals<\/strong>. Per tal que l\u2019AFA pugui contactar amb els socis i s\u00f2cies i poder transmetre la informaci\u00f3 que moltes vegades ens arriba i que pot interessar a les fam\u00edlies, \u00e9s necessari donar-se d\u2019alta com a socis en el seg\u00fcent enlla\u00e7 <a href=\"https:\/\/docs.google.com\/forms\/d\/e\/1FAIpQLSei-A_4ymQHR6s8GB9UjsoWBEomkzOGFXeOq1z1YiS6hO0rqg\/viewform?usp=header\" target=\"_blank\" rel=\"noopener\"><strong>Autoritzaci\u00f3 expressa de dades<\/strong><\/a> i omplir el formulari de registre de s\u00f2cies i socis.<\/li>\n<\/ul>\n<\/li>\n\n\n\n<li>M\u00e9s documents a <a href=\"https:\/\/agora.xtec.cat\/iesjoanbrudieu\/secretaria\/fulls-impresos\/\" target=\"_blank\" rel=\"noopener noreferrer\">Fulls impresos<\/a> de la p\u00e0gina web.<\/li>\n<\/ul>\n<\/li>\n<\/ul>\n\n\n\n<p><\/p>\n<\/div><\/div>\n<\/div>\n","protected":false},"excerpt":{"rendered":"<p>BTX &#8211; BATXIBAC [2026-2027] Informaci\u00f3 Estudis Postobligatoris de l&#8217;Institut Joan Brudieu Estem treballant per actualitzar tota la informaci\u00f3 per a la preinscripci\u00f3 2026-2027. BTX &#8211; BATXIBAC [Calendari Preinscripci\u00f3 i Matr\u00edcula]<\/p>\n","protected":false},"author":1,"featured_media":0,"parent":1337,"menu_order":2,"comment_status":"closed","ping_status":"closed","template":"","meta":{"_bbp_topic_count":0,"_bbp_reply_count":0,"_bbp_total_topic_count":0,"_bbp_total_reply_count":0,"_bbp_voice_count":0,"_bbp_anonymous_reply_count":0,"_bbp_topic_count_hidden":0,"_bbp_reply_count_hidden":0,"_bbp_forum_subforum_count":0,"site-sidebar-layout":"default","site-content-layout":"","ast-site-content-layout":"default","site-content-style":"default","site-sidebar-style":"default","ast-global-header-display":"","ast-banner-title-visibility":"","ast-main-header-display":"","ast-hfb-above-header-display":"","ast-hfb-below-header-display":"","ast-hfb-mobile-header-display":"","site-post-title":"","ast-breadcrumbs-content":"","ast-featured-img":"","footer-sml-layout":"","theme-transparent-header-meta":"","adv-header-id-meta":"","stick-header-meta":"","header-above-stick-meta":"","header-main-stick-meta":"","header-below-stick-meta":"","astra-migrate-meta-layouts":"set","ast-page-background-enabled":"default","ast-page-background-meta":{"desktop":{"background-color":"var(--ast-global-color-4)","background-image":"","background-repeat":"repeat","background-position":"center center","background-size":"auto","background-attachment":"scroll","background-type":"","background-media":"","overlay-type":"","overlay-color":"","overlay-opacity":"","overlay-gradient":""},"tablet":{"background-color":"","background-image":"","background-repeat":"repeat","background-position":"center center","background-size":"auto","background-attachment":"scroll","background-type":"","background-media":"","overlay-type":"","overlay-color":"","overlay-opacity":"","overlay-gradient":""},"mobile":{"background-color":"","background-image":"","background-repeat":"repeat","background-position":"center center","background-size":"auto","background-attachment":"scroll","background-type":"","background-media":"","overlay-type":"","overlay-color":"","overlay-opacity":"","overlay-gradient":""}},"ast-content-background-meta":{"desktop":{"background-color":"var(--ast-global-color-5)","background-image":"","background-repeat":"repeat","background-position":"center center","background-size":"auto","background-attachment":"scroll","background-type":"","background-media":"","overlay-type":"","overlay-color":"","overlay-opacity":"","overlay-gradient":""},"tablet":{"background-color":"var(--ast-global-color-5)","background-image":"","background-repeat":"repeat","background-position":"center center","background-size":"auto","background-attachment":"scroll","background-type":"","background-media":"","overlay-type":"","overlay-color":"","overlay-opacity":"","overlay-gradient":""},"mobile":{"background-color":"var(--ast-global-color-5)","background-image":"","background-repeat":"repeat","background-position":"center center","background-size":"auto","background-attachment":"scroll","background-type":"","background-media":"","overlay-type":"","overlay-color":"","overlay-opacity":"","overlay-gradient":""}},"footnotes":""},"class_list":["post-5977","page","type-page","status-publish","hentry"],"post_mailing_queue_ids":[],"_links":{"self":[{"href":"https:\/\/agora.xtec.cat\/iesjoanbrudieu\/wp-json\/wp\/v2\/pages\/5977","targetHints":{"allow":["GET"]}}],"collection":[{"href":"https:\/\/agora.xtec.cat\/iesjoanbrudieu\/wp-json\/wp\/v2\/pages"}],"about":[{"href":"https:\/\/agora.xtec.cat\/iesjoanbrudieu\/wp-json\/wp\/v2\/types\/page"}],"author":[{"embeddable":true,"href":"https:\/\/agora.xtec.cat\/iesjoanbrudieu\/wp-json\/wp\/v2\/users\/1"}],"replies":[{"embeddable":true,"href":"https:\/\/agora.xtec.cat\/iesjoanbrudieu\/wp-json\/wp\/v2\/comments?post=5977"}],"version-history":[{"count":6,"href":"https:\/\/agora.xtec.cat\/iesjoanbrudieu\/wp-json\/wp\/v2\/pages\/5977\/revisions"}],"predecessor-version":[{"id":11204,"href":"https:\/\/agora.xtec.cat\/iesjoanbrudieu\/wp-json\/wp\/v2\/pages\/5977\/revisions\/11204"}],"up":[{"embeddable":true,"href":"https:\/\/agora.xtec.cat\/iesjoanbrudieu\/wp-json\/wp\/v2\/pages\/1337"}],"wp:attachment":[{"href":"https:\/\/agora.xtec.cat\/iesjoanbrudieu\/wp-json\/wp\/v2\/media?parent=5977"}],"curies":[{"name":"wp","href":"https:\/\/api.w.org\/{rel}","templated":true}]}}