{"id":5695,"date":"2020-10-19T18:32:23","date_gmt":"2020-10-19T16:32:23","guid":{"rendered":"http:\/\/agora.xtec.cat\/iesjoanbrudieu\/?page_id=5695"},"modified":"2022-09-10T09:40:11","modified_gmt":"2022-09-10T07:40:11","slug":"fotografies-curs-2019-2020","status":"publish","type":"page","link":"https:\/\/agora.xtec.cat\/iesjoanbrudieu\/fotografies-de-linstitut\/fotografies-curs-2019-2020\/","title":{"rendered":"Fotografies: curs 2019-2020"},"content":{"rendered":"<h2 class=\"titolh2\">CURS 2019-2020<\/h2>\n<div class=\"blocimg\"><a href=\"https:\/\/photos.app.goo.gl\/7GbNjEerdua6TYcr5\" target=\"_blank\" rel=\"noopener noreferrer\"><img decoding=\"async\" class=\"size-thumbnail wp-image-1717 aligncenter img150x150\" src=\"https:\/\/institutjoanbrudieu.cat\/public\/web_centre\/html\/documents\/fotos_web\/200310_Plenari_Consell_Adolescents.jpg\" alt=\"200310_Plenari_Consell_Adolescents\" \/>200310 Plenari del Consell d&#8217;Adolescents a la Seu d&#8217;Urgell<\/a><\/div>\n<div class=\"blocimg\"><a href=\"https:\/\/photos.app.goo.gl\/KSK9ynWEvxUJesmA8\" target=\"_blank\" rel=\"noopener noreferrer\"><img decoding=\"async\" class=\"size-thumbnail wp-image-1717 aligncenter img150x150\" src=\"https:\/\/institutjoanbrudieu.cat\/public\/web_centre\/html\/documents\/fotos_web\/200304_Sortida_geologica_Tremp.jpg\" alt=\"200304_Sortida_geologica_Tremp\" \/>200304 Sortida geol\u00f2gica a Tremp<\/a><\/div>\n<div class=\"blocimg\"><a href=\"https:\/\/photos.app.goo.gl\/grtoRbMXfuuQdumT9\" target=\"_blank\" rel=\"noopener noreferrer\"><img decoding=\"async\" class=\"size-thumbnail wp-image-1717 aligncenter img150x150\" src=\"https:\/\/institutjoanbrudieu.cat\/public\/web_centre\/html\/documents\/fotos_web\/200222_Judici_del_carnestoltes.jpg\" alt=\"200222_Judici_del_carnestoltes\" \/>200222 Judici del Carnestoltes<\/a><\/div>\n<div class=\"blocimg\"><a href=\"https:\/\/photos.app.goo.gl\/Curao4Pft3hNMsGr9\" target=\"_blank\" rel=\"noopener noreferrer\"><img decoding=\"async\" class=\"size-thumbnail wp-image-1717 aligncenter img150x150\" src=\"https:\/\/institutjoanbrudieu.cat\/public\/web_centre\/html\/documents\/fotos_web\/200221_Erasmus_CFGS.jpg\" alt=\"200221_Erasmus_CFGS\" \/>200221 Erasmus CFGS<\/a><\/div>\n<div class=\"blocimg\"><a href=\"https:\/\/photos.app.goo.gl\/LydVx9zbSuDnb8U7A\" target=\"_blank\" rel=\"noopener noreferrer\"><img decoding=\"async\" class=\"size-thumbnail wp-image-1717 aligncenter img150x150\" src=\"https:\/\/institutjoanbrudieu.cat\/public\/web_centre\/html\/documents\/fotos_web\/200221_Carnaval.jpg\" alt=\"200221_Carnaval\" \/>200221 Carnaval<\/a><\/div>\n<div class=\"blocimg\"><a href=\"https:\/\/photos.app.goo.gl\/6edMrpQ15fFKZpbp6\" target=\"_blank\" rel=\"noopener noreferrer\"><img decoding=\"async\" class=\"size-thumbnail wp-image-1717 aligncenter img150x150\" src=\"https:\/\/institutjoanbrudieu.cat\/public\/web_centre\/html\/documents\/fotos_web\/200221_Visita_de_Bev_Allan.jpg\" alt=\"200221_Visita_de_Bev_Allan\" \/>200221 Visita de l&#8217;escriptora Bev Allan<\/a><\/div>\n<div class=\"blocimg\"><a href=\"https:\/\/photos.app.goo.gl\/Jzt6df8JFeHdN32g8\" target=\"_blank\" rel=\"noopener noreferrer\"><img decoding=\"async\" class=\"size-thumbnail wp-image-1717 aligncenter img150x150\" src=\"https:\/\/institutjoanbrudieu.cat\/public\/web_centre\/html\/documents\/fotos_web\/200213_Exposicio_EVP_Color.jpg\" alt=\"200213_Exposicio_EVP_Color\" \/>200213 Exposici\u00f3 EVP B1 &#8220;El color&#8221;<\/a><\/div>\n<div class=\"blocimg\"><a href=\"https:\/\/photos.app.goo.gl\/CZQnnQfgGhzCrD3W7\" target=\"_blank\" rel=\"noopener noreferrer\"><img decoding=\"async\" class=\"size-thumbnail wp-image-1717 aligncenter img150x150\" src=\"https:\/\/institutjoanbrudieu.cat\/public\/web_centre\/html\/documents\/fotos_web\/200203_La_Chandeleur.jpg\" alt=\"200203_La_Chandeleur\" \/>200203 La Chandeleur<\/a><\/div>\n<div class=\"blocimg\"><a href=\"https:\/\/photos.app.goo.gl\/mcLawxF6TvQ4ytX18\" target=\"_blank\" rel=\"noopener noreferrer\"><img decoding=\"async\" class=\"size-thumbnail wp-image-1717 aligncenter img150x150\" src=\"https:\/\/institutjoanbrudieu.cat\/public\/web_centre\/html\/documents\/fotos_web\/200205_Portes_obertes_primaria_alumnat.jpg\" alt=\"200205_Portes_obertes_primaria_alumnat\" \/>29 de gener i 5 de febrer: Jornada de Portes obertes per a l&#8217;alumnat de Prim\u00e0ria<\/a><\/div>\n<div class=\"blocimg\"><a href=\"https:\/\/photos.app.goo.gl\/bb6cRVDvK39Xa3NF9\" target=\"_blank\" rel=\"noopener noreferrer\"><img decoding=\"async\" class=\"size-thumbnail wp-image-1717 aligncenter img150x150\" src=\"https:\/\/institutjoanbrudieu.cat\/public\/web_centre\/html\/documents\/fotos_web\/200131_Sortida_Museu_Matematiques_S2.jpg\" alt=\"200131_Sortida_Museu_Matematiques_S2\" \/>200131 Sortida al Museu de Matem\u00e0tiques S2<\/a><\/div>\n<div class=\"blocimg\"><a href=\"https:\/\/photos.app.goo.gl\/cSvpLPRhY4bv5gze8\" target=\"_blank\" rel=\"noopener noreferrer\"><img decoding=\"async\" class=\"size-thumbnail wp-image-1717 aligncenter img150x150\" src=\"https:\/\/institutjoanbrudieu.cat\/public\/web_centre\/html\/documents\/fotos_web\/Catala_Poch_Assumpcio.jpg\" alt=\"Catala_Poch_Assumpcio\" \/>200123 Exposici\u00f3 Assumpci\u00f3 Catal\u00e0<\/a><\/div>\n<div class=\"blocimg\"><a href=\"https:\/\/photos.app.goo.gl\/REPcQ9iLaTbAqL1b6\" target=\"_blank\" rel=\"noopener noreferrer\"><img decoding=\"async\" class=\"size-thumbnail wp-image-1717 aligncenter img150x150\" src=\"https:\/\/institutjoanbrudieu.cat\/public\/web_centre\/html\/documents\/fotos_web\/200109_Xerrada_Ciberseguretat.jpg\" alt=\"200109_Xerrada_Ciberseguretat\" \/>200109 Xerrada Ciberseguretat<\/a><\/div>\n<div class=\"blocimg\"><a href=\"https:\/\/photos.app.goo.gl\/cD5PPdffnfvmJhoE8\" target=\"_blank\" rel=\"noopener noreferrer\"><img decoding=\"async\" class=\"size-thumbnail wp-image-1717 aligncenter img150x150\" src=\"https:\/\/institutjoanbrudieu.cat\/public\/web_centre\/html\/documents\/fotos_web\/191213_Festival_Nadal_S4.jpg\" alt=\"191213_Festival_Nadal_S4\" \/>191220 Festival Nadal S4 (alumnat)<\/a><\/div>\n<div class=\"blocimg\"><a href=\"https:\/\/photos.app.goo.gl\/5gLGEBnG1HdmFnt87\" target=\"_blank\" rel=\"noopener noreferrer\"><img decoding=\"async\" class=\"size-thumbnail wp-image-1717 aligncenter img150x150\" src=\"https:\/\/institutjoanbrudieu.cat\/public\/web_centre\/html\/documents\/fotos_web\/191219_Presentacio_alumnat_sortida_Eslovaquia.jpg\" alt=\"191219_Presentacio_alumnat_sortida_Eslovaquia\" \/>191219 Presentaci\u00f3 de l&#8217;alumnat de la sortida a Eslov\u00e0quia<\/a><\/div>\n<div class=\"blocimg\"><a href=\"https:\/\/photos.app.goo.gl\/ZvyVSmivL3a4uwSA8\" target=\"_blank\" rel=\"noopener noreferrer\"><img decoding=\"async\" class=\"size-thumbnail wp-image-1717 aligncenter img150x150\" src=\"https:\/\/institutjoanbrudieu.cat\/public\/web_centre\/html\/documents\/fotos_web\/191219_Primers_auxilis_CF.jpg\" alt=\"191219_Primers_auxilis_CF\" \/>191219 Primers auxilis CF<\/a><\/div>\n<div class=\"blocimg\"><a href=\"https:\/\/photos.app.goo.gl\/bKu2yC9NmYM1R8sn8\" target=\"_blank\" rel=\"noopener noreferrer\"><img decoding=\"async\" class=\"size-thumbnail wp-image-1717 aligncenter img150x150\" src=\"https:\/\/institutjoanbrudieu.cat\/public\/web_centre\/html\/documents\/fotos_web\/191205_Erasmus_Eslovaquia.jpg\" alt=\"191205_Erasmus_Eslovaquia\" \/>191205 Erasmus+ a Eslov\u00e0quia<\/a><\/div>\n<div class=\"blocimg\"><a href=\"https:\/\/photos.app.goo.gl\/rFGt54z6mJyPG7dj9\" target=\"_blank\" rel=\"noopener noreferrer\"><img decoding=\"async\" class=\"size-thumbnail wp-image-1717 aligncenter img150x150\" src=\"https:\/\/institutjoanbrudieu.cat\/public\/web_centre\/html\/documents\/fotos_web\/191205_Erasmus_a_Polonia.jpg\" alt=\"191205_Erasmus_a_Polonia\" \/>191205 Erasmus+ a Pol\u00f2nia<\/a><\/div>\n<div class=\"blocimg\"><a href=\"https:\/\/photos.app.goo.gl\/p89dgJft8gAsaP5c7\" target=\"_blank\" rel=\"noopener noreferrer\"><img decoding=\"async\" class=\"size-thumbnail wp-image-1717 aligncenter img150x150\" src=\"https:\/\/institutjoanbrudieu.cat\/public\/web_centre\/html\/documents\/fotos_web\/191129_Premis_TdR_UdL.jpg\" alt=\"191129_Premis_TdR_UdL\" \/>191129 Lliurament Premis TdR UdL<\/a><\/div>\n<div class=\"blocimg\"><a href=\"https:\/\/photos.app.goo.gl\/EhV9mpQMUhnnQNzo7\" target=\"_blank\" rel=\"noopener noreferrer\"><img decoding=\"async\" class=\"size-thumbnail wp-image-1717 aligncenter img150x150\" src=\"https:\/\/institutjoanbrudieu.cat\/public\/web_centre\/html\/documents\/fotos_web\/191112_Xerrada_Nadia_Ghulam.jpg\" alt=\"191112_Xerrada_Nadia_Ghulam\" \/>191112 Xerrada Nadia Ghulam<\/a><\/div>\n<div class=\"blocimg\"><a href=\"https:\/\/photos.app.goo.gl\/ctPMFD2Ldh7kR3gL9\" target=\"_blank\" rel=\"noopener noreferrer\"><img decoding=\"async\" class=\"size-thumbnail wp-image-1717 aligncenter img150x150\" src=\"https:\/\/institutjoanbrudieu.cat\/public\/web_centre\/html\/documents\/fotos_web\/191111_Exposicio_EVP.jpg\" alt=\"191111_Exposicio_EVPs\" \/>191111 Exposici\u00f3 EVP<\/a><\/div>\n<div class=\"blocimg\"><a href=\"https:\/\/photos.app.goo.gl\/uYRfaVZXL4Qn4zWS9\" target=\"_blank\" rel=\"noopener noreferrer\"><img decoding=\"async\" class=\"size-thumbnail wp-image-1717 aligncenter img150x150\" src=\"https:\/\/institutjoanbrudieu.cat\/public\/web_centre\/html\/documents\/fotos_web\/191015_Erasmus+_Leganes.jpg\" alt=\"191015_Erasmus+_Leganes\" \/>191015 Jornades Erasmus+ a Legan\u00e9s<\/a><\/div>\n<div class=\"blocimg\"><a href=\"https:\/\/photos.app.goo.gl\/ZA2K6RJoBKr8bVCt8\" target=\"_blank\" rel=\"noopener noreferrer\"><img decoding=\"async\" class=\"size-thumbnail wp-image-1717 aligncenter img150x150\" src=\"https:\/\/institutjoanbrudieu.cat\/public\/web_centre\/html\/documents\/fotos_web\/191005_Ball_Cerda_Intergeneracional.jpg\" alt=\"191005_Ball_Cerda_Intergeneracional\" \/>191005 Ball Cerd\u00e0 Intergeneracional<\/a><\/div>\n<div class=\"blocimg\"><a href=\"https:\/\/photos.app.goo.gl\/D2Qp3dVUakC27q3S9\" target=\"_blank\" rel=\"noopener noreferrer\"><img decoding=\"async\" class=\"size-thumbnail wp-image-1717 aligncenter img150x150\" src=\"https:\/\/institutjoanbrudieu.cat\/public\/web_centre\/html\/documents\/fotos_web\/191001_Sortida_EF_al_Bosc_de_la_Pinya.jpg\" alt=\"191001_Sortida_EF_al_Bosc_de_la_Pinya\" \/>191001 Sortida EF: S1, al Bosc de la Pinya<\/a><\/div>\n<div class=\"blocimg\"><a href=\"https:\/\/photos.app.goo.gl\/ecwG7H6DyFyZ9tPY7\" target=\"_blank\" rel=\"noopener noreferrer\"><img decoding=\"async\" class=\"size-thumbnail wp-image-1717 aligncenter img150x150\" src=\"https:\/\/institutjoanbrudieu.cat\/public\/web_centre\/html\/documents\/fotos_web\/190927_Jornades_Erasmus_Cuenca.jpg\" alt=\"190927_Jornades_Erasmus_Cuenca\" \/>190927 Jornades Erasmus+ a Cuenca<\/a><\/div>\n","protected":false},"excerpt":{"rendered":"<p>CURS 2019-2020 200310 Plenari del Consell d&#8217;Adolescents a la Seu d&#8217;Urgell 200304 Sortida geol\u00f2gica a Tremp 200222 Judici del Carnestoltes 200221 Erasmus CFGS 200221 Carnaval 200221 Visita de l&#8217;escriptora Bev Allan 200213 Exposici\u00f3 EVP B1 &#8220;El color&#8221; 200203 La Chandeleur 29 de gener i 5 de febrer: Jornada de Portes obertes per a l&#8217;alumnat de [&hellip;]<\/p>\n","protected":false},"author":1,"featured_media":0,"parent":1712,"menu_order":17,"comment_status":"closed","ping_status":"closed","template":"page-templates\/side-menu.php","meta":{"_bbp_topic_count":0,"_bbp_reply_count":0,"_bbp_total_topic_count":0,"_bbp_total_reply_count":0,"_bbp_voice_count":0,"_bbp_anonymous_reply_count":0,"_bbp_topic_count_hidden":0,"_bbp_reply_count_hidden":0,"_bbp_forum_subforum_count":0,"site-sidebar-layout":"default","site-content-layout":"","ast-site-content-layout":"","site-content-style":"default","site-sidebar-style":"default","ast-global-header-display":"","ast-banner-title-visibility":"","ast-main-header-display":"","ast-hfb-above-header-display":"","ast-hfb-below-header-display":"","ast-hfb-mobile-header-display":"","site-post-title":"","ast-breadcrumbs-content":"","ast-featured-img":"","footer-sml-layout":"","theme-transparent-header-meta":"","adv-header-id-meta":"","stick-header-meta":"","header-above-stick-meta":"","header-main-stick-meta":"","header-below-stick-meta":"","astra-migrate-meta-layouts":"default","ast-page-background-enabled":"default","ast-page-background-meta":{"desktop":{"background-color":"var(--ast-global-color-4)","background-image":"","background-repeat":"repeat","background-position":"center center","background-size":"auto","background-attachment":"scroll","background-type":"","background-media":"","overlay-type":"","overlay-color":"","overlay-opacity":"","overlay-gradient":""},"tablet":{"background-color":"","background-image":"","background-repeat":"repeat","background-position":"center center","background-size":"auto","background-attachment":"scroll","background-type":"","background-media":"","overlay-type":"","overlay-color":"","overlay-opacity":"","overlay-gradient":""},"mobile":{"background-color":"","background-image":"","background-repeat":"repeat","background-position":"center center","background-size":"auto","background-attachment":"scroll","background-type":"","background-media":"","overlay-type":"","overlay-color":"","overlay-opacity":"","overlay-gradient":""}},"ast-content-background-meta":{"desktop":{"background-color":"var(--ast-global-color-5)","background-image":"","background-repeat":"repeat","background-position":"center center","background-size":"auto","background-attachment":"scroll","background-type":"","background-media":"","overlay-type":"","overlay-color":"","overlay-opacity":"","overlay-gradient":""},"tablet":{"background-color":"var(--ast-global-color-5)","background-image":"","background-repeat":"repeat","background-position":"center center","background-size":"auto","background-attachment":"scroll","background-type":"","background-media":"","overlay-type":"","overlay-color":"","overlay-opacity":"","overlay-gradient":""},"mobile":{"background-color":"var(--ast-global-color-5)","background-image":"","background-repeat":"repeat","background-position":"center center","background-size":"auto","background-attachment":"scroll","background-type":"","background-media":"","overlay-type":"","overlay-color":"","overlay-opacity":"","overlay-gradient":""}},"footnotes":""},"class_list":["post-5695","page","type-page","status-publish","hentry"],"post_mailing_queue_ids":[],"_links":{"self":[{"href":"https:\/\/agora.xtec.cat\/iesjoanbrudieu\/wp-json\/wp\/v2\/pages\/5695","targetHints":{"allow":["GET"]}}],"collection":[{"href":"https:\/\/agora.xtec.cat\/iesjoanbrudieu\/wp-json\/wp\/v2\/pages"}],"about":[{"href":"https:\/\/agora.xtec.cat\/iesjoanbrudieu\/wp-json\/wp\/v2\/types\/page"}],"author":[{"embeddable":true,"href":"https:\/\/agora.xtec.cat\/iesjoanbrudieu\/wp-json\/wp\/v2\/users\/1"}],"replies":[{"embeddable":true,"href":"https:\/\/agora.xtec.cat\/iesjoanbrudieu\/wp-json\/wp\/v2\/comments?post=5695"}],"version-history":[{"count":1,"href":"https:\/\/agora.xtec.cat\/iesjoanbrudieu\/wp-json\/wp\/v2\/pages\/5695\/revisions"}],"predecessor-version":[{"id":5696,"href":"https:\/\/agora.xtec.cat\/iesjoanbrudieu\/wp-json\/wp\/v2\/pages\/5695\/revisions\/5696"}],"up":[{"embeddable":true,"href":"https:\/\/agora.xtec.cat\/iesjoanbrudieu\/wp-json\/wp\/v2\/pages\/1712"}],"wp:attachment":[{"href":"https:\/\/agora.xtec.cat\/iesjoanbrudieu\/wp-json\/wp\/v2\/media?parent=5695"}],"curies":[{"name":"wp","href":"https:\/\/api.w.org\/{rel}","templated":true}]}}