{"id":3895,"date":"2018-08-23T12:06:17","date_gmt":"2018-08-23T10:06:17","guid":{"rendered":"http:\/\/agora.xtec.cat\/iesjoanbrudieu\/?page_id=3895"},"modified":"2022-09-10T09:39:58","modified_gmt":"2022-09-10T07:39:58","slug":"fotografies-curs-2017-2018","status":"publish","type":"page","link":"https:\/\/agora.xtec.cat\/iesjoanbrudieu\/fotografies-de-linstitut\/fotografies-curs-2017-2018\/","title":{"rendered":"Fotografies: curs 2017-2018"},"content":{"rendered":"<h2 class=\"titolh2\">CURS 2017-2018<\/h2>\n<div class=\"blocimg\"><a href=\"https:\/\/photos.app.goo.gl\/o3wD9ERxZnLdXqz9A\" target=\"_blank\" rel=\"noopener noreferrer\"><br \/>\n<img decoding=\"async\" class=\"size-thumbnail wp-image-1717 aligncenter img150x150\" src=\"http:\/\/institutjoanbrudieu.cat\/public\/web_centre\/html\/documents\/fotos_web\/180720_Distincions_PAU18.jpg\" alt=\"180720_Distincions_PAU18\" \/>180720 Distincions PAU 2018<\/a><\/div>\n<div class=\"blocimg\"><a href=\"https:\/\/photos.app.goo.gl\/yzJTrUUt9h299YxS8\" target=\"_blank\" rel=\"noopener noreferrer\"><br \/>\n<img decoding=\"async\" class=\"size-thumbnail wp-image-1717 aligncenter img150x150\" src=\"http:\/\/institutjoanbrudieu.cat\/public\/web_centre\/html\/documents\/fotos_web\/180705_Catskills.jpg\" alt=\"180705_Catskills\" \/>180705 Premis Catskills<\/a><\/div>\n<div class=\"blocimg\"><a href=\"https:\/\/photos.app.goo.gl\/fMEqui2bmKmoKGW77\" target=\"_blank\" rel=\"noopener noreferrer\"><br \/>\n<img decoding=\"async\" class=\"size-thumbnail wp-image-1717 aligncenter img150x150\" src=\"http:\/\/institutjoanbrudieu.cat\/public\/web_centre\/html\/documents\/fotos_web\/180619_Premis_Esport_al_Pati.jpg\" alt=\"180619_Premis_Esport_al_Pati\" \/>180619 Premis Esport al Pati<\/a><\/div>\n<div class=\"blocimg\"><a href=\"https:\/\/photos.app.goo.gl\/dNmQTe5KwVfnGzcVA\" target=\"_blank\" rel=\"noopener noreferrer\"><br \/>\n<img decoding=\"async\" class=\"size-thumbnail wp-image-1717 aligncenter img150x150\" src=\"http:\/\/institutjoanbrudieu.cat\/public\/web_centre\/html\/documents\/fotos_web\/180619_Premis_Escola_Verda.jpg\" alt=\"180619_Premis_Escola_Verda\" \/>180619 Premis Escola Verda<\/a><\/div>\n<div class=\"blocimg\"><a href=\"https:\/\/photos.app.goo.gl\/7qkPXA2h3PD9aJS18\" target=\"_blank\" rel=\"noopener noreferrer\"><br \/>\n<img decoding=\"async\" class=\"size-thumbnail wp-image-1717 aligncenter img150x150\" src=\"http:\/\/institutjoanbrudieu.cat\/public\/web_centre\/html\/documents\/fotos_web\/180619_Premis_The_Big_Challenge.jpg\" alt=\"180619_Premis_The_Big_Challenge\" \/>180619 Premis The Big Challenge<\/a><\/div>\n<div class=\"blocimg\"><a href=\"https:\/\/photos.app.goo.gl\/hfL8AU9UTL5924QN7\" target=\"_blank\" rel=\"noopener noreferrer\"><br \/>\n<img decoding=\"async\" class=\"size-thumbnail wp-image-1717 aligncenter img150x150\" src=\"http:\/\/institutjoanbrudieu.cat\/public\/web_centre\/html\/documents\/fotos_web\/180617_Teatre_La_selva_moral_S4.jpg\" alt=\"180617_Teatre_La_selva_moral_S4\" \/>180617 Teatre &#8220;La selva moral&#8221; S4<\/a><\/div>\n<div class=\"blocimg\"><a href=\"https:\/\/photos.app.goo.gl\/V72bcWZ62FGcCCvHA\" target=\"_blank\" rel=\"noopener noreferrer\"><br \/>\n<img decoding=\"async\" class=\"size-thumbnail wp-image-1717 aligncenter img150x150\" src=\"http:\/\/institutjoanbrudieu.cat\/public\/web_centre\/html\/documents\/fotos_web\/180615_Colonies_TdS_S1.jpg\" alt=\"180615_Colonies_TdS_S1\" \/>180615 Col\u00f2nies Treball de S\u00edntesi 1r ESO<\/a><\/div>\n<div class=\"blocimg\"><a href=\"https:\/\/photos.app.goo.gl\/9C6TyavAiwQUgfFe8\" target=\"_blank\" rel=\"noopener noreferrer\"><br \/>\n<img decoding=\"async\" class=\"size-thumbnail wp-image-1717 aligncenter img150x150\" src=\"http:\/\/institutjoanbrudieu.cat\/public\/web_centre\/html\/documents\/fotos_web\/180615_ProgramaME_Madrid.jpg\" alt=\"180615_ProgramaME_Madrid\" \/>180615 Concurs ProgramaME a Madrid<\/a><\/div>\n<div class=\"blocimg\"><a href=\"https:\/\/photos.app.goo.gl\/zgyRRLQPGrvGYWPK8\" target=\"_blank\" rel=\"noopener noreferrer\"><br \/>\n<img decoding=\"async\" class=\"size-thumbnail wp-image-1717 aligncenter img150x150\" src=\"http:\/\/institutjoanbrudieu.cat\/public\/web_centre\/html\/documents\/fotos_web\/180611_Viatge_Italia_S4.jpg\" alt=\"180611_Viatge_Italia_S4\" \/>180611 Viatge a It\u00e0lia S4<\/a><\/div>\n<div class=\"blocimg\"><a href=\"https:\/\/photos.app.goo.gl\/xuUyqovNmCfya3Jx9\" target=\"_blank\" rel=\"noopener noreferrer\"><br \/>\n<img decoding=\"async\" class=\"size-thumbnail wp-image-1717 aligncenter img150x150\" src=\"http:\/\/institutjoanbrudieu.cat\/public\/web_centre\/html\/documents\/fotos_web\/180607_Xerrada_Special_Olimpics.jpg\" alt=\"180607_Xerrada_Special_Olimpics\" \/>180607 Xerrada &#8220;Special Olimpics&#8221; a S1<\/a><\/div>\n<div class=\"blocimg\"><a href=\"https:\/\/photos.app.goo.gl\/vZrnpfY6MEVFi9nJ9\" target=\"_blank\" rel=\"noopener noreferrer\"><br \/>\n<img decoding=\"async\" class=\"size-thumbnail wp-image-1717 aligncenter img150x150\" src=\"http:\/\/institutjoanbrudieu.cat\/public\/web_centre\/html\/documents\/fotos_web\/180605_Residu_Zero.jpg\" alt=\"180605_Residu_Zero\" \/>180605 Residu Zero a l&#8217;hora de l&#8217;esmorzar (Dia del Medi Ambient)<\/a><\/div>\n<div class=\"blocimg\"><a href=\"https:\/\/photos.app.goo.gl\/jzbbgtB1jqpdevwy2\" target=\"_blank\" rel=\"noopener noreferrer\"><br \/>\n<img decoding=\"async\" class=\"size-thumbnail wp-image-1717 aligncenter img150x150\" src=\"http:\/\/institutjoanbrudieu.cat\/public\/web_centre\/html\/documents\/fotos_web\/180605_TdR_Georgina.jpg\" alt=\"180605_TdR_Georgina\" \/>180605 Premi Recerca per a la Pau: Georgina Boix<\/a><\/div>\n<div class=\"blocimg\"><a href=\"https:\/\/photos.app.goo.gl\/mczu8a70XK7xlyQA3\" target=\"_blank\" rel=\"noopener noreferrer\"><br \/>\n<img decoding=\"async\" class=\"size-thumbnail wp-image-1717 aligncenter img150x150\" src=\"http:\/\/institutjoanbrudieu.cat\/public\/web_centre\/html\/documents\/fotos_web\/180605_Lectura_en_veu_alta_FINAL.jpg\" alt=\"180605_Lectura_en_veu_alta_FINAL\" \/>180605 Lectura en veu alta (Final a BCN)<\/a><\/div>\n<div class=\"blocimg\"><a href=\"https:\/\/photos.app.goo.gl\/BhDAwX2THkcm5fmo1\" target=\"_blank\" rel=\"noopener noreferrer\"><br \/>\n<img decoding=\"async\" class=\"size-thumbnail wp-image-1717 aligncenter img150x150\" src=\"http:\/\/institutjoanbrudieu.cat\/public\/web_centre\/html\/documents\/fotos_web\/180525_Festa_Graduacio_2018.jpg\" alt=\"180525_Festa_Graduacio_2018\" \/>180525 Festa de Graduaci\u00f3 2018<\/a><\/div>\n<div class=\"blocimg\"><a href=\"https:\/\/photos.app.goo.gl\/uwa5SiNGHjbQFyuy2\" target=\"_blank\" rel=\"noopener noreferrer\"><br \/>\n<img decoding=\"async\" class=\"size-thumbnail wp-image-1717 aligncenter img150x150\" src=\"http:\/\/institutjoanbrudieu.cat\/public\/web_centre\/html\/documents\/fotos_web\/180524_Premis_COAC.jpg\" alt=\"180524_Premis_COAC\" \/>180524 Premis COAC<\/a><\/div>\n<div class=\"blocimg\"><a href=\"https:\/\/photos.app.goo.gl\/c9EkYJybWB4TXIT82\" target=\"_blank\" rel=\"noopener noreferrer\"><br \/>\n<img decoding=\"async\" class=\"size-thumbnail wp-image-1717 aligncenter img150x150\" src=\"http:\/\/institutjoanbrudieu.cat\/public\/web_centre\/html\/documents\/fotos_web\/180524_Miniprojecte_Arbres_singulars_S1.jpg\" alt=\"180524_Miniprojecte_Arbres_singulars_S1\" \/>180524 Miniprojecte &#8220;Arbres singulars a la Seu&#8221; S1<\/a><\/div>\n<div class=\"blocimg\"><a href=\"https:\/\/photos.app.goo.gl\/b1OnZrLSSvka6TiB2\" target=\"_blank\" rel=\"noopener noreferrer\"><br \/>\n<img decoding=\"async\" class=\"size-thumbnail wp-image-1717 aligncenter img150x150\" src=\"http:\/\/institutjoanbrudieu.cat\/public\/web_centre\/html\/documents\/fotos_web\/180524_Gimcana_matematica.jpg\" alt=\"180524_Gimcana_matematica\" \/>180524 Gimcana matem\u00e0tica S3<\/a><\/div>\n<div class=\"blocimg\"><a href=\"https:\/\/photos.app.goo.gl\/XpugamWuUlF7Mrsc2\" target=\"_blank\" rel=\"noopener noreferrer\"><br \/>\n<img decoding=\"async\" class=\"size-thumbnail wp-image-1717 aligncenter img150x150\" src=\"http:\/\/institutjoanbrudieu.cat\/public\/web_centre\/html\/documents\/fotos_web\/180518_Concert_Pl_Rei.jpg\" alt=\"180518_Concert_Pl_Rei\" \/>180518 Concert a la Pla\u00e7a del Rei<\/a><\/div>\n<div class=\"blocimg\"><a href=\"https:\/\/photos.app.goo.gl\/wGtiUT48mUcK9pjD2\" target=\"_blank\" rel=\"noopener noreferrer\"><br \/>\n<img decoding=\"async\" class=\"size-thumbnail wp-image-1717 aligncenter img150x150\" src=\"http:\/\/institutjoanbrudieu.cat\/public\/web_centre\/html\/documents\/fotos_web\/180516_CMA_Plenari_final_01.jpg\" alt=\"180516_CMA_Plenari_final_01\" \/>180516 CMA Plenari final<\/a><\/div>\n<div class=\"blocimg\"><a href=\"https:\/\/photos.app.goo.gl\/ApNdZZf3oPu6APRF3\" target=\"_blank\" rel=\"noopener noreferrer\"><br \/>\n<img decoding=\"async\" class=\"size-thumbnail wp-image-1717 aligncenter img150x150\" src=\"http:\/\/institutjoanbrudieu.cat\/public\/web_centre\/html\/documents\/fotos_web\/180511_Dinar_B2.jpg\" alt=\"180511_Dinar_B2\" \/>180511 Dinar B2<\/a><\/div>\n<div class=\"blocimg\"><a href=\"https:\/\/photos.app.goo.gl\/a9rI9pgq53YXW5z13\" target=\"_blank\" rel=\"noopener noreferrer\"><br \/>\n<img decoding=\"async\" class=\"size-thumbnail wp-image-1717 aligncenter img150x150\" src=\"http:\/\/institutjoanbrudieu.cat\/public\/web_centre\/html\/documents\/fotos_web\/180508_Sortida_EF_S4_La_Freita.jpg\" alt=\"180508_Sortida_EF_S4_La_Freita\" \/>180508 Sortides EF<\/a><\/div>\n<div class=\"blocimg\"><a href=\"https:\/\/photos.app.goo.gl\/wbeQDJdC0PsUPp7Q2\" target=\"_blank\" rel=\"noopener noreferrer\"><br \/>\n<img decoding=\"async\" class=\"size-thumbnail wp-image-1717 aligncenter img150x150\" src=\"http:\/\/institutjoanbrudieu.cat\/public\/web_centre\/html\/documents\/fotos_web\/180423_Sant_Jordi.jpg\" alt=\"180423_Sant_Jordi\" \/>180423 Sant Jordi a l&#8217;Institut<\/a><\/div>\n<div class=\"blocimg\"><a href=\"https:\/\/photos.app.goo.gl\/8MYiPhpwxPdX0UHI2\" target=\"_blank\" rel=\"noopener noreferrer\"><br \/>\n<img decoding=\"async\" class=\"size-thumbnail wp-image-1717 aligncenter img150x150\" src=\"http:\/\/institutjoanbrudieu.cat\/public\/web_centre\/html\/documents\/fotos_web\/180419_LVA_semifinals_Mollerussa.jpg\" alt=\"180419_LVA_semifinals_Mollerussa\" \/>180419 Lectura en Veu Alta: semifinals a Mollerussa<\/a><\/div>\n<div class=\"blocimg\"><a href=\"https:\/\/photos.app.goo.gl\/6LuXrgrh5utFzJEM2\" target=\"_blank\" rel=\"noopener noreferrer\"><br \/>\n<img decoding=\"async\" class=\"size-thumbnail wp-image-1717 aligncenter img150x150\" src=\"http:\/\/institutjoanbrudieu.cat\/public\/web_centre\/html\/documents\/fotos_web\/180419_CMA_Accio_Codina.jpg\" alt=\"180419_CMA_Accio_Codina\" \/>180419 CMA Acci\u00f3 c\u00edvica al Codina<\/a><\/div>\n<div class=\"blocimg\"><a href=\"https:\/\/photos.app.goo.gl\/LwaiBZSwszYMexSL2\" target=\"_blank\" rel=\"noopener noreferrer\"><br \/>\n<img decoding=\"async\" class=\"size-thumbnail wp-image-1717 aligncenter img150x150\" src=\"http:\/\/institutjoanbrudieu.cat\/public\/web_centre\/html\/documents\/fotos_web\/180417_Concurs_UdL.jpg\" alt=\"180417_Concurs_UdL\" \/>180417 Concurs narrativa UdL: Pau Mart\u00ed<\/a><\/div>\n<div class=\"blocimg\"><a href=\"https:\/\/photos.app.goo.gl\/N52pDcwoT2QPNozJ3\" target=\"_blank\" rel=\"noopener noreferrer\"><br \/>\n<img decoding=\"async\" class=\"size-thumbnail wp-image-1717 aligncenter img150x150\" src=\"http:\/\/institutjoanbrudieu.cat\/public\/web_centre\/html\/documents\/fotos_web\/180417_Setmana_FP.jpg\" alt=\"180417_Setmana_FP\" \/>180417 Setmana FP<\/a><\/div>\n<div class=\"blocimg\"><a href=\"https:\/\/photos.app.goo.gl\/dN3E4g0lVyxxlwt02\" target=\"_blank\" rel=\"noopener noreferrer\"><br \/>\n<img decoding=\"async\" class=\"size-thumbnail wp-image-1717 aligncenter img150x150\" src=\"http:\/\/institutjoanbrudieu.cat\/public\/web_centre\/html\/documents\/fotos_web\/180417_Fira_Emprenedors.jpg\" alt=\"180417_Fira_Emprenedors\" \/>180417 Fira de Joves i Petits Emprenedors<\/a><\/div>\n<div class=\"blocimg\"><a href=\"https:\/\/photos.app.goo.gl\/rYCZt4UDHAUYPrp13\" target=\"_blank\" rel=\"noopener noreferrer\"><br \/>\n<img decoding=\"async\" class=\"size-thumbnail wp-image-1717 aligncenter img150x150\" src=\"http:\/\/institutjoanbrudieu.cat\/public\/web_centre\/html\/documents\/fotos_web\/180417_Concurs_The_Big_Challenge.jpg\" alt=\"180417_Concurs_The_Big_Challenge\" \/>180417 Concurs The Big Challenge<\/a><\/div>\n<div class=\"blocimg\"><a href=\"https:\/\/photos.app.goo.gl\/Aq9CAV3PNiCRNMBq1\" target=\"_blank\" rel=\"noopener noreferrer\"><br \/>\n<img decoding=\"async\" class=\"size-thumbnail wp-image-1717 aligncenter img150x150\" src=\"http:\/\/institutjoanbrudieu.cat\/public\/web_centre\/html\/documents\/fotos_web\/180416_Intercanvi_Batxibac_Revel.jpg\" alt=\"180416_Intercanvi_Batxibac_Revel\" \/>180416 Intercanvi Batxibac a Revel<\/a><\/div>\n<div class=\"blocimg\"><a href=\"https:\/\/photos.app.goo.gl\/lzFUTcbXpC5JWidv1\" target=\"_blank\" rel=\"noopener noreferrer\"><br \/>\n<img decoding=\"async\" class=\"size-thumbnail wp-image-1717 aligncenter img150x150\" src=\"http:\/\/institutjoanbrudieu.cat\/public\/web_centre\/html\/documents\/fotos_web\/180323_Sambori.jpg\" alt=\"180323_Sambori\" \/>180323 Premi Sambori al Pirineu<\/a><\/div>\n<div class=\"blocimg\"><a href=\"https:\/\/photos.app.goo.gl\/6eXpzfk4XIqj8y7v1\" target=\"_blank\" rel=\"noopener noreferrer\"><br \/>\n<img decoding=\"async\" class=\"size-thumbnail wp-image-1717 aligncenter img150x150\" src=\"http:\/\/institutjoanbrudieu.cat\/public\/web_centre\/html\/documents\/fotos_web\/180323_Escape_room.jpg\" alt=\"180323_Escape_room\" \/>180323 Escapa&#8217;t amb eleg\u00e0ncia<\/a><\/div>\n<div class=\"blocimg\"><a href=\"https:\/\/photos.app.goo.gl\/YgC9kQa4c8uuUCCh2\" target=\"_blank\" rel=\"noopener noreferrer\"><br \/>\n<img decoding=\"async\" class=\"size-thumbnail wp-image-1717 aligncenter img150x150\" src=\"http:\/\/institutjoanbrudieu.cat\/public\/web_centre\/html\/documents\/fotos_web\/180323_Dia_Elegancia.jpg\" alt=\"180323_Dia_Elegancia\" \/>180323 Dia de l&#8217;Eleg\u00e0ncia<\/a><\/div>\n<div class=\"blocimg\"><a href=\"https:\/\/photos.app.goo.gl\/FWYhuUk7VToY76FC2\" target=\"_blank\" rel=\"noopener noreferrer\"><br \/>\n<img decoding=\"async\" class=\"size-thumbnail wp-image-1717 aligncenter img150x150\" src=\"http:\/\/institutjoanbrudieu.cat\/public\/web_centre\/html\/documents\/fotos_web\/180322_Intercanvi.jpg\" alt=\"180322_Intercanvi\" \/>180322 Intercanvi amb It\u00e0lia<\/a><\/div>\n<div class=\"blocimg\"><a href=\"https:\/\/photos.app.goo.gl\/TkD81Zkc72hJ3RaQ2\" target=\"_blank\" rel=\"noopener noreferrer\"><br \/>\n<img decoding=\"async\" class=\"size-thumbnail wp-image-1717 aligncenter img150x150\" src=\"http:\/\/institutjoanbrudieu.cat\/public\/web_centre\/html\/documents\/fotos_web\/180321_ProgramaME.jpg\" alt=\"180321_ProgramaME\" \/>180321 Concurs ProgramaME (Olot)<\/a><\/div>\n<div class=\"blocimg\"><a href=\"https:\/\/photos.app.goo.gl\/CcfCmFWklClMaCHI2\" target=\"_blank\" rel=\"noopener noreferrer\"><br \/>\n<img decoding=\"async\" class=\"size-thumbnail wp-image-1717 aligncenter img150x150\" src=\"http:\/\/institutjoanbrudieu.cat\/public\/web_centre\/html\/documents\/fotos_web\/180321_Taller_de_radio_S1.jpg\" alt=\"180321_Taller_de_radio_S1\" \/>180321 Taller de r\u00e0dio a 1r ESO<\/a><\/div>\n<div class=\"blocimg\"><a href=\"https:\/\/photos.app.goo.gl\/RQR93dwit4oOuRBM2\" target=\"_blank\" rel=\"noopener noreferrer\"><br \/>\n<img decoding=\"async\" class=\"size-thumbnail wp-image-1717 aligncenter img150x150\" src=\"http:\/\/institutjoanbrudieu.cat\/public\/web_centre\/html\/documents\/fotos_web\/180320_Francofonia_18.jpg\" alt=\"180320_Francofonia_18\" \/>180320 Festa de la Francofonia 2018 a l&#8217;EOI de la Seu d&#8217;Urgell<\/a><\/div>\n<div class=\"blocimg\"><a href=\"https:\/\/photos.app.goo.gl\/55s8daYZ47dXHVG22\" target=\"_blank\" rel=\"noopener noreferrer\"><br \/>\n<img decoding=\"async\" class=\"size-thumbnail wp-image-1717 aligncenter img150x150\" src=\"http:\/\/institutjoanbrudieu.cat\/public\/web_centre\/html\/documents\/fotos_web\/180314_Dia_PI.jpg\" alt=\"180314_Dia_PI\" \/>180314 Dia PI<\/a><\/div>\n<div class=\"blocimg\"><a href=\"https:\/\/photos.app.goo.gl\/frNNCU3RKnUxFspo1\" target=\"_blank\" rel=\"noopener noreferrer\"><br \/>\n<img decoding=\"async\" class=\"size-thumbnail wp-image-1717 aligncenter img150x150\" src=\"http:\/\/institutjoanbrudieu.cat\/public\/web_centre\/html\/documents\/fotos_web\/180313_Lectura_en_veu_alta_quarts.jpg\" alt=\"180313_Lectura_en_veu_alta_quarts\" \/>180313 Lectura en veu alta (quarts de final &#8211; La Seu d&#8217;Urgell)<\/a><\/div>\n<div class=\"blocimg\"><a href=\"https:\/\/photos.app.goo.gl\/DzGUag118xxN2R0U2\" target=\"_blank\" rel=\"noopener noreferrer\"><br \/>\n<img decoding=\"async\" class=\"size-thumbnail wp-image-1717 aligncenter img150x150\" src=\"http:\/\/institutjoanbrudieu.cat\/public\/web_centre\/html\/documents\/fotos_web\/180309_Concurs_traduccio.jpg\" alt=\"180309_Concurs_traduccio\" \/>180309 Concurs de traducci\u00f3<\/a><\/div>\n<div class=\"blocimg\"><a href=\"https:\/\/photos.app.goo.gl\/1HWhvR93her1drPr2\" target=\"_blank\" rel=\"noopener noreferrer\"><br \/>\n<img decoding=\"async\" class=\"size-thumbnail wp-image-1717 aligncenter img150x150\" src=\"http:\/\/institutjoanbrudieu.cat\/public\/web_centre\/html\/documents\/fotos_web\/180223_Exposicio_distancies_astronomiques.jpg\" alt=\"180223_Exposicio_distancies_astronomiques\" \/>180223 Exposici\u00f3: Dist\u00e0ncies astron\u00f2miques<\/a><\/div>\n<div class=\"blocimg\"><a href=\"https:\/\/photos.app.goo.gl\/u40WgFSdrRFQmboS2\" target=\"_blank\" rel=\"noopener noreferrer\"><br \/>\n<img decoding=\"async\" class=\"size-thumbnail wp-image-1717 aligncenter img150x150\" src=\"http:\/\/institutjoanbrudieu.cat\/public\/web_centre\/html\/documents\/fotos_web\/180215_Consell_Municipal_Joves.jpg\" alt=\"180215_Consell_Municipal_Joves\" \/>180215 Representants de l&#8217;Institut al Consell Municipal de Joves de la Seu d&#8217;Urgell<\/a><\/div>\n<div class=\"blocimg\"><a href=\"https:\/\/photos.app.goo.gl\/Pfg3kSdlXzRR4JXc2\" target=\"_blank\" rel=\"noopener noreferrer\"><br \/>\n<img decoding=\"async\" class=\"size-thumbnail wp-image-1717 aligncenter img150x150\" src=\"http:\/\/institutjoanbrudieu.cat\/public\/web_centre\/html\/documents\/fotos_web\/180210_Judici_Carnestoltes.jpg\" alt=\"180210_Judici_Carnestoltes\" \/>180210 Judici_ del Rei Carnestoltes<\/a><\/div>\n<div class=\"blocimg\"><a href=\"https:\/\/photos.app.goo.gl\/FAZaJNB0OtTU1Qi52\" target=\"_blank\" rel=\"noopener noreferrer\"><br \/>\n<img decoding=\"async\" class=\"size-thumbnail wp-image-1717 aligncenter img150x150\" src=\"http:\/\/institutjoanbrudieu.cat\/public\/web_centre\/html\/documents\/fotos_web\/180209_Carnestoltes.jpg\" alt=\"180209_Carnestoltes\" \/>180209 Carnestoltes a l&#8217;Institut<\/a><\/div>\n<div class=\"blocimg\"><a href=\"https:\/\/photos.app.goo.gl\/b31FWfINIbStKOiS2\" target=\"_blank\" rel=\"noopener noreferrer\"><br \/>\n<img decoding=\"async\" class=\"size-thumbnail wp-image-1717 aligncenter img150x150\" src=\"http:\/\/institutjoanbrudieu.cat\/public\/web_centre\/html\/documents\/fotos_web\/180208_Practiques_Italia.jpg\" alt=\"180208_Practiques_Italia\" \/>180208 Pr\u00e0ctiques FP a It\u00e0lia (mobilitat internacional)<\/a><\/div>\n<div class=\"blocimg\"><a href=\"https:\/\/photos.app.goo.gl\/SIoBK9kEk8jVMfwG2\" target=\"_blank\" rel=\"noopener noreferrer\"><br \/>\n<img decoding=\"async\" class=\"size-thumbnail wp-image-1717 aligncenter img150x150\" src=\"http:\/\/institutjoanbrudieu.cat\/public\/web_centre\/html\/documents\/fotos_web\/180131_Portes_Obertes_PRIM.jpg\" alt=\"180131_Portes_Obertes_PRIM\" \/>180207 Portes obertes Alumnat de Prim\u00e0ria: 2a jornada &#8211; 180131 Portes Obertes Alumnat de Prim\u00e0ria: 1a jornada<\/a><\/div>\n<div class=\"blocimg\"><a href=\"https:\/\/photos.app.goo.gl\/6qpmMeCeReohnrfB3\" target=\"_blank\" rel=\"noopener noreferrer\"><br \/>\n<img decoding=\"async\" class=\"size-thumbnail wp-image-1717 aligncenter img150x150\" src=\"http:\/\/institutjoanbrudieu.cat\/public\/web_centre\/html\/documents\/fotos_web\/180202_Jornada_Orientacio_exalumnes.jpg\" alt=\"180202_Jornada_Orientacio_exalumnes\" \/>180202 Jornada Orientaci\u00f3 d&#8217;exalumnes<\/a><\/div>\n<div class=\"blocimg\"><a href=\"https:\/\/photos.app.goo.gl\/8RAEVvZTfwx9IM9R2\" target=\"_blank\" rel=\"noopener noreferrer\"><br \/>\n<img decoding=\"async\" class=\"size-thumbnail wp-image-1717 aligncenter img150x150\" src=\"http:\/\/institutjoanbrudieu.cat\/public\/web_centre\/html\/documents\/fotos_web\/180201_David_Vivanco_Teaches_Scottish_Dances.jpg\" alt=\"180201_David_Vivanco_Teaches_Scottish_Dances\" \/>180201 David Vivanco Teaches Scottish Dances<\/a><\/div>\n<div class=\"blocimg\"><a href=\"https:\/\/photos.app.goo.gl\/uENQta2jE5bw1yfK2\" target=\"_blank\" rel=\"noopener noreferrer\"><br \/>\n<img decoding=\"async\" class=\"size-thumbnail wp-image-1717 aligncenter img150x150\" src=\"http:\/\/institutjoanbrudieu.cat\/public\/web_centre\/html\/documents\/fotos_web\/180131_Orientacio_UPF.jpg\" alt=\"180131_Orientacio_UPF\" \/>180131 Orientacio Universit\u00e0ria a l&#8217;alumnat: UPF<\/a><\/div>\n<div class=\"blocimg\"><a href=\"https:\/\/photos.app.goo.gl\/F0nXtd9UePVdstin1\" target=\"_blank\" rel=\"noopener noreferrer\"><br \/>\n<img decoding=\"async\" class=\"size-thumbnail wp-image-1717 aligncenter img150x150\" src=\"http:\/\/institutjoanbrudieu.cat\/public\/web_centre\/html\/documents\/fotos_web\/180124_Batxibac_a_Lleida.jpg\" alt=\"180124_Batxibac_a_Lleida\" \/>180124 Jornada Batxibac a Lleida<\/a><\/div>\n<div class=\"blocimg\"><a href=\"https:\/\/photos.app.goo.gl\/810pxWt9jxMKMYHt2\" target=\"_blank\" rel=\"noopener noreferrer\"><br \/>\n<img decoding=\"async\" class=\"size-thumbnail wp-image-1717 aligncenter img150x150\" src=\"http:\/\/institutjoanbrudieu.cat\/public\/web_centre\/html\/documents\/fotos_web\/180123_Sortida_BCN_Inf.jpg\" alt=\"180123_Sortida_BCN_Inf\" \/>180123 Sortida a Barcelona (FP Inform\u00e0tica)<\/a><\/div>\n<div class=\"blocimg\"><a href=\"https:\/\/photos.app.goo.gl\/84Dz5Gsvk5RcJzBQ2\" target=\"_blank\" rel=\"noopener noreferrer\"><br \/>\n<img decoding=\"async\" class=\"size-thumbnail wp-image-1717 aligncenter img150x150\" src=\"http:\/\/institutjoanbrudieu.cat\/public\/web_centre\/html\/documents\/fotos_web\/180122_Bev_Allan_xerrada.jpg\" alt=\"180122_Bev_Allan_xerrada\" \/>180122 Visita autora Bev Allan<\/a><\/div>\n<div class=\"blocimg\"><a href=\"https:\/\/photos.app.goo.gl\/ris7TkYqwVm217G32\" target=\"_blank\" rel=\"noopener noreferrer\"><br \/>\n<img decoding=\"async\" class=\"size-thumbnail wp-image-1717 aligncenter img150x150\" src=\"http:\/\/institutjoanbrudieu.cat\/public\/web_centre\/html\/documents\/fotos_web\/180117_Sortida_B1.jpg\" alt=\"180117_Sortida_B1\" \/>180117 Sortida a Barcelona B1<\/a><\/div>\n<div class=\"blocimg\"><a href=\"https:\/\/photos.app.goo.gl\/YWjKxuvacs43xSwF3\" target=\"_blank\" rel=\"noopener noreferrer\"><br \/>\n<img decoding=\"async\" class=\"size-thumbnail wp-image-1717 aligncenter img150x150\" src=\"http:\/\/institutjoanbrudieu.cat\/public\/web_centre\/html\/documents\/fotos_web\/180117_Pere_Marques.jpg\" alt=\"180117_Pere_Marques\" \/>180117 Formaci\u00f3 &#8220;Curr\u00edculum bimodal&#8221; &#8211; Pere Marqu\u00e8s<\/a><\/div>\n<div class=\"blocimg\"><a href=\"https:\/\/photos.app.goo.gl\/9twpS7ESP99uvIom2\" target=\"_blank\" rel=\"noopener noreferrer\"><br \/>\n<img decoding=\"async\" class=\"size-thumbnail wp-image-1717 aligncenter img150x150\" src=\"http:\/\/institutjoanbrudieu.cat\/public\/web_centre\/html\/documents\/fotos_web\/180116_Treball_de_Recerca.jpg\" alt=\"180116_Treball_de_Recerca\" \/>180116 Treball de Recerca: exposicions<\/a><\/div>\n<div class=\"blocimg\"><a href=\"https:\/\/photos.app.goo.gl\/7wPOcvuX1kSPpxys1\" target=\"_blank\" rel=\"noopener noreferrer\"><br \/>\n<img decoding=\"async\" class=\"size-thumbnail wp-image-1717 aligncenter img150x150\" src=\"http:\/\/institutjoanbrudieu.cat\/public\/web_centre\/html\/documents\/fotos_web\/171222_esport_pati_hivern.jpg\" alt=\"171222_esport_pati_hivernr\" \/>171222 Lliurament premis Esport al pati (tardor)<\/a><\/div>\n<div class=\"blocimg\"><a href=\"https:\/\/photos.app.goo.gl\/yQn2ZAUcgmuZXxfu2\" target=\"_blank\" rel=\"noopener noreferrer\"><br \/>\n<img decoding=\"async\" class=\"size-thumbnail wp-image-1717 aligncenter img150x150\" src=\"http:\/\/institutjoanbrudieu.cat\/public\/web_centre\/html\/documents\/fotos_web\/171222_Desfibrilador.jpg\" alt=\"171222_Desfibrilador\" \/>171222 Desfibril\u00b7lador a l&#8217;Institut<\/a><\/div>\n<div class=\"blocimg\"><a href=\"https:\/\/photos.app.goo.gl\/qIRQ6QuCYbcxdbAp2\" target=\"_blank\" rel=\"noopener noreferrer\"><br \/>\n<img decoding=\"async\" class=\"size-thumbnail wp-image-1717 aligncenter img150x150\" src=\"http:\/\/institutjoanbrudieu.cat\/public\/web_centre\/html\/documents\/fotos_web\/171220_Decoracions_de_Nadal.jpg\" alt=\"171220_Decoracions_de_Nadal\" \/>171220 Decoracions de Nadal<\/a><\/div>\n<div class=\"blocimg\"><a href=\"https:\/\/photos.app.goo.gl\/TrUVVuea5FKx33UN2\" target=\"_blank\" rel=\"noopener noreferrer\"><br \/>\n<img decoding=\"async\" class=\"size-thumbnail wp-image-1717 aligncenter img150x150\" src=\"http:\/\/institutjoanbrudieu.cat\/public\/web_centre\/html\/documents\/fotos_web\/171205_Visita_Rialb.jpg\" alt=\"171205_Visita_Rialb\" \/>171205 Visita a l&#8217;embassament de Rialb<\/a><\/div>\n<div class=\"blocimg\"><a href=\"https:\/\/photos.app.goo.gl\/glrsPAErBUFMMYVn1\" target=\"_blank\" rel=\"noopener noreferrer\"><br \/>\n<img decoding=\"async\" class=\"size-thumbnail wp-image-1717 aligncenter img150x150\" src=\"http:\/\/institutjoanbrudieu.cat\/public\/web_centre\/html\/documents\/fotos_web\/171123_Sortida_BCN.jpg\" alt=\"171123_Sortida_BCN\" \/>171123 Sortida a Barcelona (S2 i S4)<\/a><\/div>\n<div class=\"blocimg\"><a href=\"https:\/\/photos.app.goo.gl\/VsnVF2SourZw9c2h2\" target=\"_blank\" rel=\"noopener noreferrer\"><br \/>\n<img decoding=\"async\" class=\"size-thumbnail wp-image-1717 aligncenter img150x150\" src=\"http:\/\/institutjoanbrudieu.cat\/public\/web_centre\/html\/documents\/fotos_web\/171117_Intercanvi_Des_Ambrois.jpg\" alt=\"171117_Intercanvi_Des_Ambrois\" \/><br \/>\n171117 Intercanvi amb Istituto Des Ambrois (Oulx &#8211; It\u00e0lia)<\/a><\/div>\n<div class=\"blocimg\"><a href=\"https:\/\/photos.app.goo.gl\/OuueQ8jFJ5bxvKtS2\" target=\"_blank\" rel=\"noopener noreferrer\"><br \/>\n<img decoding=\"async\" class=\"size-thumbnail wp-image-1717 aligncenter img150x150\" src=\"http:\/\/institutjoanbrudieu.cat\/public\/web_centre\/html\/documents\/fotos_web\/171115_Dia_de_la_Ciencia.jpg\" alt=\"171115_Dia_de_la_Ciencia\" \/><br \/>\n171115 Dia de la Ci\u00e8ncia<\/a><\/div>\n<div class=\"blocimg\"><a href=\"https:\/\/photos.app.goo.gl\/LXEKgYE5PzKOrSLq2\" target=\"_blank\" rel=\"noopener noreferrer\"><br \/>\n<img decoding=\"async\" class=\"size-thumbnail wp-image-1717 aligncenter img150x150\" src=\"http:\/\/institutjoanbrudieu.cat\/public\/web_centre\/html\/documents\/fotos_web\/171113_Batxibac_1a_promocio.jpg\" alt=\"171113_Batxibac_1a_promocio\" \/><br \/>\n171113 Batxibac (1a promoci\u00f3)<\/a><\/div>\n<div class=\"blocimg\"><a href=\"https:\/\/photos.app.goo.gl\/8rqXzZxpzgZZqQg63\" target=\"_blank\" rel=\"noopener noreferrer\"><br \/>\n<img decoding=\"async\" class=\"size-thumbnail wp-image-1717 aligncenter img150x150\" src=\"http:\/\/institutjoanbrudieu.cat\/public\/web_centre\/html\/documents\/fotos_web\/171111_Premis_TdR_UdL.jpg\" alt=\"171111_Premis_TdR_UdL\" \/><br \/>\n171110 Lliurament Premi TdR de la UdL: Marta Ginesta<\/a><\/div>\n<div class=\"blocimg\"><a href=\"https:\/\/photos.app.goo.gl\/cGKbrP629Mqo52Mi2\" target=\"_blank\" rel=\"noopener noreferrer\"><br \/>\n<img decoding=\"async\" class=\"size-thumbnail wp-image-1717 aligncenter img150x150\" src=\"http:\/\/institutjoanbrudieu.cat\/public\/web_centre\/html\/documents\/fotos_web\/171109_Qualitat.jpg\" alt=\"171109_Qualitat\" \/><br \/>\n171109 XV Jornada de Qualitat: taules de treball del Work-caf\u00e8<\/a><\/div>\n<div class=\"blocimg\"><a href=\"https:\/\/photos.app.goo.gl\/3cbmM01rOsquzb8I2\" target=\"_blank\" rel=\"noopener noreferrer\"><br \/>\n<img decoding=\"async\" class=\"size-thumbnail wp-image-1717 aligncenter img150x150\" src=\"http:\/\/institutjoanbrudieu.cat\/public\/web_centre\/html\/documents\/fotos_web\/171024_Tarasco_sortida_S1.jpg\" alt=\"171024_Tarasco_sortida_S1\" \/><br \/>\n171024 Tarasc\u00f3: sortida S1<\/a><\/div>\n<div class=\"blocimg\"><a href=\"https:\/\/photos.app.goo.gl\/LapnLPkszllvDSVX2\" target=\"_blank\" rel=\"noopener noreferrer\"><br \/>\n<img decoding=\"async\" class=\"size-thumbnail wp-image-1717 aligncenter img150x150\" src=\"http:\/\/institutjoanbrudieu.cat\/public\/web_centre\/html\/documents\/fotos_web\/171023_Lliurament_Premi_TdR.jpg\" alt=\"171023_Lliurament_Premi_TdR\" \/><br \/>\n171023 Lliurament Premi TdR: Aldara Cousillas<\/a><\/div>\n<div class=\"blocimg\"><a href=\"https:\/\/photos.app.goo.gl\/6Yj3ZNwZbtZJPhcf1\" target=\"_blank\" rel=\"noopener noreferrer\"><br \/>\n<img decoding=\"async\" class=\"size-thumbnail wp-image-1717 aligncenter img150x150\" src=\"http:\/\/institutjoanbrudieu.cat\/public\/web_centre\/html\/documents\/fotos_web\/171016_Sortides_EF.jpg\" alt=\"171016_Sortides_EF\" \/><br \/>\n171016 Sortides EF<\/a><\/div>\n<div class=\"blocimg\"><a href=\"https:\/\/photos.app.goo.gl\/4evHIdpSFsjGrEg33\" target=\"_blank\" rel=\"noopener noreferrer\"><br \/>\n<img decoding=\"async\" class=\"size-thumbnail wp-image-1717 aligncenter img150x150\" src=\"http:\/\/institutjoanbrudieu.cat\/public\/web_centre\/html\/documents\/fotos_web\/171016_Piragues_EF.jpg\" alt=\"171016_Piragues_EF\" \/><br \/>\n171016 Pirag\u00fces EF<\/a><\/div>\n<div class=\"blocimg\"><a href=\"https:\/\/photos.app.goo.gl\/w5xp2nrcgsyZqkJS2\" target=\"_blank\" rel=\"noopener noreferrer\"><br \/>\n<img decoding=\"async\" class=\"size-thumbnail wp-image-1717 aligncenter img150x150\" src=\"http:\/\/institutjoanbrudieu.cat\/public\/web_centre\/html\/documents\/fotos_web\/171015_Fira_Sant_Ermengol_S4.jpg\" alt=\"171015_Fira_Sant_Ermengol_S4\" \/><br \/>\n171015 Fira de Sant Ermengol: activitats proviatge S4<\/a><\/div>\n<div class=\"blocimg\"><a href=\"https:\/\/photos.app.goo.gl\/6cvebFL5FfzHZeXv2\" target=\"_blank\" rel=\"noopener noreferrer\"><br \/>\n<img decoding=\"async\" class=\"size-thumbnail wp-image-1717 aligncenter img150x150\" src=\"http:\/\/institutjoanbrudieu.cat\/public\/web_centre\/html\/documents\/fotos_web\/171007_Ball_Cerda_Intergeneracional_2.jpg\" alt=\"171007_Ball_Cerda_Intergeneracional_2\" \/><br \/>\n171007 Ball Cerd\u00e0 Intergeneracional<\/a><\/div>\n<div class=\"blocimg\"><a href=\"https:\/\/photos.app.goo.gl\/UwotBpXusjExJQou2\" target=\"_blank\" rel=\"noopener noreferrer\"><br \/>\n<img decoding=\"async\" class=\"size-thumbnail wp-image-1717 aligncenter img150x150\" src=\"http:\/\/institutjoanbrudieu.cat\/public\/web_centre\/html\/documents\/fotos_web\/171006_Sortida_EF_Calvinya.jpg\" alt=\"171006_Sortida_EF_Calvinya\" \/><br \/>\n171006 Sortida a Calviny\u00e0 (1r ESO &#8211; EF)<\/a><\/div>\n<div class=\"blocimg\"><a href=\"https:\/\/photos.app.goo.gl\/GKqn6CYodjyvilOw1\" target=\"_blank\" rel=\"noopener noreferrer\"><br \/>\n<img decoding=\"async\" class=\"size-thumbnail wp-image-1717 aligncenter img150x150\" src=\"http:\/\/institutjoanbrudieu.cat\/public\/web_centre\/html\/documents\/fotos_web\/171002_concentracio.jpg\" alt=\"171002_concentracio\" \/><br \/>\n171002 Concentraci\u00f3 de rebuig a la viol\u00e8ncia del 1-O<\/a><\/div>\n<div class=\"blocimg\"><a href=\"https:\/\/photos.app.goo.gl\/U0IULyTvkjuqNRRJ3\" target=\"_blank\" rel=\"noopener noreferrer\"><br \/>\n<img decoding=\"async\" class=\"size-thumbnail wp-image-1717 aligncenter img150x150\" src=\"http:\/\/institutjoanbrudieu.cat\/public\/web_centre\/html\/documents\/fotos_web\/170922_TdR_UPC.jpg\" alt=\"170922_TdR_UPC\" \/><br \/>\n170922 Finalista al Premi TdR de la UPC<\/a><\/div>\n<div class=\"blocimg\"><a href=\"https:\/\/photos.app.goo.gl\/arEY6VXczGcSNdc12\" target=\"_blank\" rel=\"noopener noreferrer\"><br \/>\n<img decoding=\"async\" class=\"size-thumbnail wp-image-1717 aligncenter img150x150\" src=\"http:\/\/institutjoanbrudieu.cat\/public\/web_centre\/html\/documents\/fotos_web\/170914_acollida.jpg\" alt=\"170914 Jornada d'acollida a S1\" \/><br \/>\n170914 Jornada d&#8217;acollida a S1<\/a><\/div>\n","protected":false},"excerpt":{"rendered":"<p>CURS 2017-2018 180720 Distincions PAU 2018 180705 Premis Catskills 180619 Premis Esport al Pati 180619 Premis Escola Verda 180619 Premis The Big Challenge 180617 Teatre &#8220;La selva moral&#8221; S4 180615 Col\u00f2nies Treball de S\u00edntesi 1r ESO 180615 Concurs ProgramaME a Madrid 180611 Viatge a It\u00e0lia S4 180607 Xerrada &#8220;Special Olimpics&#8221; a S1 180605 Residu Zero [&hellip;]<\/p>\n","protected":false},"author":1,"featured_media":0,"parent":1712,"menu_order":19,"comment_status":"closed","ping_status":"closed","template":"page-templates\/side-menu.php","meta":{"_bbp_topic_count":0,"_bbp_reply_count":0,"_bbp_total_topic_count":0,"_bbp_total_reply_count":0,"_bbp_voice_count":0,"_bbp_anonymous_reply_count":0,"_bbp_topic_count_hidden":0,"_bbp_reply_count_hidden":0,"_bbp_forum_subforum_count":0,"site-sidebar-layout":"default","site-content-layout":"","ast-site-content-layout":"","site-content-style":"default","site-sidebar-style":"default","ast-global-header-display":"","ast-banner-title-visibility":"","ast-main-header-display":"","ast-hfb-above-header-display":"","ast-hfb-below-header-display":"","ast-hfb-mobile-header-display":"","site-post-title":"","ast-breadcrumbs-content":"","ast-featured-img":"","footer-sml-layout":"","theme-transparent-header-meta":"","adv-header-id-meta":"","stick-header-meta":"","header-above-stick-meta":"","header-main-stick-meta":"","header-below-stick-meta":"","astra-migrate-meta-layouts":"default","ast-page-background-enabled":"default","ast-page-background-meta":{"desktop":{"background-color":"var(--ast-global-color-4)","background-image":"","background-repeat":"repeat","background-position":"center center","background-size":"auto","background-attachment":"scroll","background-type":"","background-media":"","overlay-type":"","overlay-color":"","overlay-opacity":"","overlay-gradient":""},"tablet":{"background-color":"","background-image":"","background-repeat":"repeat","background-position":"center center","background-size":"auto","background-attachment":"scroll","background-type":"","background-media":"","overlay-type":"","overlay-color":"","overlay-opacity":"","overlay-gradient":""},"mobile":{"background-color":"","background-image":"","background-repeat":"repeat","background-position":"center center","background-size":"auto","background-attachment":"scroll","background-type":"","background-media":"","overlay-type":"","overlay-color":"","overlay-opacity":"","overlay-gradient":""}},"ast-content-background-meta":{"desktop":{"background-color":"var(--ast-global-color-5)","background-image":"","background-repeat":"repeat","background-position":"center center","background-size":"auto","background-attachment":"scroll","background-type":"","background-media":"","overlay-type":"","overlay-color":"","overlay-opacity":"","overlay-gradient":""},"tablet":{"background-color":"var(--ast-global-color-5)","background-image":"","background-repeat":"repeat","background-position":"center center","background-size":"auto","background-attachment":"scroll","background-type":"","background-media":"","overlay-type":"","overlay-color":"","overlay-opacity":"","overlay-gradient":""},"mobile":{"background-color":"var(--ast-global-color-5)","background-image":"","background-repeat":"repeat","background-position":"center center","background-size":"auto","background-attachment":"scroll","background-type":"","background-media":"","overlay-type":"","overlay-color":"","overlay-opacity":"","overlay-gradient":""}},"footnotes":""},"class_list":["post-3895","page","type-page","status-publish","hentry"],"post_mailing_queue_ids":[],"_links":{"self":[{"href":"https:\/\/agora.xtec.cat\/iesjoanbrudieu\/wp-json\/wp\/v2\/pages\/3895","targetHints":{"allow":["GET"]}}],"collection":[{"href":"https:\/\/agora.xtec.cat\/iesjoanbrudieu\/wp-json\/wp\/v2\/pages"}],"about":[{"href":"https:\/\/agora.xtec.cat\/iesjoanbrudieu\/wp-json\/wp\/v2\/types\/page"}],"author":[{"embeddable":true,"href":"https:\/\/agora.xtec.cat\/iesjoanbrudieu\/wp-json\/wp\/v2\/users\/1"}],"replies":[{"embeddable":true,"href":"https:\/\/agora.xtec.cat\/iesjoanbrudieu\/wp-json\/wp\/v2\/comments?post=3895"}],"version-history":[{"count":1,"href":"https:\/\/agora.xtec.cat\/iesjoanbrudieu\/wp-json\/wp\/v2\/pages\/3895\/revisions"}],"predecessor-version":[{"id":3896,"href":"https:\/\/agora.xtec.cat\/iesjoanbrudieu\/wp-json\/wp\/v2\/pages\/3895\/revisions\/3896"}],"up":[{"embeddable":true,"href":"https:\/\/agora.xtec.cat\/iesjoanbrudieu\/wp-json\/wp\/v2\/pages\/1712"}],"wp:attachment":[{"href":"https:\/\/agora.xtec.cat\/iesjoanbrudieu\/wp-json\/wp\/v2\/media?parent=3895"}],"curies":[{"name":"wp","href":"https:\/\/api.w.org\/{rel}","templated":true}]}}