{"id":3032,"date":"2017-09-20T21:12:39","date_gmt":"2017-09-20T19:12:39","guid":{"rendered":"http:\/\/agora.xtec.cat\/iesjoanbrudieu\/?page_id=3032"},"modified":"2022-09-10T09:39:51","modified_gmt":"2022-09-10T07:39:51","slug":"fotografies-curs-2016-2017","status":"publish","type":"page","link":"https:\/\/agora.xtec.cat\/iesjoanbrudieu\/fotografies-de-linstitut\/fotografies-curs-2016-2017\/","title":{"rendered":"Fotografies: curs 2016-2017"},"content":{"rendered":"<h2 class=\"titolh2\">CURS 2016-2017<\/h2>\n<div class=\"blocimg\"><a href=\"https:\/\/goo.gl\/photos\/f9k9ixjoY3KY5oSV7\" target=\"_blank\" rel=\"noopener noreferrer\"><br \/>\n<img decoding=\"async\" class=\"size-thumbnail wp-image-1717 aligncenter img150x150\" src=\"http:\/\/institutjoanbrudieu.cat\/public\/web_centre\/html\/documents\/fotos_web\/170626_Premi_Heracles.jpg\" alt=\"170626_Premi_Heracles\" \/><br \/>\n170626 Premi H\u00e8racles<\/a><\/div>\n<div class=\"blocimg\"><a href=\"https:\/\/goo.gl\/photos\/h6M58MPabmzx9pfC8\" target=\"_blank\" rel=\"noopener noreferrer\"><br \/>\n<img decoding=\"async\" class=\"size-thumbnail wp-image-1717 aligncenter img150x150\" src=\"http:\/\/institutjoanbrudieu.cat\/public\/web_centre\/html\/documents\/fotos_web\/170618_Teatre_S4.jpg\" alt=\"170618_Teatre_S4\" \/><br \/>\n170618 Teatre S4<\/a><\/div>\n<div class=\"blocimg\"><a href=\"https:\/\/goo.gl\/photos\/yUtm3pe3cDXJ5tfS7\" target=\"_blank\" rel=\"noopener noreferrer\"><br \/>\n<img decoding=\"async\" class=\"size-thumbnail wp-image-1717 aligncenter img150x150\" src=\"http:\/\/institutjoanbrudieu.cat\/public\/web_centre\/html\/documents\/fotos_web\/170615_Big_Challenge.jpg\" alt=\"170615_Big_Challenge\" \/><br \/>\n170615 Lliurament premis Big Challenge<\/a><\/div>\n<div class=\"blocimg\"><a href=\"https:\/\/goo.gl\/photos\/iR9HRuaj5rWnvxAo7\" target=\"_blank\" rel=\"noopener noreferrer\"><br \/>\n<img decoding=\"async\" class=\"size-thumbnail wp-image-1717 aligncenter img150x150\" src=\"http:\/\/institutjoanbrudieu.cat\/public\/web_centre\/html\/documents\/fotos_web\/170609_Portaventura.jpg\" alt=\"170609_Portaventura\" \/><br \/>\n170609 Sortida a Portaventura<\/a><\/div>\n<div class=\"blocimg\"><a href=\"https:\/\/goo.gl\/photos\/dj4u7QGLC1QptJ9S6\" target=\"_blank\" rel=\"noopener noreferrer\"><br \/>\n<img decoding=\"async\" class=\"size-thumbnail wp-image-1717 aligncenter img150x150\" src=\"http:\/\/institutjoanbrudieu.cat\/public\/web_centre\/html\/documents\/fotos_web\/170608_Italia.jpg\" alt=\"170608_Italia\" \/><br \/>\n170608 Viatge a It\u00e0lia (4t ESO)<\/a><\/div>\n<div class=\"blocimg\"><a href=\"https:\/\/goo.gl\/photos\/5qkCQcQ6kikMneh26\" target=\"_blank\" rel=\"noopener noreferrer\"><br \/>\n<img decoding=\"async\" class=\"size-thumbnail wp-image-1717 aligncenter img150x150\" src=\"http:\/\/institutjoanbrudieu.cat\/public\/web_centre\/html\/documents\/fotos_web\/170608_Premis_COAC.jpg\" alt=\"170608_Premis_COAC\" \/><br \/>\n170608 Premis COAC<\/a><\/div>\n<div class=\"blocimg\"><a href=\"https:\/\/goo.gl\/photos\/GiJmUGgk1KKMiEkY7\" target=\"_blank\" rel=\"noopener noreferrer\"><br \/>\n<img decoding=\"async\" class=\"size-thumbnail wp-image-1717 aligncenter img150x150\" src=\"http:\/\/institutjoanbrudieu.cat\/public\/web_centre\/html\/documents\/fotos_web\/170606_Premi_Instinet.jpg\" alt=\"170606_Premi_Instinet\" \/><br \/>\n170608 Premi Instinet<\/a><\/div>\n<div class=\"blocimg\"><a href=\"https:\/\/goo.gl\/photos\/J51KwC1Tux9fQwbP8\" target=\"_blank\" rel=\"noopener noreferrer\"><br \/>\n<img decoding=\"async\" class=\"size-thumbnail wp-image-1717 aligncenter img150x150\" src=\"http:\/\/institutjoanbrudieu.cat\/public\/web_centre\/html\/documents\/fotos_web\/170531_Taller_radio.jpg\" alt=\"170531_Taller_radio\" \/><br \/>\n170531 Taller de r\u00e0dio<\/a><\/div>\n<div class=\"blocimg\"><a href=\"https:\/\/goo.gl\/photos\/yZNo9LSECDNnP8997\" target=\"_blank\" rel=\"noopener noreferrer\"><br \/>\n<img decoding=\"async\" class=\"size-thumbnail wp-image-1717 aligncenter img150x150\" src=\"http:\/\/institutjoanbrudieu.cat\/public\/web_centre\/html\/documents\/fotos_web\/170529_Dictat_plurilingue.jpg\" alt=\"170529_Dictat_plurilingue\" \/><br \/>\n170529 Dictat pluriling\u00fce<\/a><\/div>\n<div class=\"blocimg\"><a href=\"https:\/\/goo.gl\/photos\/PPFWKnLvoQFcZiS37\" target=\"_blank\" rel=\"noopener noreferrer\"><br \/>\n<img decoding=\"async\" class=\"size-thumbnail wp-image-1717 aligncenter img150x150\" src=\"http:\/\/institutjoanbrudieu.cat\/public\/web_centre\/html\/documents\/fotos_web\/170526_Graduacio.jpg\" alt=\"170526 Festa de Graduaci\u00f3 2017\" \/>170526_Graduacio<\/a><\/div>\n<div class=\"blocimg\"><a href=\"https:\/\/goo.gl\/photos\/6f5p6BqQAzgBiyXFA\" target=\"_blank\" rel=\"noopener noreferrer\"><br \/>\n<img decoding=\"async\" class=\"size-thumbnail wp-image-1717 aligncenter img150x150\" src=\"http:\/\/institutjoanbrudieu.cat\/public\/web_centre\/html\/documents\/fotos_web\/170522_Rafting.jpg\" alt=\"170522_Rafting\" \/><br \/>\n170522 Rafting<\/a><\/div>\n<div class=\"blocimg\"><a href=\"https:\/\/goo.gl\/photos\/h8HbobEPULXxUzDS6\" target=\"_blank\" rel=\"noopener noreferrer\"><br \/>\n<img decoding=\"async\" class=\"size-thumbnail wp-image-1717 aligncenter img150x150\" src=\"http:\/\/institutjoanbrudieu.cat\/public\/web_centre\/html\/documents\/fotos_web\/170519_Concert_Pl_Rei_cares.jpg\" alt=\"170519_Concert_Pl_Rei_cares\" \/><br \/>\n170519 Concert a la Pla\u00e7a del Rei: les cares del concert<\/a><\/div>\n<div class=\"blocimg\"><a href=\"https:\/\/goo.gl\/photos\/3nADiW9uSSsFnEi98\" target=\"_blank\" rel=\"noopener noreferrer\"><br \/>\n<img decoding=\"async\" class=\"size-thumbnail wp-image-1717 aligncenter img150x150\" src=\"http:\/\/institutjoanbrudieu.cat\/public\/web_centre\/html\/documents\/fotos_web\/170519_Concert_Pl_Rei.jpg\" alt=\"170519_Concert_Pl_Rei\" \/><br \/>\n170519 Concert a la Pla\u00e7a del Rei<\/a><\/div>\n<div class=\"blocimg\"><a href=\"https:\/\/goo.gl\/photos\/YAf2fBNEWm1NkPaN9\" target=\"_blank\" rel=\"noopener noreferrer\"><br \/>\n<img decoding=\"async\" class=\"size-thumbnail wp-image-1717 aligncenter img150x150\" src=\"http:\/\/institutjoanbrudieu.cat\/public\/web_centre\/html\/documents\/fotos_web\/170518_Caminada_B1.jpg\" alt=\"170518_Caminada_B1\" \/><br \/>\n170518 Caminada B1<\/a><\/div>\n<div class=\"blocimg\"><a href=\"https:\/\/goo.gl\/photos\/GvLSqXRb9Khr2PM59\" target=\"_blank\" rel=\"noopener noreferrer\"><br \/>\n<img decoding=\"async\" class=\"size-thumbnail wp-image-1717 aligncenter img150x150\" src=\"http:\/\/institutjoanbrudieu.cat\/public\/web_centre\/html\/documents\/fotos_web\/170518_RadioSeu.jpg\" alt=\"170518_RadioSeu\" \/><br \/>\n170518 Servei Comunitari a R\u00e0dioSeu<\/a><\/div>\n<div class=\"blocimg\"><a href=\"https:\/\/goo.gl\/photos\/4fXwgbWiFYc6qTZ9A\" target=\"_blank\" rel=\"noopener noreferrer\"><br \/>\n<img decoding=\"async\" class=\"size-thumbnail wp-image-1717 aligncenter img150x150\" src=\"http:\/\/institutjoanbrudieu.cat\/public\/web_centre\/html\/documents\/fotos_web\/170518_Premis_TdR_COAC.jpg\" alt=\"170518_Premis_TdR_COAC\" \/><br \/>\n170518 Premis TdR COAC<\/a><\/div>\n<div class=\"blocimg\"><a href=\"https:\/\/goo.gl\/photos\/6x5zaMBp2XwW9cpz6\" target=\"_blank\" rel=\"noopener noreferrer\"><br \/>\n<img decoding=\"async\" class=\"size-thumbnail wp-image-1717 aligncenter img150x150\" src=\"http:\/\/institutjoanbrudieu.cat\/public\/web_centre\/html\/documents\/fotos_web\/170515_Intercanvi_matematic_Puigcerda.jpg\" alt=\"170515_Intercanvi_matematic_Puigcerda\" \/><br \/>\n170515 Intercanvi matem\u00e0tic INS Pere Borrell de Puigcerd\u00e0 (S1)<\/a><\/div>\n<div class=\"blocimg\"><a href=\"https:\/\/goo.gl\/photos\/4fcj6DftY9E9ynrM7\" target=\"_blank\" rel=\"noopener noreferrer\"><br \/>\n<img decoding=\"async\" class=\"size-thumbnail wp-image-1717 aligncenter img150x150\" src=\"http:\/\/institutjoanbrudieu.cat\/public\/web_centre\/html\/documents\/fotos_web\/170513_Intercanvi_Santanyi.jpg\" alt=\"170513_Intercanvi_Santanyi\" \/><br \/>\n170513 Intercanvi amb Santany\u00ed (del 8 al 12 de maig)<\/a><\/div>\n<div class=\"blocimg\"><a href=\"https:\/\/goo.gl\/photos\/PvUb5XxkoLqn5wxG8\" target=\"_blank\" rel=\"noopener noreferrer\"><br \/>\n<img decoding=\"async\" class=\"size-thumbnail wp-image-1717 aligncenter img150x150\" src=\"http:\/\/institutjoanbrudieu.cat\/public\/web_centre\/html\/documents\/fotos_web\/170512_Dinar_final_curs_B2.jpg\" alt=\"170512_Dinar_final_curs_B2\" \/><br \/>\n170512 Dinar de final de curs de B2<\/a><\/div>\n<div class=\"blocimg\"><a href=\"https:\/\/goo.gl\/photos\/Sw98NBXt4SYHFewU8\" target=\"_blank\" rel=\"noopener noreferrer\"><br \/>\n<img decoding=\"async\" class=\"size-thumbnail wp-image-1717 aligncenter img150x150\" src=\"http:\/\/institutjoanbrudieu.cat\/public\/web_centre\/html\/documents\/fotos_web\/170510_Mercat_Tecnologia_Lleida.jpg\" alt=\"170510_Mercat_Tecnologia_Lleida\" \/><br \/>\n170510 Mercat de Tecnologia de Lleida<\/a><\/div>\n<div class=\"blocimg\"><a href=\"https:\/\/goo.gl\/photos\/noECYtmzCyNPJQVt5\" target=\"_blank\" rel=\"noopener noreferrer\"><br \/>\n<img decoding=\"async\" class=\"size-thumbnail wp-image-1717 aligncenter img150x150\" src=\"http:\/\/institutjoanbrudieu.cat\/public\/web_centre\/html\/documents\/fotos_web\/170509_Sortida_La_Freita.jpg\" alt=\"170509_Sortida_La_Freita\" \/><br \/>\n170509 Sortida a La Freita (S4)<\/a><\/div>\n<div class=\"blocimg\"><a href=\"https:\/\/goo.gl\/photos\/BPWpeJysermbFodZ8\" target=\"_blank\" rel=\"noopener noreferrer\"><br \/>\n<img decoding=\"async\" class=\"size-thumbnail wp-image-1717 aligncenter img150x150\" src=\"http:\/\/institutjoanbrudieu.cat\/public\/web_centre\/html\/documents\/fotos_web\/170423_Sant_Jordi_a_la_Seu.jpg\" alt=\"170423_Sant_Jordi_a_la_Seu\" \/><br \/>\n170423 Sant Jordi a la Seu<\/a><\/div>\n<div class=\"blocimg\"><a href=\"https:\/\/goo.gl\/photos\/wdVH36JSce4v52Ag7\" target=\"_blank\" rel=\"noopener noreferrer\"><br \/>\n<img decoding=\"async\" class=\"size-thumbnail wp-image-1717 aligncenter img150x150\" src=\"http:\/\/institutjoanbrudieu.cat\/public\/web_centre\/html\/documents\/fotos_web\/170422_Sant_Jordi_lliurament_premis_literaris.jpg\" alt=\"170422_Sant_Jordi_lliurament_premis_literaris\" \/><br \/>\n170422 Sant Jordi lliurament premis literaris<\/a><\/div>\n<div class=\"blocimg\"><a href=\"https:\/\/goo.gl\/photos\/yua9pgWVL3h5qadx9\" target=\"_blank\" rel=\"noopener noreferrer\"><br \/>\n<img decoding=\"async\" class=\"size-thumbnail wp-image-1717 aligncenter img150x150\" src=\"http:\/\/institutjoanbrudieu.cat\/public\/web_centre\/html\/documents\/fotos_web\/170422_Sant_Jordi_lliurament_premis_PI.jpg\" alt=\"170422_Sant_Jordi_lliurament_premis_PI\" \/><br \/>\n170422 Sant Jordi lliurament premis PI<\/a><\/div>\n<div class=\"blocimg\"><a href=\"https:\/\/goo.gl\/photos\/9kuFvum5FnFB8bhx5\" target=\"_blank\" rel=\"noopener noreferrer\"><br \/>\n<img decoding=\"async\" class=\"size-thumbnail wp-image-1717 aligncenter img150x150\" src=\"http:\/\/institutjoanbrudieu.cat\/public\/web_centre\/html\/documents\/fotos_web\/170422_Sant_Jordi_activitats.jpg\" alt=\"170422_Sant_Jordi_activitats\" \/><br \/>\n170422 Sant Jordi activitats<\/a><\/div>\n<div class=\"blocimg\"><a href=\"https:\/\/goo.gl\/photos\/DXF8M8o5eZVMaX3L8\" target=\"_blank\" rel=\"noopener noreferrer\"><br \/>\n<img decoding=\"async\" class=\"size-thumbnail wp-image-1717 aligncenter img150x150\" src=\"http:\/\/institutjoanbrudieu.cat\/public\/web_centre\/html\/documents\/fotos_web\/170420_Lectura_veu_alta_quarts_Bellver.jpg\" alt=\"170420_Lectura_veu_alta_quarts_Bellver\" \/><br \/>\n170420 Lectura en veu alta (quarts de final: Bellver)<\/a><\/div>\n<div class=\"blocimg\"><a href=\"https:\/\/goo.gl\/photos\/8zE7Q7XXg9GXNgvx6\" target=\"_blank\" rel=\"noopener noreferrer\"><br \/>\n<img decoding=\"async\" class=\"size-thumbnail wp-image-1717 aligncenter img150x150\" src=\"http:\/\/institutjoanbrudieu.cat\/public\/web_centre\/html\/documents\/fotos_web\/170407_Iniciant_orles_BTX.jpg\" alt=\"170407_Iniciant_orles_BTX\" \/><br \/>\n170407 Fotografiant alumnat per a les orles de BTX<\/a><\/div>\n<div class=\"blocimg\"><a href=\"https:\/\/goo.gl\/photos\/bfxeRGzFK5HMQExG6\" target=\"_blank\" rel=\"noopener noreferrer\"><br \/>\n<img decoding=\"async\" class=\"size-thumbnail wp-image-1717 aligncenter img150x150\" src=\"http:\/\/institutjoanbrudieu.cat\/public\/web_centre\/html\/documents\/fotos_web\/170407_Dia_Elegancia.jpg\" alt=\"170407_Dia_Elegancia\" \/><br \/>\n170407 Dia de l&#8217;eleg\u00e0ncia<\/a><\/div>\n<div class=\"blocimg\"><a href=\"https:\/\/goo.gl\/photos\/k2fgjAiiXsw99QRf6\" target=\"_blank\" rel=\"noopener noreferrer\"><br \/>\n<img decoding=\"async\" class=\"size-thumbnail wp-image-1717 aligncenter img150x150\" src=\"http:\/\/institutjoanbrudieu.cat\/public\/web_centre\/html\/documents\/fotos_web\/170406_Dia_activitat_fisica.jpg\" alt=\"170406_Dia_activitat_fisica\" \/><br \/>\n170406 Dia de l&#8217;activitat f\u00edsica<\/a><\/div>\n<div class=\"blocimg\"><a href=\"https:\/\/goo.gl\/photos\/mWnhC9PPvZEtY9mKA\" target=\"_blank\" rel=\"noopener noreferrer\"><br \/>\n<img decoding=\"async\" class=\"size-thumbnail wp-image-1717 aligncenter img150x150\" src=\"http:\/\/institutjoanbrudieu.cat\/public\/web_centre\/html\/documents\/fotos_web\/170403_Jornada_FP.jpg\" alt=\"170403_Jornada_FP\" \/><br \/>\n170403 Setmana de l&#8217;FP<\/a><\/div>\n<div class=\"blocimg\"><a href=\"https:\/\/goo.gl\/photos\/ZCAYbo7DZZYfV98G8\" target=\"_blank\" rel=\"noopener noreferrer\"><br \/>\n<img decoding=\"async\" class=\"size-thumbnail wp-image-1717 aligncenter img150x150\" src=\"http:\/\/institutjoanbrudieu.cat\/public\/web_centre\/html\/documents\/fotos_web\/170403_Exposicio_EVP_Gravat.jpg\" alt=\"170403_Exposicio_EVP_Gravat\" \/><br \/>\n170403 Exposici\u00f3 EVP: T\u00e8cnica del Gravat<\/a><\/div>\n<div class=\"blocimg\"><a href=\"https:\/\/goo.gl\/photos\/bxFBU4X18VNFJpEc9\" target=\"_blank\" rel=\"noopener noreferrer\"><br \/>\n<img decoding=\"async\" class=\"size-thumbnail wp-image-1717 aligncenter img150x150\" src=\"http:\/\/institutjoanbrudieu.cat\/public\/web_centre\/html\/documents\/fotos_web\/170331_Intercanvi_Mates.jpg\" alt=\"170331_Intercanvi_Mates\" \/><br \/>\n170331 Intercanvi de Matem\u00e0tiques amb l&#8217;Institut Pere Borrell de Puigcerd\u00e0<\/a><\/div>\n<div class=\"blocimg\"><a href=\"https:\/\/goo.gl\/photos\/x15zBTvn4UU1dvt57\" target=\"_blank\" rel=\"noopener noreferrer\"><br \/>\n<img decoding=\"async\" class=\"size-thumbnail wp-image-1717 aligncenter img150x150\" src=\"http:\/\/institutjoanbrudieu.cat\/public\/web_centre\/html\/documents\/fotos_web\/170327_Intercanvi_FP.jpg\" alt=\"170327_Intercanvi_FP\" \/><br \/>\n170327 Intercanvi FP: It\u00e0lia<\/a><\/div>\n<div class=\"blocimg\"><a href=\"https:\/\/goo.gl\/photos\/k1fHF5qURXckcrtB7\" target=\"_blank\" rel=\"noopener noreferrer\"><br \/>\n<img decoding=\"async\" class=\"size-thumbnail wp-image-1717 aligncenter img150x150\" src=\"http:\/\/institutjoanbrudieu.cat\/public\/web_centre\/html\/documents\/fotos_web\/170324_Premis_Sambori.jpg\" alt=\"170324_Premis_Sambori\" \/><br \/>\n170324 Premis Sambori &#8211; \u00d2mnium Pirineu<\/a><\/div>\n<div class=\"blocimg\"><a href=\"https:\/\/goo.gl\/photos\/A7E3rr3VeQRieUDP9\" target=\"_blank\" rel=\"noopener noreferrer\"><br \/>\n<img decoding=\"async\" class=\"size-thumbnail wp-image-1717 aligncenter img150x150\" src=\"http:\/\/institutjoanbrudieu.cat\/public\/web_centre\/html\/documents\/fotos_web\/170324_TdR_UPF.jpg\" alt=\"170324_TdR_UPF\" \/><br \/>\n170324 Premis UPF Treball de Recerca<\/a><\/div>\n<div class=\"blocimg\"><a href=\"https:\/\/goo.gl\/photos\/cDStmyf7D6LPhcdX6\" target=\"_blank\" rel=\"noopener noreferrer\"><br \/>\n<img decoding=\"async\" class=\"size-thumbnail wp-image-1717 aligncenter img150x150\" src=\"http:\/\/institutjoanbrudieu.cat\/public\/web_centre\/html\/documents\/fotos_web\/170323_Sortida_al_Museu_de_la_historia.jpg\" alt=\"170323_Sortida_al_Museu_de_la_historia\" \/><br \/>\n170323 Sortida al Museu de la hist\u00f2ria<\/a><\/div>\n<div class=\"blocimg\"><a href=\"https:\/\/goo.gl\/photos\/nvYCjcfPKzqKZ2XQ6\" target=\"_blank\" rel=\"noopener noreferrer\"><br \/>\n<img decoding=\"async\" class=\"size-thumbnail wp-image-1717 aligncenter img150x150\" src=\"http:\/\/institutjoanbrudieu.cat\/public\/web_centre\/html\/documents\/fotos_web\/170320_fete_francophonie_EOI.jpg\" alt=\"170320_fete_francophonie_EOI\" \/><br \/>\n170320 1a Festa de la Francofonia a l&#8217;EOI<\/a><\/div>\n<div class=\"blocimg\"><a href=\"https:\/\/goo.gl\/photos\/qeDSdRFd17zf2N9TA\" target=\"_blank\" rel=\"noopener noreferrer\"><br \/>\n<img decoding=\"async\" class=\"size-thumbnail wp-image-1717 aligncenter img150x150\" src=\"http:\/\/institutjoanbrudieu.cat\/public\/web_centre\/html\/documents\/fotos_web\/170317_Conferencia_Casa_nostra_casa_vostra.jpg\" alt=\"170317_Conferencia_Casa_nostra_casa_vostrau\" \/><br \/>\n170317 Confer\u00e8ncia Projecte &#8220;Casa nostra, casa vostra&#8221;<\/a><\/div>\n<div class=\"blocimg\"><a href=\"https:\/\/goo.gl\/photos\/Rk8PKEwdbcqjitPDA\" target=\"_blank\" rel=\"noopener noreferrer\"><br \/>\n<img decoding=\"async\" class=\"size-thumbnail wp-image-1717 aligncenter img150x150\" src=\"http:\/\/institutjoanbrudieu.cat\/public\/web_centre\/html\/documents\/fotos_web\/170317_Conferencia_Jugadores_CADI_La_Seu.jpg\" alt=\"170317_Conferencia_Jugadores_CADI_La_Seu\" \/><br \/>\n170317 Confer\u00e8ncia Jugadores CAD\u00cd &#8211; La Seu: &#8220;A Sports&#8217;s Woman&#8217;s Life&#8221;<\/a><\/div>\n<div class=\"blocimg\"><a href=\"https:\/\/goo.gl\/photos\/bnZz62cjwETk1Lsh9\" target=\"_blank\" rel=\"noopener noreferrer\"><br \/>\n<img decoding=\"async\" class=\"size-thumbnail wp-image-1717 aligncenter img150x150\" src=\"http:\/\/institutjoanbrudieu.cat\/public\/web_centre\/html\/documents\/fotos_web\/170316_Dia_Mundial_Poesia.jpg\" alt=\"170316_Dia_Mundial_Poesia\" \/><br \/>\n170316 Enregistrament poemes per al Dia Mundial de la Poesia<\/a><\/div>\n<div class=\"blocimg\"><a href=\"https:\/\/goo.gl\/photos\/SZKbFxLrHHH9kzBH6\" target=\"_blank\" rel=\"noopener noreferrer\"><br \/>\n<img decoding=\"async\" class=\"size-thumbnail wp-image-1717 aligncenter img150x150\" src=\"http:\/\/institutjoanbrudieu.cat\/public\/web_centre\/html\/documents\/fotos_web\/170316_Proves_Cangur.jpg\" alt=\"170316_Proves_Cangur\" \/><br \/>\n170316 Proves Cangur<\/a><\/div>\n<div class=\"blocimg\"><a href=\"https:\/\/goo.gl\/photos\/TrhYjktJgyBcqM638\" target=\"_blank\" rel=\"noopener noreferrer\"><br \/>\n<img decoding=\"async\" class=\"size-thumbnail wp-image-1717 aligncenter img150x150\" src=\"http:\/\/institutjoanbrudieu.cat\/public\/web_centre\/html\/documents\/fotos_web\/170314_Taller_radio.jpg\" alt=\"170314_Taller_radio\" \/><br \/>\n170314 Taller de r\u00e0dio<\/a><\/div>\n<div class=\"blocimg\"><a href=\"https:\/\/goo.gl\/photos\/XvxuvDxtCSrFJ8588\" target=\"_blank\" rel=\"noopener noreferrer\"><br \/>\n<img decoding=\"async\" class=\"size-thumbnail wp-image-1717 aligncenter img150x150\" src=\"http:\/\/institutjoanbrudieu.cat\/public\/web_centre\/html\/documents\/fotos_web\/170304_Dia_PI_Mates.jpg\" alt=\"170304_Dia_PI_Mates\" \/><br \/>\n170314 Dia PI Mates<\/a><\/div>\n<div class=\"blocimg\"><a href=\"https:\/\/goo.gl\/photos\/cBE8Xd8Cr8x3pNXc8\" target=\"_blank\" rel=\"noopener noreferrer\"><br \/>\n<img decoding=\"async\" class=\"size-thumbnail wp-image-1717 aligncenter img150x150\" src=\"http:\/\/institutjoanbrudieu.cat\/public\/web_centre\/html\/documents\/fotos_web\/170302_Mobilitat_FP.jpg\" alt=\"170302_Mobilitat_FP\" \/><br \/>\n170302 Mobilitat FP<\/a><\/div>\n<div class=\"blocimg\"><a href=\"https:\/\/goo.gl\/photos\/etCH5v3DuBu6wPDX8\" target=\"_blank\" rel=\"noopener noreferrer\"><br \/>\n<img decoding=\"async\" class=\"size-thumbnail wp-image-1717 aligncenter img150x150\" src=\"http:\/\/institutjoanbrudieu.cat\/public\/web_centre\/html\/documents\/fotos_web\/170224_Carnestoltes.jpg\" alt=\"170224_Carnestoltes\" \/><br \/>\n170224 Carnestoltes<\/a><\/div>\n<div class=\"blocimg\"><a href=\"https:\/\/goo.gl\/photos\/LYxJcw1va5mCPyXz7\" target=\"_blank\" rel=\"noopener noreferrer\"><br \/>\n<img decoding=\"async\" class=\"size-thumbnail wp-image-1717 aligncenter img150x150\" src=\"http:\/\/institutjoanbrudieu.cat\/public\/web_centre\/html\/documents\/fotos_web\/170223_Visita_exposicio_Angelina_Escolies.jpg\" alt=\"170223_Visita_exposicio_Angelina_Escolies\" \/><br \/>\n170223 Visita a l&#8217;exposici\u00f3 d&#8217;Angelina Escolies<\/a><\/div>\n<div class=\"blocimg\"><a href=\"https:\/\/goo.gl\/photos\/DPXFRUS5biXTM6Rp8\" target=\"_blank\" rel=\"noopener noreferrer\"><br \/>\n<img decoding=\"async\" class=\"size-thumbnail wp-image-1717 aligncenter img150x150\" src=\"http:\/\/institutjoanbrudieu.cat\/public\/web_centre\/html\/documents\/fotos_web\/170217_Impulsem_la_robotica.jpg\" alt=\"170217_Impulsem_la_robotica\" \/><br \/>\n170217 Impulsem la rob\u00f2tica<\/a><\/div>\n<div class=\"blocimg\"><a href=\"https:\/\/goo.gl\/photos\/qHspSQg1NX1wptk29\" target=\"_blank\" rel=\"noopener noreferrer\"><br \/>\n<img decoding=\"async\" class=\"size-thumbnail wp-image-1717 aligncenter img150x150\" src=\"http:\/\/institutjoanbrudieu.cat\/public\/web_centre\/html\/documents\/fotos_web\/170208_Portes_Obertes_Primaria.jpg\" alt=\"170208_Portes_Obertes_Primaria\" \/><br \/>\n170208 i 170215 Portes Obertes Alumnat Prim\u00e0ria<\/a><\/div>\n<div class=\"blocimg\"><a href=\"https:\/\/goo.gl\/photos\/jUPP7rSxYuS3QQUg8\" target=\"_blank\" rel=\"noopener noreferrer\"><br \/>\n<img decoding=\"async\" class=\"size-thumbnail wp-image-1717 aligncenter img150x150\" src=\"http:\/\/institutjoanbrudieu.cat\/public\/web_centre\/html\/documents\/fotos_web\/170208_JOUP_Tarrega.jpg\" alt=\"170208_JOUP_Tarrega\" \/><br \/>\n170208 JOUP T\u00e0rrega<\/a><\/div>\n<div class=\"blocimg\"><a href=\"https:\/\/goo.gl\/photos\/BUcJqBj5CmTM3NL47\" target=\"_blank\" rel=\"noopener noreferrer\"><br \/>\n<img decoding=\"async\" class=\"size-thumbnail wp-image-1717 aligncenter img150x150\" src=\"http:\/\/institutjoanbrudieu.cat\/public\/web_centre\/html\/documents\/fotos_web\/170203_Taula_exalumnat.jpg\" alt=\"170203_Taula_exalumnat\" \/><br \/>\n170203 Taula exalumnat<\/a><\/div>\n<div class=\"blocimg\"><a href=\"https:\/\/goo.gl\/photos\/tbMt98gxEdwPaNcY8\" target=\"_blank\" rel=\"noopener noreferrer\"><br \/>\n<img decoding=\"async\" class=\"size-thumbnail wp-image-1717 aligncenter img150x150\" src=\"http:\/\/institutjoanbrudieu.cat\/public\/web_centre\/html\/documents\/fotos_web\/170125_Sortida_BCN_B1_S4.jpg\" alt=\"170125_Sortida_BCN_B1_S4\" \/><br \/>\n170125 Sortida a BCN (B1 i S4)<\/a><\/div>\n<div class=\"blocimg\"><a href=\"https:\/\/goo.gl\/photos\/zS1wLPSp1TrkZp9U9\" target=\"_blank\" rel=\"noopener noreferrer\"><br \/>\n<img decoding=\"async\" class=\"size-thumbnail wp-image-1717 aligncenter img150x150\" src=\"http:\/\/institutjoanbrudieu.cat\/public\/web_centre\/html\/documents\/fotos_web\/170119_Sortida_BCN_S3.jpg\" alt=\"170119_Sortida_BCN_S3\" \/><br \/>\n170119 Sortida a BCN (S3)<\/a><\/div>\n<div class=\"blocimg\"><a href=\"http:\/\/goo.gl\/photos\/mz8dd9m5Sk4wHU9Q7\" target=\"_blank\" rel=\"noopener noreferrer\"><br \/>\n<img decoding=\"async\" class=\"size-thumbnail wp-image-1717 aligncenter img150x150\" src=\"http:\/\/institutjoanbrudieu.cat\/public\/web_centre\/html\/documents\/fotos_web\/170117_Exposicio_EVP.jpg\" alt=\"170117_Exposicio_EVP\" \/><br \/>\n170117 Exposici\u00f3 obra BTX art\u00edstic (1r i 2n)<\/a><\/div>\n<div class=\"blocimg\"><a href=\"https:\/\/goo.gl\/photos\/k5hbwtGWBnnGmFyp8\" target=\"_blank\" rel=\"noopener noreferrer\"><br \/>\n<img decoding=\"async\" class=\"size-thumbnail wp-image-1717 aligncenter img150x150\" src=\"http:\/\/institutjoanbrudieu.cat\/public\/web_centre\/html\/documents\/fotos_web\/170117_Exposicio_Treballs_de_Recerca.jpg\" alt=\"170117_Exposicio_Treballs_de_Recerca\" \/><br \/>\n170117 Exposici\u00f3 Treballs de Recerca<\/a><\/div>\n<div class=\"blocimg\"><a href=\"https:\/\/goo.gl\/photos\/iA1aReVtLcnhTsEr5\" target=\"_blank\" rel=\"noopener noreferrer\"><br \/>\n<img decoding=\"async\" class=\"size-thumbnail wp-image-1717 aligncenter img150x150\" src=\"http:\/\/institutjoanbrudieu.cat\/public\/web_centre\/html\/documents\/fotos_web\/161222_Concert_de_Nadal_2.jpg\" alt=\"161222_Concert_de_Nadal_2\" \/><br \/>\n161222 Concert de Nadal<\/a><\/div>\n<div class=\"blocimg\"><a href=\"https:\/\/goo.gl\/photos\/XRugy378mtZBd2md7\" target=\"_blank\" rel=\"noopener noreferrer\"><br \/>\n<img decoding=\"async\" class=\"size-thumbnail wp-image-1717 aligncenter img150x150\" src=\"http:\/\/institutjoanbrudieu.cat\/public\/web_centre\/html\/documents\/fotos_web\/161222_Decoracions_de_Nadal.jpg\" alt=\"161222_Decoracions_de_Nadal\" \/><br \/>\n161222 Decoracions de Nadal<\/a><\/div>\n<div class=\"blocimg\"><a href=\"https:\/\/goo.gl\/photos\/HySnSSRVYe5sQ6Y88\" target=\"_blank\" rel=\"noopener noreferrer\"><br \/>\n<img decoding=\"async\" class=\"size-thumbnail wp-image-1717 aligncenter img150x150\" src=\"http:\/\/institutjoanbrudieu.cat\/public\/web_centre\/html\/documents\/fotos_web\/161213_BTX_Arts_Jurat_concurs_nadales.jpg\" alt=\"161213_BTX_Arts_Jurat_concurs_nadales\" \/><br \/>\n161213 BTX-Arts: Jurat del concurs de nadales<\/a><\/div>\n<div class=\"blocimg\"><a href=\"https:\/\/goo.gl\/photos\/DXizDMsS2Vei1zAy6\" target=\"_blank\" rel=\"noopener noreferrer\"><br \/>\n<img decoding=\"async\" class=\"size-thumbnail wp-image-1717 aligncenter img150x150\" src=\"http:\/\/institutjoanbrudieu.cat\/public\/web_centre\/html\/documents\/fotos_web\/161129_Eleccions_Consell_Escolar.jpg\" alt=\"161129_Eleccions_Consell_Escolar\" \/><br \/>\n161129 Eleccions Consell Escolar [alumnat]<\/a><\/div>\n<div class=\"blocimg\"><a href=\"https:\/\/goo.gl\/photos\/bqi3UrSfEaQmsn4U7\" target=\"_blank\" rel=\"noopener noreferrer\"><br \/>\n<img decoding=\"async\" class=\"size-thumbnail wp-image-1717 aligncenter img150x150\" src=\"http:\/\/institutjoanbrudieu.cat\/public\/web_centre\/html\/documents\/fotos_web\/161125_Dia_Internacional_contra_violencia_genere.jpg\" alt=\"161125_Dia_Internacional_contra_violencia_genere\" \/><br \/>\n161125 25N: Dia Internacional en contra de la viol\u00e8ncia de g\u00e8nere<\/a><\/div>\n<div class=\"blocimg\"><a href=\"https:\/\/goo.gl\/photos\/ya79xvR1itzmWHuQ7\" target=\"_blank\" rel=\"noopener noreferrer\"><br \/>\n<img decoding=\"async\" class=\"size-thumbnail wp-image-1717 aligncenter img150x150\" src=\"http:\/\/institutjoanbrudieu.cat\/public\/web_centre\/html\/documents\/fotos_web\/161121_Consell_Municipal_Adolescents_Ple.jpg\" alt=\"161121_Consell_Municipal_Adolescents_Ple\" \/><br \/>\n161121 Constituci\u00f3 del Consell Municipal d&#8217;Adolescents<\/a><\/div>\n<div class=\"blocimg\"><a href=\"https:\/\/goo.gl\/photos\/Tt9MppEMQfY4pmnPA\" target=\"_blank\" rel=\"noopener noreferrer\"><br \/>\n<img decoding=\"async\" class=\"size-thumbnail wp-image-1717 aligncenter img150x150\" src=\"http:\/\/institutjoanbrudieu.cat\/public\/web_centre\/html\/documents\/fotos_web\/logo_estimar_no_fa_mal.jpg\" alt=\"logo_estimar_no_fa_mal\" \/><br \/>\n161121 Esl\u00f2gans per al 25N: Dia Internacional per a l&#8217;Eliminaci\u00f3 de la Viol\u00e8ncia contra les Dones<\/a><\/div>\n<div class=\"blocimg\"><a href=\"https:\/\/goo.gl\/photos\/h1p6JddrfF6kz6wT9\" target=\"_blank\" rel=\"noopener noreferrer\"><br \/>\n<img decoding=\"async\" class=\"size-thumbnail wp-image-1717 aligncenter img150x150\" src=\"http:\/\/institutjoanbrudieu.cat\/public\/web_centre\/html\/documents\/fotos_web\/161121_Exposicio_EVP_B2.jpg\" alt=\"161121_Exposicio_EVP_B2\" \/><br \/>\n161121 Exposici\u00f3 Dibuix BTX-ARTS [2n BTX]<\/a><\/div>\n<div class=\"blocimg\"><a href=\"https:\/\/goo.gl\/photos\/6cN22fmsKAokzHH37\" target=\"_blank\" rel=\"noopener noreferrer\"><br \/>\n<img decoding=\"async\" class=\"size-thumbnail wp-image-1717 aligncenter img150x150\" src=\"http:\/\/institutjoanbrudieu.cat\/public\/web_centre\/html\/documents\/fotos_web\/161116_dia_ciencia_1.jpg\" alt=\"161116_dia_ciencia_1\" \/><br \/>\n161116 Dia de la Ci\u00e8ncia: &#8220;Els animals planta&#8221;, a c\u00e0rrec de Josep-Maria Gili<\/a><\/div>\n<div class=\"blocimg\"><a href=\"https:\/\/goo.gl\/photos\/nFmoFpXD6wUGqscZ6\" target=\"_blank\" rel=\"noopener noreferrer\"><br \/>\n<img decoding=\"async\" class=\"size-thumbnail wp-image-1717 aligncenter img150x150\" src=\"http:\/\/institutjoanbrudieu.cat\/public\/web_centre\/html\/documents\/fotos_web\/161114_Univers_S1.jpg\" alt=\"161114_Univers_S1\" \/><br \/>\n161114 Exposici\u00f3 Sistema Solar: l&#8217;Univers (1r ESO)<\/a><\/div>\n<div class=\"blocimg\"><a href=\"https:\/\/goo.gl\/photos\/hcTEwXHJRYJjEjfL6\" target=\"_blank\" rel=\"noopener noreferrer\"><br \/>\n<img decoding=\"async\" class=\"size-thumbnail wp-image-1717 aligncenter img150x150\" src=\"http:\/\/institutjoanbrudieu.cat\/public\/web_centre\/html\/documents\/fotos_web\/161110_Treballs_Joc_i_joguina_CFS_EDI.jpg\" alt=\"161110_Treballs_Joc_i_joguina_CFS_EDI\" \/><br \/>\n161110 Treballs sobre el Joc i la joguina (CFS EDI)<\/a><\/div>\n<div class=\"blocimg\"><a href=\"https:\/\/goo.gl\/photos\/nhvazmHjrHoYUccd9\" target=\"_blank\" rel=\"noopener noreferrer\"><br \/>\n<img decoding=\"async\" class=\"size-thumbnail wp-image-1717 aligncenter img150x150\" src=\"http:\/\/institutjoanbrudieu.cat\/public\/web_centre\/html\/documents\/fotos_web\/161107_Lliurament_Premi_TdR_Ferran_Adria.jpg\" alt=\"161107_Lliurament_Premi_TdR_Ferran_Adria\" \/><br \/>\n161107 Lliurament Premi TdR Ferran Adri\u00e0<\/a><\/div>\n<div class=\"blocimg\"><a href=\"https:\/\/goo.gl\/photos\/MWJvtkLhdM5MH1dc9\" target=\"_blank\" rel=\"noopener noreferrer\"><br \/>\n<img decoding=\"async\" class=\"size-thumbnail wp-image-1717 aligncenter img150x150\" src=\"http:\/\/institutjoanbrudieu.cat\/public\/web_centre\/html\/documents\/fotos_web\/161105_Premi_Joles_Sennell.jpg\" alt=\"161105_Premi_Joles_Sennell\" \/><br \/>\n161105 Premi Joles Sennell<\/a><\/div>\n<div class=\"blocimg\"><a href=\"https:\/\/goo.gl\/photos\/SqH2hdcbzc9ocvKr6\" target=\"_blank\" rel=\"noopener noreferrer\"><br \/>\n<img decoding=\"async\" class=\"size-thumbnail wp-image-1717 aligncenter img150x150\" src=\"http:\/\/institutjoanbrudieu.cat\/public\/web_centre\/html\/documents\/fotos_web\/161104_Lliurament_Premis_TdR_UdL.jpg\" alt=\"161104_Lliurament_Premis_TdR_UdL\" \/><br \/>\n161104 Lliurament Premis Treball de Recerca UdL<\/a><\/div>\n<div class=\"blocimg\"><a href=\"https:\/\/goo.gl\/photos\/DsoFugto588aEwj37\" target=\"_blank\" rel=\"noopener noreferrer\"><br \/>\n<img decoding=\"async\" class=\"size-thumbnail wp-image-1717 aligncenter img150x150\" src=\"http:\/\/institutjoanbrudieu.cat\/public\/web_centre\/html\/documents\/fotos_web\/151112_Beques_Pizarroso.jpg\" alt=\"151112_Beques_Pizarroso\" \/><br \/>\n161102 10 anys Fundaci\u00f3 Pizarroso<\/a><\/div>\n<div class=\"blocimg\"><a href=\"https:\/\/goo.gl\/photos\/ed7vBtKpXT2B8ZeYA\" target=\"_blank\" rel=\"noopener noreferrer\"><br \/>\n<img decoding=\"async\" class=\"size-thumbnail wp-image-1717 aligncenter img150x150\" src=\"http:\/\/institutjoanbrudieu.cat\/public\/web_centre\/html\/documents\/fotos_web\/161101_Exposicio_EVP_S1.jpg\" alt=\"161101_Exposicio_EVP_S1\" \/><br \/>\n161101 Exposici\u00f3 EVP S1<\/a><\/div>\n<div class=\"blocimg\"><a href=\"https:\/\/goo.gl\/photos\/7ZgefH3TTTXMKagV7\" target=\"_blank\" rel=\"noopener noreferrer\"><br \/>\n<img decoding=\"async\" class=\"size-thumbnail wp-image-1717 aligncenter img150x150\" src=\"http:\/\/institutjoanbrudieu.cat\/public\/web_centre\/html\/documents\/fotos_web\/160926_Piragues_S1.jpg\" alt=\"160926_Piragues_S1\" \/><br \/>\n161031 Activitats Educaci\u00f3 F\u00edsica<\/a><\/div>\n<div class=\"blocimg\"><a href=\"https:\/\/goo.gl\/photos\/Us8gpSo8VYTGCr1V9\" target=\"_blank\" rel=\"noopener noreferrer\"><br \/>\n<img decoding=\"async\" class=\"size-thumbnail wp-image-1717 aligncenter img150x150\" src=\"http:\/\/institutjoanbrudieu.cat\/public\/web_centre\/html\/documents\/fotos_web\/161028_Xocolatada_i_danses.jpg\" alt=\"161028_Xocolatada_i_danses\" \/><br \/>\n161028 Xocolatada i danses<\/a><\/div>\n<div class=\"blocimg\"><a href=\"https:\/\/goo.gl\/photos\/QoVU7efqimpN16iXA\" target=\"_blank\" rel=\"noopener noreferrer\"><br \/>\n<img decoding=\"async\" class=\"size-thumbnail wp-image-1717 aligncenter img150x150\" src=\"http:\/\/institutjoanbrudieu.cat\/public\/web_centre\/html\/documents\/fotos_web\/161026_Consell_Municipal_Joves.jpg\" alt=\"161026_Consell_Municipal_Joves\" \/><br \/>\n161026 Consell Municipal Joves<\/a><\/div>\n<div class=\"blocimg\"><a href=\"https:\/\/goo.gl\/photos\/AE4PicHx786fH8Pp7\" target=\"_blank\" rel=\"noopener noreferrer\"><br \/>\n<img decoding=\"async\" class=\"size-thumbnail wp-image-1717 aligncenter img150x150\" src=\"http:\/\/institutjoanbrudieu.cat\/public\/web_centre\/html\/documents\/fotos_web\/161016_Sortida_EF_Calvinya_S1.jpg\" alt=\"161016_Sortida_EF_Calvinya_S1\" \/><br \/>\n161016 Sortida EF Calviny\u00e0 (S1)<\/a><\/div>\n<div class=\"blocimg\"><a href=\"https:\/\/goo.gl\/photos\/uR9kkxeTScsJZFUK9\" target=\"_blank\" rel=\"noopener noreferrer\"><br \/>\n<img decoding=\"async\" class=\"size-thumbnail wp-image-1717 aligncenter img150x150\" src=\"http:\/\/institutjoanbrudieu.cat\/public\/web_centre\/html\/documents\/fotos_web\/161015_Activitats_Fira_Sant_Ermengol.jpg\" alt=\"161015_Activitats_Fira_Sant_Ermengol\" \/><br \/>\n161015 Activitats Fira Sant_Ermengol<\/a><\/div>\n<div class=\"blocimg\"><a href=\"https:\/\/goo.gl\/photos\/Wi1yRM7HHwWUrG2v5\" target=\"_blank\" rel=\"noopener noreferrer\"><br \/>\n<img decoding=\"async\" class=\"size-thumbnail wp-image-1717 aligncenter img150x150\" src=\"http:\/\/institutjoanbrudieu.cat\/public\/web_centre\/html\/documents\/fotos_web\/161012_Intercanvi_Des_Ambrois_Brudieu.jpg\" alt=\"161012_Intercanvi_Des_Ambrois_Brudieu\" \/><br \/>\n161012 Intercanvi Des Ambrois &#8211; Joan Brudieu<\/a><\/div>\n<div class=\"blocimg\"><a href=\"https:\/\/goo.gl\/photos\/3Wuxd6apeQ8MQr2x6\" target=\"_blank\" rel=\"noopener noreferrer\"><br \/>\n<img decoding=\"async\" class=\"size-thumbnail wp-image-1717 aligncenter img150x150\" src=\"http:\/\/institutjoanbrudieu.cat\/public\/web_centre\/html\/documents\/fotos_web\/161001_Ball_Cerda_intergeneracional_INS.jpg\" alt=\"161001_Ball_Cerda_intergeneracional_INS\" \/><br \/>\n161001 Ball Cerd\u00e0 intergeneracional (fotos Institut)<\/a><\/div>\n<div class=\"blocimg\"><a href=\"https:\/\/goo.gl\/photos\/iyLwYWryW9ktM4Wt7\" target=\"_blank\" rel=\"noopener noreferrer\"><br \/>\n<img decoding=\"async\" class=\"size-thumbnail wp-image-1717 aligncenter img150x150\" src=\"http:\/\/institutjoanbrudieu.cat\/public\/web_centre\/html\/documents\/fotos_web\/161001_Ball_Cerda_intergeneracional.jpg\" alt=\"161001_Ball_Cerda_intergeneracional\" \/><br \/>\n161001 Ball Cerd\u00e0 intergeneracional (fotos R\u00e0dioSeu)<\/a><\/div>\n<div class=\"blocimg\"><a href=\"https:\/\/goo.gl\/photos\/XxMuDKEtUH3riaVD7\" target=\"_blank\" rel=\"noopener noreferrer\"><br \/>\n<img decoding=\"async\" class=\"size-thumbnail wp-image-1717 aligncenter img150x150\" src=\"http:\/\/institutjoanbrudieu.cat\/public\/web_centre\/html\/documents\/fotos_web\/160926_Piragues_S1.jpg\" alt=\"160926_Piragues_S1\" \/><br \/>\n160926 Pirag\u00fces S1<\/a><\/div>\n<div class=\"blocimg\"><a href=\"https:\/\/goo.gl\/photos\/eh29vP39mnygZcGr9\" target=\"_blank\" rel=\"noopener noreferrer\"><br \/>\n<img decoding=\"async\" class=\"size-thumbnail wp-image-1717 aligncenter img150x150\" src=\"http:\/\/institutjoanbrudieu.cat\/public\/web_centre\/html\/documents\/fotos_web\/160917_Get_Wet_Piraguisme_&amp;_Rafting.jpg\" alt=\"160917_Get_Wet_Piraguisme_&amp;_Rafting\" \/><br \/>\n160917 GetWet (Pirag\u00fcisme &amp; R\u00e0fting)<\/a><\/div>\n","protected":false},"excerpt":{"rendered":"<p>CURS 2016-2017 170626 Premi H\u00e8racles 170618 Teatre S4 170615 Lliurament premis Big Challenge 170609 Sortida a Portaventura 170608 Viatge a It\u00e0lia (4t ESO) 170608 Premis COAC 170608 Premi Instinet 170531 Taller de r\u00e0dio 170529 Dictat pluriling\u00fce 170526_Graduacio 170522 Rafting 170519 Concert a la Pla\u00e7a del Rei: les cares del concert 170519 Concert a la Pla\u00e7a [&hellip;]<\/p>\n","protected":false},"author":1,"featured_media":0,"parent":1712,"menu_order":20,"comment_status":"closed","ping_status":"closed","template":"page-templates\/side-menu.php","meta":{"_bbp_topic_count":0,"_bbp_reply_count":0,"_bbp_total_topic_count":0,"_bbp_total_reply_count":0,"_bbp_voice_count":0,"_bbp_anonymous_reply_count":0,"_bbp_topic_count_hidden":0,"_bbp_reply_count_hidden":0,"_bbp_forum_subforum_count":0,"site-sidebar-layout":"default","site-content-layout":"","ast-site-content-layout":"","site-content-style":"default","site-sidebar-style":"default","ast-global-header-display":"","ast-banner-title-visibility":"","ast-main-header-display":"","ast-hfb-above-header-display":"","ast-hfb-below-header-display":"","ast-hfb-mobile-header-display":"","site-post-title":"","ast-breadcrumbs-content":"","ast-featured-img":"","footer-sml-layout":"","theme-transparent-header-meta":"","adv-header-id-meta":"","stick-header-meta":"","header-above-stick-meta":"","header-main-stick-meta":"","header-below-stick-meta":"","astra-migrate-meta-layouts":"default","ast-page-background-enabled":"default","ast-page-background-meta":{"desktop":{"background-color":"var(--ast-global-color-4)","background-image":"","background-repeat":"repeat","background-position":"center center","background-size":"auto","background-attachment":"scroll","background-type":"","background-media":"","overlay-type":"","overlay-color":"","overlay-opacity":"","overlay-gradient":""},"tablet":{"background-color":"","background-image":"","background-repeat":"repeat","background-position":"center center","background-size":"auto","background-attachment":"scroll","background-type":"","background-media":"","overlay-type":"","overlay-color":"","overlay-opacity":"","overlay-gradient":""},"mobile":{"background-color":"","background-image":"","background-repeat":"repeat","background-position":"center center","background-size":"auto","background-attachment":"scroll","background-type":"","background-media":"","overlay-type":"","overlay-color":"","overlay-opacity":"","overlay-gradient":""}},"ast-content-background-meta":{"desktop":{"background-color":"var(--ast-global-color-5)","background-image":"","background-repeat":"repeat","background-position":"center center","background-size":"auto","background-attachment":"scroll","background-type":"","background-media":"","overlay-type":"","overlay-color":"","overlay-opacity":"","overlay-gradient":""},"tablet":{"background-color":"var(--ast-global-color-5)","background-image":"","background-repeat":"repeat","background-position":"center center","background-size":"auto","background-attachment":"scroll","background-type":"","background-media":"","overlay-type":"","overlay-color":"","overlay-opacity":"","overlay-gradient":""},"mobile":{"background-color":"var(--ast-global-color-5)","background-image":"","background-repeat":"repeat","background-position":"center center","background-size":"auto","background-attachment":"scroll","background-type":"","background-media":"","overlay-type":"","overlay-color":"","overlay-opacity":"","overlay-gradient":""}},"footnotes":""},"class_list":["post-3032","page","type-page","status-publish","hentry"],"post_mailing_queue_ids":[],"_links":{"self":[{"href":"https:\/\/agora.xtec.cat\/iesjoanbrudieu\/wp-json\/wp\/v2\/pages\/3032","targetHints":{"allow":["GET"]}}],"collection":[{"href":"https:\/\/agora.xtec.cat\/iesjoanbrudieu\/wp-json\/wp\/v2\/pages"}],"about":[{"href":"https:\/\/agora.xtec.cat\/iesjoanbrudieu\/wp-json\/wp\/v2\/types\/page"}],"author":[{"embeddable":true,"href":"https:\/\/agora.xtec.cat\/iesjoanbrudieu\/wp-json\/wp\/v2\/users\/1"}],"replies":[{"embeddable":true,"href":"https:\/\/agora.xtec.cat\/iesjoanbrudieu\/wp-json\/wp\/v2\/comments?post=3032"}],"version-history":[{"count":1,"href":"https:\/\/agora.xtec.cat\/iesjoanbrudieu\/wp-json\/wp\/v2\/pages\/3032\/revisions"}],"predecessor-version":[{"id":3033,"href":"https:\/\/agora.xtec.cat\/iesjoanbrudieu\/wp-json\/wp\/v2\/pages\/3032\/revisions\/3033"}],"up":[{"embeddable":true,"href":"https:\/\/agora.xtec.cat\/iesjoanbrudieu\/wp-json\/wp\/v2\/pages\/1712"}],"wp:attachment":[{"href":"https:\/\/agora.xtec.cat\/iesjoanbrudieu\/wp-json\/wp\/v2\/media?parent=3032"}],"curies":[{"name":"wp","href":"https:\/\/api.w.org\/{rel}","templated":true}]}}